{"id":6514,"date":"2017-06-12T10:01:37","date_gmt":"2017-06-12T09:01:37","guid":{"rendered":"http:\/\/www.fvb.cat\/?post_type=product&#038;p=6514"},"modified":"2019-10-22T17:40:52","modified_gmt":"2019-10-22T16:40:52","slug":"adopcio-i-vincle-familiar-crianca-escolaritat-i-adolescencia-en-ladopocio-internacional","status":"publish","type":"product","link":"https:\/\/www.fvb.cat\/es\/producto\/adopcion-y-vinculo-familiar-crianza-escolaridad-y-adolescencia-en-la-adopcion-internacional\/","title":{"rendered":"Adopci\u00f3n y v\u00ednculo familiar. Crianza, escolaridad y adolescencia en la adopci\u00f3n internacional"},"content":{"rendered":"","protected":false},"excerpt":{"rendered":"<p><strong>AUTORAS:<\/strong> Mirabent , Vinyet y Ricart, Elena (compiladoras)<\/p>\n<p><strong>FICHA<\/strong><br \/>\nTipo de producto: Ensayo<br \/>\nEditorial: Herder Editorial<br \/>\nLengua: Castellano<br \/>\nP\u00e1ginas: 248<\/p>\n<p><strong>SINOPSIS<\/strong><br \/>\nA pesar de la crisis econ\u00f3mica, el n\u00famero de adopciones internacionales ha crecido exponencialmente a lo largo de los \u00faltimos a\u00f1os. Se trata de un fen\u00f3meno que nace del verdadero deseo de ser padres, de una sana motivaci\u00f3n, pero a su vez es un reto lleno de incertidumbres que requiere una preparaci\u00f3n previa y cuidadosa.<\/p>\n<p>Esta nueva realidad social ha generado un aumento en las consultas por parte de padres adoptivos y ha llevado a los autores a elaborar el presente texto partiendo de su experiencia en adopci\u00f3n internacional y de las distintas vertientes de su trabajo. En \u00e9l se recoge la visi\u00f3n de un equipo \u2014ICIF Fundaci\u00f3 Vidal i Barraquer\u2014 formado por psic\u00f3logos, psicopedagogos y trabajadores sociales, cuyo objetivo es contribuir al buen desarrollo del ni\u00f1o tanto en la familia como en la escuela.<\/p>\n<p>Vinyet Mirabent y Elena Ricart son los compiladores de esta obra. Los autores son el Equipo de adopciones de la ICIF Fundaci\u00f3 Vidal y Barraquer: Josep M\u00aa Andr\u00e9s, psic\u00f3logo cl\u00ednico; Gemma Blanch, psic\u00f3loga; Elba Camina, trabajadora social; Magda de la Maza, psicopedagoga; Geni Flos, educadora social; Vinyet Mirabent, psic\u00f3loga cl\u00ednica; Martha Ortega, psic\u00f3loga; Elena Ricart, psic\u00f3loga cl\u00ednica; Marta San Martino, psic\u00f3loga; Montserrat Soler, trabajadora social; Jorge Toledano, psic\u00f3logo. Con la colaboraci\u00f3n de Laura Cano, maestra.<\/p>\n","protected":false},"featured_media":6568,"template":"","meta":[],"product_cat":[57],"product_tag":[64,67,63,66,65],"yoast_head":"<!-- This site is optimized with the Yoast SEO plugin v22.6 - https:\/\/yoast.com\/wordpress\/plugins\/seo\/ -->\n<title>Adopci\u00f3n y v\u00ednculo familiar. Crianza, escolaridad y adolescencia en la adopci\u00f3n internacional - Fundaci\u00f3 Vidal i Barraquer<\/title>\n<meta name=\"robots\" content=\"index, follow, max-snippet:-1, max-image-preview:large, max-video-preview:-1\" \/>\n<link rel=\"canonical\" href=\"https:\/\/www.fvb.cat\/ca\/producte\/adopcio-i-vincle-familiar-crianca-escolaritat-i-adolescencia-en-ladopocio-internacional\/\" \/>\n<meta property=\"og:locale\" content=\"es_ES\" \/>\n<meta property=\"og:type\" content=\"article\" \/>\n<meta property=\"og:title\" content=\"Adopci\u00f3n y v\u00ednculo familiar. Crianza, escolaridad y adolescencia en la adopci\u00f3n internacional - Fundaci\u00f3 Vidal i Barraquer\" \/>\n<meta property=\"og:description\" content=\"[:ca]AUTOR: Mirabent, Vinyet i Ricart, Elena (compiladores)  FITXA Tipus de producte: Assaig Editorial: Herder Editorial Idioma:\u00a0Castell\u00e0 N\u00famero de p\u00e0gines: 248  SINOPSI  Tot i la crisi econ\u00f2mica, en els \u00faltims anys, el nombre d\u2019adopcions internacionals ha crescut exponencialment. Es tracta d\u2019un fenomen que neix del verdader desig de ser pares, d\u2019una motivaci\u00f3 sana, per\u00f2, a la vegada, \u00e9s un repte ple d\u2019incerteses que requereixen una preparaci\u00f3 pr\u00e8via i cuidada. Aquesta nova realitat social ha generat un augment a les consultes per part de pares adoptius i ha portat als autors a elaborar aquest text partint de la seva experi\u00e8ncia en l\u2019adopci\u00f3 internacional i dels diferents vessants de la seva feina.  Aquest llibre recull la visi\u00f3 d\u2019un equip format per psic\u00f2legs, psicopedagogs i treballadores socials que tenen l\u2019objectiu de contribuir al bon desenvolupament de l\u2019infant tant amb la fam\u00edlia com a l\u2019escola. Vinyet Mirabent i Elena Ricart s\u00f3n les compiladores d\u2019aquesta obra. Els grup d\u2019autors el conforma l\u2019equip d\u2019adopcions de la ICIF Fundaci\u00f3 Vidal i Barraquer: Josep M. Andr\u00e9s, psic\u00f2leg cl\u00ednic; Gemma Blanch, psic\u00f2loga; Elba Camina, treballadora social; Magda de la Maza, psicopedagoga; Geni Flos, educadora social; Vinyet Miraben, psic\u00f2loga cl\u00ednica; Martha Ortega, psic\u00f2loga; Elena Ricart, psic\u00f2loga cl\u00ednica; Marta San Martino, psic\u00f2loga; Montserrat Soler, treballadora social, i Jorge Toledano, psic\u00f2leg. Tamb\u00e9 compta amb la col\u00b7laboraci\u00f3 de la mestra Laura Cano.[:es]AUTORAS: Mirabent , Vinyet y Ricart, Elena (compiladoras)  FICHA Tipo de producto: Ensayo Editorial: Herder Editorial Lengua: Castellano P\u00e1ginas: 248  SINOPSIS A pesar de la crisis econ\u00f3mica, el n\u00famero de adopciones internacionales ha crecido exponencialmente a lo largo de los \u00faltimos a\u00f1os. Se trata de un fen\u00f3meno que nace del verdadero deseo de ser padres, de una sana motivaci\u00f3n, pero a su vez es un reto lleno de incertidumbres que requiere una preparaci\u00f3n previa y cuidadosa.  Esta nueva realidad social ha generado un aumento en las consultas por parte de padres adoptivos y ha llevado a los autores a elaborar el presente texto partiendo de su experiencia en adopci\u00f3n internacional y de las distintas vertientes de su trabajo. En \u00e9l se recoge la visi\u00f3n de un equipo \u2014ICIF Fundaci\u00f3 Vidal i Barraquer\u2014 formado por psic\u00f3logos, psicopedagogos y trabajadores sociales, cuyo objetivo es contribuir al buen desarrollo del ni\u00f1o tanto en la familia como en la escuela.  Vinyet Mirabent y Elena Ricart son los compiladores de esta obra. Los autores son el Equipo de adopciones de la ICIF Fundaci\u00f3 Vidal y Barraquer: Josep M\u00aa Andr\u00e9s, psic\u00f3logo cl\u00ednico; Gemma Blanch, psic\u00f3loga; Elba Camina, trabajadora social; Magda de la Maza, psicopedagoga; Geni Flos, educadora social; Vinyet Mirabent, psic\u00f3loga cl\u00ednica; Martha Ortega, psic\u00f3loga; Elena Ricart, psic\u00f3loga cl\u00ednica; Marta San Martino, psic\u00f3loga; Montserrat Soler, trabajadora social; Jorge Toledano, psic\u00f3logo. Con la colaboraci\u00f3n de Laura Cano, maestra.[:]\" \/>\n<meta property=\"og:url\" content=\"https:\/\/www.fvb.cat\/ca\/producte\/adopcio-i-vincle-familiar-crianca-escolaritat-i-adolescencia-en-ladopocio-internacional\/\" \/>\n<meta property=\"og:site_name\" content=\"Fundaci\u00f3 Vidal i Barraquer\" \/>\n<meta property=\"article:modified_time\" content=\"2019-10-22T16:40:52+00:00\" \/>\n<meta property=\"og:image\" content=\"https:\/\/www.fvb.cat\/wp-content\/uploads\/2017\/06\/cover_llibre2_ADOPCION-VINCULO-FAMILIAR-scaled.jpg\" \/>\n\t<meta property=\"og:image:width\" content=\"2560\" \/>\n\t<meta property=\"og:image:height\" content=\"1792\" \/>\n\t<meta property=\"og:image:type\" content=\"image\/jpeg\" \/>\n<meta name=\"twitter:card\" content=\"summary_large_image\" \/>\n<script type=\"application\/ld+json\" class=\"yoast-schema-graph\">{\"@context\":\"https:\/\/schema.org\",\"@graph\":[{\"@type\":\"WebPage\",\"@id\":\"https:\/\/www.fvb.cat\/ca\/producte\/adopcio-i-vincle-familiar-crianca-escolaritat-i-adolescencia-en-ladopocio-internacional\/\",\"url\":\"https:\/\/www.fvb.cat\/ca\/producte\/adopcio-i-vincle-familiar-crianca-escolaritat-i-adolescencia-en-ladopocio-internacional\/\",\"name\":\"Adopci\u00f3n y v\u00ednculo familiar. Crianza, escolaridad y adolescencia en la adopci\u00f3n internacional - Fundaci\u00f3 Vidal i Barraquer\",\"isPartOf\":{\"@id\":\"https:\/\/www.fvb.cat\/es\/#website\"},\"primaryImageOfPage\":{\"@id\":\"https:\/\/www.fvb.cat\/ca\/producte\/adopcio-i-vincle-familiar-crianca-escolaritat-i-adolescencia-en-ladopocio-internacional\/#primaryimage\"},\"image\":{\"@id\":\"https:\/\/www.fvb.cat\/ca\/producte\/adopcio-i-vincle-familiar-crianca-escolaritat-i-adolescencia-en-ladopocio-internacional\/#primaryimage\"},\"thumbnailUrl\":\"https:\/\/www.fvb.cat\/wp-content\/uploads\/2017\/06\/cover_llibre2_ADOPCION-VINCULO-FAMILIAR-scaled.jpg\",\"datePublished\":\"2017-06-12T09:01:37+00:00\",\"dateModified\":\"2019-10-22T16:40:52+00:00\",\"breadcrumb\":{\"@id\":\"https:\/\/www.fvb.cat\/ca\/producte\/adopcio-i-vincle-familiar-crianca-escolaritat-i-adolescencia-en-ladopocio-internacional\/#breadcrumb\"},\"inLanguage\":\"es\",\"potentialAction\":[{\"@type\":\"ReadAction\",\"target\":[\"https:\/\/www.fvb.cat\/ca\/producte\/adopcio-i-vincle-familiar-crianca-escolaritat-i-adolescencia-en-ladopocio-internacional\/\"]}]},{\"@type\":\"ImageObject\",\"inLanguage\":\"es\",\"@id\":\"https:\/\/www.fvb.cat\/ca\/producte\/adopcio-i-vincle-familiar-crianca-escolaritat-i-adolescencia-en-ladopocio-internacional\/#primaryimage\",\"url\":\"https:\/\/www.fvb.cat\/wp-content\/uploads\/2017\/06\/cover_llibre2_ADOPCION-VINCULO-FAMILIAR-scaled.jpg\",\"contentUrl\":\"https:\/\/www.fvb.cat\/wp-content\/uploads\/2017\/06\/cover_llibre2_ADOPCION-VINCULO-FAMILIAR-scaled.jpg\",\"width\":2560,\"height\":1792},{\"@type\":\"BreadcrumbList\",\"@id\":\"https:\/\/www.fvb.cat\/ca\/producte\/adopcio-i-vincle-familiar-crianca-escolaritat-i-adolescencia-en-ladopocio-internacional\/#breadcrumb\",\"itemListElement\":[{\"@type\":\"ListItem\",\"position\":1,\"name\":\"Inici\",\"item\":\"https:\/\/www.fvb.cat\/es\/\"},{\"@type\":\"ListItem\",\"position\":2,\"name\":\"Botiga\",\"item\":\"https:\/\/www.fvb.cat\/es\/botiga\/\"},{\"@type\":\"ListItem\",\"position\":3,\"name\":\"Adopci\u00f3n y v\u00ednculo familiar. Crianza, escolaridad y adolescencia en la adopci\u00f3n internacional\"}]},{\"@type\":\"WebSite\",\"@id\":\"https:\/\/www.fvb.cat\/es\/#website\",\"url\":\"https:\/\/www.fvb.cat\/es\/\",\"name\":\"Fundaci\u00f3 Vidal i Barraquer\",\"description\":\"Asistencia, docencia e investigaci\u00f3n en Salud Mental\",\"publisher\":{\"@id\":\"https:\/\/www.fvb.cat\/es\/#organization\"},\"potentialAction\":[{\"@type\":\"SearchAction\",\"target\":{\"@type\":\"EntryPoint\",\"urlTemplate\":\"https:\/\/www.fvb.cat\/es\/?s={search_term_string}\"},\"query-input\":\"required name=search_term_string\"}],\"inLanguage\":\"es\"},{\"@type\":\"Organization\",\"@id\":\"https:\/\/www.fvb.cat\/es\/#organization\",\"name\":\"Fundaci\u00f3 Vidal i Barraquer\",\"url\":\"https:\/\/www.fvb.cat\/es\/\",\"logo\":{\"@type\":\"ImageObject\",\"inLanguage\":\"es\",\"@id\":\"https:\/\/www.fvb.cat\/es\/#\/schema\/logo\/image\/\",\"url\":\"https:\/\/www.fvb.cat\/wp-content\/uploads\/2024\/05\/logo-vidal-i-barrauqer-60-aniversari.jpg\",\"contentUrl\":\"https:\/\/www.fvb.cat\/wp-content\/uploads\/2024\/05\/logo-vidal-i-barrauqer-60-aniversari.jpg\",\"width\":2125,\"height\":703,\"caption\":\"Fundaci\u00f3 Vidal i Barraquer\"},\"image\":{\"@id\":\"https:\/\/www.fvb.cat\/es\/#\/schema\/logo\/image\/\"}}]}<\/script>\n<!-- \/ Yoast SEO plugin. -->","yoast_head_json":{"title":"Adopci\u00f3n y v\u00ednculo familiar. Crianza, escolaridad y adolescencia en la adopci\u00f3n internacional - Fundaci\u00f3 Vidal i Barraquer","robots":{"index":"index","follow":"follow","max-snippet":"max-snippet:-1","max-image-preview":"max-image-preview:large","max-video-preview":"max-video-preview:-1"},"canonical":"https:\/\/www.fvb.cat\/ca\/producte\/adopcio-i-vincle-familiar-crianca-escolaritat-i-adolescencia-en-ladopocio-internacional\/","og_locale":"es_ES","og_type":"article","og_title":"Adopci\u00f3n y v\u00ednculo familiar. Crianza, escolaridad y adolescencia en la adopci\u00f3n internacional - Fundaci\u00f3 Vidal i Barraquer","og_description":"[:ca]AUTOR: Mirabent, Vinyet i Ricart, Elena (compiladores)  FITXA Tipus de producte: Assaig Editorial: Herder Editorial Idioma:\u00a0Castell\u00e0 N\u00famero de p\u00e0gines: 248  SINOPSI  Tot i la crisi econ\u00f2mica, en els \u00faltims anys, el nombre d\u2019adopcions internacionals ha crescut exponencialment. Es tracta d\u2019un fenomen que neix del verdader desig de ser pares, d\u2019una motivaci\u00f3 sana, per\u00f2, a la vegada, \u00e9s un repte ple d\u2019incerteses que requereixen una preparaci\u00f3 pr\u00e8via i cuidada. Aquesta nova realitat social ha generat un augment a les consultes per part de pares adoptius i ha portat als autors a elaborar aquest text partint de la seva experi\u00e8ncia en l\u2019adopci\u00f3 internacional i dels diferents vessants de la seva feina.  Aquest llibre recull la visi\u00f3 d\u2019un equip format per psic\u00f2legs, psicopedagogs i treballadores socials que tenen l\u2019objectiu de contribuir al bon desenvolupament de l\u2019infant tant amb la fam\u00edlia com a l\u2019escola. Vinyet Mirabent i Elena Ricart s\u00f3n les compiladores d\u2019aquesta obra. Els grup d\u2019autors el conforma l\u2019equip d\u2019adopcions de la ICIF Fundaci\u00f3 Vidal i Barraquer: Josep M. Andr\u00e9s, psic\u00f2leg cl\u00ednic; Gemma Blanch, psic\u00f2loga; Elba Camina, treballadora social; Magda de la Maza, psicopedagoga; Geni Flos, educadora social; Vinyet Miraben, psic\u00f2loga cl\u00ednica; Martha Ortega, psic\u00f2loga; Elena Ricart, psic\u00f2loga cl\u00ednica; Marta San Martino, psic\u00f2loga; Montserrat Soler, treballadora social, i Jorge Toledano, psic\u00f2leg. Tamb\u00e9 compta amb la col\u00b7laboraci\u00f3 de la mestra Laura Cano.[:es]AUTORAS: Mirabent , Vinyet y Ricart, Elena (compiladoras)  FICHA Tipo de producto: Ensayo Editorial: Herder Editorial Lengua: Castellano P\u00e1ginas: 248  SINOPSIS A pesar de la crisis econ\u00f3mica, el n\u00famero de adopciones internacionales ha crecido exponencialmente a lo largo de los \u00faltimos a\u00f1os. Se trata de un fen\u00f3meno que nace del verdadero deseo de ser padres, de una sana motivaci\u00f3n, pero a su vez es un reto lleno de incertidumbres que requiere una preparaci\u00f3n previa y cuidadosa.  Esta nueva realidad social ha generado un aumento en las consultas por parte de padres adoptivos y ha llevado a los autores a elaborar el presente texto partiendo de su experiencia en adopci\u00f3n internacional y de las distintas vertientes de su trabajo. En \u00e9l se recoge la visi\u00f3n de un equipo \u2014ICIF Fundaci\u00f3 Vidal i Barraquer\u2014 formado por psic\u00f3logos, psicopedagogos y trabajadores sociales, cuyo objetivo es contribuir al buen desarrollo del ni\u00f1o tanto en la familia como en la escuela.  Vinyet Mirabent y Elena Ricart son los compiladores de esta obra. Los autores son el Equipo de adopciones de la ICIF Fundaci\u00f3 Vidal y Barraquer: Josep M\u00aa Andr\u00e9s, psic\u00f3logo cl\u00ednico; Gemma Blanch, psic\u00f3loga; Elba Camina, trabajadora social; Magda de la Maza, psicopedagoga; Geni Flos, educadora social; Vinyet Mirabent, psic\u00f3loga cl\u00ednica; Martha Ortega, psic\u00f3loga; Elena Ricart, psic\u00f3loga cl\u00ednica; Marta San Martino, psic\u00f3loga; Montserrat Soler, trabajadora social; Jorge Toledano, psic\u00f3logo. Con la colaboraci\u00f3n de Laura Cano, maestra.[:]","og_url":"https:\/\/www.fvb.cat\/ca\/producte\/adopcio-i-vincle-familiar-crianca-escolaritat-i-adolescencia-en-ladopocio-internacional\/","og_site_name":"Fundaci\u00f3 Vidal i Barraquer","article_modified_time":"2019-10-22T16:40:52+00:00","og_image":[{"width":2560,"height":1792,"url":"https:\/\/www.fvb.cat\/wp-content\/uploads\/2017\/06\/cover_llibre2_ADOPCION-VINCULO-FAMILIAR-scaled.jpg","type":"image\/jpeg"}],"twitter_card":"summary_large_image","schema":{"@context":"https:\/\/schema.org","@graph":[{"@type":"WebPage","@id":"https:\/\/www.fvb.cat\/ca\/producte\/adopcio-i-vincle-familiar-crianca-escolaritat-i-adolescencia-en-ladopocio-internacional\/","url":"https:\/\/www.fvb.cat\/ca\/producte\/adopcio-i-vincle-familiar-crianca-escolaritat-i-adolescencia-en-ladopocio-internacional\/","name":"Adopci\u00f3n y v\u00ednculo familiar. Crianza, escolaridad y adolescencia en la adopci\u00f3n internacional - Fundaci\u00f3 Vidal i Barraquer","isPartOf":{"@id":"https:\/\/www.fvb.cat\/es\/#website"},"primaryImageOfPage":{"@id":"https:\/\/www.fvb.cat\/ca\/producte\/adopcio-i-vincle-familiar-crianca-escolaritat-i-adolescencia-en-ladopocio-internacional\/#primaryimage"},"image":{"@id":"https:\/\/www.fvb.cat\/ca\/producte\/adopcio-i-vincle-familiar-crianca-escolaritat-i-adolescencia-en-ladopocio-internacional\/#primaryimage"},"thumbnailUrl":"https:\/\/www.fvb.cat\/wp-content\/uploads\/2017\/06\/cover_llibre2_ADOPCION-VINCULO-FAMILIAR-scaled.jpg","datePublished":"2017-06-12T09:01:37+00:00","dateModified":"2019-10-22T16:40:52+00:00","breadcrumb":{"@id":"https:\/\/www.fvb.cat\/ca\/producte\/adopcio-i-vincle-familiar-crianca-escolaritat-i-adolescencia-en-ladopocio-internacional\/#breadcrumb"},"inLanguage":"es","potentialAction":[{"@type":"ReadAction","target":["https:\/\/www.fvb.cat\/ca\/producte\/adopcio-i-vincle-familiar-crianca-escolaritat-i-adolescencia-en-ladopocio-internacional\/"]}]},{"@type":"ImageObject","inLanguage":"es","@id":"https:\/\/www.fvb.cat\/ca\/producte\/adopcio-i-vincle-familiar-crianca-escolaritat-i-adolescencia-en-ladopocio-internacional\/#primaryimage","url":"https:\/\/www.fvb.cat\/wp-content\/uploads\/2017\/06\/cover_llibre2_ADOPCION-VINCULO-FAMILIAR-scaled.jpg","contentUrl":"https:\/\/www.fvb.cat\/wp-content\/uploads\/2017\/06\/cover_llibre2_ADOPCION-VINCULO-FAMILIAR-scaled.jpg","width":2560,"height":1792},{"@type":"BreadcrumbList","@id":"https:\/\/www.fvb.cat\/ca\/producte\/adopcio-i-vincle-familiar-crianca-escolaritat-i-adolescencia-en-ladopocio-internacional\/#breadcrumb","itemListElement":[{"@type":"ListItem","position":1,"name":"Inici","item":"https:\/\/www.fvb.cat\/es\/"},{"@type":"ListItem","position":2,"name":"Botiga","item":"https:\/\/www.fvb.cat\/es\/botiga\/"},{"@type":"ListItem","position":3,"name":"Adopci\u00f3n y v\u00ednculo familiar. Crianza, escolaridad y adolescencia en la adopci\u00f3n internacional"}]},{"@type":"WebSite","@id":"https:\/\/www.fvb.cat\/es\/#website","url":"https:\/\/www.fvb.cat\/es\/","name":"Fundaci\u00f3 Vidal i Barraquer","description":"Asistencia, docencia e investigaci\u00f3n en Salud Mental","publisher":{"@id":"https:\/\/www.fvb.cat\/es\/#organization"},"potentialAction":[{"@type":"SearchAction","target":{"@type":"EntryPoint","urlTemplate":"https:\/\/www.fvb.cat\/es\/?s={search_term_string}"},"query-input":"required name=search_term_string"}],"inLanguage":"es"},{"@type":"Organization","@id":"https:\/\/www.fvb.cat\/es\/#organization","name":"Fundaci\u00f3 Vidal i Barraquer","url":"https:\/\/www.fvb.cat\/es\/","logo":{"@type":"ImageObject","inLanguage":"es","@id":"https:\/\/www.fvb.cat\/es\/#\/schema\/logo\/image\/","url":"https:\/\/www.fvb.cat\/wp-content\/uploads\/2024\/05\/logo-vidal-i-barrauqer-60-aniversari.jpg","contentUrl":"https:\/\/www.fvb.cat\/wp-content\/uploads\/2024\/05\/logo-vidal-i-barrauqer-60-aniversari.jpg","width":2125,"height":703,"caption":"Fundaci\u00f3 Vidal i Barraquer"},"image":{"@id":"https:\/\/www.fvb.cat\/es\/#\/schema\/logo\/image\/"}}]}},"_links":{"self":[{"href":"https:\/\/www.fvb.cat\/es\/wp-json\/wp\/v2\/product\/6514"}],"collection":[{"href":"https:\/\/www.fvb.cat\/es\/wp-json\/wp\/v2\/product"}],"about":[{"href":"https:\/\/www.fvb.cat\/es\/wp-json\/wp\/v2\/types\/product"}],"wp:featuredmedia":[{"embeddable":true,"href":"https:\/\/www.fvb.cat\/es\/wp-json\/wp\/v2\/media\/6568"}],"wp:attachment":[{"href":"https:\/\/www.fvb.cat\/es\/wp-json\/wp\/v2\/media?parent=6514"}],"wp:term":[{"taxonomy":"product_cat","embeddable":true,"href":"https:\/\/www.fvb.cat\/es\/wp-json\/wp\/v2\/product_cat?post=6514"},{"taxonomy":"product_tag","embeddable":true,"href":"https:\/\/www.fvb.cat\/es\/wp-json\/wp\/v2\/product_tag?post=6514"}],"curies":[{"name":"wp","href":"https:\/\/api.w.org\/{rel}","templated":true}]}}