{"id":3728,"date":"2015-08-26T14:14:01","date_gmt":"2015-08-26T14:14:01","guid":{"rendered":"http:\/\/impreza.us-themes.net\/?page_id=3728"},"modified":"2024-04-23T11:45:03","modified_gmt":"2024-04-23T10:45:03","slug":"blog","status":"publish","type":"page","link":"https:\/\/www.fvb.cat\/es\/blog\/","title":{"rendered":"Blog"},"content":{"rendered":"<h1><b>Entre padres e hijos<\/b><\/h1>\n<p>Este espacio nace con la vocaci\u00f3n de ayudar a las familias de ni\u00f1os y adolescentes con dificultades o que, sencillamente, buscan orientaci\u00f3n como a padres. Los documentales, v\u00eddeos y recomendaciones que encontrareis no pueden substituir una consulta profesional cuando esta sea necesaria. Los contenidos est\u00e1n escogidos para ofrecer informaciones y orientaci\u00f3n, y provienen de diferentes fuentes que los profesionales hemos seleccionado cuidadosamente y consideramos pueden ser de utilidad.[\/vc_column_text]\t<div class=\"w-blog layout_classic cols_3 with_categories with_filters with_isotope isotope_fit_rows\" itemscope=\"itemscope\" itemtype=\"https:\/\/schema.org\/Blog\"><div class=\"g-filters style_3\"><div class=\"g-filters-list\"><div class=\"g-filters-item active\" data-category=\"*\"><span>Todo<\/span><\/div><div class=\"g-filters-item\" data-category=\"internet\"><span>Internet<\/span><\/div><div class=\"g-filters-item\" data-category=\"separacio\"><span>Separaci\u00f3n<\/span><\/div><div class=\"g-filters-item\" data-category=\"tdah\"><span>TDAH<\/span><\/div><\/div><\/div>\t<div class=\"w-blog-list\">\n\n\t<article class=\"w-blog-post internet post-16503 post type-post status-publish format-standard has-post-thumbnail hentry category-internet tag-donatius\" data-id=\"16503\" data-categories=\"internet\">\n\t\t<div class=\"w-blog-post-h\">\n\t\t\t\t\t\t\t\t\t\t<a href=\"https:\/\/www.fvb.cat\/es\/cine-beneficio-fvb\/\">\n\t\t\t\t\t<div class=\"w-blog-post-preview\">\n\t\t\t\t\t\t<img loading=\"lazy\" decoding=\"async\" width=\"600\" height=\"400\" src=\"https:\/\/www.fvb.cat\/wp-content\/uploads\/2024\/12\/cartell-cinema-a-la-fresca-600x400.png\" class=\"attachment-tnail-3x2 size-tnail-3x2 wp-post-image\" alt=\"\" \/>\t\t\t\t\t\t<span class=\"w-blog-post-preview-icon\" style=\"padding-bottom: 66.6667%;\"><\/span>\n\t\t\t\t\t<\/div>\n\t\t\t\t<\/a>\n\t\t\t\t\t\t<div class=\"w-blog-post-body\">\n\t\t\t\t<h2 class=\"w-blog-post-title\"style=\"font-size:24px\">\n\t\t\t\t\t<a class=\"entry-title\" rel=\"bookmark\" href=\"https:\/\/www.fvb.cat\/es\/cine-beneficio-fvb\/\">Mind Over Movies organiza una tarde de cine en beneficio de la FVB<\/a>\n\t\t\t\t<\/h2>\n\n\t\t\t\t<div class=\"w-blog-post-meta\">\n\t\t\t\t\t<time class=\"w-blog-post-meta-date date updated\">16 de diciembre de 2024<\/time><span class=\"w-blog-post-meta-category\"><a href=\"https:\/\/www.fvb.cat\/es\/category\/internet\/\" rel=\"category tag\">Internet<\/a><\/span><span class=\"w-blog-post-meta-author vcard author hidden\"><a href=\"https:\/\/www.fvb.cat\/es\/author\/incidencies-fvb\/\" class=\"fn\">Incidencies FVB<\/a><\/span>\t\t\t\t<\/div>\n\t\t\t\t\t\t\t\t\t<div class=\"w-blog-post-content\">\n\t\t\t\t\t\t<p>El pasado 20 de noviembre, seis estudiantes de Publicidad y Relaciones P\u00fablicas&#8230;<\/p>\n\t\t\t\t\t<\/div>\n\t\t\t\t\t\t\t\t\t\t\t<\/div>\n\t\t<\/div>\n\t<\/article>\n\n\n\n\t<article class=\"w-blog-post internet post-8469 post type-post status-publish format-standard has-post-thumbnail hentry category-internet tag-adolescentes tag-internet tag-ninas tag-ninos tag-pantallas tag-tecnologia\" data-id=\"8469\" data-categories=\"internet\">\n\t\t<div class=\"w-blog-post-h\">\n\t\t\t\t\t\t\t\t\t\t<a href=\"https:\/\/www.fvb.cat\/es\/infancia-adolescencia-y-nuevas-tecnologias\/\">\n\t\t\t\t\t<div class=\"w-blog-post-preview\">\n\t\t\t\t\t\t<img loading=\"lazy\" decoding=\"async\" width=\"600\" height=\"400\" src=\"https:\/\/www.fvb.cat\/wp-content\/uploads\/2019\/05\/alone-2477761_960_720-600x400.jpg\" class=\"attachment-tnail-3x2 size-tnail-3x2 wp-post-image\" alt=\"\" srcset=\"https:\/\/www.fvb.cat\/wp-content\/uploads\/2019\/05\/alone-2477761_960_720-600x400.jpg 600w, https:\/\/www.fvb.cat\/wp-content\/uploads\/2019\/05\/alone-2477761_960_720-300x200.jpg 300w, https:\/\/www.fvb.cat\/wp-content\/uploads\/2019\/05\/alone-2477761_960_720-768x512.jpg 768w, https:\/\/www.fvb.cat\/wp-content\/uploads\/2019\/05\/alone-2477761_960_720.jpg 960w\" sizes=\"(max-width: 600px) 100vw, 600px\" \/>\t\t\t\t\t\t<span class=\"w-blog-post-preview-icon\" style=\"padding-bottom: 66.6667%;\"><\/span>\n\t\t\t\t\t<\/div>\n\t\t\t\t<\/a>\n\t\t\t\t\t\t<div class=\"w-blog-post-body\">\n\t\t\t\t<h2 class=\"w-blog-post-title\"style=\"font-size:24px\">\n\t\t\t\t\t<a class=\"entry-title\" rel=\"bookmark\" href=\"https:\/\/www.fvb.cat\/es\/infancia-adolescencia-y-nuevas-tecnologias\/\">Infancia, adolescencia y nuevas tecnolog\u00edas<\/a>\n\t\t\t\t<\/h2>\n\n\t\t\t\t<div class=\"w-blog-post-meta\">\n\t\t\t\t\t<time class=\"w-blog-post-meta-date date updated\">25 de marzo de 2022<\/time><span class=\"w-blog-post-meta-category\"><a href=\"https:\/\/www.fvb.cat\/es\/category\/internet\/\" rel=\"category tag\">Internet<\/a><\/span><span class=\"w-blog-post-meta-author vcard author hidden\"><a href=\"https:\/\/www.fvb.cat\/es\/author\/eulalia-sayrach\/\" class=\"fn\">Eul\u00e0lia Sayrach<\/a><\/span>\t\t\t\t<\/div>\n\t\t\t\t\t\t\t\t\t<div class=\"w-blog-post-content\">\n\t\t\t\t\t\t<p>Ya hace unos a\u00f1os entramos en la era de las nuevas tecnolog\u00edas&#8230;.<\/p>\n\t\t\t\t\t<\/div>\n\t\t\t\t\t\t\t\t\t\t\t<\/div>\n\t\t<\/div>\n\t<\/article>\n\n\n\n\t<article class=\"w-blog-post general tdah post-8271 post type-post status-publish format-standard has-post-thumbnail hentry category-general category-tdah tag-tdah tag-tractament-farmacologic\" data-id=\"8271\" data-categories=\"general,tdah\">\n\t\t<div class=\"w-blog-post-h\">\n\t\t\t\t\t\t\t\t\t\t<a href=\"https:\/\/www.fvb.cat\/es\/que-nos-interesa-saber-del-tratamiento-farmacologico-para-el-tdah\/\">\n\t\t\t\t\t<div class=\"w-blog-post-preview\">\n\t\t\t\t\t\t<img loading=\"lazy\" decoding=\"async\" width=\"588\" height=\"400\" src=\"https:\/\/www.fvb.cat\/wp-content\/uploads\/2019\/02\/pares-recepta-ok-588x400.jpg\" class=\"attachment-tnail-3x2 size-tnail-3x2 wp-post-image\" alt=\"\" \/>\t\t\t\t\t\t<span class=\"w-blog-post-preview-icon\" style=\"padding-bottom: 66.6667%;\"><\/span>\n\t\t\t\t\t<\/div>\n\t\t\t\t<\/a>\n\t\t\t\t\t\t<div class=\"w-blog-post-body\">\n\t\t\t\t<h2 class=\"w-blog-post-title\"style=\"font-size:24px\">\n\t\t\t\t\t<a class=\"entry-title\" rel=\"bookmark\" href=\"https:\/\/www.fvb.cat\/es\/que-nos-interesa-saber-del-tratamiento-farmacologico-para-el-tdah\/\">Tratamiento farmacol\u00f3gico para ni\u00f1os con TDAH<\/a>\n\t\t\t\t<\/h2>\n\n\t\t\t\t<div class=\"w-blog-post-meta\">\n\t\t\t\t\t<time class=\"w-blog-post-meta-date date updated\">20 de febrero de 2019<\/time><span class=\"w-blog-post-meta-category\"><a href=\"https:\/\/www.fvb.cat\/es\/category\/general\/\" rel=\"category tag\">General<\/a>, <a href=\"https:\/\/www.fvb.cat\/es\/category\/tdah-2\/\" rel=\"category tag\">TDAH<\/a><\/span><span class=\"w-blog-post-meta-author vcard author hidden\"><a href=\"https:\/\/www.fvb.cat\/es\/author\/admin\/\" class=\"fn\">Administrador<\/a><\/span>\t\t\t\t<\/div>\n\t\t\t\t\t\t\t\t\t<div class=\"w-blog-post-content\">\n\t\t\t\t\t\t<p>La mayor\u00eda de las familias que debido a las dificultades de su&#8230;<\/p>\n\t\t\t\t\t<\/div>\n\t\t\t\t\t\t\t\t\t\t\t<\/div>\n\t\t<\/div>\n\t<\/article>\n\n\n\n\t<article class=\"w-blog-post separacio post-8130 post type-post status-publish format-standard has-post-thumbnail hentry category-separacio tag-divorci tag-familia tag-fills tag-separacio\" data-id=\"8130\" data-categories=\"separacio\">\n\t\t<div class=\"w-blog-post-h\">\n\t\t\t\t\t\t\t\t\t\t<a href=\"https:\/\/www.fvb.cat\/es\/catala-quan-els-pares-es-separen\/\">\n\t\t\t\t\t<div class=\"w-blog-post-preview\">\n\t\t\t\t\t\t<img loading=\"lazy\" decoding=\"async\" width=\"600\" height=\"400\" src=\"https:\/\/www.fvb.cat\/wp-content\/uploads\/2018\/10\/pares-seprarats-foto-600x400.png\" class=\"attachment-tnail-3x2 size-tnail-3x2 wp-post-image\" alt=\"\" \/>\t\t\t\t\t\t<span class=\"w-blog-post-preview-icon\" style=\"padding-bottom: 66.6667%;\"><\/span>\n\t\t\t\t\t<\/div>\n\t\t\t\t<\/a>\n\t\t\t\t\t\t<div class=\"w-blog-post-body\">\n\t\t\t\t<h2 class=\"w-blog-post-title\"style=\"font-size:24px\">\n\t\t\t\t\t<a class=\"entry-title\" rel=\"bookmark\" href=\"https:\/\/www.fvb.cat\/es\/catala-quan-els-pares-es-separen\/\">\u00bfC\u00f3mo se toman los hijos nuestra separaci\u00f3n?<\/a>\n\t\t\t\t<\/h2>\n\n\t\t\t\t<div class=\"w-blog-post-meta\">\n\t\t\t\t\t<time class=\"w-blog-post-meta-date date updated\">09 de octubre de 2018<\/time><span class=\"w-blog-post-meta-category\"><a href=\"https:\/\/www.fvb.cat\/es\/category\/separacion\/\" rel=\"category tag\">Separaci\u00f3n<\/a><\/span><span class=\"w-blog-post-meta-author vcard author hidden\"><a href=\"https:\/\/www.fvb.cat\/es\/author\/eulalia-sayrach\/\" class=\"fn\">Eul\u00e0lia Sayrach<\/a><\/span>\t\t\t\t<\/div>\n\t\t\t\t\t\t\t\t\t<div class=\"w-blog-post-content\">\n\t\t\t\t\t\tLos ni\u00f1os deben afrontar el duelo de la p\u00e9rdida de unos padres...\t\t\t\t\t<\/div>\n\t\t\t\t\t\t\t\t\t\t\t<\/div>\n\t\t<\/div>\n\t<\/article>\n\n\n\n\t<article class=\"w-blog-post separacio post-7119 post type-post status-publish format-standard has-post-thumbnail hentry category-separacio tag-custodia-compartida tag-divorci-amb-fills tag-mediador tag-trencament-de-la-parella\" data-id=\"7119\" data-categories=\"separacio\">\n\t\t<div class=\"w-blog-post-h\">\n\t\t\t\t\t\t\t\t\t\t<a href=\"https:\/\/www.fvb.cat\/es\/cuando-nosotros-nos-separamos\/\">\n\t\t\t\t\t<div class=\"w-blog-post-preview\">\n\t\t\t\t\t\t<img loading=\"lazy\" decoding=\"async\" width=\"600\" height=\"400\" src=\"https:\/\/www.fvb.cat\/wp-content\/uploads\/2017\/10\/POST21-600x400.jpg\" class=\"attachment-tnail-3x2 size-tnail-3x2 wp-post-image\" alt=\"\" \/>\t\t\t\t\t\t<span class=\"w-blog-post-preview-icon\" style=\"padding-bottom: 66.6667%;\"><\/span>\n\t\t\t\t\t<\/div>\n\t\t\t\t<\/a>\n\t\t\t\t\t\t<div class=\"w-blog-post-body\">\n\t\t\t\t<h2 class=\"w-blog-post-title\"style=\"font-size:24px\">\n\t\t\t\t\t<a class=\"entry-title\" rel=\"bookmark\" href=\"https:\/\/www.fvb.cat\/es\/cuando-nosotros-nos-separamos\/\">\u00bfCu\u00e1ndo nosotros nos separamos, que pasa con ellos?<\/a>\n\t\t\t\t<\/h2>\n\n\t\t\t\t<div class=\"w-blog-post-meta\">\n\t\t\t\t\t<time class=\"w-blog-post-meta-date date updated\">23 de octubre de 2017<\/time><span class=\"w-blog-post-meta-category\"><a href=\"https:\/\/www.fvb.cat\/es\/category\/separacion\/\" rel=\"category tag\">Separaci\u00f3n<\/a><\/span><span class=\"w-blog-post-meta-author vcard author hidden\"><a href=\"https:\/\/www.fvb.cat\/es\/author\/admin\/\" class=\"fn\">Administrador<\/a><\/span>\t\t\t\t<\/div>\n\t\t\t\t\t\t\t\t\t<div class=\"w-blog-post-content\">\n\t\t\t\t\t\tLa separaci\u00f3n de la pareja es una de aquellas situaciones complejas que...\t\t\t\t\t<\/div>\n\t\t\t\t\t\t\t\t\t\t\t<\/div>\n\t\t<\/div>\n\t<\/article>\n\n<\/div><\/div>","protected":false},"excerpt":{"rendered":"<p>Entre padres e hijos Este espacio nace con la vocaci\u00f3n de ayudar&#8230;<\/p>\n","protected":false},"author":1,"featured_media":0,"parent":0,"menu_order":0,"comment_status":"open","ping_status":"closed","template":"","meta":{"footnotes":""},"yoast_head":"<!-- This site is optimized with the Yoast SEO plugin v22.6 - https:\/\/yoast.com\/wordpress\/plugins\/seo\/ -->\n<title>Blog - Fundaci\u00f3 Vidal i Barraquer<\/title>\n<meta name=\"robots\" content=\"index, follow, max-snippet:-1, max-image-preview:large, max-video-preview:-1\" \/>\n<link rel=\"canonical\" href=\"https:\/\/www.fvb.cat\/es\/home-2-3\/blog\/\" \/>\n<meta property=\"og:locale\" content=\"es_ES\" \/>\n<meta property=\"og:type\" content=\"article\" \/>\n<meta property=\"og:title\" content=\"Blog - Fundaci\u00f3 Vidal i Barraquer\" \/>\n<meta property=\"og:description\" content=\"Entre padres e hijos Este espacio nace con la vocaci\u00f3n de ayudar...\" \/>\n<meta property=\"og:url\" content=\"https:\/\/www.fvb.cat\/es\/home-2-3\/blog\/\" \/>\n<meta property=\"og:site_name\" content=\"Fundaci\u00f3 Vidal i Barraquer\" \/>\n<meta property=\"article:modified_time\" content=\"2024-04-23T10:45:03+00:00\" \/>\n<meta name=\"twitter:card\" content=\"summary_large_image\" \/>\n<meta name=\"twitter:label1\" content=\"Tiempo de lectura\" \/>\n\t<meta name=\"twitter:data1\" content=\"1 minuto\" \/>\n<script type=\"application\/ld+json\" class=\"yoast-schema-graph\">{\"@context\":\"https:\/\/schema.org\",\"@graph\":[{\"@type\":\"WebPage\",\"@id\":\"https:\/\/www.fvb.cat\/es\/home-2-3\/blog\/\",\"url\":\"https:\/\/www.fvb.cat\/es\/home-2-3\/blog\/\",\"name\":\"Blog - Fundaci\u00f3 Vidal i Barraquer\",\"isPartOf\":{\"@id\":\"https:\/\/www.fvb.cat\/es\/#website\"},\"datePublished\":\"2015-08-26T14:14:01+00:00\",\"dateModified\":\"2024-04-23T10:45:03+00:00\",\"breadcrumb\":{\"@id\":\"https:\/\/www.fvb.cat\/es\/home-2-3\/blog\/#breadcrumb\"},\"inLanguage\":\"es\",\"potentialAction\":[{\"@type\":\"ReadAction\",\"target\":[\"https:\/\/www.fvb.cat\/es\/home-2-3\/blog\/\"]}]},{\"@type\":\"BreadcrumbList\",\"@id\":\"https:\/\/www.fvb.cat\/es\/home-2-3\/blog\/#breadcrumb\",\"itemListElement\":[{\"@type\":\"ListItem\",\"position\":1,\"name\":\"Inici\",\"item\":\"https:\/\/www.fvb.cat\/es\/\"},{\"@type\":\"ListItem\",\"position\":2,\"name\":\"Blog\"}]},{\"@type\":\"WebSite\",\"@id\":\"https:\/\/www.fvb.cat\/es\/#website\",\"url\":\"https:\/\/www.fvb.cat\/es\/\",\"name\":\"Fundaci\u00f3 Vidal i Barraquer\",\"description\":\"Asistencia, docencia e investigaci\u00f3n en Salud Mental\",\"publisher\":{\"@id\":\"https:\/\/www.fvb.cat\/es\/#organization\"},\"potentialAction\":[{\"@type\":\"SearchAction\",\"target\":{\"@type\":\"EntryPoint\",\"urlTemplate\":\"https:\/\/www.fvb.cat\/es\/?s={search_term_string}\"},\"query-input\":\"required name=search_term_string\"}],\"inLanguage\":\"es\"},{\"@type\":\"Organization\",\"@id\":\"https:\/\/www.fvb.cat\/es\/#organization\",\"name\":\"Fundaci\u00f3 Vidal i Barraquer\",\"url\":\"https:\/\/www.fvb.cat\/es\/\",\"logo\":{\"@type\":\"ImageObject\",\"inLanguage\":\"es\",\"@id\":\"https:\/\/www.fvb.cat\/es\/#\/schema\/logo\/image\/\",\"url\":\"https:\/\/www.fvb.cat\/wp-content\/uploads\/2024\/05\/logo-vidal-i-barrauqer-60-aniversari.jpg\",\"contentUrl\":\"https:\/\/www.fvb.cat\/wp-content\/uploads\/2024\/05\/logo-vidal-i-barrauqer-60-aniversari.jpg\",\"width\":2125,\"height\":703,\"caption\":\"Fundaci\u00f3 Vidal i Barraquer\"},\"image\":{\"@id\":\"https:\/\/www.fvb.cat\/es\/#\/schema\/logo\/image\/\"}}]}<\/script>\n<!-- \/ Yoast SEO plugin. -->","yoast_head_json":{"title":"Blog - Fundaci\u00f3 Vidal i Barraquer","robots":{"index":"index","follow":"follow","max-snippet":"max-snippet:-1","max-image-preview":"max-image-preview:large","max-video-preview":"max-video-preview:-1"},"canonical":"https:\/\/www.fvb.cat\/es\/home-2-3\/blog\/","og_locale":"es_ES","og_type":"article","og_title":"Blog - Fundaci\u00f3 Vidal i Barraquer","og_description":"Entre padres e hijos Este espacio nace con la vocaci\u00f3n de ayudar...","og_url":"https:\/\/www.fvb.cat\/es\/home-2-3\/blog\/","og_site_name":"Fundaci\u00f3 Vidal i Barraquer","article_modified_time":"2024-04-23T10:45:03+00:00","twitter_card":"summary_large_image","twitter_misc":{"Tiempo de lectura":"1 minuto"},"schema":{"@context":"https:\/\/schema.org","@graph":[{"@type":"WebPage","@id":"https:\/\/www.fvb.cat\/es\/home-2-3\/blog\/","url":"https:\/\/www.fvb.cat\/es\/home-2-3\/blog\/","name":"Blog - Fundaci\u00f3 Vidal i Barraquer","isPartOf":{"@id":"https:\/\/www.fvb.cat\/es\/#website"},"datePublished":"2015-08-26T14:14:01+00:00","dateModified":"2024-04-23T10:45:03+00:00","breadcrumb":{"@id":"https:\/\/www.fvb.cat\/es\/home-2-3\/blog\/#breadcrumb"},"inLanguage":"es","potentialAction":[{"@type":"ReadAction","target":["https:\/\/www.fvb.cat\/es\/home-2-3\/blog\/"]}]},{"@type":"BreadcrumbList","@id":"https:\/\/www.fvb.cat\/es\/home-2-3\/blog\/#breadcrumb","itemListElement":[{"@type":"ListItem","position":1,"name":"Inici","item":"https:\/\/www.fvb.cat\/es\/"},{"@type":"ListItem","position":2,"name":"Blog"}]},{"@type":"WebSite","@id":"https:\/\/www.fvb.cat\/es\/#website","url":"https:\/\/www.fvb.cat\/es\/","name":"Fundaci\u00f3 Vidal i Barraquer","description":"Asistencia, docencia e investigaci\u00f3n en Salud Mental","publisher":{"@id":"https:\/\/www.fvb.cat\/es\/#organization"},"potentialAction":[{"@type":"SearchAction","target":{"@type":"EntryPoint","urlTemplate":"https:\/\/www.fvb.cat\/es\/?s={search_term_string}"},"query-input":"required name=search_term_string"}],"inLanguage":"es"},{"@type":"Organization","@id":"https:\/\/www.fvb.cat\/es\/#organization","name":"Fundaci\u00f3 Vidal i Barraquer","url":"https:\/\/www.fvb.cat\/es\/","logo":{"@type":"ImageObject","inLanguage":"es","@id":"https:\/\/www.fvb.cat\/es\/#\/schema\/logo\/image\/","url":"https:\/\/www.fvb.cat\/wp-content\/uploads\/2024\/05\/logo-vidal-i-barrauqer-60-aniversari.jpg","contentUrl":"https:\/\/www.fvb.cat\/wp-content\/uploads\/2024\/05\/logo-vidal-i-barrauqer-60-aniversari.jpg","width":2125,"height":703,"caption":"Fundaci\u00f3 Vidal i Barraquer"},"image":{"@id":"https:\/\/www.fvb.cat\/es\/#\/schema\/logo\/image\/"}}]}},"_links":{"self":[{"href":"https:\/\/www.fvb.cat\/es\/wp-json\/wp\/v2\/pages\/3728"}],"collection":[{"href":"https:\/\/www.fvb.cat\/es\/wp-json\/wp\/v2\/pages"}],"about":[{"href":"https:\/\/www.fvb.cat\/es\/wp-json\/wp\/v2\/types\/page"}],"author":[{"embeddable":true,"href":"https:\/\/www.fvb.cat\/es\/wp-json\/wp\/v2\/users\/1"}],"replies":[{"embeddable":true,"href":"https:\/\/www.fvb.cat\/es\/wp-json\/wp\/v2\/comments?post=3728"}],"version-history":[{"count":54,"href":"https:\/\/www.fvb.cat\/es\/wp-json\/wp\/v2\/pages\/3728\/revisions"}],"predecessor-version":[{"id":14895,"href":"https:\/\/www.fvb.cat\/es\/wp-json\/wp\/v2\/pages\/3728\/revisions\/14895"}],"wp:attachment":[{"href":"https:\/\/www.fvb.cat\/es\/wp-json\/wp\/v2\/media?parent=3728"}],"curies":[{"name":"wp","href":"https:\/\/api.w.org\/{rel}","templated":true}]}}