{"id":18437,"date":"2026-04-16T14:42:03","date_gmt":"2026-04-16T13:42:03","guid":{"rendered":"https:\/\/www.fvb.cat\/es\/?page_id=18437"},"modified":"2026-04-24T11:12:36","modified_gmt":"2026-04-24T10:12:36","slug":"per-sant-jordi-recomana","status":"publish","type":"page","link":"https:\/\/www.fvb.cat\/es\/para-sant-jordi-recomienda\/","title":{"rendered":"Para Sant Jordi, recomienda"},"content":{"rendered":"<section class=\"l-section wpb_row height_medium\"><div class=\"l-section-h i-cf\"><div class=\"g-cols type_default valign_top\"><div class=\"vc_col-sm-12 wpb_column vc_column_container\"><div class=\"vc_column-inner\"><div class=\"wpb_wrapper\"><div class=\"wpb_text_column \"><div class=\"wpb_wrapper\">\n<h2 style=\"text-align: center;\"><b>Este Sant Jordi, recomienda y d\u00e9jate inspirar<\/b><\/h2>\n<\/div> <\/div> <\/div><\/div><\/div><\/div><\/div><\/section><section class=\"l-section wpb_row height_medium\"><div class=\"l-section-h i-cf\"><div class=\"g-cols type_default valign_top\"><div class=\"vc_col-sm-12 wpb_column vc_column_container\"><div class=\"vc_column-inner\"><div class=\"wpb_wrapper\">[vc_empty_space]<div class=\"wpb_text_column \"><div class=\"wpb_wrapper\"><p>La diada de Sant Jordi es una de las m\u00e1s especiales del a\u00f1o: momento para disfrutar, compartir y sobre todo, leer. Con tantos libros disponibles, escoger uno, no es siempre f\u00e1cil. A menudo acabamos buscando recomendaciones, y aqu\u00ed es donde entran los y las profesionales de Vidal i Barraquer.<\/p><\/div> <\/div> <\/div><\/div><\/div><\/div><\/div><\/section><section class=\"l-section wpb_row height_medium\"><div class=\"l-section-h i-cf\"><div class=\"g-cols type_default valign_top\"><div class=\"vc_col-sm-3 wpb_column vc_column_container\"><div class=\"vc_column-inner\"><div class=\"wpb_wrapper\"><div class=\"w-image\"><div class=\"us-frame\"><img loading=\"lazy\" decoding=\"async\" width=\"595\" height=\"1000\" src=\"https:\/\/www.fvb.cat\/wp-content\/uploads\/2026\/04\/te-vas-a-morir-y-aun-no-has-empezado-a-vivir.jpg\" class=\"attachment-large size-large\" alt=\"\" srcset=\"https:\/\/www.fvb.cat\/wp-content\/uploads\/2026\/04\/te-vas-a-morir-y-aun-no-has-empezado-a-vivir.jpg 595w, https:\/\/www.fvb.cat\/wp-content\/uploads\/2026\/04\/te-vas-a-morir-y-aun-no-has-empezado-a-vivir-179x300.jpg 179w, https:\/\/www.fvb.cat\/wp-content\/uploads\/2026\/04\/te-vas-a-morir-y-aun-no-has-empezado-a-vivir-320x538.jpg 320w, https:\/\/www.fvb.cat\/wp-content\/uploads\/2026\/04\/te-vas-a-morir-y-aun-no-has-empezado-a-vivir-480x807.jpg 480w\" sizes=\"(max-width: 595px) 100vw, 595px\" \/><\/div><\/div><\/div><\/div><\/div><div class=\"vc_col-sm-9 wpb_column vc_column_container\"><div class=\"vc_column-inner\"><div class=\"wpb_wrapper\"><div class=\"wpb_text_column \"><div class=\"wpb_wrapper\">\n<h4 style=\"text-align: center;\"><strong>Te vas a morir y todav\u00eda no has empezado a vivir<\/strong><\/h4>\n<\/div> <\/div> <div class=\"wpb_text_column \"><div class=\"wpb_wrapper\"><span style=\"color: #ff0000;\"><strong>AUTOR\/A:\u00a0<\/strong><\/span><\/p>\n<p><span style=\"color: #000000;\">Laura Falces<\/span><\/div> <\/div> <div class=\"wpb_text_column \"><div class=\"wpb_wrapper\"><span style=\"color: #ff0000;\"><b>RECOMENDACI\u00d3N<\/b><\/span><\/p>\n<p>Si sientes que est\u00e1s sobreviviendo m\u00e1s que viviendo, este libro es para ti. A menudo creemos que para cambiar nuestra vida tenemos que embarcarnos en un gran viaje, encontrar una revelaci\u00f3n o descubrir el secreto en alg\u00fan lugar. Mientras tanto, la vida se nos escapa. Y el problema no es que, tarde o temprano, tengamos que morir, sino morir sin haber empezado a vivir. Esperar que nuestra vida cambie por s\u00ed sola es dejarla en manos de un mundo que no podemos controlar, pasando por alto todo aquello que s\u00ed depende de nosotros.<\/p>\n<p>Vivir mejor (y con m\u00e1s sentido) comienza con un compromiso: dejar ir aquello que ya no podemos cambiar y empezar a construir desde hoy todo aquello que deseamos ver cuando miremos atr\u00e1s. En este libro descubrir\u00e1s 29 principios que te ayudar\u00e1n a vivir mejor (y con m\u00e1s sentido). Principios que te impulsar\u00e1n a tomar mejores decisiones para que tu destino no dependa \u00fanicamente de tus circunstancias. Para que, en lugar de dejarte arrastrar, encuentres tu camino y construyas lo m\u00e1s valioso que tienes: tu propia vida.<\/p>\n<p>Est\u00e1s aqu\u00ed y eso ya es un comienzo. El resto: autoconocimiento, salud mental, prop\u00f3sito, relaciones sanas, dinero, gesti\u00f3n del estr\u00e9s, productividad, h\u00e1bitos, felicidad en el trabajo, pensamiento cr\u00edtico\u2026 no llega de golpe, pero se cultiva cuando sabes d\u00f3nde mirar.<\/div> <\/div> <\/div><\/div><\/div><\/div><\/div><\/section><section class=\"l-section wpb_row height_medium\"><div class=\"l-section-h i-cf\"><div class=\"g-cols type_default valign_top\"><div class=\"vc_col-sm-3 wpb_column vc_column_container\"><div class=\"vc_column-inner\"><div class=\"wpb_wrapper\"><div class=\"w-image\"><div class=\"us-frame\"><img loading=\"lazy\" decoding=\"async\" width=\"559\" height=\"1000\" src=\"https:\/\/www.fvb.cat\/wp-content\/uploads\/2026\/04\/Dormidos-en-el-nunca-y-nos-llamaron-Locos.jpg\" class=\"attachment-large size-large\" alt=\"\" srcset=\"https:\/\/www.fvb.cat\/wp-content\/uploads\/2026\/04\/Dormidos-en-el-nunca-y-nos-llamaron-Locos.jpg 559w, https:\/\/www.fvb.cat\/wp-content\/uploads\/2026\/04\/Dormidos-en-el-nunca-y-nos-llamaron-Locos-168x300.jpg 168w, https:\/\/www.fvb.cat\/wp-content\/uploads\/2026\/04\/Dormidos-en-el-nunca-y-nos-llamaron-Locos-320x572.jpg 320w, https:\/\/www.fvb.cat\/wp-content\/uploads\/2026\/04\/Dormidos-en-el-nunca-y-nos-llamaron-Locos-480x859.jpg 480w\" sizes=\"(max-width: 559px) 100vw, 559px\" \/><\/div><\/div><\/div><\/div><\/div><div class=\"vc_col-sm-9 wpb_column vc_column_container\"><div class=\"vc_column-inner\"><div class=\"wpb_wrapper\"><div class=\"wpb_text_column \"><div class=\"wpb_wrapper\">\n<h4 style=\"text-align: center;\"><strong>Dormidos en el nunca (y nos llamaron Locos)<\/strong><\/h4>\n<\/div> <\/div> <div class=\"wpb_text_column \"><div class=\"wpb_wrapper\"><span style=\"color: #ff0000;\"><strong>AUTOR\/A:\u00a0<\/strong><\/span><\/p>\n<p>Princesa Inca y Francesc De Diego<\/div> <\/div> <div class=\"wpb_text_column \"><div class=\"wpb_wrapper\"><span style=\"color: #ff0000;\"><b>RECOMENDACI\u00d3N<\/b><\/span><\/p>\n<p>Poemario ilustrado en blanco y negro de 2 artistas locales y activistas en primera persona: la poetisa Princesa Inca y el dibujante Francesc De Diego. Recoge poemas de 3 obras de Princesa Inca: Mujer\u2011precipicio, Crujido y Trenzar el vac\u00edo.<\/div> <\/div> <\/div><\/div><\/div><\/div><\/div><\/section><section class=\"l-section wpb_row height_medium\"><div class=\"l-section-h i-cf\"><div class=\"g-cols type_default valign_top\"><div class=\"vc_col-sm-3 wpb_column vc_column_container\"><div class=\"vc_column-inner\"><div class=\"wpb_wrapper\"><div class=\"w-image\"><div class=\"us-frame\"><img loading=\"lazy\" decoding=\"async\" width=\"683\" height=\"1000\" src=\"https:\/\/www.fvb.cat\/wp-content\/uploads\/2026\/04\/por-que-ser-feliz-cuando-puedes-ser-normal.jpg\" class=\"attachment-large size-large\" alt=\"\" srcset=\"https:\/\/www.fvb.cat\/wp-content\/uploads\/2026\/04\/por-que-ser-feliz-cuando-puedes-ser-normal.jpg 683w, https:\/\/www.fvb.cat\/wp-content\/uploads\/2026\/04\/por-que-ser-feliz-cuando-puedes-ser-normal-205x300.jpg 205w, https:\/\/www.fvb.cat\/wp-content\/uploads\/2026\/04\/por-que-ser-feliz-cuando-puedes-ser-normal-320x469.jpg 320w, https:\/\/www.fvb.cat\/wp-content\/uploads\/2026\/04\/por-que-ser-feliz-cuando-puedes-ser-normal-480x703.jpg 480w, https:\/\/www.fvb.cat\/wp-content\/uploads\/2026\/04\/por-que-ser-feliz-cuando-puedes-ser-normal-600x878.jpg 600w\" sizes=\"(max-width: 683px) 100vw, 683px\" \/><\/div><\/div><\/div><\/div><\/div><div class=\"vc_col-sm-9 wpb_column vc_column_container\"><div class=\"vc_column-inner\"><div class=\"wpb_wrapper\"><div class=\"wpb_text_column \"><div class=\"wpb_wrapper\">\n<h4 style=\"text-align: center;\"><strong>\u00bfPor qu\u00e9 ser feliz cuando puedes ser normal?<\/strong><\/h4>\n<\/div> <\/div> <div class=\"wpb_text_column \"><div class=\"wpb_wrapper\"><span style=\"color: #ff0000;\"><strong>AUTOR\/A:\u00a0<\/strong><\/span><\/p>\n<p>Jeannette Winterson<\/div> <\/div> <div class=\"wpb_text_column \"><div class=\"wpb_wrapper\"><span style=\"color: #ff0000;\"><b>RECOMENDACI\u00d3N<\/b><\/span><\/p>\n<p>Libro autobiogr\u00e1fico, que trata cuestiones como la adopci\u00f3n, la moral r\u00edgida y la b\u00fasqueda de la identidad. Escrito de manera muy directa, conecta de forma constante con el lector.<\/div> <\/div> <\/div><\/div><\/div><\/div><\/div><\/section><section class=\"l-section wpb_row height_medium\"><div class=\"l-section-h i-cf\"><div class=\"g-cols type_default valign_top\"><div class=\"vc_col-sm-3 wpb_column vc_column_container\"><div class=\"vc_column-inner\"><div class=\"wpb_wrapper\"><div class=\"w-image\"><div class=\"us-frame\"><img loading=\"lazy\" decoding=\"async\" width=\"627\" height=\"1024\" src=\"https:\/\/www.fvb.cat\/wp-content\/uploads\/2026\/04\/Opus-Gelber-Retrato-de-un-pianista-627x1024.jpg\" class=\"attachment-large size-large\" alt=\"\" srcset=\"https:\/\/www.fvb.cat\/wp-content\/uploads\/2026\/04\/Opus-Gelber-Retrato-de-un-pianista-627x1024.jpg 627w, https:\/\/www.fvb.cat\/wp-content\/uploads\/2026\/04\/Opus-Gelber-Retrato-de-un-pianista-184x300.jpg 184w, https:\/\/www.fvb.cat\/wp-content\/uploads\/2026\/04\/Opus-Gelber-Retrato-de-un-pianista-320x523.jpg 320w, https:\/\/www.fvb.cat\/wp-content\/uploads\/2026\/04\/Opus-Gelber-Retrato-de-un-pianista-480x784.jpg 480w, https:\/\/www.fvb.cat\/wp-content\/uploads\/2026\/04\/Opus-Gelber-Retrato-de-un-pianista-600x980.jpg 600w, https:\/\/www.fvb.cat\/wp-content\/uploads\/2026\/04\/Opus-Gelber-Retrato-de-un-pianista.jpg 643w\" sizes=\"(max-width: 627px) 100vw, 627px\" \/><\/div><\/div><\/div><\/div><\/div><div class=\"vc_col-sm-9 wpb_column vc_column_container\"><div class=\"vc_column-inner\"><div class=\"wpb_wrapper\"><div class=\"wpb_text_column \"><div class=\"wpb_wrapper\">\n<h4 style=\"text-align: center;\"><strong>Opus Gelber: Retrato de un pianista<\/strong><\/h4>\n<\/div> <\/div> <div class=\"wpb_text_column \"><div class=\"wpb_wrapper\"><span style=\"color: #ff0000;\"><strong>AUTOR\/A:\u00a0<\/strong><\/span><\/p>\n<p>Leila Guerriero<\/div> <\/div> <div class=\"wpb_text_column \"><div class=\"wpb_wrapper\"><span style=\"color: #ff0000;\"><b>RECOMENDACI\u00d3N<\/b><\/span><\/p>\n<p>El retrato de un personaje que no deja indiferente y, sobre todo, un gran pianista, ya en horas bajas. Muy recomendable.<\/div> <\/div> <\/div><\/div><\/div><\/div><\/div><\/section><section class=\"l-section wpb_row height_medium\"><div class=\"l-section-h i-cf\"><div class=\"g-cols type_default valign_top\"><div class=\"vc_col-sm-3 wpb_column vc_column_container\"><div class=\"vc_column-inner\"><div class=\"wpb_wrapper\"><div class=\"w-image\"><div class=\"us-frame\"><img loading=\"lazy\" decoding=\"async\" width=\"635\" height=\"1000\" src=\"https:\/\/www.fvb.cat\/wp-content\/uploads\/2026\/04\/Comeras-flores.jpg\" class=\"attachment-large size-large\" alt=\"\" srcset=\"https:\/\/www.fvb.cat\/wp-content\/uploads\/2026\/04\/Comeras-flores.jpg 635w, https:\/\/www.fvb.cat\/wp-content\/uploads\/2026\/04\/Comeras-flores-191x300.jpg 191w, https:\/\/www.fvb.cat\/wp-content\/uploads\/2026\/04\/Comeras-flores-320x504.jpg 320w, https:\/\/www.fvb.cat\/wp-content\/uploads\/2026\/04\/Comeras-flores-480x756.jpg 480w, https:\/\/www.fvb.cat\/wp-content\/uploads\/2026\/04\/Comeras-flores-600x945.jpg 600w\" sizes=\"(max-width: 635px) 100vw, 635px\" \/><\/div><\/div><\/div><\/div><\/div><div class=\"vc_col-sm-9 wpb_column vc_column_container\"><div class=\"vc_column-inner\"><div class=\"wpb_wrapper\"><div class=\"wpb_text_column \"><div class=\"wpb_wrapper\">\n<h4 style=\"text-align: center;\"><strong>Comer\u00e1s flores<\/strong><\/h4>\n<\/div> <\/div> <div class=\"wpb_text_column \"><div class=\"wpb_wrapper\"><span style=\"color: #ff0000;\"><strong>AUTOR\/A:\u00a0<\/strong><\/span><\/p>\n<p>Luc\u00eda Solla<\/div> <\/div> <div class=\"wpb_text_column \"><div class=\"wpb_wrapper\"><span style=\"color: #ff0000;\"><b>RECOMENDACI\u00d3N<\/b><\/span><\/p>\n<p>Un libro muy especial para ponerse en la piel de las personas.<\/div> <\/div> <\/div><\/div><\/div><\/div><\/div><\/section><section class=\"l-section wpb_row height_medium\"><div class=\"l-section-h i-cf\"><div class=\"g-cols type_default valign_top\"><div class=\"vc_col-sm-3 wpb_column vc_column_container\"><div class=\"vc_column-inner\"><div class=\"wpb_wrapper\"><div class=\"w-image\"><div class=\"us-frame\"><img loading=\"lazy\" decoding=\"async\" width=\"668\" height=\"1024\" src=\"https:\/\/www.fvb.cat\/wp-content\/uploads\/2026\/04\/La-assistenta-668x1024.jpg\" class=\"attachment-large size-large\" alt=\"\" srcset=\"https:\/\/www.fvb.cat\/wp-content\/uploads\/2026\/04\/La-assistenta-668x1024.jpg 668w, https:\/\/www.fvb.cat\/wp-content\/uploads\/2026\/04\/La-assistenta-196x300.jpg 196w, https:\/\/www.fvb.cat\/wp-content\/uploads\/2026\/04\/La-assistenta-768x1178.jpg 768w, https:\/\/www.fvb.cat\/wp-content\/uploads\/2026\/04\/La-assistenta-1001x1536.jpg 1001w, https:\/\/www.fvb.cat\/wp-content\/uploads\/2026\/04\/La-assistenta-1335x2048.jpg 1335w, https:\/\/www.fvb.cat\/wp-content\/uploads\/2026\/04\/La-assistenta-320x491.jpg 320w, https:\/\/www.fvb.cat\/wp-content\/uploads\/2026\/04\/La-assistenta-480x736.jpg 480w, https:\/\/www.fvb.cat\/wp-content\/uploads\/2026\/04\/La-assistenta-800x1227.jpg 800w, https:\/\/www.fvb.cat\/wp-content\/uploads\/2026\/04\/La-assistenta-600x920.jpg 600w, https:\/\/www.fvb.cat\/wp-content\/uploads\/2026\/04\/La-assistenta.jpg 1669w\" sizes=\"(max-width: 668px) 100vw, 668px\" \/><\/div><\/div><\/div><\/div><\/div><div class=\"vc_col-sm-9 wpb_column vc_column_container\"><div class=\"vc_column-inner\"><div class=\"wpb_wrapper\"><div class=\"wpb_text_column \"><div class=\"wpb_wrapper\">\n<h4 style=\"text-align: center;\"><strong>La asistenta<\/strong><\/h4>\n<\/div> <\/div> <div class=\"wpb_text_column \"><div class=\"wpb_wrapper\"><span style=\"color: #ff0000;\"><strong>AUTOR\/A:\u00a0<\/strong><\/span><\/p>\n<p>Freida McFadden<\/div> <\/div> <div class=\"wpb_text_column \"><div class=\"wpb_wrapper\"><span style=\"color: #ff0000;\"><b>RECOMENDACI\u00d3N<\/b><\/span><\/p>\n<p>Este libro trata sobre una asistenta que cuenta as\u00ed su historia: Cada d\u00eda friego de arriba abajo la preciosa casa de los Winchester. Recojo a su hija del colegio y preparo comidas deliciosas para toda la familia antes de subir a cenar sola a mi diminuta habitaci\u00f3n del piso superior. Intento no prestar atenci\u00f3n a Nina cuando lo ensucia todo solo para ver c\u00f3mo lo limpio. A las extra\u00f1as mentiras que cuenta sobre su propia hija. A su marido, que parece cada d\u00eda m\u00e1s abatido. Pero cuando miro a los ojos de Andrew, de un casta\u00f1o c\u00e1lido, encantadores y llenos de dolor, no me cuesta nada imaginar c\u00f3mo ser\u00eda vivir en la piel de Nina. El gran vestidor, el coche de lujo, el marido perfecto.<\/div> <\/div> <\/div><\/div><\/div><\/div><\/div><\/section><section class=\"l-section wpb_row height_medium\"><div class=\"l-section-h i-cf\"><div class=\"g-cols type_default valign_top\"><div class=\"vc_col-sm-3 wpb_column vc_column_container\"><div class=\"vc_column-inner\"><div class=\"wpb_wrapper\"><div class=\"w-image\"><div class=\"us-frame\"><img loading=\"lazy\" decoding=\"async\" width=\"608\" height=\"1000\" src=\"https:\/\/www.fvb.cat\/wp-content\/uploads\/2026\/04\/Cada-hombre-es-una-raza.jpg\" class=\"attachment-large size-large\" alt=\"\" srcset=\"https:\/\/www.fvb.cat\/wp-content\/uploads\/2026\/04\/Cada-hombre-es-una-raza.jpg 608w, https:\/\/www.fvb.cat\/wp-content\/uploads\/2026\/04\/Cada-hombre-es-una-raza-182x300.jpg 182w, https:\/\/www.fvb.cat\/wp-content\/uploads\/2026\/04\/Cada-hombre-es-una-raza-320x526.jpg 320w, https:\/\/www.fvb.cat\/wp-content\/uploads\/2026\/04\/Cada-hombre-es-una-raza-480x789.jpg 480w, https:\/\/www.fvb.cat\/wp-content\/uploads\/2026\/04\/Cada-hombre-es-una-raza-600x987.jpg 600w\" sizes=\"(max-width: 608px) 100vw, 608px\" \/><\/div><\/div><\/div><\/div><\/div><div class=\"vc_col-sm-9 wpb_column vc_column_container\"><div class=\"vc_column-inner\"><div class=\"wpb_wrapper\"><div class=\"wpb_text_column \"><div class=\"wpb_wrapper\">\n<h4 style=\"text-align: center;\"><strong>Cada hombre es una raza<\/strong><\/h4>\n<\/div> <\/div> <div class=\"wpb_text_column \"><div class=\"wpb_wrapper\"><span style=\"color: #ff0000;\"><strong>AUTOR\/A:\u00a0<\/strong><\/span><\/p>\n<p>Mia Couto<\/div> <\/div> <div class=\"wpb_text_column \"><div class=\"wpb_wrapper\"><span style=\"color: #ff0000;\"><b>RECOMENDACI\u00d3N<\/b><\/span><\/p>\n<p>Recopilaci\u00f3n de cuentos del c\u00e9lebre autor mozambique\u00f1o Mia Cuoto, con narraciones que exploran la complejidad humana a trav\u00e9s de personajes marcados por la guerra, la pobreza, la memoria y la transformaci\u00f3n social, mostrando vidas cotidianas atravesadas por la violencia colonial y poscolonial.<\/div> <\/div> <\/div><\/div><\/div><\/div><\/div><\/section><section class=\"l-section wpb_row height_medium\"><div class=\"l-section-h i-cf\"><div class=\"g-cols type_default valign_top\"><div class=\"vc_col-sm-3 wpb_column vc_column_container\"><div class=\"vc_column-inner\"><div class=\"wpb_wrapper\"><div class=\"w-image\"><div class=\"us-frame\"><img loading=\"lazy\" decoding=\"async\" width=\"652\" height=\"1024\" src=\"https:\/\/www.fvb.cat\/wp-content\/uploads\/2026\/04\/yamila-652x1024.jpg\" class=\"attachment-large size-large\" alt=\"\" srcset=\"https:\/\/www.fvb.cat\/wp-content\/uploads\/2026\/04\/yamila-652x1024.jpg 652w, https:\/\/www.fvb.cat\/wp-content\/uploads\/2026\/04\/yamila-191x300.jpg 191w, https:\/\/www.fvb.cat\/wp-content\/uploads\/2026\/04\/yamila-768x1206.jpg 768w, https:\/\/www.fvb.cat\/wp-content\/uploads\/2026\/04\/yamila-978x1536.jpg 978w, https:\/\/www.fvb.cat\/wp-content\/uploads\/2026\/04\/yamila-1304x2048.jpg 1304w, https:\/\/www.fvb.cat\/wp-content\/uploads\/2026\/04\/yamila-320x503.jpg 320w, https:\/\/www.fvb.cat\/wp-content\/uploads\/2026\/04\/yamila-480x754.jpg 480w, https:\/\/www.fvb.cat\/wp-content\/uploads\/2026\/04\/yamila-800x1257.jpg 800w, https:\/\/www.fvb.cat\/wp-content\/uploads\/2026\/04\/yamila-600x942.jpg 600w, https:\/\/www.fvb.cat\/wp-content\/uploads\/2026\/04\/yamila.jpg 1500w\" sizes=\"(max-width: 652px) 100vw, 652px\" \/><\/div><\/div><\/div><\/div><\/div><div class=\"vc_col-sm-9 wpb_column vc_column_container\"><div class=\"vc_column-inner\"><div class=\"wpb_wrapper\"><div class=\"wpb_text_column \"><div class=\"wpb_wrapper\">\n<h4 style=\"text-align: center;\"><strong>Yamila<\/strong><\/h4>\n<\/div> <\/div> <div class=\"wpb_text_column \"><div class=\"wpb_wrapper\"><span style=\"color: #ff0000;\"><strong>AUTOR\/A:\u00a0<\/strong><\/span><\/p>\n<p>Chinguiz Aitmatov<\/div> <\/div> <div class=\"wpb_text_column \"><div class=\"wpb_wrapper\"><span style=\"color: #ff0000;\"><b>RECOMENDACI\u00d3N<\/b><\/span><\/p>\n<p>Novela rom\u00e1ntica del autor m\u00e1s relevante de Kirguist\u00e1n, ambientada durante la Segunda Guerra Mundial, en la que una joven que tiene al marido en el frente se enamora de un joven herido que regresa de la guerra pero debe trabajar en los campos colectivos que generan el sustento de los soldados. Es una obra breve pero muy bien narrada, con unas descripciones fabulosas de los paisajes y de los personajes.<\/div> <\/div> <\/div><\/div><\/div><\/div><\/div><\/section><section class=\"l-section wpb_row height_medium\"><div class=\"l-section-h i-cf\"><div class=\"g-cols type_default valign_top\"><div class=\"vc_col-sm-3 wpb_column vc_column_container\"><div class=\"vc_column-inner\"><div class=\"wpb_wrapper\"><div class=\"w-image\"><div class=\"us-frame\"><img loading=\"lazy\" decoding=\"async\" width=\"652\" height=\"1000\" src=\"https:\/\/www.fvb.cat\/wp-content\/uploads\/2026\/04\/Intermezzo.jpg\" class=\"attachment-large size-large\" alt=\"\" srcset=\"https:\/\/www.fvb.cat\/wp-content\/uploads\/2026\/04\/Intermezzo.jpg 652w, https:\/\/www.fvb.cat\/wp-content\/uploads\/2026\/04\/Intermezzo-196x300.jpg 196w, https:\/\/www.fvb.cat\/wp-content\/uploads\/2026\/04\/Intermezzo-320x491.jpg 320w, https:\/\/www.fvb.cat\/wp-content\/uploads\/2026\/04\/Intermezzo-480x736.jpg 480w, https:\/\/www.fvb.cat\/wp-content\/uploads\/2026\/04\/Intermezzo-600x920.jpg 600w\" sizes=\"(max-width: 652px) 100vw, 652px\" \/><\/div><\/div><\/div><\/div><\/div><div class=\"vc_col-sm-9 wpb_column vc_column_container\"><div class=\"vc_column-inner\"><div class=\"wpb_wrapper\"><div class=\"wpb_text_column \"><div class=\"wpb_wrapper\">\n<h4 style=\"text-align: center;\"><strong>Intermezzo<\/strong><\/h4>\n<\/div> <\/div> <div class=\"wpb_text_column \"><div class=\"wpb_wrapper\"><span style=\"color: #ff0000;\"><strong>AUTOR\/A:\u00a0<\/strong><\/span><\/p>\n<p>Sally Rooney<\/div> <\/div> <div class=\"wpb_text_column \"><div class=\"wpb_wrapper\"><span style=\"color: #ff0000;\"><b>RECOMENDACI\u00d3N<\/b><\/span><\/p>\n<p>Libro que explora la relaci\u00f3n entre dos hermanos en un momento de duelo por la muerte de su padre. Como los otros libros de la misma autora, se centra en las relaciones sociales entre los distintos componentes de la historia. La gracia de la historia es que sientes que formas parte de la familia y necesitas saber m\u00e1s sobre los personajes, escrito de una manera que te hace sentir muy cercano a ellos.<\/div> <\/div> <\/div><\/div><\/div><\/div><\/div><\/section><section class=\"l-section wpb_row height_medium\"><div class=\"l-section-h i-cf\"><div class=\"g-cols type_default valign_top\"><div class=\"vc_col-sm-3 wpb_column vc_column_container\"><div class=\"vc_column-inner\"><div class=\"wpb_wrapper\"><div class=\"w-image\"><div class=\"us-frame\"><img loading=\"lazy\" decoding=\"async\" width=\"822\" height=\"1024\" src=\"https:\/\/www.fvb.cat\/wp-content\/uploads\/2026\/04\/Antes-de-que-se-enfrie-el-cafe-822x1024.jpg\" class=\"attachment-large size-large\" alt=\"\" srcset=\"https:\/\/www.fvb.cat\/wp-content\/uploads\/2026\/04\/Antes-de-que-se-enfrie-el-cafe-822x1024.jpg 822w, https:\/\/www.fvb.cat\/wp-content\/uploads\/2026\/04\/Antes-de-que-se-enfrie-el-cafe-241x300.jpg 241w, https:\/\/www.fvb.cat\/wp-content\/uploads\/2026\/04\/Antes-de-que-se-enfrie-el-cafe-768x957.jpg 768w, https:\/\/www.fvb.cat\/wp-content\/uploads\/2026\/04\/Antes-de-que-se-enfrie-el-cafe-1233x1536.jpg 1233w, https:\/\/www.fvb.cat\/wp-content\/uploads\/2026\/04\/Antes-de-que-se-enfrie-el-cafe-1644x2048.jpg 1644w, https:\/\/www.fvb.cat\/wp-content\/uploads\/2026\/04\/Antes-de-que-se-enfrie-el-cafe-320x399.jpg 320w, https:\/\/www.fvb.cat\/wp-content\/uploads\/2026\/04\/Antes-de-que-se-enfrie-el-cafe-480x598.jpg 480w, https:\/\/www.fvb.cat\/wp-content\/uploads\/2026\/04\/Antes-de-que-se-enfrie-el-cafe-800x997.jpg 800w, https:\/\/www.fvb.cat\/wp-content\/uploads\/2026\/04\/Antes-de-que-se-enfrie-el-cafe-600x748.jpg 600w, https:\/\/www.fvb.cat\/wp-content\/uploads\/2026\/04\/Antes-de-que-se-enfrie-el-cafe.jpg 2000w\" sizes=\"(max-width: 822px) 100vw, 822px\" \/><\/div><\/div><\/div><\/div><\/div><div class=\"vc_col-sm-9 wpb_column vc_column_container\"><div class=\"vc_column-inner\"><div class=\"wpb_wrapper\"><div class=\"wpb_text_column \"><div class=\"wpb_wrapper\">\n<h4 style=\"text-align: center;\"><strong>Antes de que se enfr\u00ede el caf\u00e9<\/strong><\/h4>\n<\/div> <\/div> <div class=\"wpb_text_column \"><div class=\"wpb_wrapper\"><span style=\"color: #ff0000;\"><strong>AUTOR\/A:\u00a0<\/strong><\/span><\/p>\n<p>Toshikazu Kawaguchi<\/div> <\/div> <div class=\"wpb_text_column \"><div class=\"wpb_wrapper\"><span style=\"color: #ff0000;\"><b>RECOMENDACI\u00d3N<\/b><\/span><\/p>\n<p>Libro para valorar el presente.<\/div> <\/div> <\/div><\/div><\/div><\/div><\/div><\/section><section class=\"l-section wpb_row height_medium\"><div class=\"l-section-h i-cf\"><div class=\"g-cols type_default valign_top\"><div class=\"vc_col-sm-3 wpb_column vc_column_container\"><div class=\"vc_column-inner\"><div class=\"wpb_wrapper\"><div class=\"w-image\"><div class=\"us-frame\"><img loading=\"lazy\" decoding=\"async\" width=\"650\" height=\"1024\" src=\"https:\/\/www.fvb.cat\/wp-content\/uploads\/2026\/04\/Sed-650x1024.jpeg\" class=\"attachment-large size-large\" alt=\"\" srcset=\"https:\/\/www.fvb.cat\/wp-content\/uploads\/2026\/04\/Sed-650x1024.jpeg 650w, https:\/\/www.fvb.cat\/wp-content\/uploads\/2026\/04\/Sed-190x300.jpeg 190w, https:\/\/www.fvb.cat\/wp-content\/uploads\/2026\/04\/Sed-768x1210.jpeg 768w, https:\/\/www.fvb.cat\/wp-content\/uploads\/2026\/04\/Sed-975x1536.jpeg 975w, https:\/\/www.fvb.cat\/wp-content\/uploads\/2026\/04\/Sed-1300x2048.jpeg 1300w, https:\/\/www.fvb.cat\/wp-content\/uploads\/2026\/04\/Sed-320x504.jpeg 320w, https:\/\/www.fvb.cat\/wp-content\/uploads\/2026\/04\/Sed-480x756.jpeg 480w, https:\/\/www.fvb.cat\/wp-content\/uploads\/2026\/04\/Sed-800x1260.jpeg 800w, https:\/\/www.fvb.cat\/wp-content\/uploads\/2026\/04\/Sed-600x945.jpeg 600w, https:\/\/www.fvb.cat\/wp-content\/uploads\/2026\/04\/Sed-scaled.jpeg 1625w\" sizes=\"(max-width: 650px) 100vw, 650px\" \/><\/div><\/div><\/div><\/div><\/div><div class=\"vc_col-sm-9 wpb_column vc_column_container\"><div class=\"vc_column-inner\"><div class=\"wpb_wrapper\"><div class=\"wpb_text_column \"><div class=\"wpb_wrapper\">\n<h4 style=\"text-align: center;\"><strong>Sed<\/strong><\/h4>\n<\/div> <\/div> <div class=\"wpb_text_column \"><div class=\"wpb_wrapper\"><span style=\"color: #ff0000;\"><strong>AUTOR\/A:\u00a0<\/strong><\/span><\/p>\n<p>Am\u00e8lie Nothomb<\/div> <\/div> <div class=\"wpb_text_column \"><div class=\"wpb_wrapper\"><span style=\"color: #ff0000;\"><b>RECOMENDACI\u00d3N<\/b><\/span><\/p>\n<p>Es una novela corta y original sobre las \u00faltimas horas de vida de Jesucristo. La autora narra en primera persona este tr\u00e1nsito hacia la muerte y reflexiona sobre el cuerpo, el dolor, la amistad, el amor, el sacrificio y la sed como met\u00e1fora de lo f\u00edsico y de lo trascendental.<\/div> <\/div> <\/div><\/div><\/div><\/div><\/div><\/section><section class=\"l-section wpb_row height_medium\"><div class=\"l-section-h i-cf\"><div class=\"g-cols type_default valign_top\"><div class=\"vc_col-sm-3 wpb_column vc_column_container\"><div class=\"vc_column-inner\"><div class=\"wpb_wrapper\"><div class=\"w-image\"><div class=\"us-frame\"><img loading=\"lazy\" decoding=\"async\" width=\"638\" height=\"1024\" src=\"https:\/\/www.fvb.cat\/wp-content\/uploads\/2026\/04\/Les-gratitudes-638x1024.jpg\" class=\"attachment-large size-large\" alt=\"\" srcset=\"https:\/\/www.fvb.cat\/wp-content\/uploads\/2026\/04\/Les-gratitudes-638x1024.jpg 638w, https:\/\/www.fvb.cat\/wp-content\/uploads\/2026\/04\/Les-gratitudes-187x300.jpg 187w, https:\/\/www.fvb.cat\/wp-content\/uploads\/2026\/04\/Les-gratitudes-768x1233.jpg 768w, https:\/\/www.fvb.cat\/wp-content\/uploads\/2026\/04\/Les-gratitudes-957x1536.jpg 957w, https:\/\/www.fvb.cat\/wp-content\/uploads\/2026\/04\/Les-gratitudes-1275x2048.jpg 1275w, https:\/\/www.fvb.cat\/wp-content\/uploads\/2026\/04\/Les-gratitudes-320x514.jpg 320w, https:\/\/www.fvb.cat\/wp-content\/uploads\/2026\/04\/Les-gratitudes-480x771.jpg 480w, https:\/\/www.fvb.cat\/wp-content\/uploads\/2026\/04\/Les-gratitudes-800x1285.jpg 800w, https:\/\/www.fvb.cat\/wp-content\/uploads\/2026\/04\/Les-gratitudes-600x963.jpg 600w, https:\/\/www.fvb.cat\/wp-content\/uploads\/2026\/04\/Les-gratitudes.jpg 1400w\" sizes=\"(max-width: 638px) 100vw, 638px\" \/><\/div><\/div><\/div><\/div><\/div><div class=\"vc_col-sm-9 wpb_column vc_column_container\"><div class=\"vc_column-inner\"><div class=\"wpb_wrapper\"><div class=\"wpb_text_column \"><div class=\"wpb_wrapper\">\n<h4 style=\"text-align: center;\"><strong>Las gratitudes<\/strong><\/h4>\n<\/div> <\/div> <div class=\"wpb_text_column \"><div class=\"wpb_wrapper\"><span style=\"color: #ff0000;\"><strong>AUTOR\/A:\u00a0<\/strong><\/span><\/p>\n<p>Delphine de Vigan<\/div> <\/div> <div class=\"wpb_text_column \"><div class=\"wpb_wrapper\"><span style=\"color: #ff0000;\"><b>RECOMENDACI\u00d3N<\/b><\/span><\/p>\n<p>Cortito, tierno y para m\u00ed, delicioso.<\/div> <\/div> <\/div><\/div><\/div><\/div><\/div><\/section><section class=\"l-section wpb_row height_medium\"><div class=\"l-section-h i-cf\"><div class=\"g-cols type_default valign_top\"><div class=\"vc_col-sm-3 wpb_column vc_column_container\"><div class=\"vc_column-inner\"><div class=\"wpb_wrapper\"><div class=\"w-image\"><div class=\"us-frame\"><img loading=\"lazy\" decoding=\"async\" width=\"666\" height=\"1024\" src=\"https:\/\/www.fvb.cat\/wp-content\/uploads\/2026\/04\/Viaje-por-mar-con-Don-Quijote-666x1024.jpg\" class=\"attachment-large size-large\" alt=\"\" srcset=\"https:\/\/www.fvb.cat\/wp-content\/uploads\/2026\/04\/Viaje-por-mar-con-Don-Quijote-666x1024.jpg 666w, https:\/\/www.fvb.cat\/wp-content\/uploads\/2026\/04\/Viaje-por-mar-con-Don-Quijote-195x300.jpg 195w, https:\/\/www.fvb.cat\/wp-content\/uploads\/2026\/04\/Viaje-por-mar-con-Don-Quijote-320x492.jpg 320w, https:\/\/www.fvb.cat\/wp-content\/uploads\/2026\/04\/Viaje-por-mar-con-Don-Quijote-480x738.jpg 480w, https:\/\/www.fvb.cat\/wp-content\/uploads\/2026\/04\/Viaje-por-mar-con-Don-Quijote-600x922.jpg 600w, https:\/\/www.fvb.cat\/wp-content\/uploads\/2026\/04\/Viaje-por-mar-con-Don-Quijote.jpg 683w\" sizes=\"(max-width: 666px) 100vw, 666px\" \/><\/div><\/div><\/div><\/div><\/div><div class=\"vc_col-sm-9 wpb_column vc_column_container\"><div class=\"vc_column-inner\"><div class=\"wpb_wrapper\"><div class=\"wpb_text_column \"><div class=\"wpb_wrapper\">\n<h4 style=\"text-align: center;\"><strong>Viaje por mar con Don Quijote<\/strong><\/h4>\n<\/div> <\/div> <div class=\"wpb_text_column \"><div class=\"wpb_wrapper\"><span style=\"color: #ff0000;\"><strong>AUTOR\/A:\u00a0<\/strong><\/span><\/p>\n<p>Delphine de Vigan<\/div> <\/div> <div class=\"wpb_text_column \"><div class=\"wpb_wrapper\"><span style=\"color: #ff0000;\"><b>RECOMENDACI\u00d3N<\/b><\/span><\/p>\n<p>Escrito en forma de diario personal cuando Mann viaja en barco hacia Estados Unidos en 1934, con su mujer Katia y un ejemplar del <em>Quijote<\/em> como lectura de viaje, el autor reflexiona sobre la situaci\u00f3n de preguerra en su Alemania natal.<\/div> <\/div> <\/div><\/div><\/div><\/div><\/div><\/section><section class=\"l-section wpb_row height_medium\"><div class=\"l-section-h i-cf\"><div class=\"g-cols type_default valign_top\"><div class=\"vc_col-sm-3 wpb_column vc_column_container\"><div class=\"vc_column-inner\"><div class=\"wpb_wrapper\"><div class=\"w-image\"><div class=\"us-frame\"><img loading=\"lazy\" decoding=\"async\" width=\"653\" height=\"1000\" src=\"https:\/\/www.fvb.cat\/wp-content\/uploads\/2026\/04\/Pechos-y-huevos.jpg\" class=\"attachment-large size-large\" alt=\"\" srcset=\"https:\/\/www.fvb.cat\/wp-content\/uploads\/2026\/04\/Pechos-y-huevos.jpg 653w, https:\/\/www.fvb.cat\/wp-content\/uploads\/2026\/04\/Pechos-y-huevos-196x300.jpg 196w, https:\/\/www.fvb.cat\/wp-content\/uploads\/2026\/04\/Pechos-y-huevos-320x490.jpg 320w, https:\/\/www.fvb.cat\/wp-content\/uploads\/2026\/04\/Pechos-y-huevos-480x735.jpg 480w, https:\/\/www.fvb.cat\/wp-content\/uploads\/2026\/04\/Pechos-y-huevos-600x919.jpg 600w\" sizes=\"(max-width: 653px) 100vw, 653px\" \/><\/div><\/div><\/div><\/div><\/div><div class=\"vc_col-sm-9 wpb_column vc_column_container\"><div class=\"vc_column-inner\"><div class=\"wpb_wrapper\"><div class=\"wpb_text_column \"><div class=\"wpb_wrapper\">\n<h4 style=\"text-align: center;\"><strong>Pechos y huevos<\/strong><\/h4>\n<\/div> <\/div> <div class=\"wpb_text_column \"><div class=\"wpb_wrapper\"><span style=\"color: #ff0000;\"><strong>AUTOR\/A:\u00a0<\/strong><\/span><\/p>\n<p>Mieko Kawakami<\/div> <\/div> <div class=\"wpb_text_column \"><div class=\"wpb_wrapper\"><span style=\"color: #ff0000;\"><b>RECOMENDACI\u00d3N<\/b><\/span><\/p>\n<p>De una manera original retrata la realidad actual de las mujeres japonesas, a trav\u00e9s de tres mujeres en momentos vitales diferentes: los conflictos de la adolescencia, la maternidad y las diferentes formas de llegar a ella, los conflictos con el propio cuerpo, con el sexo\u2026<\/div> <\/div> <\/div><\/div><\/div><\/div><\/div><\/section><section class=\"l-section wpb_row height_medium\"><div class=\"l-section-h i-cf\"><div class=\"g-cols type_default valign_top\"><div class=\"vc_col-sm-3 wpb_column vc_column_container\"><div class=\"vc_column-inner\"><div class=\"wpb_wrapper\"><div class=\"w-image\"><div class=\"us-frame\"><img loading=\"lazy\" decoding=\"async\" width=\"657\" height=\"1000\" src=\"https:\/\/www.fvb.cat\/wp-content\/uploads\/2026\/04\/La-Peninsula-de-las-casas-vacias.jpg\" class=\"attachment-large size-large\" alt=\"\" srcset=\"https:\/\/www.fvb.cat\/wp-content\/uploads\/2026\/04\/La-Peninsula-de-las-casas-vacias.jpg 657w, https:\/\/www.fvb.cat\/wp-content\/uploads\/2026\/04\/La-Peninsula-de-las-casas-vacias-197x300.jpg 197w, https:\/\/www.fvb.cat\/wp-content\/uploads\/2026\/04\/La-Peninsula-de-las-casas-vacias-320x487.jpg 320w, https:\/\/www.fvb.cat\/wp-content\/uploads\/2026\/04\/La-Peninsula-de-las-casas-vacias-480x731.jpg 480w, https:\/\/www.fvb.cat\/wp-content\/uploads\/2026\/04\/La-Peninsula-de-las-casas-vacias-600x913.jpg 600w\" sizes=\"(max-width: 657px) 100vw, 657px\" \/><\/div><\/div><\/div><\/div><\/div><div class=\"vc_col-sm-9 wpb_column vc_column_container\"><div class=\"vc_column-inner\"><div class=\"wpb_wrapper\"><div class=\"wpb_text_column \"><div class=\"wpb_wrapper\">\n<h4 style=\"text-align: center;\"><strong>La Pen\u00ednsula de las casas vac\u00edas<\/strong><\/h4>\n<\/div> <\/div> <div class=\"wpb_text_column \"><div class=\"wpb_wrapper\"><span style=\"color: #ff0000;\"><strong>AUTOR\/A:\u00a0<\/strong><\/span><\/p>\n<p>David Ucl\u00e9s<\/div> <\/div> <div class=\"wpb_text_column \"><div class=\"wpb_wrapper\"><span style=\"color: #ff0000;\"><b>RECOMENDACI\u00d3N<\/b><\/span><\/p>\n<p>Relato absolutamente original, mezcla de realismo, surrealismo, realismo m\u00e1gico, sentido del humor y tragedia, a la vez que un retrato conmovedor de la Guerra Civil, explicada como nunca.<\/div> <\/div> <\/div><\/div><\/div><\/div><\/div><\/section><section class=\"l-section wpb_row height_medium\"><div class=\"l-section-h i-cf\"><div class=\"g-cols type_default valign_top\"><div class=\"vc_col-sm-3 wpb_column vc_column_container\"><div class=\"vc_column-inner\"><div class=\"wpb_wrapper\"><div class=\"w-image\"><div class=\"us-frame\"><img loading=\"lazy\" decoding=\"async\" width=\"633\" height=\"1000\" src=\"https:\/\/www.fvb.cat\/wp-content\/uploads\/2026\/04\/Presentes.jpg\" class=\"attachment-large size-large\" alt=\"\" srcset=\"https:\/\/www.fvb.cat\/wp-content\/uploads\/2026\/04\/Presentes.jpg 633w, https:\/\/www.fvb.cat\/wp-content\/uploads\/2026\/04\/Presentes-190x300.jpg 190w, https:\/\/www.fvb.cat\/wp-content\/uploads\/2026\/04\/Presentes-320x506.jpg 320w, https:\/\/www.fvb.cat\/wp-content\/uploads\/2026\/04\/Presentes-480x758.jpg 480w, https:\/\/www.fvb.cat\/wp-content\/uploads\/2026\/04\/Presentes-600x948.jpg 600w\" sizes=\"(max-width: 633px) 100vw, 633px\" \/><\/div><\/div><\/div><\/div><\/div><div class=\"vc_col-sm-9 wpb_column vc_column_container\"><div class=\"vc_column-inner\"><div class=\"wpb_wrapper\"><div class=\"wpb_text_column \"><div class=\"wpb_wrapper\">\n<h4 style=\"text-align: center;\"><strong>Presentes<\/strong><\/h4>\n<\/div> <\/div> <div class=\"wpb_text_column \"><div class=\"wpb_wrapper\"><span style=\"color: #ff0000;\"><strong>AUTOR\/A:\u00a0<\/strong><\/span><\/p>\n<p>Paco Cerd\u00e0<\/div> <\/div> <div class=\"wpb_text_column \"><div class=\"wpb_wrapper\"><span style=\"color: #ff0000;\"><b>RECOMENDACI\u00d3N<\/b><\/span><\/p>\n<p>Relato conmovedor, tierno, emotivo, realista y duro en algunos momentos, de la posguerra espa\u00f1ola, escrito con una gran sensibilidad y muy bien documentado.<\/div> <\/div> <\/div><\/div><\/div><\/div><\/div><\/section><section class=\"l-section wpb_row height_medium\"><div class=\"l-section-h i-cf\"><div class=\"g-cols type_default valign_top\"><div class=\"vc_col-sm-3 wpb_column vc_column_container\"><div class=\"vc_column-inner\"><div class=\"wpb_wrapper\"><div class=\"w-image\"><div class=\"us-frame\"><img loading=\"lazy\" decoding=\"async\" width=\"593\" height=\"1000\" src=\"https:\/\/www.fvb.cat\/wp-content\/uploads\/2026\/04\/La-Vegetariana.jpg\" class=\"attachment-large size-large\" alt=\"\" srcset=\"https:\/\/www.fvb.cat\/wp-content\/uploads\/2026\/04\/La-Vegetariana.jpg 593w, https:\/\/www.fvb.cat\/wp-content\/uploads\/2026\/04\/La-Vegetariana-178x300.jpg 178w, https:\/\/www.fvb.cat\/wp-content\/uploads\/2026\/04\/La-Vegetariana-320x540.jpg 320w, https:\/\/www.fvb.cat\/wp-content\/uploads\/2026\/04\/La-Vegetariana-480x809.jpg 480w\" sizes=\"(max-width: 593px) 100vw, 593px\" \/><\/div><\/div><\/div><\/div><\/div><div class=\"vc_col-sm-9 wpb_column vc_column_container\"><div class=\"vc_column-inner\"><div class=\"wpb_wrapper\"><div class=\"wpb_text_column \"><div class=\"wpb_wrapper\">\n<h4 style=\"text-align: center;\"><strong>La Vegetariana<\/strong><\/h4>\n<\/div> <\/div> <div class=\"wpb_text_column \"><div class=\"wpb_wrapper\"><span style=\"color: #ff0000;\"><strong>AUTOR\/A:\u00a0<\/strong><\/span><\/p>\n<p>Han Kang<\/div> <\/div> <div class=\"wpb_text_column \"><div class=\"wpb_wrapper\"><span style=\"color: #ff0000;\"><b>RECOMENDACI\u00d3N<\/b><\/span><\/p>\n<p><em>\u00abLa Vegetariana\u00bb<\/em> te atrae desde la primera p\u00e1gina por c\u00f3mo la autora retrata la necesidad de la protagonista de ser \u00e1rbol para conseguir la libertad. Describe una sociedad totalmente machista, la violencia brutal y sutil en todos los \u00e1mbitos de la sociedad (familiar, de pareja, institucional). Todo con una belleza y una crudeza al mismo tiempo que cautiva.<\/div> <\/div> <\/div><\/div><\/div><\/div><\/div><\/section><section class=\"l-section wpb_row height_medium\"><div class=\"l-section-h i-cf\"><div class=\"g-cols type_default valign_top\"><div class=\"vc_col-sm-3 wpb_column vc_column_container\"><div class=\"vc_column-inner\"><div class=\"wpb_wrapper\"><div class=\"w-image\"><div class=\"us-frame\"><img loading=\"lazy\" decoding=\"async\" width=\"674\" height=\"1024\" src=\"https:\/\/www.fvb.cat\/wp-content\/uploads\/2026\/04\/La-Sonrisa-Etrusca-674x1024.jpg\" class=\"attachment-large size-large\" alt=\"\" srcset=\"https:\/\/www.fvb.cat\/wp-content\/uploads\/2026\/04\/La-Sonrisa-Etrusca-674x1024.jpg 674w, https:\/\/www.fvb.cat\/wp-content\/uploads\/2026\/04\/La-Sonrisa-Etrusca-197x300.jpg 197w, https:\/\/www.fvb.cat\/wp-content\/uploads\/2026\/04\/La-Sonrisa-Etrusca-768x1168.jpg 768w, https:\/\/www.fvb.cat\/wp-content\/uploads\/2026\/04\/La-Sonrisa-Etrusca-1010x1536.jpg 1010w, https:\/\/www.fvb.cat\/wp-content\/uploads\/2026\/04\/La-Sonrisa-Etrusca-1347x2048.jpg 1347w, https:\/\/www.fvb.cat\/wp-content\/uploads\/2026\/04\/La-Sonrisa-Etrusca-320x486.jpg 320w, https:\/\/www.fvb.cat\/wp-content\/uploads\/2026\/04\/La-Sonrisa-Etrusca-480x730.jpg 480w, https:\/\/www.fvb.cat\/wp-content\/uploads\/2026\/04\/La-Sonrisa-Etrusca-800x1216.jpg 800w, https:\/\/www.fvb.cat\/wp-content\/uploads\/2026\/04\/La-Sonrisa-Etrusca-600x912.jpg 600w, https:\/\/www.fvb.cat\/wp-content\/uploads\/2026\/04\/La-Sonrisa-Etrusca.jpg 1684w\" sizes=\"(max-width: 674px) 100vw, 674px\" \/><\/div><\/div><\/div><\/div><\/div><div class=\"vc_col-sm-9 wpb_column vc_column_container\"><div class=\"vc_column-inner\"><div class=\"wpb_wrapper\"><div class=\"wpb_text_column \"><div class=\"wpb_wrapper\">\n<h4 style=\"text-align: center;\"><strong>La Sonrisa Etrusca<\/strong><\/h4>\n<\/div> <\/div> <div class=\"wpb_text_column \"><div class=\"wpb_wrapper\"><span style=\"color: #ff0000;\"><strong>AUTOR\/A:\u00a0<\/strong><\/span><\/p>\n<p>Jos\u00e9 Lu\u00eds Sampedro<\/div> <\/div> <div class=\"wpb_text_column \"><div class=\"wpb_wrapper\"><span style=\"color: #ff0000;\"><b>RECOMENDACI\u00d3N<\/b><\/span><\/p>\n<p>La relaci\u00f3n entre un abuelo y su nieto, c\u00f3mo hace cambiar la visi\u00f3n de la vida a un hombre de car\u00e1cter hosco y c\u00f3mo transitar los \u00faltimos a\u00f1os de vida, una etapa tan poco atendida y escuchada.<\/div> <\/div> <\/div><\/div><\/div><\/div><\/div><\/section><section class=\"l-section wpb_row height_medium\"><div class=\"l-section-h i-cf\"><div class=\"g-cols type_default valign_top\"><div class=\"vc_col-sm-3 wpb_column vc_column_container\"><div class=\"vc_column-inner\"><div class=\"wpb_wrapper\"><div class=\"w-image\"><div class=\"us-frame\"><img loading=\"lazy\" decoding=\"async\" width=\"643\" height=\"1000\" src=\"https:\/\/www.fvb.cat\/wp-content\/uploads\/2026\/04\/El-Colom.jpg\" class=\"attachment-large size-large\" alt=\"\" srcset=\"https:\/\/www.fvb.cat\/wp-content\/uploads\/2026\/04\/El-Colom.jpg 643w, https:\/\/www.fvb.cat\/wp-content\/uploads\/2026\/04\/El-Colom-193x300.jpg 193w, https:\/\/www.fvb.cat\/wp-content\/uploads\/2026\/04\/El-Colom-320x498.jpg 320w, https:\/\/www.fvb.cat\/wp-content\/uploads\/2026\/04\/El-Colom-480x747.jpg 480w, https:\/\/www.fvb.cat\/wp-content\/uploads\/2026\/04\/El-Colom-600x933.jpg 600w\" sizes=\"(max-width: 643px) 100vw, 643px\" \/><\/div><\/div><\/div><\/div><\/div><div class=\"vc_col-sm-9 wpb_column vc_column_container\"><div class=\"vc_column-inner\"><div class=\"wpb_wrapper\"><div class=\"wpb_text_column \"><div class=\"wpb_wrapper\">\n<h4 style=\"text-align: center;\"><strong>El Colom<\/strong><\/h4>\n<\/div> <\/div> <div class=\"wpb_text_column \"><div class=\"wpb_wrapper\"><span style=\"color: #ff0000;\"><strong>AUTOR\/A:\u00a0<\/strong><\/span><\/p>\n<p>Patrick S\u00fcskind<\/div> <\/div> <div class=\"wpb_text_column \"><div class=\"wpb_wrapper\"><span style=\"color: #ff0000;\"><b>RECOMENDACI\u00d3N<\/b><\/span><\/p>\n<p>La realidad nunca llega como la esperas. No llama antes de entrar ni pide permiso. Simplemente irrumpe, como una grieta fina en el cristal que, sin hacer ruido, lo cambia todo.<\/div> <\/div> <\/div><\/div><\/div><\/div><\/div><\/section><section class=\"l-section wpb_row height_medium\"><div class=\"l-section-h i-cf\"><div class=\"g-cols type_default valign_top\"><div class=\"vc_col-sm-3 wpb_column vc_column_container\"><div class=\"vc_column-inner\"><div class=\"wpb_wrapper\"><div class=\"w-image\"><div class=\"us-frame\"><img loading=\"lazy\" decoding=\"async\" width=\"182\" height=\"277\" src=\"https:\/\/www.fvb.cat\/wp-content\/uploads\/2026\/04\/Pan-de-limon-con-semillas-de-amapola.png\" class=\"attachment-large size-large\" alt=\"\" \/><\/div><\/div><\/div><\/div><\/div><div class=\"vc_col-sm-9 wpb_column vc_column_container\"><div class=\"vc_column-inner\"><div class=\"wpb_wrapper\"><div class=\"wpb_text_column \"><div class=\"wpb_wrapper\">\n<h4 style=\"text-align: center;\"><strong>Pan de lim\u00f3n con semillas de amapola<\/strong><\/h4>\n<\/div> <\/div> <div class=\"wpb_text_column \"><div class=\"wpb_wrapper\"><span style=\"color: #ff0000;\"><strong>AUTOR\/A:\u00a0<\/strong><\/span><\/p>\n<p>Cristina Campos<\/div> <\/div> <div class=\"wpb_text_column \"><div class=\"wpb_wrapper\"><span style=\"color: #ff0000;\"><b>RECOMENDACI\u00d3N<\/b><\/span><\/p>\n<p>Novela de f\u00e1cil lectura sobre la amistad, el amor y la vida en general.<\/div> <\/div> <\/div><\/div><\/div><\/div><\/div><\/section><section class=\"l-section wpb_row height_medium\"><div class=\"l-section-h i-cf\"><div class=\"g-cols type_default valign_top\"><div class=\"vc_col-sm-3 wpb_column vc_column_container\"><div class=\"vc_column-inner\"><div class=\"wpb_wrapper\"><div class=\"w-image\"><div class=\"us-frame\"><img loading=\"lazy\" decoding=\"async\" width=\"182\" height=\"277\" src=\"https:\/\/www.fvb.cat\/wp-content\/uploads\/2026\/04\/SIDDHARTA.png\" class=\"attachment-large size-large\" alt=\"\" \/><\/div><\/div><\/div><\/div><\/div><div class=\"vc_col-sm-9 wpb_column vc_column_container\"><div class=\"vc_column-inner\"><div class=\"wpb_wrapper\"><div class=\"wpb_text_column \"><div class=\"wpb_wrapper\">\n<h4 style=\"text-align: center;\"><strong>Pan de lim\u00f3n con semillas de amapola<\/strong><\/h4>\n<\/div> <\/div> <div class=\"wpb_text_column \"><div class=\"wpb_wrapper\"><span style=\"color: #ff0000;\"><strong>AUTOR\/A:\u00a0<\/strong><\/span><\/p>\n<p>Herman Hesse<\/div> <\/div> <div class=\"wpb_text_column \"><div class=\"wpb_wrapper\"><span style=\"color: #ff0000;\"><b>RECOMENDACI\u00d3N<\/b><\/span><\/p>\n<p>Uno de los indispensables para entender un poco m\u00e1s la vida en toda su totalidad y emprender un viaje lleno de emociones.<\/div> <\/div> <\/div><\/div><\/div><\/div><\/div><\/section><section class=\"l-section wpb_row height_medium\"><div class=\"l-section-h i-cf\"><div class=\"g-cols type_default valign_top\"><div class=\"vc_col-sm-3 wpb_column vc_column_container\"><div class=\"vc_column-inner\"><div class=\"wpb_wrapper\"><div class=\"w-image\"><div class=\"us-frame\"><img loading=\"lazy\" decoding=\"async\" width=\"182\" height=\"278\" src=\"https:\/\/www.fvb.cat\/wp-content\/uploads\/2026\/04\/mentira.png\" class=\"attachment-large size-large\" alt=\"\" \/><\/div><\/div><\/div><\/div><\/div><div class=\"vc_col-sm-9 wpb_column vc_column_container\"><div class=\"vc_column-inner\"><div class=\"wpb_wrapper\"><div class=\"wpb_text_column \"><div class=\"wpb_wrapper\">\n<h4 style=\"text-align: center;\"><strong>Mentira<\/strong><\/h4>\n<\/div> <\/div> <div class=\"wpb_text_column \"><div class=\"wpb_wrapper\"><span style=\"color: #ff0000;\"><strong>AUTOR\/A:\u00a0<\/strong><\/span><\/p>\n<p>Juan G\u00f3mez-Jurado<\/div> <\/div> <div class=\"wpb_text_column \"><div class=\"wpb_wrapper\"><span style=\"color: #ff0000;\"><b>RECOMENDACI\u00d3N<\/b><\/span><\/p>\n<p>Se trata de un thriller donde su sinopsis lo describe as\u00ed: \u201cdudar de todo nunca fue tan adictivo. El autor m\u00e1s le\u00eddo en espa\u00f1ol deslumbra con su primer thriller independiente tras el universo reina roja. Mi trabajo es mentir, pero contigo no voy a hacerlo. Respeto demasiado tu inteligencia. O quiz\u00e1s es el miedo a la muerte inminente lo que hace que te diga la verdad. A ti no voy a mentirte, aunque vas a observarme mentir a otras personas. Te garantizo que no has visto nunca nada igual. No me llamo Eva Ramos. T\u00fa vas a llamarme as\u00ed.<\/div> <\/div> <\/div><\/div><\/div><\/div><\/div><\/section><section class=\"l-section wpb_row height_medium\"><div class=\"l-section-h i-cf\"><div class=\"g-cols type_default valign_top\"><div class=\"vc_col-sm-3 wpb_column vc_column_container\"><div class=\"vc_column-inner\"><div class=\"wpb_wrapper\"><div class=\"w-image\"><div class=\"us-frame\"><img loading=\"lazy\" decoding=\"async\" width=\"179\" height=\"282\" src=\"https:\/\/www.fvb.cat\/wp-content\/uploads\/2026\/04\/nuetsra-parte-de-noche.png\" class=\"attachment-large size-large\" alt=\"\" \/><\/div><\/div><\/div><\/div><\/div><div class=\"vc_col-sm-9 wpb_column vc_column_container\"><div class=\"vc_column-inner\"><div class=\"wpb_wrapper\"><div class=\"wpb_text_column \"><div class=\"wpb_wrapper\">\n<h4 style=\"text-align: center;\"><strong>Nuestra parte de noche<\/strong><\/h4>\n<\/div> <\/div> <div class=\"wpb_text_column \"><div class=\"wpb_wrapper\"><span style=\"color: #ff0000;\"><strong>AUTOR\/A:\u00a0<\/strong><\/span><\/p>\n<p>Mariana Enriquez<\/div> <\/div> <div class=\"wpb_text_column \"><div class=\"wpb_wrapper\"><span style=\"color: #ff0000;\"><b>RECOMENDACI\u00d3N<\/b><\/span><\/p>\n<p>Novela de terror y realismo m\u00e1gico que sigue la historia de una familia en la \u00e9poca de la dictadura militar en Argentina. Narra el viaje de Juan, un m\u00e9dium atormentado, y su hijo Gaspar, quienes escapan de una sociedad secreta (la Orden) que busca la vida eterna mediante rituales atroces con un ente mal\u00e9fico.<\/div> <\/div> <\/div><\/div><\/div><\/div><\/div><\/section><section class=\"l-section wpb_row height_medium\"><div class=\"l-section-h i-cf\"><div class=\"g-cols type_default valign_top\"><div class=\"vc_col-sm-3 wpb_column vc_column_container\"><div class=\"vc_column-inner\"><div class=\"wpb_wrapper\"><div class=\"w-image\"><div class=\"us-frame\"><img loading=\"lazy\" decoding=\"async\" width=\"165\" height=\"305\" src=\"https:\/\/www.fvb.cat\/wp-content\/uploads\/2026\/04\/descarga-1.png\" class=\"attachment-large size-large\" alt=\"\" srcset=\"https:\/\/www.fvb.cat\/wp-content\/uploads\/2026\/04\/descarga-1.png 165w, https:\/\/www.fvb.cat\/wp-content\/uploads\/2026\/04\/descarga-1-162x300.png 162w\" sizes=\"(max-width: 165px) 100vw, 165px\" \/><\/div><\/div><\/div><\/div><\/div><div class=\"vc_col-sm-9 wpb_column vc_column_container\"><div class=\"vc_column-inner\"><div class=\"wpb_wrapper\"><div class=\"wpb_text_column \"><div class=\"wpb_wrapper\">\n<h4 style=\"text-align: center;\"><strong>Una educaci\u00f3n<\/strong><\/h4>\n<\/div> <\/div> <div class=\"wpb_text_column \"><div class=\"wpb_wrapper\"><span style=\"color: #ff0000;\"><strong>AUTOR\/A:\u00a0<\/strong><\/span><\/p>\n<p>Tara Westover<\/div> <\/div> <div class=\"wpb_text_column \"><div class=\"wpb_wrapper\"><span style=\"color: #ff0000;\"><b>RECOMENDACI\u00d3N<\/b><\/span><\/p>\n<p>Autobiograf\u00eda de la autora, quien creci\u00f3 en una familia mormona fundamentalista en EE. UU., aislada de la sociedad, sin escuela ni atenci\u00f3n m\u00e9dica. Habla sobre su lucha por superar un entorno familiar disfuncional\/abusivo y la ignorancia mediante la autoeducaci\u00f3n, logrando llegar a la Universidad de Cambridge.<\/div> <\/div> <\/div><\/div><\/div><\/div><\/div><\/section>","protected":false},"excerpt":{"rendered":"Fundaci\u00f3n Vidal i Barraquer Somos una instituci\u00f3n creada en 1964 y dedicada...","protected":false},"author":33,"featured_media":18467,"parent":0,"menu_order":0,"comment_status":"closed","ping_status":"closed","template":"","meta":{"footnotes":""},"yoast_head":"<!-- This site is optimized with the Yoast SEO plugin v22.6 - https:\/\/yoast.com\/wordpress\/plugins\/seo\/ -->\n<title>Para Sant Jordi, recomienda - Fundaci\u00f3 Vidal i Barraquer<\/title>\n<meta name=\"robots\" content=\"index, follow, max-snippet:-1, max-image-preview:large, max-video-preview:-1\" \/>\n<link rel=\"canonical\" href=\"https:\/\/www.fvb.cat\/es\/para-sant-jordi-recomienda\/\" \/>\n<meta property=\"og:locale\" content=\"es_ES\" \/>\n<meta property=\"og:type\" content=\"article\" \/>\n<meta property=\"og:title\" content=\"[:ca]Per Sant Jordi, recomana[:es]Para Sant Jordi, recomienda[:] - Fundaci\u00f3 Vidal i Barraquer\" \/>\n<meta property=\"og:url\" content=\"https:\/\/www.fvb.cat\/es\/para-sant-jordi-recomienda\/\" \/>\n<meta property=\"og:site_name\" content=\"Fundaci\u00f3 Vidal i Barraquer\" \/>\n<meta property=\"article:modified_time\" content=\"2026-04-24T10:12:36+00:00\" \/>\n<meta property=\"og:image\" content=\"https:\/\/www.fvb.cat\/wp-content\/uploads\/2026\/04\/CARTELL-SANT-JORDI-2026.png\" \/>\n\t<meta property=\"og:image:width\" content=\"1414\" \/>\n\t<meta property=\"og:image:height\" content=\"2000\" \/>\n\t<meta property=\"og:image:type\" content=\"image\/png\" \/>\n<meta name=\"twitter:card\" content=\"summary_large_image\" \/>\n<meta name=\"twitter:label1\" content=\"Tiempo de lectura\" \/>\n\t<meta name=\"twitter:data1\" content=\"8 minutos\" \/>\n<script type=\"application\/ld+json\" class=\"yoast-schema-graph\">{\"@context\":\"https:\/\/schema.org\",\"@graph\":[{\"@type\":\"WebPage\",\"@id\":\"https:\/\/www.fvb.cat\/es\/para-sant-jordi-recomienda\/\",\"url\":\"https:\/\/www.fvb.cat\/es\/para-sant-jordi-recomienda\/\",\"name\":\"[:ca]Per Sant Jordi, recomana[:es]Para Sant Jordi, recomienda[:] - Fundaci\u00f3 Vidal i Barraquer\",\"isPartOf\":{\"@id\":\"https:\/\/www.fvb.cat\/es\/#website\"},\"primaryImageOfPage\":{\"@id\":\"https:\/\/www.fvb.cat\/es\/para-sant-jordi-recomienda\/#primaryimage\"},\"image\":{\"@id\":\"https:\/\/www.fvb.cat\/es\/para-sant-jordi-recomienda\/#primaryimage\"},\"thumbnailUrl\":\"https:\/\/www.fvb.cat\/wp-content\/uploads\/2026\/04\/CARTELL-SANT-JORDI-2026.png\",\"datePublished\":\"2026-04-16T13:42:03+00:00\",\"dateModified\":\"2026-04-24T10:12:36+00:00\",\"breadcrumb\":{\"@id\":\"https:\/\/www.fvb.cat\/es\/para-sant-jordi-recomienda\/#breadcrumb\"},\"inLanguage\":\"es\",\"potentialAction\":[{\"@type\":\"ReadAction\",\"target\":[\"https:\/\/www.fvb.cat\/es\/para-sant-jordi-recomienda\/\"]}]},{\"@type\":\"ImageObject\",\"inLanguage\":\"es\",\"@id\":\"https:\/\/www.fvb.cat\/es\/para-sant-jordi-recomienda\/#primaryimage\",\"url\":\"https:\/\/www.fvb.cat\/wp-content\/uploads\/2026\/04\/CARTELL-SANT-JORDI-2026.png\",\"contentUrl\":\"https:\/\/www.fvb.cat\/wp-content\/uploads\/2026\/04\/CARTELL-SANT-JORDI-2026.png\",\"width\":1414,\"height\":2000},{\"@type\":\"BreadcrumbList\",\"@id\":\"https:\/\/www.fvb.cat\/es\/para-sant-jordi-recomienda\/#breadcrumb\",\"itemListElement\":[{\"@type\":\"ListItem\",\"position\":1,\"name\":\"Inici\",\"item\":\"https:\/\/www.fvb.cat\/es\/\"},{\"@type\":\"ListItem\",\"position\":2,\"name\":\"Para Sant Jordi, recomienda\"}]},{\"@type\":\"WebSite\",\"@id\":\"https:\/\/www.fvb.cat\/es\/#website\",\"url\":\"https:\/\/www.fvb.cat\/es\/\",\"name\":\"Fundaci\u00f3 Vidal i Barraquer\",\"description\":\"Asistencia, docencia e investigaci\u00f3n en Salud Mental\",\"publisher\":{\"@id\":\"https:\/\/www.fvb.cat\/es\/#organization\"},\"potentialAction\":[{\"@type\":\"SearchAction\",\"target\":{\"@type\":\"EntryPoint\",\"urlTemplate\":\"https:\/\/www.fvb.cat\/es\/?s={search_term_string}\"},\"query-input\":\"required name=search_term_string\"}],\"inLanguage\":\"es\"},{\"@type\":\"Organization\",\"@id\":\"https:\/\/www.fvb.cat\/es\/#organization\",\"name\":\"Fundaci\u00f3 Vidal i Barraquer\",\"url\":\"https:\/\/www.fvb.cat\/es\/\",\"logo\":{\"@type\":\"ImageObject\",\"inLanguage\":\"es\",\"@id\":\"https:\/\/www.fvb.cat\/es\/#\/schema\/logo\/image\/\",\"url\":\"https:\/\/www.fvb.cat\/wp-content\/uploads\/2024\/05\/logo-vidal-i-barrauqer-60-aniversari.jpg\",\"contentUrl\":\"https:\/\/www.fvb.cat\/wp-content\/uploads\/2024\/05\/logo-vidal-i-barrauqer-60-aniversari.jpg\",\"width\":2125,\"height\":703,\"caption\":\"Fundaci\u00f3 Vidal i Barraquer\"},\"image\":{\"@id\":\"https:\/\/www.fvb.cat\/es\/#\/schema\/logo\/image\/\"}}]}<\/script>\n<!-- \/ Yoast SEO plugin. -->","yoast_head_json":{"title":"[:ca]Per Sant Jordi, recomana[:es]Para Sant Jordi, recomienda[:] - Fundaci\u00f3 Vidal i Barraquer","robots":{"index":"index","follow":"follow","max-snippet":"max-snippet:-1","max-image-preview":"max-image-preview:large","max-video-preview":"max-video-preview:-1"},"canonical":"https:\/\/www.fvb.cat\/es\/para-sant-jordi-recomienda\/","og_locale":"es_ES","og_type":"article","og_title":"[:ca]Per Sant Jordi, recomana[:es]Para Sant Jordi, recomienda[:] - Fundaci\u00f3 Vidal i Barraquer","og_url":"https:\/\/www.fvb.cat\/es\/para-sant-jordi-recomienda\/","og_site_name":"Fundaci\u00f3 Vidal i Barraquer","article_modified_time":"2026-04-24T10:12:36+00:00","og_image":[{"width":1414,"height":2000,"url":"https:\/\/www.fvb.cat\/wp-content\/uploads\/2026\/04\/CARTELL-SANT-JORDI-2026.png","type":"image\/png"}],"twitter_card":"summary_large_image","twitter_misc":{"Tiempo de lectura":"8 minutos"},"schema":{"@context":"https:\/\/schema.org","@graph":[{"@type":"WebPage","@id":"https:\/\/www.fvb.cat\/es\/para-sant-jordi-recomienda\/","url":"https:\/\/www.fvb.cat\/es\/para-sant-jordi-recomienda\/","name":"[:ca]Per Sant Jordi, recomana[:es]Para Sant Jordi, recomienda[:] - Fundaci\u00f3 Vidal i Barraquer","isPartOf":{"@id":"https:\/\/www.fvb.cat\/es\/#website"},"primaryImageOfPage":{"@id":"https:\/\/www.fvb.cat\/es\/para-sant-jordi-recomienda\/#primaryimage"},"image":{"@id":"https:\/\/www.fvb.cat\/es\/para-sant-jordi-recomienda\/#primaryimage"},"thumbnailUrl":"https:\/\/www.fvb.cat\/wp-content\/uploads\/2026\/04\/CARTELL-SANT-JORDI-2026.png","datePublished":"2026-04-16T13:42:03+00:00","dateModified":"2026-04-24T10:12:36+00:00","breadcrumb":{"@id":"https:\/\/www.fvb.cat\/es\/para-sant-jordi-recomienda\/#breadcrumb"},"inLanguage":"es","potentialAction":[{"@type":"ReadAction","target":["https:\/\/www.fvb.cat\/es\/para-sant-jordi-recomienda\/"]}]},{"@type":"ImageObject","inLanguage":"es","@id":"https:\/\/www.fvb.cat\/es\/para-sant-jordi-recomienda\/#primaryimage","url":"https:\/\/www.fvb.cat\/wp-content\/uploads\/2026\/04\/CARTELL-SANT-JORDI-2026.png","contentUrl":"https:\/\/www.fvb.cat\/wp-content\/uploads\/2026\/04\/CARTELL-SANT-JORDI-2026.png","width":1414,"height":2000},{"@type":"BreadcrumbList","@id":"https:\/\/www.fvb.cat\/es\/para-sant-jordi-recomienda\/#breadcrumb","itemListElement":[{"@type":"ListItem","position":1,"name":"Inici","item":"https:\/\/www.fvb.cat\/es\/"},{"@type":"ListItem","position":2,"name":"Para Sant Jordi, recomienda"}]},{"@type":"WebSite","@id":"https:\/\/www.fvb.cat\/es\/#website","url":"https:\/\/www.fvb.cat\/es\/","name":"Fundaci\u00f3 Vidal i Barraquer","description":"Asistencia, docencia e investigaci\u00f3n en Salud Mental","publisher":{"@id":"https:\/\/www.fvb.cat\/es\/#organization"},"potentialAction":[{"@type":"SearchAction","target":{"@type":"EntryPoint","urlTemplate":"https:\/\/www.fvb.cat\/es\/?s={search_term_string}"},"query-input":"required name=search_term_string"}],"inLanguage":"es"},{"@type":"Organization","@id":"https:\/\/www.fvb.cat\/es\/#organization","name":"Fundaci\u00f3 Vidal i Barraquer","url":"https:\/\/www.fvb.cat\/es\/","logo":{"@type":"ImageObject","inLanguage":"es","@id":"https:\/\/www.fvb.cat\/es\/#\/schema\/logo\/image\/","url":"https:\/\/www.fvb.cat\/wp-content\/uploads\/2024\/05\/logo-vidal-i-barrauqer-60-aniversari.jpg","contentUrl":"https:\/\/www.fvb.cat\/wp-content\/uploads\/2024\/05\/logo-vidal-i-barrauqer-60-aniversari.jpg","width":2125,"height":703,"caption":"Fundaci\u00f3 Vidal i Barraquer"},"image":{"@id":"https:\/\/www.fvb.cat\/es\/#\/schema\/logo\/image\/"}}]}},"_links":{"self":[{"href":"https:\/\/www.fvb.cat\/es\/wp-json\/wp\/v2\/pages\/18437"}],"collection":[{"href":"https:\/\/www.fvb.cat\/es\/wp-json\/wp\/v2\/pages"}],"about":[{"href":"https:\/\/www.fvb.cat\/es\/wp-json\/wp\/v2\/types\/page"}],"author":[{"embeddable":true,"href":"https:\/\/www.fvb.cat\/es\/wp-json\/wp\/v2\/users\/33"}],"replies":[{"embeddable":true,"href":"https:\/\/www.fvb.cat\/es\/wp-json\/wp\/v2\/comments?post=18437"}],"version-history":[{"count":10,"href":"https:\/\/www.fvb.cat\/es\/wp-json\/wp\/v2\/pages\/18437\/revisions"}],"predecessor-version":[{"id":18496,"href":"https:\/\/www.fvb.cat\/es\/wp-json\/wp\/v2\/pages\/18437\/revisions\/18496"}],"wp:featuredmedia":[{"embeddable":true,"href":"https:\/\/www.fvb.cat\/es\/wp-json\/wp\/v2\/media\/18467"}],"wp:attachment":[{"href":"https:\/\/www.fvb.cat\/es\/wp-json\/wp\/v2\/media?parent=18437"}],"curies":[{"name":"wp","href":"https:\/\/api.w.org\/{rel}","templated":true}]}}