{"id":17309,"date":"2025-07-30T11:31:10","date_gmt":"2025-07-30T10:31:10","guid":{"rendered":"https:\/\/www.fvb.cat\/ca\/?page_id=17309"},"modified":"2026-04-13T08:59:05","modified_gmt":"2026-04-13T07:59:05","slug":"formacio-continuada-en-psicoterapia","status":"publish","type":"page","link":"https:\/\/www.fvb.cat\/es\/docencia\/formacion-continuada\/","title":{"rendered":"Formaci\u00f3n Continuada en Psicoterapia"},"content":{"rendered":"<section class=\"l-section wpb_row height_medium\"><div class=\"l-section-h i-cf\"><div class=\"g-cols type_default valign_top\"><div class=\"vc_col-sm-12 wpb_column vc_column_container\"><div class=\"vc_column-inner\"><div class=\"wpb_wrapper\">[vc_empty_space height=\u00bb15px\u00bb]<\/div><\/div><\/div><div class=\"vc_col-sm-12 wpb_column vc_column_container\"><div class=\"vc_column-inner\"><div class=\"wpb_wrapper\"><div class=\"g-cols wpb_row type_default valign_top vc_inner \"><div class=\"vc_col-sm-12 wpb_column vc_column_container\"><div class=\"vc_column-inner\"><div class=\"wpb_wrapper\"><div class=\"wpb_text_column \"><div class=\"wpb_wrapper\">\n<h5><strong>PRESENTACI\u00d3N<\/strong><\/h5>\n<p>La Formaci\u00f3n Continuada est\u00e1 integrada por cursos independientes que pretenden la actualizaci\u00f3n de tem\u00e1ticas monogr\u00e1ficas con el objetivo de contribuir a la formaci\u00f3n de los y las profesionales correspondientes en el transcurso de su trabajo.<\/div> <\/div> [vc_empty_space height=\u00bb15px\u00bb]<\/div><\/div><\/div><\/div><div class=\"g-cols wpb_row type_default valign_top vc_inner  vc_custom_1754304971465\"><div class=\"vc_col-sm-4 wpb_column vc_column_container\"><div class=\"vc_column-inner\"><div class=\"wpb_wrapper\"><div class=\"w-iconbox iconpos_top style_default color_custom no_title no_text\"><div class=\"w-iconbox-icon\" style=\"color:#000000;\"><i class=\"material-icons\">article<\/i><\/div><\/div><div class=\"wpb_text_column \"><div class=\"wpb_wrapper\"><p>Cursos independientes para la formaci\u00f3n continuada en psicoterapia<\/p><\/div> <\/div> <\/div><\/div><\/div><div class=\"vc_col-sm-4 wpb_column vc_column_container\"><div class=\"vc_column-inner\"><div class=\"wpb_wrapper\"><div class=\"w-iconbox iconpos_top style_default color_custom no_title no_text\"><div class=\"w-iconbox-icon\" style=\"color:#000000;\"><i class=\"material-icons\">school<\/i><\/div><\/div><div class=\"wpb_text_column \"><div class=\"wpb_wrapper\"><p>Docentes especializados en psicoterapia<\/p><\/div> <\/div> <\/div><\/div><\/div><div class=\"vc_col-sm-4 wpb_column vc_column_container\"><div class=\"vc_column-inner\"><div class=\"wpb_wrapper\"><div class=\"w-iconbox iconpos_top style_default color_custom no_title no_text\"><div class=\"w-iconbox-icon\" style=\"color:#000000;\"><i class=\"material-icons\">people_outline<\/i><\/div><\/div><div class=\"wpb_text_column \"><div class=\"wpb_wrapper\"><p>Grupos reducidos y metodolog\u00eda pr\u00e1cticas<\/p><\/div> <\/div> <\/div><\/div><\/div><\/div>[vc_empty_space height=\u00bb15px\u00bb]<div class=\"wpb_text_column \"><div class=\"wpb_wrapper\">\n<h4 class=\"color-blue\" style=\"text-align: center;\"><b>FORMACI\u00d3N MBT PARA ADULTOS<\/b><\/h4>\n<\/div> <\/div> <div class=\"g-cols wpb_row type_default valign_top vc_inner \"><div class=\"vc_col-sm-6 wpb_column vc_column_container\"><div class=\"vc_column-inner\"><div class=\"wpb_wrapper\"><div class=\"wpb_text_column \"><div class=\"wpb_wrapper\">\n<h2><strong>Relaci\u00f3n terap\u00e9utica y psicofarmacolog\u00eda<\/strong><\/h2>\n<\/div> <\/div> <div class=\"w-image\"><div class=\"us-frame\"><a href=\"https:\/\/www.fvb.cat\/wp-content\/uploads\/2026\/01\/Curso-Relacion-terapeutica-y-psicofarmacologia-1.pdf\" title=\"\" target=\"_blank\" rel=\"\"><img loading=\"lazy\" decoding=\"async\" width=\"454\" height=\"643\" src=\"https:\/\/www.fvb.cat\/wp-content\/uploads\/2026\/01\/Relacion_terapeutica_y_psicofamacologia.png\" class=\"attachment-large size-large\" alt=\"\" srcset=\"https:\/\/www.fvb.cat\/wp-content\/uploads\/2026\/01\/Relacion_terapeutica_y_psicofamacologia.png 454w, https:\/\/www.fvb.cat\/wp-content\/uploads\/2026\/01\/Relacion_terapeutica_y_psicofamacologia-212x300.png 212w, https:\/\/www.fvb.cat\/wp-content\/uploads\/2026\/01\/Relacion_terapeutica_y_psicofamacologia-320x453.png 320w\" sizes=\"(max-width: 454px) 100vw, 454px\" \/><\/a><\/div><\/div><div class=\"wpb_text_column \"><div class=\"wpb_wrapper\">\n<h6><strong>Docentes<\/strong><\/h6>\n<p>Jos\u00e9 Rib\u00e9 y Tali Vaimberg<\/p>\n<h6><strong>Calendario\u00a0<\/strong><\/h6>\n<p>9 y 16 de abril de 2026<\/p>\n<p>17:30 h a 21:00 h<\/p>\n<h6><strong>Precio\u00a0<\/strong><\/h6>\n<p>130 \u20ac<\/div> <\/div> <div class=\"w-btn-wrapper align_center\"><a class=\"w-btn style_outlined color_navy icon_none\" href=\"https:\/\/www.fvb.cat\/wp-content\/uploads\/2026\/01\/Curso-Relacion-terapeutica-y-psicofarmacologia-1.pdf\" target=\"_blank\"><span class=\"w-btn-label\">PROGRAMA<\/span><\/a><\/div><div class=\"wpb_text_column \"><div class=\"wpb_wrapper\"><p>Para inscribirte rellena el siguiente formulario indicando el nombre de la formaci\u00f3n. Te contactaremos para darte la informaci\u00f3n para formalizar la inscripci\u00f3n.<\/p><\/div> <\/div> <div class=\"w-form for_cform align_left\" id=\"us_form_14\">\n\t<form class=\"w-form-h\" autocomplete=\"off\" action=\"https:\/\/www.fvb.cat\/es\/wp-json\/wp\/v2\/pages\/17309\" method=\"post\">\n\t\t\t\t\t\t\t<div class=\"w-form-row for_name required\">\n\t<div class=\"w-form-row-label\">\n\t\t<label for=\"us_form_14_name\"><\/label>\n\t<\/div>\n\t<div class=\"w-form-row-field\">\n\t\t\t\t<input type=\"text\" name=\"name\" id=\"us_form_14_name\" value=\"\"\n\t\t\t   placeholder=\"Nombre *\" data-required=\"true\" aria-required=\"true\"\/>\n\t\t<span class=\"w-form-row-field-bar\"><\/span>\n\t\t\t<\/div>\n\t<div class=\"w-form-row-state\"><\/div>\n\t<\/div>\n\t\t\t\t\t<div class=\"w-form-row for_email required\">\n\t<div class=\"w-form-row-label\">\n\t\t<label for=\"us_form_14_email\"><\/label>\n\t<\/div>\n\t<div class=\"w-form-row-field\">\n\t\t\t\t<input type=\"email\" name=\"email\" id=\"us_form_14_email\" value=\"\"\n\t\t\t   placeholder=\"Correo electr\u00f3nico *\" data-required=\"true\" aria-required=\"true\"\/>\n\t\t<span class=\"w-form-row-field-bar\"><\/span>\n\t\t\t<\/div>\n\t<div class=\"w-form-row-state\"><\/div>\n\t<\/div>\n\t\t\t\t\t<div class=\"w-form-row for_phone\">\n\t<div class=\"w-form-row-label\">\n\t\t<label for=\"us_form_14_phone\"><\/label>\n\t<\/div>\n\t<div class=\"w-form-row-field\">\n\t\t\t\t<input type=\"text\" name=\"phone\" id=\"us_form_14_phone\" value=\"\"\n\t\t\t   placeholder=\"N\u00famero de tel\u00e9fono\"\/>\n\t\t<span class=\"w-form-row-field-bar\"><\/span>\n\t\t\t<\/div>\n\t<div class=\"w-form-row-state\"><\/div>\n\t<\/div>\n\t\t\t\t\t<div class=\"w-form-row for_message required\">\n\t<div class=\"w-form-row-label\">\n\t\t<label for=\"us_form_14_message\"><\/label>\n\t<\/div>\n\t<div class=\"w-form-row-field\">\n\t\t\t\t<textarea name=\"message\" id=\"us_form_14_message\" cols=\"30\" rows=\"10\" placeholder=\"Mensaje *\"\n\t\t\t data-required=\"true\" aria-required=\"true\"><\/textarea>\n\t\t<span class=\"w-form-row-field-bar\"><\/span>\n\t\t\t<\/div>\n\t<div class=\"w-form-row-state\"><\/div>\n\t<\/div>\n\t\t\t\t\t<input type=\"hidden\" name=\"action\" value=\"us_ajax_cform\" \/>\n\t\t\t\t\t<input type=\"hidden\" name=\"post_id\" value=\"17309\" \/>\n\t\t\t\t\t<input type=\"hidden\" name=\"form_index\" value=\"14\" \/>\n\t\t\t\t\t<div class=\"w-form-row for_submit\">\n\t<div class=\"w-form-row-field\">\n\t\t<button class=\"w-btn size_15px color_navy style_outlined\" type=\"submit\"><span class=\"g-preloader type_1\"><\/span><span class=\"w-btn-label\">INSCR\u00cdBETE<\/span><\/button>\n\t<\/div>\n<\/div>\n\t\t\t\t<div class=\"w-form-message\"><\/div>\n\t\t\t<\/form>\n\t\t\t<div class=\"w-form-json hidden\" onclick='return {&quot;ajaxurl&quot;:&quot;https:\\\/\\\/www.fvb.cat\\\/wp-admin\\\/admin-ajax.php&quot;,&quot;success&quot;:&quot;\\u00a1Gracias! Tu mensaje ha sido enviado correctamente.&quot;,&quot;errors&quot;:{&quot;name&quot;:&quot;Por favor, introduce tu nombre&quot;,&quot;email&quot;:&quot;Por favor, introduce tu direcci\\u00f3n de correo electr\\u00f3nico&quot;,&quot;phone&quot;:&quot;Por favor, introduce tu n\\u00famero de tel\\u00e9fono&quot;,&quot;message&quot;:&quot;Por favor, introduce un mensaje&quot;}}'><\/div>\n\t<\/div>\n<\/div><\/div><\/div><div class=\"vc_col-sm-6 wpb_column vc_column_container\"><div class=\"vc_column-inner\"><div class=\"wpb_wrapper\"><div class=\"wpb_text_column \"><div class=\"wpb_wrapper\">\n<h2><strong>Sectas y relaciones sectarias\u00a0<\/strong><\/h2>\n<\/div> <\/div> <div class=\"w-image\"><div class=\"us-frame\"><a href=\"https:\/\/www.fvb.cat\/wp-content\/uploads\/2026\/01\/SECTAS-Y-RELACIONES-SECTARIAS_CAST.pdf\" title=\"\" target=\"_blank\" rel=\"\"><img loading=\"lazy\" decoding=\"async\" width=\"724\" height=\"1024\" src=\"https:\/\/www.fvb.cat\/wp-content\/uploads\/2026\/01\/SECTAS-Y-RELACIONES-SECTARIAS_CAST.pdf-2-724x1024.jpg\" class=\"attachment-large size-large\" alt=\"\" srcset=\"https:\/\/www.fvb.cat\/wp-content\/uploads\/2026\/01\/SECTAS-Y-RELACIONES-SECTARIAS_CAST.pdf-2-724x1024.jpg 724w, https:\/\/www.fvb.cat\/wp-content\/uploads\/2026\/01\/SECTAS-Y-RELACIONES-SECTARIAS_CAST.pdf-2-212x300.jpg 212w, https:\/\/www.fvb.cat\/wp-content\/uploads\/2026\/01\/SECTAS-Y-RELACIONES-SECTARIAS_CAST.pdf-2-768x1086.jpg 768w, https:\/\/www.fvb.cat\/wp-content\/uploads\/2026\/01\/SECTAS-Y-RELACIONES-SECTARIAS_CAST.pdf-2-1086x1536.jpg 1086w, https:\/\/www.fvb.cat\/wp-content\/uploads\/2026\/01\/SECTAS-Y-RELACIONES-SECTARIAS_CAST.pdf-2-320x453.jpg 320w, https:\/\/www.fvb.cat\/wp-content\/uploads\/2026\/01\/SECTAS-Y-RELACIONES-SECTARIAS_CAST.pdf-2-480x679.jpg 480w, https:\/\/www.fvb.cat\/wp-content\/uploads\/2026\/01\/SECTAS-Y-RELACIONES-SECTARIAS_CAST.pdf-2-800x1132.jpg 800w, https:\/\/www.fvb.cat\/wp-content\/uploads\/2026\/01\/SECTAS-Y-RELACIONES-SECTARIAS_CAST.pdf-2-600x849.jpg 600w, https:\/\/www.fvb.cat\/wp-content\/uploads\/2026\/01\/SECTAS-Y-RELACIONES-SECTARIAS_CAST.pdf-2.jpg 1414w\" sizes=\"(max-width: 724px) 100vw, 724px\" \/><\/a><\/div><\/div><div class=\"wpb_text_column \"><div class=\"wpb_wrapper\">\n<h6><strong>Docente\u00a0<\/strong><\/h6>\n<p>Miguel Perlado<\/p>\n<h6><strong>Calendario\u00a0<\/strong><\/h6>\n<p>28 de mayo, 4 y 11 de junio de 2026<\/p>\n<p>17:00 h a 21:30 h<\/p>\n<h6><strong>Precio\u00a0<\/strong><\/h6>\n<p>265 \u20ac<\/div> <\/div> <div class=\"w-btn-wrapper align_center\"><a class=\"w-btn style_outlined color_navy icon_none\" href=\"https:\/\/www.fvb.cat\/wp-content\/uploads\/2026\/04\/programa-sectas-y-relaciones-sectarias.pdf\" target=\"_blank\"><span class=\"w-btn-label\">PROGRAMA<\/span><\/a><\/div><div class=\"wpb_text_column \"><div class=\"wpb_wrapper\"><p>Para inscribirte rellena el siguiente formulario indicando el nombre de la formaci\u00f3n. Te contactaremos para darte la informaci\u00f3n para formalizar la inscripci\u00f3n.<\/p><\/div> <\/div> <div class=\"w-form for_cform align_left\" id=\"us_form_15\">\n\t<form class=\"w-form-h\" autocomplete=\"off\" action=\"https:\/\/www.fvb.cat\/es\/wp-json\/wp\/v2\/pages\/17309\" method=\"post\">\n\t\t\t\t\t\t\t<div class=\"w-form-row for_name required\">\n\t<div class=\"w-form-row-label\">\n\t\t<label for=\"us_form_15_name\"><\/label>\n\t<\/div>\n\t<div class=\"w-form-row-field\">\n\t\t\t\t<input type=\"text\" name=\"name\" id=\"us_form_15_name\" value=\"\"\n\t\t\t   placeholder=\"Nombre *\" data-required=\"true\" aria-required=\"true\"\/>\n\t\t<span class=\"w-form-row-field-bar\"><\/span>\n\t\t\t<\/div>\n\t<div class=\"w-form-row-state\"><\/div>\n\t<\/div>\n\t\t\t\t\t<div class=\"w-form-row for_email required\">\n\t<div class=\"w-form-row-label\">\n\t\t<label for=\"us_form_15_email\"><\/label>\n\t<\/div>\n\t<div class=\"w-form-row-field\">\n\t\t\t\t<input type=\"email\" name=\"email\" id=\"us_form_15_email\" value=\"\"\n\t\t\t   placeholder=\"Correo electr\u00f3nico *\" data-required=\"true\" aria-required=\"true\"\/>\n\t\t<span class=\"w-form-row-field-bar\"><\/span>\n\t\t\t<\/div>\n\t<div class=\"w-form-row-state\"><\/div>\n\t<\/div>\n\t\t\t\t\t<div class=\"w-form-row for_phone\">\n\t<div class=\"w-form-row-label\">\n\t\t<label for=\"us_form_15_phone\"><\/label>\n\t<\/div>\n\t<div class=\"w-form-row-field\">\n\t\t\t\t<input type=\"text\" name=\"phone\" id=\"us_form_15_phone\" value=\"\"\n\t\t\t   placeholder=\"N\u00famero de tel\u00e9fono\"\/>\n\t\t<span class=\"w-form-row-field-bar\"><\/span>\n\t\t\t<\/div>\n\t<div class=\"w-form-row-state\"><\/div>\n\t<\/div>\n\t\t\t\t\t<div class=\"w-form-row for_message required\">\n\t<div class=\"w-form-row-label\">\n\t\t<label for=\"us_form_15_message\"><\/label>\n\t<\/div>\n\t<div class=\"w-form-row-field\">\n\t\t\t\t<textarea name=\"message\" id=\"us_form_15_message\" cols=\"30\" rows=\"10\" placeholder=\"Mensaje *\"\n\t\t\t data-required=\"true\" aria-required=\"true\"><\/textarea>\n\t\t<span class=\"w-form-row-field-bar\"><\/span>\n\t\t\t<\/div>\n\t<div class=\"w-form-row-state\"><\/div>\n\t<\/div>\n\t\t\t\t\t<input type=\"hidden\" name=\"action\" value=\"us_ajax_cform\" \/>\n\t\t\t\t\t<input type=\"hidden\" name=\"post_id\" value=\"17309\" \/>\n\t\t\t\t\t<input type=\"hidden\" name=\"form_index\" value=\"15\" \/>\n\t\t\t\t\t<div class=\"w-form-row for_submit\">\n\t<div class=\"w-form-row-field\">\n\t\t<button class=\"w-btn size_15px color_navy style_outlined\" type=\"submit\"><span class=\"g-preloader type_1\"><\/span><span class=\"w-btn-label\">INSCR\u00cdBETE<\/span><\/button>\n\t<\/div>\n<\/div>\n\t\t\t\t<div class=\"w-form-message\"><\/div>\n\t\t\t<\/form>\n\t\t\t<div class=\"w-form-json hidden\" onclick='return {&quot;ajaxurl&quot;:&quot;https:\\\/\\\/www.fvb.cat\\\/wp-admin\\\/admin-ajax.php&quot;,&quot;success&quot;:&quot;\\u00a1Gracias! Tu mensaje ha sido enviado correctamente.&quot;,&quot;errors&quot;:{&quot;name&quot;:&quot;Por favor, introduce tu nombre&quot;,&quot;email&quot;:&quot;Por favor, introduce tu direcci\\u00f3n de correo electr\\u00f3nico&quot;,&quot;phone&quot;:&quot;Por favor, introduce tu n\\u00famero de tel\\u00e9fono&quot;,&quot;message&quot;:&quot;Por favor, introduce un mensaje&quot;}}'><\/div>\n\t<\/div>\n<\/div><\/div><\/div><\/div><div class=\"g-cols wpb_row type_default valign_top vc_inner \"><div class=\"vc_col-sm-6 wpb_column vc_column_container\"><div class=\"vc_column-inner\"><div class=\"wpb_wrapper\"><div class=\"wpb_text_column \"><div class=\"wpb_wrapper\">\n<h2><strong>Valoraci\u00f3n del funcionamiento reflexivo parental en la parent developement interview (PDI)<\/strong><\/h2>\n<\/div> <\/div> <div class=\"w-image\"><div class=\"us-frame\"><a href=\"https:\/\/www.fvb.cat\/wp-content\/uploads\/2026\/03\/formacion-PDI.pdf\" title=\"\" target=\"_blank\" rel=\"\"><img loading=\"lazy\" decoding=\"async\" width=\"724\" height=\"1024\" src=\"https:\/\/www.fvb.cat\/wp-content\/uploads\/2026\/03\/formacion-PDI.pdf-724x1024.jpg\" class=\"attachment-large size-large\" alt=\"\" srcset=\"https:\/\/www.fvb.cat\/wp-content\/uploads\/2026\/03\/formacion-PDI.pdf-724x1024.jpg 724w, https:\/\/www.fvb.cat\/wp-content\/uploads\/2026\/03\/formacion-PDI.pdf-212x300.jpg 212w, https:\/\/www.fvb.cat\/wp-content\/uploads\/2026\/03\/formacion-PDI.pdf-768x1086.jpg 768w, https:\/\/www.fvb.cat\/wp-content\/uploads\/2026\/03\/formacion-PDI.pdf-1086x1536.jpg 1086w, https:\/\/www.fvb.cat\/wp-content\/uploads\/2026\/03\/formacion-PDI.pdf-320x453.jpg 320w, https:\/\/www.fvb.cat\/wp-content\/uploads\/2026\/03\/formacion-PDI.pdf-480x679.jpg 480w, https:\/\/www.fvb.cat\/wp-content\/uploads\/2026\/03\/formacion-PDI.pdf-800x1132.jpg 800w, https:\/\/www.fvb.cat\/wp-content\/uploads\/2026\/03\/formacion-PDI.pdf-600x849.jpg 600w, https:\/\/www.fvb.cat\/wp-content\/uploads\/2026\/03\/formacion-PDI.pdf.jpg 1414w\" sizes=\"(max-width: 724px) 100vw, 724px\" \/><\/a><\/div><\/div><div class=\"wpb_text_column \"><div class=\"wpb_wrapper\">\n<h6><strong>Docente\u00a0<\/strong><\/h6>\n<p>Marta Golan\u00f3<\/p>\n<h6><strong>Calendario\u00a0<\/strong><\/h6>\n<p>8, 9 y 10 de julio de 2026<\/p>\n<p>9:00 h a 17:00 h<\/p>\n<h6><strong>Precio\u00a0<\/strong><\/h6>\n<p>600 \u20ac<\/div> <\/div> <div class=\"w-btn-wrapper align_center\"><a class=\"w-btn style_outlined color_navy icon_none\" href=\"https:\/\/www.fvb.cat\/wp-content\/uploads\/2026\/03\/formacion-PDI.pdf\" target=\"_blank\"><span class=\"w-btn-label\">PROGRAMA<\/span><\/a><\/div><div class=\"wpb_text_column \"><div class=\"wpb_wrapper\"><p>Para inscribirte rellena el siguiente formulario indicando el nombre de la formaci\u00f3n. Te contactaremos para darte la informaci\u00f3n para formalizar la inscripci\u00f3n.<\/p><\/div> <\/div> <div class=\"w-form for_cform align_left\" id=\"us_form_16\">\n\t<form class=\"w-form-h\" autocomplete=\"off\" action=\"https:\/\/www.fvb.cat\/es\/wp-json\/wp\/v2\/pages\/17309\" method=\"post\">\n\t\t\t\t\t\t\t<div class=\"w-form-row for_name required\">\n\t<div class=\"w-form-row-label\">\n\t\t<label for=\"us_form_16_name\"><\/label>\n\t<\/div>\n\t<div class=\"w-form-row-field\">\n\t\t\t\t<input type=\"text\" name=\"name\" id=\"us_form_16_name\" value=\"\"\n\t\t\t   placeholder=\"Nombre *\" data-required=\"true\" aria-required=\"true\"\/>\n\t\t<span class=\"w-form-row-field-bar\"><\/span>\n\t\t\t<\/div>\n\t<div class=\"w-form-row-state\"><\/div>\n\t<\/div>\n\t\t\t\t\t<div class=\"w-form-row for_email required\">\n\t<div class=\"w-form-row-label\">\n\t\t<label for=\"us_form_16_email\"><\/label>\n\t<\/div>\n\t<div class=\"w-form-row-field\">\n\t\t\t\t<input type=\"email\" name=\"email\" id=\"us_form_16_email\" value=\"\"\n\t\t\t   placeholder=\"Correo electr\u00f3nico *\" data-required=\"true\" aria-required=\"true\"\/>\n\t\t<span class=\"w-form-row-field-bar\"><\/span>\n\t\t\t<\/div>\n\t<div class=\"w-form-row-state\"><\/div>\n\t<\/div>\n\t\t\t\t\t<div class=\"w-form-row for_phone\">\n\t<div class=\"w-form-row-label\">\n\t\t<label for=\"us_form_16_phone\"><\/label>\n\t<\/div>\n\t<div class=\"w-form-row-field\">\n\t\t\t\t<input type=\"text\" name=\"phone\" id=\"us_form_16_phone\" value=\"\"\n\t\t\t   placeholder=\"N\u00famero de tel\u00e9fono\"\/>\n\t\t<span class=\"w-form-row-field-bar\"><\/span>\n\t\t\t<\/div>\n\t<div class=\"w-form-row-state\"><\/div>\n\t<\/div>\n\t\t\t\t\t<div class=\"w-form-row for_message required\">\n\t<div class=\"w-form-row-label\">\n\t\t<label for=\"us_form_16_message\"><\/label>\n\t<\/div>\n\t<div class=\"w-form-row-field\">\n\t\t\t\t<textarea name=\"message\" id=\"us_form_16_message\" cols=\"30\" rows=\"10\" placeholder=\"Mensaje *\"\n\t\t\t data-required=\"true\" aria-required=\"true\"><\/textarea>\n\t\t<span class=\"w-form-row-field-bar\"><\/span>\n\t\t\t<\/div>\n\t<div class=\"w-form-row-state\"><\/div>\n\t<\/div>\n\t\t\t\t\t<input type=\"hidden\" name=\"action\" value=\"us_ajax_cform\" \/>\n\t\t\t\t\t<input type=\"hidden\" name=\"post_id\" value=\"17309\" \/>\n\t\t\t\t\t<input type=\"hidden\" name=\"form_index\" value=\"16\" \/>\n\t\t\t\t\t<div class=\"w-form-row for_submit\">\n\t<div class=\"w-form-row-field\">\n\t\t<button class=\"w-btn size_15px color_navy style_outlined\" type=\"submit\"><span class=\"g-preloader type_1\"><\/span><span class=\"w-btn-label\">INSCR\u00cdBETE<\/span><\/button>\n\t<\/div>\n<\/div>\n\t\t\t\t<div class=\"w-form-message\"><\/div>\n\t\t\t<\/form>\n\t\t\t<div class=\"w-form-json hidden\" onclick='return {&quot;ajaxurl&quot;:&quot;https:\\\/\\\/www.fvb.cat\\\/wp-admin\\\/admin-ajax.php&quot;,&quot;success&quot;:&quot;\\u00a1Gracias! Tu mensaje ha sido enviado correctamente.&quot;,&quot;errors&quot;:{&quot;name&quot;:&quot;Por favor, introduce tu nombre&quot;,&quot;email&quot;:&quot;Por favor, introduce tu direcci\\u00f3n de correo electr\\u00f3nico&quot;,&quot;phone&quot;:&quot;Por favor, introduce tu n\\u00famero de tel\\u00e9fono&quot;,&quot;message&quot;:&quot;Por favor, introduce un mensaje&quot;}}'><\/div>\n\t<\/div>\n<\/div><\/div><\/div><div class=\"vc_col-sm-6 wpb_column vc_column_container\"><div class=\"vc_column-inner\"><div class=\"wpb_wrapper\"><\/div><\/div><\/div><\/div>[vc_empty_space height=\u00bb15px\u00bb]<div class=\"w-separator type_default size_medium thick_5 style_solid color_border cont_none\"><span class=\"w-separator-h\"><\/span><\/div><div class=\"g-cols wpb_row type_default valign_top vc_inner \"><div class=\"vc_col-sm-12 wpb_column vc_column_container\"><div class=\"vc_column-inner\"><div class=\"wpb_wrapper\"><div class=\"wpb_text_column \"><div class=\"wpb_wrapper\">\n<h4 class=\"color-blue\" style=\"text-align: center;\"><b>FORMACI\u00d3N CONTINUADA EN PSICOTERAPIA<\/b><\/h4>\n<\/div> <\/div> <\/div><\/div><\/div><\/div>[vc_empty_space height=\u00bb35px\u00bb]<div class=\"g-cols wpb_row type_default valign_top vc_inner \"><div class=\"vc_col-sm-4 wpb_column vc_column_container\"><div class=\"vc_column-inner\"><div class=\"wpb_wrapper\"><div class=\"wpb_text_column \"><div class=\"wpb_wrapper\">\n<h4 style=\"text-align: center;\"><strong>De la evaluaci\u00f3n a la investigaci\u00f3n en psicoterapia de orientaci\u00f3n psicoanal\u00edtica<\/strong><\/h4>\n<\/div> <\/div> [vc_empty_space height=\u00bb35px\u00bb]<div class=\"wpb_text_column \"><div class=\"wpb_wrapper\">\n<h6><strong>PRESENTACI\u00d3N\u00a0<\/strong><\/h6>\n<p>Este seminario tiene como objetivo la reflexi\u00f3n y el an\u00e1lisis de la necesidad de implementar instrumentos de investigaci\u00f3n en la pr\u00e1ctica de la psicoterapia como m\u00e9todo para la mejora y optimizaci\u00f3n de los recursos utilizados.<\/p>\n<h6><strong>DOCENTE\u00a0<\/strong><\/h6>\n<p>Jordi Artigue<\/p>\n<h6><strong>CALENDARIO<\/strong><\/h6>\n<p>29 enero<\/p>\n<p>5, 12, 19 y 26 de febrero<\/p>\n<p>5, 12, 19 y 26 de marzo<\/p>\n<p>9 de abril<\/p>\n<h6><strong>PRECIO<\/strong><\/h6>\n<p>440\u20ac<\/div> <\/div> <div class=\"w-btn-wrapper align_center\"><a class=\"w-btn style_outlined color_navy icon_none\" href=\"https:\/\/www.fvb.cat\/wp-content\/uploads\/2025\/11\/FCP_DE2.pdf\" target=\"_blank\"><span class=\"w-btn-label\">PROGRAMA<\/span><\/a><\/div><div class=\"wpb_text_column \"><div class=\"wpb_wrapper\"><p>Para inscribirte rellena el siguiente formulario indicando el nombre de la formaci\u00f3n. Te contactaremos para darte la informaci\u00f3n para formalizar la inscripci\u00f3n.<\/p><\/div> <\/div> <div class=\"w-form for_cform align_left\" id=\"us_form_17\">\n\t<form class=\"w-form-h\" autocomplete=\"off\" action=\"https:\/\/www.fvb.cat\/es\/wp-json\/wp\/v2\/pages\/17309\" method=\"post\">\n\t\t\t\t\t\t\t<div class=\"w-form-row for_name required\">\n\t<div class=\"w-form-row-label\">\n\t\t<label for=\"us_form_17_name\"><\/label>\n\t<\/div>\n\t<div class=\"w-form-row-field\">\n\t\t\t\t<input type=\"text\" name=\"name\" id=\"us_form_17_name\" value=\"\"\n\t\t\t   placeholder=\"Nombre *\" data-required=\"true\" aria-required=\"true\"\/>\n\t\t<span class=\"w-form-row-field-bar\"><\/span>\n\t\t\t<\/div>\n\t<div class=\"w-form-row-state\"><\/div>\n\t<\/div>\n\t\t\t\t\t<div class=\"w-form-row for_email required\">\n\t<div class=\"w-form-row-label\">\n\t\t<label for=\"us_form_17_email\"><\/label>\n\t<\/div>\n\t<div class=\"w-form-row-field\">\n\t\t\t\t<input type=\"email\" name=\"email\" id=\"us_form_17_email\" value=\"\"\n\t\t\t   placeholder=\"Correo electr\u00f3nico *\" data-required=\"true\" aria-required=\"true\"\/>\n\t\t<span class=\"w-form-row-field-bar\"><\/span>\n\t\t\t<\/div>\n\t<div class=\"w-form-row-state\"><\/div>\n\t<\/div>\n\t\t\t\t\t<div class=\"w-form-row for_phone\">\n\t<div class=\"w-form-row-label\">\n\t\t<label for=\"us_form_17_phone\"><\/label>\n\t<\/div>\n\t<div class=\"w-form-row-field\">\n\t\t\t\t<input type=\"text\" name=\"phone\" id=\"us_form_17_phone\" value=\"\"\n\t\t\t   placeholder=\"N\u00famero de tel\u00e9fono\"\/>\n\t\t<span class=\"w-form-row-field-bar\"><\/span>\n\t\t\t<\/div>\n\t<div class=\"w-form-row-state\"><\/div>\n\t<\/div>\n\t\t\t\t\t<div class=\"w-form-row for_message required\">\n\t<div class=\"w-form-row-label\">\n\t\t<label for=\"us_form_17_message\"><\/label>\n\t<\/div>\n\t<div class=\"w-form-row-field\">\n\t\t\t\t<textarea name=\"message\" id=\"us_form_17_message\" cols=\"30\" rows=\"10\" placeholder=\"Mensaje *\"\n\t\t\t data-required=\"true\" aria-required=\"true\"><\/textarea>\n\t\t<span class=\"w-form-row-field-bar\"><\/span>\n\t\t\t<\/div>\n\t<div class=\"w-form-row-state\"><\/div>\n\t<\/div>\n\t\t\t\t\t<input type=\"hidden\" name=\"action\" value=\"us_ajax_cform\" \/>\n\t\t\t\t\t<input type=\"hidden\" name=\"post_id\" value=\"17309\" \/>\n\t\t\t\t\t<input type=\"hidden\" name=\"form_index\" value=\"17\" \/>\n\t\t\t\t\t<div class=\"w-form-row for_submit\">\n\t<div class=\"w-form-row-field\">\n\t\t<button class=\"w-btn size_15px color_navy style_outlined\" type=\"submit\"><span class=\"g-preloader type_1\"><\/span><span class=\"w-btn-label\">INSCR\u00cdBETE<\/span><\/button>\n\t<\/div>\n<\/div>\n\t\t\t\t<div class=\"w-form-message\"><\/div>\n\t\t\t<\/form>\n\t\t\t<div class=\"w-form-json hidden\" onclick='return {&quot;ajaxurl&quot;:&quot;https:\\\/\\\/www.fvb.cat\\\/wp-admin\\\/admin-ajax.php&quot;,&quot;success&quot;:&quot;\\u00a1Gracias! Tu mensaje ha sido enviado correctamente.&quot;,&quot;errors&quot;:{&quot;name&quot;:&quot;Por favor, introduce tu nombre&quot;,&quot;email&quot;:&quot;Por favor, introduce tu direcci\\u00f3n de correo electr\\u00f3nico&quot;,&quot;phone&quot;:&quot;Por favor, introduce tu n\\u00famero de tel\\u00e9fono&quot;,&quot;message&quot;:&quot;Por favor, introduce un mensaje&quot;}}'><\/div>\n\t<\/div>\n<\/div><\/div><\/div><div class=\"vc_col-sm-4 wpb_column vc_column_container\"><div class=\"vc_column-inner\"><div class=\"wpb_wrapper\"><div class=\"wpb_text_column \"><div class=\"wpb_wrapper\">\n<h4 style=\"text-align: center;\"><strong>Introducci\u00f3n a la psicopatolog\u00eda basada en la relaci\u00f3n<\/strong><\/h4>\n<\/div> <\/div> [vc_empty_space height=\u00bb35px\u00bb]<div class=\"wpb_text_column  vc_custom_1754307498775\"><div class=\"wpb_wrapper\">\n<h6><strong>PRESENTACI\u00d3N<\/strong><\/h6>\n<p>Esta formaci\u00f3n se inicia desde una perspectiva psicoanal\u00edtica de las neurociencias y des la psico(pato)log\u00eda del desarrollo, se trata de introducir al estudio de las formas de relaci\u00f3n que pueden dar lugar a esas organizaciones psicopatol\u00f3gicas b\u00e1sicas.<\/p>\n<p>Tambi\u00e9n se acercar\u00e1 a la psicog\u00e9nesis y a la g\u00e9nesis biopsicosocial de por qu\u00e9 esos modelos relacionales se hacen predominantes en algunas personas, as\u00ed como a las orientaciones b\u00e1sicas para sus cuidados.<\/p>\n<h6><strong>DOCENTE<\/strong><\/h6>\n<p>Jorge L. Tiz\u00f3n<\/p>\n<h6><strong>CALENDARIO<\/strong><\/h6>\n<p>18 y 25 de septiembre<\/p>\n<p>2, 9, 16, 23 y 30 de octubre<\/p>\n<h6><strong>PRECIO<\/strong><\/h6>\n<p>660\u20ac<\/div> <\/div> <div class=\"w-btn-wrapper align_center\"><a class=\"w-btn style_outlined color_navy icon_none\" href=\"https:\/\/www.fvb.cat\/wp-content\/uploads\/2025\/08\/CAT_Introduccio-a-la-psicopatologia-basada-en-la-relacio.pdf\" target=\"_blank\"><span class=\"w-btn-label\">PROGRAMA<\/span><\/a><\/div><div class=\"wpb_text_column \"><div class=\"wpb_wrapper\"><p>Para inscribirte rellena el siguiente formulario indicando el nombre de la formaci\u00f3n. Te contactaremos para darte la informaci\u00f3n para formalizar la inscripci\u00f3n.<\/p><\/div> <\/div> <div class=\"w-form for_cform align_left\" id=\"us_form_18\">\n\t<form class=\"w-form-h\" autocomplete=\"off\" action=\"https:\/\/www.fvb.cat\/es\/wp-json\/wp\/v2\/pages\/17309\" method=\"post\">\n\t\t\t\t\t\t\t<div class=\"w-form-row for_name required\">\n\t<div class=\"w-form-row-label\">\n\t\t<label for=\"us_form_18_name\"><\/label>\n\t<\/div>\n\t<div class=\"w-form-row-field\">\n\t\t\t\t<input type=\"text\" name=\"name\" id=\"us_form_18_name\" value=\"\"\n\t\t\t   placeholder=\"Nombre *\" data-required=\"true\" aria-required=\"true\"\/>\n\t\t<span class=\"w-form-row-field-bar\"><\/span>\n\t\t\t<\/div>\n\t<div class=\"w-form-row-state\"><\/div>\n\t<\/div>\n\t\t\t\t\t<div class=\"w-form-row for_email required\">\n\t<div class=\"w-form-row-label\">\n\t\t<label for=\"us_form_18_email\"><\/label>\n\t<\/div>\n\t<div class=\"w-form-row-field\">\n\t\t\t\t<input type=\"email\" name=\"email\" id=\"us_form_18_email\" value=\"\"\n\t\t\t   placeholder=\"Correo electr\u00f3nico *\" data-required=\"true\" aria-required=\"true\"\/>\n\t\t<span class=\"w-form-row-field-bar\"><\/span>\n\t\t\t<\/div>\n\t<div class=\"w-form-row-state\"><\/div>\n\t<\/div>\n\t\t\t\t\t<div class=\"w-form-row for_phone\">\n\t<div class=\"w-form-row-label\">\n\t\t<label for=\"us_form_18_phone\"><\/label>\n\t<\/div>\n\t<div class=\"w-form-row-field\">\n\t\t\t\t<input type=\"text\" name=\"phone\" id=\"us_form_18_phone\" value=\"\"\n\t\t\t   placeholder=\"N\u00famero de tel\u00e9fono\"\/>\n\t\t<span class=\"w-form-row-field-bar\"><\/span>\n\t\t\t<\/div>\n\t<div class=\"w-form-row-state\"><\/div>\n\t<\/div>\n\t\t\t\t\t<div class=\"w-form-row for_message required\">\n\t<div class=\"w-form-row-label\">\n\t\t<label for=\"us_form_18_message\"><\/label>\n\t<\/div>\n\t<div class=\"w-form-row-field\">\n\t\t\t\t<textarea name=\"message\" id=\"us_form_18_message\" cols=\"30\" rows=\"10\" placeholder=\"Mensaje *\"\n\t\t\t data-required=\"true\" aria-required=\"true\"><\/textarea>\n\t\t<span class=\"w-form-row-field-bar\"><\/span>\n\t\t\t<\/div>\n\t<div class=\"w-form-row-state\"><\/div>\n\t<\/div>\n\t\t\t\t\t<input type=\"hidden\" name=\"action\" value=\"us_ajax_cform\" \/>\n\t\t\t\t\t<input type=\"hidden\" name=\"post_id\" value=\"17309\" \/>\n\t\t\t\t\t<input type=\"hidden\" name=\"form_index\" value=\"18\" \/>\n\t\t\t\t\t<div class=\"w-form-row for_submit\">\n\t<div class=\"w-form-row-field\">\n\t\t<button class=\"w-btn size_15px color_navy style_outlined\" type=\"submit\"><span class=\"g-preloader type_1\"><\/span><span class=\"w-btn-label\">INSCR\u00cdBETE<\/span><\/button>\n\t<\/div>\n<\/div>\n\t\t\t\t<div class=\"w-form-message\"><\/div>\n\t\t\t<\/form>\n\t\t\t<div class=\"w-form-json hidden\" onclick='return {&quot;ajaxurl&quot;:&quot;https:\\\/\\\/www.fvb.cat\\\/wp-admin\\\/admin-ajax.php&quot;,&quot;success&quot;:&quot;\\u00a1Gracias! Tu mensaje ha sido enviado correctamente.&quot;,&quot;errors&quot;:{&quot;name&quot;:&quot;Por favor, introduce tu nombre&quot;,&quot;email&quot;:&quot;Por favor, introduce tu direcci\\u00f3n de correo electr\\u00f3nico&quot;,&quot;phone&quot;:&quot;Por favor, introduce tu n\\u00famero de tel\\u00e9fono&quot;,&quot;message&quot;:&quot;Por favor, introduce un mensaje&quot;}}'><\/div>\n\t<\/div>\n<\/div><\/div><\/div><div class=\"vc_col-sm-4 wpb_column vc_column_container\"><div class=\"vc_column-inner\"><div class=\"wpb_wrapper\"><div class=\"wpb_text_column \"><div class=\"wpb_wrapper\">\n<h4 style=\"text-align: center;\"><strong>Conceptos fundamentales de la psicoterapia psicoanal\u00edtica<\/strong><\/h4>\n<\/div> <\/div> [vc_empty_space height=\u00bb35px\u00bb]<div class=\"wpb_text_column  vc_custom_1754306310834\"><div class=\"wpb_wrapper\">\n<h6><strong>PRESENTACI\u00d3N\u00a0<\/strong><\/h6>\n<p>Se revisar\u00e1n los conceptos b\u00e1sicos de la teor\u00eda y t\u00e9cnica psicodin\u00e1mica, para poder comprender y utilizar las herramientas t\u00e9cnicas psicoanal\u00edticas de la manera m\u00e1s ajustada y rigurosa.<\/p>\n<h6><strong>DOCENTE<\/strong><\/h6>\n<p>Ramon Riera<\/p>\n<h6><strong>CALENDARIO<\/strong><\/h6>\n<p>16, 23 i 30 de septiembre<\/p>\n<p>7, 14, 21 y 28 de octubre<\/p>\n<p>4, 11 y 18 de noviembre<\/p>\n<h6><strong>PRECIO<\/strong><\/h6>\n<p>440\u20ac<\/div> <\/div> <div class=\"w-btn-wrapper align_center\"><a class=\"w-btn style_outlined color_navy icon_none\" href=\"https:\/\/www.fvb.cat\/wp-content\/uploads\/2025\/08\/CAST_Conceptos-fundamentales-de-la-psicoterapia-psicodinamica.pdf\" target=\"_blank\"><span class=\"w-btn-label\">PROGRAMA<\/span><\/a><\/div><div class=\"wpb_text_column \"><div class=\"wpb_wrapper\"><p>Para inscribirte rellena el siguiente formulario indicando el nombre de la formaci\u00f3n. Te contactaremos para darte la informaci\u00f3n para formalizar la inscripci\u00f3n.<\/p><\/div> <\/div> <div class=\"w-form for_cform align_left\" id=\"us_form_19\">\n\t<form class=\"w-form-h\" autocomplete=\"off\" action=\"https:\/\/www.fvb.cat\/es\/wp-json\/wp\/v2\/pages\/17309\" method=\"post\">\n\t\t\t\t\t\t\t<div class=\"w-form-row for_name required\">\n\t<div class=\"w-form-row-label\">\n\t\t<label for=\"us_form_19_name\"><\/label>\n\t<\/div>\n\t<div class=\"w-form-row-field\">\n\t\t\t\t<input type=\"text\" name=\"name\" id=\"us_form_19_name\" value=\"\"\n\t\t\t   placeholder=\"Nombre *\" data-required=\"true\" aria-required=\"true\"\/>\n\t\t<span class=\"w-form-row-field-bar\"><\/span>\n\t\t\t<\/div>\n\t<div class=\"w-form-row-state\"><\/div>\n\t<\/div>\n\t\t\t\t\t<div class=\"w-form-row for_email required\">\n\t<div class=\"w-form-row-label\">\n\t\t<label for=\"us_form_19_email\"><\/label>\n\t<\/div>\n\t<div class=\"w-form-row-field\">\n\t\t\t\t<input type=\"email\" name=\"email\" id=\"us_form_19_email\" value=\"\"\n\t\t\t   placeholder=\"Correo electr\u00f3nico *\" data-required=\"true\" aria-required=\"true\"\/>\n\t\t<span class=\"w-form-row-field-bar\"><\/span>\n\t\t\t<\/div>\n\t<div class=\"w-form-row-state\"><\/div>\n\t<\/div>\n\t\t\t\t\t<div class=\"w-form-row for_phone\">\n\t<div class=\"w-form-row-label\">\n\t\t<label for=\"us_form_19_phone\"><\/label>\n\t<\/div>\n\t<div class=\"w-form-row-field\">\n\t\t\t\t<input type=\"text\" name=\"phone\" id=\"us_form_19_phone\" value=\"\"\n\t\t\t   placeholder=\"N\u00famero de tel\u00e9fono\"\/>\n\t\t<span class=\"w-form-row-field-bar\"><\/span>\n\t\t\t<\/div>\n\t<div class=\"w-form-row-state\"><\/div>\n\t<\/div>\n\t\t\t\t\t<div class=\"w-form-row for_message required\">\n\t<div class=\"w-form-row-label\">\n\t\t<label for=\"us_form_19_message\"><\/label>\n\t<\/div>\n\t<div class=\"w-form-row-field\">\n\t\t\t\t<textarea name=\"message\" id=\"us_form_19_message\" cols=\"30\" rows=\"10\" placeholder=\"Mensaje *\"\n\t\t\t data-required=\"true\" aria-required=\"true\"><\/textarea>\n\t\t<span class=\"w-form-row-field-bar\"><\/span>\n\t\t\t<\/div>\n\t<div class=\"w-form-row-state\"><\/div>\n\t<\/div>\n\t\t\t\t\t<input type=\"hidden\" name=\"action\" value=\"us_ajax_cform\" \/>\n\t\t\t\t\t<input type=\"hidden\" name=\"post_id\" value=\"17309\" \/>\n\t\t\t\t\t<input type=\"hidden\" name=\"form_index\" value=\"19\" \/>\n\t\t\t\t\t<div class=\"w-form-row for_submit\">\n\t<div class=\"w-form-row-field\">\n\t\t<button class=\"w-btn size_15px color_navy style_outlined\" type=\"submit\"><span class=\"g-preloader type_1\"><\/span><span class=\"w-btn-label\">INSCR\u00cdBETE<\/span><\/button>\n\t<\/div>\n<\/div>\n\t\t\t\t<div class=\"w-form-message\"><\/div>\n\t\t\t<\/form>\n\t\t\t<div class=\"w-form-json hidden\" onclick='return {&quot;ajaxurl&quot;:&quot;https:\\\/\\\/www.fvb.cat\\\/wp-admin\\\/admin-ajax.php&quot;,&quot;success&quot;:&quot;\\u00a1Gracias! Tu mensaje ha sido enviado correctamente.&quot;,&quot;errors&quot;:{&quot;name&quot;:&quot;Por favor, introduce tu nombre&quot;,&quot;email&quot;:&quot;Por favor, introduce tu direcci\\u00f3n de correo electr\\u00f3nico&quot;,&quot;phone&quot;:&quot;Por favor, introduce tu n\\u00famero de tel\\u00e9fono&quot;,&quot;message&quot;:&quot;Por favor, introduce un mensaje&quot;}}'><\/div>\n\t<\/div>\n<\/div><\/div><\/div><\/div>[vc_empty_space height=\u00bb35px\u00bb]<div class=\"g-cols wpb_row type_default valign_top vc_inner \"><div class=\"vc_col-sm-4 wpb_column vc_column_container\"><div class=\"vc_column-inner\"><div class=\"wpb_wrapper\"><div class=\"wpb_text_column \"><div class=\"wpb_wrapper\">\n<h4 style=\"text-align: center;\"><strong>Introducci\u00f3n al Tratamiento Basado en la Mentalizaci\u00f3n &#8211; MBT<\/strong><\/h4>\n<\/div> <\/div> [vc_empty_space height=\u00bb35px\u00bb]<div class=\"wpb_text_column  vc_custom_1754307967304\"><div class=\"wpb_wrapper\">\n<h6><strong>PRESENTACI\u00d3N\u00a0<\/strong><\/h6>\n<p>Se trata de una introducci\u00f3n al tratamiento basado en la mentalizaci\u00f3n desarrollada al Anna Freud Centre de Londres por Peter Fonagy y colaboradores. Se ofrecer\u00e1n tambi\u00e9n, una introducci\u00f3n al modelo AMBIT, dise\u00f1ado para ofrecer herramientas a equipos que trabajan con poblaci\u00f3n de alta complejidad.<\/p>\n<h6><strong>DOCENTE<\/strong><\/h6>\n<p>Mark Dangerfield<\/p>\n<h6><strong>CALENDARIO<\/strong><\/h6>\n<p>25 de noviembre<\/p>\n<p>2, 9 y 16 de diciembre<\/p>\n<p>13, 20 y 27 de enero<\/p>\n<p>3, 10 y 17 de febrero<\/p>\n<h6><strong>PRECIO<\/strong><\/h6>\n<p>440\u20ac<\/div> <\/div> <div class=\"w-btn-wrapper align_center\"><a class=\"w-btn style_outlined color_navy icon_none\" href=\"https:\/\/www.fvb.cat\/wp-content\/uploads\/2025\/09\/CAST_-Introduccion-al-Tratamiento-Basado-en-la-Mentalizacion-MBT.pdf\" target=\"_blank\"><span class=\"w-btn-label\">PROGRAMA<\/span><\/a><\/div><div class=\"wpb_text_column \"><div class=\"wpb_wrapper\"><p>Para inscribirte rellena el siguiente formulario indicando el nombre de la formaci\u00f3n. Te contactaremos para darte la informaci\u00f3n para formalizar la inscripci\u00f3n.<\/p><\/div> <\/div> <div class=\"w-form for_cform align_left\" id=\"us_form_20\">\n\t<form class=\"w-form-h\" autocomplete=\"off\" action=\"https:\/\/www.fvb.cat\/es\/wp-json\/wp\/v2\/pages\/17309\" method=\"post\">\n\t\t\t\t\t\t\t<div class=\"w-form-row for_name required\">\n\t<div class=\"w-form-row-label\">\n\t\t<label for=\"us_form_20_name\"><\/label>\n\t<\/div>\n\t<div class=\"w-form-row-field\">\n\t\t\t\t<input type=\"text\" name=\"name\" id=\"us_form_20_name\" value=\"\"\n\t\t\t   placeholder=\"Nombre *\" data-required=\"true\" aria-required=\"true\"\/>\n\t\t<span class=\"w-form-row-field-bar\"><\/span>\n\t\t\t<\/div>\n\t<div class=\"w-form-row-state\"><\/div>\n\t<\/div>\n\t\t\t\t\t<div class=\"w-form-row for_email required\">\n\t<div class=\"w-form-row-label\">\n\t\t<label for=\"us_form_20_email\"><\/label>\n\t<\/div>\n\t<div class=\"w-form-row-field\">\n\t\t\t\t<input type=\"email\" name=\"email\" id=\"us_form_20_email\" value=\"\"\n\t\t\t   placeholder=\"Correo electr\u00f3nico *\" data-required=\"true\" aria-required=\"true\"\/>\n\t\t<span class=\"w-form-row-field-bar\"><\/span>\n\t\t\t<\/div>\n\t<div class=\"w-form-row-state\"><\/div>\n\t<\/div>\n\t\t\t\t\t<div class=\"w-form-row for_phone\">\n\t<div class=\"w-form-row-label\">\n\t\t<label for=\"us_form_20_phone\"><\/label>\n\t<\/div>\n\t<div class=\"w-form-row-field\">\n\t\t\t\t<input type=\"text\" name=\"phone\" id=\"us_form_20_phone\" value=\"\"\n\t\t\t   placeholder=\"N\u00famero de tel\u00e9fono\"\/>\n\t\t<span class=\"w-form-row-field-bar\"><\/span>\n\t\t\t<\/div>\n\t<div class=\"w-form-row-state\"><\/div>\n\t<\/div>\n\t\t\t\t\t<div class=\"w-form-row for_message required\">\n\t<div class=\"w-form-row-label\">\n\t\t<label for=\"us_form_20_message\"><\/label>\n\t<\/div>\n\t<div class=\"w-form-row-field\">\n\t\t\t\t<textarea name=\"message\" id=\"us_form_20_message\" cols=\"30\" rows=\"10\" placeholder=\"Mensaje *\"\n\t\t\t data-required=\"true\" aria-required=\"true\"><\/textarea>\n\t\t<span class=\"w-form-row-field-bar\"><\/span>\n\t\t\t<\/div>\n\t<div class=\"w-form-row-state\"><\/div>\n\t<\/div>\n\t\t\t\t\t<input type=\"hidden\" name=\"action\" value=\"us_ajax_cform\" \/>\n\t\t\t\t\t<input type=\"hidden\" name=\"post_id\" value=\"17309\" \/>\n\t\t\t\t\t<input type=\"hidden\" name=\"form_index\" value=\"20\" \/>\n\t\t\t\t\t<div class=\"w-form-row for_submit\">\n\t<div class=\"w-form-row-field\">\n\t\t<button class=\"w-btn size_15px color_navy style_outlined\" type=\"submit\"><span class=\"g-preloader type_1\"><\/span><span class=\"w-btn-label\">INSCR\u00cdBETE<\/span><\/button>\n\t<\/div>\n<\/div>\n\t\t\t\t<div class=\"w-form-message\"><\/div>\n\t\t\t<\/form>\n\t\t\t<div class=\"w-form-json hidden\" onclick='return {&quot;ajaxurl&quot;:&quot;https:\\\/\\\/www.fvb.cat\\\/wp-admin\\\/admin-ajax.php&quot;,&quot;success&quot;:&quot;\\u00a1Gracias! Tu mensaje ha sido enviado correctamente.&quot;,&quot;errors&quot;:{&quot;name&quot;:&quot;Por favor, introduce tu nombre&quot;,&quot;email&quot;:&quot;Por favor, introduce tu direcci\\u00f3n de correo electr\\u00f3nico&quot;,&quot;phone&quot;:&quot;Por favor, introduce tu n\\u00famero de tel\\u00e9fono&quot;,&quot;message&quot;:&quot;Por favor, introduce un mensaje&quot;}}'><\/div>\n\t<\/div>\n<\/div><\/div><\/div><div class=\"vc_col-sm-4 wpb_column vc_column_container\"><div class=\"vc_column-inner\"><div class=\"wpb_wrapper\"><div class=\"wpb_text_column \"><div class=\"wpb_wrapper\">\n<h4 style=\"text-align: center;\"><strong>La evoluci\u00f3n de la psicoterapia psicoanal\u00edtica y las aportaciones t\u00e9cnicas de W. Bion, B. Joseph y O. Kernberg<\/strong><\/h4>\n<\/div> <\/div> [vc_empty_space height=\u00bb35px\u00bb]<div class=\"wpb_text_column  vc_custom_1763042132531\"><div class=\"wpb_wrapper\">\n<h6><strong>PRESENTACI\u00d3N<\/strong><\/h6>\n<p>El objetivo del seminario es hacer una introducci\u00f3n a las aportaciones t\u00e9cnicas de Wilfred Bion, Otto Kernberg y Betty Joseph aplicables a la psicoterapia psicoanal\u00edtica, contextualiz\u00e1ndolas en la historia -la evoluci\u00f3n- de la t\u00e9cnica psicoanal\u00edtica en general y de la t\u00e9cnica de la psicoterapia psicoanal\u00edtica en particular. Se tratar\u00e1 de comprender dichas aportaciones a partir de los problemas cl\u00ednicos que las suscitaron.<\/p>\n<h6><strong>DOCENTE<\/strong><\/h6>\n<p>Miguel Perlado<\/p>\n<h6><strong>CALENDARIO<\/strong><\/h6>\n<p>29 de enero<\/p>\n<p>5, 12, 19 y 26 de febrero<\/p>\n<p>5, 12, 19 y 26 de marzo<\/p>\n<p>9 de abril<\/p>\n<h6><strong>PRECIO<\/strong><\/h6>\n<p>440\u20ac<\/div> <\/div> <div class=\"w-btn-wrapper align_center\"><a class=\"w-btn style_outlined color_navy icon_none\" href=\"https:\/\/www.fvb.cat\/wp-content\/uploads\/2025\/11\/FCP_La-evolucion-de-la-psicoterapia_cast.pdf\" target=\"_blank\"><span class=\"w-btn-label\">PROGRAMA<\/span><\/a><\/div><div class=\"wpb_text_column \"><div class=\"wpb_wrapper\"><p>Para inscribirte rellena el siguiente formulario indicando el nombre de la formaci\u00f3n. Te contactaremos para darte la informaci\u00f3n para formalizar la inscripci\u00f3n.<\/p><\/div> <\/div> <div class=\"w-form for_cform align_left\" id=\"us_form_21\">\n\t<form class=\"w-form-h\" autocomplete=\"off\" action=\"https:\/\/www.fvb.cat\/es\/wp-json\/wp\/v2\/pages\/17309\" method=\"post\">\n\t\t\t\t\t\t\t<div class=\"w-form-row for_name required\">\n\t<div class=\"w-form-row-label\">\n\t\t<label for=\"us_form_21_name\"><\/label>\n\t<\/div>\n\t<div class=\"w-form-row-field\">\n\t\t\t\t<input type=\"text\" name=\"name\" id=\"us_form_21_name\" value=\"\"\n\t\t\t   placeholder=\"Nombre *\" data-required=\"true\" aria-required=\"true\"\/>\n\t\t<span class=\"w-form-row-field-bar\"><\/span>\n\t\t\t<\/div>\n\t<div class=\"w-form-row-state\"><\/div>\n\t<\/div>\n\t\t\t\t\t<div class=\"w-form-row for_email required\">\n\t<div class=\"w-form-row-label\">\n\t\t<label for=\"us_form_21_email\"><\/label>\n\t<\/div>\n\t<div class=\"w-form-row-field\">\n\t\t\t\t<input type=\"email\" name=\"email\" id=\"us_form_21_email\" value=\"\"\n\t\t\t   placeholder=\"Correo electr\u00f3nico *\" data-required=\"true\" aria-required=\"true\"\/>\n\t\t<span class=\"w-form-row-field-bar\"><\/span>\n\t\t\t<\/div>\n\t<div class=\"w-form-row-state\"><\/div>\n\t<\/div>\n\t\t\t\t\t<div class=\"w-form-row for_phone\">\n\t<div class=\"w-form-row-label\">\n\t\t<label for=\"us_form_21_phone\"><\/label>\n\t<\/div>\n\t<div class=\"w-form-row-field\">\n\t\t\t\t<input type=\"text\" name=\"phone\" id=\"us_form_21_phone\" value=\"\"\n\t\t\t   placeholder=\"N\u00famero de tel\u00e9fono\"\/>\n\t\t<span class=\"w-form-row-field-bar\"><\/span>\n\t\t\t<\/div>\n\t<div class=\"w-form-row-state\"><\/div>\n\t<\/div>\n\t\t\t\t\t<div class=\"w-form-row for_message required\">\n\t<div class=\"w-form-row-label\">\n\t\t<label for=\"us_form_21_message\"><\/label>\n\t<\/div>\n\t<div class=\"w-form-row-field\">\n\t\t\t\t<textarea name=\"message\" id=\"us_form_21_message\" cols=\"30\" rows=\"10\" placeholder=\"Mensaje *\"\n\t\t\t data-required=\"true\" aria-required=\"true\"><\/textarea>\n\t\t<span class=\"w-form-row-field-bar\"><\/span>\n\t\t\t<\/div>\n\t<div class=\"w-form-row-state\"><\/div>\n\t<\/div>\n\t\t\t\t\t<input type=\"hidden\" name=\"action\" value=\"us_ajax_cform\" \/>\n\t\t\t\t\t<input type=\"hidden\" name=\"post_id\" value=\"17309\" \/>\n\t\t\t\t\t<input type=\"hidden\" name=\"form_index\" value=\"21\" \/>\n\t\t\t\t\t<div class=\"w-form-row for_submit\">\n\t<div class=\"w-form-row-field\">\n\t\t<button class=\"w-btn size_15px color_navy style_outlined\" type=\"submit\"><span class=\"g-preloader type_1\"><\/span><span class=\"w-btn-label\">INSCR\u00cdBETE<\/span><\/button>\n\t<\/div>\n<\/div>\n\t\t\t\t<div class=\"w-form-message\"><\/div>\n\t\t\t<\/form>\n\t\t\t<div class=\"w-form-json hidden\" onclick='return {&quot;ajaxurl&quot;:&quot;https:\\\/\\\/www.fvb.cat\\\/wp-admin\\\/admin-ajax.php&quot;,&quot;success&quot;:&quot;\\u00a1Gracias! Tu mensaje ha sido enviado correctamente.&quot;,&quot;errors&quot;:{&quot;name&quot;:&quot;Por favor, introduce tu nombre&quot;,&quot;email&quot;:&quot;Por favor, introduce tu direcci\\u00f3n de correo electr\\u00f3nico&quot;,&quot;phone&quot;:&quot;Por favor, introduce tu n\\u00famero de tel\\u00e9fono&quot;,&quot;message&quot;:&quot;Por favor, introduce un mensaje&quot;}}'><\/div>\n\t<\/div>\n<\/div><\/div><\/div><div class=\"vc_col-sm-4 wpb_column vc_column_container\"><div class=\"vc_column-inner\"><div class=\"wpb_wrapper\"><div class=\"wpb_text_column \"><div class=\"wpb_wrapper\">\n<h4 style=\"text-align: center;\"><strong>El proceso psicoterap\u00e9utico: primera entrevista, proceso diagn\u00f3stico, formulaci\u00f3n del caso y tratamiento<\/strong><\/h4>\n<\/div> <\/div> [vc_empty_space height=\u00bb35px\u00bb]<div class=\"wpb_text_column \"><div class=\"wpb_wrapper\">\n<h6><strong>PRESENTACI\u00d3N\u00a0<\/strong><\/h6>\n<p>En esta formaci\u00f3n nos acercaremos, tanto a la comprensi\u00f3n y evaluaci\u00f3n de las dificultades y\/o conflictos que motivan la consulta, como a la valoraci\u00f3n de los recursos personales, para a partir de aqu\u00ed, plantearnos el abordaje terap\u00e9utico adecuado.<\/p>\n<h6><strong>DOCENTES<\/strong><\/h6>\n<p>Montserrat Guardia y Rosa Royo<\/p>\n<h6><strong>CALENDARIO<\/strong><\/h6>\n<p>25 de noviembre<\/p>\n<p>2, 9 y 16 de diciembre<\/p>\n<p>13, 20 y 27 de enero<\/p>\n<p>3, 10 y 17 de febrero<\/p>\n<h6><strong>PRECIO<\/strong><\/h6>\n<p>440\u20ac<\/div> <\/div> <div class=\"w-btn-wrapper align_center\"><a class=\"w-btn style_outlined color_navy icon_none\" href=\"https:\/\/www.fvb.cat\/wp-content\/uploads\/2025\/09\/CAST_E1.pdf\" target=\"_blank\"><span class=\"w-btn-label\">PROGRAMA<\/span><\/a><\/div><div class=\"wpb_text_column \"><div class=\"wpb_wrapper\"><p>Para inscribirte rellena el siguiente formulario indicando el nombre de la formaci\u00f3n. Te contactaremos para darte la informaci\u00f3n para formalizar la inscripci\u00f3n.<\/p><\/div> <\/div> <div class=\"w-form for_cform align_left\" id=\"us_form_22\">\n\t<form class=\"w-form-h\" autocomplete=\"off\" action=\"https:\/\/www.fvb.cat\/es\/wp-json\/wp\/v2\/pages\/17309\" method=\"post\">\n\t\t\t\t\t\t\t<div class=\"w-form-row for_name required\">\n\t<div class=\"w-form-row-label\">\n\t\t<label for=\"us_form_22_name\"><\/label>\n\t<\/div>\n\t<div class=\"w-form-row-field\">\n\t\t\t\t<input type=\"text\" name=\"name\" id=\"us_form_22_name\" value=\"\"\n\t\t\t   placeholder=\"Nombre *\" data-required=\"true\" aria-required=\"true\"\/>\n\t\t<span class=\"w-form-row-field-bar\"><\/span>\n\t\t\t<\/div>\n\t<div class=\"w-form-row-state\"><\/div>\n\t<\/div>\n\t\t\t\t\t<div class=\"w-form-row for_email required\">\n\t<div class=\"w-form-row-label\">\n\t\t<label for=\"us_form_22_email\"><\/label>\n\t<\/div>\n\t<div class=\"w-form-row-field\">\n\t\t\t\t<input type=\"email\" name=\"email\" id=\"us_form_22_email\" value=\"\"\n\t\t\t   placeholder=\"Correo electr\u00f3nico *\" data-required=\"true\" aria-required=\"true\"\/>\n\t\t<span class=\"w-form-row-field-bar\"><\/span>\n\t\t\t<\/div>\n\t<div class=\"w-form-row-state\"><\/div>\n\t<\/div>\n\t\t\t\t\t<div class=\"w-form-row for_phone\">\n\t<div class=\"w-form-row-label\">\n\t\t<label for=\"us_form_22_phone\"><\/label>\n\t<\/div>\n\t<div class=\"w-form-row-field\">\n\t\t\t\t<input type=\"text\" name=\"phone\" id=\"us_form_22_phone\" value=\"\"\n\t\t\t   placeholder=\"N\u00famero de tel\u00e9fono\"\/>\n\t\t<span class=\"w-form-row-field-bar\"><\/span>\n\t\t\t<\/div>\n\t<div class=\"w-form-row-state\"><\/div>\n\t<\/div>\n\t\t\t\t\t<div class=\"w-form-row for_message required\">\n\t<div class=\"w-form-row-label\">\n\t\t<label for=\"us_form_22_message\"><\/label>\n\t<\/div>\n\t<div class=\"w-form-row-field\">\n\t\t\t\t<textarea name=\"message\" id=\"us_form_22_message\" cols=\"30\" rows=\"10\" placeholder=\"Mensaje *\"\n\t\t\t data-required=\"true\" aria-required=\"true\"><\/textarea>\n\t\t<span class=\"w-form-row-field-bar\"><\/span>\n\t\t\t<\/div>\n\t<div class=\"w-form-row-state\"><\/div>\n\t<\/div>\n\t\t\t\t\t<input type=\"hidden\" name=\"action\" value=\"us_ajax_cform\" \/>\n\t\t\t\t\t<input type=\"hidden\" name=\"post_id\" value=\"17309\" \/>\n\t\t\t\t\t<input type=\"hidden\" name=\"form_index\" value=\"22\" \/>\n\t\t\t\t\t<div class=\"w-form-row for_submit\">\n\t<div class=\"w-form-row-field\">\n\t\t<button class=\"w-btn size_15px color_navy style_outlined\" type=\"submit\"><span class=\"g-preloader type_1\"><\/span><span class=\"w-btn-label\">INSCR\u00cdBETE<\/span><\/button>\n\t<\/div>\n<\/div>\n\t\t\t\t<div class=\"w-form-message\"><\/div>\n\t\t\t<\/form>\n\t\t\t<div class=\"w-form-json hidden\" onclick='return {&quot;ajaxurl&quot;:&quot;https:\\\/\\\/www.fvb.cat\\\/wp-admin\\\/admin-ajax.php&quot;,&quot;success&quot;:&quot;\\u00a1Gracias! Tu mensaje ha sido enviado correctamente.&quot;,&quot;errors&quot;:{&quot;name&quot;:&quot;Por favor, introduce tu nombre&quot;,&quot;email&quot;:&quot;Por favor, introduce tu direcci\\u00f3n de correo electr\\u00f3nico&quot;,&quot;phone&quot;:&quot;Por favor, introduce tu n\\u00famero de tel\\u00e9fono&quot;,&quot;message&quot;:&quot;Por favor, introduce un mensaje&quot;}}'><\/div>\n\t<\/div>\n<\/div><\/div><\/div><\/div><div class=\"g-cols wpb_row type_default valign_top vc_inner \"><div class=\"vc_col-sm-4 wpb_column vc_column_container\"><div class=\"vc_column-inner\"><div class=\"wpb_wrapper\"><div class=\"wpb_text_column \"><div class=\"wpb_wrapper\">\n<h4 style=\"text-align: center;\"><strong>Psicoterapia en la primera infancia: 0-5 a\u00f1os<\/strong><\/h4>\n<\/div> <\/div> [vc_empty_space height=\u00bb35px\u00bb]<div class=\"wpb_text_column  vc_custom_1759151360432\"><div class=\"wpb_wrapper\">\n<h6><strong>PRESENTACI\u00d3N\u00a0<\/strong><\/h6>\n<p class=\"cvGsUA direction-ltr align-justify para-style-body\"><span class=\"a_GcMg font-feature-liga-off font-feature-clig-off font-feature-calt-off text-decoration-none text-strikethrough-none\">El trabajo psicoterap\u00e9utico con ni\u00f1os de primera infancia ha sido una parte integral del desarrollo de las teor\u00edas psicodin\u00e1micas desde sus inicios.<\/span><\/p>\n<p class=\"cvGsUA direction-ltr align-justify para-style-body\"><span class=\"a_GcMg font-feature-liga-off font-feature-clig-off font-feature-calt-off text-decoration-none text-strikethrough-none\">En esta materia exploraremos el valor de la observaci\u00f3n padre\/madre-infante como un instrumento de entrenamiento del terapeuta psicodin\u00e1mico, as\u00ed como su influencia en las teor\u00edas psicodin\u00e1micas cl\u00e1sicas y contempor\u00e1neas, y su impacto en la t\u00e9cnica psicodin\u00e1mica contempor\u00e1nea.<\/span><\/p>\n<h6><strong>DOCENTES<\/strong><\/h6>\n<p>Norka Malberg y Maribel Iglesias<\/p>\n<h6><strong>CALENDARIO<\/strong><\/h6>\n<p>12, 19 y 26 de noviembre<\/p>\n<p>3, 10 y 17 de diciembre<\/p>\n<p>7, 14, 21 y 28 de enero<\/p>\n<p>4 y 11 de febrero<\/p>\n<h6><strong>PRECIO<\/strong><\/h6>\n<h6>550\u20ac<\/h6>\n<\/div> <\/div> <div class=\"w-btn-wrapper align_center\"><a class=\"w-btn style_outlined color_navy icon_none\" href=\"https:\/\/www.fvb.cat\/wp-content\/uploads\/2025\/09\/FCP_Psicoterapia-en-la-Primera-Infancia-0-5-anys_CAST.pdf\" target=\"_blank\"><span class=\"w-btn-label\">PROGRAMA<\/span><\/a><\/div><div class=\"wpb_text_column \"><div class=\"wpb_wrapper\"><p>Para inscribirte rellena el siguiente formulario indicando el nombre de la formaci\u00f3n. Te contactaremos para darte la informaci\u00f3n para formalizar la inscripci\u00f3n.<\/p><\/div> <\/div> <div class=\"w-form for_cform align_left\" id=\"us_form_23\">\n\t<form class=\"w-form-h\" autocomplete=\"off\" action=\"https:\/\/www.fvb.cat\/es\/wp-json\/wp\/v2\/pages\/17309\" method=\"post\">\n\t\t\t\t\t\t\t<div class=\"w-form-row for_name required\">\n\t<div class=\"w-form-row-label\">\n\t\t<label for=\"us_form_23_name\"><\/label>\n\t<\/div>\n\t<div class=\"w-form-row-field\">\n\t\t\t\t<input type=\"text\" name=\"name\" id=\"us_form_23_name\" value=\"\"\n\t\t\t   placeholder=\"Nombre *\" data-required=\"true\" aria-required=\"true\"\/>\n\t\t<span class=\"w-form-row-field-bar\"><\/span>\n\t\t\t<\/div>\n\t<div class=\"w-form-row-state\"><\/div>\n\t<\/div>\n\t\t\t\t\t<div class=\"w-form-row for_email required\">\n\t<div class=\"w-form-row-label\">\n\t\t<label for=\"us_form_23_email\"><\/label>\n\t<\/div>\n\t<div class=\"w-form-row-field\">\n\t\t\t\t<input type=\"email\" name=\"email\" id=\"us_form_23_email\" value=\"\"\n\t\t\t   placeholder=\"Correo electr\u00f3nico *\" data-required=\"true\" aria-required=\"true\"\/>\n\t\t<span class=\"w-form-row-field-bar\"><\/span>\n\t\t\t<\/div>\n\t<div class=\"w-form-row-state\"><\/div>\n\t<\/div>\n\t\t\t\t\t<div class=\"w-form-row for_phone\">\n\t<div class=\"w-form-row-label\">\n\t\t<label for=\"us_form_23_phone\"><\/label>\n\t<\/div>\n\t<div class=\"w-form-row-field\">\n\t\t\t\t<input type=\"text\" name=\"phone\" id=\"us_form_23_phone\" value=\"\"\n\t\t\t   placeholder=\"N\u00famero de tel\u00e9fono\"\/>\n\t\t<span class=\"w-form-row-field-bar\"><\/span>\n\t\t\t<\/div>\n\t<div class=\"w-form-row-state\"><\/div>\n\t<\/div>\n\t\t\t\t\t<div class=\"w-form-row for_message required\">\n\t<div class=\"w-form-row-label\">\n\t\t<label for=\"us_form_23_message\"><\/label>\n\t<\/div>\n\t<div class=\"w-form-row-field\">\n\t\t\t\t<textarea name=\"message\" id=\"us_form_23_message\" cols=\"30\" rows=\"10\" placeholder=\"Mensaje *\"\n\t\t\t data-required=\"true\" aria-required=\"true\"><\/textarea>\n\t\t<span class=\"w-form-row-field-bar\"><\/span>\n\t\t\t<\/div>\n\t<div class=\"w-form-row-state\"><\/div>\n\t<\/div>\n\t\t\t\t\t<input type=\"hidden\" name=\"action\" value=\"us_ajax_cform\" \/>\n\t\t\t\t\t<input type=\"hidden\" name=\"post_id\" value=\"17309\" \/>\n\t\t\t\t\t<input type=\"hidden\" name=\"form_index\" value=\"23\" \/>\n\t\t\t\t\t<div class=\"w-form-row for_submit\">\n\t<div class=\"w-form-row-field\">\n\t\t<button class=\"w-btn size_15px color_navy style_outlined\" type=\"submit\"><span class=\"g-preloader type_1\"><\/span><span class=\"w-btn-label\">INSCR\u00cdBETE<\/span><\/button>\n\t<\/div>\n<\/div>\n\t\t\t\t<div class=\"w-form-message\"><\/div>\n\t\t\t<\/form>\n\t\t\t<div class=\"w-form-json hidden\" onclick='return {&quot;ajaxurl&quot;:&quot;https:\\\/\\\/www.fvb.cat\\\/wp-admin\\\/admin-ajax.php&quot;,&quot;success&quot;:&quot;\\u00a1Gracias! Tu mensaje ha sido enviado correctamente.&quot;,&quot;errors&quot;:{&quot;name&quot;:&quot;Por favor, introduce tu nombre&quot;,&quot;email&quot;:&quot;Por favor, introduce tu direcci\\u00f3n de correo electr\\u00f3nico&quot;,&quot;phone&quot;:&quot;Por favor, introduce tu n\\u00famero de tel\\u00e9fono&quot;,&quot;message&quot;:&quot;Por favor, introduce un mensaje&quot;}}'><\/div>\n\t<\/div>\n<\/div><\/div><\/div><div class=\"vc_col-sm-4 wpb_column vc_column_container\"><div class=\"vc_column-inner\"><div class=\"wpb_wrapper\"><div class=\"wpb_text_column \"><div class=\"wpb_wrapper\">\n<h4 style=\"text-align: center;\"><strong>Tratamiento Basado en la Mentalizaci\u00f3n para adultos<\/strong><\/h4>\n<\/div> <\/div> [vc_empty_space height=\u00bb35px\u00bb]<div class=\"wpb_text_column  vc_custom_1759223045177\"><div class=\"wpb_wrapper\">\n<h6><strong>PRESENTACI\u00d3N\u00a0<\/strong><\/h6>\n<p class=\"cvGsUA direction-ltr align-justify para-style-body\"><span class=\"a_GcMg font-feature-liga-off font-feature-clig-off font-feature-calt-off text-decoration-none text-strikethrough-none\">El Tratamiento Basado en la Mentalizaci\u00f3n es una de las psicoterapias basadas en la evidencia de mayor impacto en el tratamiento de pacientes con Trastornos de la Personalidad severos. Se trata de una psicoterapia que dota de herramientas a los profesionales de la salud mental muy pr\u00e1cticas para la comprensi\u00f3n y el manejo de la complejidad cl\u00ednica.<\/span><\/p>\n<h6><strong>DOCENTE<\/strong><\/h6>\n<p>Jordi Ar\u00e9valo<\/p>\n<p class=\"cvGsUA direction-ltr align-start para-style-body\"><span class=\"a_GcMg font-feature-liga-off font-feature-clig-off font-feature-calt-off text-decoration-none text-strikethrough-none\">12, 19 y 26 de noviembre<\/span><\/p>\n<p class=\"cvGsUA direction-ltr align-start para-style-body\"><span class=\"a_GcMg font-feature-liga-off font-feature-clig-off font-feature-calt-off text-decoration-none text-strikethrough-none\">3, 10 y 17 de diciembre<\/span><\/p>\n<p class=\"cvGsUA direction-ltr align-start para-style-body\"><span class=\"a_GcMg font-feature-liga-off font-feature-clig-off font-feature-calt-off text-decoration-none text-strikethrough-none\">7, 14, 21 y 28 de enero<\/span><\/p>\n<p class=\"cvGsUA direction-ltr align-start para-style-body\"><span class=\"a_GcMg font-feature-liga-off font-feature-clig-off font-feature-calt-off text-decoration-none text-strikethrough-none\">4, 11, 18 y 25 de febrero<\/span><\/p>\n<p class=\"cvGsUA direction-ltr align-start para-style-body\"><span class=\"a_GcMg font-feature-liga-off font-feature-clig-off font-feature-calt-off text-decoration-none text-strikethrough-none\">4 y 11 de marzo<\/span><\/p>\n<h6><strong>PRECIO<\/strong><\/h6>\n<h6>550\u20ac<\/h6>\n<\/div> <\/div> <div class=\"w-btn-wrapper align_center\"><a class=\"w-btn style_outlined color_navy icon_none\" href=\"https:\/\/www.fvb.cat\/wp-content\/uploads\/2025\/09\/FCP_Tractament-Basat-en-la-Mentalitzacio-per-a-adults_CAST-1.pdf\" target=\"_blank\"><span class=\"w-btn-label\">PROGRAMA<\/span><\/a><\/div><div class=\"wpb_text_column \"><div class=\"wpb_wrapper\"><p>Para inscribirte rellena el siguiente formulario indicando el nombre de la formaci\u00f3n. Te contactaremos para darte la informaci\u00f3n para formalizar la inscripci\u00f3n.<\/p><\/div> <\/div> <div class=\"w-form for_cform align_left\" id=\"us_form_24\">\n\t<form class=\"w-form-h\" autocomplete=\"off\" action=\"https:\/\/www.fvb.cat\/es\/wp-json\/wp\/v2\/pages\/17309\" method=\"post\">\n\t\t\t\t\t\t\t<div class=\"w-form-row for_name required\">\n\t<div class=\"w-form-row-label\">\n\t\t<label for=\"us_form_24_name\"><\/label>\n\t<\/div>\n\t<div class=\"w-form-row-field\">\n\t\t\t\t<input type=\"text\" name=\"name\" id=\"us_form_24_name\" value=\"\"\n\t\t\t   placeholder=\"Nombre *\" data-required=\"true\" aria-required=\"true\"\/>\n\t\t<span class=\"w-form-row-field-bar\"><\/span>\n\t\t\t<\/div>\n\t<div class=\"w-form-row-state\"><\/div>\n\t<\/div>\n\t\t\t\t\t<div class=\"w-form-row for_email required\">\n\t<div class=\"w-form-row-label\">\n\t\t<label for=\"us_form_24_email\"><\/label>\n\t<\/div>\n\t<div class=\"w-form-row-field\">\n\t\t\t\t<input type=\"email\" name=\"email\" id=\"us_form_24_email\" value=\"\"\n\t\t\t   placeholder=\"Correo electr\u00f3nico *\" data-required=\"true\" aria-required=\"true\"\/>\n\t\t<span class=\"w-form-row-field-bar\"><\/span>\n\t\t\t<\/div>\n\t<div class=\"w-form-row-state\"><\/div>\n\t<\/div>\n\t\t\t\t\t<div class=\"w-form-row for_phone\">\n\t<div class=\"w-form-row-label\">\n\t\t<label for=\"us_form_24_phone\"><\/label>\n\t<\/div>\n\t<div class=\"w-form-row-field\">\n\t\t\t\t<input type=\"text\" name=\"phone\" id=\"us_form_24_phone\" value=\"\"\n\t\t\t   placeholder=\"N\u00famero de tel\u00e9fono\"\/>\n\t\t<span class=\"w-form-row-field-bar\"><\/span>\n\t\t\t<\/div>\n\t<div class=\"w-form-row-state\"><\/div>\n\t<\/div>\n\t\t\t\t\t<div class=\"w-form-row for_message required\">\n\t<div class=\"w-form-row-label\">\n\t\t<label for=\"us_form_24_message\"><\/label>\n\t<\/div>\n\t<div class=\"w-form-row-field\">\n\t\t\t\t<textarea name=\"message\" id=\"us_form_24_message\" cols=\"30\" rows=\"10\" placeholder=\"Mensaje *\"\n\t\t\t data-required=\"true\" aria-required=\"true\"><\/textarea>\n\t\t<span class=\"w-form-row-field-bar\"><\/span>\n\t\t\t<\/div>\n\t<div class=\"w-form-row-state\"><\/div>\n\t<\/div>\n\t\t\t\t\t<input type=\"hidden\" name=\"action\" value=\"us_ajax_cform\" \/>\n\t\t\t\t\t<input type=\"hidden\" name=\"post_id\" value=\"17309\" \/>\n\t\t\t\t\t<input type=\"hidden\" name=\"form_index\" value=\"24\" \/>\n\t\t\t\t\t<div class=\"w-form-row for_submit\">\n\t<div class=\"w-form-row-field\">\n\t\t<button class=\"w-btn size_15px color_navy style_outlined\" type=\"submit\"><span class=\"g-preloader type_1\"><\/span><span class=\"w-btn-label\">INSCR\u00cdBETE<\/span><\/button>\n\t<\/div>\n<\/div>\n\t\t\t\t<div class=\"w-form-message\"><\/div>\n\t\t\t<\/form>\n\t\t\t<div class=\"w-form-json hidden\" onclick='return {&quot;ajaxurl&quot;:&quot;https:\\\/\\\/www.fvb.cat\\\/wp-admin\\\/admin-ajax.php&quot;,&quot;success&quot;:&quot;\\u00a1Gracias! Tu mensaje ha sido enviado correctamente.&quot;,&quot;errors&quot;:{&quot;name&quot;:&quot;Por favor, introduce tu nombre&quot;,&quot;email&quot;:&quot;Por favor, introduce tu direcci\\u00f3n de correo electr\\u00f3nico&quot;,&quot;phone&quot;:&quot;Por favor, introduce tu n\\u00famero de tel\\u00e9fono&quot;,&quot;message&quot;:&quot;Por favor, introduce un mensaje&quot;}}'><\/div>\n\t<\/div>\n<\/div><\/div><\/div><div class=\"vc_col-sm-4 wpb_column vc_column_container\"><div class=\"vc_column-inner\"><div class=\"wpb_wrapper\"><div class=\"wpb_text_column \"><div class=\"wpb_wrapper\">\n<h4 style=\"text-align: center;\"><strong>Las neurociencias aplicadas a la psicoterapia<\/strong><\/h4>\n<\/div> <\/div> [vc_empty_space height=\u00bb35px\u00bb]<div class=\"wpb_text_column  vc_custom_1759226628036\"><div class=\"wpb_wrapper\">\n<h6><strong>PRESENTACI\u00d3N\u00a0<\/strong><\/h6>\n<p class=\"cvGsUA direction-ltr align-justify para-style-body\"><span class=\"a_GcMg font-feature-liga-off font-feature-clig-off font-feature-calt-off text-decoration-none text-strikethrough-none\">\u00bfQu\u00e9 aporta la neurobiolog\u00eda a nuestra comprensi\u00f3n de los procesos mentales? \u00bfEn qu\u00e9 puede ayudarnos en nuestro trabajo como psicoterapeutas?<\/span><\/p>\n<p class=\"cvGsUA direction-ltr align-justify para-style-body\"><span class=\"a_GcMg font-feature-liga-off font-feature-clig-off font-feature-calt-off text-decoration-none text-strikethrough-none\">Este seminario ofrece una introducci\u00f3n a la estructura y funciones principales del cerebro humano, su funcionamiento normal y patol\u00f3gico, y su capacidad para cambiar. Esto, haciendo puentes entre el psicoan\u00e1lisis y las neurociencias.<\/span><\/p>\n<p class=\"cvGsUA direction-ltr align-justify para-style-body\"><span class=\"a_GcMg font-feature-liga-off font-feature-clig-off font-feature-calt-off text-decoration-none text-strikethrough-none\">Durante el curso obtendr\u00e1 conocimientos sobre las neurociencias que sean de utilidad para la psicoterapia, as\u00ed como la capacidad de buscar y comprender art\u00edculos neurocient\u00edficos que permitan al alumno continuar su propio recorrido.<\/span><\/p>\n<h6><strong>DOCENTE<\/strong><\/h6>\n<p>Erika Barba-M\u00fcller<\/p>\n<h6><strong>CALENDARIO<\/strong><\/h6>\n<p class=\"cvGsUA direction-ltr align-start para-style-body\"><span class=\"a_GcMg font-feature-liga-off font-feature-clig-off font-feature-calt-off text-decoration-none text-strikethrough-none\">6, 13, 20 y 27 de noviembre<\/span><\/p>\n<p class=\"cvGsUA direction-ltr align-start para-style-body\"><span class=\"a_GcMg font-feature-liga-off font-feature-clig-off font-feature-calt-off text-decoration-none text-strikethrough-none\">4, 11 y 18 de diciembre<\/span><\/p>\n<p class=\"cvGsUA direction-ltr align-start para-style-body\"><span class=\"a_GcMg font-feature-liga-off font-feature-clig-off font-feature-calt-off text-decoration-none text-strikethrough-none\">8, 15 y 22 de enero<\/span><\/p>\n<h6><strong>PRECIO<\/strong><\/h6>\n<h6>440\u20ac<\/h6>\n<\/div> <\/div> <div class=\"w-btn-wrapper align_center\"><a class=\"w-btn style_outlined color_navy icon_none\" href=\"https:\/\/www.fvb.cat\/wp-content\/uploads\/2025\/09\/FCP_Les-neurociencies-aplicades-a-la-psicoterapia_CAST.pdf\" target=\"_blank\"><span class=\"w-btn-label\">PROGRAMA<\/span><\/a><\/div><div class=\"wpb_text_column \"><div class=\"wpb_wrapper\"><p>Para inscribirte rellena el siguiente formulario indicando el nombre de la formaci\u00f3n. Te contactaremos para darte la informaci\u00f3n para formalizar la inscripci\u00f3n.<\/p><\/div> <\/div> <div class=\"w-form for_cform align_left\" id=\"us_form_25\">\n\t<form class=\"w-form-h\" autocomplete=\"off\" action=\"https:\/\/www.fvb.cat\/es\/wp-json\/wp\/v2\/pages\/17309\" method=\"post\">\n\t\t\t\t\t\t\t<div class=\"w-form-row for_name required\">\n\t<div class=\"w-form-row-label\">\n\t\t<label for=\"us_form_25_name\"><\/label>\n\t<\/div>\n\t<div class=\"w-form-row-field\">\n\t\t\t\t<input type=\"text\" name=\"name\" id=\"us_form_25_name\" value=\"\"\n\t\t\t   placeholder=\"Nombre *\" data-required=\"true\" aria-required=\"true\"\/>\n\t\t<span class=\"w-form-row-field-bar\"><\/span>\n\t\t\t<\/div>\n\t<div class=\"w-form-row-state\"><\/div>\n\t<\/div>\n\t\t\t\t\t<div class=\"w-form-row for_email required\">\n\t<div class=\"w-form-row-label\">\n\t\t<label for=\"us_form_25_email\"><\/label>\n\t<\/div>\n\t<div class=\"w-form-row-field\">\n\t\t\t\t<input type=\"email\" name=\"email\" id=\"us_form_25_email\" value=\"\"\n\t\t\t   placeholder=\"Correo electr\u00f3nico *\" data-required=\"true\" aria-required=\"true\"\/>\n\t\t<span class=\"w-form-row-field-bar\"><\/span>\n\t\t\t<\/div>\n\t<div class=\"w-form-row-state\"><\/div>\n\t<\/div>\n\t\t\t\t\t<div class=\"w-form-row for_phone\">\n\t<div class=\"w-form-row-label\">\n\t\t<label for=\"us_form_25_phone\"><\/label>\n\t<\/div>\n\t<div class=\"w-form-row-field\">\n\t\t\t\t<input type=\"text\" name=\"phone\" id=\"us_form_25_phone\" value=\"\"\n\t\t\t   placeholder=\"N\u00famero de tel\u00e9fono\"\/>\n\t\t<span class=\"w-form-row-field-bar\"><\/span>\n\t\t\t<\/div>\n\t<div class=\"w-form-row-state\"><\/div>\n\t<\/div>\n\t\t\t\t\t<div class=\"w-form-row for_message required\">\n\t<div class=\"w-form-row-label\">\n\t\t<label for=\"us_form_25_message\"><\/label>\n\t<\/div>\n\t<div class=\"w-form-row-field\">\n\t\t\t\t<textarea name=\"message\" id=\"us_form_25_message\" cols=\"30\" rows=\"10\" placeholder=\"Mensaje *\"\n\t\t\t data-required=\"true\" aria-required=\"true\"><\/textarea>\n\t\t<span class=\"w-form-row-field-bar\"><\/span>\n\t\t\t<\/div>\n\t<div class=\"w-form-row-state\"><\/div>\n\t<\/div>\n\t\t\t\t\t<input type=\"hidden\" name=\"action\" value=\"us_ajax_cform\" \/>\n\t\t\t\t\t<input type=\"hidden\" name=\"post_id\" value=\"17309\" \/>\n\t\t\t\t\t<input type=\"hidden\" name=\"form_index\" value=\"25\" \/>\n\t\t\t\t\t<div class=\"w-form-row for_submit\">\n\t<div class=\"w-form-row-field\">\n\t\t<button class=\"w-btn size_15px color_navy style_outlined\" type=\"submit\"><span class=\"g-preloader type_1\"><\/span><span class=\"w-btn-label\">INSCR\u00cdBETE<\/span><\/button>\n\t<\/div>\n<\/div>\n\t\t\t\t<div class=\"w-form-message\"><\/div>\n\t\t\t<\/form>\n\t\t\t<div class=\"w-form-json hidden\" onclick='return {&quot;ajaxurl&quot;:&quot;https:\\\/\\\/www.fvb.cat\\\/wp-admin\\\/admin-ajax.php&quot;,&quot;success&quot;:&quot;\\u00a1Gracias! Tu mensaje ha sido enviado correctamente.&quot;,&quot;errors&quot;:{&quot;name&quot;:&quot;Por favor, introduce tu nombre&quot;,&quot;email&quot;:&quot;Por favor, introduce tu direcci\\u00f3n de correo electr\\u00f3nico&quot;,&quot;phone&quot;:&quot;Por favor, introduce tu n\\u00famero de tel\\u00e9fono&quot;,&quot;message&quot;:&quot;Por favor, introduce un mensaje&quot;}}'><\/div>\n\t<\/div>\n<\/div><\/div><\/div><\/div><div class=\"g-cols wpb_row type_default valign_top vc_inner \"><div class=\"vc_col-sm-4 wpb_column vc_column_container\"><div class=\"vc_column-inner\"><div class=\"wpb_wrapper\"><div class=\"wpb_text_column \"><div class=\"wpb_wrapper\">\n<h4 style=\"text-align: center;\"><strong>Psicopatolog\u00eda desde una perspectiva del desarrollo: del nacimiento a la vida adulta\u00a0<\/strong><\/h4>\n<\/div> <\/div> [vc_empty_space height=\u00bb35px\u00bb]<div class=\"wpb_text_column  vc_custom_1759236330340\"><div class=\"wpb_wrapper\">\n<h6><strong>PRESENTACI\u00d3N\u00a0<\/strong><\/h6>\n<p class=\"cvGsUA direction-ltr align-justify para-style-body\"><span class=\"a_GcMg font-feature-liga-off font-feature-clig-off font-feature-calt-off text-decoration-none text-strikethrough-none\">Este curso pretende aportar una visi\u00f3n panor\u00e1mica y de continuidad entre aquello que acontece en las vidas de las personas durante su infancia, en su d\u00eda a d\u00eda cotidiano o traum\u00e1tico y aquello que deviene en la vida adulta. Se pretende poner de relieve c\u00f3mo el interjuego entre factores de riesgo y de protecci\u00f3n contribuye a la aparici\u00f3n de los trastornos del desarrollo y la salud mental a trav\u00e9s del proceso evolutivo.<\/span><\/p>\n<p class=\"cvGsUA direction-ltr align-justify para-style-body\"><span class=\"a_GcMg font-feature-liga-off font-feature-clig-off font-feature-calt-off text-decoration-none text-strikethrough-none\">El curso ofrece una perspectiva evolutiva y longitudinal de las manifestaciones sintom\u00e1ticas y los ejes etiol\u00f3gicos, para una comprensi\u00f3n amplia y global de la psicopatolog\u00eda. El curso tiene como objetivo el proveer un punto de vista que permita a profesionales de la salud mental poder construir junto con la persona que sufre una narrativa de su vida suficientemente integrada.<\/span><\/p>\n<h6><strong>DOCENTE<\/strong><\/h6>\n<p>Marta Golan\u00f3<\/p>\n<h6><strong>CALENDARIO<\/strong><\/h6>\n<p>6, 13, 20 y 27 de noviembre<\/p>\n<p>4, 11 y 18 de diciembre<\/p>\n<p>8, 15 y 22 de enero<\/p>\n<h6><strong>PRECIO<\/strong><\/h6>\n<h6>440\u20ac<\/h6>\n<\/div> <\/div> <div class=\"w-btn-wrapper align_center\"><a class=\"w-btn style_outlined color_navy icon_none\" href=\"https:\/\/www.fvb.cat\/wp-content\/uploads\/2025\/09\/FCP_Psicopatologia-desde-una-perspectiva-del-desarrollo-del-nacimiento-a-la-vida-adulta_CAST.pdf\" target=\"_blank\"><span class=\"w-btn-label\">PROGRAMA<\/span><\/a><\/div><div class=\"wpb_text_column \"><div class=\"wpb_wrapper\"><p>Para inscribirte rellena el siguiente formulario indicando el nombre de la formaci\u00f3n. Te contactaremos para darte la informaci\u00f3n para formalizar la inscripci\u00f3n.<\/p><\/div> <\/div> <div class=\"w-form for_cform align_left\" id=\"us_form_26\">\n\t<form class=\"w-form-h\" autocomplete=\"off\" action=\"https:\/\/www.fvb.cat\/es\/wp-json\/wp\/v2\/pages\/17309\" method=\"post\">\n\t\t\t\t\t\t\t<div class=\"w-form-row for_name required\">\n\t<div class=\"w-form-row-label\">\n\t\t<label for=\"us_form_26_name\"><\/label>\n\t<\/div>\n\t<div class=\"w-form-row-field\">\n\t\t\t\t<input type=\"text\" name=\"name\" id=\"us_form_26_name\" value=\"\"\n\t\t\t   placeholder=\"Nombre *\" data-required=\"true\" aria-required=\"true\"\/>\n\t\t<span class=\"w-form-row-field-bar\"><\/span>\n\t\t\t<\/div>\n\t<div class=\"w-form-row-state\"><\/div>\n\t<\/div>\n\t\t\t\t\t<div class=\"w-form-row for_email required\">\n\t<div class=\"w-form-row-label\">\n\t\t<label for=\"us_form_26_email\"><\/label>\n\t<\/div>\n\t<div class=\"w-form-row-field\">\n\t\t\t\t<input type=\"email\" name=\"email\" id=\"us_form_26_email\" value=\"\"\n\t\t\t   placeholder=\"Correo electr\u00f3nico *\" data-required=\"true\" aria-required=\"true\"\/>\n\t\t<span class=\"w-form-row-field-bar\"><\/span>\n\t\t\t<\/div>\n\t<div class=\"w-form-row-state\"><\/div>\n\t<\/div>\n\t\t\t\t\t<div class=\"w-form-row for_phone\">\n\t<div class=\"w-form-row-label\">\n\t\t<label for=\"us_form_26_phone\"><\/label>\n\t<\/div>\n\t<div class=\"w-form-row-field\">\n\t\t\t\t<input type=\"text\" name=\"phone\" id=\"us_form_26_phone\" value=\"\"\n\t\t\t   placeholder=\"N\u00famero de tel\u00e9fono\"\/>\n\t\t<span class=\"w-form-row-field-bar\"><\/span>\n\t\t\t<\/div>\n\t<div class=\"w-form-row-state\"><\/div>\n\t<\/div>\n\t\t\t\t\t<div class=\"w-form-row for_message required\">\n\t<div class=\"w-form-row-label\">\n\t\t<label for=\"us_form_26_message\"><\/label>\n\t<\/div>\n\t<div class=\"w-form-row-field\">\n\t\t\t\t<textarea name=\"message\" id=\"us_form_26_message\" cols=\"30\" rows=\"10\" placeholder=\"Mensaje *\"\n\t\t\t data-required=\"true\" aria-required=\"true\"><\/textarea>\n\t\t<span class=\"w-form-row-field-bar\"><\/span>\n\t\t\t<\/div>\n\t<div class=\"w-form-row-state\"><\/div>\n\t<\/div>\n\t\t\t\t\t<input type=\"hidden\" name=\"action\" value=\"us_ajax_cform\" \/>\n\t\t\t\t\t<input type=\"hidden\" name=\"post_id\" value=\"17309\" \/>\n\t\t\t\t\t<input type=\"hidden\" name=\"form_index\" value=\"26\" \/>\n\t\t\t\t\t<div class=\"w-form-row for_submit\">\n\t<div class=\"w-form-row-field\">\n\t\t<button class=\"w-btn size_15px color_navy style_outlined\" type=\"submit\"><span class=\"g-preloader type_1\"><\/span><span class=\"w-btn-label\">INSCR\u00cdBETE<\/span><\/button>\n\t<\/div>\n<\/div>\n\t\t\t\t<div class=\"w-form-message\"><\/div>\n\t\t\t<\/form>\n\t\t\t<div class=\"w-form-json hidden\" onclick='return {&quot;ajaxurl&quot;:&quot;https:\\\/\\\/www.fvb.cat\\\/wp-admin\\\/admin-ajax.php&quot;,&quot;success&quot;:&quot;\\u00a1Gracias! Tu mensaje ha sido enviado correctamente.&quot;,&quot;errors&quot;:{&quot;name&quot;:&quot;Por favor, introduce tu nombre&quot;,&quot;email&quot;:&quot;Por favor, introduce tu direcci\\u00f3n de correo electr\\u00f3nico&quot;,&quot;phone&quot;:&quot;Por favor, introduce tu n\\u00famero de tel\\u00e9fono&quot;,&quot;message&quot;:&quot;Por favor, introduce un mensaje&quot;}}'><\/div>\n\t<\/div>\n<\/div><\/div><\/div><\/div><div class=\"g-cols wpb_row type_default valign_top vc_inner \"><div class=\"vc_col-sm-12 wpb_column vc_column_container\"><div class=\"vc_column-inner\"><div class=\"wpb_wrapper\"><div class=\"wpb_text_column \"><div class=\"wpb_wrapper\">\n<h4 style=\"text-align: center;\"><strong>FORMACIONES FINALIZADAS<\/strong><\/h4>\n<\/div> <\/div> [vc_empty_space height=\u00bb35px\u00bb]<\/div><\/div><\/div><\/div><div class=\"g-cols wpb_row type_default valign_top vc_inner \"><div class=\"vc_col-sm-4 wpb_column vc_column_container\"><div class=\"vc_column-inner\"><div class=\"wpb_wrapper\"><div class=\"wpb_text_column \"><div class=\"wpb_wrapper\">\n<h6><strong>Formaci\u00f3n MBT Basic Training<\/strong><\/h6>\n<h5><\/h5>\n<\/div> <\/div> <div class=\"w-image\"><div class=\"us-frame\"><a href=\"https:\/\/www.fvb.cat\/wp-content\/uploads\/2025\/07\/MBT-Basic-Training-Barcelona-2026.pdf\" title=\"\" target=\"_blank\" rel=\"\"><img loading=\"lazy\" decoding=\"async\" width=\"819\" height=\"1024\" src=\"https:\/\/www.fvb.cat\/wp-content\/uploads\/2025\/12\/PLAZAS-AGOTADAS-819x1024.png\" class=\"attachment-large size-large\" alt=\"\" srcset=\"https:\/\/www.fvb.cat\/wp-content\/uploads\/2025\/12\/PLAZAS-AGOTADAS-819x1024.png 819w, https:\/\/www.fvb.cat\/wp-content\/uploads\/2025\/12\/PLAZAS-AGOTADAS-240x300.png 240w, https:\/\/www.fvb.cat\/wp-content\/uploads\/2025\/12\/PLAZAS-AGOTADAS-768x960.png 768w, https:\/\/www.fvb.cat\/wp-content\/uploads\/2025\/12\/PLAZAS-AGOTADAS-320x400.png 320w, https:\/\/www.fvb.cat\/wp-content\/uploads\/2025\/12\/PLAZAS-AGOTADAS-480x600.png 480w, https:\/\/www.fvb.cat\/wp-content\/uploads\/2025\/12\/PLAZAS-AGOTADAS-800x1000.png 800w, https:\/\/www.fvb.cat\/wp-content\/uploads\/2025\/12\/PLAZAS-AGOTADAS-600x750.png 600w, https:\/\/www.fvb.cat\/wp-content\/uploads\/2025\/12\/PLAZAS-AGOTADAS.png 1080w\" sizes=\"(max-width: 819px) 100vw, 819px\" \/><\/a><\/div><\/div><div class=\"w-btn-wrapper align_center\"><a class=\"w-btn style_outlined color_navy icon_none\" href=\"https:\/\/www.fvb.cat\/wp-content\/uploads\/2025\/07\/MBT-Basic-Training-Barcelona-2026.pdf\" target=\"_blank\"><span class=\"w-btn-label\">PROGRAMA <\/span><\/a><\/div><\/div><\/div><\/div><div class=\"vc_col-sm-4 wpb_column vc_column_container\"><div class=\"vc_column-inner\"><div class=\"wpb_wrapper\"><div class=\"wpb_text_column \"><div class=\"wpb_wrapper\">\n<h6><strong>Taller introductorio sobre Tratamiento Basado en la Mentalizaci\u00f3n centrado en el Trauma (MBT-TF)<\/strong><\/h6>\n<\/div> <\/div> <div class=\"w-image\"><div class=\"us-frame\"><a href=\"https:\/\/www.fvb.cat\/wp-content\/uploads\/2025\/11\/Cartell-MBT-TF-GEN26-cat.pdf\" title=\"\" target=\"_blank\" rel=\"\"><img loading=\"lazy\" decoding=\"async\" width=\"819\" height=\"1024\" src=\"https:\/\/www.fvb.cat\/wp-content\/uploads\/2025\/11\/MBT-TF-P.1-CAST-1-819x1024.png\" class=\"attachment-large size-large\" alt=\"\" srcset=\"https:\/\/www.fvb.cat\/wp-content\/uploads\/2025\/11\/MBT-TF-P.1-CAST-1-819x1024.png 819w, https:\/\/www.fvb.cat\/wp-content\/uploads\/2025\/11\/MBT-TF-P.1-CAST-1-240x300.png 240w, https:\/\/www.fvb.cat\/wp-content\/uploads\/2025\/11\/MBT-TF-P.1-CAST-1-768x960.png 768w, https:\/\/www.fvb.cat\/wp-content\/uploads\/2025\/11\/MBT-TF-P.1-CAST-1-320x400.png 320w, https:\/\/www.fvb.cat\/wp-content\/uploads\/2025\/11\/MBT-TF-P.1-CAST-1-480x600.png 480w, https:\/\/www.fvb.cat\/wp-content\/uploads\/2025\/11\/MBT-TF-P.1-CAST-1-800x1000.png 800w, https:\/\/www.fvb.cat\/wp-content\/uploads\/2025\/11\/MBT-TF-P.1-CAST-1-600x750.png 600w, https:\/\/www.fvb.cat\/wp-content\/uploads\/2025\/11\/MBT-TF-P.1-CAST-1.png 1080w\" sizes=\"(max-width: 819px) 100vw, 819px\" \/><\/a><\/div><\/div><div class=\"w-btn-wrapper align_center\"><a class=\"w-btn style_outlined color_navy icon_none\" href=\"https:\/\/www.fvb.cat\/wp-content\/uploads\/2025\/11\/Cartell-MBT-TF-GEN26-cat.pdf\" target=\"_blank\"><span class=\"w-btn-label\">PROGRAMA<\/span><\/a><\/div><\/div><\/div><\/div><div class=\"vc_col-sm-4 wpb_column vc_column_container\"><div class=\"vc_column-inner\"><div class=\"wpb_wrapper\"><div class=\"wpb_text_column \"><div class=\"wpb_wrapper\">\n<h6><strong>Taller sobre el Tratamiento Basado en la Mentalizaci\u00f3n para la Personalidad Antisocial: en la edad adulta (MBT-ASPD): <\/strong>vincular y tratar una mente desconfiada<\/h6>\n<\/div> <\/div> <div class=\"w-image\"><div class=\"us-frame\"><a href=\"https:\/\/www.fvb.cat\/wp-content\/uploads\/2026\/01\/Cartel-MBT.ASPD-EN26-cast.pdf\" title=\"\" target=\"_blank\" rel=\"\"><img loading=\"lazy\" decoding=\"async\" width=\"819\" height=\"1024\" src=\"https:\/\/www.fvb.cat\/wp-content\/uploads\/2025\/11\/PORTADA-CAST-3-1-819x1024.png\" class=\"attachment-large size-large\" alt=\"\" srcset=\"https:\/\/www.fvb.cat\/wp-content\/uploads\/2025\/11\/PORTADA-CAST-3-1-819x1024.png 819w, https:\/\/www.fvb.cat\/wp-content\/uploads\/2025\/11\/PORTADA-CAST-3-1-240x300.png 240w, https:\/\/www.fvb.cat\/wp-content\/uploads\/2025\/11\/PORTADA-CAST-3-1-768x960.png 768w, https:\/\/www.fvb.cat\/wp-content\/uploads\/2025\/11\/PORTADA-CAST-3-1-320x400.png 320w, https:\/\/www.fvb.cat\/wp-content\/uploads\/2025\/11\/PORTADA-CAST-3-1-480x600.png 480w, https:\/\/www.fvb.cat\/wp-content\/uploads\/2025\/11\/PORTADA-CAST-3-1-800x1000.png 800w, https:\/\/www.fvb.cat\/wp-content\/uploads\/2025\/11\/PORTADA-CAST-3-1-600x750.png 600w, https:\/\/www.fvb.cat\/wp-content\/uploads\/2025\/11\/PORTADA-CAST-3-1.png 1080w\" sizes=\"(max-width: 819px) 100vw, 819px\" \/><\/a><\/div><\/div><div class=\"w-btn-wrapper align_center\"><a class=\"w-btn style_outlined color_navy icon_none\" href=\"https:\/\/www.fvb.cat\/wp-content\/uploads\/2026\/01\/Cartel-MBT.ASPD-EN26-cast.pdf\" target=\"_blank\"><span class=\"w-btn-label\">PROGRAMA<\/span><\/a><\/div><\/div><\/div><\/div><\/div><div class=\"g-cols wpb_row type_default valign_top vc_inner \"><div class=\"vc_col-sm-4 wpb_column vc_column_container\"><div class=\"vc_column-inner\"><div class=\"wpb_wrapper\"><div class=\"wpb_text_column \"><div class=\"wpb_wrapper\">\n<h6><strong>Video-intervenci\u00f3n y mentalizaci\u00f3n como herramientas para el trabajo cl\u00ednico en Primera Infancia<\/strong><\/h6>\n<h5><\/h5>\n<h5><\/h5>\n<\/div> <\/div> <div class=\"w-image\"><div class=\"us-frame\"><a href=\"https:\/\/www.fvb.cat\/wp-content\/uploads\/2026\/01\/Video-intervencion-y-mentalizacion_rev_CAST.pdf\" title=\"\" target=\"_blank\" rel=\"\"><img loading=\"lazy\" decoding=\"async\" width=\"724\" height=\"1024\" src=\"https:\/\/www.fvb.cat\/wp-content\/uploads\/2026\/01\/Video-intervencion-y-mentalizacion_rev.pdf-1-724x1024.jpg\" class=\"attachment-large size-large\" alt=\"\" srcset=\"https:\/\/www.fvb.cat\/wp-content\/uploads\/2026\/01\/Video-intervencion-y-mentalizacion_rev.pdf-1-724x1024.jpg 724w, https:\/\/www.fvb.cat\/wp-content\/uploads\/2026\/01\/Video-intervencion-y-mentalizacion_rev.pdf-1-212x300.jpg 212w, https:\/\/www.fvb.cat\/wp-content\/uploads\/2026\/01\/Video-intervencion-y-mentalizacion_rev.pdf-1-768x1086.jpg 768w, https:\/\/www.fvb.cat\/wp-content\/uploads\/2026\/01\/Video-intervencion-y-mentalizacion_rev.pdf-1-1086x1536.jpg 1086w, https:\/\/www.fvb.cat\/wp-content\/uploads\/2026\/01\/Video-intervencion-y-mentalizacion_rev.pdf-1-320x453.jpg 320w, https:\/\/www.fvb.cat\/wp-content\/uploads\/2026\/01\/Video-intervencion-y-mentalizacion_rev.pdf-1-480x679.jpg 480w, https:\/\/www.fvb.cat\/wp-content\/uploads\/2026\/01\/Video-intervencion-y-mentalizacion_rev.pdf-1-800x1132.jpg 800w, https:\/\/www.fvb.cat\/wp-content\/uploads\/2026\/01\/Video-intervencion-y-mentalizacion_rev.pdf-1-600x849.jpg 600w, https:\/\/www.fvb.cat\/wp-content\/uploads\/2026\/01\/Video-intervencion-y-mentalizacion_rev.pdf-1.jpg 1414w\" sizes=\"(max-width: 724px) 100vw, 724px\" \/><\/a><\/div><\/div><div class=\"w-btn-wrapper align_center\"><a class=\"w-btn style_outlined color_navy icon_none\" href=\"https:\/\/www.fvb.cat\/wp-content\/uploads\/2026\/01\/Video-intervencion-y-mentalizacion_rev_CAST.pdf\" target=\"_blank\"><span class=\"w-btn-label\">PROGRAMA <\/span><\/a><\/div><\/div><\/div><\/div><\/div><div class=\"g-cols wpb_row type_default valign_top vc_inner \"><div class=\"vc_col-sm-12 wpb_column vc_column_container\"><div class=\"vc_column-inner\"><div class=\"wpb_wrapper\"><div class=\"w-separator type_default size_medium thick_5 style_solid color_border cont_none\"><span class=\"w-separator-h\"><\/span><\/div><div class=\"wpb_text_column \"><div class=\"wpb_wrapper\">\n<h4><strong>Inf\u00f3rmarte<\/strong> sobre nuestros servicios\u00a0de <strong>lunes a viernes de 15:30h. a 21:00h.<\/strong><\/h4>\n<h4><img loading=\"lazy\" decoding=\"async\" class=\"alignnone wp-image-9960\" src=\"https:\/\/www.fvb.cat\/wp-content\/uploads\/2021\/06\/whatsapp-150x150.png\" alt=\"\" width=\"25\" height=\"25\" srcset=\"https:\/\/www.fvb.cat\/wp-content\/uploads\/2021\/06\/whatsapp-150x150.png 150w, https:\/\/www.fvb.cat\/wp-content\/uploads\/2021\/06\/whatsapp-100x100.png 100w, https:\/\/www.fvb.cat\/wp-content\/uploads\/2021\/06\/whatsapp.png 155w\" sizes=\"(max-width: 25px) 100vw, 25px\" \/>\u00a0 +34 670 26 32 84 \u00a0\u00a0<img loading=\"lazy\" decoding=\"async\" class=\"alignnone wp-image-10030\" src=\"https:\/\/www.fvb.cat\/wp-content\/uploads\/2021\/06\/telefon.png\" alt=\"\" width=\"31\" height=\"23\" \/>\u00a0934 340 001 \u00a0o escr\u00edbenos a <strong>docencia@fvb.cat<\/strong><\/h4>\n<\/div> <\/div> <div class=\"wpb_text_column \"><div class=\"wpb_wrapper\">\n<h4><\/h4>\n<h4><strong>Segueix-nos a les xarxes socials de l\u2019IUSMVB \u2013 URL<\/strong><\/h4>\n<\/div> <\/div> <div class=\"w-socials align_left style_outlined color_link index_2\" style=\"font-size:25px;\"><div class=\"w-socials-list\"><div class=\"w-socials-item email\">\n\t\t\t\t<a class=\"w-socials-item-link\" target=\"_blank\" href=\"mailto:docencia@fvb.cat\">\n\t\t\t\t\t<span class=\"w-socials-item-link-hover\"><\/span>\n\t\t\t\t<\/a>\n\t\t\t\t<div class=\"w-socials-item-popup\">\n\t\t\t\t\t<span>Email<\/span>\n\t\t\t\t<\/div>\n\t\t\t<\/div><div class=\"w-socials-item facebook\">\n\t\t\t\t<a class=\"w-socials-item-link\" target=\"_blank\" href=\"https:\/\/www.facebook.com\/IUSalutMentalVB\">\n\t\t\t\t\t<span class=\"w-socials-item-link-hover\"><\/span>\n\t\t\t\t<\/a>\n\t\t\t\t<div class=\"w-socials-item-popup\">\n\t\t\t\t\t<span>Facebook<\/span>\n\t\t\t\t<\/div>\n\t\t\t<\/div><div class=\"w-socials-item twitter\">\n\t\t\t\t<a class=\"w-socials-item-link\" target=\"_blank\" href=\"https:\/\/twitter.com\/IUSalutMentalVB\">\n\t\t\t\t\t<span class=\"w-socials-item-link-hover\"><\/span>\n\t\t\t\t<\/a>\n\t\t\t\t<div class=\"w-socials-item-popup\">\n\t\t\t\t\t<span>Twitter<\/span>\n\t\t\t\t<\/div>\n\t\t\t<\/div><div class=\"w-socials-item youtube\">\n\t\t\t\t<a class=\"w-socials-item-link\" target=\"_blank\" href=\"https:\/\/www.youtube.com\/channel\/UCQ4UXxgNU7lWsnRU1w-nxbQ\">\n\t\t\t\t\t<span class=\"w-socials-item-link-hover\"><\/span>\n\t\t\t\t<\/a>\n\t\t\t\t<div class=\"w-socials-item-popup\">\n\t\t\t\t\t<span>YouTube<\/span>\n\t\t\t\t<\/div>\n\t\t\t<\/div><div class=\"w-socials-item instagram\">\n\t\t\t\t<a class=\"w-socials-item-link\" target=\"_blank\" href=\"https:\/\/www.instagram.com\/iusalutmentalvb\/\">\n\t\t\t\t\t<span class=\"w-socials-item-link-hover\"><\/span>\n\t\t\t\t<\/a>\n\t\t\t\t<div class=\"w-socials-item-popup\">\n\t\t\t\t\t<span>Instagram<\/span>\n\t\t\t\t<\/div>\n\t\t\t<\/div><\/div><\/div><\/div><\/div><\/div><\/div><\/div><\/div><\/div><\/div><\/div><\/section>","protected":false},"excerpt":{"rendered":"Fundaci\u00f3n Vidal i Barraquer Somos una instituci\u00f3n creada en 1964 y dedicada...","protected":false},"author":33,"featured_media":0,"parent":5874,"menu_order":0,"comment_status":"closed","ping_status":"closed","template":"","meta":{"footnotes":""},"yoast_head":"<!-- This site is optimized with the Yoast SEO plugin v22.6 - https:\/\/yoast.com\/wordpress\/plugins\/seo\/ -->\n<title>Formaci\u00f3n Continuada en Psicoterapia - Fundaci\u00f3 Vidal i Barraquer<\/title>\n<meta name=\"robots\" content=\"index, follow, max-snippet:-1, max-image-preview:large, max-video-preview:-1\" \/>\n<link rel=\"canonical\" href=\"https:\/\/www.fvb.cat\/es\/docencia\/formacion-continuada\/\" \/>\n<meta property=\"og:locale\" content=\"es_ES\" \/>\n<meta property=\"og:type\" content=\"article\" \/>\n<meta property=\"og:title\" content=\"[:ca]Formaci\u00f3 Continuada en Psicoter\u00e0pia[:es]Formaci\u00f3n Continuada en Psicoterapia[:] - Fundaci\u00f3 Vidal i Barraquer\" \/>\n<meta property=\"og:url\" content=\"https:\/\/www.fvb.cat\/es\/docencia\/formacion-continuada\/\" \/>\n<meta property=\"og:site_name\" content=\"Fundaci\u00f3 Vidal i Barraquer\" \/>\n<meta property=\"article:modified_time\" content=\"2026-04-13T07:59:05+00:00\" \/>\n<meta property=\"og:image\" content=\"https:\/\/www.fvb.cat\/wp-content\/uploads\/2021\/06\/whatsapp.png\" \/>\n<meta name=\"twitter:card\" content=\"summary_large_image\" \/>\n<meta name=\"twitter:label1\" content=\"Tiempo de lectura\" \/>\n\t<meta name=\"twitter:data1\" content=\"9 minutos\" \/>\n<script type=\"application\/ld+json\" class=\"yoast-schema-graph\">{\"@context\":\"https:\/\/schema.org\",\"@graph\":[{\"@type\":\"WebPage\",\"@id\":\"https:\/\/www.fvb.cat\/es\/docencia\/formacion-continuada\/\",\"url\":\"https:\/\/www.fvb.cat\/es\/docencia\/formacion-continuada\/\",\"name\":\"[:ca]Formaci\u00f3 Continuada en Psicoter\u00e0pia[:es]Formaci\u00f3n Continuada en Psicoterapia[:] - Fundaci\u00f3 Vidal i Barraquer\",\"isPartOf\":{\"@id\":\"https:\/\/www.fvb.cat\/es\/#website\"},\"primaryImageOfPage\":{\"@id\":\"https:\/\/www.fvb.cat\/es\/docencia\/formacion-continuada\/#primaryimage\"},\"image\":{\"@id\":\"https:\/\/www.fvb.cat\/es\/docencia\/formacion-continuada\/#primaryimage\"},\"thumbnailUrl\":\"https:\/\/www.fvb.cat\/wp-content\/uploads\/2021\/06\/whatsapp.png\",\"datePublished\":\"2025-07-30T10:31:10+00:00\",\"dateModified\":\"2026-04-13T07:59:05+00:00\",\"breadcrumb\":{\"@id\":\"https:\/\/www.fvb.cat\/es\/docencia\/formacion-continuada\/#breadcrumb\"},\"inLanguage\":\"es\",\"potentialAction\":[{\"@type\":\"ReadAction\",\"target\":[\"https:\/\/www.fvb.cat\/es\/docencia\/formacion-continuada\/\"]}]},{\"@type\":\"ImageObject\",\"inLanguage\":\"es\",\"@id\":\"https:\/\/www.fvb.cat\/es\/docencia\/formacion-continuada\/#primaryimage\",\"url\":\"https:\/\/www.fvb.cat\/wp-content\/uploads\/2021\/06\/whatsapp.png\",\"contentUrl\":\"https:\/\/www.fvb.cat\/wp-content\/uploads\/2021\/06\/whatsapp.png\"},{\"@type\":\"BreadcrumbList\",\"@id\":\"https:\/\/www.fvb.cat\/es\/docencia\/formacion-continuada\/#breadcrumb\",\"itemListElement\":[{\"@type\":\"ListItem\",\"position\":1,\"name\":\"Inici\",\"item\":\"https:\/\/www.fvb.cat\/es\/\"},{\"@type\":\"ListItem\",\"position\":2,\"name\":\"Docencia\",\"item\":\"https:\/\/www.fvb.cat\/es\/docencia\/\"},{\"@type\":\"ListItem\",\"position\":3,\"name\":\"Formaci\u00f3n Continuada en Psicoterapia\"}]},{\"@type\":\"WebSite\",\"@id\":\"https:\/\/www.fvb.cat\/es\/#website\",\"url\":\"https:\/\/www.fvb.cat\/es\/\",\"name\":\"Fundaci\u00f3 Vidal i Barraquer\",\"description\":\"Asistencia, docencia e investigaci\u00f3n en Salud Mental\",\"publisher\":{\"@id\":\"https:\/\/www.fvb.cat\/es\/#organization\"},\"potentialAction\":[{\"@type\":\"SearchAction\",\"target\":{\"@type\":\"EntryPoint\",\"urlTemplate\":\"https:\/\/www.fvb.cat\/es\/?s={search_term_string}\"},\"query-input\":\"required name=search_term_string\"}],\"inLanguage\":\"es\"},{\"@type\":\"Organization\",\"@id\":\"https:\/\/www.fvb.cat\/es\/#organization\",\"name\":\"Fundaci\u00f3 Vidal i Barraquer\",\"url\":\"https:\/\/www.fvb.cat\/es\/\",\"logo\":{\"@type\":\"ImageObject\",\"inLanguage\":\"es\",\"@id\":\"https:\/\/www.fvb.cat\/es\/#\/schema\/logo\/image\/\",\"url\":\"https:\/\/www.fvb.cat\/wp-content\/uploads\/2024\/05\/logo-vidal-i-barrauqer-60-aniversari.jpg\",\"contentUrl\":\"https:\/\/www.fvb.cat\/wp-content\/uploads\/2024\/05\/logo-vidal-i-barrauqer-60-aniversari.jpg\",\"width\":2125,\"height\":703,\"caption\":\"Fundaci\u00f3 Vidal i Barraquer\"},\"image\":{\"@id\":\"https:\/\/www.fvb.cat\/es\/#\/schema\/logo\/image\/\"}}]}<\/script>\n<!-- \/ Yoast SEO plugin. -->","yoast_head_json":{"title":"[:ca]Formaci\u00f3 Continuada en Psicoter\u00e0pia[:es]Formaci\u00f3n Continuada en Psicoterapia[:] - Fundaci\u00f3 Vidal i Barraquer","robots":{"index":"index","follow":"follow","max-snippet":"max-snippet:-1","max-image-preview":"max-image-preview:large","max-video-preview":"max-video-preview:-1"},"canonical":"https:\/\/www.fvb.cat\/es\/docencia\/formacion-continuada\/","og_locale":"es_ES","og_type":"article","og_title":"[:ca]Formaci\u00f3 Continuada en Psicoter\u00e0pia[:es]Formaci\u00f3n Continuada en Psicoterapia[:] - Fundaci\u00f3 Vidal i Barraquer","og_url":"https:\/\/www.fvb.cat\/es\/docencia\/formacion-continuada\/","og_site_name":"Fundaci\u00f3 Vidal i Barraquer","article_modified_time":"2026-04-13T07:59:05+00:00","og_image":[{"url":"https:\/\/www.fvb.cat\/wp-content\/uploads\/2021\/06\/whatsapp.png"}],"twitter_card":"summary_large_image","twitter_misc":{"Tiempo de lectura":"9 minutos"},"schema":{"@context":"https:\/\/schema.org","@graph":[{"@type":"WebPage","@id":"https:\/\/www.fvb.cat\/es\/docencia\/formacion-continuada\/","url":"https:\/\/www.fvb.cat\/es\/docencia\/formacion-continuada\/","name":"[:ca]Formaci\u00f3 Continuada en Psicoter\u00e0pia[:es]Formaci\u00f3n Continuada en Psicoterapia[:] - Fundaci\u00f3 Vidal i Barraquer","isPartOf":{"@id":"https:\/\/www.fvb.cat\/es\/#website"},"primaryImageOfPage":{"@id":"https:\/\/www.fvb.cat\/es\/docencia\/formacion-continuada\/#primaryimage"},"image":{"@id":"https:\/\/www.fvb.cat\/es\/docencia\/formacion-continuada\/#primaryimage"},"thumbnailUrl":"https:\/\/www.fvb.cat\/wp-content\/uploads\/2021\/06\/whatsapp.png","datePublished":"2025-07-30T10:31:10+00:00","dateModified":"2026-04-13T07:59:05+00:00","breadcrumb":{"@id":"https:\/\/www.fvb.cat\/es\/docencia\/formacion-continuada\/#breadcrumb"},"inLanguage":"es","potentialAction":[{"@type":"ReadAction","target":["https:\/\/www.fvb.cat\/es\/docencia\/formacion-continuada\/"]}]},{"@type":"ImageObject","inLanguage":"es","@id":"https:\/\/www.fvb.cat\/es\/docencia\/formacion-continuada\/#primaryimage","url":"https:\/\/www.fvb.cat\/wp-content\/uploads\/2021\/06\/whatsapp.png","contentUrl":"https:\/\/www.fvb.cat\/wp-content\/uploads\/2021\/06\/whatsapp.png"},{"@type":"BreadcrumbList","@id":"https:\/\/www.fvb.cat\/es\/docencia\/formacion-continuada\/#breadcrumb","itemListElement":[{"@type":"ListItem","position":1,"name":"Inici","item":"https:\/\/www.fvb.cat\/es\/"},{"@type":"ListItem","position":2,"name":"Docencia","item":"https:\/\/www.fvb.cat\/es\/docencia\/"},{"@type":"ListItem","position":3,"name":"Formaci\u00f3n Continuada en Psicoterapia"}]},{"@type":"WebSite","@id":"https:\/\/www.fvb.cat\/es\/#website","url":"https:\/\/www.fvb.cat\/es\/","name":"Fundaci\u00f3 Vidal i Barraquer","description":"Asistencia, docencia e investigaci\u00f3n en Salud Mental","publisher":{"@id":"https:\/\/www.fvb.cat\/es\/#organization"},"potentialAction":[{"@type":"SearchAction","target":{"@type":"EntryPoint","urlTemplate":"https:\/\/www.fvb.cat\/es\/?s={search_term_string}"},"query-input":"required name=search_term_string"}],"inLanguage":"es"},{"@type":"Organization","@id":"https:\/\/www.fvb.cat\/es\/#organization","name":"Fundaci\u00f3 Vidal i Barraquer","url":"https:\/\/www.fvb.cat\/es\/","logo":{"@type":"ImageObject","inLanguage":"es","@id":"https:\/\/www.fvb.cat\/es\/#\/schema\/logo\/image\/","url":"https:\/\/www.fvb.cat\/wp-content\/uploads\/2024\/05\/logo-vidal-i-barrauqer-60-aniversari.jpg","contentUrl":"https:\/\/www.fvb.cat\/wp-content\/uploads\/2024\/05\/logo-vidal-i-barrauqer-60-aniversari.jpg","width":2125,"height":703,"caption":"Fundaci\u00f3 Vidal i Barraquer"},"image":{"@id":"https:\/\/www.fvb.cat\/es\/#\/schema\/logo\/image\/"}}]}},"_links":{"self":[{"href":"https:\/\/www.fvb.cat\/es\/wp-json\/wp\/v2\/pages\/17309"}],"collection":[{"href":"https:\/\/www.fvb.cat\/es\/wp-json\/wp\/v2\/pages"}],"about":[{"href":"https:\/\/www.fvb.cat\/es\/wp-json\/wp\/v2\/types\/page"}],"author":[{"embeddable":true,"href":"https:\/\/www.fvb.cat\/es\/wp-json\/wp\/v2\/users\/33"}],"replies":[{"embeddable":true,"href":"https:\/\/www.fvb.cat\/es\/wp-json\/wp\/v2\/comments?post=17309"}],"version-history":[{"count":94,"href":"https:\/\/www.fvb.cat\/es\/wp-json\/wp\/v2\/pages\/17309\/revisions"}],"predecessor-version":[{"id":18382,"href":"https:\/\/www.fvb.cat\/es\/wp-json\/wp\/v2\/pages\/17309\/revisions\/18382"}],"up":[{"embeddable":true,"href":"https:\/\/www.fvb.cat\/es\/wp-json\/wp\/v2\/pages\/5874"}],"wp:attachment":[{"href":"https:\/\/www.fvb.cat\/es\/wp-json\/wp\/v2\/media?parent=17309"}],"curies":[{"name":"wp","href":"https:\/\/api.w.org\/{rel}","templated":true}]}}