{"id":15136,"date":"2024-05-02T15:51:54","date_gmt":"2024-05-02T14:51:54","guid":{"rendered":"https:\/\/www.fvb.cat\/es\/?page_id=15136"},"modified":"2025-11-05T10:31:42","modified_gmt":"2025-11-05T09:31:42","slug":"15136-2","status":"publish","type":"page","link":"https:\/\/www.fvb.cat\/es\/","title":{"rendered":"Home"},"content":{"rendered":"<section class=\"l-section wpb_row height_medium\" style=\"margin-top: -88px !important;\"><div class=\"l-section-h i-cf\"><div class=\"g-cols type_default valign_top\"><div class=\"vc_col-sm-12 wpb_column vc_column_container\"><div class=\"vc_column-inner\"><div class=\"wpb_wrapper\"><\/div><\/div><\/div><\/div><\/div><\/section><section class=\"l-section wpb_row height_medium\"><div class=\"l-section-h i-cf\"><div class=\"g-cols type_default valign_top\"><div class=\"vc_col-sm-12 wpb_column vc_column_container\"><div class=\"vc_column-inner  vc_custom_1714664273636\"><div class=\"wpb_wrapper\"><div id=\"uvc-type-wrap-6587\"  data-ultimate-target='#uvc-type-wrap-6587'  data-responsive-json-new='{\"font-size\":\"desktop:30px;\",\"line-height\":\"desktop:21px;\"}'  class=\"uvc-type-wrap  ult-adjust-bottom-margin ult-responsive  uvc-type-align-center  uvc-wrap-48723375469f3a66ca3453\" style=\"font-weight:bold;text-align:center;\"><span  data-ultimate-target='#uvc-type-wrap-6587 .mycustfancy'  data-responsive-json-new='{\"font-size\":\"desktop:30px;\",\"line-height\":\"desktop:21px;\"}'  class=\"ultimate-typewriter-prefix mycustfancy ult-responsive\" style=\"font-weight:normal;\">Integramos <\/span><span id=\"typed-48723375469f3a66ca3453\" class=\"ultimate-typed-main \" style=\"color:#1f4e62;\"><\/span><span  data-ultimate-target='#uvc-type-wrap-6587 .mycustfancy'  data-responsive-json-new='{\"font-size\":\"desktop:30px;\",\"line-height\":\"desktop:21px;\"}'  class=\"ultimate-typewriter-suffix mycustfancy ult-responsive\" style=\"font-weight:normal;\">en salud mental<\/span><script type=\"text\/javascript\"> jQuery(function($){ $(\"#typed-48723375469f3a66ca3453\").typed({\n\t\t\t\t\t\t\t\tstrings: [\"la asistencia\",\"la docencia\",\"la investigaci\u00f3n\"],\n\t\t\t\t\t\t\t\ttypeSpeed: 35,\n\t\t\t\t\t\t\t\tbackSpeed: 0,\n\t\t\t\t\t\t\t\tstartDelay: 200,\n\t\t\t\t\t\t\t\tbackDelay: 1500,\n\t\t\t\t\t\t\t\tloop: true,\n\t\t\t\t\t\t\t\tloopCount: false,\n\t\t\t\t\t\t\t\tshowCursor: true,\n\t\t\t\t\t\t\t\tcursorChar: \"|\",\n\t\t\t\t\t\t\t\tattr: null\n\t\t\t\t\t\t\t});\n\t\t\t\t\t\t});\n\t\t\t\t\t<\/script><style>\n\t\t\t\t\t\t\t.uvc-wrap-48723375469f3a66ca3453 .typed-cursor {\n\t\t\t\t\t\t\t\tcolor:#1e1e1e;\n\t\t\t\t\t\t\t}\n\t\t\t\t\t\t<\/style><\/div><\/div><\/div><\/div><\/div><\/div><\/section><section class=\"l-section wpb_row height_medium\" style=\"margin-top: -24px !important;\"><div class=\"l-section-h i-cf\"><div class=\"g-cols type_default valign_top\"><div class=\"vc_col-sm-2 wpb_column vc_column_container\"><div class=\"vc_column-inner\"><div class=\"wpb_wrapper\"><div class=\"w-image\"><div class=\"us-frame\"><a href=\"https:\/\/www.fvb.cat\/es\/institut-universitari\/\" title=\"\" target=\"\" rel=\"\"><img loading=\"lazy\" decoding=\"async\" width=\"350\" height=\"350\" src=\"https:\/\/www.fvb.cat\/wp-content\/uploads\/2024\/05\/1-1-350x350.jpeg\" class=\"attachment-tnail-1x1-small size-tnail-1x1-small\" alt=\"\" srcset=\"https:\/\/www.fvb.cat\/wp-content\/uploads\/2024\/05\/1-1-350x350.jpeg 350w, https:\/\/www.fvb.cat\/wp-content\/uploads\/2024\/05\/1-1-300x300.jpeg 300w, https:\/\/www.fvb.cat\/wp-content\/uploads\/2024\/05\/1-1-1024x1024.jpeg 1024w, https:\/\/www.fvb.cat\/wp-content\/uploads\/2024\/05\/1-1-150x150.jpeg 150w, https:\/\/www.fvb.cat\/wp-content\/uploads\/2024\/05\/1-1-768x768.jpeg 768w, https:\/\/www.fvb.cat\/wp-content\/uploads\/2024\/05\/1-1-1536x1536.jpeg 1536w, https:\/\/www.fvb.cat\/wp-content\/uploads\/2024\/05\/1-1-320x320.jpeg 320w, https:\/\/www.fvb.cat\/wp-content\/uploads\/2024\/05\/1-1-480x480.jpeg 480w, https:\/\/www.fvb.cat\/wp-content\/uploads\/2024\/05\/1-1-800x800.jpeg 800w, https:\/\/www.fvb.cat\/wp-content\/uploads\/2024\/05\/1-1-600x600.jpeg 600w, https:\/\/www.fvb.cat\/wp-content\/uploads\/2024\/05\/1-1-100x100.jpeg 100w, https:\/\/www.fvb.cat\/wp-content\/uploads\/2024\/05\/1-1.jpeg 1899w\" sizes=\"(max-width: 350px) 100vw, 350px\" \/><\/a><\/div><\/div><div class=\"wpb_text_column \"><div class=\"wpb_wrapper\">\n<h6 style=\"text-align: center;\"><strong>INSTITUTO UNIVERSITARIO<\/strong><\/h6>\n<\/div> <\/div> <div class=\"wpb_text_column \"><div class=\"wpb_wrapper\">\n<p style=\"text-align: center;\">Un centro donde convergen la psicolog\u00eda y la psiquiatr\u00eda bajo una visi\u00f3n biopsicosocial de cada persona.<\/p>\n<\/div> <\/div> <\/div><\/div><\/div><div class=\"vc_col-sm-2 wpb_column vc_column_container\"><div class=\"vc_column-inner\"><div class=\"wpb_wrapper\"><div class=\"w-image\"><div class=\"us-frame\"><a href=\"https:\/\/www.fvb.cat\/ca\/assistencia-publica\/csm-sant-andreu\/\" title=\"\" target=\"\" rel=\"\"><img loading=\"lazy\" decoding=\"async\" width=\"350\" height=\"350\" src=\"https:\/\/www.fvb.cat\/wp-content\/uploads\/2024\/05\/sm-sant-andreu-350x350.jpg\" class=\"attachment-tnail-1x1-small size-tnail-1x1-small\" alt=\"\" srcset=\"https:\/\/www.fvb.cat\/wp-content\/uploads\/2024\/05\/sm-sant-andreu-350x350.jpg 350w, https:\/\/www.fvb.cat\/wp-content\/uploads\/2024\/05\/sm-sant-andreu-300x300.jpg 300w, https:\/\/www.fvb.cat\/wp-content\/uploads\/2024\/05\/sm-sant-andreu-150x150.jpg 150w, https:\/\/www.fvb.cat\/wp-content\/uploads\/2024\/05\/sm-sant-andreu-768x768.jpg 768w, https:\/\/www.fvb.cat\/wp-content\/uploads\/2024\/05\/sm-sant-andreu-320x320.jpg 320w, https:\/\/www.fvb.cat\/wp-content\/uploads\/2024\/05\/sm-sant-andreu-480x480.jpg 480w, https:\/\/www.fvb.cat\/wp-content\/uploads\/2024\/05\/sm-sant-andreu-800x800.jpg 800w, https:\/\/www.fvb.cat\/wp-content\/uploads\/2024\/05\/sm-sant-andreu-600x600.jpg 600w, https:\/\/www.fvb.cat\/wp-content\/uploads\/2024\/05\/sm-sant-andreu-100x100.jpg 100w, https:\/\/www.fvb.cat\/wp-content\/uploads\/2024\/05\/sm-sant-andreu.jpg 866w\" sizes=\"(max-width: 350px) 100vw, 350px\" \/><\/a><\/div><\/div><div class=\"wpb_text_column \"><div class=\"wpb_wrapper\">\n<h6 style=\"text-align: center;\"><strong>SSM<br \/>\nSANT ANDREU<\/strong><\/h6>\n<\/div> <\/div> <div class=\"wpb_text_column \"><div class=\"wpb_wrapper\">\n<p style=\"text-align: center;\">En el Centro de Salud Mental para Adultos encontrar\u00e1s servicios p\u00fablicos concertados con el\u00a0<span class=\"hiddenSpellError\">Servei<\/span>\u00a0<span class=\"hiddenSpellError\">Catal\u00e0<\/span>\u00a0de la\u00a0<span class=\"hiddenSpellError\">Salut<\/span>.<\/p>\n<\/div> <\/div> <\/div><\/div><\/div><div class=\"vc_col-sm-2 wpb_column vc_column_container\"><div class=\"vc_column-inner\"><div class=\"wpb_wrapper\"><div class=\"w-image\"><div class=\"us-frame\"><a href=\"https:\/\/www.fvb.cat\/es\/centro-medico-psicologico-2-2\/?preview_id=17483&#038;preview_nonce=33562d8695&#038;_thumbnail_id=-1&#038;preview=true\" title=\"\" target=\"\" rel=\"\"><img loading=\"lazy\" decoding=\"async\" width=\"350\" height=\"350\" src=\"https:\/\/www.fvb.cat\/wp-content\/uploads\/2024\/05\/3-350x350.jpeg\" class=\"attachment-tnail-1x1-small size-tnail-1x1-small\" alt=\"\" srcset=\"https:\/\/www.fvb.cat\/wp-content\/uploads\/2024\/05\/3-350x350.jpeg 350w, https:\/\/www.fvb.cat\/wp-content\/uploads\/2024\/05\/3-300x300.jpeg 300w, https:\/\/www.fvb.cat\/wp-content\/uploads\/2024\/05\/3-150x150.jpeg 150w, https:\/\/www.fvb.cat\/wp-content\/uploads\/2024\/05\/3-768x768.jpeg 768w, https:\/\/www.fvb.cat\/wp-content\/uploads\/2024\/05\/3-320x320.jpeg 320w, https:\/\/www.fvb.cat\/wp-content\/uploads\/2024\/05\/3-480x480.jpeg 480w, https:\/\/www.fvb.cat\/wp-content\/uploads\/2024\/05\/3-600x600.jpeg 600w, https:\/\/www.fvb.cat\/wp-content\/uploads\/2024\/05\/3-100x100.jpeg 100w, https:\/\/www.fvb.cat\/wp-content\/uploads\/2024\/05\/3.jpeg 800w\" sizes=\"(max-width: 350px) 100vw, 350px\" \/><\/a><\/div><\/div><div class=\"wpb_text_column \"><div class=\"wpb_wrapper\">\n<h6 style=\"text-align: center;\"><b>CENTRO M\u00c9DICO<br \/>\n<\/b><strong>PSICOL\u00d3GICO<\/strong><\/h6>\n<\/div> <\/div> <div class=\"wpb_text_column \"><div class=\"wpb_wrapper\">\n<p class=\"p1\" style=\"text-align: center;\">Para recibir atenci\u00f3n psicol\u00f3gica, pide hora en el Centro M\u00e9dico Psicol\u00f3gico. Te explicamos como hacerlo.<\/p>\n<\/div> <\/div> <\/div><\/div><\/div><div class=\"vc_col-sm-2 wpb_column vc_column_container\"><div class=\"vc_column-inner\"><div class=\"wpb_wrapper\"><div class=\"w-image\"><div class=\"us-frame\"><a href=\"https:\/\/www.fvb.cat\/ca\/docencia\/\" title=\"\" target=\"\" rel=\"\"><img loading=\"lazy\" decoding=\"async\" width=\"350\" height=\"350\" src=\"https:\/\/www.fvb.cat\/wp-content\/uploads\/2024\/05\/4-350x350.jpeg\" class=\"attachment-tnail-1x1-small size-tnail-1x1-small\" alt=\"\" srcset=\"https:\/\/www.fvb.cat\/wp-content\/uploads\/2024\/05\/4-350x350.jpeg 350w, https:\/\/www.fvb.cat\/wp-content\/uploads\/2024\/05\/4-300x300.jpeg 300w, https:\/\/www.fvb.cat\/wp-content\/uploads\/2024\/05\/4-150x150.jpeg 150w, https:\/\/www.fvb.cat\/wp-content\/uploads\/2024\/05\/4-768x768.jpeg 768w, https:\/\/www.fvb.cat\/wp-content\/uploads\/2024\/05\/4-320x320.jpeg 320w, https:\/\/www.fvb.cat\/wp-content\/uploads\/2024\/05\/4-480x480.jpeg 480w, https:\/\/www.fvb.cat\/wp-content\/uploads\/2024\/05\/4-600x600.jpeg 600w, https:\/\/www.fvb.cat\/wp-content\/uploads\/2024\/05\/4-100x100.jpeg 100w, https:\/\/www.fvb.cat\/wp-content\/uploads\/2024\/05\/4.jpeg 800w\" sizes=\"(max-width: 350px) 100vw, 350px\" \/><\/a><\/div><\/div><div class=\"wpb_text_column \"><div class=\"wpb_wrapper\">\n<h6 style=\"text-align: center;\"><b>POSTGRADOS<\/b><\/h6>\n<\/div> <\/div> <div class=\"wpb_text_column \"><div class=\"wpb_wrapper\">\n<p class=\"p1\" style=\"text-align: center;\">Nuestros programas articulan profesionalizaci\u00f3n e investigaci\u00f3n tanto en \u00e1mbitos asistenciales p\u00fablicos como privados.<\/p>\n<\/div> <\/div> <\/div><\/div><\/div><div class=\"vc_col-sm-2 wpb_column vc_column_container\"><div class=\"vc_column-inner\"><div class=\"wpb_wrapper\"><div class=\"w-image\"><div class=\"us-frame\"><a href=\"https:\/\/www.fvb.cat\/es\/docencia\/\" title=\"\" target=\"\" rel=\"\"><img loading=\"lazy\" decoding=\"async\" width=\"350\" height=\"350\" src=\"https:\/\/www.fvb.cat\/wp-content\/uploads\/2024\/05\/5-350x350.jpeg\" class=\"attachment-tnail-1x1-small size-tnail-1x1-small\" alt=\"\" srcset=\"https:\/\/www.fvb.cat\/wp-content\/uploads\/2024\/05\/5-350x350.jpeg 350w, https:\/\/www.fvb.cat\/wp-content\/uploads\/2024\/05\/5-300x300.jpeg 300w, https:\/\/www.fvb.cat\/wp-content\/uploads\/2024\/05\/5-150x150.jpeg 150w, https:\/\/www.fvb.cat\/wp-content\/uploads\/2024\/05\/5-768x768.jpeg 768w, https:\/\/www.fvb.cat\/wp-content\/uploads\/2024\/05\/5-320x320.jpeg 320w, https:\/\/www.fvb.cat\/wp-content\/uploads\/2024\/05\/5-480x480.jpeg 480w, https:\/\/www.fvb.cat\/wp-content\/uploads\/2024\/05\/5-600x600.jpeg 600w, https:\/\/www.fvb.cat\/wp-content\/uploads\/2024\/05\/5-100x100.jpeg 100w, https:\/\/www.fvb.cat\/wp-content\/uploads\/2024\/05\/5.jpeg 800w\" sizes=\"(max-width: 350px) 100vw, 350px\" \/><\/a><\/div><\/div><div class=\"wpb_text_column \"><div class=\"wpb_wrapper\">\n<h6 class=\"p1\" style=\"text-align: center;\"><strong><span class=\"s1\">M\u00c1STERS<\/span><\/strong><\/h6>\n<\/div> <\/div> <div class=\"wpb_text_column \"><div class=\"wpb_wrapper\">\n<p class=\"p1\" style=\"text-align: center;\">Ofrecen una formaci\u00f3n avanzada para conseguir una especializaci\u00f3n acad\u00e9mica y\/o profesional.<\/p>\n<\/div> <\/div> <\/div><\/div><\/div><div class=\"vc_col-sm-2 wpb_column vc_column_container\"><div class=\"vc_column-inner\"><div class=\"wpb_wrapper\"><div class=\"w-image\"><div class=\"us-frame\"><a href=\"https:\/\/www.fvb.cat\/es\/la-fundacion-2-3\/\" title=\"\" target=\"\" rel=\"\"><img loading=\"lazy\" decoding=\"async\" width=\"350\" height=\"350\" src=\"https:\/\/www.fvb.cat\/wp-content\/uploads\/2024\/05\/logo-vidal-i-barrauqer-60-aniversari-350x350.jpg\" class=\"attachment-tnail-1x1-small size-tnail-1x1-small\" alt=\"\" srcset=\"https:\/\/www.fvb.cat\/wp-content\/uploads\/2024\/05\/logo-vidal-i-barrauqer-60-aniversari-350x350.jpg 350w, https:\/\/www.fvb.cat\/wp-content\/uploads\/2024\/05\/logo-vidal-i-barrauqer-60-aniversari-150x150.jpg 150w, https:\/\/www.fvb.cat\/wp-content\/uploads\/2024\/05\/logo-vidal-i-barrauqer-60-aniversari-600x600.jpg 600w, https:\/\/www.fvb.cat\/wp-content\/uploads\/2024\/05\/logo-vidal-i-barrauqer-60-aniversari-300x300.jpg 300w, https:\/\/www.fvb.cat\/wp-content\/uploads\/2024\/05\/logo-vidal-i-barrauqer-60-aniversari-100x100.jpg 100w\" sizes=\"(max-width: 350px) 100vw, 350px\" \/><\/a><\/div><\/div><div class=\"wpb_text_column \"><div class=\"wpb_wrapper\">\n<h6 class=\"p1\" style=\"text-align: center;\"><strong><span class=\"s1\">LA FUNDACI\u00d3N<\/span><\/strong><\/h6>\n<\/div> <\/div> <div class=\"wpb_text_column \"><div class=\"wpb_wrapper\">\n<p class=\"p1\" style=\"text-align: center;\"><span class=\"s1\">Somos una instituci\u00f3n creada el a\u00f1o 1964 y dedicada al \u00e1mbito de la Salud y espec\u00edficamente al de la Salud Mental. Integramos la asistencia, la docencia y la investigaci\u00f3n en Salud Mental, con una mirada psicol\u00f3gica, social, biol\u00f3gica y espiritual.\u00a0\u00a0<\/span><\/p>\n<\/div> <\/div> <\/div><\/div><\/div><\/div><\/div><\/section><!-- Row Backgrounds --><div class=\"upb_color\" data-bg-override=\"0\" data-bg-color=\"#d4e0e5\" data-fadeout=\"\" data-fadeout-percentage=\"30\" data-parallax-content=\"\" data-parallax-content-sense=\"30\" data-row-effect-mobile-disable=\"true\" data-img-parallax-mobile-disable=\"true\" data-rtl=\"false\"  data-custom-vc-row=\"\"  data-vc=\"5.0.1\"  data-is_old_vc=\"\"  data-theme-support=\"\"   data-overlay=\"false\" data-overlay-color=\"\" data-overlay-pattern=\"\" data-overlay-pattern-opacity=\"\" data-overlay-pattern-size=\"\"    ><\/div><section class=\"l-section wpb_row height_medium\"><div class=\"l-section-h i-cf\"><div class=\"g-cols type_default valign_top\"><div class=\"vc_col-sm-12 wpb_column vc_column_container\"><div class=\"vc_column-inner\"><div class=\"wpb_wrapper\"><div id=\"uvc-type-wrap-3729\"  data-ultimate-target='#uvc-type-wrap-3729'  data-responsive-json-new='{\"font-size\":\"desktop:30px;\",\"line-height\":\"desktop:21px;\"}'  class=\"uvc-type-wrap  ult-adjust-bottom-margin ult-responsive  uvc-type-align-center  uvc-wrap-124484309269f3a66ca3eb8\" style=\"font-weight:bold;text-align:center;\"><span  data-ultimate-target='#uvc-type-wrap-3729 .mycustfancy'  data-responsive-json-new='{\"font-size\":\"desktop:30px;\",\"line-height\":\"desktop:21px;\"}'  class=\"ultimate-typewriter-prefix mycustfancy ult-responsive\" style=\"font-weight:normal;\">Encuentra tu <\/span><span id=\"typed-124484309269f3a66ca3eb8\" class=\"ultimate-typed-main \" style=\"color:#1f4e62;\"><\/span><span  data-ultimate-target='#uvc-type-wrap-3729 .mycustfancy'  data-responsive-json-new='{\"font-size\":\"desktop:30px;\",\"line-height\":\"desktop:21px;\"}'  class=\"ultimate-typewriter-suffix mycustfancy ult-responsive\" style=\"font-weight:normal;\">con nosotros<\/span><script type=\"text\/javascript\"> jQuery(function($){ $(\"#typed-124484309269f3a66ca3eb8\").typed({\n\t\t\t\t\t\t\t\tstrings: [\"m\u00e1ster\",\"postgrado\",\"curso\"],\n\t\t\t\t\t\t\t\ttypeSpeed: 35,\n\t\t\t\t\t\t\t\tbackSpeed: 0,\n\t\t\t\t\t\t\t\tstartDelay: 200,\n\t\t\t\t\t\t\t\tbackDelay: 1500,\n\t\t\t\t\t\t\t\tloop: true,\n\t\t\t\t\t\t\t\tloopCount: false,\n\t\t\t\t\t\t\t\tshowCursor: true,\n\t\t\t\t\t\t\t\tcursorChar: \"|\",\n\t\t\t\t\t\t\t\tattr: null\n\t\t\t\t\t\t\t});\n\t\t\t\t\t\t});\n\t\t\t\t\t<\/script><style>\n\t\t\t\t\t\t\t.uvc-wrap-124484309269f3a66ca3eb8 .typed-cursor {\n\t\t\t\t\t\t\t\tcolor:#000000;\n\t\t\t\t\t\t\t}\n\t\t\t\t\t\t<\/style><\/div><\/div><\/div><\/div><\/div><\/div><\/section><section class=\"l-section wpb_row height_medium\"><div class=\"l-section-h i-cf\"><div class=\"g-cols type_default valign_top\"><div class=\"vc_col-sm-3 wpb_column vc_column_container\"><div class=\"vc_column-inner\"><div class=\"wpb_wrapper\"><div class=\"w-image\"><div class=\"us-frame\"><a href=\"https:\/\/www.fvb.cat\/es\/docencia\/master-formacion-permanente-psicoterapia-psicodinamica-en-la-perinatalidad-la-infancia-y-adolescencia\/\" title=\"\" target=\"_blank\" rel=\"\"><img loading=\"lazy\" decoding=\"async\" width=\"350\" height=\"350\" src=\"https:\/\/www.fvb.cat\/wp-content\/uploads\/2025\/02\/MPPPIA-banner-350x350.jpg\" class=\"attachment-tnail-1x1-small size-tnail-1x1-small\" alt=\"\" srcset=\"https:\/\/www.fvb.cat\/wp-content\/uploads\/2025\/02\/MPPPIA-banner-350x350.jpg 350w, https:\/\/www.fvb.cat\/wp-content\/uploads\/2025\/02\/MPPPIA-banner-150x150.jpg 150w, https:\/\/www.fvb.cat\/wp-content\/uploads\/2025\/02\/MPPPIA-banner-600x600.jpg 600w, https:\/\/www.fvb.cat\/wp-content\/uploads\/2025\/02\/MPPPIA-banner-300x300.jpg 300w, https:\/\/www.fvb.cat\/wp-content\/uploads\/2025\/02\/MPPPIA-banner-100x100.jpg 100w\" sizes=\"(max-width: 350px) 100vw, 350px\" \/><\/a><\/div><\/div><div class=\"g-cols wpb_row type_default valign_top vc_inner \"><div class=\"vc_col-sm-12 wpb_column vc_column_container\"><div class=\"vc_column-inner\"><div class=\"wpb_wrapper\"><div class=\"wpb_text_column \"><div class=\"wpb_wrapper\">\n<h6 style=\"text-align: center;\"><strong>M\u00c1STER EN FORMACI\u00d3N PERMANENTE EN PSICOTERAPIA PSICODIN\u00c1MICA EN LA PERINATALIDAD, LA INFANCIA Y LA ADOLESCENCIA<\/strong><\/h6>\n<\/div> <\/div> <\/div><\/div><\/div><\/div><div class=\"w-tabs layout_default accordion title_left icon_chevron iconpos_right \"><div class=\"w-tabs-list items_3\"><div class=\"w-tabs-list-h\"><div class=\"w-tabs-item\"><a href=\"#1743673366456-d647e1be-ccee\" class=\"w-tabs-item-h\"><span class=\"w-tabs-item-title\">PRESENTACI\u00d3N<\/span><\/a><\/div>\n<div class=\"w-tabs-item\"><a href=\"#1743673366515-c789c2ff-17af\" class=\"w-tabs-item-h\"><span class=\"w-tabs-item-title\">D\u00cdPTICO INFORMATIVO <\/span><\/a><\/div>\n<div class=\"w-tabs-item\"><a href=\"#1743673652544-94066f6d-d9b9\" class=\"w-tabs-item-h\"><span class=\"w-tabs-item-title\">CONTACTO<\/span><\/a><\/div>\n<\/div><\/div><div class=\"w-tabs-sections\"><div class=\"w-tabs-sections-h\"><div class=\"w-tabs-section\" id=\"1743673366456-d647e1be-ccee\"><a href=\"#1743673366456-d647e1be-ccee\" class=\"w-tabs-section-header\"><div class=\"w-tabs-section-header-h\"><h5 class=\"w-tabs-section-title\">PRESENTACI\u00d3N<\/h5><div class=\"w-tabs-section-control\"><\/div><\/div><\/a><div class=\"w-tabs-section-content\"><div class=\"w-tabs-section-content-h i-cf\"><div class=\"wpb_text_column \"><div class=\"wpb_wrapper\"><p>Este m\u00e1ster surge de la necesidad de actualizar el conocimien\u00adto en el \u00e1mbito de las intervenciones psicoterap\u00e9uticas en psi\u00adcolog\u00eda y la psiquiatr\u00eda, abarcando la perinatalidad, la infancia, la adolescencia y la familia. Sus fundamentos se basan en una comprensi\u00f3n psicodin\u00e1mica contempor\u00e1nea de la persona, en la que se integra la interdisciplinariedad de la pr\u00e1ctica cl\u00ednica, la investigaci\u00f3n en m\u00faltiples contextos asistenciales y los avances en neurociencia.<\/p><\/div> <\/div> <\/div><\/div><\/div><div class=\"w-tabs-section\" id=\"1743673366515-c789c2ff-17af\"><a href=\"#1743673366515-c789c2ff-17af\" class=\"w-tabs-section-header\"><div class=\"w-tabs-section-header-h\"><h5 class=\"w-tabs-section-title\">D\u00cdPTICO INFORMATIVO <\/h5><div class=\"w-tabs-section-control\"><\/div><\/div><\/a><div class=\"w-tabs-section-content\"><div class=\"w-tabs-section-content-h i-cf\"><div class=\"w-btn-wrapper align_left\"><a class=\"w-btn style_solid color_primary icon_none\" href=\"https:\/\/www.fvb.cat\/wp-content\/uploads\/2025\/04\/programa-online-cast-MPPPIA.pdf\" target=\"_blank\"><span class=\"w-btn-label\">D\u00cdPTICO INFORMATIVO<\/span><\/a><\/div><\/div><\/div><\/div><div class=\"w-tabs-section\" id=\"1743673652544-94066f6d-d9b9\"><a href=\"#1743673652544-94066f6d-d9b9\" class=\"w-tabs-section-header\"><div class=\"w-tabs-section-header-h\"><h5 class=\"w-tabs-section-title\">CONTACTO<\/h5><div class=\"w-tabs-section-control\"><\/div><\/div><\/a><div class=\"w-tabs-section-content\"><div class=\"w-tabs-section-content-h i-cf\"><div class=\"w-form for_cform align_left\" id=\"us_form_7\">\n\t<form class=\"w-form-h\" autocomplete=\"off\" action=\"https:\/\/www.fvb.cat\/es\/wp-json\/wp\/v2\/pages\/15136\" method=\"post\">\n\t\t\t\t\t\t\t<div class=\"w-form-row for_name required\">\n\t<div class=\"w-form-row-label\">\n\t\t<label for=\"us_form_7_name\"><\/label>\n\t<\/div>\n\t<div class=\"w-form-row-field\">\n\t\t\t\t<input type=\"text\" name=\"name\" id=\"us_form_7_name\" value=\"\"\n\t\t\t   placeholder=\"Nombre *\" data-required=\"true\" aria-required=\"true\"\/>\n\t\t<span class=\"w-form-row-field-bar\"><\/span>\n\t\t\t<\/div>\n\t<div class=\"w-form-row-state\"><\/div>\n\t<\/div>\n\t\t\t\t\t<div class=\"w-form-row for_email required\">\n\t<div class=\"w-form-row-label\">\n\t\t<label for=\"us_form_7_email\"><\/label>\n\t<\/div>\n\t<div class=\"w-form-row-field\">\n\t\t\t\t<input type=\"email\" name=\"email\" id=\"us_form_7_email\" value=\"\"\n\t\t\t   placeholder=\"Correo electr\u00f3nico *\" data-required=\"true\" aria-required=\"true\"\/>\n\t\t<span class=\"w-form-row-field-bar\"><\/span>\n\t\t\t<\/div>\n\t<div class=\"w-form-row-state\"><\/div>\n\t<\/div>\n\t\t\t\t\t<div class=\"w-form-row for_phone\">\n\t<div class=\"w-form-row-label\">\n\t\t<label for=\"us_form_7_phone\"><\/label>\n\t<\/div>\n\t<div class=\"w-form-row-field\">\n\t\t\t\t<input type=\"text\" name=\"phone\" id=\"us_form_7_phone\" value=\"\"\n\t\t\t   placeholder=\"N\u00famero de tel\u00e9fono\"\/>\n\t\t<span class=\"w-form-row-field-bar\"><\/span>\n\t\t\t<\/div>\n\t<div class=\"w-form-row-state\"><\/div>\n\t<\/div>\n\t\t\t\t\t<div class=\"w-form-row for_message required\">\n\t<div class=\"w-form-row-label\">\n\t\t<label for=\"us_form_7_message\"><\/label>\n\t<\/div>\n\t<div class=\"w-form-row-field\">\n\t\t\t\t<textarea name=\"message\" id=\"us_form_7_message\" cols=\"30\" rows=\"10\" placeholder=\"Mensaje *\"\n\t\t\t data-required=\"true\" aria-required=\"true\"><\/textarea>\n\t\t<span class=\"w-form-row-field-bar\"><\/span>\n\t\t\t<\/div>\n\t<div class=\"w-form-row-state\"><\/div>\n\t<\/div>\n\t\t\t\t\t<input type=\"hidden\" name=\"action\" value=\"us_ajax_cform\" \/>\n\t\t\t\t\t<input type=\"hidden\" name=\"post_id\" value=\"15136\" \/>\n\t\t\t\t\t<input type=\"hidden\" name=\"form_index\" value=\"7\" \/>\n\t\t\t\t\t<div class=\"w-form-row for_submit\">\n\t<div class=\"w-form-row-field\">\n\t\t<button class=\"w-btn size_15px color_primary style_solid\" type=\"submit\"><span class=\"g-preloader type_1\"><\/span><span class=\"w-btn-label\">Enviar mensaje<\/span><\/button>\n\t<\/div>\n<\/div>\n\t\t\t\t<div class=\"w-form-message\"><\/div>\n\t\t\t<\/form>\n\t\t\t<div class=\"w-form-json hidden\" onclick='return {&quot;ajaxurl&quot;:&quot;https:\\\/\\\/www.fvb.cat\\\/wp-admin\\\/admin-ajax.php&quot;,&quot;success&quot;:&quot;\\u00a1Gracias! Tu mensaje ha sido enviado correctamente.&quot;,&quot;errors&quot;:{&quot;name&quot;:&quot;Por favor, introduce tu nombre&quot;,&quot;email&quot;:&quot;Por favor, introduce tu direcci\\u00f3n de correo electr\\u00f3nico&quot;,&quot;phone&quot;:&quot;Por favor, introduce tu n\\u00famero de tel\\u00e9fono&quot;,&quot;message&quot;:&quot;Por favor, introduce un mensaje&quot;}}'><\/div>\n\t<\/div>\n<\/div><\/div><\/div><\/div><\/div><\/div><\/div><\/div><\/div><div class=\"vc_col-sm-3 wpb_column vc_column_container\"><div class=\"vc_column-inner\"><div class=\"wpb_wrapper\"><div class=\"w-image\"><div class=\"us-frame\"><a href=\"https:\/\/www.fvb.cat\/ca\/docencia\/master-de-formacio-permanent-psicoterapia-psicoanalitica-contemporania-2024\/\" title=\"\" target=\"\" rel=\"\"><img loading=\"lazy\" decoding=\"async\" width=\"350\" height=\"350\" src=\"https:\/\/www.fvb.cat\/wp-content\/uploads\/2024\/05\/MPPC-IMAGE-350x350.png\" class=\"attachment-tnail-1x1-small size-tnail-1x1-small\" alt=\"\" srcset=\"https:\/\/www.fvb.cat\/wp-content\/uploads\/2024\/05\/MPPC-IMAGE-350x350.png 350w, https:\/\/www.fvb.cat\/wp-content\/uploads\/2024\/05\/MPPC-IMAGE-150x150.png 150w, https:\/\/www.fvb.cat\/wp-content\/uploads\/2024\/05\/MPPC-IMAGE-300x300.png 300w, https:\/\/www.fvb.cat\/wp-content\/uploads\/2024\/05\/MPPC-IMAGE-100x100.png 100w\" sizes=\"(max-width: 350px) 100vw, 350px\" \/><\/a><\/div><\/div><div class=\"wpb_text_column \"><div class=\"wpb_wrapper\">\n<h6 style=\"text-align: center;\"><strong>M\u00c1STER DE FORMACI\u00d3N PERMANENTE EN PSICOTERAPIA PSICOANALIT\u00cdCA CONTEMPORANIA<\/strong><\/h6>\n<\/div> <\/div> <div class=\"w-tabs layout_default accordion title_left icon_chevron iconpos_right \"><div class=\"w-tabs-list items_4\"><div class=\"w-tabs-list-h\"><div class=\"w-tabs-item\"><a href=\"#1716890424087-b3677f74-4793\" class=\"w-tabs-item-h\"><span class=\"w-tabs-item-title\">PRESENTACI\u00d3N<\/span><\/a><\/div>\n<div class=\"w-tabs-item\"><a href=\"#1716890424110-0d303d25-84df\" class=\"w-tabs-item-h\"><span class=\"w-tabs-item-title\">D\u00cdPTICO INFORMATIVO<\/span><\/a><\/div>\n<div class=\"w-tabs-item\"><a href=\"#1716890657860-683b8926-e27e\" class=\"w-tabs-item-h\"><span class=\"w-tabs-item-title\">PLAN ACAD\u00c9MICO<\/span><\/a><\/div>\n<div class=\"w-tabs-item\"><a href=\"#1716890702287-5b703d2a-3ba1\" class=\"w-tabs-item-h\"><span class=\"w-tabs-item-title\">CONTACTO<\/span><\/a><\/div>\n<\/div><\/div><div class=\"w-tabs-sections\"><div class=\"w-tabs-sections-h\"><div class=\"w-tabs-section\" id=\"1716890424087-b3677f74-4793\"><a href=\"#1716890424087-b3677f74-4793\" class=\"w-tabs-section-header\"><div class=\"w-tabs-section-header-h\"><h5 class=\"w-tabs-section-title\">PRESENTACI\u00d3N<\/h5><div class=\"w-tabs-section-control\"><\/div><\/div><\/a><div class=\"w-tabs-section-content\"><div class=\"w-tabs-section-content-h i-cf\"><div class=\"wpb_text_column \"><div class=\"wpb_wrapper\"><p>Este m\u00e1ster ofrece al profesional de la psicolog\u00eda o la psiquiatr\u00eda, el desarrollo de unas competencias y habilidades t\u00e9cnicas que le permitir\u00e1n llevar a cabo procesos psicoterap\u00e9uticos que aborden con rigor y profundidad las dificultades emocionales y los trastornos mentales de las personas atendidas.<\/p><\/div> <\/div> <\/div><\/div><\/div><div class=\"w-tabs-section\" id=\"1716890424110-0d303d25-84df\"><a href=\"#1716890424110-0d303d25-84df\" class=\"w-tabs-section-header\"><div class=\"w-tabs-section-header-h\"><h5 class=\"w-tabs-section-title\">D\u00cdPTICO INFORMATIVO<\/h5><div class=\"w-tabs-section-control\"><\/div><\/div><\/a><div class=\"w-tabs-section-content\"><div class=\"w-tabs-section-content-h i-cf\"><div class=\"w-btn-wrapper align_center\"><a class=\"w-btn style_solid color_primary icon_none\" href=\"https:\/\/www.fvb.cat\/wp-content\/uploads\/2024\/04\/diptic-master-psicoterapia-psicoanalitica-cast.pdf\" target=\"_blank\"><span class=\"w-btn-label\">D\u00cdPTICO INFORMATIVO<\/span><\/a><\/div><\/div><\/div><\/div><div class=\"w-tabs-section\" id=\"1716890657860-683b8926-e27e\"><a href=\"#1716890657860-683b8926-e27e\" class=\"w-tabs-section-header\"><div class=\"w-tabs-section-header-h\"><h5 class=\"w-tabs-section-title\">PLAN ACAD\u00c9MICO<\/h5><div class=\"w-tabs-section-control\"><\/div><\/div><\/a><div class=\"w-tabs-section-content\"><div class=\"w-tabs-section-content-h i-cf\"><div class=\"w-btn-wrapper align_center\"><a class=\"w-btn style_solid color_primary icon_none\" href=\"https:\/\/www.fvb.cat\/wp-content\/uploads\/2024\/05\/pla-academic-cast.pdf\"><span class=\"w-btn-label\">PLAN ACAD\u00c9MICO<\/span><\/a><\/div><\/div><\/div><\/div><div class=\"w-tabs-section\" id=\"1716890702287-5b703d2a-3ba1\"><a href=\"#1716890702287-5b703d2a-3ba1\" class=\"w-tabs-section-header\"><div class=\"w-tabs-section-header-h\"><h5 class=\"w-tabs-section-title\">CONTACTO<\/h5><div class=\"w-tabs-section-control\"><\/div><\/div><\/a><div class=\"w-tabs-section-content\"><div class=\"w-tabs-section-content-h i-cf\"><div class=\"w-form for_cform align_left\" id=\"us_form_8\">\n\t<form class=\"w-form-h\" autocomplete=\"off\" action=\"https:\/\/www.fvb.cat\/es\/wp-json\/wp\/v2\/pages\/15136\" method=\"post\">\n\t\t\t\t\t\t\t<div class=\"w-form-row for_name required\">\n\t<div class=\"w-form-row-label\">\n\t\t<label for=\"us_form_8_name\"><\/label>\n\t<\/div>\n\t<div class=\"w-form-row-field\">\n\t\t\t\t<input type=\"text\" name=\"name\" id=\"us_form_8_name\" value=\"\"\n\t\t\t   placeholder=\"Nombre *\" data-required=\"true\" aria-required=\"true\"\/>\n\t\t<span class=\"w-form-row-field-bar\"><\/span>\n\t\t\t<\/div>\n\t<div class=\"w-form-row-state\"><\/div>\n\t<\/div>\n\t\t\t\t\t<div class=\"w-form-row for_email required\">\n\t<div class=\"w-form-row-label\">\n\t\t<label for=\"us_form_8_email\"><\/label>\n\t<\/div>\n\t<div class=\"w-form-row-field\">\n\t\t\t\t<input type=\"email\" name=\"email\" id=\"us_form_8_email\" value=\"\"\n\t\t\t   placeholder=\"Correo electr\u00f3nico *\" data-required=\"true\" aria-required=\"true\"\/>\n\t\t<span class=\"w-form-row-field-bar\"><\/span>\n\t\t\t<\/div>\n\t<div class=\"w-form-row-state\"><\/div>\n\t<\/div>\n\t\t\t\t\t<div class=\"w-form-row for_phone\">\n\t<div class=\"w-form-row-label\">\n\t\t<label for=\"us_form_8_phone\"><\/label>\n\t<\/div>\n\t<div class=\"w-form-row-field\">\n\t\t\t\t<input type=\"text\" name=\"phone\" id=\"us_form_8_phone\" value=\"\"\n\t\t\t   placeholder=\"N\u00famero de tel\u00e9fono\"\/>\n\t\t<span class=\"w-form-row-field-bar\"><\/span>\n\t\t\t<\/div>\n\t<div class=\"w-form-row-state\"><\/div>\n\t<\/div>\n\t\t\t\t\t<div class=\"w-form-row for_message required\">\n\t<div class=\"w-form-row-label\">\n\t\t<label for=\"us_form_8_message\"><\/label>\n\t<\/div>\n\t<div class=\"w-form-row-field\">\n\t\t\t\t<textarea name=\"message\" id=\"us_form_8_message\" cols=\"30\" rows=\"10\" placeholder=\"Mensaje *\"\n\t\t\t data-required=\"true\" aria-required=\"true\"><\/textarea>\n\t\t<span class=\"w-form-row-field-bar\"><\/span>\n\t\t\t<\/div>\n\t<div class=\"w-form-row-state\"><\/div>\n\t<\/div>\n\t\t\t\t\t<input type=\"hidden\" name=\"action\" value=\"us_ajax_cform\" \/>\n\t\t\t\t\t<input type=\"hidden\" name=\"post_id\" value=\"15136\" \/>\n\t\t\t\t\t<input type=\"hidden\" name=\"form_index\" value=\"8\" \/>\n\t\t\t\t\t<div class=\"w-form-row for_submit\">\n\t<div class=\"w-form-row-field\">\n\t\t<button class=\"w-btn size_15px color_primary style_solid\" type=\"submit\"><span class=\"g-preloader type_1\"><\/span><span class=\"w-btn-label\">Enviar mensaje<\/span><\/button>\n\t<\/div>\n<\/div>\n\t\t\t\t<div class=\"w-form-message\"><\/div>\n\t\t\t<\/form>\n\t\t\t<div class=\"w-form-json hidden\" onclick='return {&quot;ajaxurl&quot;:&quot;https:\\\/\\\/www.fvb.cat\\\/wp-admin\\\/admin-ajax.php&quot;,&quot;success&quot;:&quot;\\u00a1Gracias! Tu mensaje ha sido enviado correctamente.&quot;,&quot;errors&quot;:{&quot;name&quot;:&quot;Por favor, introduce tu nombre&quot;,&quot;email&quot;:&quot;Por favor, introduce tu direcci\\u00f3n de correo electr\\u00f3nico&quot;,&quot;phone&quot;:&quot;Por favor, introduce tu n\\u00famero de tel\\u00e9fono&quot;,&quot;message&quot;:&quot;Por favor, introduce un mensaje&quot;}}'><\/div>\n\t<\/div>\n<\/div><\/div><\/div><\/div><\/div><\/div><\/div><\/div><\/div><div class=\"vc_col-sm-3 wpb_column vc_column_container\"><div class=\"vc_column-inner\"><div class=\"wpb_wrapper\"><div class=\"w-image\"><div class=\"us-frame\"><a href=\"https:\/\/www.fvb.cat\/ca\/docencia\/master-de-formacio-permanent-en-espiritualitat-transcultural\/\" title=\"\" target=\"\" rel=\"\"><img loading=\"lazy\" decoding=\"async\" width=\"350\" height=\"350\" src=\"https:\/\/www.fvb.cat\/wp-content\/uploads\/2024\/05\/met-img-350x350.png\" class=\"attachment-tnail-1x1-small size-tnail-1x1-small\" alt=\"\" srcset=\"https:\/\/www.fvb.cat\/wp-content\/uploads\/2024\/05\/met-img-350x350.png 350w, https:\/\/www.fvb.cat\/wp-content\/uploads\/2024\/05\/met-img-150x150.png 150w, https:\/\/www.fvb.cat\/wp-content\/uploads\/2024\/05\/met-img-300x300.png 300w, https:\/\/www.fvb.cat\/wp-content\/uploads\/2024\/05\/met-img-100x100.png 100w\" sizes=\"(max-width: 350px) 100vw, 350px\" \/><\/a><\/div><\/div><div class=\"wpb_text_column \"><div class=\"wpb_wrapper\">\n<h6 style=\"text-align: center;\"><strong>M\u00c1STER DE FORMACI\u00d3N PERMANENTE EN ESPIRITUALIDAD TRANSCULTURAL<\/strong><\/h6>\n<\/div> <\/div> <div class=\"w-tabs layout_default accordion title_left icon_chevron iconpos_right \"><div class=\"w-tabs-list items_4\"><div class=\"w-tabs-list-h\"><div class=\"w-tabs-item\"><a href=\"#1716899641017-0452858a-1dd3\" class=\"w-tabs-item-h\"><span class=\"w-tabs-item-title\">PRESENTACI\u00d3N<\/span><\/a><\/div>\n<div class=\"w-tabs-item\"><a href=\"#1716899641040-69c0dd6f-6a2b\" class=\"w-tabs-item-h\"><span class=\"w-tabs-item-title\">D\u00cdPTICO INFORMATIVO<\/span><\/a><\/div>\n<div class=\"w-tabs-item\"><a href=\"#1716899834602-66234da3-08df\" class=\"w-tabs-item-h\"><span class=\"w-tabs-item-title\">PLAN ACAD\u00c9MICO<\/span><\/a><\/div>\n<div class=\"w-tabs-item\"><a href=\"#1716899875648-6095100f-8640\" class=\"w-tabs-item-h\"><span class=\"w-tabs-item-title\">CONTACTO<\/span><\/a><\/div>\n<\/div><\/div><div class=\"w-tabs-sections\"><div class=\"w-tabs-sections-h\"><div class=\"w-tabs-section\" id=\"1716899641017-0452858a-1dd3\"><a href=\"#1716899641017-0452858a-1dd3\" class=\"w-tabs-section-header\"><div class=\"w-tabs-section-header-h\"><h5 class=\"w-tabs-section-title\">PRESENTACI\u00d3N<\/h5><div class=\"w-tabs-section-control\"><\/div><\/div><\/a><div class=\"w-tabs-section-content\"><div class=\"w-tabs-section-content-h i-cf\"><div class=\"wpb_text_column \"><div class=\"wpb_wrapper\"><p>El objetivo de este m\u00e1ster es proporcionar un conocimiento estructurado sobre la experiencia espiritual en su dimensi\u00f3n antropol\u00f3gica, filos\u00f3fica, fenomenol\u00f3gico, psicol\u00f3gica, psiqui\u00e1trica y neurocient\u00edfica.<\/p><\/div> <\/div> <\/div><\/div><\/div><div class=\"w-tabs-section\" id=\"1716899641040-69c0dd6f-6a2b\"><a href=\"#1716899641040-69c0dd6f-6a2b\" class=\"w-tabs-section-header\"><div class=\"w-tabs-section-header-h\"><h5 class=\"w-tabs-section-title\">D\u00cdPTICO INFORMATIVO<\/h5><div class=\"w-tabs-section-control\"><\/div><\/div><\/a><div class=\"w-tabs-section-content\"><div class=\"w-tabs-section-content-h i-cf\"><div class=\"w-btn-wrapper align_center\"><a class=\"w-btn style_solid color_primary icon_none\" href=\"https:\/\/www.fvb.cat\/wp-content\/uploads\/2024\/05\/diptic_MET_cast.pdf\"><span class=\"w-btn-label\">D\u00cdPTICO INFORMATIVO<\/span><\/a><\/div><\/div><\/div><\/div><div class=\"w-tabs-section\" id=\"1716899834602-66234da3-08df\"><a href=\"#1716899834602-66234da3-08df\" class=\"w-tabs-section-header\"><div class=\"w-tabs-section-header-h\"><h5 class=\"w-tabs-section-title\">PLAN ACAD\u00c9MICO<\/h5><div class=\"w-tabs-section-control\"><\/div><\/div><\/a><div class=\"w-tabs-section-content\"><div class=\"w-tabs-section-content-h i-cf\"><div class=\"w-btn-wrapper align_center\"><a class=\"w-btn style_solid color_primary icon_none\" href=\"https:\/\/www.fvb.cat\/wp-content\/uploads\/2024\/05\/MET-plan-academico.pdf\"><span class=\"w-btn-label\">PLAN ACAD\u00c9MICO<\/span><\/a><\/div><\/div><\/div><\/div><div class=\"w-tabs-section\" id=\"1716899875648-6095100f-8640\"><a href=\"#1716899875648-6095100f-8640\" class=\"w-tabs-section-header\"><div class=\"w-tabs-section-header-h\"><h5 class=\"w-tabs-section-title\">CONTACTO<\/h5><div class=\"w-tabs-section-control\"><\/div><\/div><\/a><div class=\"w-tabs-section-content\"><div class=\"w-tabs-section-content-h i-cf\"><div class=\"w-form for_cform align_left\" id=\"us_form_9\">\n\t<form class=\"w-form-h\" autocomplete=\"off\" action=\"https:\/\/www.fvb.cat\/es\/wp-json\/wp\/v2\/pages\/15136\" method=\"post\">\n\t\t\t\t\t\t\t<div class=\"w-form-row for_name required\">\n\t<div class=\"w-form-row-label\">\n\t\t<label for=\"us_form_9_name\"><\/label>\n\t<\/div>\n\t<div class=\"w-form-row-field\">\n\t\t\t\t<input type=\"text\" name=\"name\" id=\"us_form_9_name\" value=\"\"\n\t\t\t   placeholder=\"Nombre *\" data-required=\"true\" aria-required=\"true\"\/>\n\t\t<span class=\"w-form-row-field-bar\"><\/span>\n\t\t\t<\/div>\n\t<div class=\"w-form-row-state\"><\/div>\n\t<\/div>\n\t\t\t\t\t<div class=\"w-form-row for_email required\">\n\t<div class=\"w-form-row-label\">\n\t\t<label for=\"us_form_9_email\"><\/label>\n\t<\/div>\n\t<div class=\"w-form-row-field\">\n\t\t\t\t<input type=\"email\" name=\"email\" id=\"us_form_9_email\" value=\"\"\n\t\t\t   placeholder=\"Correo electr\u00f3nico *\" data-required=\"true\" aria-required=\"true\"\/>\n\t\t<span class=\"w-form-row-field-bar\"><\/span>\n\t\t\t<\/div>\n\t<div class=\"w-form-row-state\"><\/div>\n\t<\/div>\n\t\t\t\t\t<div class=\"w-form-row for_phone\">\n\t<div class=\"w-form-row-label\">\n\t\t<label for=\"us_form_9_phone\"><\/label>\n\t<\/div>\n\t<div class=\"w-form-row-field\">\n\t\t\t\t<input type=\"text\" name=\"phone\" id=\"us_form_9_phone\" value=\"\"\n\t\t\t   placeholder=\"N\u00famero de tel\u00e9fono\"\/>\n\t\t<span class=\"w-form-row-field-bar\"><\/span>\n\t\t\t<\/div>\n\t<div class=\"w-form-row-state\"><\/div>\n\t<\/div>\n\t\t\t\t\t<div class=\"w-form-row for_message required\">\n\t<div class=\"w-form-row-label\">\n\t\t<label for=\"us_form_9_message\"><\/label>\n\t<\/div>\n\t<div class=\"w-form-row-field\">\n\t\t\t\t<textarea name=\"message\" id=\"us_form_9_message\" cols=\"30\" rows=\"10\" placeholder=\"Mensaje *\"\n\t\t\t data-required=\"true\" aria-required=\"true\"><\/textarea>\n\t\t<span class=\"w-form-row-field-bar\"><\/span>\n\t\t\t<\/div>\n\t<div class=\"w-form-row-state\"><\/div>\n\t<\/div>\n\t\t\t\t\t<input type=\"hidden\" name=\"action\" value=\"us_ajax_cform\" \/>\n\t\t\t\t\t<input type=\"hidden\" name=\"post_id\" value=\"15136\" \/>\n\t\t\t\t\t<input type=\"hidden\" name=\"form_index\" value=\"9\" \/>\n\t\t\t\t\t<div class=\"w-form-row for_submit\">\n\t<div class=\"w-form-row-field\">\n\t\t<button class=\"w-btn size_15px color_primary style_solid\" type=\"submit\"><span class=\"g-preloader type_1\"><\/span><span class=\"w-btn-label\">Enviar mensaje<\/span><\/button>\n\t<\/div>\n<\/div>\n\t\t\t\t<div class=\"w-form-message\"><\/div>\n\t\t\t<\/form>\n\t\t\t<div class=\"w-form-json hidden\" onclick='return {&quot;ajaxurl&quot;:&quot;https:\\\/\\\/www.fvb.cat\\\/wp-admin\\\/admin-ajax.php&quot;,&quot;success&quot;:&quot;\\u00a1Gracias! Tu mensaje ha sido enviado correctamente.&quot;,&quot;errors&quot;:{&quot;name&quot;:&quot;Por favor, introduce tu nombre&quot;,&quot;email&quot;:&quot;Por favor, introduce tu direcci\\u00f3n de correo electr\\u00f3nico&quot;,&quot;phone&quot;:&quot;Por favor, introduce tu n\\u00famero de tel\\u00e9fono&quot;,&quot;message&quot;:&quot;Por favor, introduce un mensaje&quot;}}'><\/div>\n\t<\/div>\n<\/div><\/div><\/div><\/div><\/div><\/div><\/div><\/div><\/div><div class=\"vc_col-sm-3 wpb_column vc_column_container\"><div class=\"vc_column-inner\"><div class=\"wpb_wrapper\"><div class=\"w-image\"><div class=\"us-frame\"><a href=\"https:\/\/www.fvb.cat\/ca\/docencia\/master-en-terapia-familiar\/\" title=\"\" target=\"\" rel=\"\"><img loading=\"lazy\" decoding=\"async\" width=\"350\" height=\"350\" src=\"https:\/\/www.fvb.cat\/wp-content\/uploads\/2024\/05\/master-terapia-familar-350x350.webp\" class=\"attachment-tnail-1x1-small size-tnail-1x1-small\" alt=\"\" srcset=\"https:\/\/www.fvb.cat\/wp-content\/uploads\/2024\/05\/master-terapia-familar-350x350.webp 350w, https:\/\/www.fvb.cat\/wp-content\/uploads\/2024\/05\/master-terapia-familar-150x150.webp 150w, https:\/\/www.fvb.cat\/wp-content\/uploads\/2024\/05\/master-terapia-familar-300x300.webp 300w, https:\/\/www.fvb.cat\/wp-content\/uploads\/2024\/05\/master-terapia-familar-100x100.webp 100w\" sizes=\"(max-width: 350px) 100vw, 350px\" \/><\/a><\/div><\/div><div class=\"wpb_text_column \"><div class=\"wpb_wrapper\">\n<h6 style=\"text-align: center;\"><strong>M\u00c1STER DE FORMACI\u00d3N PERMANENTE EN TER\u00c1PIA FAMILIAR<\/strong><\/h6>\n<\/div> <\/div> <div class=\"w-tabs layout_default accordion title_left icon_chevron iconpos_right \"><div class=\"w-tabs-list items_3\"><div class=\"w-tabs-list-h\"><div class=\"w-tabs-item\"><a href=\"#1716900392640-797cb8f6-eee2\" class=\"w-tabs-item-h\"><span class=\"w-tabs-item-title\">PRESENTACI\u00d3N<\/span><\/a><\/div>\n<div class=\"w-tabs-item\"><a href=\"#1716900392665-c63ebbff-e043\" class=\"w-tabs-item-h\"><span class=\"w-tabs-item-title\">LIBRO DE PROGRAMAS <\/span><\/a><\/div>\n<div class=\"w-tabs-item\"><a href=\"#1716900576352-194d6381-4419\" class=\"w-tabs-item-h\"><span class=\"w-tabs-item-title\">CONTACTO<\/span><\/a><\/div>\n<\/div><\/div><div class=\"w-tabs-sections\"><div class=\"w-tabs-sections-h\"><div class=\"w-tabs-section\" id=\"1716900392640-797cb8f6-eee2\"><a href=\"#1716900392640-797cb8f6-eee2\" class=\"w-tabs-section-header\"><div class=\"w-tabs-section-header-h\"><h5 class=\"w-tabs-section-title\">PRESENTACI\u00d3N<\/h5><div class=\"w-tabs-section-control\"><\/div><\/div><\/a><div class=\"w-tabs-section-content\"><div class=\"w-tabs-section-content-h i-cf\"><div class=\"wpb_text_column \"><div class=\"wpb_wrapper\"><p>M\u00e1ster eminentemente pr\u00e1ctico y aplicado. Centrado en dos ejes: en la supervisi\u00f3n directa y en el desarrollo de la persona y del terapeuta familiar. Liderado por tres instituciones de prestigio en el campo de la terapia familiar.<\/p><\/div> <\/div> <\/div><\/div><\/div><div class=\"w-tabs-section\" id=\"1716900392665-c63ebbff-e043\"><a href=\"#1716900392665-c63ebbff-e043\" class=\"w-tabs-section-header\"><div class=\"w-tabs-section-header-h\"><h5 class=\"w-tabs-section-title\">LIBRO DE PROGRAMAS <\/h5><div class=\"w-tabs-section-control\"><\/div><\/div><\/a><div class=\"w-tabs-section-content\"><div class=\"w-tabs-section-content-h i-cf\"><div class=\"w-btn-wrapper align_center\"><a class=\"w-btn style_solid color_primary icon_none\" href=\"https:\/\/www.fvb.cat\/wp-content\/uploads\/2025\/01\/MFPTF-llibre-24-25.pdf\" target=\"_blank\"><span class=\"w-btn-label\">LIBRO DE PROGRAMAS<\/span><\/a><\/div><\/div><\/div><\/div><div class=\"w-tabs-section\" id=\"1716900576352-194d6381-4419\"><a href=\"#1716900576352-194d6381-4419\" class=\"w-tabs-section-header\"><div class=\"w-tabs-section-header-h\"><h5 class=\"w-tabs-section-title\">CONTACTO<\/h5><div class=\"w-tabs-section-control\"><\/div><\/div><\/a><div class=\"w-tabs-section-content\"><div class=\"w-tabs-section-content-h i-cf\"><div class=\"w-form for_cform align_left\" id=\"us_form_10\">\n\t<form class=\"w-form-h\" autocomplete=\"off\" action=\"https:\/\/www.fvb.cat\/es\/wp-json\/wp\/v2\/pages\/15136\" method=\"post\">\n\t\t\t\t\t\t\t<div class=\"w-form-row for_name required\">\n\t<div class=\"w-form-row-label\">\n\t\t<label for=\"us_form_10_name\"><\/label>\n\t<\/div>\n\t<div class=\"w-form-row-field\">\n\t\t\t\t<input type=\"text\" name=\"name\" id=\"us_form_10_name\" value=\"\"\n\t\t\t   placeholder=\"Nombre *\" data-required=\"true\" aria-required=\"true\"\/>\n\t\t<span class=\"w-form-row-field-bar\"><\/span>\n\t\t\t<\/div>\n\t<div class=\"w-form-row-state\"><\/div>\n\t<\/div>\n\t\t\t\t\t<div class=\"w-form-row for_email required\">\n\t<div class=\"w-form-row-label\">\n\t\t<label for=\"us_form_10_email\"><\/label>\n\t<\/div>\n\t<div class=\"w-form-row-field\">\n\t\t\t\t<input type=\"email\" name=\"email\" id=\"us_form_10_email\" value=\"\"\n\t\t\t   placeholder=\"Correo electr\u00f3nico *\" data-required=\"true\" aria-required=\"true\"\/>\n\t\t<span class=\"w-form-row-field-bar\"><\/span>\n\t\t\t<\/div>\n\t<div class=\"w-form-row-state\"><\/div>\n\t<\/div>\n\t\t\t\t\t<div class=\"w-form-row for_phone\">\n\t<div class=\"w-form-row-label\">\n\t\t<label for=\"us_form_10_phone\"><\/label>\n\t<\/div>\n\t<div class=\"w-form-row-field\">\n\t\t\t\t<input type=\"text\" name=\"phone\" id=\"us_form_10_phone\" value=\"\"\n\t\t\t   placeholder=\"N\u00famero de tel\u00e9fono\"\/>\n\t\t<span class=\"w-form-row-field-bar\"><\/span>\n\t\t\t<\/div>\n\t<div class=\"w-form-row-state\"><\/div>\n\t<\/div>\n\t\t\t\t\t<div class=\"w-form-row for_message required\">\n\t<div class=\"w-form-row-label\">\n\t\t<label for=\"us_form_10_message\"><\/label>\n\t<\/div>\n\t<div class=\"w-form-row-field\">\n\t\t\t\t<textarea name=\"message\" id=\"us_form_10_message\" cols=\"30\" rows=\"10\" placeholder=\"Mensaje *\"\n\t\t\t data-required=\"true\" aria-required=\"true\"><\/textarea>\n\t\t<span class=\"w-form-row-field-bar\"><\/span>\n\t\t\t<\/div>\n\t<div class=\"w-form-row-state\"><\/div>\n\t<\/div>\n\t\t\t\t\t<input type=\"hidden\" name=\"action\" value=\"us_ajax_cform\" \/>\n\t\t\t\t\t<input type=\"hidden\" name=\"post_id\" value=\"15136\" \/>\n\t\t\t\t\t<input type=\"hidden\" name=\"form_index\" value=\"10\" \/>\n\t\t\t\t\t<div class=\"w-form-row for_submit\">\n\t<div class=\"w-form-row-field\">\n\t\t<button class=\"w-btn size_15px color_primary style_solid\" type=\"submit\"><span class=\"g-preloader type_1\"><\/span><span class=\"w-btn-label\">Enviar mensaje<\/span><\/button>\n\t<\/div>\n<\/div>\n\t\t\t\t<div class=\"w-form-message\"><\/div>\n\t\t\t<\/form>\n\t\t\t<div class=\"w-form-json hidden\" onclick='return {&quot;ajaxurl&quot;:&quot;https:\\\/\\\/www.fvb.cat\\\/wp-admin\\\/admin-ajax.php&quot;,&quot;success&quot;:&quot;\\u00a1Gracias! Tu mensaje ha sido enviado correctamente.&quot;,&quot;errors&quot;:{&quot;name&quot;:&quot;Por favor, introduce tu nombre&quot;,&quot;email&quot;:&quot;Por favor, introduce tu direcci\\u00f3n de correo electr\\u00f3nico&quot;,&quot;phone&quot;:&quot;Por favor, introduce tu n\\u00famero de tel\\u00e9fono&quot;,&quot;message&quot;:&quot;Por favor, introduce un mensaje&quot;}}'><\/div>\n\t<\/div>\n<\/div><\/div><\/div><\/div><\/div><\/div><\/div><\/div><\/div><\/div><\/div><\/section><!-- Row Backgrounds --><div class=\"upb_color\" data-bg-override=\"0\" data-bg-color=\"#d4e0e5\" data-fadeout=\"\" data-fadeout-percentage=\"30\" data-parallax-content=\"\" data-parallax-content-sense=\"30\" data-row-effect-mobile-disable=\"true\" data-img-parallax-mobile-disable=\"true\" data-rtl=\"false\"  data-custom-vc-row=\"\"  data-vc=\"5.0.1\"  data-is_old_vc=\"\"  data-theme-support=\"\"   data-overlay=\"false\" data-overlay-color=\"\" data-overlay-pattern=\"\" data-overlay-pattern-opacity=\"\" data-overlay-pattern-size=\"\"    ><\/div><section class=\"l-section wpb_row height_medium\"><div class=\"l-section-h i-cf\"><div class=\"g-cols type_default valign_top\"><div class=\"vc_col-sm-4 wpb_column vc_column_container\"><div class=\"vc_column-inner\"><div class=\"wpb_wrapper\"><div class=\"w-image\"><div class=\"us-frame\"><a href=\"https:\/\/www.fvb.cat\/es\/docencia\/curso-experto-universitario-acompanamiento-espiritual-2024-2025\/\" title=\"\" target=\"\" rel=\"\"><img loading=\"lazy\" decoding=\"async\" width=\"350\" height=\"350\" src=\"https:\/\/www.fvb.cat\/wp-content\/uploads\/2024\/05\/pae_img-350x350.png\" class=\"attachment-tnail-1x1-small size-tnail-1x1-small\" alt=\"\" srcset=\"https:\/\/www.fvb.cat\/wp-content\/uploads\/2024\/05\/pae_img-350x350.png 350w, https:\/\/www.fvb.cat\/wp-content\/uploads\/2024\/05\/pae_img-150x150.png 150w, https:\/\/www.fvb.cat\/wp-content\/uploads\/2024\/05\/pae_img-300x300.png 300w, https:\/\/www.fvb.cat\/wp-content\/uploads\/2024\/05\/pae_img-100x100.png 100w\" sizes=\"(max-width: 350px) 100vw, 350px\" \/><\/a><\/div><\/div><div class=\"wpb_text_column \"><div class=\"wpb_wrapper\">\n<h6 style=\"text-align: center;\"><strong>T\u00cdTULO DE EXPERTO UNIVERSITARIO EN ACOMPA\u00d1AMIENTO ESPIRITUAL<\/strong><\/h6>\n<\/div> <\/div> <div class=\"w-tabs layout_default accordion title_left icon_chevron iconpos_right \"><div class=\"w-tabs-list items_4\"><div class=\"w-tabs-list-h\"><div class=\"w-tabs-item\"><a href=\"#1716903451562-c4320410-c48f\" class=\"w-tabs-item-h\"><span class=\"w-tabs-item-title\">PRESENTACI\u00d3N<\/span><\/a><\/div>\n<div class=\"w-tabs-item\"><a href=\"#1716903451585-e952ae40-b995\" class=\"w-tabs-item-h\"><span class=\"w-tabs-item-title\">D\u00cdPTICO INFORMATIVO<\/span><\/a><\/div>\n<div class=\"w-tabs-item\"><a href=\"#1716904586429-0bfc60e3-06d7\" class=\"w-tabs-item-h\"><span class=\"w-tabs-item-title\">PLAN ACAD\u00c9MICO<\/span><\/a><\/div>\n<div class=\"w-tabs-item\"><a href=\"#1716904619788-f05f624c-9c58\" class=\"w-tabs-item-h\"><span class=\"w-tabs-item-title\">CONTACTO<\/span><\/a><\/div>\n<\/div><\/div><div class=\"w-tabs-sections\"><div class=\"w-tabs-sections-h\"><div class=\"w-tabs-section\" id=\"1716903451562-c4320410-c48f\"><a href=\"#1716903451562-c4320410-c48f\" class=\"w-tabs-section-header\"><div class=\"w-tabs-section-header-h\"><h5 class=\"w-tabs-section-title\">PRESENTACI\u00d3N<\/h5><div class=\"w-tabs-section-control\"><\/div><\/div><\/a><div class=\"w-tabs-section-content\"><div class=\"w-tabs-section-content-h i-cf\"><div class=\"wpb_text_column \"><div class=\"wpb_wrapper\"><p>El programa propone profundizar, desde una perspectiva pedag\u00f3gica y de acompa\u00f1amiento, en los aspectos de la vida espiritual relacionados con la persona, su contexto y su capacidad de vinculaci\u00f3n.<\/p><\/div> <\/div> <\/div><\/div><\/div><div class=\"w-tabs-section\" id=\"1716903451585-e952ae40-b995\"><a href=\"#1716903451585-e952ae40-b995\" class=\"w-tabs-section-header\"><div class=\"w-tabs-section-header-h\"><h5 class=\"w-tabs-section-title\">D\u00cdPTICO INFORMATIVO<\/h5><div class=\"w-tabs-section-control\"><\/div><\/div><\/a><div class=\"w-tabs-section-content\"><div class=\"w-tabs-section-content-h i-cf\"><div class=\"w-btn-wrapper align_center\"><a class=\"w-btn style_solid color_primary icon_none\" href=\"https:\/\/www.fvb.cat\/wp-content\/uploads\/2024\/05\/Diptic-PAE-cast.pdf\"><span class=\"w-btn-label\">D\u00cdPTICO INFORMATIVO<\/span><\/a><\/div><\/div><\/div><\/div><div class=\"w-tabs-section\" id=\"1716904586429-0bfc60e3-06d7\"><a href=\"#1716904586429-0bfc60e3-06d7\" class=\"w-tabs-section-header\"><div class=\"w-tabs-section-header-h\"><h5 class=\"w-tabs-section-title\">PLAN ACAD\u00c9MICO<\/h5><div class=\"w-tabs-section-control\"><\/div><\/div><\/a><div class=\"w-tabs-section-content\"><div class=\"w-tabs-section-content-h i-cf\"><div class=\"w-btn-wrapper align_center\"><a class=\"w-btn style_solid color_primary icon_none\" href=\"https:\/\/www.fvb.cat\/wp-content\/uploads\/2024\/05\/Diptic-PAE-cast.pdf\"><span class=\"w-btn-label\">PLAN ACAD\u00c9MICO<\/span><\/a><\/div><\/div><\/div><\/div><div class=\"w-tabs-section\" id=\"1716904619788-f05f624c-9c58\"><a href=\"#1716904619788-f05f624c-9c58\" class=\"w-tabs-section-header\"><div class=\"w-tabs-section-header-h\"><h5 class=\"w-tabs-section-title\">CONTACTO<\/h5><div class=\"w-tabs-section-control\"><\/div><\/div><\/a><div class=\"w-tabs-section-content\"><div class=\"w-tabs-section-content-h i-cf\"><div class=\"w-form for_cform align_left\" id=\"us_form_11\">\n\t<form class=\"w-form-h\" autocomplete=\"off\" action=\"https:\/\/www.fvb.cat\/es\/wp-json\/wp\/v2\/pages\/15136\" method=\"post\">\n\t\t\t\t\t\t\t<div class=\"w-form-row for_name required\">\n\t<div class=\"w-form-row-label\">\n\t\t<label for=\"us_form_11_name\"><\/label>\n\t<\/div>\n\t<div class=\"w-form-row-field\">\n\t\t\t\t<input type=\"text\" name=\"name\" id=\"us_form_11_name\" value=\"\"\n\t\t\t   placeholder=\"Nombre *\" data-required=\"true\" aria-required=\"true\"\/>\n\t\t<span class=\"w-form-row-field-bar\"><\/span>\n\t\t\t<\/div>\n\t<div class=\"w-form-row-state\"><\/div>\n\t<\/div>\n\t\t\t\t\t<div class=\"w-form-row for_email required\">\n\t<div class=\"w-form-row-label\">\n\t\t<label for=\"us_form_11_email\"><\/label>\n\t<\/div>\n\t<div class=\"w-form-row-field\">\n\t\t\t\t<input type=\"email\" name=\"email\" id=\"us_form_11_email\" value=\"\"\n\t\t\t   placeholder=\"Correo electr\u00f3nico *\" data-required=\"true\" aria-required=\"true\"\/>\n\t\t<span class=\"w-form-row-field-bar\"><\/span>\n\t\t\t<\/div>\n\t<div class=\"w-form-row-state\"><\/div>\n\t<\/div>\n\t\t\t\t\t<div class=\"w-form-row for_phone\">\n\t<div class=\"w-form-row-label\">\n\t\t<label for=\"us_form_11_phone\"><\/label>\n\t<\/div>\n\t<div class=\"w-form-row-field\">\n\t\t\t\t<input type=\"text\" name=\"phone\" id=\"us_form_11_phone\" value=\"\"\n\t\t\t   placeholder=\"N\u00famero de tel\u00e9fono\"\/>\n\t\t<span class=\"w-form-row-field-bar\"><\/span>\n\t\t\t<\/div>\n\t<div class=\"w-form-row-state\"><\/div>\n\t<\/div>\n\t\t\t\t\t<div class=\"w-form-row for_message required\">\n\t<div class=\"w-form-row-label\">\n\t\t<label for=\"us_form_11_message\"><\/label>\n\t<\/div>\n\t<div class=\"w-form-row-field\">\n\t\t\t\t<textarea name=\"message\" id=\"us_form_11_message\" cols=\"30\" rows=\"10\" placeholder=\"Mensaje *\"\n\t\t\t data-required=\"true\" aria-required=\"true\"><\/textarea>\n\t\t<span class=\"w-form-row-field-bar\"><\/span>\n\t\t\t<\/div>\n\t<div class=\"w-form-row-state\"><\/div>\n\t<\/div>\n\t\t\t\t\t<input type=\"hidden\" name=\"action\" value=\"us_ajax_cform\" \/>\n\t\t\t\t\t<input type=\"hidden\" name=\"post_id\" value=\"15136\" \/>\n\t\t\t\t\t<input type=\"hidden\" name=\"form_index\" value=\"11\" \/>\n\t\t\t\t\t<div class=\"w-form-row for_submit\">\n\t<div class=\"w-form-row-field\">\n\t\t<button class=\"w-btn size_15px color_primary style_solid\" type=\"submit\"><span class=\"g-preloader type_1\"><\/span><span class=\"w-btn-label\">Enviar mensaje<\/span><\/button>\n\t<\/div>\n<\/div>\n\t\t\t\t<div class=\"w-form-message\"><\/div>\n\t\t\t<\/form>\n\t\t\t<div class=\"w-form-json hidden\" onclick='return {&quot;ajaxurl&quot;:&quot;https:\\\/\\\/www.fvb.cat\\\/wp-admin\\\/admin-ajax.php&quot;,&quot;success&quot;:&quot;\\u00a1Gracias! Tu mensaje ha sido enviado correctamente.&quot;,&quot;errors&quot;:{&quot;name&quot;:&quot;Por favor, introduce tu nombre&quot;,&quot;email&quot;:&quot;Por favor, introduce tu direcci\\u00f3n de correo electr\\u00f3nico&quot;,&quot;phone&quot;:&quot;Por favor, introduce tu n\\u00famero de tel\\u00e9fono&quot;,&quot;message&quot;:&quot;Por favor, introduce un mensaje&quot;}}'><\/div>\n\t<\/div>\n<\/div><\/div><\/div><\/div><\/div><\/div><\/div><\/div><\/div><div class=\"vc_col-sm-4 wpb_column vc_column_container\"><div class=\"vc_column-inner\"><div class=\"wpb_wrapper\"><div class=\"w-image\"><div class=\"us-frame\"><a href=\"https:\/\/www.fvb.cat\/es\/docencia\/formacion-continuada-ups-2\/\" title=\"\" target=\"\" rel=\"\"><img loading=\"lazy\" decoding=\"async\" width=\"350\" height=\"350\" src=\"https:\/\/www.fvb.cat\/wp-content\/uploads\/2024\/05\/ambit_img-350x350.jpg\" class=\"attachment-tnail-1x1-small size-tnail-1x1-small\" alt=\"\" srcset=\"https:\/\/www.fvb.cat\/wp-content\/uploads\/2024\/05\/ambit_img-350x350.jpg 350w, https:\/\/www.fvb.cat\/wp-content\/uploads\/2024\/05\/ambit_img-150x150.jpg 150w, https:\/\/www.fvb.cat\/wp-content\/uploads\/2024\/05\/ambit_img-600x600.jpg 600w, https:\/\/www.fvb.cat\/wp-content\/uploads\/2024\/05\/ambit_img-300x300.jpg 300w, https:\/\/www.fvb.cat\/wp-content\/uploads\/2024\/05\/ambit_img-100x100.jpg 100w\" sizes=\"(max-width: 350px) 100vw, 350px\" \/><\/a><\/div><\/div><div class=\"wpb_text_column \"><div class=\"wpb_wrapper\">\n<h6 style=\"text-align: center;\"><strong>FORMACI\u00d3N AMBIT<\/strong><\/h6>\n<h6 style=\"text-align: center;\"><\/h6>\n<\/div> <\/div> <div class=\"w-tabs layout_default accordion title_left icon_chevron iconpos_right \"><div class=\"w-tabs-list items_2\"><div class=\"w-tabs-list-h\"><div class=\"w-tabs-item\"><a href=\"#1716904677163-bba23229-5f21\" class=\"w-tabs-item-h\"><span class=\"w-tabs-item-title\">PRESENTACI\u00d3N<\/span><\/a><\/div>\n<div class=\"w-tabs-item\"><a href=\"#1716985540136-38f8e54b-8bb4\" class=\"w-tabs-item-h\"><span class=\"w-tabs-item-title\">CONTACTO<\/span><\/a><\/div>\n<\/div><\/div><div class=\"w-tabs-sections\"><div class=\"w-tabs-sections-h\"><div class=\"w-tabs-section\" id=\"1716904677163-bba23229-5f21\"><a href=\"#1716904677163-bba23229-5f21\" class=\"w-tabs-section-header\"><div class=\"w-tabs-section-header-h\"><h5 class=\"w-tabs-section-title\">PRESENTACI\u00d3N<\/h5><div class=\"w-tabs-section-control\"><\/div><\/div><\/a><div class=\"w-tabs-section-content\"><div class=\"w-tabs-section-content-h i-cf\"><div class=\"wpb_text_column \"><div class=\"wpb_wrapper\"><p>AMBIT\u00a0es un abordaje para equipos basados en la teor\u00eda y t\u00e9cnica del modelo del Tratamiento Basado en la Mentalizaci\u00f3n (MBT), para aquellos equipos que trabajan con personas con m\u00faltiplos y graves necesidades, que presentan dificultades para vincularse en los servicios asistenciales ordinarios.<\/p><\/div> <\/div> <\/div><\/div><\/div><div class=\"w-tabs-section\" id=\"1716985540136-38f8e54b-8bb4\"><a href=\"#1716985540136-38f8e54b-8bb4\" class=\"w-tabs-section-header\"><div class=\"w-tabs-section-header-h\"><h5 class=\"w-tabs-section-title\">CONTACTO<\/h5><div class=\"w-tabs-section-control\"><\/div><\/div><\/a><div class=\"w-tabs-section-content\"><div class=\"w-tabs-section-content-h i-cf\"><div class=\"w-form for_cform align_left\" id=\"us_form_12\">\n\t<form class=\"w-form-h\" autocomplete=\"off\" action=\"https:\/\/www.fvb.cat\/es\/wp-json\/wp\/v2\/pages\/15136\" method=\"post\">\n\t\t\t\t\t\t\t<div class=\"w-form-row for_name required\">\n\t<div class=\"w-form-row-label\">\n\t\t<label for=\"us_form_12_name\"><\/label>\n\t<\/div>\n\t<div class=\"w-form-row-field\">\n\t\t\t\t<input type=\"text\" name=\"name\" id=\"us_form_12_name\" value=\"\"\n\t\t\t   placeholder=\"Nombre *\" data-required=\"true\" aria-required=\"true\"\/>\n\t\t<span class=\"w-form-row-field-bar\"><\/span>\n\t\t\t<\/div>\n\t<div class=\"w-form-row-state\"><\/div>\n\t<\/div>\n\t\t\t\t\t<div class=\"w-form-row for_email required\">\n\t<div class=\"w-form-row-label\">\n\t\t<label for=\"us_form_12_email\"><\/label>\n\t<\/div>\n\t<div class=\"w-form-row-field\">\n\t\t\t\t<input type=\"email\" name=\"email\" id=\"us_form_12_email\" value=\"\"\n\t\t\t   placeholder=\"Correo electr\u00f3nico *\" data-required=\"true\" aria-required=\"true\"\/>\n\t\t<span class=\"w-form-row-field-bar\"><\/span>\n\t\t\t<\/div>\n\t<div class=\"w-form-row-state\"><\/div>\n\t<\/div>\n\t\t\t\t\t<div class=\"w-form-row for_message required\">\n\t<div class=\"w-form-row-label\">\n\t\t<label for=\"us_form_12_message\"><\/label>\n\t<\/div>\n\t<div class=\"w-form-row-field\">\n\t\t\t\t<textarea name=\"message\" id=\"us_form_12_message\" cols=\"30\" rows=\"10\" placeholder=\"Mensaje *\"\n\t\t\t data-required=\"true\" aria-required=\"true\"><\/textarea>\n\t\t<span class=\"w-form-row-field-bar\"><\/span>\n\t\t\t<\/div>\n\t<div class=\"w-form-row-state\"><\/div>\n\t<\/div>\n\t\t\t\t\t<input type=\"hidden\" name=\"action\" value=\"us_ajax_cform\" \/>\n\t\t\t\t\t<input type=\"hidden\" name=\"post_id\" value=\"15136\" \/>\n\t\t\t\t\t<input type=\"hidden\" name=\"form_index\" value=\"12\" \/>\n\t\t\t\t\t<div class=\"w-form-row for_submit\">\n\t<div class=\"w-form-row-field\">\n\t\t<button class=\"w-btn size_15px color_primary style_solid\" type=\"submit\"><span class=\"g-preloader type_1\"><\/span><span class=\"w-btn-label\">Enviar mensaje<\/span><\/button>\n\t<\/div>\n<\/div>\n\t\t\t\t<div class=\"w-form-message\"><\/div>\n\t\t\t<\/form>\n\t\t\t<div class=\"w-form-json hidden\" onclick='return {&quot;ajaxurl&quot;:&quot;https:\\\/\\\/www.fvb.cat\\\/wp-admin\\\/admin-ajax.php&quot;,&quot;success&quot;:&quot;\\u00a1Gracias! Tu mensaje ha sido enviado correctamente.&quot;,&quot;errors&quot;:{&quot;name&quot;:&quot;Por favor, introduce tu nombre&quot;,&quot;email&quot;:&quot;Por favor, introduce tu direcci\\u00f3n de correo electr\\u00f3nico&quot;,&quot;message&quot;:&quot;Por favor, introduce un mensaje&quot;}}'><\/div>\n\t<\/div>\n<\/div><\/div><\/div><\/div><\/div><\/div><\/div><\/div><\/div><div class=\"vc_col-sm-4 wpb_column vc_column_container\"><div class=\"vc_column-inner\"><div class=\"wpb_wrapper\"><div class=\"w-image\"><div class=\"us-frame\"><a href=\"https:\/\/www.fvb.cat\/es\/docencia\/cursos-espiritualidad-2\/\" title=\"\" target=\"\" rel=\"\"><img loading=\"lazy\" decoding=\"async\" width=\"350\" height=\"350\" src=\"https:\/\/www.fvb.cat\/wp-content\/uploads\/2024\/05\/formacio_img-350x350.jpg\" class=\"attachment-tnail-1x1-small size-tnail-1x1-small\" alt=\"\" srcset=\"https:\/\/www.fvb.cat\/wp-content\/uploads\/2024\/05\/formacio_img-350x350.jpg 350w, https:\/\/www.fvb.cat\/wp-content\/uploads\/2024\/05\/formacio_img-150x150.jpg 150w, https:\/\/www.fvb.cat\/wp-content\/uploads\/2024\/05\/formacio_img-600x600.jpg 600w, https:\/\/www.fvb.cat\/wp-content\/uploads\/2024\/05\/formacio_img-300x300.jpg 300w, https:\/\/www.fvb.cat\/wp-content\/uploads\/2024\/05\/formacio_img-100x100.jpg 100w\" sizes=\"(max-width: 350px) 100vw, 350px\" \/><\/a><\/div><\/div><div class=\"wpb_text_column \"><div class=\"wpb_wrapper\">\n<h6 style=\"text-align: center;\"><strong>FORMACI\u00d3N CONTINUADA EN PSICOLOG\u00cdA<\/strong><\/h6>\n<\/div> <\/div> <div class=\"w-tabs layout_default accordion title_left icon_chevron iconpos_right \"><div class=\"w-tabs-list items_9\"><div class=\"w-tabs-list-h\"><div class=\"w-tabs-item\"><a href=\"#1716985883084-3c1eb1fc-3c10\" class=\"w-tabs-item-h\"><span class=\"w-tabs-item-title\">PRESENTACI\u00d3N<\/span><\/a><\/div>\n<div class=\"w-tabs-item\"><a href=\"#1720696111177-9027cc17-6bf1\" class=\"w-tabs-item-h\"><span class=\"w-tabs-item-title\">SEMINARIOS<\/span><\/a><\/div>\n<div class=\"w-tabs-item\"><a href=\"#1753948267528-a9ec0e51-1dda\" class=\"w-tabs-item-h\"><span class=\"w-tabs-item-title\">FORMACI\u00d3N MBT BASIC TRAINING<\/span><\/a><\/div>\n<div class=\"w-tabs-item\"><a href=\"#1753948269514-b066c30e-093a\" class=\"w-tabs-item-h\"><span class=\"w-tabs-item-title\">FORMACI\u00d3N MBT PRACTITIONER TRAINING<\/span><\/a><\/div>\n<div class=\"w-tabs-item\"><a href=\"#1755156250060-892e0154-0f09\" class=\"w-tabs-item-h\"><span class=\"w-tabs-item-title\">INTRODUCCI\u00d3N A LA PSICOPATOLOG\u00cdA BASADA EN LA RELACI\u00d3N<\/span><\/a><\/div>\n<div class=\"w-tabs-item\"><a href=\"#1755156708244-d59c8f9e-5b10\" class=\"w-tabs-item-h\"><span class=\"w-tabs-item-title\">CONCEPTOS FUNDAMENTALES DE LA PSICOTERAPIA PSICOANAL\u00cdTICA<\/span><\/a><\/div>\n<div class=\"w-tabs-item\"><a href=\"#1755156789080-ed89a4c8-1f35\" class=\"w-tabs-item-h\"><span class=\"w-tabs-item-title\">OR\u00cdGENES, CONTEXTOS Y TENDENCIAS DEL PENSAMIENTO PSICOANAL\u00cdTICO<\/span><\/a><\/div>\n<div class=\"w-tabs-item\"><a href=\"#1755156353166-6e75773e-cfe9\" class=\"w-tabs-item-h\"><span class=\"w-tabs-item-title\">TEOR\u00cdA Y PR\u00c1CTICA DE LA PSICOTERAPIA GRUPAL<\/span><\/a><\/div>\n<div class=\"w-tabs-item\"><a href=\"#1759239915722-8405e556-b78f\" class=\"w-tabs-item-h\"><span class=\"w-tabs-item-title\">INTRODUCCI\u00d3N AL TRATAMIENTO BASADO EN LA MENTALIZACI\u00d3N - MBT<\/span><\/a><\/div>\n<\/div><\/div><div class=\"w-tabs-sections\"><div class=\"w-tabs-sections-h\"><div class=\"w-tabs-section\" id=\"1716985883084-3c1eb1fc-3c10\"><a href=\"#1716985883084-3c1eb1fc-3c10\" class=\"w-tabs-section-header\"><div class=\"w-tabs-section-header-h\"><h5 class=\"w-tabs-section-title\">PRESENTACI\u00d3N<\/h5><div class=\"w-tabs-section-control\"><\/div><\/div><\/a><div class=\"w-tabs-section-content\"><div class=\"w-tabs-section-content-h i-cf\"><div class=\"wpb_text_column \"><div class=\"wpb_wrapper\"><p>La Formaci\u00f3n Continuada est\u00e1 integrada por cursos independientes que pretenden la actualizaci\u00f3n de tem\u00e1ticas monogr\u00e1ficas con el objetivo de contribuir a la formaci\u00f3n de los profesionales correspondientes en el decurso de su tarea.<\/p><\/div> <\/div> <\/div><\/div><\/div><div class=\"w-tabs-section\" id=\"1720696111177-9027cc17-6bf1\"><a href=\"#1720696111177-9027cc17-6bf1\" class=\"w-tabs-section-header\"><div class=\"w-tabs-section-header-h\"><h5 class=\"w-tabs-section-title\">SEMINARIOS<\/h5><div class=\"w-tabs-section-control\"><\/div><\/div><\/a><div class=\"w-tabs-section-content\"><div class=\"w-tabs-section-content-h i-cf\"><div class=\"w-btn-wrapper align_center\"><a class=\"w-btn style_outlined color_navy icon_none\" href=\"https:\/\/www.fvb.cat\/es\/docencia\/formacion-continuada\/\" target=\"_blank\"><span class=\"w-btn-label\">SEMINARIOS<\/span><\/a><\/div><\/div><\/div><\/div><div class=\"w-tabs-section\" id=\"1753948267528-a9ec0e51-1dda\"><a href=\"#1753948267528-a9ec0e51-1dda\" class=\"w-tabs-section-header\"><div class=\"w-tabs-section-header-h\"><h5 class=\"w-tabs-section-title\">FORMACI\u00d3N MBT BASIC TRAINING<\/h5><div class=\"w-tabs-section-control\"><\/div><\/div><\/a><div class=\"w-tabs-section-content\"><div class=\"w-tabs-section-content-h i-cf\"><div class=\"wpb_text_column \"><div class=\"wpb_wrapper\">\n<h6><strong>FECHA:<\/strong> 19, 20 y 21 de enero de 2026 (9:00 h a 16:30 h)<\/h6>\n<h6><strong>DOCENTE:<\/strong> Anthony Bateman<\/h6>\n<h6><strong>PRECIO:<\/strong> 965 \u20ac<\/h6>\n<\/div> <\/div> <div class=\"w-btn-wrapper align_center\"><a class=\"w-btn style_outlined color_navy icon_none\" href=\"\" target=\"_blank\"><span class=\"w-btn-label\">INSCRIPCIONES<\/span><\/a><\/div><div class=\"w-btn-wrapper align_center\"><a class=\"w-btn style_outlined color_navy icon_none\" href=\"https:\/\/www.fvb.cat\/wp-content\/uploads\/2025\/07\/MBT-Basic-Training-Barcelona-2026.pdf\" target=\"_blank\"><span class=\"w-btn-label\">PROGRAMA<\/span><\/a><\/div><\/div><\/div><\/div><div class=\"w-tabs-section\" id=\"1753948269514-b066c30e-093a\"><a href=\"#1753948269514-b066c30e-093a\" class=\"w-tabs-section-header\"><div class=\"w-tabs-section-header-h\"><h5 class=\"w-tabs-section-title\">FORMACI\u00d3N MBT PRACTITIONER TRAINING<\/h5><div class=\"w-tabs-section-control\"><\/div><\/div><\/a><div class=\"w-tabs-section-content\"><div class=\"w-tabs-section-content-h i-cf\"><div class=\"wpb_text_column \"><div class=\"wpb_wrapper\">\n<h6><strong>FECHA:<\/strong> 22 y 23 de enero de 2026 (9:00 h a 16:30 h)<\/h6>\n<h6><strong>DOCENTE:<\/strong> Anthony Bateman<\/h6>\n<h6><strong>PRECIO:<\/strong> 865 \u20ac<\/h6>\n<\/div> <\/div> <div class=\"w-btn-wrapper align_center\"><a class=\"w-btn style_outlined color_navy icon_none\" href=\"\" target=\"_blank\"><span class=\"w-btn-label\">INSCRIPCIONES<\/span><\/a><\/div><div class=\"w-btn-wrapper align_center\"><a class=\"w-btn style_outlined color_navy icon_none\" href=\"https:\/\/www.fvb.cat\/wp-content\/uploads\/2025\/07\/MBT-Practitioner-Training-Barcelona-2026.pdf\" target=\"_blank\"><span class=\"w-btn-label\">PROGRAMA<\/span><\/a><\/div><\/div><\/div><\/div><div class=\"w-tabs-section\" id=\"1755156250060-892e0154-0f09\"><a href=\"#1755156250060-892e0154-0f09\" class=\"w-tabs-section-header\"><div class=\"w-tabs-section-header-h\"><h5 class=\"w-tabs-section-title\">INTRODUCCI\u00d3N A LA PSICOPATOLOG\u00cdA BASADA EN LA RELACI\u00d3N<\/h5><div class=\"w-tabs-section-control\"><\/div><\/div><\/a><div class=\"w-tabs-section-content\"><div class=\"w-tabs-section-content-h i-cf\"><div class=\"wpb_text_column \"><div class=\"wpb_wrapper\">\n<h6><strong>FECHA:<\/strong> Del 18 de septiembre al 30 de octubre<\/h6>\n<h6><strong>DOCENTE:<\/strong> Jorge L. Tiz\u00f3n<\/h6>\n<h6><strong>PRECIO:<\/strong> 660 \u20ac<\/h6>\n<\/div> <\/div> <div class=\"w-btn-wrapper align_center\"><a class=\"w-btn style_outlined color_navy icon_none\" href=\"\" target=\"_blank\"><span class=\"w-btn-label\">INSCRIPCIONES<\/span><\/a><\/div><div class=\"w-btn-wrapper align_center\"><a class=\"w-btn style_outlined color_navy icon_none\" href=\"https:\/\/www.fvb.cat\/wp-content\/uploads\/2025\/08\/CAST_Introduccion-a-la-psicopatologia-basada-en-la-relacion.pdf\" target=\"_blank\"><span class=\"w-btn-label\">PROGRAMA<\/span><\/a><\/div><\/div><\/div><\/div><div class=\"w-tabs-section\" id=\"1755156708244-d59c8f9e-5b10\"><a href=\"#1755156708244-d59c8f9e-5b10\" class=\"w-tabs-section-header\"><div class=\"w-tabs-section-header-h\"><h5 class=\"w-tabs-section-title\">CONCEPTOS FUNDAMENTALES DE LA PSICOTERAPIA PSICOANAL\u00cdTICA<\/h5><div class=\"w-tabs-section-control\"><\/div><\/div><\/a><div class=\"w-tabs-section-content\"><div class=\"w-tabs-section-content-h i-cf\"><div class=\"wpb_text_column \"><div class=\"wpb_wrapper\">\n<h6><strong>FECHA:<\/strong> Del 16 de septiembre al 18 de noviembre<\/h6>\n<h6><strong>DOCENTE:<\/strong> Ramon Riera<\/h6>\n<h6><strong>PRECIO:<\/strong> 440 \u20ac<\/h6>\n<\/div> <\/div> <div class=\"w-btn-wrapper align_center\"><a class=\"w-btn style_outlined color_navy icon_none\" href=\"\" target=\"_blank\"><span class=\"w-btn-label\">INSCRIPCIONES<\/span><\/a><\/div><div class=\"w-btn-wrapper align_center\"><a class=\"w-btn style_outlined color_navy icon_none\" href=\"https:\/\/www.fvb.cat\/wp-content\/uploads\/2025\/08\/CAST_Conceptos-fundamentales-de-la-psicoterapia-psicodinamica.pdf\" target=\"_blank\"><span class=\"w-btn-label\">PROGRAMA<\/span><\/a><\/div><\/div><\/div><\/div><div class=\"w-tabs-section\" id=\"1755156789080-ed89a4c8-1f35\"><a href=\"#1755156789080-ed89a4c8-1f35\" class=\"w-tabs-section-header\"><div class=\"w-tabs-section-header-h\"><h5 class=\"w-tabs-section-title\">OR\u00cdGENES, CONTEXTOS Y TENDENCIAS DEL PENSAMIENTO PSICOANAL\u00cdTICO<\/h5><div class=\"w-tabs-section-control\"><\/div><\/div><\/a><div class=\"w-tabs-section-content\"><div class=\"w-tabs-section-content-h i-cf\"><div class=\"wpb_text_column \"><div class=\"wpb_wrapper\">\n<h6><strong>FECHA:<\/strong> Del 16 de septiembre al 18 de noviembre<\/h6>\n<h6><strong>DOCENTE:<\/strong> Neri Daurella<\/h6>\n<h6><strong>PRECIO:<\/strong> 440 \u20ac<\/h6>\n<\/div> <\/div> <div class=\"w-btn-wrapper align_center\"><a class=\"w-btn style_outlined color_navy icon_none\" href=\"\" target=\"_blank\"><span class=\"w-btn-label\">INSCRIPCIONES<\/span><\/a><\/div><div class=\"w-btn-wrapper align_center\"><a class=\"w-btn style_outlined color_navy icon_none\" href=\"https:\/\/www.fvb.cat\/wp-content\/uploads\/2025\/08\/CAST_-Origenes-contextos-y-tendencias-del-pensamiento-psicoanalitica-1.pdf\" target=\"_blank\"><span class=\"w-btn-label\">PROGRAMA<\/span><\/a><\/div><\/div><\/div><\/div><div class=\"w-tabs-section\" id=\"1755156353166-6e75773e-cfe9\"><a href=\"#1755156353166-6e75773e-cfe9\" class=\"w-tabs-section-header\"><div class=\"w-tabs-section-header-h\"><h5 class=\"w-tabs-section-title\">TEOR\u00cdA Y PR\u00c1CTICA DE LA PSICOTERAPIA GRUPAL<\/h5><div class=\"w-tabs-section-control\"><\/div><\/div><\/a><div class=\"w-tabs-section-content\"><div class=\"w-tabs-section-content-h i-cf\"><div class=\"wpb_text_column \"><div class=\"wpb_wrapper\">\n<h6><strong>FECHA:<\/strong> Del 15 de septiembre al 6 de octubre<\/h6>\n<h6><strong>DOCENTE:<\/strong> Jos\u00e9 Rib\u00e9<\/h6>\n<h6><strong>PRECIO:<\/strong> 330 \u20ac<\/h6>\n<\/div> <\/div> <div class=\"w-btn-wrapper align_center\"><a class=\"w-btn style_outlined color_navy icon_none\" href=\"\" target=\"_blank\"><span class=\"w-btn-label\">INSCRIPCIONES<\/span><\/a><\/div><div class=\"w-btn-wrapper align_center\"><a class=\"w-btn style_outlined color_navy icon_none\" href=\"https:\/\/www.fvb.cat\/wp-content\/uploads\/2025\/08\/CAST_Introduccion-a-la-psicopatologia-basada-en-la-relacion.pdf\" target=\"_blank\"><span class=\"w-btn-label\">PROGRAMA<\/span><\/a><\/div><\/div><\/div><\/div><div class=\"w-tabs-section\" id=\"1759239915722-8405e556-b78f\"><a href=\"#1759239915722-8405e556-b78f\" class=\"w-tabs-section-header\"><div class=\"w-tabs-section-header-h\"><h5 class=\"w-tabs-section-title\">INTRODUCCI\u00d3N AL TRATAMIENTO BASADO EN LA MENTALIZACI\u00d3N - MBT<\/h5><div class=\"w-tabs-section-control\"><\/div><\/div><\/a><div class=\"w-tabs-section-content\"><div class=\"w-tabs-section-content-h i-cf\"><div class=\"wpb_text_column \"><div class=\"wpb_wrapper\">\n<h6><strong>FECHA:<\/strong> Del 25 de noviembre al 17 de febrero<\/h6>\n<h6><strong>DOCENTE:<\/strong> Mark Dangerfield<\/h6>\n<h6><strong>PRECIO:<\/strong> 440 \u20ac<\/h6>\n<\/div> <\/div> <div class=\"w-btn-wrapper align_center\"><a class=\"w-btn style_outlined color_navy icon_none\" href=\"\" target=\"_blank\"><span class=\"w-btn-label\">INSCRIPCIONES<\/span><\/a><\/div><div class=\"w-btn-wrapper align_center\"><a class=\"w-btn style_outlined color_navy icon_none\" href=\"https:\/\/www.fvb.cat\/wp-content\/uploads\/2025\/09\/CAST_-Introduccion-al-Tratamiento-Basado-en-la-Mentalizacion-MBT.pdf\" target=\"_blank\"><span class=\"w-btn-label\">PROGRAMA<\/span><\/a><\/div><\/div><\/div><\/div><\/div><\/div><\/div><\/div><\/div><\/div><\/div><\/div><\/section>","protected":false},"excerpt":{"rendered":"Fundaci\u00f3n Vidal i Barraquer Somos una instituci\u00f3n creada en 1964 y dedicada...","protected":false},"author":95,"featured_media":0,"parent":0,"menu_order":0,"comment_status":"closed","ping_status":"closed","template":"","meta":{"footnotes":""},"yoast_head":"<!-- This site is optimized with the Yoast SEO plugin v22.6 - https:\/\/yoast.com\/wordpress\/plugins\/seo\/ -->\n<title>Home - Fundaci\u00f3 Vidal i Barraquer<\/title>\n<meta name=\"robots\" content=\"index, follow, max-snippet:-1, max-image-preview:large, max-video-preview:-1\" \/>\n<link rel=\"canonical\" href=\"https:\/\/www.fvb.cat\/es\/\" \/>\n<meta property=\"og:locale\" content=\"es_ES\" \/>\n<meta property=\"og:type\" content=\"article\" \/>\n<meta property=\"og:title\" content=\"Home - Fundaci\u00f3 Vidal i Barraquer\" \/>\n<meta property=\"og:url\" content=\"https:\/\/www.fvb.cat\/es\/\" \/>\n<meta property=\"og:site_name\" content=\"Fundaci\u00f3 Vidal i Barraquer\" \/>\n<meta property=\"article:modified_time\" content=\"2025-11-05T09:31:42+00:00\" \/>\n<meta name=\"twitter:card\" content=\"summary_large_image\" \/>\n<meta name=\"twitter:label1\" content=\"Tiempo de lectura\" \/>\n\t<meta name=\"twitter:data1\" content=\"5 minutos\" \/>\n<script type=\"application\/ld+json\" class=\"yoast-schema-graph\">{\"@context\":\"https:\/\/schema.org\",\"@graph\":[{\"@type\":\"WebPage\",\"@id\":\"https:\/\/www.fvb.cat\/es\/\",\"url\":\"https:\/\/www.fvb.cat\/es\/\",\"name\":\"Home - Fundaci\u00f3 Vidal i Barraquer\",\"isPartOf\":{\"@id\":\"https:\/\/www.fvb.cat\/es\/#website\"},\"datePublished\":\"2024-05-02T14:51:54+00:00\",\"dateModified\":\"2025-11-05T09:31:42+00:00\",\"breadcrumb\":{\"@id\":\"https:\/\/www.fvb.cat\/es\/#breadcrumb\"},\"inLanguage\":\"es\",\"potentialAction\":[{\"@type\":\"ReadAction\",\"target\":[\"https:\/\/www.fvb.cat\/es\/\"]}]},{\"@type\":\"BreadcrumbList\",\"@id\":\"https:\/\/www.fvb.cat\/es\/#breadcrumb\",\"itemListElement\":[{\"@type\":\"ListItem\",\"position\":1,\"name\":\"Inici\",\"item\":\"https:\/\/www.fvb.cat\/es\/\"},{\"@type\":\"ListItem\",\"position\":2,\"name\":\"Home\"}]},{\"@type\":\"WebSite\",\"@id\":\"https:\/\/www.fvb.cat\/es\/#website\",\"url\":\"https:\/\/www.fvb.cat\/es\/\",\"name\":\"Fundaci\u00f3 Vidal i Barraquer\",\"description\":\"Asistencia, docencia e investigaci\u00f3n en Salud Mental\",\"publisher\":{\"@id\":\"https:\/\/www.fvb.cat\/es\/#organization\"},\"potentialAction\":[{\"@type\":\"SearchAction\",\"target\":{\"@type\":\"EntryPoint\",\"urlTemplate\":\"https:\/\/www.fvb.cat\/es\/?s={search_term_string}\"},\"query-input\":\"required name=search_term_string\"}],\"inLanguage\":\"es\"},{\"@type\":\"Organization\",\"@id\":\"https:\/\/www.fvb.cat\/es\/#organization\",\"name\":\"Fundaci\u00f3 Vidal i Barraquer\",\"url\":\"https:\/\/www.fvb.cat\/es\/\",\"logo\":{\"@type\":\"ImageObject\",\"inLanguage\":\"es\",\"@id\":\"https:\/\/www.fvb.cat\/es\/#\/schema\/logo\/image\/\",\"url\":\"https:\/\/www.fvb.cat\/wp-content\/uploads\/2024\/05\/logo-vidal-i-barrauqer-60-aniversari.jpg\",\"contentUrl\":\"https:\/\/www.fvb.cat\/wp-content\/uploads\/2024\/05\/logo-vidal-i-barrauqer-60-aniversari.jpg\",\"width\":2125,\"height\":703,\"caption\":\"Fundaci\u00f3 Vidal i Barraquer\"},\"image\":{\"@id\":\"https:\/\/www.fvb.cat\/es\/#\/schema\/logo\/image\/\"}}]}<\/script>\n<!-- \/ Yoast SEO plugin. -->","yoast_head_json":{"title":"Home - Fundaci\u00f3 Vidal i Barraquer","robots":{"index":"index","follow":"follow","max-snippet":"max-snippet:-1","max-image-preview":"max-image-preview:large","max-video-preview":"max-video-preview:-1"},"canonical":"https:\/\/www.fvb.cat\/es\/","og_locale":"es_ES","og_type":"article","og_title":"Home - Fundaci\u00f3 Vidal i Barraquer","og_url":"https:\/\/www.fvb.cat\/es\/","og_site_name":"Fundaci\u00f3 Vidal i Barraquer","article_modified_time":"2025-11-05T09:31:42+00:00","twitter_card":"summary_large_image","twitter_misc":{"Tiempo de lectura":"5 minutos"},"schema":{"@context":"https:\/\/schema.org","@graph":[{"@type":"WebPage","@id":"https:\/\/www.fvb.cat\/es\/","url":"https:\/\/www.fvb.cat\/es\/","name":"Home - Fundaci\u00f3 Vidal i Barraquer","isPartOf":{"@id":"https:\/\/www.fvb.cat\/es\/#website"},"datePublished":"2024-05-02T14:51:54+00:00","dateModified":"2025-11-05T09:31:42+00:00","breadcrumb":{"@id":"https:\/\/www.fvb.cat\/es\/#breadcrumb"},"inLanguage":"es","potentialAction":[{"@type":"ReadAction","target":["https:\/\/www.fvb.cat\/es\/"]}]},{"@type":"BreadcrumbList","@id":"https:\/\/www.fvb.cat\/es\/#breadcrumb","itemListElement":[{"@type":"ListItem","position":1,"name":"Inici","item":"https:\/\/www.fvb.cat\/es\/"},{"@type":"ListItem","position":2,"name":"Home"}]},{"@type":"WebSite","@id":"https:\/\/www.fvb.cat\/es\/#website","url":"https:\/\/www.fvb.cat\/es\/","name":"Fundaci\u00f3 Vidal i Barraquer","description":"Asistencia, docencia e investigaci\u00f3n en Salud Mental","publisher":{"@id":"https:\/\/www.fvb.cat\/es\/#organization"},"potentialAction":[{"@type":"SearchAction","target":{"@type":"EntryPoint","urlTemplate":"https:\/\/www.fvb.cat\/es\/?s={search_term_string}"},"query-input":"required name=search_term_string"}],"inLanguage":"es"},{"@type":"Organization","@id":"https:\/\/www.fvb.cat\/es\/#organization","name":"Fundaci\u00f3 Vidal i Barraquer","url":"https:\/\/www.fvb.cat\/es\/","logo":{"@type":"ImageObject","inLanguage":"es","@id":"https:\/\/www.fvb.cat\/es\/#\/schema\/logo\/image\/","url":"https:\/\/www.fvb.cat\/wp-content\/uploads\/2024\/05\/logo-vidal-i-barrauqer-60-aniversari.jpg","contentUrl":"https:\/\/www.fvb.cat\/wp-content\/uploads\/2024\/05\/logo-vidal-i-barrauqer-60-aniversari.jpg","width":2125,"height":703,"caption":"Fundaci\u00f3 Vidal i Barraquer"},"image":{"@id":"https:\/\/www.fvb.cat\/es\/#\/schema\/logo\/image\/"}}]}},"_links":{"self":[{"href":"https:\/\/www.fvb.cat\/es\/wp-json\/wp\/v2\/pages\/15136"}],"collection":[{"href":"https:\/\/www.fvb.cat\/es\/wp-json\/wp\/v2\/pages"}],"about":[{"href":"https:\/\/www.fvb.cat\/es\/wp-json\/wp\/v2\/types\/page"}],"author":[{"embeddable":true,"href":"https:\/\/www.fvb.cat\/es\/wp-json\/wp\/v2\/users\/95"}],"replies":[{"embeddable":true,"href":"https:\/\/www.fvb.cat\/es\/wp-json\/wp\/v2\/comments?post=15136"}],"version-history":[{"count":109,"href":"https:\/\/www.fvb.cat\/es\/wp-json\/wp\/v2\/pages\/15136\/revisions"}],"predecessor-version":[{"id":17566,"href":"https:\/\/www.fvb.cat\/es\/wp-json\/wp\/v2\/pages\/15136\/revisions\/17566"}],"wp:attachment":[{"href":"https:\/\/www.fvb.cat\/es\/wp-json\/wp\/v2\/media?parent=15136"}],"curies":[{"name":"wp","href":"https:\/\/api.w.org\/{rel}","templated":true}]}}