{"id":15063,"date":"2024-04-29T14:06:59","date_gmt":"2024-04-29T13:06:59","guid":{"rendered":"https:\/\/www.fvb.cat\/ca\/?page_id=15063"},"modified":"2026-04-22T11:13:47","modified_gmt":"2026-04-22T10:13:47","slug":"master-de-formacio-permanent-en-espiritualitat-transcultural","status":"publish","type":"page","link":"https:\/\/www.fvb.cat\/es\/docencia\/master-de-formacion-permanente-espiritualidad-transcultural\/","title":{"rendered":"M\u00e1ster de Formaci\u00f3n Permanente en Espiritualidad Transcultural"},"content":{"rendered":"<section class=\"l-section wpb_row height_medium\"><div class=\"l-section-h i-cf\"><div class=\"g-cols type_default valign_top\"><div class=\"vc_col-sm-12 vc_hidden-lg vc_hidden-md vc_hidden-sm wpb_column vc_column_container\"><div class=\"vc_column-inner  vc_custom_1713345638067\"><div class=\"wpb_wrapper\"><\/div><\/div><\/div><\/div><\/div><\/section><section class=\"l-section wpb_row height_medium\"><div class=\"l-section-h i-cf\"><div class=\"g-cols type_default valign_top\"><div class=\"vc_col-sm-12 vc_hidden-xs wpb_column vc_column_container\"><div class=\"vc_column-inner  vc_custom_1721915471599\"><div class=\"wpb_wrapper\"><\/div><\/div><\/div><\/div><\/div><\/section><section class=\"l-section wpb_row height_medium\" style=\"margin-top: -77px !important;margin-right: 0px !important;margin-left: 0px !important;padding-left: 0px !important;\"><div class=\"l-section-h i-cf\"><div class=\"g-cols type_default valign_top\"><div class=\"vc_col-sm-8 vc_hidden-xs wpb_column vc_column_container\"><div class=\"vc_column-inner\"><div class=\"wpb_wrapper\"><div class=\"wpb_text_column  vc_custom_1776851958845\"><div class=\"wpb_wrapper\">\n<h5><strong>Presentaci\u00f3n<\/strong><\/h5>\n<p>El\u00a0<strong>M\u00e1ster en Espiritualidad Transcultural<\/strong>\u00a0es un programa universitario que ofrece una exploraci\u00f3n profunda de la dimensi\u00f3n espiritual del ser humano desde m\u00faltiples perspectivas. Su objetivo es proporcionar un conocimiento estructurado sobre la experiencia espiritual en su dimensi\u00f3n antropol\u00f3gica, filos\u00f3fica, fenomenol\u00f3gica, psicol\u00f3gica, psiqui\u00e1trica y neurocient\u00edfica. En su conjunto, este m\u00e1ster ofrece una base interdisciplinaria para comprender el \u00e1mbito espiritual de la persona humana a nivel personal, social, cultural y profesional.<\/div> <\/div> <div class=\"w-separator type_default size_medium thick_1 style_solid color_border cont_none\"><span class=\"w-separator-h\"><\/span><\/div><\/div><\/div><\/div><div class=\"vc_col-sm-4 vc_hidden-xs wpb_column vc_column_container has-fill\"><div class=\"vc_column-inner  vc_custom_1721915489567 color_custom\" style=\"color:#ffffff;\"><div class=\"wpb_wrapper\"><div class=\"wpb_text_column  vc_custom_1776851976934\"><div class=\"wpb_wrapper\"><strong>Duraci\u00f3n<\/strong><br \/>\n2 a\u00f1os acad\u00e9micos<\/p>\n<p><strong>Calendario y horario<\/strong><br \/>\nDe septiembre a julio<br \/>\n<strong>Primer Curso:<\/strong> mi\u00e9rcoles de 16:30 h a 21:00 h<br \/>\n<strong>Segundo Curso:<\/strong> viernes de 16:30 h a 21:00 h<\/p>\n<p><strong>Precio: <\/strong>2.600 \u20ac por curso<\/p>\n<p><strong>Plazas:<\/strong> 25<br \/>\n<strong>Idioma:<\/strong> Castellano<br \/>\n<strong>Modalidad:<\/strong> Virtual con clases sinc\u00f3nicas.<br \/>\n<strong>Cr\u00e9ditos:<\/strong> 60 ECTS<\/div> <\/div> <div class=\"w-btn-wrapper align_left\"><a class=\"w-btn style_solid color_white icon_none\" href=\"mailto:docencia@fvb.cat\" target=\"_blank\"><span class=\"w-btn-label\">Contactar<\/span><\/a><\/div><\/div><\/div><\/div><\/div><\/div><\/section><!-- Row Backgrounds --><div class=\"upb_color\" data-bg-override=\"0\" data-bg-color=\"rgba(255,255,255,0.01)\" data-fadeout=\"\" data-fadeout-percentage=\"30\" data-parallax-content=\"\" data-parallax-content-sense=\"30\" data-row-effect-mobile-disable=\"true\" data-img-parallax-mobile-disable=\"true\" data-rtl=\"false\"  data-custom-vc-row=\"\"  data-vc=\"5.0.1\"  data-is_old_vc=\"\"  data-theme-support=\"\"   data-overlay=\"false\" data-overlay-color=\"\" data-overlay-pattern=\"\" data-overlay-pattern-opacity=\"\" data-overlay-pattern-size=\"\"    ><\/div><section class=\"l-section wpb_row height_medium\"><div class=\"l-section-h i-cf\"><div class=\"g-cols type_default valign_top\"><div class=\"vc_col-sm-12 vc_hidden-lg vc_hidden-md vc_hidden-sm wpb_column vc_column_container\"><div class=\"vc_column-inner  vc_custom_1713347873969 color_custom\" style=\"color:#ffffff;\"><div class=\"wpb_wrapper\"><div class=\"wpb_text_column  vc_custom_1763122721763\"><div class=\"wpb_wrapper\"><strong>Duraci\u00f3n<\/strong><br \/>\n2 a\u00f1os acad\u00e9micos<\/p>\n<p><strong>Calendario y horario<\/strong><br \/>\nDe septiembre a julio<br \/>\n<strong>Primer Curso:<\/strong> mi\u00e9rcoles de 16:30 h a 21 h<br \/>\n<strong>Segundo Curso:<\/strong> viernes de 16:30 h a 21 h<\/p>\n<p><strong>Precio: <\/strong>2.600 \u20ac por curso<\/p>\n<p><strong>Plazas:<\/strong> 25<br \/>\n<strong>Idioma:<\/strong> Castellano<br \/>\n<strong>Modalidad:<\/strong> Virtual con clases sincr\u00f3nicas.<br \/>\n<strong>Cr\u00e9ditos:<\/strong> 60 ECTS<\/div> <\/div> <\/div><\/div><\/div><\/div><\/div><\/section><section class=\"l-section wpb_row height_medium\"><div class=\"l-section-h i-cf\"><div class=\"g-cols type_default valign_top\"><div class=\"vc_col-sm-12 vc_hidden-lg vc_hidden-md vc_hidden-sm wpb_column vc_column_container\"><div class=\"vc_column-inner  vc_custom_1713348160595\"><div class=\"wpb_wrapper\"><div class=\"wpb_text_column \"><div class=\"wpb_wrapper\">\n<h5><strong>Presentaci\u00f3n<\/strong><\/h5>\n<p>El\u00a0<strong>M\u00e1ster en Espiritualidad Transcultural<\/strong>\u00a0es un programa universitario que ofrece una exploraci\u00f3n profunda de la dimensi\u00f3n espiritual del ser humano desde m\u00faltiples perspectivas. Su objetivo es proporcionar un conocimiento estructurado sobre la experiencia espiritual en su dimensi\u00f3n antropol\u00f3gica, filos\u00f3fica, fenomenol\u00f3gica, psicol\u00f3gica, psiqui\u00e1trica y neurocient\u00edfica. En su conjunto, este m\u00e1ster ofrece una base interdisciplinaria para comprender el \u00e1mbito espiritual de la persona humana a nivel personal, social, cultural y profesional.<\/div> <\/div> <\/div><\/div><\/div><\/div><\/div><\/section><section class=\"l-section wpb_row height_medium\" style=\"margin-top: -42px !important;\"><div class=\"l-section-h i-cf\"><div class=\"g-cols type_default valign_top\"><div class=\"vc_col-sm-12 vc_hidden-xs wpb_column vc_column_container\"><div class=\"vc_column-inner  vc_custom_1721915499999\"><div class=\"wpb_wrapper\"><div class=\"wpb_text_column \"><div class=\"wpb_wrapper\">\n<h5><strong>\u00bfPor qu\u00e9 estudiar el M\u00e1ster en Espiritualidad Transcultural de la FVB?<\/strong><\/h5>\n<p>El M\u00e1ster en Espiritualidad Transcultural es un programa de formaci\u00f3n permanente ofrecido por el Instituto Universitario Vidal y Barraquer de la Universidad Ramon Llull. Esta instituci\u00f3n, con m\u00e1s de 60 a\u00f1os de experiencia, se especializa en el campo de la salud mental, abordando perspectivas psicol\u00f3gicas, sociales, biol\u00f3gicas y espirituales. La Fundaci\u00f3n Vidal i Barraquer, con su enfoque transversal, se beneficia de su asociaci\u00f3n con la Universidad Ramon Llull, la mayor universidad privada de Catalu\u00f1a y clasificada, en segundo lugar, entre las universidades privadas de Espa\u00f1a en los rankings universitarios.<\/p>\n<h5><strong>Formaci\u00f3n interdisciplinaria<\/strong><\/h5>\n<p>A trav\u00e9s de un an\u00e1lisis actual, se explorar\u00e1n las aportaciones de las diferentes ciencias en los itinerarios espirituales de la historia de la humanidad, de las diversas tradiciones religiosas y de las nuevas formas de espiritualidad, aportando una reflexi\u00f3n interdisciplinar en este \u00e1mbito.<\/p>\n<h5><strong>Psicolog\u00eda y neurociencia<\/strong><\/h5>\n<p>Se promueve una reflexi\u00f3n interdisciplinaria que integra los avances en psicolog\u00eda y neurociencia para comprender los itinerarios espirituales tanto de las principales tradiciones religiosas como de las nuevas formas de la espiritualidad.<\/p>\n<h5><strong>Fenomenolog\u00eda y tansculturalidad<\/strong><\/h5>\n<p>Se propone un marco sistem\u00e1tico para la comprensi\u00f3n de las diversas manifestaciones de la espiritualidad humana mediante la profundizaci\u00f3n de sus manifestaciones, su impacto social, su caracterizaci\u00f3n, su v\u00ednculo con los entornos en los que se desarrollan y su alcance transcultural.<\/p>\n<h5 class=\"translation-block\"><strong>Integraci\u00f3n cognitiva, emocional y espiritual<\/strong><\/h5>\n<p>Se propone un itinerario de profundizaci\u00f3n personal que abarca las dimensiones cognitivas, emocionales y espirituales, en un contexto acad\u00e9mico abierto a la realidad exterior, fomentando la integraci\u00f3n de estos aspectos en la formaci\u00f3n de los participantes en el m\u00e1ster.<\/div> <\/div> <\/div><\/div><\/div><\/div><\/div><\/section><section class=\"l-section wpb_row height_medium\"><div class=\"l-section-h i-cf\"><div class=\"g-cols type_default valign_top\"><div class=\"vc_col-sm-12 vc_hidden-lg vc_hidden-md vc_hidden-sm wpb_column vc_column_container\"><div class=\"vc_column-inner  vc_custom_1713353997018\"><div class=\"wpb_wrapper\"><div class=\"wpb_text_column \"><div class=\"wpb_wrapper\"><strong>\u00bfPor qu\u00e9 estudiar el M\u00e1ster en Espiritualidad Transcultural de la FVB?<\/strong><\/p>\n<p>El M\u00e1ster en Espiritualidad Transcultural es un programa de formaci\u00f3n permanente ofrecido por el Instituto Universitario Vidal y Barraquer de la Universidad Ramon Llull. Esta instituci\u00f3n, con m\u00e1s de 60 a\u00f1os de experiencia, se especializa en el campo de la salud mental, abordando perspectivas psicol\u00f3gicas, sociales, biol\u00f3gicas y espirituales. La Fundaci\u00f3n Vidal i Barraquer, con su enfoque transversal, se beneficia de su asociaci\u00f3n con la Universidad Ramon Llull, la mayor universidad privada de Catalu\u00f1a y clasificada, en segundo lugar, entre las universidades privadas de Espa\u00f1a en los rankings universitarios.<\/p>\n<h5><strong>Formaci\u00f3n interdisciplinaria<\/strong><\/h5>\n<p>A trav\u00e9s de un an\u00e1lisis actual, se explorar\u00e1n las aportaciones de las diferentes ciencias en los itinerarios espirituales de la historia de la humanidad, de las diversas tradiciones religiosas y de las nuevas formas de espiritualidad, aportando una reflexi\u00f3n interdisciplinar en este \u00e1mbito.<\/p>\n<h5><strong>Psicolog\u00eda y neurociencia<\/strong><\/h5>\n<p>Se promueve una reflexi\u00f3n interdisciplinaria que integra los avances en psicolog\u00eda y neurociencia para comprender los itinerarios espirituales tanto de las principales tradiciones religiosas como de las nuevas formas de la espiritualidad.<\/p>\n<h5><strong>Fenomenolog\u00eda y tansculturalidad<\/strong><\/h5>\n<p>Se propone un marco sistem\u00e1tico para la comprensi\u00f3n de las diversas manifestaciones de la espiritualidad humana mediante la profundizaci\u00f3n de sus manifestaciones, su impacto social, su caracterizaci\u00f3n, su v\u00ednculo con los entornos en los que se desarrollan y su alcance transcultural.<\/p>\n<h5 class=\"translation-block\"><strong>Integraci\u00f3n cognitiva, emocional y espiritual<\/strong><\/h5>\n<p>Se propone un itinerario de profundizaci\u00f3n personal que abarca las dimensiones cognitivas, emocionales y espirituales, en un contexto acad\u00e9mico abierto a la realidad exterior, fomentando la integraci\u00f3n de estos aspectos en la formaci\u00f3n de los participantes en el m\u00e1ster.<\/div> <\/div> <\/div><\/div><\/div><\/div><\/div><\/section><section class=\"l-section wpb_row height_medium\" style=\"margin-top: -106px !important;\"><div class=\"l-section-h i-cf\"><div class=\"g-cols type_default valign_top\"><div class=\"vc_col-sm-12 vc_hidden-xs wpb_column vc_column_container\"><div class=\"vc_column-inner  vc_custom_1714652022263\"><div class=\"wpb_wrapper\"><div class=\"wpb_text_column \"><div class=\"wpb_wrapper\">\n<h5 style=\"text-align: center;\"><strong>Objetivos<\/strong><\/h5>\n<p style=\"text-align: center;\">Este m\u00e1ster proporciona al alumno el desarrollo de competencias y habilidades t\u00e9cnicas, permitiendo llevar a cabo procesos psicoterap\u00e9uticos que aborden con rigor y profundidad las dificultades emocionales e interpersonales de las personas atendidas. Se incluyen competencias como:<\/p>\n<\/div> <\/div> <\/div><\/div><\/div><\/div><\/div><\/section><!-- Row Backgrounds --><div class=\"upb_color\" data-bg-override=\"0\" data-bg-color=\"#d6e2e6\" data-fadeout=\"\" data-fadeout-percentage=\"30\" data-parallax-content=\"\" data-parallax-content-sense=\"30\" data-row-effect-mobile-disable=\"true\" data-img-parallax-mobile-disable=\"true\" data-rtl=\"false\"  data-custom-vc-row=\"\"  data-vc=\"5.0.1\"  data-is_old_vc=\"\"  data-theme-support=\"\"   data-overlay=\"false\" data-overlay-color=\"\" data-overlay-pattern=\"\" data-overlay-pattern-opacity=\"\" data-overlay-pattern-size=\"\"    ><\/div><section class=\"l-section wpb_row height_medium\" style=\"margin-top: -79px !important;padding-bottom: -199px !important;\"><div class=\"l-section-h i-cf\"><div class=\"g-cols type_default valign_top\"><div class=\"vc_col-sm-4 vc_hidden-xs wpb_column vc_column_container\"><div class=\"vc_column-inner  vc_custom_1714652274009\"><div class=\"wpb_wrapper\"><div class=\"g-cols wpb_row type_default valign_top vc_inner \"><div class=\"vc_col-sm-12 wpb_column vc_column_container\"><div class=\"vc_column-inner\"><div class=\"wpb_wrapper\"><div class=\"ult-just-icon-wrapper  \"><div class=\"align-icon\" style=\"text-align:center;\">\n<div class=\"aio-icon-img \" style=\"font-size:40px;display:inline-block;\" >\n\t<img decoding=\"async\" class=\"img-icon\" alt=\"null\" src=\"https:\/\/www.fvb.cat\/wp-content\/uploads\/2024\/04\/meditacion.svg\"\/>\n<\/div><\/div><\/div><div class=\"wpb_text_column \"><div class=\"wpb_wrapper\">\n<p style=\"text-align: center;\">\u00a0Explorar la multiplicidad de formas que puede adquirir la espiritualidad en el contexto cultural contempor\u00e1neo.<\/p>\n<\/div> <\/div> <\/div><\/div><\/div><\/div><div class=\"ult-just-icon-wrapper   vc_custom_1714654750285\"><div class=\"align-icon\" style=\"text-align:center;\">\n<div class=\"aio-icon-img \" style=\"font-size:40px;display:inline-block;\" >\n\t<img decoding=\"async\" class=\"img-icon\" alt=\"null\" src=\"https:\/\/www.fvb.cat\/wp-content\/uploads\/2024\/04\/idea.svg\"\/>\n<\/div><\/div><\/div><div class=\"wpb_text_column \"><div class=\"wpb_wrapper\">\n<p style=\"text-align: center;\">Reflexionar sobre la experiencia espiritual desde un an\u00e1lisis filos\u00f3fico, fenomenol\u00f3gico y experiencial.<\/p>\n<\/div> <\/div> <\/div><\/div><\/div><div class=\"vc_col-sm-4 vc_hidden-xs wpb_column vc_column_container\"><div class=\"vc_column-inner\"><div class=\"wpb_wrapper\"><div class=\"ult-just-icon-wrapper  \"><div class=\"align-icon\" style=\"text-align:center;\">\n<div class=\"aio-icon-img \" style=\"font-size:40px;display:inline-block;\" >\n\t<img decoding=\"async\" class=\"img-icon\" alt=\"null\" src=\"https:\/\/www.fvb.cat\/wp-content\/uploads\/2024\/04\/inteligencia-artificial.svg\"\/>\n<\/div><\/div><\/div><div class=\"wpb_text_column \"><div class=\"wpb_wrapper\">\n<p style=\"text-align: center;\">Profundizar en la espiritualidad desde la psicolog\u00eda, la psiquiatr\u00eda y las neurociencias.<\/p>\n<\/div> <\/div> <div class=\"ult-just-icon-wrapper   vc_custom_1714654743538\"><div class=\"align-icon\" style=\"text-align:center;\">\n<div class=\"aio-icon-img \" style=\"font-size:40px;display:inline-block;\" >\n\t<img decoding=\"async\" class=\"img-icon\" alt=\"null\" src=\"https:\/\/www.fvb.cat\/wp-content\/uploads\/2024\/04\/proceso.svg\"\/>\n<\/div><\/div><\/div><div class=\"wpb_text_column  vc_custom_1714654865788\"><div class=\"wpb_wrapper\">\n<p style=\"text-align: center;\">Abordar el desarrollo de la vida espiritual y sus disfunciones.<\/p>\n<\/div> <\/div> <\/div><\/div><\/div><div class=\"vc_col-sm-4 wpb_column vc_column_container\"><div class=\"vc_column-inner\"><div class=\"wpb_wrapper\"><div class=\"ult-just-icon-wrapper  \"><div class=\"align-icon\" style=\"text-align:center;\">\n<div class=\"aio-icon-img \" style=\"font-size:40px;display:inline-block;\" >\n\t<img decoding=\"async\" class=\"img-icon\" alt=\"null\" src=\"https:\/\/www.fvb.cat\/wp-content\/uploads\/2024\/04\/amor.svg\"\/>\n<\/div><\/div><\/div><div class=\"wpb_text_column \"><div class=\"wpb_wrapper\">\n<p style=\"text-align: center;\">Indagar los distintos modos de acompa\u00f1amiento espiritual.<\/p>\n<\/div> <\/div> <\/div><\/div><\/div><\/div><\/div><\/section><!-- Row Backgrounds --><div class=\"upb_color\" data-bg-override=\"0\" data-bg-color=\"#d6e2e6\" data-fadeout=\"\" data-fadeout-percentage=\"30\" data-parallax-content=\"\" data-parallax-content-sense=\"30\" data-row-effect-mobile-disable=\"true\" data-img-parallax-mobile-disable=\"true\" data-rtl=\"false\"  data-custom-vc-row=\"\"  data-vc=\"5.0.1\"  data-is_old_vc=\"\"  data-theme-support=\"\"   data-overlay=\"false\" data-overlay-color=\"\" data-overlay-pattern=\"\" data-overlay-pattern-opacity=\"\" data-overlay-pattern-size=\"\"    ><\/div><section class=\"l-section wpb_row height_medium\" style=\"margin-top: -106px !important;\"><div class=\"l-section-h i-cf\"><div class=\"g-cols type_default valign_top\"><div class=\"vc_col-sm-12 vc_hidden-lg vc_hidden-md vc_hidden-sm wpb_column vc_column_container\"><div class=\"vc_column-inner  vc_custom_1714652231826\"><div class=\"wpb_wrapper\"><div class=\"wpb_text_column \"><div class=\"wpb_wrapper\">\n<h5 style=\"text-align: center;\"><strong>Objetivos<\/strong><\/h5>\n<p style=\"text-align: center;\">Este m\u00e1ster proporciona al alumno el desarrollo de competencias y habilidades t\u00e9cnicas, permitiendo llevar a cabo procesos psicoterap\u00e9uticos que aborden con rigor y profundidad las dificultades emocionales e interpersonales de las personas atendidas. Se incluyen competencias como:<\/p>\n<\/div> <\/div> <\/div><\/div><\/div><\/div><\/div><\/section><!-- Row Backgrounds --><div class=\"upb_color\" data-bg-override=\"0\" data-bg-color=\"#d6e2e6\" data-fadeout=\"\" data-fadeout-percentage=\"30\" data-parallax-content=\"\" data-parallax-content-sense=\"30\" data-row-effect-mobile-disable=\"true\" data-img-parallax-mobile-disable=\"true\" data-rtl=\"false\"  data-custom-vc-row=\"\"  data-vc=\"5.0.1\"  data-is_old_vc=\"\"  data-theme-support=\"\"   data-overlay=\"false\" data-overlay-color=\"\" data-overlay-pattern=\"\" data-overlay-pattern-opacity=\"\" data-overlay-pattern-size=\"\"    ><\/div><section class=\"l-section wpb_row height_medium\" style=\"margin-top: 0px !important;\"><div class=\"l-section-h i-cf\"><div class=\"g-cols type_default valign_top\"><div class=\"vc_col-sm-4 vc_hidden-lg vc_hidden-md vc_hidden-sm wpb_column vc_column_container\"><div class=\"vc_column-inner  vc_custom_1714652282690\"><div class=\"wpb_wrapper\"><div class=\"w-iconbox iconpos_top style_default color_primary no_text icontype_img\"><div class=\"w-iconbox-icon\" style=\"font-size:15px;\"><img decoding=\"async\" src=\"https:\/\/www.fvb.cat\/wp-content\/uploads\/2024\/04\/meditacion.svg\" alt=\" Explorar la multiplicidad de formas que puede adquirir la espiritualidad en el contexto cultural contempor\u00e1neo.\"><\/div><p class=\"w-iconbox-title\"> Explorar la multiplicidad de formas que puede adquirir la espiritualidad en el contexto cultural contempor\u00e1neo.<\/p><\/div><div class=\"w-iconbox iconpos_top style_default color_primary no_text icontype_img\"><div class=\"w-iconbox-icon\" style=\"font-size:15px;\"><img decoding=\"async\" src=\"https:\/\/www.fvb.cat\/wp-content\/uploads\/2024\/04\/idea.svg\" alt=\" Reflexionar sobre la experiencia espiritual desde un an\u00e1lisis filos\u00f3fico, fenomenol\u00f3gico y experiencial.\"><\/div><p class=\"w-iconbox-title\"> Reflexionar sobre la experiencia espiritual desde un an\u00e1lisis filos\u00f3fico, fenomenol\u00f3gico y experiencial.<\/p><\/div><\/div><\/div><\/div><div class=\"vc_col-sm-4 vc_hidden-lg vc_hidden-md vc_hidden-sm wpb_column vc_column_container\"><div class=\"vc_column-inner  vc_custom_1714654185220\"><div class=\"wpb_wrapper\"><div class=\"w-iconbox iconpos_top style_default color_primary no_text icontype_img\"><div class=\"w-iconbox-icon\" style=\"font-size:15px;\"><img decoding=\"async\" src=\"https:\/\/www.fvb.cat\/wp-content\/uploads\/2024\/04\/inteligencia-artificial.svg\" alt=\"Profundizar en la espiritualidad desde la psicolog\u00eda, la psiquiatr\u00eda y las neurociencias.\"><\/div><p class=\"w-iconbox-title\">Profundizar en la espiritualidad desde la psicolog\u00eda, la psiquiatr\u00eda y las neurociencias.<\/p><\/div><div class=\"w-iconbox iconpos_top style_default color_primary no_text icontype_img\"><div class=\"w-iconbox-icon\" style=\"font-size:15px;\"><img decoding=\"async\" src=\"https:\/\/www.fvb.cat\/wp-content\/uploads\/2024\/04\/proceso.svg\" alt=\"Abordar el desarrollo de la vida espiritual y sus disfunciones.\"><\/div><p class=\"w-iconbox-title\">Abordar el desarrollo de la vida espiritual y sus disfunciones.<\/p><\/div><\/div><\/div><\/div><div class=\"vc_col-sm-4 vc_hidden-lg vc_hidden-md vc_hidden-sm wpb_column vc_column_container\"><div class=\"vc_column-inner\"><div class=\"wpb_wrapper\"><div class=\"w-iconbox iconpos_top style_default color_primary no_text icontype_img\"><div class=\"w-iconbox-icon\" style=\"font-size:15px;\"><img decoding=\"async\" src=\"https:\/\/www.fvb.cat\/wp-content\/uploads\/2024\/04\/amor.svg\" alt=\" Indagar los distintos modos de acompa\u00f1amiento espiritual.\"><\/div><p class=\"w-iconbox-title\"> Indagar los distintos modos de acompa\u00f1amiento espiritual.<\/p><\/div><\/div><\/div><\/div><\/div><\/div><\/section><!-- Row Backgrounds --><div class=\"upb_color\" data-bg-override=\"0\" data-bg-color=\"#d6e2e6\" data-fadeout=\"\" data-fadeout-percentage=\"30\" data-parallax-content=\"\" data-parallax-content-sense=\"30\" data-row-effect-mobile-disable=\"true\" data-img-parallax-mobile-disable=\"true\" data-rtl=\"false\"  data-custom-vc-row=\"\"  data-vc=\"5.0.1\"  data-is_old_vc=\"\"  data-theme-support=\"\"   data-overlay=\"false\" data-overlay-color=\"\" data-overlay-pattern=\"\" data-overlay-pattern-opacity=\"\" data-overlay-pattern-size=\"\"    ><\/div><section class=\"l-section wpb_row height_medium\" style=\"margin-top: 0px !important;\"><div class=\"l-section-h i-cf\"><div class=\"g-cols type_default valign_top\"><div class=\"vc_col-sm-12 vc_hidden-xs wpb_column vc_column_container\"><div class=\"vc_column-inner\"><div class=\"wpb_wrapper\"><div class=\"wpb_text_column \"><div class=\"wpb_wrapper\">\n<h5><strong>Destinatarios<\/strong><\/h5>\n<p>Cualquier persona con formaci\u00f3n universitaria interesada en la dimensi\u00f3n espiritual del ser humano, especialmente:<\/p>\n<ul>\n<li style=\"text-align: left;\">Docentes de escuela primaria, secundaria y universidad.<\/li>\n<li>Personas interesadas en las humanidades y la producci\u00f3n art\u00edstica.<\/li>\n<li style=\"text-align: left;\">Profesionales del campo de la salud mental.<\/li>\n<li style=\"text-align: left;\">Profesionales del campo de la salud y de la intervenci\u00f3n social.<\/li>\n<li style=\"text-align: left;\">Profesionales del campo de las migraciones y la mediaci\u00f3n intercultural.<\/li>\n<li style=\"text-align: left;\">Profesionales de otros \u00e1mbitos y personas interesadas en la profundizaci\u00f3n personal de la dimensi\u00f3n espiritual del ser humano y su impacto en la sociedad.<\/li>\n<\/ul>\n<\/div> <\/div> <div class=\"wpb_text_column \"><div class=\"wpb_wrapper\">\n<div class=\"elementor-element elementor-element-0df9eb7 e-flex e-con-boxed e-con e-parent\" data-id=\"0df9eb7\" data-element_type=\"container\" data-core-v316-plus=\"true\">\n<div class=\"e-con-inner\">\n<div class=\"elementor-element elementor-element-f66f334 elementor-widget-divider--view-line_text elementor-widget-divider--element-align-left elementor-widget elementor-widget-divider\" data-id=\"f66f334\" data-element_type=\"widget\" data-widget_type=\"divider.default\">\n<div class=\"elementor-widget-container\">\n<h5 class=\"elementor-divider\"><strong>Informaci\u00f3n<\/strong><\/h5>\n<\/div>\n<\/div>\n<\/div>\n<\/div>\n<\/div> <\/div> <div class=\"w-tabs layout_default accordion title_left icon_chevron iconpos_right vc_custom_1713367458708 \"><div class=\"w-tabs-list items_7\"><div class=\"w-tabs-list-h\"><div class=\"w-tabs-item\"><a href=\"#1713353231757-df20e83a-25c3\" class=\"w-tabs-item-h\"><span class=\"w-tabs-item-title\">Matr\u00edcula<\/span><\/a><\/div>\n<div class=\"w-tabs-item\"><a href=\"#1714129003563-4c8329b1-cfc7\" class=\"w-tabs-item-h\"><span class=\"w-tabs-item-title\">Requisitos de admisi\u00f3n<\/span><\/a><\/div>\n<div class=\"w-tabs-item\"><a href=\"#1713353266359-329551e8-d3cd\" class=\"w-tabs-item-h\"><span class=\"w-tabs-item-title\">Facilidades de pago<\/span><\/a><\/div>\n<div class=\"w-tabs-item\"><a href=\"#1714129127571-fe826ea7-857e\" class=\"w-tabs-item-h\"><span class=\"w-tabs-item-title\"> Centros y comunidades de pr\u00e1cticas de inmersi\u00f3n<\/span><\/a><\/div>\n<div class=\"w-tabs-item\"><a href=\"#1713353298130-855d1b6b-e4bf\" class=\"w-tabs-item-h\"><span class=\"w-tabs-item-title\"> Coordinaci\u00f3n acad\u00e9mica<\/span><\/a><\/div>\n<div class=\"w-tabs-item\"><a href=\"#1713353329207-9cf3db70-757d\" class=\"w-tabs-item-h\"><span class=\"w-tabs-item-title\">Docentes<\/span><\/a><\/div>\n<div class=\"w-tabs-item\"><a href=\"#1776852347886-703d2eb6-0f7c\" class=\"w-tabs-item-h\"><span class=\"w-tabs-item-title\">Actividades complementarias<\/span><\/a><\/div>\n<\/div><\/div><div class=\"w-tabs-sections\"><div class=\"w-tabs-sections-h\"><div class=\"w-tabs-section\" id=\"1713353231757-df20e83a-25c3\"><a href=\"#1713353231757-df20e83a-25c3\" class=\"w-tabs-section-header\"><div class=\"w-tabs-section-header-h\"><h5 class=\"w-tabs-section-title\">Matr\u00edcula<\/h5><div class=\"w-tabs-section-control\"><\/div><\/div><\/a><div class=\"w-tabs-section-content\"><div class=\"w-tabs-section-content-h i-cf\"><div class=\"wpb_text_column \"><div class=\"wpb_wrapper\"><strong>Matr\u00edcula:<\/strong> a partir del 1 de junio de 2026<\/p>\n<p class=\"p1\"><span class=\"s1\">Las personas interesadas en cursar el m\u00e1ster y\/o quieran recibir m\u00e1s informaci\u00f3n pueden dirigirse a la Secretar\u00eda Acad\u00e9mica del Instituto Universitario de Salud Mental Vidal y Barraquer de la Universidad Ramon Llull escribiendo un correo electr\u00f3nico a\u00a0<a href=\"mailto:docencia@fvb.cat\"><span class=\"s2\">docencia@fvb.cat<\/span><\/a>, solicitando una entrevista con el director del m\u00e1ster y presentando su CV. Esta entrevista se puede realizar de forma presencial u online.<\/span><\/p>\n<\/div> <\/div> <\/div><\/div><\/div><div class=\"w-tabs-section\" id=\"1714129003563-4c8329b1-cfc7\"><a href=\"#1714129003563-4c8329b1-cfc7\" class=\"w-tabs-section-header\"><div class=\"w-tabs-section-header-h\"><h5 class=\"w-tabs-section-title\">Requisitos de admisi\u00f3n<\/h5><div class=\"w-tabs-section-control\"><\/div><\/div><\/a><div class=\"w-tabs-section-content\"><div class=\"w-tabs-section-content-h i-cf\"><div class=\"wpb_text_column \"><div class=\"wpb_wrapper\"><strong>Documentaci\u00f3n obligatoria<\/strong><\/p>\n<ul>\n<li><strong>T\u00edtulo universitario oficial de grado del Espacio Europeo de Educaci\u00f3n Superior (EEES) o t\u00edtulo extranjero equivalente<\/strong> que permita acceder a un posgrado universitario en el pa\u00eds que ha expedido el t\u00edtulo. En caso de que el solicitante todav\u00eda no haya terminado sus estudios en el momento de presentar la solicitud, se le pedir\u00e1 que firme una declaraci\u00f3n que acredite que los terminar\u00e1 antes del inicio del m\u00e1ster universitario. Otras formaciones ser\u00e1n valoradas personalmente.<\/li>\n<li><strong>Curriculum vitae.<\/strong><\/li>\n<li><strong>Documento Nacional de Identidad o Pasaporte.<\/strong><\/li>\n<\/ul>\n<\/div> <\/div> <\/div><\/div><\/div><div class=\"w-tabs-section\" id=\"1713353266359-329551e8-d3cd\"><a href=\"#1713353266359-329551e8-d3cd\" class=\"w-tabs-section-header\"><div class=\"w-tabs-section-header-h\"><h5 class=\"w-tabs-section-title\">Facilidades de pago<\/h5><div class=\"w-tabs-section-control\"><\/div><\/div><\/a><div class=\"w-tabs-section-content\"><div class=\"w-tabs-section-content-h i-cf\"><div class=\"wpb_text_column \"><div class=\"wpb_wrapper\">\n<p class=\"p1\"><span class=\"s1\">Para m\u00e1s informaci\u00f3n: <a href=\"mailto:docencia@fvb.cat\"><span class=\"s2\">docencia@fvb.cat<\/span><\/a>.<\/span><\/p>\n<\/div> <\/div> <\/div><\/div><\/div><div class=\"w-tabs-section\" id=\"1714129127571-fe826ea7-857e\"><a href=\"#1714129127571-fe826ea7-857e\" class=\"w-tabs-section-header\"><div class=\"w-tabs-section-header-h\"><h5 class=\"w-tabs-section-title\"> Centros y comunidades de pr\u00e1cticas de inmersi\u00f3n<\/h5><div class=\"w-tabs-section-control\"><\/div><\/div><\/a><div class=\"w-tabs-section-content\"><div class=\"w-tabs-section-content-h i-cf\"><div class=\"wpb_text_column \"><div class=\"wpb_wrapper\"><p>Los estudiantes que opten por realizar una pr\u00e1ctica de inmersi\u00f3n pueden elegir entre los diversos centros con los que el Instituto Universitario de Salud Mental Vidal y Barraquer de la Universidad Ramon Llull tiene un convenio. La direcci\u00f3n est\u00e1 abierta a propuestas de centros que cumplan las exigencias de las pr\u00e1cticas de inmersi\u00f3n.<\/p>\n<p><strong>Espa\u00f1a<\/strong><\/p>\n<ul>\n<li>Asociaci\u00f3n Bija<\/li>\n<li>Centro Internacional de Espiritualidad Cueva San Ignacio<\/li>\n<li>Hospital de Campa\u00f1a Santa Ana &#8211; Barcelona<\/li>\n<li>Instituto del Tantra No Dual<\/li>\n<li>Monasterio de Jes\u00fas Divino Obrero y San Jos\u00e9 Oriol<\/li>\n<li>Monasterio de San Benito de Montserrat<\/li>\n<li>Monasterio de San Jer\u00f3nimo de la Murtra<\/li>\n<li>Murtra Galilea<\/li>\n<li>Red Interlavapies<\/li>\n<li>Sociedad del Sagrado Coraz\u00f3n<\/li>\n<li>Universidad de la M\u00edstica \u2013 Citas<\/li>\n<li>Zen Kannon<\/li>\n<\/ul>\n<p><strong>Colombia<\/strong><\/p>\n<ul>\n<li>Murtra Bellavista del Silencio<\/li>\n<li>Murtra Santa Mar\u00eda del Bosque<\/li>\n<\/ul>\n<p><strong>Estados Unidos<\/strong><\/p>\n<ul>\n<li>EarthSpirit<\/li>\n<\/ul>\n<p><strong>M\u00e9xico<\/strong><\/p>\n<ul>\n<li>Centro Ignaciano y casa de ejercicios de Puente Grande<\/li>\n<li>Fundaci\u00f3n Privada de Fieles Laicos del Venerable Padre Pedro Jos\u00e9 de la Cloriviere S.J.<\/li>\n<\/ul>\n<p><strong>Chile<\/strong><\/p>\n<ul>\n<li>Murtra Santa Mar\u00eda del Silencio<\/li>\n<\/ul>\n<\/p><\/div> <\/div> <\/div><\/div><\/div><div class=\"w-tabs-section\" id=\"1713353298130-855d1b6b-e4bf\"><a href=\"#1713353298130-855d1b6b-e4bf\" class=\"w-tabs-section-header\"><div class=\"w-tabs-section-header-h\"><h5 class=\"w-tabs-section-title\"> Coordinaci\u00f3n acad\u00e9mica<\/h5><div class=\"w-tabs-section-control\"><\/div><\/div><\/a><div class=\"w-tabs-section-content\"><div class=\"w-tabs-section-content-h i-cf\"><div class=\"wpb_text_column \"><div class=\"wpb_wrapper\"><p>Actualmente, el m\u00e1ster ha demostrado su s\u00f3lida trayectoria, apoyado por un equipo docente experto en diversas \u00e1reas. Este equipo est\u00e1 formado por especialistas en psicolog\u00eda, antropolog\u00eda, filosof\u00eda, fenomenolog\u00eda de las religiones, m\u00edstica, espiritualidad y comunicaci\u00f3n transcultural.<\/p>\n<p><strong>Director del m\u00e1ster<\/strong><\/p>\n<p>Dr. Joan-Andreu Rocha Scarpetta<\/p><\/div> <\/div> <\/div><\/div><\/div><div class=\"w-tabs-section\" id=\"1713353329207-9cf3db70-757d\"><a href=\"#1713353329207-9cf3db70-757d\" class=\"w-tabs-section-header\"><div class=\"w-tabs-section-header-h\"><h5 class=\"w-tabs-section-title\">Docentes<\/h5><div class=\"w-tabs-section-control\"><\/div><\/div><\/a><div class=\"w-tabs-section-content\"><div class=\"w-tabs-section-content-h i-cf\"><div class=\"wpb_text_column \"><div class=\"wpb_wrapper\"><p>Un equipo docente de reconocido prestigio en el \u00e1mbito de la psicoterapia perinatal y infantojuvenil, que asegura una ense\u00f1anza fundamentada en la evidencia cient\u00edfica y en la actualizaci\u00f3n continua del conocimiento.<\/p>\n<p>Joseba Achotegui, Jordi Artigue, Jaume Aymar, Erika Barba-M\u00fcller, Mariola Bernal, Dolors Bramon, Juanita Carulla, Mark Dangerfield, Ram\u00f3n Echevarr\u00eda, Jaume Flaquer, Enrique Gal\u00e1n, Josep Mar\u00eda Gregori, Teresa Guardans, V\u00edctor Hern\u00e1ndez, David Jou, Diego Malquori, Anna Massall\u00e9, Berta Meneses, Climent Nadeu, Manel Oll\u00e9, Josep Ot\u00f3n, Miguel Perlado, Oriol Ponsat\u00ed-Murl\u00e0, Rosa Ribas, Joan-Andreu Rocha, Ignasi Rovir\u00f3, Jorge L. Tiz\u00f3n, Francesc Torralba i Francesc Torredeflot i J\u00falia Y\u00fafera.<\/p><\/div> <\/div> <\/div><\/div><\/div><div class=\"w-tabs-section\" id=\"1776852347886-703d2eb6-0f7c\"><a href=\"#1776852347886-703d2eb6-0f7c\" class=\"w-tabs-section-header\"><div class=\"w-tabs-section-header-h\"><h5 class=\"w-tabs-section-title\">Actividades complementarias<\/h5><div class=\"w-tabs-section-control\"><\/div><\/div><\/a><div class=\"w-tabs-section-content\"><div class=\"w-tabs-section-content-h i-cf\"><div class=\"wpb_text_column \"><div class=\"wpb_wrapper\">\n<p class=\"translation-block\">El M\u00e1ster en Espiritualidad Transcultural realiza diversas actividades complementarias a los contenidos acad\u00e9micos del M\u00e1ster. Estas actividades \u2015tales como conferencias, webinares y microcredenciales\u2015 tienen como objetivo divulgar aspectos clave de los contenidos del m\u00e1ster de forma asequible ya nivel internacional. Consulta a docencia@fvb.cat para m\u00e1s informaci\u00f3n e inscripciones.<\/p>\n<p>Para el curso acad\u00e9mico 2026-2027 algunas de las actividades complementarias previstas son:<\/p>\n<p><strong>1) Webinar:\u00a0<\/strong>\u00bfQu\u00e9 entendemos por espiritualidad? El mapa actual de un concepto pluridimensional<\/p>\n<p><strong>2) Webinar:\u00a0<\/strong>Salud mental y espiritualidad: el afrontamiento del malestar desde la dimensi\u00f3n espiritual<\/p>\n<p><strong>3) Sesi\u00f3n abierta del m\u00e1ster v\u00eda Zoom:<\/strong>\u00a0Escuchar lo invisible: m\u00fasica, espiritualidad y experiencia interior en las tradiciones espirituales del mundo<\/p>\n<p><strong>4) Webinar:\u00a0<\/strong>Explorando las espiritualidades laicas: qu\u00e9 son y c\u00f3mo se viven<\/p>\n<p><strong>5) Sesi\u00f3n inaugural abierta del M\u00e1ster en Espiritualidad Transcultural 2026-2027:<\/strong>\u00a0La inteligencia espiritual<\/div> <\/div> <\/div><\/div><\/div><\/div><\/div><\/div><div class=\"wpb_text_column  vc_custom_1776852717459\"><div class=\"wpb_wrapper\">\n<p style=\"text-align: center;\"><b>Inf\u00f3rmate\u00a0<\/b>de nuestros servicios de<b> lunes a viernes de 15:30h. a 21:00 h. | <\/b><span class=\"s1\">670.26.32.84\u00a0 | 934.34.00.01 o escr\u00edbenos a <a href=\"mailto:docencia@fvb.cat\" target=\"_blank\" rel=\"noopener\"><b>docencia@fvb.cat<\/b><\/a><\/span><\/p>\n<\/div> <\/div> <\/div><\/div><\/div><\/div><\/div><\/section><section class=\"l-section wpb_row height_medium\" style=\"margin-top: 266px !important;\"><div class=\"l-section-h i-cf\"><div class=\"g-cols type_default valign_top\"><div class=\"vc_col-sm-12 vc_hidden-lg vc_hidden-md vc_hidden-sm wpb_column vc_column_container\"><div class=\"vc_column-inner\"><div class=\"wpb_wrapper\"><div class=\"wpb_text_column  vc_custom_1776852500660\"><div class=\"wpb_wrapper\">\n<div class=\"elementor-element elementor-element-0df9eb7 e-flex e-con-boxed e-con e-parent\" data-id=\"0df9eb7\" data-element_type=\"container\" data-core-v316-plus=\"true\">\n<div class=\"e-con-inner\">\n<div class=\"elementor-element elementor-element-f66f334 elementor-widget-divider--view-line_text elementor-widget-divider--element-align-left elementor-widget elementor-widget-divider\" data-id=\"f66f334\" data-element_type=\"widget\" data-widget_type=\"divider.default\">\n<div class=\"elementor-widget-container\">\n<h5><strong>Destinatarios<\/strong><\/h5>\n<p>Cualquier persona con formaci\u00f3n universitaria interesada en la dimensi\u00f3n espiritual del ser humano, especialmente:<\/p>\n<ul>\n<li>Docentes de escuela primaria, secundaria y universidad.<\/li>\n<li>Personas interesadas en las humanidades y la producci\u00f3n art\u00edstica.<\/li>\n<li>Profesionales del campo de la salud mental.<\/li>\n<li>Profesionales del campo de la salud y de la intervenci\u00f3n social.<\/li>\n<li>Profesionales del campo de las migraciones y la mediaci\u00f3n intercultural.<\/li>\n<li>Profesionales de otros \u00e1mbitos y personas interesadas en la profundizaci\u00f3n personal de la dimensi\u00f3n espiritual del ser humano y su impacto en la sociedad.<\/li>\n<\/ul>\n<\/div>\n<\/div>\n<\/div>\n<\/div>\n<\/div> <\/div> <div class=\"wpb_text_column \"><div class=\"wpb_wrapper\">\n<div class=\"elementor-element elementor-element-0df9eb7 e-flex e-con-boxed e-con e-parent\" data-id=\"0df9eb7\" data-element_type=\"container\" data-core-v316-plus=\"true\">\n<div class=\"e-con-inner\">\n<div class=\"elementor-element elementor-element-f66f334 elementor-widget-divider--view-line_text elementor-widget-divider--element-align-left elementor-widget elementor-widget-divider\" data-id=\"f66f334\" data-element_type=\"widget\" data-widget_type=\"divider.default\">\n<div class=\"elementor-widget-container\">\n<h5 class=\"elementor-divider\"><strong>Informaci\u00f3n<\/strong><\/h5>\n<\/div>\n<\/div>\n<\/div>\n<\/div>\n<\/div> <\/div> <div class=\"w-tabs layout_default accordion title_left icon_chevron iconpos_right vc_custom_1713367458708 \"><div class=\"w-tabs-list items_7\"><div class=\"w-tabs-list-h\"><div class=\"w-tabs-item\"><a href=\"#1714653180220-dc5b951e-e441\" class=\"w-tabs-item-h\"><span class=\"w-tabs-item-title\">Matr\u00edcula<\/span><\/a><\/div>\n<div class=\"w-tabs-item\"><a href=\"#1714653180334-57ba7ed9-b87c\" class=\"w-tabs-item-h\"><span class=\"w-tabs-item-title\">Requisitos de admisi\u00f3n<\/span><\/a><\/div>\n<div class=\"w-tabs-item\"><a href=\"#1714653180449-21dca1fa-4eb0\" class=\"w-tabs-item-h\"><span class=\"w-tabs-item-title\">Facilidades de pago<\/span><\/a><\/div>\n<div class=\"w-tabs-item\"><a href=\"#1714653180599-4cc218be-f9f8\" class=\"w-tabs-item-h\"><span class=\"w-tabs-item-title\"> Centros y comunidades de pr\u00e1cticas de inmersi\u00f3n<\/span><\/a><\/div>\n<div class=\"w-tabs-item\"><a href=\"#1714653180717-1562c440-d97f\" class=\"w-tabs-item-h\"><span class=\"w-tabs-item-title\"> Coordinaci\u00f3n acad\u00e9mica<\/span><\/a><\/div>\n<div class=\"w-tabs-item\"><a href=\"#1714653180830-29c6d0e9-357f\" class=\"w-tabs-item-h\"><span class=\"w-tabs-item-title\">Docentes<\/span><\/a><\/div>\n<div class=\"w-tabs-item\"><a href=\"#1776852662535-59fa0090-bb04\" class=\"w-tabs-item-h\"><span class=\"w-tabs-item-title\">Actividades complementarias<\/span><\/a><\/div>\n<\/div><\/div><div class=\"w-tabs-sections\"><div class=\"w-tabs-sections-h\"><div class=\"w-tabs-section\" id=\"1714653180220-dc5b951e-e441\"><a href=\"#1714653180220-dc5b951e-e441\" class=\"w-tabs-section-header\"><div class=\"w-tabs-section-header-h\"><h5 class=\"w-tabs-section-title\">Matr\u00edcula<\/h5><div class=\"w-tabs-section-control\"><\/div><\/div><\/a><div class=\"w-tabs-section-content\"><div class=\"w-tabs-section-content-h i-cf\"><div class=\"wpb_text_column \"><div class=\"wpb_wrapper\">\n<ul>\n<li><strong>Preinscripci\u00f3n:<\/strong> a partir del 15 de marzo de 2024<\/li>\n<li><strong>Matr\u00edcula:<\/strong> a partir del 1 de junio de 2024<\/li>\n<\/ul>\n<p class=\"p1\"><span class=\"s1\">Las personas interesadas en cursar el m\u00e1ster y\/o quieran recibir m\u00e1s informaci\u00f3n pueden dirigirse a la Secretar\u00eda Acad\u00e9mica del Instituto Universitario de Salud Mental Vidal y Barraquer de la Universidad Ramon Llull escribiendo un correo electr\u00f3nico a\u00a0<a href=\"mailto:docencia@fvb.cat\"><span class=\"s2\">docencia@fvb.cat<\/span><\/a>, solicitando una entrevista con el director del m\u00e1ster y presentando su CV. Esta entrevista se puede realizar de forma presencial u online.<\/span><\/p>\n<\/div> <\/div> <\/div><\/div><\/div><div class=\"w-tabs-section\" id=\"1714653180334-57ba7ed9-b87c\"><a href=\"#1714653180334-57ba7ed9-b87c\" class=\"w-tabs-section-header\"><div class=\"w-tabs-section-header-h\"><h5 class=\"w-tabs-section-title\">Requisitos de admisi\u00f3n<\/h5><div class=\"w-tabs-section-control\"><\/div><\/div><\/a><div class=\"w-tabs-section-content\"><div class=\"w-tabs-section-content-h i-cf\"><div class=\"wpb_text_column \"><div class=\"wpb_wrapper\"><strong>Documentaci\u00f3n obligatoria<\/strong><\/p>\n<ul>\n<li><strong>T\u00edtulo universitario oficial de grado del Espacio Europeo de Educaci\u00f3n Superior (EEES) o t\u00edtulo extranjero equivalente<\/strong> que permita acceder a un posgrado universitario en el pa\u00eds que ha expedido el t\u00edtulo. En caso de que el solicitante todav\u00eda no haya terminado sus estudios en el momento de presentar la solicitud, se le pedir\u00e1 que firme una declaraci\u00f3n que acredite que los terminar\u00e1 antes del inicio del m\u00e1ster universitario. Otras formaciones ser\u00e1n valoradas personalmente.<\/li>\n<li><strong>Curriculum vitae.<\/strong><\/li>\n<li><strong>Documento Nacional de Identidad o Pasaporte.<\/strong><\/li>\n<\/ul>\n<\/div> <\/div> <\/div><\/div><\/div><div class=\"w-tabs-section\" id=\"1714653180449-21dca1fa-4eb0\"><a href=\"#1714653180449-21dca1fa-4eb0\" class=\"w-tabs-section-header\"><div class=\"w-tabs-section-header-h\"><h5 class=\"w-tabs-section-title\">Facilidades de pago<\/h5><div class=\"w-tabs-section-control\"><\/div><\/div><\/a><div class=\"w-tabs-section-content\"><div class=\"w-tabs-section-content-h i-cf\"><div class=\"wpb_text_column \"><div class=\"wpb_wrapper\">\n<p class=\"p1\"><span class=\"s1\">Para m\u00e1s informaci\u00f3n: <a href=\"mailto:docencia@fvb.cat\"><span class=\"s2\">docencia@fvb.cat<\/span><\/a>.<\/span><\/p>\n<\/div> <\/div> <\/div><\/div><\/div><div class=\"w-tabs-section\" id=\"1714653180599-4cc218be-f9f8\"><a href=\"#1714653180599-4cc218be-f9f8\" class=\"w-tabs-section-header\"><div class=\"w-tabs-section-header-h\"><h5 class=\"w-tabs-section-title\"> Centros y comunidades de pr\u00e1cticas de inmersi\u00f3n<\/h5><div class=\"w-tabs-section-control\"><\/div><\/div><\/a><div class=\"w-tabs-section-content\"><div class=\"w-tabs-section-content-h i-cf\"><div class=\"wpb_text_column \"><div class=\"wpb_wrapper\"><p>Los estudiantes que opten por realizar una pr\u00e1ctica de inmersi\u00f3n pueden elegir entre los diversos centros con los que el Instituto Universitario de Salud Mental Vidal y Barraquer de la Universidad Ramon Llull tiene un convenio. La direcci\u00f3n est\u00e1 abierta a propuestas de centros que cumplan las exigencias de las pr\u00e1cticas de inmersi\u00f3n.<\/p>\n<p><strong>Espa\u00f1a<\/strong><\/p>\n<ul>\n<li>Asociaci\u00f3n Bija<\/li>\n<li>Dojo Kannon<\/li>\n<li>Centro Internacional de Espiritualidad Cueva San Ignacio<\/li>\n<li>Monasterio de Jes\u00fas Divino Obrero y San Jos\u00e9 Oriol<\/li>\n<li>Monasterio de San Benito de Montserrat<\/li>\n<li>Monasterio de San Jer\u00f3nimo de la Murtra<\/li>\n<li>Murtra Galilea<\/li>\n<li>Red Interlavapies<\/li>\n<li>Sociedad del Sagrado Coraz\u00f3n<\/li>\n<li>Universidad de la M\u00edstica \u2013 Citas<\/li>\n<\/ul>\n<p><strong>Colombia<\/strong><\/p>\n<ul>\n<li>Murtra Bellavista del Silencio<\/li>\n<li>Murtra Santa Mar\u00eda del Bosque<\/li>\n<\/ul>\n<p><strong>Estados Unidos<\/strong><\/p>\n<ul>\n<li>EarthSpirit<\/li>\n<\/ul>\n<p><strong>M\u00e9xico<\/strong><\/p>\n<ul>\n<li>Centro Ignaciano y casa de ejercicios de Puente Grande<\/li>\n<li>Fundaci\u00f3n Privada de Fieles Laicos del Venerable Padre Pedro Jos\u00e9 de la Cloriviere S.J.<\/li>\n<\/ul>\n<p><strong>Chile<\/strong><\/p>\n<ul>\n<li>Murtra Santa Mar\u00eda del Silencio<\/li>\n<\/ul>\n<\/p><\/div> <\/div> <\/div><\/div><\/div><div class=\"w-tabs-section\" id=\"1714653180717-1562c440-d97f\"><a href=\"#1714653180717-1562c440-d97f\" class=\"w-tabs-section-header\"><div class=\"w-tabs-section-header-h\"><h5 class=\"w-tabs-section-title\"> Coordinaci\u00f3n acad\u00e9mica<\/h5><div class=\"w-tabs-section-control\"><\/div><\/div><\/a><div class=\"w-tabs-section-content\"><div class=\"w-tabs-section-content-h i-cf\"><div class=\"wpb_text_column \"><div class=\"wpb_wrapper\"><p>Actualmente, el m\u00e1ster ha demostrado su s\u00f3lida trayectoria, apoyado por un equipo docente experto en diversas \u00e1reas. Este equipo est\u00e1 formado por especialistas en psicolog\u00eda, antropolog\u00eda, filosof\u00eda, fenomenolog\u00eda de las religiones, m\u00edstica, espiritualidad y comunicaci\u00f3n transcultural.<\/p>\n<p><strong>Director del m\u00e1ster<\/strong><\/p>\n<p>Dr. Joan-Andreu Rocha Scarpetta<\/p><\/div> <\/div> <\/div><\/div><\/div><div class=\"w-tabs-section\" id=\"1714653180830-29c6d0e9-357f\"><a href=\"#1714653180830-29c6d0e9-357f\" class=\"w-tabs-section-header\"><div class=\"w-tabs-section-header-h\"><h5 class=\"w-tabs-section-title\">Docentes<\/h5><div class=\"w-tabs-section-control\"><\/div><\/div><\/a><div class=\"w-tabs-section-content\"><div class=\"w-tabs-section-content-h i-cf\"><div class=\"wpb_text_column \"><div class=\"wpb_wrapper\"><p>Un equipo docente de reconocido prestigio en el \u00e1mbito de la psicoterapia perinatal y infantojuvenil, que asegura una ense\u00f1anza fundamentada en la evidencia cient\u00edfica y en la actualizaci\u00f3n continua del conocimiento.<\/p>\n<p>Joseba Achotegui, Jordi Artigue, Jaume Aymar, Erika Barba-M\u00fcller, Mariola Bernal, Dolors Bramon, Juanita Carulla, Mark Dangerfield, Ram\u00f3n Echevarr\u00eda, Jaume Flaquer, Enrique Gal\u00e1n, Josep Mar\u00eda Gregori, Teresa Guardans, V\u00edctor Hern\u00e1ndez, David Jou, Diego Malquori, Anna Massall\u00e9, Berta Meneses, Climent Nadeu, Manel Oll\u00e9, Josep Ot\u00f3n, Miguel Perlado, Oriol Ponsat\u00ed-Murl\u00e0, Rosa Ribas, Joan-Andreu Rocha, Ignasi Rovir\u00f3, Jorge L. Tiz\u00f3n, Francesc Torralba i Francesc Torredeflot i J\u00falia Y\u00fafera.<\/p><\/div> <\/div> <\/div><\/div><\/div><div class=\"w-tabs-section\" id=\"1776852662535-59fa0090-bb04\"><a href=\"#1776852662535-59fa0090-bb04\" class=\"w-tabs-section-header\"><div class=\"w-tabs-section-header-h\"><h5 class=\"w-tabs-section-title\">Actividades complementarias<\/h5><div class=\"w-tabs-section-control\"><\/div><\/div><\/a><div class=\"w-tabs-section-content\"><div class=\"w-tabs-section-content-h i-cf\"><div class=\"wpb_text_column \"><div class=\"wpb_wrapper\">\n<p class=\"translation-block\">El M\u00e1ster en Espiritualidad Transcultural realiza diversas actividades complementarias a los contenidos acad\u00e9micos del M\u00e1ster. Estas actividades \u2015tales como conferencias, webinares y microcredenciales\u2015 tienen como objetivo divulgar aspectos clave de los contenidos del m\u00e1ster de forma asequible ya nivel internacional. Consulta a docencia@fvb.cat para m\u00e1s informaci\u00f3n e inscripciones.<\/p>\n<p>Para el curso acad\u00e9mico 2026-2027 algunas de las actividades complementarias previstas son:<\/p>\n<p><strong>1) Webinar:\u00a0<\/strong>\u00bfQu\u00e9 entendemos por espiritualidad? El mapa actual de un concepto pluridimensional<\/p>\n<p><strong>2) Webinar:\u00a0<\/strong>Salud mental y espiritualidad: el afrontamiento del malestar desde la dimensi\u00f3n espiritual<\/p>\n<p><strong>3) Sesi\u00f3n abierta del m\u00e1ster v\u00eda Zoom:<\/strong>\u00a0Escuchar lo invisible: m\u00fasica, espiritualidad y experiencia interior en las tradiciones espirituales del mundo<\/p>\n<p><strong>4) Webinar:\u00a0<\/strong>Explorando las espiritualidades laicas: qu\u00e9 son y c\u00f3mo se viven<\/p>\n<p><strong>5) Sesi\u00f3n inaugural abierta del M\u00e1ster en Espiritualidad Transcultural 2026-2027:<\/strong>\u00a0La inteligencia espiritual<\/div> <\/div> <\/div><\/div><\/div><\/div><\/div><\/div><div class=\"wpb_text_column \"><div class=\"wpb_wrapper\">\n<div class=\"elementor-element elementor-element-0df9eb7 e-flex e-con-boxed e-con e-parent\" data-id=\"0df9eb7\" data-element_type=\"container\" data-core-v316-plus=\"true\">\n<div class=\"e-con-inner\">\n<div class=\"elementor-element elementor-element-f66f334 elementor-widget-divider--view-line_text elementor-widget-divider--element-align-left elementor-widget elementor-widget-divider\" data-id=\"f66f334\" data-element_type=\"widget\" data-widget_type=\"divider.default\">\n<div class=\"elementor-widget-container\">\n<h5 class=\"elementor-divider\"><strong>Informaci\u00f3n<\/strong><\/h5>\n<\/div>\n<\/div>\n<\/div>\n<\/div>\n<\/div> <\/div> <div class=\"wpb_text_column  vc_custom_1776852753893\"><div class=\"wpb_wrapper\">\n<p style=\"text-align: center;\"><b>Inf\u00f3rmate\u00a0<\/b>de nuestros servicios de<b> lunes a viernes de 15:30h. a 21:00 h. | <\/b><span class=\"s1\">670.26.32.84\u00a0 | 934.34.00.01 o escr\u00edbenos a <a href=\"mailto:docencia@fvb.cat\" target=\"_blank\" rel=\"noopener\"><b>docencia@fvb.cat<\/b><\/a><\/span><\/p>\n<\/div> <\/div> <\/div><\/div><\/div><\/div><\/div><\/section>","protected":false},"excerpt":{"rendered":"Fundaci\u00f3n Vidal i Barraquer Somos una instituci\u00f3n creada en 1964 y dedicada...","protected":false},"author":95,"featured_media":0,"parent":5874,"menu_order":0,"comment_status":"closed","ping_status":"closed","template":"","meta":{"footnotes":""},"yoast_head":"<!-- This site is optimized with the Yoast SEO plugin v22.6 - https:\/\/yoast.com\/wordpress\/plugins\/seo\/ -->\n<title>M\u00e1ster de Formaci\u00f3n Permanente en Espiritualidad Transcultural - Fundaci\u00f3 Vidal i Barraquer<\/title>\n<meta name=\"robots\" content=\"index, follow, max-snippet:-1, max-image-preview:large, max-video-preview:-1\" \/>\n<link rel=\"canonical\" href=\"https:\/\/www.fvb.cat\/es\/docencia\/master-de-formacion-permanente-espiritualidad-transcultural\/\" \/>\n<meta property=\"og:locale\" content=\"es_ES\" \/>\n<meta property=\"og:type\" content=\"article\" \/>\n<meta property=\"og:title\" content=\"[:ca]M\u00e0ster de Formaci\u00f3 Permanent\u2028en Espiritualitat Transcultural[:es]M\u00e1ster de Formaci\u00f3n Permanente en Espiritualidad Transcultural[:] - Fundaci\u00f3 Vidal i Barraquer\" \/>\n<meta property=\"og:url\" content=\"https:\/\/www.fvb.cat\/es\/docencia\/master-de-formacion-permanente-espiritualidad-transcultural\/\" \/>\n<meta property=\"og:site_name\" content=\"Fundaci\u00f3 Vidal i Barraquer\" \/>\n<meta property=\"article:modified_time\" content=\"2026-04-22T10:13:47+00:00\" \/>\n<meta name=\"twitter:card\" content=\"summary_large_image\" \/>\n<meta name=\"twitter:label1\" content=\"Tiempo de lectura\" \/>\n\t<meta name=\"twitter:data1\" content=\"13 minutos\" \/>\n<script type=\"application\/ld+json\" class=\"yoast-schema-graph\">{\"@context\":\"https:\/\/schema.org\",\"@graph\":[{\"@type\":\"WebPage\",\"@id\":\"https:\/\/www.fvb.cat\/es\/docencia\/master-de-formacion-permanente-espiritualidad-transcultural\/\",\"url\":\"https:\/\/www.fvb.cat\/es\/docencia\/master-de-formacion-permanente-espiritualidad-transcultural\/\",\"name\":\"[:ca]M\u00e0ster de Formaci\u00f3 Permanent\\u2028en Espiritualitat Transcultural[:es]M\u00e1ster de Formaci\u00f3n Permanente en Espiritualidad Transcultural[:] - Fundaci\u00f3 Vidal i Barraquer\",\"isPartOf\":{\"@id\":\"https:\/\/www.fvb.cat\/es\/#website\"},\"datePublished\":\"2024-04-29T13:06:59+00:00\",\"dateModified\":\"2026-04-22T10:13:47+00:00\",\"breadcrumb\":{\"@id\":\"https:\/\/www.fvb.cat\/es\/docencia\/master-de-formacion-permanente-espiritualidad-transcultural\/#breadcrumb\"},\"inLanguage\":\"es\",\"potentialAction\":[{\"@type\":\"ReadAction\",\"target\":[\"https:\/\/www.fvb.cat\/es\/docencia\/master-de-formacion-permanente-espiritualidad-transcultural\/\"]}]},{\"@type\":\"BreadcrumbList\",\"@id\":\"https:\/\/www.fvb.cat\/es\/docencia\/master-de-formacion-permanente-espiritualidad-transcultural\/#breadcrumb\",\"itemListElement\":[{\"@type\":\"ListItem\",\"position\":1,\"name\":\"Inici\",\"item\":\"https:\/\/www.fvb.cat\/es\/\"},{\"@type\":\"ListItem\",\"position\":2,\"name\":\"Docencia\",\"item\":\"https:\/\/www.fvb.cat\/es\/docencia\/\"},{\"@type\":\"ListItem\",\"position\":3,\"name\":\"M\u00e1ster de Formaci\u00f3n Permanente en Espiritualidad Transcultural\"}]},{\"@type\":\"WebSite\",\"@id\":\"https:\/\/www.fvb.cat\/es\/#website\",\"url\":\"https:\/\/www.fvb.cat\/es\/\",\"name\":\"Fundaci\u00f3 Vidal i Barraquer\",\"description\":\"Asistencia, docencia e investigaci\u00f3n en Salud Mental\",\"publisher\":{\"@id\":\"https:\/\/www.fvb.cat\/es\/#organization\"},\"potentialAction\":[{\"@type\":\"SearchAction\",\"target\":{\"@type\":\"EntryPoint\",\"urlTemplate\":\"https:\/\/www.fvb.cat\/es\/?s={search_term_string}\"},\"query-input\":\"required name=search_term_string\"}],\"inLanguage\":\"es\"},{\"@type\":\"Organization\",\"@id\":\"https:\/\/www.fvb.cat\/es\/#organization\",\"name\":\"Fundaci\u00f3 Vidal i Barraquer\",\"url\":\"https:\/\/www.fvb.cat\/es\/\",\"logo\":{\"@type\":\"ImageObject\",\"inLanguage\":\"es\",\"@id\":\"https:\/\/www.fvb.cat\/es\/#\/schema\/logo\/image\/\",\"url\":\"https:\/\/www.fvb.cat\/wp-content\/uploads\/2024\/05\/logo-vidal-i-barrauqer-60-aniversari.jpg\",\"contentUrl\":\"https:\/\/www.fvb.cat\/wp-content\/uploads\/2024\/05\/logo-vidal-i-barrauqer-60-aniversari.jpg\",\"width\":2125,\"height\":703,\"caption\":\"Fundaci\u00f3 Vidal i Barraquer\"},\"image\":{\"@id\":\"https:\/\/www.fvb.cat\/es\/#\/schema\/logo\/image\/\"}}]}<\/script>\n<!-- \/ Yoast SEO plugin. -->","yoast_head_json":{"title":"[:ca]M\u00e0ster de Formaci\u00f3 Permanent\u2028en Espiritualitat Transcultural[:es]M\u00e1ster de Formaci\u00f3n Permanente en Espiritualidad Transcultural[:] - Fundaci\u00f3 Vidal i Barraquer","robots":{"index":"index","follow":"follow","max-snippet":"max-snippet:-1","max-image-preview":"max-image-preview:large","max-video-preview":"max-video-preview:-1"},"canonical":"https:\/\/www.fvb.cat\/es\/docencia\/master-de-formacion-permanente-espiritualidad-transcultural\/","og_locale":"es_ES","og_type":"article","og_title":"[:ca]M\u00e0ster de Formaci\u00f3 Permanent\u2028en Espiritualitat Transcultural[:es]M\u00e1ster de Formaci\u00f3n Permanente en Espiritualidad Transcultural[:] - Fundaci\u00f3 Vidal i Barraquer","og_url":"https:\/\/www.fvb.cat\/es\/docencia\/master-de-formacion-permanente-espiritualidad-transcultural\/","og_site_name":"Fundaci\u00f3 Vidal i Barraquer","article_modified_time":"2026-04-22T10:13:47+00:00","twitter_card":"summary_large_image","twitter_misc":{"Tiempo de lectura":"13 minutos"},"schema":{"@context":"https:\/\/schema.org","@graph":[{"@type":"WebPage","@id":"https:\/\/www.fvb.cat\/es\/docencia\/master-de-formacion-permanente-espiritualidad-transcultural\/","url":"https:\/\/www.fvb.cat\/es\/docencia\/master-de-formacion-permanente-espiritualidad-transcultural\/","name":"[:ca]M\u00e0ster de Formaci\u00f3 Permanent\u2028en Espiritualitat Transcultural[:es]M\u00e1ster de Formaci\u00f3n Permanente en Espiritualidad Transcultural[:] - Fundaci\u00f3 Vidal i Barraquer","isPartOf":{"@id":"https:\/\/www.fvb.cat\/es\/#website"},"datePublished":"2024-04-29T13:06:59+00:00","dateModified":"2026-04-22T10:13:47+00:00","breadcrumb":{"@id":"https:\/\/www.fvb.cat\/es\/docencia\/master-de-formacion-permanente-espiritualidad-transcultural\/#breadcrumb"},"inLanguage":"es","potentialAction":[{"@type":"ReadAction","target":["https:\/\/www.fvb.cat\/es\/docencia\/master-de-formacion-permanente-espiritualidad-transcultural\/"]}]},{"@type":"BreadcrumbList","@id":"https:\/\/www.fvb.cat\/es\/docencia\/master-de-formacion-permanente-espiritualidad-transcultural\/#breadcrumb","itemListElement":[{"@type":"ListItem","position":1,"name":"Inici","item":"https:\/\/www.fvb.cat\/es\/"},{"@type":"ListItem","position":2,"name":"Docencia","item":"https:\/\/www.fvb.cat\/es\/docencia\/"},{"@type":"ListItem","position":3,"name":"M\u00e1ster de Formaci\u00f3n Permanente en Espiritualidad Transcultural"}]},{"@type":"WebSite","@id":"https:\/\/www.fvb.cat\/es\/#website","url":"https:\/\/www.fvb.cat\/es\/","name":"Fundaci\u00f3 Vidal i Barraquer","description":"Asistencia, docencia e investigaci\u00f3n en Salud Mental","publisher":{"@id":"https:\/\/www.fvb.cat\/es\/#organization"},"potentialAction":[{"@type":"SearchAction","target":{"@type":"EntryPoint","urlTemplate":"https:\/\/www.fvb.cat\/es\/?s={search_term_string}"},"query-input":"required name=search_term_string"}],"inLanguage":"es"},{"@type":"Organization","@id":"https:\/\/www.fvb.cat\/es\/#organization","name":"Fundaci\u00f3 Vidal i Barraquer","url":"https:\/\/www.fvb.cat\/es\/","logo":{"@type":"ImageObject","inLanguage":"es","@id":"https:\/\/www.fvb.cat\/es\/#\/schema\/logo\/image\/","url":"https:\/\/www.fvb.cat\/wp-content\/uploads\/2024\/05\/logo-vidal-i-barrauqer-60-aniversari.jpg","contentUrl":"https:\/\/www.fvb.cat\/wp-content\/uploads\/2024\/05\/logo-vidal-i-barrauqer-60-aniversari.jpg","width":2125,"height":703,"caption":"Fundaci\u00f3 Vidal i Barraquer"},"image":{"@id":"https:\/\/www.fvb.cat\/es\/#\/schema\/logo\/image\/"}}]}},"_links":{"self":[{"href":"https:\/\/www.fvb.cat\/es\/wp-json\/wp\/v2\/pages\/15063"}],"collection":[{"href":"https:\/\/www.fvb.cat\/es\/wp-json\/wp\/v2\/pages"}],"about":[{"href":"https:\/\/www.fvb.cat\/es\/wp-json\/wp\/v2\/types\/page"}],"author":[{"embeddable":true,"href":"https:\/\/www.fvb.cat\/es\/wp-json\/wp\/v2\/users\/95"}],"replies":[{"embeddable":true,"href":"https:\/\/www.fvb.cat\/es\/wp-json\/wp\/v2\/comments?post=15063"}],"version-history":[{"count":185,"href":"https:\/\/www.fvb.cat\/es\/wp-json\/wp\/v2\/pages\/15063\/revisions"}],"predecessor-version":[{"id":18480,"href":"https:\/\/www.fvb.cat\/es\/wp-json\/wp\/v2\/pages\/15063\/revisions\/18480"}],"up":[{"embeddable":true,"href":"https:\/\/www.fvb.cat\/es\/wp-json\/wp\/v2\/pages\/5874"}],"wp:attachment":[{"href":"https:\/\/www.fvb.cat\/es\/wp-json\/wp\/v2\/media?parent=15063"}],"curies":[{"name":"wp","href":"https:\/\/api.w.org\/{rel}","templated":true}]}}