{"id":8705,"date":"2019-10-22T17:33:28","date_gmt":"2019-10-22T16:33:28","guid":{"rendered":"http:\/\/www.fvb.cat\/?post_type=product&#038;p=8705"},"modified":"2024-11-07T16:32:15","modified_gmt":"2024-11-07T15:32:15","slug":"psicoterapia-psicoanalitica-pareja","status":"publish","type":"product","link":"https:\/\/www.fvb.cat\/ca\/producte\/psicoterapia-parella\/","title":{"rendered":"Psicoterapia Psicoanal\u00edtica de Pareja"},"content":{"rendered":"","protected":false},"excerpt":{"rendered":"<p><strong>FITXA<\/strong><br \/>\nTipus de producte: Estudi<br \/>\nEditorial: Herder Editorial<br \/>\nIdioma:\u00a0Castell\u00e0<br \/>\nN\u00famero de p\u00e0gines: 368<\/p>\n<p><strong>SINOPSI<\/strong><\/p>\n<p>Aquest llibre es el resultat de 43 anys de treball de la Unitat de Parella i Fam\u00edlia de la Fundaci\u00f3 Vidal i Barraquer.<strong><br \/>\n<\/strong><\/p>\n<p>La Psicoter\u00e0pia Psicoanal\u00edtica de Parella \u00e9s una aplicaci\u00f3 t\u00e8cnica de la psicoan\u00e0lisi creada fa m\u00e9s de 70 anys i que actualment est\u00e0 prenent m\u00e9s rellev\u00e0ncia gr\u00e0cies al inter\u00e8s que un bon nombre de psicoanalistes i psicoterapeutes han posat en el seu desenvolupament. Els col\u00b7lectius d&#8217;experts, com l&#8217;Asociaci\u00f3 Internacional de\u00a0<i>Psicoan\u00e0lisis de Parella i Fam\u00edlia<\/i>\u00a0o el Comit\u00e8 de Parella i Fam\u00edlia de\u00a0<i>IPA<\/i>\u00a0o de la Federaci\u00f3 Psicoanal\u00edtica d&#8217;Am\u00e8rica Llatina\u00a0<i>FEPAL<\/i>, son cada cop m\u00e9s actius en donar a con\u00e8ixer i\u00a0investigar sobre aquesta especialitat.<\/p>\n<p>Experts terapeutes i investigadors de la Unitat de Parella i Fam\u00edlia profunditzen en les complexes motivacions de l&#8217;elecci\u00f3 de parella, descriuen els principals motius de consulta, presenten una nova classificaci\u00f3 de psicopatologia de la parella i expliquen de forma pr\u00e0ctica com diagnosticar i tractar aquest tipus de problemes.<\/p>\n","protected":false},"featured_media":16383,"template":"","meta":[],"product_cat":[57],"product_tag":[270,80,271,68,75,85],"yoast_head":"<!-- This site is optimized with the Yoast SEO plugin v22.6 - https:\/\/yoast.com\/wordpress\/plugins\/seo\/ -->\n<title>Psicoterapia Psicoanal\u00edtica de Pareja - Fundaci\u00f3 Vidal i Barraquer<\/title>\n<meta name=\"robots\" content=\"index, follow, max-snippet:-1, max-image-preview:large, max-video-preview:-1\" \/>\n<link rel=\"canonical\" href=\"https:\/\/www.fvb.cat\/es\/producto\/psicoterapia-pareja\/\" \/>\n<meta property=\"og:locale\" content=\"ca_ES\" \/>\n<meta property=\"og:type\" content=\"article\" \/>\n<meta property=\"og:title\" content=\"Psicoterapia Psicoanal\u00edtica de Pareja - Fundaci\u00f3 Vidal i Barraquer\" \/>\n<meta property=\"og:description\" content=\"[:ca]FITXA Tipus de producte: Estudi Editorial: Herder Editorial Idioma:\u00a0Castell\u00e0 N\u00famero de p\u00e0gines: 368  SINOPSI  Aquest llibre es el resultat de 43 anys de treball de la Unitat de Parella i Fam\u00edlia de la Fundaci\u00f3 Vidal i Barraquer.   La Psicoter\u00e0pia Psicoanal\u00edtica de Parella \u00e9s una aplicaci\u00f3 t\u00e8cnica de la psicoan\u00e0lisi creada fa m\u00e9s de 70 anys i que actualment est\u00e0 prenent m\u00e9s rellev\u00e0ncia gr\u00e0cies al inter\u00e8s que un bon nombre de psicoanalistes i psicoterapeutes han posat en el seu desenvolupament. Els col\u00b7lectius d&#039;experts, com l&#039;Asociaci\u00f3 Internacional de\u00a0Psicoan\u00e0lisis de Parella i Fam\u00edlia\u00a0o el Comit\u00e8 de Parella i Fam\u00edlia de\u00a0IPA\u00a0o de la Federaci\u00f3 Psicoanal\u00edtica d&#039;Am\u00e8rica Llatina\u00a0FEPAL, son cada cop m\u00e9s actius en donar a con\u00e8ixer i\u00a0investigar sobre aquesta especialitat.  Experts terapeutes i investigadors de la Unitat de Parella i Fam\u00edlia profunditzen en les complexes motivacions de l&#039;elecci\u00f3 de parella, descriuen els principals motius de consulta, presenten una nova classificaci\u00f3 de psicopatologia de la parella i expliquen de forma pr\u00e0ctica com diagnosticar i tractar aquest tipus de problemes.[:es]FICHA Tipo de producto: Estudio Editorial: Herder Editorial Idioma:\u00a0Castellano N\u00famero de p\u00e1ginas: 368  SINOPSIS  Este libro es el resultado de 43 a\u00f1os de trabajo de la Unidad de Pareja y Familia de la Fundaci\u00f3 Vidal i Barraquer.   La Psicoterapia Psicoanal\u00edtica de Pareja es una aplicaci\u00f3n t\u00e9cnica del psicoan\u00e1lisis creada hace m\u00e1s de 70 a\u00f1os y que actualmente est\u00e1 tomando m\u00e1s relevancia gracias al inter\u00e9s que un buen n\u00famero de psicoanalistas y psicoterapeutas han puesto en su desarrollo. Los colectivos de expertos, como la Asociaci\u00f3n Internacional de\u00a0Psicoan\u00e1lisis de Pareja y Familia\u00a0o el Comit\u00e9 de Pareja y Familia de\u00a0IPA\u00a0o de la Federaci\u00f3n Psicoanal\u00edtica de Am\u00e9rica Latina\u00a0FEPAL, son cada vez m\u00e1s activos en dar a conocer e investigar sobre esta especialidad.  Expertos terapeutas e investigadores de la Unidad de Pareja y Familia profundizan en las complejas motivaciones de la elecci\u00f3n de pareja, describen los principales motivos de consulta, presentan una nueva clasificaci\u00f3n de psicopatolog\u00eda de la pareja y explican de forma pr\u00e1ctica c\u00f3mo diagnosticar y tratar este tipo de problemas.[:]\" \/>\n<meta property=\"og:url\" content=\"https:\/\/www.fvb.cat\/es\/producto\/psicoterapia-pareja\/\" \/>\n<meta property=\"og:site_name\" content=\"Fundaci\u00f3 Vidal i Barraquer\" \/>\n<meta property=\"article:modified_time\" content=\"2024-11-07T15:32:15+00:00\" \/>\n<meta property=\"og:image\" content=\"https:\/\/www.fvb.cat\/wp-content\/uploads\/2019\/10\/IMG_PSICOTERAPIA-PSICOANALITICA-EN-PARELLA.jpg\" \/>\n\t<meta property=\"og:image:width\" content=\"700\" \/>\n\t<meta property=\"og:image:height\" content=\"700\" \/>\n\t<meta property=\"og:image:type\" content=\"image\/jpeg\" \/>\n<meta name=\"twitter:card\" content=\"summary_large_image\" \/>\n<meta name=\"twitter:label1\" content=\"Temps estimat de lectura\" \/>\n\t<meta name=\"twitter:data1\" content=\"1 minut\" \/>\n<script type=\"application\/ld+json\" class=\"yoast-schema-graph\">{\"@context\":\"https:\/\/schema.org\",\"@graph\":[{\"@type\":\"WebPage\",\"@id\":\"https:\/\/www.fvb.cat\/es\/producto\/psicoterapia-pareja\/\",\"url\":\"https:\/\/www.fvb.cat\/es\/producto\/psicoterapia-pareja\/\",\"name\":\"Psicoterapia Psicoanal\u00edtica de Pareja - Fundaci\u00f3 Vidal i Barraquer\",\"isPartOf\":{\"@id\":\"https:\/\/www.fvb.cat\/es\/#website\"},\"primaryImageOfPage\":{\"@id\":\"https:\/\/www.fvb.cat\/es\/producto\/psicoterapia-pareja\/#primaryimage\"},\"image\":{\"@id\":\"https:\/\/www.fvb.cat\/es\/producto\/psicoterapia-pareja\/#primaryimage\"},\"thumbnailUrl\":\"https:\/\/www.fvb.cat\/wp-content\/uploads\/2019\/10\/IMG_PSICOTERAPIA-PSICOANALITICA-EN-PARELLA.jpg\",\"datePublished\":\"2019-10-22T16:33:28+00:00\",\"dateModified\":\"2024-11-07T15:32:15+00:00\",\"breadcrumb\":{\"@id\":\"https:\/\/www.fvb.cat\/es\/producto\/psicoterapia-pareja\/#breadcrumb\"},\"inLanguage\":\"ca\",\"potentialAction\":[{\"@type\":\"ReadAction\",\"target\":[\"https:\/\/www.fvb.cat\/es\/producto\/psicoterapia-pareja\/\"]}]},{\"@type\":\"ImageObject\",\"inLanguage\":\"ca\",\"@id\":\"https:\/\/www.fvb.cat\/es\/producto\/psicoterapia-pareja\/#primaryimage\",\"url\":\"https:\/\/www.fvb.cat\/wp-content\/uploads\/2019\/10\/IMG_PSICOTERAPIA-PSICOANALITICA-EN-PARELLA.jpg\",\"contentUrl\":\"https:\/\/www.fvb.cat\/wp-content\/uploads\/2019\/10\/IMG_PSICOTERAPIA-PSICOANALITICA-EN-PARELLA.jpg\",\"width\":700,\"height\":700},{\"@type\":\"BreadcrumbList\",\"@id\":\"https:\/\/www.fvb.cat\/es\/producto\/psicoterapia-pareja\/#breadcrumb\",\"itemListElement\":[{\"@type\":\"ListItem\",\"position\":1,\"name\":\"Inici\",\"item\":\"https:\/\/www.fvb.cat\/es\/\"},{\"@type\":\"ListItem\",\"position\":2,\"name\":\"Botiga\",\"item\":\"https:\/\/www.fvb.cat\/es\/botiga\/\"},{\"@type\":\"ListItem\",\"position\":3,\"name\":\"Psicoterapia Psicoanal\u00edtica de Pareja\"}]},{\"@type\":\"WebSite\",\"@id\":\"https:\/\/www.fvb.cat\/es\/#website\",\"url\":\"https:\/\/www.fvb.cat\/es\/\",\"name\":\"Fundaci\u00f3 Vidal i Barraquer\",\"description\":\"Assist\u00e8ncia, doc\u00e8ncia i recerca en la salut mental\",\"publisher\":{\"@id\":\"https:\/\/www.fvb.cat\/es\/#organization\"},\"potentialAction\":[{\"@type\":\"SearchAction\",\"target\":{\"@type\":\"EntryPoint\",\"urlTemplate\":\"https:\/\/www.fvb.cat\/es\/?s={search_term_string}\"},\"query-input\":\"required name=search_term_string\"}],\"inLanguage\":\"ca\"},{\"@type\":\"Organization\",\"@id\":\"https:\/\/www.fvb.cat\/es\/#organization\",\"name\":\"Fundaci\u00f3 Vidal i Barraquer\",\"url\":\"https:\/\/www.fvb.cat\/es\/\",\"logo\":{\"@type\":\"ImageObject\",\"inLanguage\":\"ca\",\"@id\":\"https:\/\/www.fvb.cat\/es\/#\/schema\/logo\/image\/\",\"url\":\"https:\/\/www.fvb.cat\/wp-content\/uploads\/2024\/05\/logo-vidal-i-barrauqer-60-aniversari.jpg\",\"contentUrl\":\"https:\/\/www.fvb.cat\/wp-content\/uploads\/2024\/05\/logo-vidal-i-barrauqer-60-aniversari.jpg\",\"width\":2125,\"height\":703,\"caption\":\"Fundaci\u00f3 Vidal i Barraquer\"},\"image\":{\"@id\":\"https:\/\/www.fvb.cat\/es\/#\/schema\/logo\/image\/\"}}]}<\/script>\n<!-- \/ Yoast SEO plugin. -->","yoast_head_json":{"title":"Psicoterapia Psicoanal\u00edtica de Pareja - Fundaci\u00f3 Vidal i Barraquer","robots":{"index":"index","follow":"follow","max-snippet":"max-snippet:-1","max-image-preview":"max-image-preview:large","max-video-preview":"max-video-preview:-1"},"canonical":"https:\/\/www.fvb.cat\/es\/producto\/psicoterapia-pareja\/","og_locale":"ca_ES","og_type":"article","og_title":"Psicoterapia Psicoanal\u00edtica de Pareja - Fundaci\u00f3 Vidal i Barraquer","og_description":"[:ca]FITXA Tipus de producte: Estudi Editorial: Herder Editorial Idioma:\u00a0Castell\u00e0 N\u00famero de p\u00e0gines: 368  SINOPSI  Aquest llibre es el resultat de 43 anys de treball de la Unitat de Parella i Fam\u00edlia de la Fundaci\u00f3 Vidal i Barraquer.   La Psicoter\u00e0pia Psicoanal\u00edtica de Parella \u00e9s una aplicaci\u00f3 t\u00e8cnica de la psicoan\u00e0lisi creada fa m\u00e9s de 70 anys i que actualment est\u00e0 prenent m\u00e9s rellev\u00e0ncia gr\u00e0cies al inter\u00e8s que un bon nombre de psicoanalistes i psicoterapeutes han posat en el seu desenvolupament. Els col\u00b7lectius d'experts, com l'Asociaci\u00f3 Internacional de\u00a0Psicoan\u00e0lisis de Parella i Fam\u00edlia\u00a0o el Comit\u00e8 de Parella i Fam\u00edlia de\u00a0IPA\u00a0o de la Federaci\u00f3 Psicoanal\u00edtica d'Am\u00e8rica Llatina\u00a0FEPAL, son cada cop m\u00e9s actius en donar a con\u00e8ixer i\u00a0investigar sobre aquesta especialitat.  Experts terapeutes i investigadors de la Unitat de Parella i Fam\u00edlia profunditzen en les complexes motivacions de l'elecci\u00f3 de parella, descriuen els principals motius de consulta, presenten una nova classificaci\u00f3 de psicopatologia de la parella i expliquen de forma pr\u00e0ctica com diagnosticar i tractar aquest tipus de problemes.[:es]FICHA Tipo de producto: Estudio Editorial: Herder Editorial Idioma:\u00a0Castellano N\u00famero de p\u00e1ginas: 368  SINOPSIS  Este libro es el resultado de 43 a\u00f1os de trabajo de la Unidad de Pareja y Familia de la Fundaci\u00f3 Vidal i Barraquer.   La Psicoterapia Psicoanal\u00edtica de Pareja es una aplicaci\u00f3n t\u00e9cnica del psicoan\u00e1lisis creada hace m\u00e1s de 70 a\u00f1os y que actualmente est\u00e1 tomando m\u00e1s relevancia gracias al inter\u00e9s que un buen n\u00famero de psicoanalistas y psicoterapeutas han puesto en su desarrollo. Los colectivos de expertos, como la Asociaci\u00f3n Internacional de\u00a0Psicoan\u00e1lisis de Pareja y Familia\u00a0o el Comit\u00e9 de Pareja y Familia de\u00a0IPA\u00a0o de la Federaci\u00f3n Psicoanal\u00edtica de Am\u00e9rica Latina\u00a0FEPAL, son cada vez m\u00e1s activos en dar a conocer e investigar sobre esta especialidad.  Expertos terapeutas e investigadores de la Unidad de Pareja y Familia profundizan en las complejas motivaciones de la elecci\u00f3n de pareja, describen los principales motivos de consulta, presentan una nueva clasificaci\u00f3n de psicopatolog\u00eda de la pareja y explican de forma pr\u00e1ctica c\u00f3mo diagnosticar y tratar este tipo de problemas.[:]","og_url":"https:\/\/www.fvb.cat\/es\/producto\/psicoterapia-pareja\/","og_site_name":"Fundaci\u00f3 Vidal i Barraquer","article_modified_time":"2024-11-07T15:32:15+00:00","og_image":[{"width":700,"height":700,"url":"https:\/\/www.fvb.cat\/wp-content\/uploads\/2019\/10\/IMG_PSICOTERAPIA-PSICOANALITICA-EN-PARELLA.jpg","type":"image\/jpeg"}],"twitter_card":"summary_large_image","twitter_misc":{"Temps estimat de lectura":"1 minut"},"schema":{"@context":"https:\/\/schema.org","@graph":[{"@type":"WebPage","@id":"https:\/\/www.fvb.cat\/es\/producto\/psicoterapia-pareja\/","url":"https:\/\/www.fvb.cat\/es\/producto\/psicoterapia-pareja\/","name":"Psicoterapia Psicoanal\u00edtica de Pareja - Fundaci\u00f3 Vidal i Barraquer","isPartOf":{"@id":"https:\/\/www.fvb.cat\/es\/#website"},"primaryImageOfPage":{"@id":"https:\/\/www.fvb.cat\/es\/producto\/psicoterapia-pareja\/#primaryimage"},"image":{"@id":"https:\/\/www.fvb.cat\/es\/producto\/psicoterapia-pareja\/#primaryimage"},"thumbnailUrl":"https:\/\/www.fvb.cat\/wp-content\/uploads\/2019\/10\/IMG_PSICOTERAPIA-PSICOANALITICA-EN-PARELLA.jpg","datePublished":"2019-10-22T16:33:28+00:00","dateModified":"2024-11-07T15:32:15+00:00","breadcrumb":{"@id":"https:\/\/www.fvb.cat\/es\/producto\/psicoterapia-pareja\/#breadcrumb"},"inLanguage":"ca","potentialAction":[{"@type":"ReadAction","target":["https:\/\/www.fvb.cat\/es\/producto\/psicoterapia-pareja\/"]}]},{"@type":"ImageObject","inLanguage":"ca","@id":"https:\/\/www.fvb.cat\/es\/producto\/psicoterapia-pareja\/#primaryimage","url":"https:\/\/www.fvb.cat\/wp-content\/uploads\/2019\/10\/IMG_PSICOTERAPIA-PSICOANALITICA-EN-PARELLA.jpg","contentUrl":"https:\/\/www.fvb.cat\/wp-content\/uploads\/2019\/10\/IMG_PSICOTERAPIA-PSICOANALITICA-EN-PARELLA.jpg","width":700,"height":700},{"@type":"BreadcrumbList","@id":"https:\/\/www.fvb.cat\/es\/producto\/psicoterapia-pareja\/#breadcrumb","itemListElement":[{"@type":"ListItem","position":1,"name":"Inici","item":"https:\/\/www.fvb.cat\/es\/"},{"@type":"ListItem","position":2,"name":"Botiga","item":"https:\/\/www.fvb.cat\/es\/botiga\/"},{"@type":"ListItem","position":3,"name":"Psicoterapia Psicoanal\u00edtica de Pareja"}]},{"@type":"WebSite","@id":"https:\/\/www.fvb.cat\/es\/#website","url":"https:\/\/www.fvb.cat\/es\/","name":"Fundaci\u00f3 Vidal i Barraquer","description":"Assist\u00e8ncia, doc\u00e8ncia i recerca en la salut mental","publisher":{"@id":"https:\/\/www.fvb.cat\/es\/#organization"},"potentialAction":[{"@type":"SearchAction","target":{"@type":"EntryPoint","urlTemplate":"https:\/\/www.fvb.cat\/es\/?s={search_term_string}"},"query-input":"required name=search_term_string"}],"inLanguage":"ca"},{"@type":"Organization","@id":"https:\/\/www.fvb.cat\/es\/#organization","name":"Fundaci\u00f3 Vidal i Barraquer","url":"https:\/\/www.fvb.cat\/es\/","logo":{"@type":"ImageObject","inLanguage":"ca","@id":"https:\/\/www.fvb.cat\/es\/#\/schema\/logo\/image\/","url":"https:\/\/www.fvb.cat\/wp-content\/uploads\/2024\/05\/logo-vidal-i-barrauqer-60-aniversari.jpg","contentUrl":"https:\/\/www.fvb.cat\/wp-content\/uploads\/2024\/05\/logo-vidal-i-barrauqer-60-aniversari.jpg","width":2125,"height":703,"caption":"Fundaci\u00f3 Vidal i Barraquer"},"image":{"@id":"https:\/\/www.fvb.cat\/es\/#\/schema\/logo\/image\/"}}]}},"_links":{"self":[{"href":"https:\/\/www.fvb.cat\/ca\/wp-json\/wp\/v2\/product\/8705"}],"collection":[{"href":"https:\/\/www.fvb.cat\/ca\/wp-json\/wp\/v2\/product"}],"about":[{"href":"https:\/\/www.fvb.cat\/ca\/wp-json\/wp\/v2\/types\/product"}],"wp:featuredmedia":[{"embeddable":true,"href":"https:\/\/www.fvb.cat\/ca\/wp-json\/wp\/v2\/media\/16383"}],"wp:attachment":[{"href":"https:\/\/www.fvb.cat\/ca\/wp-json\/wp\/v2\/media?parent=8705"}],"wp:term":[{"taxonomy":"product_cat","embeddable":true,"href":"https:\/\/www.fvb.cat\/ca\/wp-json\/wp\/v2\/product_cat?post=8705"},{"taxonomy":"product_tag","embeddable":true,"href":"https:\/\/www.fvb.cat\/ca\/wp-json\/wp\/v2\/product_tag?post=8705"}],"curies":[{"name":"wp","href":"https:\/\/api.w.org\/{rel}","templated":true}]}}