{"id":6531,"date":"2017-06-13T09:23:33","date_gmt":"2017-06-13T08:23:33","guid":{"rendered":"http:\/\/www.fvb.cat\/?post_type=product&#038;p=6531"},"modified":"2024-11-07T16:26:42","modified_gmt":"2024-11-07T15:26:42","slug":"psicoanalisi-i-familia","status":"publish","type":"product","link":"https:\/\/www.fvb.cat\/ca\/producte\/psicoanalisi-i-familia\/","title":{"rendered":"Psicoan\u00e1lisis y familia"},"content":{"rendered":"","protected":false},"excerpt":{"rendered":"<p><strong>AUTOR:<\/strong>\u00a0Nicol\u00f2, Anna Maria<\/p>\n<p><strong>FITXA<\/strong><br \/>\nTipus de producte: Assaig<br \/>\nEditorial: Herder Editorial<br \/>\nIdioma:\u00a0Castell\u00e0<br \/>\nN\u00famero de p\u00e0gines: 256<\/p>\n<p><strong>SINOPSI<\/strong><br \/>\nLa psicoan\u00e0lisi de parella i de fam\u00edlia est\u00e0 prenent gran rellev\u00e0ncia avui en dia gr\u00e0cies a la implicaci\u00f3 de grans professionals que, amb la seva tasca, estan despertant l\u2019inter\u00e8s de psic\u00f2legs i psicoanalistes. El llibre fa un rep\u00e0s hist\u00f2ric al desenvolupament de la ter\u00e0pia familiar i revela la influ\u00e8ncia, aportacions i evoluci\u00f3 dels recursos psicoanal\u00edtics que s\u2019han anat implementant amb el pas del temps a Fran\u00e7a, It\u00e0lia, Argentina i Espanya. Les reflexions te\u00f2riques recollides en aquestes p\u00e0gines analitzen q\u00fcestions com el funcionament interpersonal, patologies, vincles, somnis, mites, traumes, la viol\u00e8ncia en la parella i en la fam\u00edlia&#8230; i venen avalats per casos cl\u00ednics i experi\u00e8ncies contrastades que faciliten la comprensi\u00f3 de certes situacions actuals com la dificultat de la presa de decisions, les noves formes de parentalitat o el paper que desenvolupen els sentiments i els afectes. Anna Maria Nicol\u00f2 aporta, en aquest llibre, la seva gran experi\u00e8ncia terap\u00e8utica, el seu bagatge intel\u00b7lectual i el seu recorregut en la formaci\u00f3 universit\u00e0ria dels futurs psicoterapeutes, convidant-los a una lectura que posa de manifest la complexitat dels processos psicol\u00f2gics i la multidimensionalitat dels nivells d\u2019observaci\u00f3 i intervenci\u00f3 en les din\u00e0miques de parella i familiars, amb la finalitat de clarificar la metodologia i l\u2019enfocament adequats de la ter\u00e0pia psicoanal\u00edtica a seguir.<\/p>\n","protected":false},"featured_media":16377,"template":"","meta":[],"product_cat":[57],"product_tag":[64,80,68,65,79],"yoast_head":"<!-- This site is optimized with the Yoast SEO plugin v22.6 - https:\/\/yoast.com\/wordpress\/plugins\/seo\/ -->\n<title>Psicoan\u00e1lisis y familia - Fundaci\u00f3 Vidal i Barraquer<\/title>\n<meta name=\"robots\" content=\"index, follow, max-snippet:-1, max-image-preview:large, max-video-preview:-1\" \/>\n<link rel=\"canonical\" href=\"https:\/\/www.fvb.cat\/es\/producto\/psicoanalisis-y-familia\/\" \/>\n<meta property=\"og:locale\" content=\"ca_ES\" \/>\n<meta property=\"og:type\" content=\"article\" \/>\n<meta property=\"og:title\" content=\"Psicoan\u00e1lisis y familia - Fundaci\u00f3 Vidal i Barraquer\" \/>\n<meta property=\"og:description\" content=\"[:ca]AUTOR:\u00a0Nicol\u00f2, Anna Maria  FITXA Tipus de producte: Assaig Editorial: Herder Editorial Idioma:\u00a0Castell\u00e0 N\u00famero de p\u00e0gines: 256  SINOPSI La psicoan\u00e0lisi de parella i de fam\u00edlia est\u00e0 prenent gran rellev\u00e0ncia avui en dia gr\u00e0cies a la implicaci\u00f3 de grans professionals que, amb la seva tasca, estan despertant l\u2019inter\u00e8s de psic\u00f2legs i psicoanalistes. El llibre fa un rep\u00e0s hist\u00f2ric al desenvolupament de la ter\u00e0pia familiar i revela la influ\u00e8ncia, aportacions i evoluci\u00f3 dels recursos psicoanal\u00edtics que s\u2019han anat implementant amb el pas del temps a Fran\u00e7a, It\u00e0lia, Argentina i Espanya. Les reflexions te\u00f2riques recollides en aquestes p\u00e0gines analitzen q\u00fcestions com el funcionament interpersonal, patologies, vincles, somnis, mites, traumes, la viol\u00e8ncia en la parella i en la fam\u00edlia... i venen avalats per casos cl\u00ednics i experi\u00e8ncies contrastades que faciliten la comprensi\u00f3 de certes situacions actuals com la dificultat de la presa de decisions, les noves formes de parentalitat o el paper que desenvolupen els sentiments i els afectes. Anna Maria Nicol\u00f2 aporta, en aquest llibre, la seva gran experi\u00e8ncia terap\u00e8utica, el seu bagatge intel\u00b7lectual i el seu recorregut en la formaci\u00f3 universit\u00e0ria dels futurs psicoterapeutes, convidant-los a una lectura que posa de manifest la complexitat dels processos psicol\u00f2gics i la multidimensionalitat dels nivells d\u2019observaci\u00f3 i intervenci\u00f3 en les din\u00e0miques de parella i familiars, amb la finalitat de clarificar la metodologia i l\u2019enfocament adequats de la ter\u00e0pia psicoanal\u00edtica a seguir.[:es]AUTOR: Nicol\u00f2, Anna Maria  FICHA Tipo de producto: Ensayo Editorial: Herder Editorial Lengua: Castellano P\u00e1ginas: 256  SINOPSIS El psicoan\u00e1lisis de pareja y de familia est\u00e1 tomando una gran relevancia en nuestros d\u00edas gracias a la implicaci\u00f3n de grandes profesionales que, con su labor, est\u00e1n despertando el inter\u00e9s de los psic\u00f3logos y psicoanalistas. El libro hace un repaso hist\u00f3rico del desarrollo de la terapia familiar y revela la influencia, aportaciones y evoluci\u00f3n de los recursos psicoanal\u00edticos que se han ido implementando con el paso del tiempo, en Francia, Italia, Argentina y Espa\u00f1a. Las reflexiones te\u00f3ricas recogidas en estas p\u00e1ginas analizan cuestiones como el funcionamiento interpersonal, patolog\u00edas, v\u00ednculos, sue\u00f1os, mitos, traumas, la violencia en la pareja y en la familia, y vienen avaladas por casos cl\u00ednicos y experiencias contrastadas, que facilitan la comprensi\u00f3n de ciertas situaciones actuales, tales como la dificultad de la toma de decisiones, las nuevas formas de parentalidad o el papel que desempe\u00f1an los sentimientos y los afectos. Anna Maria Nicol\u00f2 aporta en este libro su gran experiencia terap\u00e9utica, su bagaje intelectual y su recorrido en la formaci\u00f3n universitaria de los futuros psicoterapeutas, invit\u00e1ndonos a una lectura que pone de manifiesto la complejidad de los procesos psicol\u00f3gicos y la multidimensionalidad de los niveles de observaci\u00f3n e intervenci\u00f3n en las din\u00e1micas de pareja y familiares, con el fin de clarificar la metodolog\u00eda y enfoque adecuados de la terapia psicoanal\u00edtica a seguir.[:]\" \/>\n<meta property=\"og:url\" content=\"https:\/\/www.fvb.cat\/es\/producto\/psicoanalisis-y-familia\/\" \/>\n<meta property=\"og:site_name\" content=\"Fundaci\u00f3 Vidal i Barraquer\" \/>\n<meta property=\"article:modified_time\" content=\"2024-11-07T15:26:42+00:00\" \/>\n<meta property=\"og:image\" content=\"https:\/\/www.fvb.cat\/wp-content\/uploads\/2017\/06\/IMG_PSICOANALISIS-Y-FAMILIA.jpg\" \/>\n\t<meta property=\"og:image:width\" content=\"700\" \/>\n\t<meta property=\"og:image:height\" content=\"700\" \/>\n\t<meta property=\"og:image:type\" content=\"image\/jpeg\" \/>\n<meta name=\"twitter:card\" content=\"summary_large_image\" \/>\n<meta name=\"twitter:label1\" content=\"Temps estimat de lectura\" \/>\n\t<meta name=\"twitter:data1\" content=\"1 minut\" \/>\n<script type=\"application\/ld+json\" class=\"yoast-schema-graph\">{\"@context\":\"https:\/\/schema.org\",\"@graph\":[{\"@type\":\"WebPage\",\"@id\":\"https:\/\/www.fvb.cat\/es\/producto\/psicoanalisis-y-familia\/\",\"url\":\"https:\/\/www.fvb.cat\/es\/producto\/psicoanalisis-y-familia\/\",\"name\":\"Psicoan\u00e1lisis y familia - Fundaci\u00f3 Vidal i Barraquer\",\"isPartOf\":{\"@id\":\"https:\/\/www.fvb.cat\/es\/#website\"},\"primaryImageOfPage\":{\"@id\":\"https:\/\/www.fvb.cat\/es\/producto\/psicoanalisis-y-familia\/#primaryimage\"},\"image\":{\"@id\":\"https:\/\/www.fvb.cat\/es\/producto\/psicoanalisis-y-familia\/#primaryimage\"},\"thumbnailUrl\":\"https:\/\/www.fvb.cat\/wp-content\/uploads\/2017\/06\/IMG_PSICOANALISIS-Y-FAMILIA.jpg\",\"datePublished\":\"2017-06-13T08:23:33+00:00\",\"dateModified\":\"2024-11-07T15:26:42+00:00\",\"breadcrumb\":{\"@id\":\"https:\/\/www.fvb.cat\/es\/producto\/psicoanalisis-y-familia\/#breadcrumb\"},\"inLanguage\":\"ca\",\"potentialAction\":[{\"@type\":\"ReadAction\",\"target\":[\"https:\/\/www.fvb.cat\/es\/producto\/psicoanalisis-y-familia\/\"]}]},{\"@type\":\"ImageObject\",\"inLanguage\":\"ca\",\"@id\":\"https:\/\/www.fvb.cat\/es\/producto\/psicoanalisis-y-familia\/#primaryimage\",\"url\":\"https:\/\/www.fvb.cat\/wp-content\/uploads\/2017\/06\/IMG_PSICOANALISIS-Y-FAMILIA.jpg\",\"contentUrl\":\"https:\/\/www.fvb.cat\/wp-content\/uploads\/2017\/06\/IMG_PSICOANALISIS-Y-FAMILIA.jpg\",\"width\":700,\"height\":700},{\"@type\":\"BreadcrumbList\",\"@id\":\"https:\/\/www.fvb.cat\/es\/producto\/psicoanalisis-y-familia\/#breadcrumb\",\"itemListElement\":[{\"@type\":\"ListItem\",\"position\":1,\"name\":\"Inici\",\"item\":\"https:\/\/www.fvb.cat\/es\/\"},{\"@type\":\"ListItem\",\"position\":2,\"name\":\"Botiga\",\"item\":\"https:\/\/www.fvb.cat\/es\/botiga\/\"},{\"@type\":\"ListItem\",\"position\":3,\"name\":\"Psicoan\u00e1lisis y familia\"}]},{\"@type\":\"WebSite\",\"@id\":\"https:\/\/www.fvb.cat\/es\/#website\",\"url\":\"https:\/\/www.fvb.cat\/es\/\",\"name\":\"Fundaci\u00f3 Vidal i Barraquer\",\"description\":\"Assist\u00e8ncia, doc\u00e8ncia i recerca en la salut mental\",\"publisher\":{\"@id\":\"https:\/\/www.fvb.cat\/es\/#organization\"},\"potentialAction\":[{\"@type\":\"SearchAction\",\"target\":{\"@type\":\"EntryPoint\",\"urlTemplate\":\"https:\/\/www.fvb.cat\/es\/?s={search_term_string}\"},\"query-input\":\"required name=search_term_string\"}],\"inLanguage\":\"ca\"},{\"@type\":\"Organization\",\"@id\":\"https:\/\/www.fvb.cat\/es\/#organization\",\"name\":\"Fundaci\u00f3 Vidal i Barraquer\",\"url\":\"https:\/\/www.fvb.cat\/es\/\",\"logo\":{\"@type\":\"ImageObject\",\"inLanguage\":\"ca\",\"@id\":\"https:\/\/www.fvb.cat\/es\/#\/schema\/logo\/image\/\",\"url\":\"https:\/\/www.fvb.cat\/wp-content\/uploads\/2024\/05\/logo-vidal-i-barrauqer-60-aniversari.jpg\",\"contentUrl\":\"https:\/\/www.fvb.cat\/wp-content\/uploads\/2024\/05\/logo-vidal-i-barrauqer-60-aniversari.jpg\",\"width\":2125,\"height\":703,\"caption\":\"Fundaci\u00f3 Vidal i Barraquer\"},\"image\":{\"@id\":\"https:\/\/www.fvb.cat\/es\/#\/schema\/logo\/image\/\"}}]}<\/script>\n<!-- \/ Yoast SEO plugin. -->","yoast_head_json":{"title":"Psicoan\u00e1lisis y familia - Fundaci\u00f3 Vidal i Barraquer","robots":{"index":"index","follow":"follow","max-snippet":"max-snippet:-1","max-image-preview":"max-image-preview:large","max-video-preview":"max-video-preview:-1"},"canonical":"https:\/\/www.fvb.cat\/es\/producto\/psicoanalisis-y-familia\/","og_locale":"ca_ES","og_type":"article","og_title":"Psicoan\u00e1lisis y familia - Fundaci\u00f3 Vidal i Barraquer","og_description":"[:ca]AUTOR:\u00a0Nicol\u00f2, Anna Maria  FITXA Tipus de producte: Assaig Editorial: Herder Editorial Idioma:\u00a0Castell\u00e0 N\u00famero de p\u00e0gines: 256  SINOPSI La psicoan\u00e0lisi de parella i de fam\u00edlia est\u00e0 prenent gran rellev\u00e0ncia avui en dia gr\u00e0cies a la implicaci\u00f3 de grans professionals que, amb la seva tasca, estan despertant l\u2019inter\u00e8s de psic\u00f2legs i psicoanalistes. El llibre fa un rep\u00e0s hist\u00f2ric al desenvolupament de la ter\u00e0pia familiar i revela la influ\u00e8ncia, aportacions i evoluci\u00f3 dels recursos psicoanal\u00edtics que s\u2019han anat implementant amb el pas del temps a Fran\u00e7a, It\u00e0lia, Argentina i Espanya. Les reflexions te\u00f2riques recollides en aquestes p\u00e0gines analitzen q\u00fcestions com el funcionament interpersonal, patologies, vincles, somnis, mites, traumes, la viol\u00e8ncia en la parella i en la fam\u00edlia... i venen avalats per casos cl\u00ednics i experi\u00e8ncies contrastades que faciliten la comprensi\u00f3 de certes situacions actuals com la dificultat de la presa de decisions, les noves formes de parentalitat o el paper que desenvolupen els sentiments i els afectes. Anna Maria Nicol\u00f2 aporta, en aquest llibre, la seva gran experi\u00e8ncia terap\u00e8utica, el seu bagatge intel\u00b7lectual i el seu recorregut en la formaci\u00f3 universit\u00e0ria dels futurs psicoterapeutes, convidant-los a una lectura que posa de manifest la complexitat dels processos psicol\u00f2gics i la multidimensionalitat dels nivells d\u2019observaci\u00f3 i intervenci\u00f3 en les din\u00e0miques de parella i familiars, amb la finalitat de clarificar la metodologia i l\u2019enfocament adequats de la ter\u00e0pia psicoanal\u00edtica a seguir.[:es]AUTOR: Nicol\u00f2, Anna Maria  FICHA Tipo de producto: Ensayo Editorial: Herder Editorial Lengua: Castellano P\u00e1ginas: 256  SINOPSIS El psicoan\u00e1lisis de pareja y de familia est\u00e1 tomando una gran relevancia en nuestros d\u00edas gracias a la implicaci\u00f3n de grandes profesionales que, con su labor, est\u00e1n despertando el inter\u00e9s de los psic\u00f3logos y psicoanalistas. El libro hace un repaso hist\u00f3rico del desarrollo de la terapia familiar y revela la influencia, aportaciones y evoluci\u00f3n de los recursos psicoanal\u00edticos que se han ido implementando con el paso del tiempo, en Francia, Italia, Argentina y Espa\u00f1a. Las reflexiones te\u00f3ricas recogidas en estas p\u00e1ginas analizan cuestiones como el funcionamiento interpersonal, patolog\u00edas, v\u00ednculos, sue\u00f1os, mitos, traumas, la violencia en la pareja y en la familia, y vienen avaladas por casos cl\u00ednicos y experiencias contrastadas, que facilitan la comprensi\u00f3n de ciertas situaciones actuales, tales como la dificultad de la toma de decisiones, las nuevas formas de parentalidad o el papel que desempe\u00f1an los sentimientos y los afectos. Anna Maria Nicol\u00f2 aporta en este libro su gran experiencia terap\u00e9utica, su bagaje intelectual y su recorrido en la formaci\u00f3n universitaria de los futuros psicoterapeutas, invit\u00e1ndonos a una lectura que pone de manifiesto la complejidad de los procesos psicol\u00f3gicos y la multidimensionalidad de los niveles de observaci\u00f3n e intervenci\u00f3n en las din\u00e1micas de pareja y familiares, con el fin de clarificar la metodolog\u00eda y enfoque adecuados de la terapia psicoanal\u00edtica a seguir.[:]","og_url":"https:\/\/www.fvb.cat\/es\/producto\/psicoanalisis-y-familia\/","og_site_name":"Fundaci\u00f3 Vidal i Barraquer","article_modified_time":"2024-11-07T15:26:42+00:00","og_image":[{"width":700,"height":700,"url":"https:\/\/www.fvb.cat\/wp-content\/uploads\/2017\/06\/IMG_PSICOANALISIS-Y-FAMILIA.jpg","type":"image\/jpeg"}],"twitter_card":"summary_large_image","twitter_misc":{"Temps estimat de lectura":"1 minut"},"schema":{"@context":"https:\/\/schema.org","@graph":[{"@type":"WebPage","@id":"https:\/\/www.fvb.cat\/es\/producto\/psicoanalisis-y-familia\/","url":"https:\/\/www.fvb.cat\/es\/producto\/psicoanalisis-y-familia\/","name":"Psicoan\u00e1lisis y familia - Fundaci\u00f3 Vidal i Barraquer","isPartOf":{"@id":"https:\/\/www.fvb.cat\/es\/#website"},"primaryImageOfPage":{"@id":"https:\/\/www.fvb.cat\/es\/producto\/psicoanalisis-y-familia\/#primaryimage"},"image":{"@id":"https:\/\/www.fvb.cat\/es\/producto\/psicoanalisis-y-familia\/#primaryimage"},"thumbnailUrl":"https:\/\/www.fvb.cat\/wp-content\/uploads\/2017\/06\/IMG_PSICOANALISIS-Y-FAMILIA.jpg","datePublished":"2017-06-13T08:23:33+00:00","dateModified":"2024-11-07T15:26:42+00:00","breadcrumb":{"@id":"https:\/\/www.fvb.cat\/es\/producto\/psicoanalisis-y-familia\/#breadcrumb"},"inLanguage":"ca","potentialAction":[{"@type":"ReadAction","target":["https:\/\/www.fvb.cat\/es\/producto\/psicoanalisis-y-familia\/"]}]},{"@type":"ImageObject","inLanguage":"ca","@id":"https:\/\/www.fvb.cat\/es\/producto\/psicoanalisis-y-familia\/#primaryimage","url":"https:\/\/www.fvb.cat\/wp-content\/uploads\/2017\/06\/IMG_PSICOANALISIS-Y-FAMILIA.jpg","contentUrl":"https:\/\/www.fvb.cat\/wp-content\/uploads\/2017\/06\/IMG_PSICOANALISIS-Y-FAMILIA.jpg","width":700,"height":700},{"@type":"BreadcrumbList","@id":"https:\/\/www.fvb.cat\/es\/producto\/psicoanalisis-y-familia\/#breadcrumb","itemListElement":[{"@type":"ListItem","position":1,"name":"Inici","item":"https:\/\/www.fvb.cat\/es\/"},{"@type":"ListItem","position":2,"name":"Botiga","item":"https:\/\/www.fvb.cat\/es\/botiga\/"},{"@type":"ListItem","position":3,"name":"Psicoan\u00e1lisis y familia"}]},{"@type":"WebSite","@id":"https:\/\/www.fvb.cat\/es\/#website","url":"https:\/\/www.fvb.cat\/es\/","name":"Fundaci\u00f3 Vidal i Barraquer","description":"Assist\u00e8ncia, doc\u00e8ncia i recerca en la salut mental","publisher":{"@id":"https:\/\/www.fvb.cat\/es\/#organization"},"potentialAction":[{"@type":"SearchAction","target":{"@type":"EntryPoint","urlTemplate":"https:\/\/www.fvb.cat\/es\/?s={search_term_string}"},"query-input":"required name=search_term_string"}],"inLanguage":"ca"},{"@type":"Organization","@id":"https:\/\/www.fvb.cat\/es\/#organization","name":"Fundaci\u00f3 Vidal i Barraquer","url":"https:\/\/www.fvb.cat\/es\/","logo":{"@type":"ImageObject","inLanguage":"ca","@id":"https:\/\/www.fvb.cat\/es\/#\/schema\/logo\/image\/","url":"https:\/\/www.fvb.cat\/wp-content\/uploads\/2024\/05\/logo-vidal-i-barrauqer-60-aniversari.jpg","contentUrl":"https:\/\/www.fvb.cat\/wp-content\/uploads\/2024\/05\/logo-vidal-i-barrauqer-60-aniversari.jpg","width":2125,"height":703,"caption":"Fundaci\u00f3 Vidal i Barraquer"},"image":{"@id":"https:\/\/www.fvb.cat\/es\/#\/schema\/logo\/image\/"}}]}},"_links":{"self":[{"href":"https:\/\/www.fvb.cat\/ca\/wp-json\/wp\/v2\/product\/6531"}],"collection":[{"href":"https:\/\/www.fvb.cat\/ca\/wp-json\/wp\/v2\/product"}],"about":[{"href":"https:\/\/www.fvb.cat\/ca\/wp-json\/wp\/v2\/types\/product"}],"wp:featuredmedia":[{"embeddable":true,"href":"https:\/\/www.fvb.cat\/ca\/wp-json\/wp\/v2\/media\/16377"}],"wp:attachment":[{"href":"https:\/\/www.fvb.cat\/ca\/wp-json\/wp\/v2\/media?parent=6531"}],"wp:term":[{"taxonomy":"product_cat","embeddable":true,"href":"https:\/\/www.fvb.cat\/ca\/wp-json\/wp\/v2\/product_cat?post=6531"},{"taxonomy":"product_tag","embeddable":true,"href":"https:\/\/www.fvb.cat\/ca\/wp-json\/wp\/v2\/product_tag?post=6531"}],"curies":[{"name":"wp","href":"https:\/\/api.w.org\/{rel}","templated":true}]}}