{"id":17452,"date":"2025-09-12T08:13:45","date_gmt":"2025-09-12T07:13:45","guid":{"rendered":"https:\/\/www.fvb.cat\/ca\/?post_type=product&#038;p=17452"},"modified":"2025-09-12T08:15:09","modified_gmt":"2025-09-12T07:15:09","slug":"taller-de-introduccion-a-ambit-formacion-presencial-en-ciudad-de-mexico","status":"publish","type":"product","link":"https:\/\/www.fvb.cat\/ca\/producte\/taller-de-introduccion-a-ambit-formacion-presencial-en-ciudad-de-mexico\/","title":{"rendered":"Taller de Introducci\u00f3n a AMBIT: Formaci\u00f3n presencial en Ciudad de M\u00e9xico"},"content":{"rendered":"<p style=\"text-align: left;\">El Instituto Universitario de Salud Mental Vidal i Barraquer, en colaboraci\u00f3n con Mentalizar M\u00e9xico, organiza este taller de introducci\u00f3n al AMBIT (Adaptive Mentalization Based Integrative Treatment), desarrollado en el centro Anna Freud de Londres, para el trabajo con ni\u00f1os, adolescentes y adultos j\u00f3venes que presentan situaciones de alta complejidad\u00a0 psicopatol\u00f3gica y riesgo de exclusi\u00f3n social. El taller se centrar\u00e1 en la aportaci\u00f3n de AMBIT para el trabajo con el equipo, con una demostraci\u00f3n de la t\u00e9cnica del Pensar Juntos, que aplica principios t\u00e9cnicos del modelo MBT para identificar y atender los inevitables impactos emocionales vividos por los profesionales en su trabajo cotidiano.<br \/>\n\u00bfAlguna vez has salido de una reuni\u00f3n de equipo sinti\u00e9ndote peor que cuando entraste? En muchas ocasiones, esto puede deberse a din\u00e1micas habituales en equipos asistenciales que tienden a centrarse exclusivamente en resolver los problemas de las personas atendidas, sin prestar atenci\u00f3n previa al impacto emocional que dicha labor ha provocado en los profesionales, ni a la probable interferencia que ese impacto pueda haber tenido en su capacidad de mentalizar. Desde el modelo AMBIT, entendemos que es una responsabilidad compartida entre el equipo y la instituci\u00f3n atender los inevitables impactos emocionales que los profesionales enfrentamos a diario en nuestro trabajo, especialmente al trabajar con poblaciones de alto riesgo.<br \/>\nNo podemos pretender ayudar a personas y familias a mejorar din\u00e1micas relacionales disfuncionales si trabajamos desde equipos con din\u00e1micas relacionales igualmente disfuncionales. Este es un principio b\u00e1sico del modelo AMBIT. Es\u00a0 imprescindible implementar modelos que faciliten la identificaci\u00f3n y el abordaje de los inevitables impactos emocionales y los conflictos interpersonales dentro de los equipos.<\/p>\n<p style=\"text-align: left;\">De todo esto hablaremos en este Taller sobre algunas aplicaciones del modelo AMBIT para equipos asistenciales.<br \/>\n<strong>Mark Dangerfield, PhD<\/strong><br \/>\nDoctor en Psicolog\u00eda (URL &#8211; Barcelona) y Psic\u00f3logo Cl\u00ednico. Director del Instituto Universitario de Salud Mental Vidal i Barraquer, Universidad Ramon Llull (Barcelona). Psicoterapeuta, supervisor y formador certificado por el centro Anna Freud de Londres del Tratamiento Basado en la Mentalizaci\u00f3n para Adolescentes (MBT-A) y supervisor del modelo de familias (MBT-F), as\u00ed como Supervisor y Formador certificado del modelo AMBIT para trabajar con adolescentes y adultos j\u00f3venes de<br \/>\nalta complejidad.<\/p>\n<p style=\"text-align: left;\">Ha dedicado gran parte de su trayectoria profesional al trabajo con adolescentes de alto riesgo, siendo el impulsor del proyecto ECID en Barcelona, una adaptaci\u00f3n del modelo AMBIT para trabajar con adolescentes que presentan alto riesgo psicopatol\u00f3gico y alto riesgo de exclusi\u00f3n social, que no se vinculan con los servicios de salud mental ordinarios.<\/p>\n<p>&nbsp;<\/p>\n<p>La formaci\u00f3n se llevar\u00e1 a cabo en formato presencial en:<br \/>\n<strong>Mi Centro Cl\u00ednica de Neurodesarrollo<\/strong><br \/>\nPresa Reventada 85<br \/>\nCol. San Jer\u00f3nimo L\u00eddice<br \/>\n10200 CDMX, M\u00e9xico<\/p>\n<p>Para llevar a cabo la inscripci\u00f3n escribir un correo electr\u00f3nico a docencia@fvb.cat especificando en el asunto<br \/>\n\u201cInscripci\u00f3n TALLER AMBIT M\u00c9XICO 2025\u201d. El email deber\u00e1 incluir:<br \/>\n\u2022 Nombre y Apellidos<br \/>\n\u2022 Profesi\u00f3n y lugar de trabajo<br \/>\nUna vez recibamos la solicitud, le haremos llegar un email con los datos para formalizar la inscripci\u00f3n y el<br \/>\npago con tarjeta de cr\u00e9dito.<br \/>\nPlazas limitadas.<br \/>\nSe adjudicar\u00e1n por riguroso orden de recepci\u00f3n del email con la solicitud de inscripci\u00f3n.","protected":false},"excerpt":{"rendered":"<p>El Instituto Universitario de Salud Mental Vidal i Barraquer, en colaboraci\u00f3n con&#8230;<\/p>\n","protected":false},"featured_media":17453,"template":"","meta":[],"product_cat":[225],"product_tag":[],"yoast_head":"<!-- This site is optimized with the Yoast SEO plugin v22.6 - https:\/\/yoast.com\/wordpress\/plugins\/seo\/ -->\n<title>Taller de Introducci\u00f3n a AMBIT: Formaci\u00f3n presencial en Ciudad de M\u00e9xico - Fundaci\u00f3 Vidal i Barraquer<\/title>\n<meta name=\"robots\" content=\"index, follow, max-snippet:-1, max-image-preview:large, max-video-preview:-1\" \/>\n<link rel=\"canonical\" href=\"https:\/\/www.fvb.cat\/ca\/producte\/taller-de-introduccion-a-ambit-formacion-presencial-en-ciudad-de-mexico\/\" \/>\n<meta property=\"og:locale\" content=\"ca_ES\" \/>\n<meta property=\"og:type\" content=\"article\" \/>\n<meta property=\"og:title\" content=\"Taller de Introducci\u00f3n a AMBIT: Formaci\u00f3n presencial en Ciudad de M\u00e9xico - Fundaci\u00f3 Vidal i Barraquer\" \/>\n<meta property=\"og:description\" content=\"El Instituto Universitario de Salud Mental Vidal i Barraquer, en colaboraci\u00f3n con...\" \/>\n<meta property=\"og:url\" content=\"https:\/\/www.fvb.cat\/ca\/producte\/taller-de-introduccion-a-ambit-formacion-presencial-en-ciudad-de-mexico\/\" \/>\n<meta property=\"og:site_name\" content=\"Fundaci\u00f3 Vidal i Barraquer\" \/>\n<meta property=\"article:modified_time\" content=\"2025-09-12T07:15:09+00:00\" \/>\n<meta property=\"og:image\" content=\"https:\/\/www.fvb.cat\/wp-content\/uploads\/2025\/09\/TallerAMBITMexico.jpg\" \/>\n\t<meta property=\"og:image:width\" content=\"469\" \/>\n\t<meta property=\"og:image:height\" content=\"640\" \/>\n\t<meta property=\"og:image:type\" content=\"image\/jpeg\" \/>\n<meta name=\"twitter:card\" content=\"summary_large_image\" \/>\n<meta name=\"twitter:label1\" content=\"Temps estimat de lectura\" \/>\n\t<meta name=\"twitter:data1\" content=\"3 minuts\" \/>\n<script type=\"application\/ld+json\" class=\"yoast-schema-graph\">{\"@context\":\"https:\/\/schema.org\",\"@graph\":[{\"@type\":\"WebPage\",\"@id\":\"https:\/\/www.fvb.cat\/ca\/producte\/taller-de-introduccion-a-ambit-formacion-presencial-en-ciudad-de-mexico\/\",\"url\":\"https:\/\/www.fvb.cat\/ca\/producte\/taller-de-introduccion-a-ambit-formacion-presencial-en-ciudad-de-mexico\/\",\"name\":\"Taller de Introducci\u00f3n a AMBIT: Formaci\u00f3n presencial en Ciudad de M\u00e9xico - Fundaci\u00f3 Vidal i Barraquer\",\"isPartOf\":{\"@id\":\"https:\/\/www.fvb.cat\/es\/#website\"},\"primaryImageOfPage\":{\"@id\":\"https:\/\/www.fvb.cat\/ca\/producte\/taller-de-introduccion-a-ambit-formacion-presencial-en-ciudad-de-mexico\/#primaryimage\"},\"image\":{\"@id\":\"https:\/\/www.fvb.cat\/ca\/producte\/taller-de-introduccion-a-ambit-formacion-presencial-en-ciudad-de-mexico\/#primaryimage\"},\"thumbnailUrl\":\"https:\/\/www.fvb.cat\/wp-content\/uploads\/2025\/09\/TallerAMBITMexico.jpg\",\"datePublished\":\"2025-09-12T07:13:45+00:00\",\"dateModified\":\"2025-09-12T07:15:09+00:00\",\"breadcrumb\":{\"@id\":\"https:\/\/www.fvb.cat\/ca\/producte\/taller-de-introduccion-a-ambit-formacion-presencial-en-ciudad-de-mexico\/#breadcrumb\"},\"inLanguage\":\"ca\",\"potentialAction\":[{\"@type\":\"ReadAction\",\"target\":[\"https:\/\/www.fvb.cat\/ca\/producte\/taller-de-introduccion-a-ambit-formacion-presencial-en-ciudad-de-mexico\/\"]}]},{\"@type\":\"ImageObject\",\"inLanguage\":\"ca\",\"@id\":\"https:\/\/www.fvb.cat\/ca\/producte\/taller-de-introduccion-a-ambit-formacion-presencial-en-ciudad-de-mexico\/#primaryimage\",\"url\":\"https:\/\/www.fvb.cat\/wp-content\/uploads\/2025\/09\/TallerAMBITMexico.jpg\",\"contentUrl\":\"https:\/\/www.fvb.cat\/wp-content\/uploads\/2025\/09\/TallerAMBITMexico.jpg\",\"width\":469,\"height\":640},{\"@type\":\"BreadcrumbList\",\"@id\":\"https:\/\/www.fvb.cat\/ca\/producte\/taller-de-introduccion-a-ambit-formacion-presencial-en-ciudad-de-mexico\/#breadcrumb\",\"itemListElement\":[{\"@type\":\"ListItem\",\"position\":1,\"name\":\"Inici\",\"item\":\"https:\/\/www.fvb.cat\/es\/\"},{\"@type\":\"ListItem\",\"position\":2,\"name\":\"Botiga\",\"item\":\"https:\/\/www.fvb.cat\/es\/botiga\/\"},{\"@type\":\"ListItem\",\"position\":3,\"name\":\"Taller de Introducci\u00f3n a AMBIT: Formaci\u00f3n presencial en Ciudad de M\u00e9xico\"}]},{\"@type\":\"WebSite\",\"@id\":\"https:\/\/www.fvb.cat\/es\/#website\",\"url\":\"https:\/\/www.fvb.cat\/es\/\",\"name\":\"Fundaci\u00f3 Vidal i Barraquer\",\"description\":\"Assist\u00e8ncia, doc\u00e8ncia i recerca en la salut mental\",\"publisher\":{\"@id\":\"https:\/\/www.fvb.cat\/es\/#organization\"},\"potentialAction\":[{\"@type\":\"SearchAction\",\"target\":{\"@type\":\"EntryPoint\",\"urlTemplate\":\"https:\/\/www.fvb.cat\/es\/?s={search_term_string}\"},\"query-input\":\"required name=search_term_string\"}],\"inLanguage\":\"ca\"},{\"@type\":\"Organization\",\"@id\":\"https:\/\/www.fvb.cat\/es\/#organization\",\"name\":\"Fundaci\u00f3 Vidal i Barraquer\",\"url\":\"https:\/\/www.fvb.cat\/es\/\",\"logo\":{\"@type\":\"ImageObject\",\"inLanguage\":\"ca\",\"@id\":\"https:\/\/www.fvb.cat\/es\/#\/schema\/logo\/image\/\",\"url\":\"https:\/\/www.fvb.cat\/wp-content\/uploads\/2024\/05\/logo-vidal-i-barrauqer-60-aniversari.jpg\",\"contentUrl\":\"https:\/\/www.fvb.cat\/wp-content\/uploads\/2024\/05\/logo-vidal-i-barrauqer-60-aniversari.jpg\",\"width\":2125,\"height\":703,\"caption\":\"Fundaci\u00f3 Vidal i Barraquer\"},\"image\":{\"@id\":\"https:\/\/www.fvb.cat\/es\/#\/schema\/logo\/image\/\"}}]}<\/script>\n<!-- \/ Yoast SEO plugin. -->","yoast_head_json":{"title":"Taller de Introducci\u00f3n a AMBIT: Formaci\u00f3n presencial en Ciudad de M\u00e9xico - Fundaci\u00f3 Vidal i Barraquer","robots":{"index":"index","follow":"follow","max-snippet":"max-snippet:-1","max-image-preview":"max-image-preview:large","max-video-preview":"max-video-preview:-1"},"canonical":"https:\/\/www.fvb.cat\/ca\/producte\/taller-de-introduccion-a-ambit-formacion-presencial-en-ciudad-de-mexico\/","og_locale":"ca_ES","og_type":"article","og_title":"Taller de Introducci\u00f3n a AMBIT: Formaci\u00f3n presencial en Ciudad de M\u00e9xico - Fundaci\u00f3 Vidal i Barraquer","og_description":"El Instituto Universitario de Salud Mental Vidal i Barraquer, en colaboraci\u00f3n con...","og_url":"https:\/\/www.fvb.cat\/ca\/producte\/taller-de-introduccion-a-ambit-formacion-presencial-en-ciudad-de-mexico\/","og_site_name":"Fundaci\u00f3 Vidal i Barraquer","article_modified_time":"2025-09-12T07:15:09+00:00","og_image":[{"width":469,"height":640,"url":"https:\/\/www.fvb.cat\/wp-content\/uploads\/2025\/09\/TallerAMBITMexico.jpg","type":"image\/jpeg"}],"twitter_card":"summary_large_image","twitter_misc":{"Temps estimat de lectura":"3 minuts"},"schema":{"@context":"https:\/\/schema.org","@graph":[{"@type":"WebPage","@id":"https:\/\/www.fvb.cat\/ca\/producte\/taller-de-introduccion-a-ambit-formacion-presencial-en-ciudad-de-mexico\/","url":"https:\/\/www.fvb.cat\/ca\/producte\/taller-de-introduccion-a-ambit-formacion-presencial-en-ciudad-de-mexico\/","name":"Taller de Introducci\u00f3n a AMBIT: Formaci\u00f3n presencial en Ciudad de M\u00e9xico - Fundaci\u00f3 Vidal i Barraquer","isPartOf":{"@id":"https:\/\/www.fvb.cat\/es\/#website"},"primaryImageOfPage":{"@id":"https:\/\/www.fvb.cat\/ca\/producte\/taller-de-introduccion-a-ambit-formacion-presencial-en-ciudad-de-mexico\/#primaryimage"},"image":{"@id":"https:\/\/www.fvb.cat\/ca\/producte\/taller-de-introduccion-a-ambit-formacion-presencial-en-ciudad-de-mexico\/#primaryimage"},"thumbnailUrl":"https:\/\/www.fvb.cat\/wp-content\/uploads\/2025\/09\/TallerAMBITMexico.jpg","datePublished":"2025-09-12T07:13:45+00:00","dateModified":"2025-09-12T07:15:09+00:00","breadcrumb":{"@id":"https:\/\/www.fvb.cat\/ca\/producte\/taller-de-introduccion-a-ambit-formacion-presencial-en-ciudad-de-mexico\/#breadcrumb"},"inLanguage":"ca","potentialAction":[{"@type":"ReadAction","target":["https:\/\/www.fvb.cat\/ca\/producte\/taller-de-introduccion-a-ambit-formacion-presencial-en-ciudad-de-mexico\/"]}]},{"@type":"ImageObject","inLanguage":"ca","@id":"https:\/\/www.fvb.cat\/ca\/producte\/taller-de-introduccion-a-ambit-formacion-presencial-en-ciudad-de-mexico\/#primaryimage","url":"https:\/\/www.fvb.cat\/wp-content\/uploads\/2025\/09\/TallerAMBITMexico.jpg","contentUrl":"https:\/\/www.fvb.cat\/wp-content\/uploads\/2025\/09\/TallerAMBITMexico.jpg","width":469,"height":640},{"@type":"BreadcrumbList","@id":"https:\/\/www.fvb.cat\/ca\/producte\/taller-de-introduccion-a-ambit-formacion-presencial-en-ciudad-de-mexico\/#breadcrumb","itemListElement":[{"@type":"ListItem","position":1,"name":"Inici","item":"https:\/\/www.fvb.cat\/es\/"},{"@type":"ListItem","position":2,"name":"Botiga","item":"https:\/\/www.fvb.cat\/es\/botiga\/"},{"@type":"ListItem","position":3,"name":"Taller de Introducci\u00f3n a AMBIT: Formaci\u00f3n presencial en Ciudad de M\u00e9xico"}]},{"@type":"WebSite","@id":"https:\/\/www.fvb.cat\/es\/#website","url":"https:\/\/www.fvb.cat\/es\/","name":"Fundaci\u00f3 Vidal i Barraquer","description":"Assist\u00e8ncia, doc\u00e8ncia i recerca en la salut mental","publisher":{"@id":"https:\/\/www.fvb.cat\/es\/#organization"},"potentialAction":[{"@type":"SearchAction","target":{"@type":"EntryPoint","urlTemplate":"https:\/\/www.fvb.cat\/es\/?s={search_term_string}"},"query-input":"required name=search_term_string"}],"inLanguage":"ca"},{"@type":"Organization","@id":"https:\/\/www.fvb.cat\/es\/#organization","name":"Fundaci\u00f3 Vidal i Barraquer","url":"https:\/\/www.fvb.cat\/es\/","logo":{"@type":"ImageObject","inLanguage":"ca","@id":"https:\/\/www.fvb.cat\/es\/#\/schema\/logo\/image\/","url":"https:\/\/www.fvb.cat\/wp-content\/uploads\/2024\/05\/logo-vidal-i-barrauqer-60-aniversari.jpg","contentUrl":"https:\/\/www.fvb.cat\/wp-content\/uploads\/2024\/05\/logo-vidal-i-barrauqer-60-aniversari.jpg","width":2125,"height":703,"caption":"Fundaci\u00f3 Vidal i Barraquer"},"image":{"@id":"https:\/\/www.fvb.cat\/es\/#\/schema\/logo\/image\/"}}]}},"_links":{"self":[{"href":"https:\/\/www.fvb.cat\/ca\/wp-json\/wp\/v2\/product\/17452"}],"collection":[{"href":"https:\/\/www.fvb.cat\/ca\/wp-json\/wp\/v2\/product"}],"about":[{"href":"https:\/\/www.fvb.cat\/ca\/wp-json\/wp\/v2\/types\/product"}],"wp:featuredmedia":[{"embeddable":true,"href":"https:\/\/www.fvb.cat\/ca\/wp-json\/wp\/v2\/media\/17453"}],"wp:attachment":[{"href":"https:\/\/www.fvb.cat\/ca\/wp-json\/wp\/v2\/media?parent=17452"}],"wp:term":[{"taxonomy":"product_cat","embeddable":true,"href":"https:\/\/www.fvb.cat\/ca\/wp-json\/wp\/v2\/product_cat?post=17452"},{"taxonomy":"product_tag","embeddable":true,"href":"https:\/\/www.fvb.cat\/ca\/wp-json\/wp\/v2\/product_tag?post=17452"}],"curies":[{"name":"wp","href":"https:\/\/api.w.org\/{rel}","templated":true}]}}