{"id":10245,"date":"2021-07-30T17:14:56","date_gmt":"2021-07-30T16:14:56","guid":{"rendered":"http:\/\/www.fvb.cat\/es\/?post_type=product&#038;p=10245"},"modified":"2026-02-17T12:10:01","modified_gmt":"2026-02-17T11:10:01","slug":"titol-dexpert-universitari-en-acompanyament-espiritual-m","status":"publish","type":"product","link":"https:\/\/www.fvb.cat\/ca\/producte\/titol-expert-universitari-acompanyament-espiritual-m\/","title":{"rendered":"T\u00edtol d\u2019Expert Universitari en Acompanyament Espiritual (Matr\u00edcula)"},"content":{"rendered":"Preinscripci\u00f3: a partir del dia <strong>1 de juny<\/strong>.<\/p>\n<p>\u00c9s imprescindible presentar el full de sol\u00b7licitud d&#8217;admissi\u00f3, juntament amb un curr\u00edculum i abonar els drets de preinscripci\u00f3. En confirmar-se l&#8217;admissi\u00f3, els sol\u00b7licitants hauran d&#8217;abonar l&#8217;import de la matr\u00edcula dins el termini fixat.<\/p>\n<p>Matr\u00edcula: <strong>De l\u20191 de juliol<\/strong>.","protected":false},"excerpt":{"rendered":"<p>El Experto Universitario en Acompa\u00f1amiento Espiritual ( PAE ) surge de una necesidad emergente de formaci\u00f3n en acompa\u00f1amiento en los procesos de crecimiento personal de las personas , en su doble dimensi\u00f3n espiritual y psicol\u00f3gica . El Postgrado da respuesta tanto a nivel te\u00f3rico como desde la experiencia personal, integrando las dimensiones espiritual y psicol\u00f3gica del ser humano.<\/p>\n","protected":false},"featured_media":6658,"template":"","meta":[],"product_cat":[225],"product_tag":[],"yoast_head":"<!-- This site is optimized with the Yoast SEO plugin v22.6 - https:\/\/yoast.com\/wordpress\/plugins\/seo\/ -->\n<title>T\u00edtol d\u2019Expert Universitari en Acompanyament Espiritual (Matr\u00edcula) - Fundaci\u00f3 Vidal i Barraquer<\/title>\n<meta name=\"robots\" content=\"index, follow, max-snippet:-1, max-image-preview:large, max-video-preview:-1\" \/>\n<link rel=\"canonical\" href=\"https:\/\/www.fvb.cat\/ca\/producte\/titol-expert-universitari-acompanyament-espiritual-m\/\" \/>\n<meta property=\"og:locale\" content=\"ca_ES\" \/>\n<meta property=\"og:type\" content=\"article\" \/>\n<meta property=\"og:title\" content=\"[:ca]T\u00edtol d\u2019Expert Universitari en Acompanyament Espiritual (Matr\u00edcula)[:es]T\u00edtulo de Experto Universitario en Acompa\u00f1amiento Espiritual (Matr\u00edcula)[:] - Fundaci\u00f3 Vidal i Barraquer\" \/>\n<meta property=\"og:description\" content=\"El Experto Universitario en Acompa\u00f1amiento Espiritual ( PAE ) surge de una necesidad emergente de formaci\u00f3n en acompa\u00f1amiento en los procesos de crecimiento personal de las personas , en su doble dimensi\u00f3n espiritual y psicol\u00f3gica . El Postgrado da respuesta tanto a nivel te\u00f3rico como desde la experiencia personal, integrando las dimensiones espiritual y psicol\u00f3gica del ser humano.\" \/>\n<meta property=\"og:url\" content=\"https:\/\/www.fvb.cat\/ca\/producte\/titol-expert-universitari-acompanyament-espiritual-m\/\" \/>\n<meta property=\"og:site_name\" content=\"Fundaci\u00f3 Vidal i Barraquer\" \/>\n<meta property=\"article:modified_time\" content=\"2026-02-17T11:10:01+00:00\" \/>\n<meta property=\"og:image\" content=\"https:\/\/www.fvb.cat\/wp-content\/uploads\/2017\/06\/47600501_m.jpg\" \/>\n\t<meta property=\"og:image:width\" content=\"848\" \/>\n\t<meta property=\"og:image:height\" content=\"565\" \/>\n\t<meta property=\"og:image:type\" content=\"image\/jpeg\" \/>\n<meta name=\"twitter:card\" content=\"summary_large_image\" \/>\n<meta name=\"twitter:label1\" content=\"Temps estimat de lectura\" \/>\n\t<meta name=\"twitter:data1\" content=\"1 minut\" \/>\n<script type=\"application\/ld+json\" class=\"yoast-schema-graph\">{\"@context\":\"https:\/\/schema.org\",\"@graph\":[{\"@type\":\"WebPage\",\"@id\":\"https:\/\/www.fvb.cat\/ca\/producte\/titol-expert-universitari-acompanyament-espiritual-m\/\",\"url\":\"https:\/\/www.fvb.cat\/ca\/producte\/titol-expert-universitari-acompanyament-espiritual-m\/\",\"name\":\"[:ca]T\u00edtol d\u2019Expert Universitari en Acompanyament Espiritual (Matr\u00edcula)[:es]T\u00edtulo de Experto Universitario en Acompa\u00f1amiento Espiritual (Matr\u00edcula)[:] - Fundaci\u00f3 Vidal i Barraquer\",\"isPartOf\":{\"@id\":\"https:\/\/www.fvb.cat\/es\/#website\"},\"primaryImageOfPage\":{\"@id\":\"https:\/\/www.fvb.cat\/ca\/producte\/titol-expert-universitari-acompanyament-espiritual-m\/#primaryimage\"},\"image\":{\"@id\":\"https:\/\/www.fvb.cat\/ca\/producte\/titol-expert-universitari-acompanyament-espiritual-m\/#primaryimage\"},\"thumbnailUrl\":\"https:\/\/www.fvb.cat\/wp-content\/uploads\/2017\/06\/47600501_m.jpg\",\"datePublished\":\"2021-07-30T16:14:56+00:00\",\"dateModified\":\"2026-02-17T11:10:01+00:00\",\"breadcrumb\":{\"@id\":\"https:\/\/www.fvb.cat\/ca\/producte\/titol-expert-universitari-acompanyament-espiritual-m\/#breadcrumb\"},\"inLanguage\":\"ca\",\"potentialAction\":[{\"@type\":\"ReadAction\",\"target\":[\"https:\/\/www.fvb.cat\/ca\/producte\/titol-expert-universitari-acompanyament-espiritual-m\/\"]}]},{\"@type\":\"ImageObject\",\"inLanguage\":\"ca\",\"@id\":\"https:\/\/www.fvb.cat\/ca\/producte\/titol-expert-universitari-acompanyament-espiritual-m\/#primaryimage\",\"url\":\"https:\/\/www.fvb.cat\/wp-content\/uploads\/2017\/06\/47600501_m.jpg\",\"contentUrl\":\"https:\/\/www.fvb.cat\/wp-content\/uploads\/2017\/06\/47600501_m.jpg\",\"width\":848,\"height\":565,\"caption\":\"47600501 - male medicine doctor offering helping hand in office closeup. friendly and cheerful gesture. medical cure and tests advertisement concept. physician ready to examine and save patient\"},{\"@type\":\"BreadcrumbList\",\"@id\":\"https:\/\/www.fvb.cat\/ca\/producte\/titol-expert-universitari-acompanyament-espiritual-m\/#breadcrumb\",\"itemListElement\":[{\"@type\":\"ListItem\",\"position\":1,\"name\":\"Inici\",\"item\":\"https:\/\/www.fvb.cat\/es\/\"},{\"@type\":\"ListItem\",\"position\":2,\"name\":\"Botiga\",\"item\":\"https:\/\/www.fvb.cat\/es\/botiga\/\"},{\"@type\":\"ListItem\",\"position\":3,\"name\":\"T\u00edtol d\u2019Expert Universitari en Acompanyament Espiritual (Matr\u00edcula)\"}]},{\"@type\":\"WebSite\",\"@id\":\"https:\/\/www.fvb.cat\/es\/#website\",\"url\":\"https:\/\/www.fvb.cat\/es\/\",\"name\":\"Fundaci\u00f3 Vidal i Barraquer\",\"description\":\"Assist\u00e8ncia, doc\u00e8ncia i recerca en la salut mental\",\"publisher\":{\"@id\":\"https:\/\/www.fvb.cat\/es\/#organization\"},\"potentialAction\":[{\"@type\":\"SearchAction\",\"target\":{\"@type\":\"EntryPoint\",\"urlTemplate\":\"https:\/\/www.fvb.cat\/es\/?s={search_term_string}\"},\"query-input\":\"required name=search_term_string\"}],\"inLanguage\":\"ca\"},{\"@type\":\"Organization\",\"@id\":\"https:\/\/www.fvb.cat\/es\/#organization\",\"name\":\"Fundaci\u00f3 Vidal i Barraquer\",\"url\":\"https:\/\/www.fvb.cat\/es\/\",\"logo\":{\"@type\":\"ImageObject\",\"inLanguage\":\"ca\",\"@id\":\"https:\/\/www.fvb.cat\/es\/#\/schema\/logo\/image\/\",\"url\":\"https:\/\/www.fvb.cat\/wp-content\/uploads\/2024\/05\/logo-vidal-i-barrauqer-60-aniversari.jpg\",\"contentUrl\":\"https:\/\/www.fvb.cat\/wp-content\/uploads\/2024\/05\/logo-vidal-i-barrauqer-60-aniversari.jpg\",\"width\":2125,\"height\":703,\"caption\":\"Fundaci\u00f3 Vidal i Barraquer\"},\"image\":{\"@id\":\"https:\/\/www.fvb.cat\/es\/#\/schema\/logo\/image\/\"}}]}<\/script>\n<!-- \/ Yoast SEO plugin. -->","yoast_head_json":{"title":"[:ca]T\u00edtol d\u2019Expert Universitari en Acompanyament Espiritual (Matr\u00edcula)[:es]T\u00edtulo de Experto Universitario en Acompa\u00f1amiento Espiritual (Matr\u00edcula)[:] - Fundaci\u00f3 Vidal i Barraquer","robots":{"index":"index","follow":"follow","max-snippet":"max-snippet:-1","max-image-preview":"max-image-preview:large","max-video-preview":"max-video-preview:-1"},"canonical":"https:\/\/www.fvb.cat\/ca\/producte\/titol-expert-universitari-acompanyament-espiritual-m\/","og_locale":"ca_ES","og_type":"article","og_title":"[:ca]T\u00edtol d\u2019Expert Universitari en Acompanyament Espiritual (Matr\u00edcula)[:es]T\u00edtulo de Experto Universitario en Acompa\u00f1amiento Espiritual (Matr\u00edcula)[:] - Fundaci\u00f3 Vidal i Barraquer","og_description":"El Experto Universitario en Acompa\u00f1amiento Espiritual ( PAE ) surge de una necesidad emergente de formaci\u00f3n en acompa\u00f1amiento en los procesos de crecimiento personal de las personas , en su doble dimensi\u00f3n espiritual y psicol\u00f3gica . El Postgrado da respuesta tanto a nivel te\u00f3rico como desde la experiencia personal, integrando las dimensiones espiritual y psicol\u00f3gica del ser humano.","og_url":"https:\/\/www.fvb.cat\/ca\/producte\/titol-expert-universitari-acompanyament-espiritual-m\/","og_site_name":"Fundaci\u00f3 Vidal i Barraquer","article_modified_time":"2026-02-17T11:10:01+00:00","og_image":[{"width":848,"height":565,"url":"https:\/\/www.fvb.cat\/wp-content\/uploads\/2017\/06\/47600501_m.jpg","type":"image\/jpeg"}],"twitter_card":"summary_large_image","twitter_misc":{"Temps estimat de lectura":"1 minut"},"schema":{"@context":"https:\/\/schema.org","@graph":[{"@type":"WebPage","@id":"https:\/\/www.fvb.cat\/ca\/producte\/titol-expert-universitari-acompanyament-espiritual-m\/","url":"https:\/\/www.fvb.cat\/ca\/producte\/titol-expert-universitari-acompanyament-espiritual-m\/","name":"[:ca]T\u00edtol d\u2019Expert Universitari en Acompanyament Espiritual (Matr\u00edcula)[:es]T\u00edtulo de Experto Universitario en Acompa\u00f1amiento Espiritual (Matr\u00edcula)[:] - Fundaci\u00f3 Vidal i Barraquer","isPartOf":{"@id":"https:\/\/www.fvb.cat\/es\/#website"},"primaryImageOfPage":{"@id":"https:\/\/www.fvb.cat\/ca\/producte\/titol-expert-universitari-acompanyament-espiritual-m\/#primaryimage"},"image":{"@id":"https:\/\/www.fvb.cat\/ca\/producte\/titol-expert-universitari-acompanyament-espiritual-m\/#primaryimage"},"thumbnailUrl":"https:\/\/www.fvb.cat\/wp-content\/uploads\/2017\/06\/47600501_m.jpg","datePublished":"2021-07-30T16:14:56+00:00","dateModified":"2026-02-17T11:10:01+00:00","breadcrumb":{"@id":"https:\/\/www.fvb.cat\/ca\/producte\/titol-expert-universitari-acompanyament-espiritual-m\/#breadcrumb"},"inLanguage":"ca","potentialAction":[{"@type":"ReadAction","target":["https:\/\/www.fvb.cat\/ca\/producte\/titol-expert-universitari-acompanyament-espiritual-m\/"]}]},{"@type":"ImageObject","inLanguage":"ca","@id":"https:\/\/www.fvb.cat\/ca\/producte\/titol-expert-universitari-acompanyament-espiritual-m\/#primaryimage","url":"https:\/\/www.fvb.cat\/wp-content\/uploads\/2017\/06\/47600501_m.jpg","contentUrl":"https:\/\/www.fvb.cat\/wp-content\/uploads\/2017\/06\/47600501_m.jpg","width":848,"height":565,"caption":"47600501 - male medicine doctor offering helping hand in office closeup. friendly and cheerful gesture. medical cure and tests advertisement concept. physician ready to examine and save patient"},{"@type":"BreadcrumbList","@id":"https:\/\/www.fvb.cat\/ca\/producte\/titol-expert-universitari-acompanyament-espiritual-m\/#breadcrumb","itemListElement":[{"@type":"ListItem","position":1,"name":"Inici","item":"https:\/\/www.fvb.cat\/es\/"},{"@type":"ListItem","position":2,"name":"Botiga","item":"https:\/\/www.fvb.cat\/es\/botiga\/"},{"@type":"ListItem","position":3,"name":"T\u00edtol d\u2019Expert Universitari en Acompanyament Espiritual (Matr\u00edcula)"}]},{"@type":"WebSite","@id":"https:\/\/www.fvb.cat\/es\/#website","url":"https:\/\/www.fvb.cat\/es\/","name":"Fundaci\u00f3 Vidal i Barraquer","description":"Assist\u00e8ncia, doc\u00e8ncia i recerca en la salut mental","publisher":{"@id":"https:\/\/www.fvb.cat\/es\/#organization"},"potentialAction":[{"@type":"SearchAction","target":{"@type":"EntryPoint","urlTemplate":"https:\/\/www.fvb.cat\/es\/?s={search_term_string}"},"query-input":"required name=search_term_string"}],"inLanguage":"ca"},{"@type":"Organization","@id":"https:\/\/www.fvb.cat\/es\/#organization","name":"Fundaci\u00f3 Vidal i Barraquer","url":"https:\/\/www.fvb.cat\/es\/","logo":{"@type":"ImageObject","inLanguage":"ca","@id":"https:\/\/www.fvb.cat\/es\/#\/schema\/logo\/image\/","url":"https:\/\/www.fvb.cat\/wp-content\/uploads\/2024\/05\/logo-vidal-i-barrauqer-60-aniversari.jpg","contentUrl":"https:\/\/www.fvb.cat\/wp-content\/uploads\/2024\/05\/logo-vidal-i-barrauqer-60-aniversari.jpg","width":2125,"height":703,"caption":"Fundaci\u00f3 Vidal i Barraquer"},"image":{"@id":"https:\/\/www.fvb.cat\/es\/#\/schema\/logo\/image\/"}}]}},"_links":{"self":[{"href":"https:\/\/www.fvb.cat\/ca\/wp-json\/wp\/v2\/product\/10245"}],"collection":[{"href":"https:\/\/www.fvb.cat\/ca\/wp-json\/wp\/v2\/product"}],"about":[{"href":"https:\/\/www.fvb.cat\/ca\/wp-json\/wp\/v2\/types\/product"}],"wp:featuredmedia":[{"embeddable":true,"href":"https:\/\/www.fvb.cat\/ca\/wp-json\/wp\/v2\/media\/6658"}],"wp:attachment":[{"href":"https:\/\/www.fvb.cat\/ca\/wp-json\/wp\/v2\/media?parent=10245"}],"wp:term":[{"taxonomy":"product_cat","embeddable":true,"href":"https:\/\/www.fvb.cat\/ca\/wp-json\/wp\/v2\/product_cat?post=10245"},{"taxonomy":"product_tag","embeddable":true,"href":"https:\/\/www.fvb.cat\/ca\/wp-json\/wp\/v2\/product_tag?post=10245"}],"curies":[{"name":"wp","href":"https:\/\/api.w.org\/{rel}","templated":true}]}}