{"id":6572,"date":"2017-06-21T08:54:02","date_gmt":"2017-06-21T07:54:02","guid":{"rendered":"http:\/\/www.fvb.cat\/?page_id=6572"},"modified":"2024-05-15T13:24:05","modified_gmt":"2024-05-15T12:24:05","slug":"institut-universitari","status":"publish","type":"page","link":"https:\/\/www.fvb.cat\/ca\/institut-universitari\/","title":{"rendered":"Institut Universitari"},"content":{"rendered":"<section class=\"l-section wpb_row height_medium\"><div class=\"l-section-h i-cf\"><div class=\"g-cols type_default valign_top\"><div class=\"vc_col-sm-12 wpb_column vc_column_container\"><div class=\"vc_column-inner\"><div class=\"wpb_wrapper\"><div class=\"g-cols wpb_row type_default valign_top vc_inner \"><div class=\"vc_col-sm-8 wpb_column vc_column_container\"><div class=\"vc_column-inner\"><div class=\"wpb_wrapper\"><div class=\"wpb_text_column \"><div class=\"wpb_wrapper\">\n<h3><strong>Institut Universitari de Salut Mental<\/strong><\/h3>\n<p><strong>Director de l&#8217;Institut Universitari de Salut Mental: Mark Dangerfield<\/strong><strong><br \/>\n<\/strong><\/p>\n<p>L\u2019Institut de Salut Mental Vidal i Barraquer forma part de la\u00a0Universitat Ramon Llull. Compta amb dues branques principals d\u2019activitat: <strong>la doc\u00e8ncia i la recerca<\/strong>. En conseq\u00fc\u00e8ncia, l\u2019objectiu final tamb\u00e9 esdev\u00e9 doble: crear i difondre coneixement en el camp de la salut mental.<\/p>\n<p>Entre els diferents \u00e0mbits d\u2019estudi del centre, cal esmentar l\u2019\u00e0rea de psicologia i espiritualitat, ent\u00e8s com una espai de recerca, doc\u00e8ncia i reflexi\u00f3 entre el vincles de l\u2019espiritualitat i la psicologia.<\/div> <\/div> <\/div><\/div><\/div><div class=\"vc_col-sm-4 wpb_column vc_column_container\"><div class=\"vc_column-inner\"><div class=\"wpb_wrapper\"><div class=\"w-image align_center\"><div class=\"us-frame\"><a href=\"https:\/\/www.url.edu\/\" title=\"\" target=\"\" rel=\"\"><img loading=\"lazy\" decoding=\"async\" width=\"300\" height=\"300\" src=\"https:\/\/www.fvb.cat\/wp-content\/uploads\/2013\/05\/destacat_7-300x300.jpg\" class=\"attachment-medium size-medium\" alt=\"\" srcset=\"https:\/\/www.fvb.cat\/wp-content\/uploads\/2013\/05\/destacat_7-300x300.jpg 300w, https:\/\/www.fvb.cat\/wp-content\/uploads\/2013\/05\/destacat_7-100x100.jpg 100w, https:\/\/www.fvb.cat\/wp-content\/uploads\/2013\/05\/destacat_7-600x600.jpg 600w, https:\/\/www.fvb.cat\/wp-content\/uploads\/2013\/05\/destacat_7-150x150.jpg 150w, https:\/\/www.fvb.cat\/wp-content\/uploads\/2013\/05\/destacat_7-768x768.jpg 768w, https:\/\/www.fvb.cat\/wp-content\/uploads\/2013\/05\/destacat_7-350x350.jpg 350w, https:\/\/www.fvb.cat\/wp-content\/uploads\/2013\/05\/destacat_7.jpg 800w\" sizes=\"(max-width: 300px) 100vw, 300px\" \/><\/a><\/div><\/div><\/div><\/div><\/div><\/div>[vc_empty_space]<div class=\"g-cols wpb_row type_default valign_top vc_inner \"><div class=\"vc_col-sm-4 wpb_column vc_column_container ib-home\"><div class=\"vc_column-inner\"><div class=\"wpb_wrapper\"><div class=\"w-image align_center\"><div class=\"us-frame\"><img loading=\"lazy\" decoding=\"async\" width=\"1024\" height=\"379\" src=\"https:\/\/www.fvb.cat\/wp-content\/uploads\/2021\/06\/banners-slider-IUSM-1024x379.jpg\" class=\"attachment-large size-large\" alt=\"\" srcset=\"https:\/\/www.fvb.cat\/wp-content\/uploads\/2021\/06\/banners-slider-IUSM.jpg 1024w, https:\/\/www.fvb.cat\/wp-content\/uploads\/2021\/06\/banners-slider-IUSM-600x222.jpg 600w, https:\/\/www.fvb.cat\/wp-content\/uploads\/2021\/06\/banners-slider-IUSM-300x111.jpg 300w, https:\/\/www.fvb.cat\/wp-content\/uploads\/2021\/06\/banners-slider-IUSM-768x284.jpg 768w\" sizes=\"(max-width: 1024px) 100vw, 1024px\" \/><\/div><\/div><div class=\"wpb_text_column \"><div class=\"wpb_wrapper\">\n<h4><span style=\"color: #3366ff;\"><strong>DOC\u00c8NCIA<\/strong><\/span><\/h4>\n<\/div> <\/div> <div class=\"wpb_text_column \"><div class=\"wpb_wrapper\"><p>Els <strong>programes de postgrau<\/strong> (m\u00e0ster, especialitzaci\u00f3 i expertesa) tenen la finalitat d\u2019oferir una formaci\u00f3 avan\u00e7ada per assolir una especialitzaci\u00f3 acad\u00e8mica i\/o professional. D\u2019acord amb aquesta premissa i amb les necessitats espec\u00edfiques de la formaci\u00f3 de professionals en el camp de la salut mental, els diferents plans d\u2019estudis articulen professionalitzaci\u00f3 i recerca, tant en \u00e0mbits assistencials p\u00fablics com privats.<\/p><\/div> <\/div> <\/div><\/div><\/div><div class=\"vc_col-sm-4 wpb_column vc_column_container ib-home\"><div class=\"vc_column-inner\"><div class=\"wpb_wrapper\"><div class=\"w-image align_center\"><div class=\"us-frame\"><img loading=\"lazy\" decoding=\"async\" width=\"1024\" height=\"379\" src=\"https:\/\/www.fvb.cat\/wp-content\/uploads\/2017\/05\/imatge-superior-1024x379.jpg\" class=\"attachment-large size-large\" alt=\"\" srcset=\"https:\/\/www.fvb.cat\/wp-content\/uploads\/2017\/05\/imatge-superior-1024x379.jpg 1024w, https:\/\/www.fvb.cat\/wp-content\/uploads\/2017\/05\/imatge-superior-600x222.jpg 600w, https:\/\/www.fvb.cat\/wp-content\/uploads\/2017\/05\/imatge-superior-300x111.jpg 300w, https:\/\/www.fvb.cat\/wp-content\/uploads\/2017\/05\/imatge-superior-768x284.jpg 768w, https:\/\/www.fvb.cat\/wp-content\/uploads\/2017\/05\/imatge-superior.jpg 1728w\" sizes=\"(max-width: 1024px) 100vw, 1024px\" \/><\/div><\/div><div class=\"wpb_text_column \"><div class=\"wpb_wrapper\">\n<h4><span style=\"color: #3366ff;\"><strong>RECERCA<\/strong><\/span><\/h4>\n<\/div> <\/div> <div class=\"wpb_text_column \"><div class=\"wpb_wrapper\"><p>La naturalesa permanent de l\u2019Institut Universitari propicia una dedicaci\u00f3 a la recerca cient\u00edfica i t\u00e8cnica, aix\u00ed com a la doc\u00e8ncia especialitzada. La finalitat \u00e9s traslladar als professionals coneixements i investigacions de qualitat en el camp de la psicologia i les ci\u00e8ncies afins, des d\u2019una perspectiva bio-psico-social i interdisciplin\u00e0ria.<\/p>\n<\/p><\/div> <\/div> <\/div><\/div><\/div><div class=\"vc_col-sm-4 wpb_column vc_column_container\"><div class=\"vc_column-inner\"><div class=\"wpb_wrapper\"><div class=\"w-image\"><div class=\"us-frame\"><img loading=\"lazy\" decoding=\"async\" width=\"1024\" height=\"379\" src=\"https:\/\/www.fvb.cat\/wp-content\/uploads\/2021\/06\/OEOISM0-IUSM-1024x379.jpg\" class=\"attachment-large size-large\" alt=\"\" srcset=\"https:\/\/www.fvb.cat\/wp-content\/uploads\/2021\/06\/OEOISM0-IUSM.jpg 1024w, https:\/\/www.fvb.cat\/wp-content\/uploads\/2021\/06\/OEOISM0-IUSM-600x222.jpg 600w, https:\/\/www.fvb.cat\/wp-content\/uploads\/2021\/06\/OEOISM0-IUSM-300x111.jpg 300w, https:\/\/www.fvb.cat\/wp-content\/uploads\/2021\/06\/OEOISM0-IUSM-768x284.jpg 768w\" sizes=\"(max-width: 1024px) 100vw, 1024px\" \/><\/div><\/div><div class=\"wpb_text_column \"><div class=\"wpb_wrapper\">\n<h4><span style=\"color: #3366ff;\"><strong>SERVEIS<\/strong><\/span><\/h4>\n<h4><\/h4>\n<\/div> <\/div> <div class=\"wpb_text_column \"><div class=\"wpb_wrapper\"><p>L&#8217;Institut Universitari de Salut Mental de la Fundaci\u00f3 Vidal i Barraquer ofereix als seus alumnes i diplomats, serveis\u00a0destinats tant a la difusi\u00f3 de la seva activitat professional (Directori Professional), com a la recerca de feina (Borsa de Treball), pasant per l&#8217;acc\u00e9s a la nostra Biblioteca Especialitzada.<\/p>\n<\/p><\/div> <\/div> <\/div><\/div><\/div><\/div><div class=\"g-cols wpb_row type_default valign_top vc_inner \"><div class=\"vc_col-sm-4 wpb_column vc_column_container\"><div class=\"vc_column-inner\"><div class=\"wpb_wrapper\"><div class=\"w-btn-wrapper align_left\"><a class=\"w-btn style_solid color_primary icon_none\" href=\"https:\/\/www.fvb.cat\/ca\/docencia\/\"><span class=\"w-btn-label\">M\u00c9S INFORMACI\u00d3<\/span><\/a><\/div><\/div><\/div><\/div><div class=\"vc_col-sm-4 wpb_column vc_column_container\"><div class=\"vc_column-inner\"><div class=\"wpb_wrapper\"><div class=\"w-btn-wrapper align_left\"><a class=\"w-btn style_solid color_primary icon_none\" href=\"http:\/\/www.fvb.cat\/recerca\/\"><span class=\"w-btn-label\">M\u00c9S INFORMACI\u00d3<\/span><\/a><\/div><\/div><\/div><\/div><div class=\"vc_col-sm-4 wpb_column vc_column_container\"><div class=\"vc_column-inner\"><div class=\"wpb_wrapper\"><div class=\"w-btn-wrapper align_left\"><a class=\"w-btn style_solid color_primary icon_none\" href=\"http:\/\/www.fvb.cat\/serveis-iusm\/\"><span class=\"w-btn-label\">M\u00c9S INFORMACI\u00d3<\/span><\/a><\/div><\/div><\/div><\/div><\/div><div class=\"w-separator type_default size_medium thick_5 style_solid color_border cont_none\"><span class=\"w-separator-h\"><\/span><\/div><div class=\"wpb_text_column \"><div class=\"wpb_wrapper\">\n<h4><strong>Informa&#8217;t<\/strong> dels nostres serveis de <strong>dilluns a divendres de 15:30h. a 21:00h.<\/strong><\/h4>\n<h4><img loading=\"lazy\" decoding=\"async\" class=\"alignnone wp-image-9960\" src=\"https:\/\/www.fvb.cat\/wp-content\/uploads\/2021\/06\/whatsapp.png\" alt=\"\" width=\"25\" height=\"24\" srcset=\"https:\/\/www.fvb.cat\/wp-content\/uploads\/2021\/06\/whatsapp.png 155w, https:\/\/www.fvb.cat\/wp-content\/uploads\/2021\/06\/whatsapp-100x100.png 100w, https:\/\/www.fvb.cat\/wp-content\/uploads\/2021\/06\/whatsapp-150x150.png 150w\" sizes=\"(max-width: 25px) 100vw, 25px\" \/>\u00a0+34 670 26 32 84 \u00a0 \u00a0\u00a0<img loading=\"lazy\" decoding=\"async\" class=\"alignnone wp-image-10030\" src=\"https:\/\/www.fvb.cat\/wp-content\/uploads\/2021\/06\/telefon.png\" alt=\"\" width=\"26\" height=\"20\" \/>\u00a0934 340 001 \u00a0o escriu-nos a <strong>docencia@fvb.cat<\/strong><\/h4>\n<\/div> <\/div> <div class=\"wpb_text_column \"><div class=\"wpb_wrapper\">\n<h4><\/h4>\n<h4><strong>Segueix-nos a les xarxes socials de l&#8217;IUSMVB-URL<\/strong><\/h4>\n<\/div> <\/div> <div class=\"w-socials align_left style_outlined color_link index_1\" style=\"font-size:25px;\"><div class=\"w-socials-list\"><div class=\"w-socials-item email\">\n\t\t\t\t<a class=\"w-socials-item-link\" target=\"_blank\" href=\"mailto:docencia@fvb.cat\">\n\t\t\t\t\t<span class=\"w-socials-item-link-hover\"><\/span>\n\t\t\t\t<\/a>\n\t\t\t\t<div class=\"w-socials-item-popup\">\n\t\t\t\t\t<span>Email<\/span>\n\t\t\t\t<\/div>\n\t\t\t<\/div><div class=\"w-socials-item facebook\">\n\t\t\t\t<a class=\"w-socials-item-link\" target=\"_blank\" href=\"https:\/\/www.facebook.com\/IUSalutMentalVB\">\n\t\t\t\t\t<span class=\"w-socials-item-link-hover\"><\/span>\n\t\t\t\t<\/a>\n\t\t\t\t<div class=\"w-socials-item-popup\">\n\t\t\t\t\t<span>Facebook<\/span>\n\t\t\t\t<\/div>\n\t\t\t<\/div><div class=\"w-socials-item twitter\">\n\t\t\t\t<a class=\"w-socials-item-link\" target=\"_blank\" href=\"https:\/\/twitter.com\/IUSalutMentalVB\">\n\t\t\t\t\t<span class=\"w-socials-item-link-hover\"><\/span>\n\t\t\t\t<\/a>\n\t\t\t\t<div class=\"w-socials-item-popup\">\n\t\t\t\t\t<span>Twitter<\/span>\n\t\t\t\t<\/div>\n\t\t\t<\/div><div class=\"w-socials-item youtube\">\n\t\t\t\t<a class=\"w-socials-item-link\" target=\"_blank\" href=\"https:\/\/www.youtube.com\/channel\/UCQ4UXxgNU7lWsnRU1w-nxbQ\">\n\t\t\t\t\t<span class=\"w-socials-item-link-hover\"><\/span>\n\t\t\t\t<\/a>\n\t\t\t\t<div class=\"w-socials-item-popup\">\n\t\t\t\t\t<span>YouTube<\/span>\n\t\t\t\t<\/div>\n\t\t\t<\/div><div class=\"w-socials-item instagram\">\n\t\t\t\t<a class=\"w-socials-item-link\" target=\"_blank\" href=\"https:\/\/www.instagram.com\/iusalutmentalvb\/\">\n\t\t\t\t\t<span class=\"w-socials-item-link-hover\"><\/span>\n\t\t\t\t<\/a>\n\t\t\t\t<div class=\"w-socials-item-popup\">\n\t\t\t\t\t<span>Instagram<\/span>\n\t\t\t\t<\/div>\n\t\t\t<\/div><\/div><\/div><\/div><\/div><\/div><\/div><\/div><\/section>","protected":false},"excerpt":{"rendered":"Fundaci\u00f3 Vidal i Barraquer Som una instituci\u00f3 creada l\u2019any 1964 i dedicada...","protected":false},"author":1,"featured_media":0,"parent":0,"menu_order":0,"comment_status":"closed","ping_status":"closed","template":"","meta":{"footnotes":""},"yoast_head":"<!-- This site is optimized with the Yoast SEO plugin v22.6 - https:\/\/yoast.com\/wordpress\/plugins\/seo\/ -->\n<title>Institut Universitari - Fundaci\u00f3 Vidal i Barraquer<\/title>\n<meta name=\"robots\" content=\"index, follow, max-snippet:-1, max-image-preview:large, max-video-preview:-1\" \/>\n<link rel=\"canonical\" href=\"https:\/\/www.fvb.cat\/ca\/institut-universitari\/\" \/>\n<meta property=\"og:locale\" content=\"ca_ES\" \/>\n<meta property=\"og:type\" content=\"article\" \/>\n<meta property=\"og:title\" content=\"[:ca]Institut Universitari[:es]Instituto Universitario[:] - Fundaci\u00f3 Vidal i Barraquer\" \/>\n<meta property=\"og:url\" content=\"https:\/\/www.fvb.cat\/ca\/institut-universitari\/\" \/>\n<meta property=\"og:site_name\" content=\"Fundaci\u00f3 Vidal i Barraquer\" \/>\n<meta property=\"article:modified_time\" content=\"2024-05-15T12:24:05+00:00\" \/>\n<meta property=\"og:image\" content=\"https:\/\/www.fvb.cat\/wp-content\/uploads\/2021\/06\/whatsapp.png\" \/>\n<meta name=\"twitter:card\" content=\"summary_large_image\" \/>\n<meta name=\"twitter:label1\" content=\"Temps estimat de lectura\" \/>\n\t<meta name=\"twitter:data1\" content=\"3 minuts\" \/>\n<script type=\"application\/ld+json\" class=\"yoast-schema-graph\">{\"@context\":\"https:\/\/schema.org\",\"@graph\":[{\"@type\":\"WebPage\",\"@id\":\"https:\/\/www.fvb.cat\/ca\/institut-universitari\/\",\"url\":\"https:\/\/www.fvb.cat\/ca\/institut-universitari\/\",\"name\":\"[:ca]Institut Universitari[:es]Instituto Universitario[:] - Fundaci\u00f3 Vidal i Barraquer\",\"isPartOf\":{\"@id\":\"https:\/\/www.fvb.cat\/es\/#website\"},\"primaryImageOfPage\":{\"@id\":\"https:\/\/www.fvb.cat\/ca\/institut-universitari\/#primaryimage\"},\"image\":{\"@id\":\"https:\/\/www.fvb.cat\/ca\/institut-universitari\/#primaryimage\"},\"thumbnailUrl\":\"https:\/\/www.fvb.cat\/wp-content\/uploads\/2021\/06\/whatsapp.png\",\"datePublished\":\"2017-06-21T07:54:02+00:00\",\"dateModified\":\"2024-05-15T12:24:05+00:00\",\"breadcrumb\":{\"@id\":\"https:\/\/www.fvb.cat\/ca\/institut-universitari\/#breadcrumb\"},\"inLanguage\":\"ca\",\"potentialAction\":[{\"@type\":\"ReadAction\",\"target\":[\"https:\/\/www.fvb.cat\/ca\/institut-universitari\/\"]}]},{\"@type\":\"ImageObject\",\"inLanguage\":\"ca\",\"@id\":\"https:\/\/www.fvb.cat\/ca\/institut-universitari\/#primaryimage\",\"url\":\"https:\/\/www.fvb.cat\/wp-content\/uploads\/2021\/06\/whatsapp.png\",\"contentUrl\":\"https:\/\/www.fvb.cat\/wp-content\/uploads\/2021\/06\/whatsapp.png\"},{\"@type\":\"BreadcrumbList\",\"@id\":\"https:\/\/www.fvb.cat\/ca\/institut-universitari\/#breadcrumb\",\"itemListElement\":[{\"@type\":\"ListItem\",\"position\":1,\"name\":\"Inici\",\"item\":\"https:\/\/www.fvb.cat\/es\/\"},{\"@type\":\"ListItem\",\"position\":2,\"name\":\"Institut Universitari\"}]},{\"@type\":\"WebSite\",\"@id\":\"https:\/\/www.fvb.cat\/es\/#website\",\"url\":\"https:\/\/www.fvb.cat\/es\/\",\"name\":\"Fundaci\u00f3 Vidal i Barraquer\",\"description\":\"Assist\u00e8ncia, doc\u00e8ncia i recerca en la salut mental\",\"publisher\":{\"@id\":\"https:\/\/www.fvb.cat\/es\/#organization\"},\"potentialAction\":[{\"@type\":\"SearchAction\",\"target\":{\"@type\":\"EntryPoint\",\"urlTemplate\":\"https:\/\/www.fvb.cat\/es\/?s={search_term_string}\"},\"query-input\":\"required name=search_term_string\"}],\"inLanguage\":\"ca\"},{\"@type\":\"Organization\",\"@id\":\"https:\/\/www.fvb.cat\/es\/#organization\",\"name\":\"Fundaci\u00f3 Vidal i Barraquer\",\"url\":\"https:\/\/www.fvb.cat\/es\/\",\"logo\":{\"@type\":\"ImageObject\",\"inLanguage\":\"ca\",\"@id\":\"https:\/\/www.fvb.cat\/es\/#\/schema\/logo\/image\/\",\"url\":\"https:\/\/www.fvb.cat\/wp-content\/uploads\/2024\/05\/logo-vidal-i-barrauqer-60-aniversari.jpg\",\"contentUrl\":\"https:\/\/www.fvb.cat\/wp-content\/uploads\/2024\/05\/logo-vidal-i-barrauqer-60-aniversari.jpg\",\"width\":2125,\"height\":703,\"caption\":\"Fundaci\u00f3 Vidal i Barraquer\"},\"image\":{\"@id\":\"https:\/\/www.fvb.cat\/es\/#\/schema\/logo\/image\/\"}}]}<\/script>\n<!-- \/ Yoast SEO plugin. -->","yoast_head_json":{"title":"[:ca]Institut Universitari[:es]Instituto Universitario[:] - Fundaci\u00f3 Vidal i Barraquer","robots":{"index":"index","follow":"follow","max-snippet":"max-snippet:-1","max-image-preview":"max-image-preview:large","max-video-preview":"max-video-preview:-1"},"canonical":"https:\/\/www.fvb.cat\/ca\/institut-universitari\/","og_locale":"ca_ES","og_type":"article","og_title":"[:ca]Institut Universitari[:es]Instituto Universitario[:] - Fundaci\u00f3 Vidal i Barraquer","og_url":"https:\/\/www.fvb.cat\/ca\/institut-universitari\/","og_site_name":"Fundaci\u00f3 Vidal i Barraquer","article_modified_time":"2024-05-15T12:24:05+00:00","og_image":[{"url":"https:\/\/www.fvb.cat\/wp-content\/uploads\/2021\/06\/whatsapp.png"}],"twitter_card":"summary_large_image","twitter_misc":{"Temps estimat de lectura":"3 minuts"},"schema":{"@context":"https:\/\/schema.org","@graph":[{"@type":"WebPage","@id":"https:\/\/www.fvb.cat\/ca\/institut-universitari\/","url":"https:\/\/www.fvb.cat\/ca\/institut-universitari\/","name":"[:ca]Institut Universitari[:es]Instituto Universitario[:] - Fundaci\u00f3 Vidal i Barraquer","isPartOf":{"@id":"https:\/\/www.fvb.cat\/es\/#website"},"primaryImageOfPage":{"@id":"https:\/\/www.fvb.cat\/ca\/institut-universitari\/#primaryimage"},"image":{"@id":"https:\/\/www.fvb.cat\/ca\/institut-universitari\/#primaryimage"},"thumbnailUrl":"https:\/\/www.fvb.cat\/wp-content\/uploads\/2021\/06\/whatsapp.png","datePublished":"2017-06-21T07:54:02+00:00","dateModified":"2024-05-15T12:24:05+00:00","breadcrumb":{"@id":"https:\/\/www.fvb.cat\/ca\/institut-universitari\/#breadcrumb"},"inLanguage":"ca","potentialAction":[{"@type":"ReadAction","target":["https:\/\/www.fvb.cat\/ca\/institut-universitari\/"]}]},{"@type":"ImageObject","inLanguage":"ca","@id":"https:\/\/www.fvb.cat\/ca\/institut-universitari\/#primaryimage","url":"https:\/\/www.fvb.cat\/wp-content\/uploads\/2021\/06\/whatsapp.png","contentUrl":"https:\/\/www.fvb.cat\/wp-content\/uploads\/2021\/06\/whatsapp.png"},{"@type":"BreadcrumbList","@id":"https:\/\/www.fvb.cat\/ca\/institut-universitari\/#breadcrumb","itemListElement":[{"@type":"ListItem","position":1,"name":"Inici","item":"https:\/\/www.fvb.cat\/es\/"},{"@type":"ListItem","position":2,"name":"Institut Universitari"}]},{"@type":"WebSite","@id":"https:\/\/www.fvb.cat\/es\/#website","url":"https:\/\/www.fvb.cat\/es\/","name":"Fundaci\u00f3 Vidal i Barraquer","description":"Assist\u00e8ncia, doc\u00e8ncia i recerca en la salut mental","publisher":{"@id":"https:\/\/www.fvb.cat\/es\/#organization"},"potentialAction":[{"@type":"SearchAction","target":{"@type":"EntryPoint","urlTemplate":"https:\/\/www.fvb.cat\/es\/?s={search_term_string}"},"query-input":"required name=search_term_string"}],"inLanguage":"ca"},{"@type":"Organization","@id":"https:\/\/www.fvb.cat\/es\/#organization","name":"Fundaci\u00f3 Vidal i Barraquer","url":"https:\/\/www.fvb.cat\/es\/","logo":{"@type":"ImageObject","inLanguage":"ca","@id":"https:\/\/www.fvb.cat\/es\/#\/schema\/logo\/image\/","url":"https:\/\/www.fvb.cat\/wp-content\/uploads\/2024\/05\/logo-vidal-i-barrauqer-60-aniversari.jpg","contentUrl":"https:\/\/www.fvb.cat\/wp-content\/uploads\/2024\/05\/logo-vidal-i-barrauqer-60-aniversari.jpg","width":2125,"height":703,"caption":"Fundaci\u00f3 Vidal i Barraquer"},"image":{"@id":"https:\/\/www.fvb.cat\/es\/#\/schema\/logo\/image\/"}}]}},"_links":{"self":[{"href":"https:\/\/www.fvb.cat\/ca\/wp-json\/wp\/v2\/pages\/6572"}],"collection":[{"href":"https:\/\/www.fvb.cat\/ca\/wp-json\/wp\/v2\/pages"}],"about":[{"href":"https:\/\/www.fvb.cat\/ca\/wp-json\/wp\/v2\/types\/page"}],"author":[{"embeddable":true,"href":"https:\/\/www.fvb.cat\/ca\/wp-json\/wp\/v2\/users\/1"}],"replies":[{"embeddable":true,"href":"https:\/\/www.fvb.cat\/ca\/wp-json\/wp\/v2\/comments?post=6572"}],"version-history":[{"count":135,"href":"https:\/\/www.fvb.cat\/ca\/wp-json\/wp\/v2\/pages\/6572\/revisions"}],"predecessor-version":[{"id":15378,"href":"https:\/\/www.fvb.cat\/ca\/wp-json\/wp\/v2\/pages\/6572\/revisions\/15378"}],"wp:attachment":[{"href":"https:\/\/www.fvb.cat\/ca\/wp-json\/wp\/v2\/media?parent=6572"}],"curies":[{"name":"wp","href":"https:\/\/api.w.org\/{rel}","templated":true}]}}