{"id":6159,"date":"2017-05-08T11:25:26","date_gmt":"2017-05-08T10:25:26","guid":{"rendered":"http:\/\/www.fvb.cat\/?page_id=6159"},"modified":"2024-12-02T10:26:06","modified_gmt":"2024-12-02T09:26:06","slug":"csm-sant-andreu-2","status":"publish","type":"page","link":"https:\/\/www.fvb.cat\/ca\/assistencia-publica\/ssm-sant-andreu-2\/","title":{"rendered":"SSM Sant Andreu"},"content":{"rendered":"<section class=\"l-section wpb_row height_medium\"><div class=\"l-section-h i-cf\"><div class=\"g-cols type_default valign_top\"><div class=\"vc_col-sm-6 wpb_column vc_column_container\"><div class=\"vc_column-inner\"><div class=\"wpb_wrapper\"><div class=\"wpb_text_column \"><div class=\"wpb_wrapper\">\n<h1>SSM Adults <strong>Sant Andreu<\/strong><\/h1>\n<\/div> <\/div> <div class=\"wpb_text_column \"><div class=\"wpb_wrapper\"><strong>Director: Josep Par\u00e9s Miquel<\/strong><\/p>\n<p>Serveis p\u00fablics concertats amb el Servei Catal\u00e0 de la Salut per a la poblaci\u00f3 adulta del districte municipal IX de la ciutat de Barcelona, corresponent al districte de Sant Andreu, que inclou els barris de Sant Andreu, la Sagrera, Navas, Congr\u00e9s, Bon Pastor, Bar\u00f3 de Viver i Trinitat Vella.<\/div> <\/div> [vc_empty_space]<div class=\"w-tabs layout_default accordion title_left icon_chevron iconpos_right \"><div class=\"w-tabs-list items_4\"><div class=\"w-tabs-list-h\"><div class=\"w-tabs-item\"><a href=\"#1492677951637-6be8bf11-4547\" class=\"w-tabs-item-h\"><span class=\"w-tabs-item-title\">Elements centrals<\/span><\/a><\/div>\n<div class=\"w-tabs-item\"><a href=\"#1492677951658-b4da57de-5098\" class=\"w-tabs-item-h\"><span class=\"w-tabs-item-title\">Funci\u00f3<\/span><\/a><\/div>\n<div class=\"w-tabs-item\"><a href=\"#1492678109257-3c1e6e5a-2320\" class=\"w-tabs-item-h\"><span class=\"w-tabs-item-title\">Estructura<\/span><\/a><\/div>\n<div class=\"w-tabs-item\"><a href=\"#1624961795305-d95cd1c7-a917\" class=\"w-tabs-item-h\"><span class=\"w-tabs-item-title\">Bones pr\u00e0ctiques<\/span><\/a><\/div>\n<\/div><\/div><div class=\"w-tabs-sections\"><div class=\"w-tabs-sections-h\"><div class=\"w-tabs-section\" id=\"1492677951637-6be8bf11-4547\"><a href=\"#1492677951637-6be8bf11-4547\" class=\"w-tabs-section-header\"><div class=\"w-tabs-section-header-h\"><h5 class=\"w-tabs-section-title\">Elements centrals<\/h5><div class=\"w-tabs-section-control\"><\/div><\/div><\/a><div class=\"w-tabs-section-content\"><div class=\"w-tabs-section-content-h i-cf\"><div class=\"wpb_text_column \"><div class=\"wpb_wrapper\">\n<ul>\n<li style=\"list-style-type: none;\">\n<ul>\n<li>Atenci\u00f3 psicol\u00f2gica, social i biol\u00f2gica.<\/li>\n<li>Atenci\u00f3 individual, familiar i grupal.<\/li>\n<li>Orientaci\u00f3 comunit\u00e0ria.<\/li>\n<li>Treball en equip.<\/li>\n<li>Treball en xarxa.<\/li>\n<\/ul>\n<\/li>\n<\/ul>\n<\/div> <\/div> <\/div><\/div><\/div><div class=\"w-tabs-section\" id=\"1492677951658-b4da57de-5098\"><a href=\"#1492677951658-b4da57de-5098\" class=\"w-tabs-section-header\"><div class=\"w-tabs-section-header-h\"><h5 class=\"w-tabs-section-title\">Funci\u00f3<\/h5><div class=\"w-tabs-section-control\"><\/div><\/div><\/a><div class=\"w-tabs-section-content\"><div class=\"w-tabs-section-content-h i-cf\"><div class=\"wpb_text_column \"><div class=\"wpb_wrapper\"><p>Atenci\u00f3 ambulat\u00f2ria especialitzada en salut mental orientada a:<\/p>\n<ul>\n<li>Atenci\u00f3 i contenci\u00f3 del patiment cl\u00ednic agut.<\/li>\n<li>Estabilitzaci\u00f3 cl\u00ednica del patiment cr\u00f2nic.<\/li>\n<li>Processos de canvi ps\u00edquic per potenciar la salut i prevenir la cronicitat a partir de la comprensi\u00f3 i l\u2019atenci\u00f3 psicol\u00f2gica del patiment ps\u00edquic.<\/li>\n<li>Atenci\u00f3 del pacient i de les fam\u00edlies.<\/li>\n<li>Rehabilitaci\u00f3 psicosocial.<\/li>\n<li>Treball de coordinaci\u00f3 amb la xarxa p\u00fablica de salut mental amb vocaci\u00f3 comunit\u00e0ria.<\/li>\n<\/ul>\n<\/p><\/div> <\/div> <\/div><\/div><\/div><div class=\"w-tabs-section\" id=\"1492678109257-3c1e6e5a-2320\"><a href=\"#1492678109257-3c1e6e5a-2320\" class=\"w-tabs-section-header\"><div class=\"w-tabs-section-header-h\"><h5 class=\"w-tabs-section-title\">Estructura<\/h5><div class=\"w-tabs-section-control\"><\/div><\/div><\/a><div class=\"w-tabs-section-content\"><div class=\"w-tabs-section-content-h i-cf\"><div class=\"wpb_text_column \"><div class=\"wpb_wrapper\"><p>Est\u00e0 integrada per diferents equipaments:<\/p>\n<ul>\n<li>Equip de suport a la prim\u00e0ria (ESP)<\/li>\n<li>Centre de Salut Mental d\u2019Adults (CSMA)<\/li>\n<li>Programa de Serveis Individualitzats (PSI)<\/li>\n<li>Servei de Rehabilitaci\u00f3 (SRC)<\/li>\n<li>Equip administratiu.<\/li>\n<\/ul>\n<\/p><\/div> <\/div> <\/div><\/div><\/div><div class=\"w-tabs-section\" id=\"1624961795305-d95cd1c7-a917\"><a href=\"#1624961795305-d95cd1c7-a917\" class=\"w-tabs-section-header\"><div class=\"w-tabs-section-header-h\"><h5 class=\"w-tabs-section-title\">Bones pr\u00e0ctiques<\/h5><div class=\"w-tabs-section-control\"><\/div><\/div><\/a><div class=\"w-tabs-section-content\"><div class=\"w-tabs-section-content-h i-cf\"><div class=\"wpb_text_column \"><div class=\"wpb_wrapper\"><p>Mem\u00f2ria de la Bona Pr\u00e0ctica en l&#8217;atenci\u00f3 de la viol\u00e8ncia masclista en l&#8217;\u00e0mbit de la Salut, 2020-2021<\/p>\n<\/p><\/div> <\/div> <\/div><\/div><\/div><\/div><\/div><\/div>[vc_empty_space]<div class=\"wpb_text_column \"><div class=\"wpb_wrapper\">\n<h2>Centre de Salut Mental d&#8217;Adults (CSMA)<\/h2>\n<\/div> <\/div> <div class=\"wpb_text_column \"><div class=\"wpb_wrapper\"><strong>Coordinadora: Sara Casals Galard<\/strong><\/p>\n<p>Creat l\u2019any 1981, at\u00e9n en r\u00e8gim ambulatori. Es tracta d\u2019una unitat de tractaments especialitzats dedicada a l\u2019abordatge terap\u00e8utic des dels vessants psicol\u00f2gic, social, rehabilitador i, quan cal, tamb\u00e9 biol\u00f2gic. Com a model t\u00e8cnic, opta per la comprensi\u00f3 psicol\u00f2gica del patiment ps\u00edquic des d\u2019una orientaci\u00f3 comunit\u00e0ria. El treball s\u2019organitza a partir d\u2019un equip multidisciplinari en coordinaci\u00f3 amb la xarxa p\u00fablica de salut mental i els serveis comunitaris del districte.<\/div> <\/div> <div class=\"wpb_text_column \"><div class=\"wpb_wrapper\"><strong>Activitats<\/strong><\/p>\n<ul>\n<li>Entrevistes individuals i familiars.<\/li>\n<li>Tractament psicol\u00f2gic individual reglat i no reglats.<\/li>\n<li>Tractaments psicol\u00f2gics grupals psicoeducatius i psicoterap\u00e8utics.<\/li>\n<li>Atenci\u00f3 familiar individual i en grup.<\/li>\n<li>Valoraci\u00f3 i orientaci\u00f3 social.<\/li>\n<li>Tractaments biol\u00f2gics.<\/li>\n<li>Coordinaci\u00f3 amb la xarxa de salut mental.<\/li>\n<li>Coordinaci\u00f3 amb els EAP.<\/li>\n<li>Coordinaci\u00f3 amb la xarxa comunit\u00e0ria.<\/li>\n<\/ul>\n<\/div> <\/div> [vc_empty_space]<div class=\"wpb_text_column \"><div class=\"wpb_wrapper\">\n<h2>Programa Col\u00b7laboraci\u00f3 amb la prim\u00e0ria<\/h2>\n<\/div> <\/div> <div class=\"wpb_text_column \"><div class=\"wpb_wrapper\"><strong>Responsable: Luis Eduardo Est\u00e9vez Cachafeiro<\/strong><\/p>\n<p>Unitat amb activitat assistencial a tots els equips d&#8217;assessorament i orientaci\u00f3 psicopedag\u00f2gica (EAP) del districte de Sant Andreu.<\/p>\n<p>L\u2019activitat est\u00e0 centrada en l\u2019atenci\u00f3 assistencial directa, la interconsulta, la supervisi\u00f3 i la formaci\u00f3 continuada als equips d\u2019atenci\u00f3 prim\u00e0ria del districte de Sant Andreu.<\/p>\n<p>Alhora, tamb\u00e9 \u00e9s essencial el treball de coordinaci\u00f3 amb altres equipaments o institucions que donen assist\u00e8ncia en salut mental a la comunitat o a la xarxa de salut mental.<\/div> <\/div> <div class=\"wpb_text_column \"><div class=\"wpb_wrapper\"><strong>Activitats<\/strong><\/p>\n<ul>\n<li>Interconsulta quinzenal a tots els EAP del districte, on es realitza coordinaci\u00f3 de casos, supervisi\u00f3 cl\u00ednica i formaci\u00f3 en salut mental pels professionals.<\/li>\n<li>Activitat assistencial directa.<\/li>\n<li>Tractament psicol\u00f2gic individual.<\/li>\n<li>Tractament grupal.<\/li>\n<\/ul>\n<\/div> <\/div> [vc_empty_space]<div class=\"wpb_text_column \"><div class=\"wpb_wrapper\">\n<h2>Servei de Rehabilitaci\u00f3 Comunit\u00e0ria (SRC)<\/h2>\n<\/div> <\/div> <div class=\"wpb_text_column \"><div class=\"wpb_wrapper\"><strong>Coordinadora: Anna Carri\u00f3 Llach<\/strong><\/p>\n<p>Creat l\u2019any 1999, ofereix un\u00a0<strong>espai de rehabilitaci\u00f3 i reinserci\u00f3 psicosocial a persones\u00a0<\/strong>que han patit i pateixen algun trastorn mental que n\u2019ha minvat l\u2019autonomia, fet que tamb\u00e9 ha repercutit en la integraci\u00f3 al seu entorn m\u00e9s immediat.<\/p>\n<p>El servei promou la recuperaci\u00f3 de les capacitats personals a fi que la persona pugui definir un projecte de vida propi i pugui lluitar contra l\u2019estigma social que genera la malaltia mental.<\/p>\n<p>L\u2019eix central del treball es coordina i s\u2019integra amb els equips de salut mental, especialment els del CSMA i amb la xarxa de salut mental. S\u2019opta per un vessant comunitari que quedi lligat al territori.<\/div> <\/div> [vc_empty_space]<div class=\"wpb_text_column \"><div class=\"wpb_wrapper\">\n<h2>Programa de Serveis Individualitzats (PSI)<\/h2>\n<\/div> <\/div> <div class=\"wpb_text_column \"><div class=\"wpb_wrapper\"><strong>Coordinadora: Nati L\u00f3pez<\/strong><\/p>\n<p>Creat l\u2019any 2006 est\u00e0 adre\u00e7at a la poblaci\u00f3 afectada de Trastorn Mental Sever.<\/p>\n<p>L\u2019objectiu \u00e9s vincular els serveis d\u2019atenci\u00f3 normalitzats a aquells usuaris que, per les seves condicions psicopatol\u00f2giques, necessiten d\u2019un suport personal individualitzat.<\/p>\n<p>Es valora com a un eix central que el treball sigui coordinat i integrat amb els equips de salut mental i amb la xarxa i opta per una vessant comunit\u00e0ria, lligada al territori<\/div> <\/div> [vc_empty_space]<\/div><\/div><\/div><div class=\"vc_col-sm-6 wpb_column vc_column_container has-fill\"><div class=\"vc_column-inner  vc_custom_1492678464530\"><div class=\"wpb_wrapper\"><div class=\"wpb_text_column \"><div class=\"wpb_wrapper\">\n<h5>Contacte<\/h5>\n<\/div> <\/div> [vc_empty_space height=&#8221;15px&#8221;]<div class=\"wpb_text_column \"><div class=\"wpb_wrapper\"><p>SSM Sant Andreu<\/p>\n<p>Tel.\u00a0936 243 458<\/p>\n<p><a href=\"mailto:csma_usuaris@fvb.cat\">csma_usuaris@fvb.cat<\/a><\/p>\n<p>Fernando Pessoa, 47 &#8211; 51, 08030, Barcelona<\/p><\/div> <\/div> <div class=\"w-separator type_default size_medium thick_1 style_solid color_border cont_none\"><span class=\"w-separator-h\"><\/span><\/div>[vc_empty_space]<div class=\"w-actionbox color_primary controls_bottom\"><div class=\"w-actionbox-text\"><h2>REC I ACCI\u00d3<\/h2><p>La salut mental t\u00e9 moltes mirades. Quina \u00e9s la teva?<br \/>\nParticipa a la V edici\u00f3 de curtmetratges sobre la salut mental REC I ACCI\u00d3<\/p><\/div><div class=\"w-actionbox-controls\"><a class=\"w-btn color_white style_outlined icon_none\" href=\"https:\/\/www.fvb.cat\/ca\/blog\/rec-i-accio\/\" target=\"_blank\" title=\"M\u00c9S INFORMACI\u00d3\"><span class=\"w-btn-label\">M\u00c9S INFORMACI\u00d3<\/span><\/a><\/div><\/div>[vc_empty_space]<\/div><\/div><\/div><\/div><\/div><\/section><section class=\"l-section wpb_row height_medium\" style=\"margin-top: -4rem !important;\"><div class=\"l-section-h i-cf\"><div class=\"g-cols type_default valign_top\"><div class=\"vc_col-sm-4 wpb_column vc_column_container\"><div class=\"vc_column-inner\"><div class=\"wpb_wrapper\"><div class=\"w-image align_center\"><div class=\"us-frame\"><img loading=\"lazy\" decoding=\"async\" width=\"1024\" height=\"682\" src=\"https:\/\/www.fvb.cat\/wp-content\/uploads\/2017\/05\/AP-ST-ANDREU-02-1024x682.jpg\" class=\"attachment-large size-large\" alt=\"\" srcset=\"https:\/\/www.fvb.cat\/wp-content\/uploads\/2017\/05\/AP-ST-ANDREU-02-1024x682.jpg 1024w, https:\/\/www.fvb.cat\/wp-content\/uploads\/2017\/05\/AP-ST-ANDREU-02-600x400.jpg 600w, https:\/\/www.fvb.cat\/wp-content\/uploads\/2017\/05\/AP-ST-ANDREU-02-300x200.jpg 300w, https:\/\/www.fvb.cat\/wp-content\/uploads\/2017\/05\/AP-ST-ANDREU-02-768x512.jpg 768w, https:\/\/www.fvb.cat\/wp-content\/uploads\/2017\/05\/AP-ST-ANDREU-02.jpg 1300w\" sizes=\"(max-width: 1024px) 100vw, 1024px\" \/><\/div><\/div><\/div><\/div><\/div><div class=\"vc_col-sm-4 wpb_column vc_column_container\"><div class=\"vc_column-inner\"><div class=\"wpb_wrapper\"><div class=\"w-image align_center\"><div class=\"us-frame\"><img loading=\"lazy\" decoding=\"async\" width=\"1024\" height=\"682\" src=\"https:\/\/www.fvb.cat\/wp-content\/uploads\/2017\/05\/AP-ST-ANDREU-03-1024x682.jpg\" class=\"attachment-large size-large\" alt=\"CSM Adults Sant Andreu\" srcset=\"https:\/\/www.fvb.cat\/wp-content\/uploads\/2017\/05\/AP-ST-ANDREU-03-1024x682.jpg 1024w, https:\/\/www.fvb.cat\/wp-content\/uploads\/2017\/05\/AP-ST-ANDREU-03-600x400.jpg 600w, https:\/\/www.fvb.cat\/wp-content\/uploads\/2017\/05\/AP-ST-ANDREU-03-300x200.jpg 300w, https:\/\/www.fvb.cat\/wp-content\/uploads\/2017\/05\/AP-ST-ANDREU-03-768x512.jpg 768w, https:\/\/www.fvb.cat\/wp-content\/uploads\/2017\/05\/AP-ST-ANDREU-03.jpg 1300w\" sizes=\"(max-width: 1024px) 100vw, 1024px\" \/><\/div><\/div><\/div><\/div><\/div><div class=\"vc_col-sm-4 wpb_column vc_column_container\"><div class=\"vc_column-inner\"><div class=\"wpb_wrapper\"><div class=\"w-image align_center\"><div class=\"us-frame\"><img loading=\"lazy\" decoding=\"async\" width=\"1024\" height=\"682\" src=\"https:\/\/www.fvb.cat\/wp-content\/uploads\/2017\/05\/AP-ST-ANDREU-04-1024x682.jpg\" class=\"attachment-large size-large\" alt=\"CSM Adults Sant Andreu\" srcset=\"https:\/\/www.fvb.cat\/wp-content\/uploads\/2017\/05\/AP-ST-ANDREU-04-1024x682.jpg 1024w, https:\/\/www.fvb.cat\/wp-content\/uploads\/2017\/05\/AP-ST-ANDREU-04-600x400.jpg 600w, https:\/\/www.fvb.cat\/wp-content\/uploads\/2017\/05\/AP-ST-ANDREU-04-300x200.jpg 300w, https:\/\/www.fvb.cat\/wp-content\/uploads\/2017\/05\/AP-ST-ANDREU-04-768x512.jpg 768w, https:\/\/www.fvb.cat\/wp-content\/uploads\/2017\/05\/AP-ST-ANDREU-04.jpg 1300w\" sizes=\"(max-width: 1024px) 100vw, 1024px\" \/><\/div><\/div><\/div><\/div><\/div><\/div><\/div><\/section>","protected":false},"excerpt":{"rendered":"Fundaci\u00f3 Vidal i Barraquer Som una instituci\u00f3 creada l\u2019any 1964 i dedicada...","protected":false},"author":1,"featured_media":0,"parent":5872,"menu_order":0,"comment_status":"closed","ping_status":"closed","template":"","meta":{"footnotes":""},"yoast_head":"<!-- This site is optimized with the Yoast SEO plugin v22.6 - https:\/\/yoast.com\/wordpress\/plugins\/seo\/ -->\n<title>SSM Sant Andreu - Fundaci\u00f3 Vidal i Barraquer<\/title>\n<meta name=\"robots\" content=\"index, follow, max-snippet:-1, max-image-preview:large, max-video-preview:-1\" \/>\n<link rel=\"canonical\" href=\"https:\/\/www.fvb.cat\/ca\/assistencia-publica\/ssm-sant-andreu-2\/\" \/>\n<meta property=\"og:locale\" content=\"ca_ES\" \/>\n<meta property=\"og:type\" content=\"article\" \/>\n<meta property=\"og:title\" content=\"SSM Sant Andreu - Fundaci\u00f3 Vidal i Barraquer\" \/>\n<meta property=\"og:url\" content=\"https:\/\/www.fvb.cat\/ca\/assistencia-publica\/ssm-sant-andreu-2\/\" \/>\n<meta property=\"og:site_name\" content=\"Fundaci\u00f3 Vidal i Barraquer\" \/>\n<meta property=\"article:modified_time\" content=\"2024-12-02T09:26:06+00:00\" \/>\n<meta name=\"twitter:card\" content=\"summary_large_image\" \/>\n<meta name=\"twitter:label1\" content=\"Temps estimat de lectura\" \/>\n\t<meta name=\"twitter:data1\" content=\"4 minuts\" \/>\n<script type=\"application\/ld+json\" class=\"yoast-schema-graph\">{\"@context\":\"https:\/\/schema.org\",\"@graph\":[{\"@type\":\"WebPage\",\"@id\":\"https:\/\/www.fvb.cat\/ca\/assistencia-publica\/ssm-sant-andreu-2\/\",\"url\":\"https:\/\/www.fvb.cat\/ca\/assistencia-publica\/ssm-sant-andreu-2\/\",\"name\":\"SSM Sant Andreu - Fundaci\u00f3 Vidal i Barraquer\",\"isPartOf\":{\"@id\":\"https:\/\/www.fvb.cat\/es\/#website\"},\"datePublished\":\"2017-05-08T10:25:26+00:00\",\"dateModified\":\"2024-12-02T09:26:06+00:00\",\"breadcrumb\":{\"@id\":\"https:\/\/www.fvb.cat\/ca\/assistencia-publica\/ssm-sant-andreu-2\/#breadcrumb\"},\"inLanguage\":\"ca\",\"potentialAction\":[{\"@type\":\"ReadAction\",\"target\":[\"https:\/\/www.fvb.cat\/ca\/assistencia-publica\/ssm-sant-andreu-2\/\"]}]},{\"@type\":\"BreadcrumbList\",\"@id\":\"https:\/\/www.fvb.cat\/ca\/assistencia-publica\/ssm-sant-andreu-2\/#breadcrumb\",\"itemListElement\":[{\"@type\":\"ListItem\",\"position\":1,\"name\":\"Inici\",\"item\":\"https:\/\/www.fvb.cat\/es\/\"},{\"@type\":\"ListItem\",\"position\":2,\"name\":\"Assist\u00e8ncia P\u00fablica\",\"item\":\"https:\/\/www.fvb.cat\/ca\/assistencia-publica\/\"},{\"@type\":\"ListItem\",\"position\":3,\"name\":\"SSM Sant Andreu\"}]},{\"@type\":\"WebSite\",\"@id\":\"https:\/\/www.fvb.cat\/es\/#website\",\"url\":\"https:\/\/www.fvb.cat\/es\/\",\"name\":\"Fundaci\u00f3 Vidal i Barraquer\",\"description\":\"Assist\u00e8ncia, doc\u00e8ncia i recerca en la salut mental\",\"publisher\":{\"@id\":\"https:\/\/www.fvb.cat\/es\/#organization\"},\"potentialAction\":[{\"@type\":\"SearchAction\",\"target\":{\"@type\":\"EntryPoint\",\"urlTemplate\":\"https:\/\/www.fvb.cat\/es\/?s={search_term_string}\"},\"query-input\":\"required name=search_term_string\"}],\"inLanguage\":\"ca\"},{\"@type\":\"Organization\",\"@id\":\"https:\/\/www.fvb.cat\/es\/#organization\",\"name\":\"Fundaci\u00f3 Vidal i Barraquer\",\"url\":\"https:\/\/www.fvb.cat\/es\/\",\"logo\":{\"@type\":\"ImageObject\",\"inLanguage\":\"ca\",\"@id\":\"https:\/\/www.fvb.cat\/es\/#\/schema\/logo\/image\/\",\"url\":\"https:\/\/www.fvb.cat\/wp-content\/uploads\/2024\/05\/logo-vidal-i-barrauqer-60-aniversari.jpg\",\"contentUrl\":\"https:\/\/www.fvb.cat\/wp-content\/uploads\/2024\/05\/logo-vidal-i-barrauqer-60-aniversari.jpg\",\"width\":2125,\"height\":703,\"caption\":\"Fundaci\u00f3 Vidal i Barraquer\"},\"image\":{\"@id\":\"https:\/\/www.fvb.cat\/es\/#\/schema\/logo\/image\/\"}}]}<\/script>\n<!-- \/ Yoast SEO plugin. -->","yoast_head_json":{"title":"SSM Sant Andreu - Fundaci\u00f3 Vidal i Barraquer","robots":{"index":"index","follow":"follow","max-snippet":"max-snippet:-1","max-image-preview":"max-image-preview:large","max-video-preview":"max-video-preview:-1"},"canonical":"https:\/\/www.fvb.cat\/ca\/assistencia-publica\/ssm-sant-andreu-2\/","og_locale":"ca_ES","og_type":"article","og_title":"SSM Sant Andreu - Fundaci\u00f3 Vidal i Barraquer","og_url":"https:\/\/www.fvb.cat\/ca\/assistencia-publica\/ssm-sant-andreu-2\/","og_site_name":"Fundaci\u00f3 Vidal i Barraquer","article_modified_time":"2024-12-02T09:26:06+00:00","twitter_card":"summary_large_image","twitter_misc":{"Temps estimat de lectura":"4 minuts"},"schema":{"@context":"https:\/\/schema.org","@graph":[{"@type":"WebPage","@id":"https:\/\/www.fvb.cat\/ca\/assistencia-publica\/ssm-sant-andreu-2\/","url":"https:\/\/www.fvb.cat\/ca\/assistencia-publica\/ssm-sant-andreu-2\/","name":"SSM Sant Andreu - Fundaci\u00f3 Vidal i Barraquer","isPartOf":{"@id":"https:\/\/www.fvb.cat\/es\/#website"},"datePublished":"2017-05-08T10:25:26+00:00","dateModified":"2024-12-02T09:26:06+00:00","breadcrumb":{"@id":"https:\/\/www.fvb.cat\/ca\/assistencia-publica\/ssm-sant-andreu-2\/#breadcrumb"},"inLanguage":"ca","potentialAction":[{"@type":"ReadAction","target":["https:\/\/www.fvb.cat\/ca\/assistencia-publica\/ssm-sant-andreu-2\/"]}]},{"@type":"BreadcrumbList","@id":"https:\/\/www.fvb.cat\/ca\/assistencia-publica\/ssm-sant-andreu-2\/#breadcrumb","itemListElement":[{"@type":"ListItem","position":1,"name":"Inici","item":"https:\/\/www.fvb.cat\/es\/"},{"@type":"ListItem","position":2,"name":"Assist\u00e8ncia P\u00fablica","item":"https:\/\/www.fvb.cat\/ca\/assistencia-publica\/"},{"@type":"ListItem","position":3,"name":"SSM Sant Andreu"}]},{"@type":"WebSite","@id":"https:\/\/www.fvb.cat\/es\/#website","url":"https:\/\/www.fvb.cat\/es\/","name":"Fundaci\u00f3 Vidal i Barraquer","description":"Assist\u00e8ncia, doc\u00e8ncia i recerca en la salut mental","publisher":{"@id":"https:\/\/www.fvb.cat\/es\/#organization"},"potentialAction":[{"@type":"SearchAction","target":{"@type":"EntryPoint","urlTemplate":"https:\/\/www.fvb.cat\/es\/?s={search_term_string}"},"query-input":"required name=search_term_string"}],"inLanguage":"ca"},{"@type":"Organization","@id":"https:\/\/www.fvb.cat\/es\/#organization","name":"Fundaci\u00f3 Vidal i Barraquer","url":"https:\/\/www.fvb.cat\/es\/","logo":{"@type":"ImageObject","inLanguage":"ca","@id":"https:\/\/www.fvb.cat\/es\/#\/schema\/logo\/image\/","url":"https:\/\/www.fvb.cat\/wp-content\/uploads\/2024\/05\/logo-vidal-i-barrauqer-60-aniversari.jpg","contentUrl":"https:\/\/www.fvb.cat\/wp-content\/uploads\/2024\/05\/logo-vidal-i-barrauqer-60-aniversari.jpg","width":2125,"height":703,"caption":"Fundaci\u00f3 Vidal i Barraquer"},"image":{"@id":"https:\/\/www.fvb.cat\/es\/#\/schema\/logo\/image\/"}}]}},"_links":{"self":[{"href":"https:\/\/www.fvb.cat\/ca\/wp-json\/wp\/v2\/pages\/6159"}],"collection":[{"href":"https:\/\/www.fvb.cat\/ca\/wp-json\/wp\/v2\/pages"}],"about":[{"href":"https:\/\/www.fvb.cat\/ca\/wp-json\/wp\/v2\/types\/page"}],"author":[{"embeddable":true,"href":"https:\/\/www.fvb.cat\/ca\/wp-json\/wp\/v2\/users\/1"}],"replies":[{"embeddable":true,"href":"https:\/\/www.fvb.cat\/ca\/wp-json\/wp\/v2\/comments?post=6159"}],"version-history":[{"count":42,"href":"https:\/\/www.fvb.cat\/ca\/wp-json\/wp\/v2\/pages\/6159\/revisions"}],"predecessor-version":[{"id":16436,"href":"https:\/\/www.fvb.cat\/ca\/wp-json\/wp\/v2\/pages\/6159\/revisions\/16436"}],"up":[{"embeddable":true,"href":"https:\/\/www.fvb.cat\/ca\/wp-json\/wp\/v2\/pages\/5872"}],"wp:attachment":[{"href":"https:\/\/www.fvb.cat\/ca\/wp-json\/wp\/v2\/media?parent=6159"}],"curies":[{"name":"wp","href":"https:\/\/api.w.org\/{rel}","templated":true}]}}