{"id":18437,"date":"2026-04-16T14:42:03","date_gmt":"2026-04-16T13:42:03","guid":{"rendered":"https:\/\/www.fvb.cat\/es\/?page_id=18437"},"modified":"2026-04-24T11:12:36","modified_gmt":"2026-04-24T10:12:36","slug":"per-sant-jordi-recomana","status":"publish","type":"page","link":"https:\/\/www.fvb.cat\/ca\/per-sant-jordi-recomana\/","title":{"rendered":"Per Sant Jordi, recomana"},"content":{"rendered":"<section class=\"l-section wpb_row height_medium\"><div class=\"l-section-h i-cf\"><div class=\"g-cols type_default valign_top\"><div class=\"vc_col-sm-12 wpb_column vc_column_container\"><div class=\"vc_column-inner\"><div class=\"wpb_wrapper\"><div class=\"wpb_text_column \"><div class=\"wpb_wrapper\">\n<h2 style=\"text-align: center;\"><strong>\u00a0 Aquest Sant Jordi, recomana i deixa&#8217;t inspirar<\/strong><\/h2>\n<\/div> <\/div> <\/div><\/div><\/div><\/div><\/div><\/section><section class=\"l-section wpb_row height_medium\"><div class=\"l-section-h i-cf\"><div class=\"g-cols type_default valign_top\"><div class=\"vc_col-sm-12 wpb_column vc_column_container\"><div class=\"vc_column-inner\"><div class=\"wpb_wrapper\">[vc_empty_space]<div class=\"wpb_text_column \"><div class=\"wpb_wrapper\"><p>La diada de Sant Jordi \u00e9s una de les m\u00e9s especials de l&#8217;any: moment per gaudir, compartir i sobretot, llegir. Amb tants llibres disponibles, escollir-ne un, no sempre \u00e9s f\u00e0cil. Sovint acabem buscant recomanacions, i aqu\u00ed \u00e9s on entren els i les professionals de Vidal i Barraquer.<\/p><\/div> <\/div> <\/div><\/div><\/div><\/div><\/div><\/section><section class=\"l-section wpb_row height_medium\"><div class=\"l-section-h i-cf\"><div class=\"g-cols type_default valign_top\"><div class=\"vc_col-sm-3 wpb_column vc_column_container\"><div class=\"vc_column-inner\"><div class=\"wpb_wrapper\"><div class=\"w-image\"><div class=\"us-frame\"><img loading=\"lazy\" decoding=\"async\" width=\"595\" height=\"1000\" src=\"https:\/\/www.fvb.cat\/wp-content\/uploads\/2026\/04\/te-vas-a-morir-y-aun-no-has-empezado-a-vivir.jpg\" class=\"attachment-large size-large\" alt=\"\" srcset=\"https:\/\/www.fvb.cat\/wp-content\/uploads\/2026\/04\/te-vas-a-morir-y-aun-no-has-empezado-a-vivir.jpg 595w, https:\/\/www.fvb.cat\/wp-content\/uploads\/2026\/04\/te-vas-a-morir-y-aun-no-has-empezado-a-vivir-179x300.jpg 179w, https:\/\/www.fvb.cat\/wp-content\/uploads\/2026\/04\/te-vas-a-morir-y-aun-no-has-empezado-a-vivir-320x538.jpg 320w, https:\/\/www.fvb.cat\/wp-content\/uploads\/2026\/04\/te-vas-a-morir-y-aun-no-has-empezado-a-vivir-480x807.jpg 480w\" sizes=\"(max-width: 595px) 100vw, 595px\" \/><\/div><\/div><\/div><\/div><\/div><div class=\"vc_col-sm-9 wpb_column vc_column_container\"><div class=\"vc_column-inner\"><div class=\"wpb_wrapper\"><div class=\"wpb_text_column \"><div class=\"wpb_wrapper\">\n<h4 style=\"text-align: center;\"><strong>Te vas a morir y todav\u00eda no has empezado a avivir<\/strong><\/h4>\n<\/div> <\/div> <div class=\"wpb_text_column \"><div class=\"wpb_wrapper\">\n<h5><span style=\"color: #ff0000;\"><strong>AUTOR\/A:<\/strong><\/span><\/h5>\n<p>Laura Falces<\/div> <\/div> <div class=\"wpb_text_column \"><div class=\"wpb_wrapper\">\n<h5><span style=\"color: #ff0000;\"><strong>RECOMANACI\u00d3<\/strong><\/span><\/h5>\n<p>Si sents que est\u00e0s sobrevivint m\u00e9s que vivint, aquest llibre \u00e9s per a tu. Sovint creiem que per canviar la nostra vida hem d\u2019embarcar-nos en un gran viatge, trobar una revelaci\u00f3 o descobrir el secret en algun lloc. Mentrestant, la vida se\u2019ns escapa. I el problema no \u00e9s que, tard o d\u2019hora, h\u00e0gim de morir, sin\u00f3 morir sense haver comen\u00e7at a viure. Esperar que la nostra vida canvi\u00ef per si sola \u00e9s deixar-la en mans d\u2019un m\u00f3n que no podem controlar, passant per alt tot all\u00f2 que s\u00ed que dep\u00e8n de nosaltres.<\/p>\n<p>Viure millor (i amb m\u00e9s sentit) comen\u00e7a amb un comprom\u00eds: deixar anar all\u00f2 que ja no podem canviar i comen\u00e7ar a construir des d\u2019avui tot all\u00f2 que desitgem veure quan mirem enrere. En aquest llibre descobrir\u00e0s 29 principis que t\u2019ajudaran a viure millor (i amb m\u00e9s sentit). Principis que t\u2019impulsaran a prendre millors decisions perqu\u00e8 el teu dest\u00ed no depengui \u00fanicament de les teves circumst\u00e0ncies. Perqu\u00e8, en lloc de deixar-te arrossegar, trobis el teu cam\u00ed i construeixis el m\u00e9s valu\u00f3s que tens: la teva pr\u00f2pia vida.<\/p>\n<p>Ets aqu\u00ed i aix\u00f2 ja \u00e9s un comen\u00e7ament. La resta: autoconeixement, salut mental, prop\u00f2sit, relacions sanes, diners, gesti\u00f3 de l\u2019estr\u00e8s, productivitat, h\u00e0bits, felicitat a la feina, pensament cr\u00edtic\u2026 no arriba de cop, per\u00f2 es cultiva quan saps on mirar.<\/div> <\/div> <\/div><\/div><\/div><\/div><\/div><\/section><section class=\"l-section wpb_row height_medium\"><div class=\"l-section-h i-cf\"><div class=\"g-cols type_default valign_top\"><div class=\"vc_col-sm-3 wpb_column vc_column_container\"><div class=\"vc_column-inner\"><div class=\"wpb_wrapper\"><div class=\"w-image\"><div class=\"us-frame\"><img loading=\"lazy\" decoding=\"async\" width=\"559\" height=\"1000\" src=\"https:\/\/www.fvb.cat\/wp-content\/uploads\/2026\/04\/Dormidos-en-el-nunca-y-nos-llamaron-Locos.jpg\" class=\"attachment-large size-large\" alt=\"\" srcset=\"https:\/\/www.fvb.cat\/wp-content\/uploads\/2026\/04\/Dormidos-en-el-nunca-y-nos-llamaron-Locos.jpg 559w, https:\/\/www.fvb.cat\/wp-content\/uploads\/2026\/04\/Dormidos-en-el-nunca-y-nos-llamaron-Locos-168x300.jpg 168w, https:\/\/www.fvb.cat\/wp-content\/uploads\/2026\/04\/Dormidos-en-el-nunca-y-nos-llamaron-Locos-320x572.jpg 320w, https:\/\/www.fvb.cat\/wp-content\/uploads\/2026\/04\/Dormidos-en-el-nunca-y-nos-llamaron-Locos-480x859.jpg 480w\" sizes=\"(max-width: 559px) 100vw, 559px\" \/><\/div><\/div><\/div><\/div><\/div><div class=\"vc_col-sm-9 wpb_column vc_column_container\"><div class=\"vc_column-inner\"><div class=\"wpb_wrapper\"><div class=\"wpb_text_column \"><div class=\"wpb_wrapper\">\n<h4 style=\"text-align: center;\"><strong>Dormidos en el nunca (y nos llamaron Locos)<\/strong><\/h4>\n<\/div> <\/div> <div class=\"wpb_text_column \"><div class=\"wpb_wrapper\">\n<h5><span style=\"color: #ff0000;\"><strong>AUTOR\/A:<\/strong><\/span><\/h5>\n<p>Princesa Inca i Francesc De Diego<\/div> <\/div> <div class=\"wpb_text_column \"><div class=\"wpb_wrapper\">\n<h5><span style=\"color: #ff0000;\"><strong>RECOMANACI\u00d3<\/strong><\/span><\/h5>\n<p>Poemari il\u00b7lustrat en blanc i negre de 2 artistes locals i activistes en primera persona: la poetessa Princesa Inca i el dibuixant Francesc De Diego. Recull poemes de 3 obres de Princesa Inca: Mujer-precipicio, Crujido i Tranzar el vac\u00edo.<\/div> <\/div> <\/div><\/div><\/div><\/div><\/div><\/section><section class=\"l-section wpb_row height_medium\"><div class=\"l-section-h i-cf\"><div class=\"g-cols type_default valign_top\"><div class=\"vc_col-sm-3 wpb_column vc_column_container\"><div class=\"vc_column-inner\"><div class=\"wpb_wrapper\"><div class=\"w-image\"><div class=\"us-frame\"><img loading=\"lazy\" decoding=\"async\" width=\"683\" height=\"1000\" src=\"https:\/\/www.fvb.cat\/wp-content\/uploads\/2026\/04\/por-que-ser-feliz-cuando-puedes-ser-normal.jpg\" class=\"attachment-large size-large\" alt=\"\" srcset=\"https:\/\/www.fvb.cat\/wp-content\/uploads\/2026\/04\/por-que-ser-feliz-cuando-puedes-ser-normal.jpg 683w, https:\/\/www.fvb.cat\/wp-content\/uploads\/2026\/04\/por-que-ser-feliz-cuando-puedes-ser-normal-205x300.jpg 205w, https:\/\/www.fvb.cat\/wp-content\/uploads\/2026\/04\/por-que-ser-feliz-cuando-puedes-ser-normal-320x469.jpg 320w, https:\/\/www.fvb.cat\/wp-content\/uploads\/2026\/04\/por-que-ser-feliz-cuando-puedes-ser-normal-480x703.jpg 480w, https:\/\/www.fvb.cat\/wp-content\/uploads\/2026\/04\/por-que-ser-feliz-cuando-puedes-ser-normal-600x878.jpg 600w\" sizes=\"(max-width: 683px) 100vw, 683px\" \/><\/div><\/div><\/div><\/div><\/div><div class=\"vc_col-sm-9 wpb_column vc_column_container\"><div class=\"vc_column-inner\"><div class=\"wpb_wrapper\"><div class=\"wpb_text_column \"><div class=\"wpb_wrapper\">\n<h4 style=\"text-align: center;\"><strong>Opus Gelber: Retrato de un pianista<\/strong><\/h4>\n<\/div> <\/div> <div class=\"wpb_text_column \"><div class=\"wpb_wrapper\">\n<h5><span style=\"color: #ff0000;\"><strong>AUTOR\/A:<\/strong><\/span><\/h5>\n<p>Jeannette Winterson<\/div> <\/div> <div class=\"wpb_text_column \"><div class=\"wpb_wrapper\">\n<h5><span style=\"color: #ff0000;\"><strong>RECOMANACI\u00d3<\/strong><\/span><\/h5>\n<p>Llibre autobiogr\u00e0fic, que tracta q\u00fcestions com l\u2019adopci\u00f3, la moral r\u00edgida i la recerca de la identitat. Escrit de manera molt directa, connecta de forma constant amb el lector.<\/div> <\/div> <\/div><\/div><\/div><\/div><\/div><\/section><section class=\"l-section wpb_row height_medium\"><div class=\"l-section-h i-cf\"><div class=\"g-cols type_default valign_top\"><div class=\"vc_col-sm-3 wpb_column vc_column_container\"><div class=\"vc_column-inner\"><div class=\"wpb_wrapper\"><div class=\"w-image\"><div class=\"us-frame\"><img loading=\"lazy\" decoding=\"async\" width=\"627\" height=\"1024\" src=\"https:\/\/www.fvb.cat\/wp-content\/uploads\/2026\/04\/Opus-Gelber-Retrato-de-un-pianista-627x1024.jpg\" class=\"attachment-large size-large\" alt=\"\" srcset=\"https:\/\/www.fvb.cat\/wp-content\/uploads\/2026\/04\/Opus-Gelber-Retrato-de-un-pianista-627x1024.jpg 627w, https:\/\/www.fvb.cat\/wp-content\/uploads\/2026\/04\/Opus-Gelber-Retrato-de-un-pianista-184x300.jpg 184w, https:\/\/www.fvb.cat\/wp-content\/uploads\/2026\/04\/Opus-Gelber-Retrato-de-un-pianista-320x523.jpg 320w, https:\/\/www.fvb.cat\/wp-content\/uploads\/2026\/04\/Opus-Gelber-Retrato-de-un-pianista-480x784.jpg 480w, https:\/\/www.fvb.cat\/wp-content\/uploads\/2026\/04\/Opus-Gelber-Retrato-de-un-pianista-600x980.jpg 600w, https:\/\/www.fvb.cat\/wp-content\/uploads\/2026\/04\/Opus-Gelber-Retrato-de-un-pianista.jpg 643w\" sizes=\"(max-width: 627px) 100vw, 627px\" \/><\/div><\/div><\/div><\/div><\/div><div class=\"vc_col-sm-9 wpb_column vc_column_container\"><div class=\"vc_column-inner\"><div class=\"wpb_wrapper\"><div class=\"wpb_text_column \"><div class=\"wpb_wrapper\">\n<h4 style=\"text-align: center;\"><strong>\u00bfPor qu\u00e9 ser feliz cuando puedes ser normal?<\/strong><\/h4>\n<\/div> <\/div> <div class=\"wpb_text_column \"><div class=\"wpb_wrapper\">\n<h5><span style=\"color: #ff0000;\"><strong>AUTOR\/A:<\/strong><\/span><\/h5>\n<p>Leila Guerriero<\/div> <\/div> <div class=\"wpb_text_column \"><div class=\"wpb_wrapper\">\n<h5><span style=\"color: #ff0000;\"><strong>RECOMANACI\u00d3<\/strong><\/span><\/h5>\n<p>El retrat d&#8217;un personatge que no deixa indiferent, i sobre tot un gran pianista, ja en hores baixes. Molt recomanable<\/div> <\/div> <\/div><\/div><\/div><\/div><\/div><\/section><section class=\"l-section wpb_row height_medium\"><div class=\"l-section-h i-cf\"><div class=\"g-cols type_default valign_top\"><div class=\"vc_col-sm-3 wpb_column vc_column_container\"><div class=\"vc_column-inner\"><div class=\"wpb_wrapper\"><div class=\"w-image\"><div class=\"us-frame\"><img loading=\"lazy\" decoding=\"async\" width=\"635\" height=\"1000\" src=\"https:\/\/www.fvb.cat\/wp-content\/uploads\/2026\/04\/Comeras-flores.jpg\" class=\"attachment-large size-large\" alt=\"\" srcset=\"https:\/\/www.fvb.cat\/wp-content\/uploads\/2026\/04\/Comeras-flores.jpg 635w, https:\/\/www.fvb.cat\/wp-content\/uploads\/2026\/04\/Comeras-flores-191x300.jpg 191w, https:\/\/www.fvb.cat\/wp-content\/uploads\/2026\/04\/Comeras-flores-320x504.jpg 320w, https:\/\/www.fvb.cat\/wp-content\/uploads\/2026\/04\/Comeras-flores-480x756.jpg 480w, https:\/\/www.fvb.cat\/wp-content\/uploads\/2026\/04\/Comeras-flores-600x945.jpg 600w\" sizes=\"(max-width: 635px) 100vw, 635px\" \/><\/div><\/div><\/div><\/div><\/div><div class=\"vc_col-sm-9 wpb_column vc_column_container\"><div class=\"vc_column-inner\"><div class=\"wpb_wrapper\"><div class=\"wpb_text_column \"><div class=\"wpb_wrapper\">\n<h4 style=\"text-align: center;\"><strong>Comer\u00e1s flores<\/strong><\/h4>\n<\/div> <\/div> <div class=\"wpb_text_column \"><div class=\"wpb_wrapper\">\n<h5><span style=\"color: #ff0000;\"><strong>AUTOR\/A:<\/strong><\/span><\/h5>\n<p>Luc\u00eda Solla<\/div> <\/div> <div class=\"wpb_text_column \"><div class=\"wpb_wrapper\">\n<h5><span style=\"color: #ff0000;\"><strong>RECOMANACI\u00d3<\/strong><\/span><\/h5>\n<p>Un llibre molt real per posar-se a la pell de les persones.<\/div> <\/div> <\/div><\/div><\/div><\/div><\/div><\/section><section class=\"l-section wpb_row height_medium\"><div class=\"l-section-h i-cf\"><div class=\"g-cols type_default valign_top\"><div class=\"vc_col-sm-3 wpb_column vc_column_container\"><div class=\"vc_column-inner\"><div class=\"wpb_wrapper\"><div class=\"w-image\"><div class=\"us-frame\"><img loading=\"lazy\" decoding=\"async\" width=\"668\" height=\"1024\" src=\"https:\/\/www.fvb.cat\/wp-content\/uploads\/2026\/04\/La-assistenta-668x1024.jpg\" class=\"attachment-large size-large\" alt=\"\" srcset=\"https:\/\/www.fvb.cat\/wp-content\/uploads\/2026\/04\/La-assistenta-668x1024.jpg 668w, https:\/\/www.fvb.cat\/wp-content\/uploads\/2026\/04\/La-assistenta-196x300.jpg 196w, https:\/\/www.fvb.cat\/wp-content\/uploads\/2026\/04\/La-assistenta-768x1178.jpg 768w, https:\/\/www.fvb.cat\/wp-content\/uploads\/2026\/04\/La-assistenta-1001x1536.jpg 1001w, https:\/\/www.fvb.cat\/wp-content\/uploads\/2026\/04\/La-assistenta-1335x2048.jpg 1335w, https:\/\/www.fvb.cat\/wp-content\/uploads\/2026\/04\/La-assistenta-320x491.jpg 320w, https:\/\/www.fvb.cat\/wp-content\/uploads\/2026\/04\/La-assistenta-480x736.jpg 480w, https:\/\/www.fvb.cat\/wp-content\/uploads\/2026\/04\/La-assistenta-800x1227.jpg 800w, https:\/\/www.fvb.cat\/wp-content\/uploads\/2026\/04\/La-assistenta-600x920.jpg 600w, https:\/\/www.fvb.cat\/wp-content\/uploads\/2026\/04\/La-assistenta.jpg 1669w\" sizes=\"(max-width: 668px) 100vw, 668px\" \/><\/div><\/div><\/div><\/div><\/div><div class=\"vc_col-sm-9 wpb_column vc_column_container\"><div class=\"vc_column-inner\"><div class=\"wpb_wrapper\"><div class=\"wpb_text_column \"><div class=\"wpb_wrapper\">\n<h4 style=\"text-align: center;\"><strong>La Asistenta<\/strong><\/h4>\n<\/div> <\/div> <div class=\"wpb_text_column \"><div class=\"wpb_wrapper\">\n<h5><span style=\"color: #ff0000;\"><strong>AUTOR\/A:<\/strong><\/span><\/h5>\n<p>Freida McFadden<\/div> <\/div> <div class=\"wpb_text_column \"><div class=\"wpb_wrapper\">\n<h5><span style=\"color: #ff0000;\"><strong>RECOMANACI\u00d3<\/strong><\/span><\/h5>\n<p>Aquest llibre para sobre d\u2019una assistenta que explica aix\u00ed la seva hist\u00f2ria: Cada dia frego la preciosa casa dels Winchester de dalt a baix. Recullo la seva filla a l\u2019escola i preparo menjars deliciosos per a tota la fam\u00edlia abans de pujar a sopar sola a la meva min\u00fascula habitaci\u00f3 del pis superior. Intento no prestar atenci\u00f3 a Nina quan ho embruta tot nom\u00e9s per veure com ho netejo. A les estranyes mentides que explica sobre la seva pr\u00f2pia filla. Al seu marit, que cada dia sembla m\u00e9s abatut. Per\u00f2 quan miro als ulls de l\u2019Andrew, castanys, encisadors i plens de dolor, no em costa gens imaginar com seria viure en la pell de la Nina. El gran vestidor, el cotxe de luxe, el marit perfecte<\/div> <\/div> <\/div><\/div><\/div><\/div><\/div><\/section><section class=\"l-section wpb_row height_medium\"><div class=\"l-section-h i-cf\"><div class=\"g-cols type_default valign_top\"><div class=\"vc_col-sm-3 wpb_column vc_column_container\"><div class=\"vc_column-inner\"><div class=\"wpb_wrapper\"><div class=\"w-image\"><div class=\"us-frame\"><img loading=\"lazy\" decoding=\"async\" width=\"608\" height=\"1000\" src=\"https:\/\/www.fvb.cat\/wp-content\/uploads\/2026\/04\/Cada-hombre-es-una-raza.jpg\" class=\"attachment-large size-large\" alt=\"\" srcset=\"https:\/\/www.fvb.cat\/wp-content\/uploads\/2026\/04\/Cada-hombre-es-una-raza.jpg 608w, https:\/\/www.fvb.cat\/wp-content\/uploads\/2026\/04\/Cada-hombre-es-una-raza-182x300.jpg 182w, https:\/\/www.fvb.cat\/wp-content\/uploads\/2026\/04\/Cada-hombre-es-una-raza-320x526.jpg 320w, https:\/\/www.fvb.cat\/wp-content\/uploads\/2026\/04\/Cada-hombre-es-una-raza-480x789.jpg 480w, https:\/\/www.fvb.cat\/wp-content\/uploads\/2026\/04\/Cada-hombre-es-una-raza-600x987.jpg 600w\" sizes=\"(max-width: 608px) 100vw, 608px\" \/><\/div><\/div><\/div><\/div><\/div><div class=\"vc_col-sm-9 wpb_column vc_column_container\"><div class=\"vc_column-inner\"><div class=\"wpb_wrapper\"><div class=\"wpb_text_column \"><div class=\"wpb_wrapper\">\n<h4 style=\"text-align: center;\"><strong>Cada hombre es una raza<\/strong><\/h4>\n<\/div> <\/div> <div class=\"wpb_text_column \"><div class=\"wpb_wrapper\">\n<h5><span style=\"color: #ff0000;\"><strong>AUTOR\/A:<\/strong><\/span><\/h5>\n<p>Mia Couto<\/div> <\/div> <div class=\"wpb_text_column \"><div class=\"wpb_wrapper\">\n<h5><span style=\"color: #ff0000;\"><strong>RECOMANACI\u00d3<\/strong><\/span><\/h5>\n<p>Recull de contes del c\u00e8lebre autor mo\u00e7ambiqu\u00e8s Mia Cuoto amb narracions que exploren la complexitat humana a trav\u00e9s de personatges marcats per la guerra, la pobresa, la mem\u00f2ria i la transformaci\u00f3 social tot mostrant vides quotidianes travessades per la viol\u00e8ncia colonial i postcolonial.<\/div> <\/div> <\/div><\/div><\/div><\/div><\/div><\/section><section class=\"l-section wpb_row height_medium\"><div class=\"l-section-h i-cf\"><div class=\"g-cols type_default valign_top\"><div class=\"vc_col-sm-3 wpb_column vc_column_container\"><div class=\"vc_column-inner\"><div class=\"wpb_wrapper\"><div class=\"w-image\"><div class=\"us-frame\"><img loading=\"lazy\" decoding=\"async\" width=\"652\" height=\"1024\" src=\"https:\/\/www.fvb.cat\/wp-content\/uploads\/2026\/04\/yamila-652x1024.jpg\" class=\"attachment-large size-large\" alt=\"\" srcset=\"https:\/\/www.fvb.cat\/wp-content\/uploads\/2026\/04\/yamila-652x1024.jpg 652w, https:\/\/www.fvb.cat\/wp-content\/uploads\/2026\/04\/yamila-191x300.jpg 191w, https:\/\/www.fvb.cat\/wp-content\/uploads\/2026\/04\/yamila-768x1206.jpg 768w, https:\/\/www.fvb.cat\/wp-content\/uploads\/2026\/04\/yamila-978x1536.jpg 978w, https:\/\/www.fvb.cat\/wp-content\/uploads\/2026\/04\/yamila-1304x2048.jpg 1304w, https:\/\/www.fvb.cat\/wp-content\/uploads\/2026\/04\/yamila-320x503.jpg 320w, https:\/\/www.fvb.cat\/wp-content\/uploads\/2026\/04\/yamila-480x754.jpg 480w, https:\/\/www.fvb.cat\/wp-content\/uploads\/2026\/04\/yamila-800x1257.jpg 800w, https:\/\/www.fvb.cat\/wp-content\/uploads\/2026\/04\/yamila-600x942.jpg 600w, https:\/\/www.fvb.cat\/wp-content\/uploads\/2026\/04\/yamila.jpg 1500w\" sizes=\"(max-width: 652px) 100vw, 652px\" \/><\/div><\/div><\/div><\/div><\/div><div class=\"vc_col-sm-9 wpb_column vc_column_container\"><div class=\"vc_column-inner\"><div class=\"wpb_wrapper\"><div class=\"wpb_text_column \"><div class=\"wpb_wrapper\">\n<h4 style=\"text-align: center;\"><strong>Yamila<\/strong><\/h4>\n<\/div> <\/div> <div class=\"wpb_text_column \"><div class=\"wpb_wrapper\">\n<h5><span style=\"color: #ff0000;\"><strong>AUTOR\/A:<\/strong><\/span><\/h5>\n<p>Chinguiz Aitmatov<\/div> <\/div> <div class=\"wpb_text_column \"><div class=\"wpb_wrapper\">\n<h5><span style=\"color: #ff0000;\"><strong>RECOMANACI\u00d3<\/strong><\/span><\/h5>\n<p>Novel\u00b7la rom\u00e0ntica de l\u2019autor m\u00e9s rellevant de Kirguizistan, ambientada durant la Segona Guerra Mundial, on una noia jove que t\u00e9 el marit al front s\u2019enamora d\u2019un jove ferit que torna de la guerra per\u00f2 ha de treballar als camps col\u00b7lectius que generen el nodriment dels soldats. \u00c9s una obra breu per\u00f2 molt ben narrada, amb unes descripcions fabuloses dels paisatges i dels personatges.<\/div> <\/div> <\/div><\/div><\/div><\/div><\/div><\/section><section class=\"l-section wpb_row height_medium\"><div class=\"l-section-h i-cf\"><div class=\"g-cols type_default valign_top\"><div class=\"vc_col-sm-3 wpb_column vc_column_container\"><div class=\"vc_column-inner\"><div class=\"wpb_wrapper\"><div class=\"w-image\"><div class=\"us-frame\"><img loading=\"lazy\" decoding=\"async\" width=\"652\" height=\"1000\" src=\"https:\/\/www.fvb.cat\/wp-content\/uploads\/2026\/04\/Intermezzo.jpg\" class=\"attachment-large size-large\" alt=\"\" srcset=\"https:\/\/www.fvb.cat\/wp-content\/uploads\/2026\/04\/Intermezzo.jpg 652w, https:\/\/www.fvb.cat\/wp-content\/uploads\/2026\/04\/Intermezzo-196x300.jpg 196w, https:\/\/www.fvb.cat\/wp-content\/uploads\/2026\/04\/Intermezzo-320x491.jpg 320w, https:\/\/www.fvb.cat\/wp-content\/uploads\/2026\/04\/Intermezzo-480x736.jpg 480w, https:\/\/www.fvb.cat\/wp-content\/uploads\/2026\/04\/Intermezzo-600x920.jpg 600w\" sizes=\"(max-width: 652px) 100vw, 652px\" \/><\/div><\/div><\/div><\/div><\/div><div class=\"vc_col-sm-9 wpb_column vc_column_container\"><div class=\"vc_column-inner\"><div class=\"wpb_wrapper\"><div class=\"wpb_text_column \"><div class=\"wpb_wrapper\">\n<h4 style=\"text-align: center;\"><strong>Intermezzo<\/strong><\/h4>\n<\/div> <\/div> <div class=\"wpb_text_column \"><div class=\"wpb_wrapper\">\n<h5><span style=\"color: #ff0000;\"><strong>AUTOR\/A:<\/strong><\/span><\/h5>\n<p>Sally Rooney<\/div> <\/div> <div class=\"wpb_text_column \"><div class=\"wpb_wrapper\">\n<h5><span style=\"color: #ff0000;\"><strong>RECOMANACI\u00d3<\/strong><\/span><\/h5>\n<p>Llibre que explora la relaci\u00f3 entre dos germans en un moment de dol per la mort del seu pare. Com els altres llibres de la mateixa autora, se centra en les relacions socials entre els diferents components de la hist\u00f2ria. La gr\u00e0cia de la hist\u00f2ria \u00e9s que sents que formes part de la familia i necessites saber m\u00e9s sobre els personatges, escrit d&#8217;una manera que et fa sentir molt proper a ells.<\/div> <\/div> <\/div><\/div><\/div><\/div><\/div><\/section><section class=\"l-section wpb_row height_medium\"><div class=\"l-section-h i-cf\"><div class=\"g-cols type_default valign_top\"><div class=\"vc_col-sm-3 wpb_column vc_column_container\"><div class=\"vc_column-inner\"><div class=\"wpb_wrapper\"><div class=\"w-image\"><div class=\"us-frame\"><img loading=\"lazy\" decoding=\"async\" width=\"822\" height=\"1024\" src=\"https:\/\/www.fvb.cat\/wp-content\/uploads\/2026\/04\/Antes-de-que-se-enfrie-el-cafe-822x1024.jpg\" class=\"attachment-large size-large\" alt=\"\" srcset=\"https:\/\/www.fvb.cat\/wp-content\/uploads\/2026\/04\/Antes-de-que-se-enfrie-el-cafe-822x1024.jpg 822w, https:\/\/www.fvb.cat\/wp-content\/uploads\/2026\/04\/Antes-de-que-se-enfrie-el-cafe-241x300.jpg 241w, https:\/\/www.fvb.cat\/wp-content\/uploads\/2026\/04\/Antes-de-que-se-enfrie-el-cafe-768x957.jpg 768w, https:\/\/www.fvb.cat\/wp-content\/uploads\/2026\/04\/Antes-de-que-se-enfrie-el-cafe-1233x1536.jpg 1233w, https:\/\/www.fvb.cat\/wp-content\/uploads\/2026\/04\/Antes-de-que-se-enfrie-el-cafe-1644x2048.jpg 1644w, https:\/\/www.fvb.cat\/wp-content\/uploads\/2026\/04\/Antes-de-que-se-enfrie-el-cafe-320x399.jpg 320w, https:\/\/www.fvb.cat\/wp-content\/uploads\/2026\/04\/Antes-de-que-se-enfrie-el-cafe-480x598.jpg 480w, https:\/\/www.fvb.cat\/wp-content\/uploads\/2026\/04\/Antes-de-que-se-enfrie-el-cafe-800x997.jpg 800w, https:\/\/www.fvb.cat\/wp-content\/uploads\/2026\/04\/Antes-de-que-se-enfrie-el-cafe-600x748.jpg 600w, https:\/\/www.fvb.cat\/wp-content\/uploads\/2026\/04\/Antes-de-que-se-enfrie-el-cafe.jpg 2000w\" sizes=\"(max-width: 822px) 100vw, 822px\" \/><\/div><\/div><\/div><\/div><\/div><div class=\"vc_col-sm-9 wpb_column vc_column_container\"><div class=\"vc_column-inner\"><div class=\"wpb_wrapper\"><div class=\"wpb_text_column \"><div class=\"wpb_wrapper\">\n<h4 style=\"text-align: center;\"><strong>Antes que se enfr\u00ede el caf\u00e9<\/strong><\/h4>\n<\/div> <\/div> <div class=\"wpb_text_column \"><div class=\"wpb_wrapper\">\n<h5><span style=\"color: #ff0000;\"><strong>AUTOR\/A:<\/strong><\/span><\/h5>\n<p>Toshikazu Kawaguchi<\/div> <\/div> <div class=\"wpb_text_column \"><div class=\"wpb_wrapper\">\n<h5><span style=\"color: #ff0000;\"><strong>RECOMANACI\u00d3<\/strong><\/span><\/h5>\n<p>Llibre per valorar el present.<\/div> <\/div> <\/div><\/div><\/div><\/div><\/div><\/section><section class=\"l-section wpb_row height_medium\"><div class=\"l-section-h i-cf\"><div class=\"g-cols type_default valign_top\"><div class=\"vc_col-sm-3 wpb_column vc_column_container\"><div class=\"vc_column-inner\"><div class=\"wpb_wrapper\"><div class=\"w-image\"><div class=\"us-frame\"><img loading=\"lazy\" decoding=\"async\" width=\"650\" height=\"1024\" src=\"https:\/\/www.fvb.cat\/wp-content\/uploads\/2026\/04\/Sed-650x1024.jpeg\" class=\"attachment-large size-large\" alt=\"\" srcset=\"https:\/\/www.fvb.cat\/wp-content\/uploads\/2026\/04\/Sed-650x1024.jpeg 650w, https:\/\/www.fvb.cat\/wp-content\/uploads\/2026\/04\/Sed-190x300.jpeg 190w, https:\/\/www.fvb.cat\/wp-content\/uploads\/2026\/04\/Sed-768x1210.jpeg 768w, https:\/\/www.fvb.cat\/wp-content\/uploads\/2026\/04\/Sed-975x1536.jpeg 975w, https:\/\/www.fvb.cat\/wp-content\/uploads\/2026\/04\/Sed-1300x2048.jpeg 1300w, https:\/\/www.fvb.cat\/wp-content\/uploads\/2026\/04\/Sed-320x504.jpeg 320w, https:\/\/www.fvb.cat\/wp-content\/uploads\/2026\/04\/Sed-480x756.jpeg 480w, https:\/\/www.fvb.cat\/wp-content\/uploads\/2026\/04\/Sed-800x1260.jpeg 800w, https:\/\/www.fvb.cat\/wp-content\/uploads\/2026\/04\/Sed-600x945.jpeg 600w, https:\/\/www.fvb.cat\/wp-content\/uploads\/2026\/04\/Sed-scaled.jpeg 1625w\" sizes=\"(max-width: 650px) 100vw, 650px\" \/><\/div><\/div><\/div><\/div><\/div><div class=\"vc_col-sm-9 wpb_column vc_column_container\"><div class=\"vc_column-inner\"><div class=\"wpb_wrapper\"><div class=\"wpb_text_column \"><div class=\"wpb_wrapper\">\n<h4 style=\"text-align: center;\"><strong>Las gratitudes<\/strong><\/h4>\n<\/div> <\/div> <div class=\"wpb_text_column \"><div class=\"wpb_wrapper\">\n<h5><span style=\"color: #ff0000;\"><strong>AUTOR\/A:<\/strong><\/span><\/h5>\n<p>Am\u00e8lie Nothomb<\/div> <\/div> <div class=\"wpb_text_column \"><div class=\"wpb_wrapper\">\n<h5><span style=\"color: #ff0000;\"><strong>RECOMANACI\u00d3<\/strong><\/span><\/h5>\n<p>\u00c9s una novel\u00b7la curta i original sobre les \u00faltimes hores de vida de Jesucrist. L\u2019autora narra en primera persona aquest tr\u00e0nsit cap a la mort i reflexiona sobre el cos, el dolor, l\u2019amistat, l\u2019amor, el sacrifici i la set com a met\u00e0fora d\u2019all\u00f2 f\u00edsic i d\u2019all\u00f2 transcendental.<\/div> <\/div> <\/div><\/div><\/div><\/div><\/div><\/section><section class=\"l-section wpb_row height_medium\"><div class=\"l-section-h i-cf\"><div class=\"g-cols type_default valign_top\"><div class=\"vc_col-sm-3 wpb_column vc_column_container\"><div class=\"vc_column-inner\"><div class=\"wpb_wrapper\"><div class=\"w-image\"><div class=\"us-frame\"><img loading=\"lazy\" decoding=\"async\" width=\"638\" height=\"1024\" src=\"https:\/\/www.fvb.cat\/wp-content\/uploads\/2026\/04\/Les-gratitudes-638x1024.jpg\" class=\"attachment-large size-large\" alt=\"\" srcset=\"https:\/\/www.fvb.cat\/wp-content\/uploads\/2026\/04\/Les-gratitudes-638x1024.jpg 638w, https:\/\/www.fvb.cat\/wp-content\/uploads\/2026\/04\/Les-gratitudes-187x300.jpg 187w, https:\/\/www.fvb.cat\/wp-content\/uploads\/2026\/04\/Les-gratitudes-768x1233.jpg 768w, https:\/\/www.fvb.cat\/wp-content\/uploads\/2026\/04\/Les-gratitudes-957x1536.jpg 957w, https:\/\/www.fvb.cat\/wp-content\/uploads\/2026\/04\/Les-gratitudes-1275x2048.jpg 1275w, https:\/\/www.fvb.cat\/wp-content\/uploads\/2026\/04\/Les-gratitudes-320x514.jpg 320w, https:\/\/www.fvb.cat\/wp-content\/uploads\/2026\/04\/Les-gratitudes-480x771.jpg 480w, https:\/\/www.fvb.cat\/wp-content\/uploads\/2026\/04\/Les-gratitudes-800x1285.jpg 800w, https:\/\/www.fvb.cat\/wp-content\/uploads\/2026\/04\/Les-gratitudes-600x963.jpg 600w, https:\/\/www.fvb.cat\/wp-content\/uploads\/2026\/04\/Les-gratitudes.jpg 1400w\" sizes=\"(max-width: 638px) 100vw, 638px\" \/><\/div><\/div><\/div><\/div><\/div><div class=\"vc_col-sm-9 wpb_column vc_column_container\"><div class=\"vc_column-inner\"><div class=\"wpb_wrapper\"><div class=\"wpb_text_column \"><div class=\"wpb_wrapper\">\n<h4 style=\"text-align: center;\"><strong>Sed<\/strong><\/h4>\n<\/div> <\/div> <div class=\"wpb_text_column \"><div class=\"wpb_wrapper\">\n<h5><span style=\"color: #ff0000;\"><strong>AUTOR\/A:<\/strong><\/span><\/h5>\n<p>Delphine de Vigan<\/div> <\/div> <div class=\"wpb_text_column \"><div class=\"wpb_wrapper\">\n<h5><span style=\"color: #ff0000;\"><strong>RECOMANACI\u00d3<\/strong><\/span><\/h5>\n<p>Curtet, tendre i per mi, delici\u00f3s<\/div> <\/div> <\/div><\/div><\/div><\/div><\/div><\/section><section class=\"l-section wpb_row height_medium\"><div class=\"l-section-h i-cf\"><div class=\"g-cols type_default valign_top\"><div class=\"vc_col-sm-3 wpb_column vc_column_container\"><div class=\"vc_column-inner\"><div class=\"wpb_wrapper\"><div class=\"w-image\"><div class=\"us-frame\"><img loading=\"lazy\" decoding=\"async\" width=\"666\" height=\"1024\" src=\"https:\/\/www.fvb.cat\/wp-content\/uploads\/2026\/04\/Viaje-por-mar-con-Don-Quijote-666x1024.jpg\" class=\"attachment-large size-large\" alt=\"\" srcset=\"https:\/\/www.fvb.cat\/wp-content\/uploads\/2026\/04\/Viaje-por-mar-con-Don-Quijote-666x1024.jpg 666w, https:\/\/www.fvb.cat\/wp-content\/uploads\/2026\/04\/Viaje-por-mar-con-Don-Quijote-195x300.jpg 195w, https:\/\/www.fvb.cat\/wp-content\/uploads\/2026\/04\/Viaje-por-mar-con-Don-Quijote-320x492.jpg 320w, https:\/\/www.fvb.cat\/wp-content\/uploads\/2026\/04\/Viaje-por-mar-con-Don-Quijote-480x738.jpg 480w, https:\/\/www.fvb.cat\/wp-content\/uploads\/2026\/04\/Viaje-por-mar-con-Don-Quijote-600x922.jpg 600w, https:\/\/www.fvb.cat\/wp-content\/uploads\/2026\/04\/Viaje-por-mar-con-Don-Quijote.jpg 683w\" sizes=\"(max-width: 666px) 100vw, 666px\" \/><\/div><\/div><\/div><\/div><\/div><div class=\"vc_col-sm-9 wpb_column vc_column_container\"><div class=\"vc_column-inner\"><div class=\"wpb_wrapper\"><div class=\"wpb_text_column \"><div class=\"wpb_wrapper\">\n<h4 style=\"text-align: center;\"><strong>Viaje por mar con Don Quijote<\/strong><\/h4>\n<\/div> <\/div> <div class=\"wpb_text_column \"><div class=\"wpb_wrapper\">\n<h5><span style=\"color: #ff0000;\"><strong>AUTOR\/A:<\/strong><\/span><\/h5>\n<p>Thomas Mann<\/div> <\/div> <div class=\"wpb_text_column \"><div class=\"wpb_wrapper\">\n<h5><span style=\"color: #ff0000;\"><strong>RECOMANACI\u00d3<\/strong><\/span><\/h5>\n<p>Escrit en forma de diari personal quan Mann viatja en vaixell cap a Estats Units el 1934, amb la seva muller Katia i un exemplar del Quitxot com a lectura de viatge, l&#8217;autor reflexiona sobre la situaci\u00f3 de pre-guerra a la seva Alemanya natal.<\/div> <\/div> <\/div><\/div><\/div><\/div><\/div><\/section><section class=\"l-section wpb_row height_medium\"><div class=\"l-section-h i-cf\"><div class=\"g-cols type_default valign_top\"><div class=\"vc_col-sm-3 wpb_column vc_column_container\"><div class=\"vc_column-inner\"><div class=\"wpb_wrapper\"><div class=\"w-image\"><div class=\"us-frame\"><img loading=\"lazy\" decoding=\"async\" width=\"653\" height=\"1000\" src=\"https:\/\/www.fvb.cat\/wp-content\/uploads\/2026\/04\/Pechos-y-huevos.jpg\" class=\"attachment-large size-large\" alt=\"\" srcset=\"https:\/\/www.fvb.cat\/wp-content\/uploads\/2026\/04\/Pechos-y-huevos.jpg 653w, https:\/\/www.fvb.cat\/wp-content\/uploads\/2026\/04\/Pechos-y-huevos-196x300.jpg 196w, https:\/\/www.fvb.cat\/wp-content\/uploads\/2026\/04\/Pechos-y-huevos-320x490.jpg 320w, https:\/\/www.fvb.cat\/wp-content\/uploads\/2026\/04\/Pechos-y-huevos-480x735.jpg 480w, https:\/\/www.fvb.cat\/wp-content\/uploads\/2026\/04\/Pechos-y-huevos-600x919.jpg 600w\" sizes=\"(max-width: 653px) 100vw, 653px\" \/><\/div><\/div><\/div><\/div><\/div><div class=\"vc_col-sm-9 wpb_column vc_column_container\"><div class=\"vc_column-inner\"><div class=\"wpb_wrapper\"><div class=\"wpb_text_column \"><div class=\"wpb_wrapper\">\n<h4 style=\"text-align: center;\"><strong>Pechos y huevos<\/strong><\/h4>\n<\/div> <\/div> <div class=\"wpb_text_column \"><div class=\"wpb_wrapper\">\n<h5><span style=\"color: #ff0000;\"><strong>AUTOR\/A:<\/strong><\/span><\/h5>\n<p>Mieko Kawakami<\/div> <\/div> <div class=\"wpb_text_column \"><div class=\"wpb_wrapper\">\n<h5><span style=\"color: #ff0000;\"><strong>RECOMANACI\u00d3<\/strong><\/span><\/h5>\n<p>D\u2019una manera original retrata la realitat actual de les dones japoneses, a trav\u00e9s de tres dones en moments vitals diferents: els conflictes de l\u2019adolesc\u00e8ncia, la maternitat i les diferents formes d\u2019arribar-hi, els conflictes amb el propi cos, amb el sexe\u2026<\/div> <\/div> <\/div><\/div><\/div><\/div><\/div><\/section><section class=\"l-section wpb_row height_medium\"><div class=\"l-section-h i-cf\"><div class=\"g-cols type_default valign_top\"><div class=\"vc_col-sm-3 wpb_column vc_column_container\"><div class=\"vc_column-inner\"><div class=\"wpb_wrapper\"><div class=\"w-image\"><div class=\"us-frame\"><img loading=\"lazy\" decoding=\"async\" width=\"657\" height=\"1000\" src=\"https:\/\/www.fvb.cat\/wp-content\/uploads\/2026\/04\/La-Peninsula-de-las-casas-vacias.jpg\" class=\"attachment-large size-large\" alt=\"\" srcset=\"https:\/\/www.fvb.cat\/wp-content\/uploads\/2026\/04\/La-Peninsula-de-las-casas-vacias.jpg 657w, https:\/\/www.fvb.cat\/wp-content\/uploads\/2026\/04\/La-Peninsula-de-las-casas-vacias-197x300.jpg 197w, https:\/\/www.fvb.cat\/wp-content\/uploads\/2026\/04\/La-Peninsula-de-las-casas-vacias-320x487.jpg 320w, https:\/\/www.fvb.cat\/wp-content\/uploads\/2026\/04\/La-Peninsula-de-las-casas-vacias-480x731.jpg 480w, https:\/\/www.fvb.cat\/wp-content\/uploads\/2026\/04\/La-Peninsula-de-las-casas-vacias-600x913.jpg 600w\" sizes=\"(max-width: 657px) 100vw, 657px\" \/><\/div><\/div><\/div><\/div><\/div><div class=\"vc_col-sm-9 wpb_column vc_column_container\"><div class=\"vc_column-inner\"><div class=\"wpb_wrapper\"><div class=\"wpb_text_column \"><div class=\"wpb_wrapper\">\n<h4 style=\"text-align: center;\"><strong>La Pen\u00ednsula de las casas vac\u00edas<\/strong><\/h4>\n<\/div> <\/div> <div class=\"wpb_text_column \"><div class=\"wpb_wrapper\">\n<h5><span style=\"color: #ff0000;\"><strong>AUTOR\/A:<\/strong><\/span><\/h5>\n<p>David Ucl\u00e9s<\/div> <\/div> <div class=\"wpb_text_column \"><div class=\"wpb_wrapper\">\n<h5><span style=\"color: #ff0000;\"><strong>RECOMANACI\u00d3<\/strong><\/span><\/h5>\n<p>Relat absolutament original, barreja de realisme, surrealisme, realisme m\u00e0gic, sentit de l\u2019humor i trag\u00e8dia, alhora que un retrat commovedor de la Guerra Civil, explicada com mai.<\/div> <\/div> <\/div><\/div><\/div><\/div><\/div><\/section><section class=\"l-section wpb_row height_medium\"><div class=\"l-section-h i-cf\"><div class=\"g-cols type_default valign_top\"><div class=\"vc_col-sm-3 wpb_column vc_column_container\"><div class=\"vc_column-inner\"><div class=\"wpb_wrapper\"><div class=\"w-image\"><div class=\"us-frame\"><img loading=\"lazy\" decoding=\"async\" width=\"633\" height=\"1000\" src=\"https:\/\/www.fvb.cat\/wp-content\/uploads\/2026\/04\/Presentes.jpg\" class=\"attachment-large size-large\" alt=\"\" srcset=\"https:\/\/www.fvb.cat\/wp-content\/uploads\/2026\/04\/Presentes.jpg 633w, https:\/\/www.fvb.cat\/wp-content\/uploads\/2026\/04\/Presentes-190x300.jpg 190w, https:\/\/www.fvb.cat\/wp-content\/uploads\/2026\/04\/Presentes-320x506.jpg 320w, https:\/\/www.fvb.cat\/wp-content\/uploads\/2026\/04\/Presentes-480x758.jpg 480w, https:\/\/www.fvb.cat\/wp-content\/uploads\/2026\/04\/Presentes-600x948.jpg 600w\" sizes=\"(max-width: 633px) 100vw, 633px\" \/><\/div><\/div><\/div><\/div><\/div><div class=\"vc_col-sm-9 wpb_column vc_column_container\"><div class=\"vc_column-inner\"><div class=\"wpb_wrapper\"><div class=\"wpb_text_column \"><div class=\"wpb_wrapper\">\n<h4 style=\"text-align: center;\"><strong>Presentes<\/strong><\/h4>\n<\/div> <\/div> <div class=\"wpb_text_column \"><div class=\"wpb_wrapper\">\n<h5><span style=\"color: #ff0000;\"><strong>AUTOR\/A:<\/strong><\/span><\/h5>\n<p>Paco Cerd\u00e0<\/div> <\/div> <div class=\"wpb_text_column \"><div class=\"wpb_wrapper\">\n<h5><span style=\"color: #ff0000;\"><strong>RECOMANACI\u00d3<\/strong><\/span><\/h5>\n<p>Relat commovedor, tendre, emotiu, realista i dur en alguns moments, de la postguerra espanyola, escrit amb una gran sensibilitat i molt ben documentat.<\/div> <\/div> <\/div><\/div><\/div><\/div><\/div><\/section><section class=\"l-section wpb_row height_medium\"><div class=\"l-section-h i-cf\"><div class=\"g-cols type_default valign_top\"><div class=\"vc_col-sm-3 wpb_column vc_column_container\"><div class=\"vc_column-inner\"><div class=\"wpb_wrapper\"><div class=\"w-image\"><div class=\"us-frame\"><img loading=\"lazy\" decoding=\"async\" width=\"182\" height=\"277\" src=\"https:\/\/www.fvb.cat\/wp-content\/uploads\/2026\/04\/SIDDHARTA.png\" class=\"attachment-large size-large\" alt=\"\" \/><\/div><\/div><\/div><\/div><\/div><div class=\"vc_col-sm-9 wpb_column vc_column_container\"><div class=\"vc_column-inner\"><div class=\"wpb_wrapper\"><div class=\"wpb_text_column \"><div class=\"wpb_wrapper\">\n<h4 style=\"text-align: center;\"><strong>Siddharta<\/strong><\/h4>\n<\/div> <\/div> <div class=\"wpb_text_column \"><div class=\"wpb_wrapper\">\n<h5><span style=\"color: #ff0000;\"><strong>AUTOR\/A:<\/strong><\/span><\/h5>\n<p>Herman Hesse<\/div> <\/div> <div class=\"wpb_text_column \"><div class=\"wpb_wrapper\">\n<h5><span style=\"color: #ff0000;\"><strong>RECOMANACI\u00d3<\/strong><\/span><\/h5>\n<p>Un dels imprescindibles per entendre una mica m\u00e9s la vida en tota la seva totalitat i emprendre un viatge ple d\u2019emocions.<\/div> <\/div> <\/div><\/div><\/div><\/div><\/div><\/section><section class=\"l-section wpb_row height_medium\"><div class=\"l-section-h i-cf\"><div class=\"g-cols type_default valign_top\"><div class=\"vc_col-sm-3 wpb_column vc_column_container\"><div class=\"vc_column-inner\"><div class=\"wpb_wrapper\"><div class=\"w-image\"><div class=\"us-frame\"><img loading=\"lazy\" decoding=\"async\" width=\"593\" height=\"1000\" src=\"https:\/\/www.fvb.cat\/wp-content\/uploads\/2026\/04\/La-Vegetariana.jpg\" class=\"attachment-large size-large\" alt=\"\" srcset=\"https:\/\/www.fvb.cat\/wp-content\/uploads\/2026\/04\/La-Vegetariana.jpg 593w, https:\/\/www.fvb.cat\/wp-content\/uploads\/2026\/04\/La-Vegetariana-178x300.jpg 178w, https:\/\/www.fvb.cat\/wp-content\/uploads\/2026\/04\/La-Vegetariana-320x540.jpg 320w, https:\/\/www.fvb.cat\/wp-content\/uploads\/2026\/04\/La-Vegetariana-480x809.jpg 480w\" sizes=\"(max-width: 593px) 100vw, 593px\" \/><\/div><\/div><\/div><\/div><\/div><div class=\"vc_col-sm-9 wpb_column vc_column_container\"><div class=\"vc_column-inner\"><div class=\"wpb_wrapper\"><div class=\"wpb_text_column \"><div class=\"wpb_wrapper\">\n<h4 style=\"text-align: center;\"><strong>La Vegetariana<\/strong><\/h4>\n<\/div> <\/div> <div class=\"wpb_text_column \"><div class=\"wpb_wrapper\">\n<h5><span style=\"color: #ff0000;\"><strong>AUTOR\/A:<\/strong><\/span><\/h5>\n<div class=\"wpb_text_column wpb_content_element\">\n<div class=\"wpb_wrapper\">\n<p>Herman Hesse<\/p>\n<\/div>\n<\/div>\n<\/div> <\/div> <div class=\"wpb_text_column \"><div class=\"wpb_wrapper\">\n<h5><span style=\"color: #ff0000;\"><strong>RECOMANACI\u00d3<\/strong><\/span><\/h5>\n<p>&#8220;La Vegetariana&#8221; t&#8217;atrau des de la primera p\u00e0gina per com l&#8217;autora retrata la necessitat de la protagonista de ser arbre per aconseguir la llibertat. Descriu una societat totalment masclista, la viol\u00e8ncia bruta i subtil en tots els \u00e0mbits de la societat (familiar, de parella, institucional). Tot amb una bellesa i cruesa al mateix temps que captiva.<\/div> <\/div> <\/div><\/div><\/div><\/div><\/div><\/section><section class=\"l-section wpb_row height_medium\"><div class=\"l-section-h i-cf\"><div class=\"g-cols type_default valign_top\"><div class=\"vc_col-sm-3 wpb_column vc_column_container\"><div class=\"vc_column-inner\"><div class=\"wpb_wrapper\"><div class=\"w-image\"><div class=\"us-frame\"><img loading=\"lazy\" decoding=\"async\" width=\"643\" height=\"1000\" src=\"https:\/\/www.fvb.cat\/wp-content\/uploads\/2026\/04\/El-Colom.jpg\" class=\"attachment-large size-large\" alt=\"\" srcset=\"https:\/\/www.fvb.cat\/wp-content\/uploads\/2026\/04\/El-Colom.jpg 643w, https:\/\/www.fvb.cat\/wp-content\/uploads\/2026\/04\/El-Colom-193x300.jpg 193w, https:\/\/www.fvb.cat\/wp-content\/uploads\/2026\/04\/El-Colom-320x498.jpg 320w, https:\/\/www.fvb.cat\/wp-content\/uploads\/2026\/04\/El-Colom-480x747.jpg 480w, https:\/\/www.fvb.cat\/wp-content\/uploads\/2026\/04\/El-Colom-600x933.jpg 600w\" sizes=\"(max-width: 643px) 100vw, 643px\" \/><\/div><\/div><\/div><\/div><\/div><div class=\"vc_col-sm-9 wpb_column vc_column_container\"><div class=\"vc_column-inner\"><div class=\"wpb_wrapper\"><div class=\"wpb_text_column \"><div class=\"wpb_wrapper\">\n<h4 style=\"text-align: center;\"><strong>El Colom<\/strong><\/h4>\n<\/div> <\/div> <div class=\"wpb_text_column \"><div class=\"wpb_wrapper\">\n<h5><span style=\"color: #ff0000;\"><strong>AUTOR\/A:<\/strong><\/span><\/h5>\n<p>Patrick S\u00fcskind<\/div> <\/div> <div class=\"wpb_text_column \"><div class=\"wpb_wrapper\">\n<h5><span style=\"color: #ff0000;\"><strong>RECOMANACI\u00d3<\/strong><\/span><\/h5>\n<p>La realitat no arriba mai com l\u2019esperes. No truca abans d\u2019entrar, ni demana perm\u00eds. Simplement irromp, com una esquerda fina al vidre que, sense fer soroll, ho canvia tot.<\/div> <\/div> <\/div><\/div><\/div><\/div><\/div><\/section><section class=\"l-section wpb_row height_medium\"><div class=\"l-section-h i-cf\"><div class=\"g-cols type_default valign_top\"><div class=\"vc_col-sm-3 wpb_column vc_column_container\"><div class=\"vc_column-inner\"><div class=\"wpb_wrapper\"><div class=\"w-image\"><div class=\"us-frame\"><img loading=\"lazy\" decoding=\"async\" width=\"674\" height=\"1024\" src=\"https:\/\/www.fvb.cat\/wp-content\/uploads\/2026\/04\/La-Sonrisa-Etrusca-674x1024.jpg\" class=\"attachment-large size-large\" alt=\"\" srcset=\"https:\/\/www.fvb.cat\/wp-content\/uploads\/2026\/04\/La-Sonrisa-Etrusca-674x1024.jpg 674w, https:\/\/www.fvb.cat\/wp-content\/uploads\/2026\/04\/La-Sonrisa-Etrusca-197x300.jpg 197w, https:\/\/www.fvb.cat\/wp-content\/uploads\/2026\/04\/La-Sonrisa-Etrusca-768x1168.jpg 768w, https:\/\/www.fvb.cat\/wp-content\/uploads\/2026\/04\/La-Sonrisa-Etrusca-1010x1536.jpg 1010w, https:\/\/www.fvb.cat\/wp-content\/uploads\/2026\/04\/La-Sonrisa-Etrusca-1347x2048.jpg 1347w, https:\/\/www.fvb.cat\/wp-content\/uploads\/2026\/04\/La-Sonrisa-Etrusca-320x486.jpg 320w, https:\/\/www.fvb.cat\/wp-content\/uploads\/2026\/04\/La-Sonrisa-Etrusca-480x730.jpg 480w, https:\/\/www.fvb.cat\/wp-content\/uploads\/2026\/04\/La-Sonrisa-Etrusca-800x1216.jpg 800w, https:\/\/www.fvb.cat\/wp-content\/uploads\/2026\/04\/La-Sonrisa-Etrusca-600x912.jpg 600w, https:\/\/www.fvb.cat\/wp-content\/uploads\/2026\/04\/La-Sonrisa-Etrusca.jpg 1684w\" sizes=\"(max-width: 674px) 100vw, 674px\" \/><\/div><\/div><\/div><\/div><\/div><div class=\"vc_col-sm-9 wpb_column vc_column_container\"><div class=\"vc_column-inner\"><div class=\"wpb_wrapper\"><div class=\"wpb_text_column \"><div class=\"wpb_wrapper\">\n<h4 style=\"text-align: center;\"><strong>La Sonrisa Etrusca<\/strong><\/h4>\n<\/div> <\/div> <div class=\"wpb_text_column \"><div class=\"wpb_wrapper\">\n<h5><span style=\"color: #ff0000;\"><strong>AUTOR\/A:<\/strong><\/span><\/h5>\n<p>Jos\u00e9 Lu\u00eds Sampedro<\/div> <\/div> <div class=\"wpb_text_column \"><div class=\"wpb_wrapper\">\n<h5><span style=\"color: #ff0000;\"><strong>RECOMANACI\u00d3<\/strong><\/span><\/h5>\n<p>La relaci\u00f3 entre un avi i el seu n\u00e9t, com fa canviar la visi\u00f3 de la vida a un home amb un car\u00e0cter esquerp i com transitar els \u00faltims anys de vida, una etapa tan poc atesa i escoltada.<\/div> <\/div> <\/div><\/div><\/div><\/div><\/div><\/section><section class=\"l-section wpb_row height_medium\"><div class=\"l-section-h i-cf\"><div class=\"g-cols type_default valign_top\"><div class=\"vc_col-sm-3 wpb_column vc_column_container\"><div class=\"vc_column-inner\"><div class=\"wpb_wrapper\"><div class=\"w-image\"><div class=\"us-frame\"><img loading=\"lazy\" decoding=\"async\" width=\"182\" height=\"277\" src=\"https:\/\/www.fvb.cat\/wp-content\/uploads\/2026\/04\/Pan-de-limon-con-semillas-de-amapola.png\" class=\"attachment-large size-large\" alt=\"\" \/><\/div><\/div><\/div><\/div><\/div><div class=\"vc_col-sm-9 wpb_column vc_column_container\"><div class=\"vc_column-inner\"><div class=\"wpb_wrapper\"><div class=\"wpb_text_column \"><div class=\"wpb_wrapper\">\n<h4 style=\"text-align: center;\"><strong>Pan de lim\u00f3n con semillas de amapola<\/strong><\/h4>\n<\/div> <\/div> <div class=\"wpb_text_column \"><div class=\"wpb_wrapper\">\n<h5><span style=\"color: #ff0000;\"><strong>AUTOR\/A:<\/strong><\/span><\/h5>\n<p>Cristina Campos<\/div> <\/div> <div class=\"wpb_text_column \"><div class=\"wpb_wrapper\">\n<h5><span style=\"color: #ff0000;\"><strong>RECOMANACI\u00d3<\/strong><\/span><\/h5>\n<p>Novel\u00b7la de f\u00e0cil lectura sobre l&#8217;amistat, l&#8217;amor i la vida en general.<\/div> <\/div> <\/div><\/div><\/div><\/div><\/div><\/section><section class=\"l-section wpb_row height_medium\"><div class=\"l-section-h i-cf\"><div class=\"g-cols type_default valign_top\"><div class=\"vc_col-sm-3 wpb_column vc_column_container\"><div class=\"vc_column-inner\"><div class=\"wpb_wrapper\"><div class=\"w-image\"><div class=\"us-frame\"><img loading=\"lazy\" decoding=\"async\" width=\"182\" height=\"278\" src=\"https:\/\/www.fvb.cat\/wp-content\/uploads\/2026\/04\/mentira.png\" class=\"attachment-large size-large\" alt=\"\" \/><\/div><\/div><\/div><\/div><\/div><div class=\"vc_col-sm-9 wpb_column vc_column_container\"><div class=\"vc_column-inner\"><div class=\"wpb_wrapper\"><div class=\"wpb_text_column \"><div class=\"wpb_wrapper\">\n<h4 style=\"text-align: center;\"><strong>Mentira<\/strong><\/h4>\n<\/div> <\/div> <div class=\"wpb_text_column \"><div class=\"wpb_wrapper\">\n<h5><span style=\"color: #ff0000;\"><strong>AUTOR\/A:<\/strong><\/span><\/h5>\n<p>Juan G\u00f3mez-Jurado<\/div> <\/div> <div class=\"wpb_text_column \"><div class=\"wpb_wrapper\">\n<h5><span style=\"color: #ff0000;\"><strong>RECOMANACI\u00d3<\/strong><\/span><\/h5>\n<p>Es tracta d\u2019un thriller la sinopsi del qual el descriu aix\u00ed: \u00abDubtar de tot mai no havia estat tan addictiu. L\u2019autor m\u00e9s llegit en castell\u00e0 enlluerna amb el seu primer thriller independent despr\u00e9s de l\u2019univers Reina Roja. La meva feina \u00e9s mentir, per\u00f2 amb tu no ho far\u00e9. Respecto massa la teva intel\u00b7lig\u00e8ncia. O potser \u00e9s la por a una mort imminent el que fa que et digui la veritat. A tu no et mentir\u00e9, encara que em veur\u00e0s mentir a altres persones. Et garanteixo que no has vist mai res igual. No em dic Eva Ramos. Tu em dir\u00e0s aix\u00ed.\u00bb<\/div> <\/div> <\/div><\/div><\/div><\/div><\/div><\/section><section class=\"l-section wpb_row height_medium\"><div class=\"l-section-h i-cf\"><div class=\"g-cols type_default valign_top\"><div class=\"vc_col-sm-3 wpb_column vc_column_container\"><div class=\"vc_column-inner\"><div class=\"wpb_wrapper\"><div class=\"w-image\"><div class=\"us-frame\"><img loading=\"lazy\" decoding=\"async\" width=\"179\" height=\"282\" src=\"https:\/\/www.fvb.cat\/wp-content\/uploads\/2026\/04\/nuetsra-parte-de-noche.png\" class=\"attachment-large size-large\" alt=\"\" \/><\/div><\/div><\/div><\/div><\/div><div class=\"vc_col-sm-9 wpb_column vc_column_container\"><div class=\"vc_column-inner\"><div class=\"wpb_wrapper\"><div class=\"wpb_text_column \"><div class=\"wpb_wrapper\">\n<h4 style=\"text-align: center;\"><strong>Una educaci\u00f3n<\/strong><\/h4>\n<\/div> <\/div> <div class=\"wpb_text_column \"><div class=\"wpb_wrapper\">\n<h5><span style=\"color: #ff0000;\"><strong>AUTOR\/A:<\/strong><\/span><\/h5>\n<p>Mariana Enriquez<\/div> <\/div> <div class=\"wpb_text_column \"><div class=\"wpb_wrapper\">\n<h5><span style=\"color: #ff0000;\"><strong>RECOMANACI\u00d3<\/strong><\/span><\/h5>\n<p>Es tracta d\u2019un thriller la sinopsi del qual el descriu aix\u00ed: \u00abDubtar de tot mai no havia estat tan addictiu. L\u2019autor m\u00e9s llegit en castell\u00e0 enlluerna amb el seu primer thriller independent despr\u00e9s de l\u2019univers Reina Roja. La meva feina \u00e9s mentir, per\u00f2 amb tu no ho far\u00e9. Respecto massa la teva intel\u00b7lig\u00e8ncia. O potser \u00e9s la por a una mort imminent el que fa que et digui la veritat. A tu no et mentir\u00e9, encara que em veur\u00e0s mentir a altres persones. Et garanteixo que no has vist mai res igual. No em dic Eva Ramos. Tu em dir\u00e0s aix\u00ed.\u00bb<\/div> <\/div> <\/div><\/div><\/div><\/div><\/div><\/section><section class=\"l-section wpb_row height_medium\"><div class=\"l-section-h i-cf\"><div class=\"g-cols type_default valign_top\"><div class=\"vc_col-sm-3 wpb_column vc_column_container\"><div class=\"vc_column-inner\"><div class=\"wpb_wrapper\"><div class=\"w-image\"><div class=\"us-frame\"><img loading=\"lazy\" decoding=\"async\" width=\"165\" height=\"305\" src=\"https:\/\/www.fvb.cat\/wp-content\/uploads\/2026\/04\/descarga-1.png\" class=\"attachment-large size-large\" alt=\"\" srcset=\"https:\/\/www.fvb.cat\/wp-content\/uploads\/2026\/04\/descarga-1.png 165w, https:\/\/www.fvb.cat\/wp-content\/uploads\/2026\/04\/descarga-1-162x300.png 162w\" sizes=\"(max-width: 165px) 100vw, 165px\" \/><\/div><\/div><\/div><\/div><\/div><div class=\"vc_col-sm-9 wpb_column vc_column_container\"><div class=\"vc_column-inner\"><div class=\"wpb_wrapper\"><div class=\"wpb_text_column \"><div class=\"wpb_wrapper\">\n<h4 style=\"text-align: center;\"><strong>Nuestra parte de noche<\/strong><\/h4>\n<\/div> <\/div> <div class=\"wpb_text_column \"><div class=\"wpb_wrapper\">\n<h5><span style=\"color: #ff0000;\"><strong>AUTOR\/A:<\/strong><\/span><\/h5>\n<p>Tara Westover<\/div> <\/div> <div class=\"wpb_text_column \"><div class=\"wpb_wrapper\">\n<h5><span style=\"color: #ff0000;\"><strong>RECOMANACI\u00d3<\/strong><\/span><\/h5>\n<p>Autobiografia de l\u2019autora, que va cr\u00e9ixer en una fam\u00edlia mormona fonamentalista als Estats Units, a\u00efllada de la societat, sense escolaritzaci\u00f3 ni atenci\u00f3 m\u00e8dica. Parla de la seva lluita per superar un entorn familiar disfuncional i abusiu, aix\u00ed com la ignor\u00e0ncia, mitjan\u00e7ant l\u2019autoeducaci\u00f3, fins a aconseguir arribar a la Universitat de Cambridge.<\/div> <\/div> <\/div><\/div><\/div><\/div><\/div><\/section>","protected":false},"excerpt":{"rendered":"Fundaci\u00f3 Vidal i Barraquer Som una instituci\u00f3 creada l\u2019any 1964 i dedicada...","protected":false},"author":33,"featured_media":18467,"parent":0,"menu_order":0,"comment_status":"closed","ping_status":"closed","template":"","meta":{"footnotes":""},"yoast_head":"<!-- This site is optimized with the Yoast SEO plugin v22.6 - https:\/\/yoast.com\/wordpress\/plugins\/seo\/ -->\n<title>Per Sant Jordi, recomana - Fundaci\u00f3 Vidal i Barraquer<\/title>\n<meta name=\"robots\" content=\"index, follow, max-snippet:-1, max-image-preview:large, max-video-preview:-1\" \/>\n<link rel=\"canonical\" href=\"https:\/\/www.fvb.cat\/es\/para-sant-jordi-recomienda\/\" \/>\n<meta property=\"og:locale\" content=\"ca_ES\" \/>\n<meta property=\"og:type\" content=\"article\" \/>\n<meta property=\"og:title\" content=\"[:ca]Per Sant Jordi, recomana[:es]Para Sant Jordi, recomienda[:] - Fundaci\u00f3 Vidal i Barraquer\" \/>\n<meta property=\"og:url\" content=\"https:\/\/www.fvb.cat\/es\/para-sant-jordi-recomienda\/\" \/>\n<meta property=\"og:site_name\" content=\"Fundaci\u00f3 Vidal i Barraquer\" \/>\n<meta property=\"article:modified_time\" content=\"2026-04-24T10:12:36+00:00\" \/>\n<meta property=\"og:image\" content=\"https:\/\/www.fvb.cat\/wp-content\/uploads\/2026\/04\/CARTELL-SANT-JORDI-2026.png\" \/>\n\t<meta property=\"og:image:width\" content=\"1414\" \/>\n\t<meta property=\"og:image:height\" content=\"2000\" \/>\n\t<meta property=\"og:image:type\" content=\"image\/png\" \/>\n<meta name=\"twitter:card\" content=\"summary_large_image\" \/>\n<meta name=\"twitter:label1\" content=\"Temps estimat de lectura\" \/>\n\t<meta name=\"twitter:data1\" content=\"8 minuts\" \/>\n<script type=\"application\/ld+json\" class=\"yoast-schema-graph\">{\"@context\":\"https:\/\/schema.org\",\"@graph\":[{\"@type\":\"WebPage\",\"@id\":\"https:\/\/www.fvb.cat\/es\/para-sant-jordi-recomienda\/\",\"url\":\"https:\/\/www.fvb.cat\/es\/para-sant-jordi-recomienda\/\",\"name\":\"[:ca]Per Sant Jordi, recomana[:es]Para Sant Jordi, recomienda[:] - Fundaci\u00f3 Vidal i Barraquer\",\"isPartOf\":{\"@id\":\"https:\/\/www.fvb.cat\/es\/#website\"},\"primaryImageOfPage\":{\"@id\":\"https:\/\/www.fvb.cat\/es\/para-sant-jordi-recomienda\/#primaryimage\"},\"image\":{\"@id\":\"https:\/\/www.fvb.cat\/es\/para-sant-jordi-recomienda\/#primaryimage\"},\"thumbnailUrl\":\"https:\/\/www.fvb.cat\/wp-content\/uploads\/2026\/04\/CARTELL-SANT-JORDI-2026.png\",\"datePublished\":\"2026-04-16T13:42:03+00:00\",\"dateModified\":\"2026-04-24T10:12:36+00:00\",\"breadcrumb\":{\"@id\":\"https:\/\/www.fvb.cat\/es\/para-sant-jordi-recomienda\/#breadcrumb\"},\"inLanguage\":\"ca\",\"potentialAction\":[{\"@type\":\"ReadAction\",\"target\":[\"https:\/\/www.fvb.cat\/es\/para-sant-jordi-recomienda\/\"]}]},{\"@type\":\"ImageObject\",\"inLanguage\":\"ca\",\"@id\":\"https:\/\/www.fvb.cat\/es\/para-sant-jordi-recomienda\/#primaryimage\",\"url\":\"https:\/\/www.fvb.cat\/wp-content\/uploads\/2026\/04\/CARTELL-SANT-JORDI-2026.png\",\"contentUrl\":\"https:\/\/www.fvb.cat\/wp-content\/uploads\/2026\/04\/CARTELL-SANT-JORDI-2026.png\",\"width\":1414,\"height\":2000},{\"@type\":\"BreadcrumbList\",\"@id\":\"https:\/\/www.fvb.cat\/es\/para-sant-jordi-recomienda\/#breadcrumb\",\"itemListElement\":[{\"@type\":\"ListItem\",\"position\":1,\"name\":\"Inici\",\"item\":\"https:\/\/www.fvb.cat\/es\/\"},{\"@type\":\"ListItem\",\"position\":2,\"name\":\"Para Sant Jordi, recomienda\"}]},{\"@type\":\"WebSite\",\"@id\":\"https:\/\/www.fvb.cat\/es\/#website\",\"url\":\"https:\/\/www.fvb.cat\/es\/\",\"name\":\"Fundaci\u00f3 Vidal i Barraquer\",\"description\":\"Assist\u00e8ncia, doc\u00e8ncia i recerca en la salut mental\",\"publisher\":{\"@id\":\"https:\/\/www.fvb.cat\/es\/#organization\"},\"potentialAction\":[{\"@type\":\"SearchAction\",\"target\":{\"@type\":\"EntryPoint\",\"urlTemplate\":\"https:\/\/www.fvb.cat\/es\/?s={search_term_string}\"},\"query-input\":\"required name=search_term_string\"}],\"inLanguage\":\"ca\"},{\"@type\":\"Organization\",\"@id\":\"https:\/\/www.fvb.cat\/es\/#organization\",\"name\":\"Fundaci\u00f3 Vidal i Barraquer\",\"url\":\"https:\/\/www.fvb.cat\/es\/\",\"logo\":{\"@type\":\"ImageObject\",\"inLanguage\":\"ca\",\"@id\":\"https:\/\/www.fvb.cat\/es\/#\/schema\/logo\/image\/\",\"url\":\"https:\/\/www.fvb.cat\/wp-content\/uploads\/2024\/05\/logo-vidal-i-barrauqer-60-aniversari.jpg\",\"contentUrl\":\"https:\/\/www.fvb.cat\/wp-content\/uploads\/2024\/05\/logo-vidal-i-barrauqer-60-aniversari.jpg\",\"width\":2125,\"height\":703,\"caption\":\"Fundaci\u00f3 Vidal i Barraquer\"},\"image\":{\"@id\":\"https:\/\/www.fvb.cat\/es\/#\/schema\/logo\/image\/\"}}]}<\/script>\n<!-- \/ Yoast SEO plugin. -->","yoast_head_json":{"title":"[:ca]Per Sant Jordi, recomana[:es]Para Sant Jordi, recomienda[:] - Fundaci\u00f3 Vidal i Barraquer","robots":{"index":"index","follow":"follow","max-snippet":"max-snippet:-1","max-image-preview":"max-image-preview:large","max-video-preview":"max-video-preview:-1"},"canonical":"https:\/\/www.fvb.cat\/es\/para-sant-jordi-recomienda\/","og_locale":"ca_ES","og_type":"article","og_title":"[:ca]Per Sant Jordi, recomana[:es]Para Sant Jordi, recomienda[:] - Fundaci\u00f3 Vidal i Barraquer","og_url":"https:\/\/www.fvb.cat\/es\/para-sant-jordi-recomienda\/","og_site_name":"Fundaci\u00f3 Vidal i Barraquer","article_modified_time":"2026-04-24T10:12:36+00:00","og_image":[{"width":1414,"height":2000,"url":"https:\/\/www.fvb.cat\/wp-content\/uploads\/2026\/04\/CARTELL-SANT-JORDI-2026.png","type":"image\/png"}],"twitter_card":"summary_large_image","twitter_misc":{"Temps estimat de lectura":"8 minuts"},"schema":{"@context":"https:\/\/schema.org","@graph":[{"@type":"WebPage","@id":"https:\/\/www.fvb.cat\/es\/para-sant-jordi-recomienda\/","url":"https:\/\/www.fvb.cat\/es\/para-sant-jordi-recomienda\/","name":"[:ca]Per Sant Jordi, recomana[:es]Para Sant Jordi, recomienda[:] - Fundaci\u00f3 Vidal i Barraquer","isPartOf":{"@id":"https:\/\/www.fvb.cat\/es\/#website"},"primaryImageOfPage":{"@id":"https:\/\/www.fvb.cat\/es\/para-sant-jordi-recomienda\/#primaryimage"},"image":{"@id":"https:\/\/www.fvb.cat\/es\/para-sant-jordi-recomienda\/#primaryimage"},"thumbnailUrl":"https:\/\/www.fvb.cat\/wp-content\/uploads\/2026\/04\/CARTELL-SANT-JORDI-2026.png","datePublished":"2026-04-16T13:42:03+00:00","dateModified":"2026-04-24T10:12:36+00:00","breadcrumb":{"@id":"https:\/\/www.fvb.cat\/es\/para-sant-jordi-recomienda\/#breadcrumb"},"inLanguage":"ca","potentialAction":[{"@type":"ReadAction","target":["https:\/\/www.fvb.cat\/es\/para-sant-jordi-recomienda\/"]}]},{"@type":"ImageObject","inLanguage":"ca","@id":"https:\/\/www.fvb.cat\/es\/para-sant-jordi-recomienda\/#primaryimage","url":"https:\/\/www.fvb.cat\/wp-content\/uploads\/2026\/04\/CARTELL-SANT-JORDI-2026.png","contentUrl":"https:\/\/www.fvb.cat\/wp-content\/uploads\/2026\/04\/CARTELL-SANT-JORDI-2026.png","width":1414,"height":2000},{"@type":"BreadcrumbList","@id":"https:\/\/www.fvb.cat\/es\/para-sant-jordi-recomienda\/#breadcrumb","itemListElement":[{"@type":"ListItem","position":1,"name":"Inici","item":"https:\/\/www.fvb.cat\/es\/"},{"@type":"ListItem","position":2,"name":"Para Sant Jordi, recomienda"}]},{"@type":"WebSite","@id":"https:\/\/www.fvb.cat\/es\/#website","url":"https:\/\/www.fvb.cat\/es\/","name":"Fundaci\u00f3 Vidal i Barraquer","description":"Assist\u00e8ncia, doc\u00e8ncia i recerca en la salut mental","publisher":{"@id":"https:\/\/www.fvb.cat\/es\/#organization"},"potentialAction":[{"@type":"SearchAction","target":{"@type":"EntryPoint","urlTemplate":"https:\/\/www.fvb.cat\/es\/?s={search_term_string}"},"query-input":"required name=search_term_string"}],"inLanguage":"ca"},{"@type":"Organization","@id":"https:\/\/www.fvb.cat\/es\/#organization","name":"Fundaci\u00f3 Vidal i Barraquer","url":"https:\/\/www.fvb.cat\/es\/","logo":{"@type":"ImageObject","inLanguage":"ca","@id":"https:\/\/www.fvb.cat\/es\/#\/schema\/logo\/image\/","url":"https:\/\/www.fvb.cat\/wp-content\/uploads\/2024\/05\/logo-vidal-i-barrauqer-60-aniversari.jpg","contentUrl":"https:\/\/www.fvb.cat\/wp-content\/uploads\/2024\/05\/logo-vidal-i-barrauqer-60-aniversari.jpg","width":2125,"height":703,"caption":"Fundaci\u00f3 Vidal i Barraquer"},"image":{"@id":"https:\/\/www.fvb.cat\/es\/#\/schema\/logo\/image\/"}}]}},"_links":{"self":[{"href":"https:\/\/www.fvb.cat\/ca\/wp-json\/wp\/v2\/pages\/18437"}],"collection":[{"href":"https:\/\/www.fvb.cat\/ca\/wp-json\/wp\/v2\/pages"}],"about":[{"href":"https:\/\/www.fvb.cat\/ca\/wp-json\/wp\/v2\/types\/page"}],"author":[{"embeddable":true,"href":"https:\/\/www.fvb.cat\/ca\/wp-json\/wp\/v2\/users\/33"}],"replies":[{"embeddable":true,"href":"https:\/\/www.fvb.cat\/ca\/wp-json\/wp\/v2\/comments?post=18437"}],"version-history":[{"count":15,"href":"https:\/\/www.fvb.cat\/ca\/wp-json\/wp\/v2\/pages\/18437\/revisions"}],"predecessor-version":[{"id":18496,"href":"https:\/\/www.fvb.cat\/ca\/wp-json\/wp\/v2\/pages\/18437\/revisions\/18496"}],"wp:featuredmedia":[{"embeddable":true,"href":"https:\/\/www.fvb.cat\/ca\/wp-json\/wp\/v2\/media\/18467"}],"wp:attachment":[{"href":"https:\/\/www.fvb.cat\/ca\/wp-json\/wp\/v2\/media?parent=18437"}],"curies":[{"name":"wp","href":"https:\/\/api.w.org\/{rel}","templated":true}]}}