{"id":17983,"date":"2025-12-18T12:23:25","date_gmt":"2025-12-18T11:23:25","guid":{"rendered":"https:\/\/www.fvb.cat\/es\/?page_id=17983"},"modified":"2026-04-14T11:08:20","modified_gmt":"2026-04-14T10:08:20","slug":"formacio-continuada-en-espiritualitat","status":"publish","type":"page","link":"https:\/\/www.fvb.cat\/ca\/docencia\/formacio-continuada-espiritualitat\/","title":{"rendered":"Formaci\u00f3 Continuada en Espiritualitat"},"content":{"rendered":"<section class=\"l-section wpb_row height_medium\"><div class=\"l-section-h i-cf\"><div class=\"g-cols type_default valign_top\"><div class=\"vc_col-sm-12 wpb_column vc_column_container\"><div class=\"vc_column-inner\"><div class=\"wpb_wrapper\">[vc_empty_space]<\/div><\/div><\/div><\/div><\/div><\/section><section class=\"l-section wpb_row height_medium\"><div class=\"l-section-h i-cf\"><div class=\"g-cols type_default valign_top\"><div class=\"vc_col-sm-12 wpb_column vc_column_container\"><div class=\"vc_column-inner\"><div class=\"wpb_wrapper\"><div class=\"wpb_text_column \"><div class=\"wpb_wrapper\">\n<h5>CALENDARI CURS 2025-26<\/h5>\n<\/div> <\/div> <div class=\"wpb_text_column  vc_custom_1776085966365\"><div class=\"wpb_wrapper\">\n<h1 style=\"text-align: center;\"><span style=\"color: #ffffff;\"><strong>WEBINARS DEL M\u00c0STER EN ESPIRITUALITAT TRANSCULTURAL<\/strong><\/span><\/h1>\n<\/div> <\/div> <\/div><\/div><\/div><\/div><\/div><\/section><section class=\"l-section wpb_row height_medium\"><div class=\"l-section-h i-cf\"><div class=\"g-cols type_default valign_top\"><div class=\"vc_col-sm-4 wpb_column vc_column_container\"><div class=\"vc_column-inner\"><div class=\"wpb_wrapper\"><div class=\"w-image\"><div class=\"us-frame\"><a href=\"https:\/\/www.fvb.cat\/wp-content\/uploads\/2026\/04\/WEBINARS-MET-19-maig_CAT-2.pdf\" title=\"\" target=\"_blank\" rel=\"\"><img loading=\"lazy\" decoding=\"async\" width=\"1024\" height=\"1024\" src=\"https:\/\/www.fvb.cat\/wp-content\/uploads\/2026\/04\/PORTADA-MET-CAT-1024x1024.png\" class=\"attachment-large size-large\" alt=\"\" srcset=\"https:\/\/www.fvb.cat\/wp-content\/uploads\/2026\/04\/PORTADA-MET-CAT-1024x1024.png 1024w, https:\/\/www.fvb.cat\/wp-content\/uploads\/2026\/04\/PORTADA-MET-CAT-300x300.png 300w, https:\/\/www.fvb.cat\/wp-content\/uploads\/2026\/04\/PORTADA-MET-CAT-150x150.png 150w, https:\/\/www.fvb.cat\/wp-content\/uploads\/2026\/04\/PORTADA-MET-CAT-768x768.png 768w, https:\/\/www.fvb.cat\/wp-content\/uploads\/2026\/04\/PORTADA-MET-CAT-320x320.png 320w, https:\/\/www.fvb.cat\/wp-content\/uploads\/2026\/04\/PORTADA-MET-CAT-480x480.png 480w, https:\/\/www.fvb.cat\/wp-content\/uploads\/2026\/04\/PORTADA-MET-CAT-800x800.png 800w, https:\/\/www.fvb.cat\/wp-content\/uploads\/2026\/04\/PORTADA-MET-CAT-600x600.png 600w, https:\/\/www.fvb.cat\/wp-content\/uploads\/2026\/04\/PORTADA-MET-CAT-350x350.png 350w, https:\/\/www.fvb.cat\/wp-content\/uploads\/2026\/04\/PORTADA-MET-CAT-100x100.png 100w, https:\/\/www.fvb.cat\/wp-content\/uploads\/2026\/04\/PORTADA-MET-CAT.png 1080w\" sizes=\"(max-width: 1024px) 100vw, 1024px\" \/><\/a><\/div><\/div>[vc_empty_space]<div class=\"wpb_text_column \"><div class=\"wpb_wrapper\">\n<h6><strong>A C\u00c0RREC DE :\u00a0<\/strong>Mariola Bernal Solano<\/h6>\n<h6><strong>MODERAT PER:\u00a0<\/strong>Joan-Andreu Rocha Scarpetta<\/h6>\n<h6><strong>CALENDARI:\u00a0<\/strong>19 de maig de 2026 (19.00 h a 20.30 h)<\/h6>\n<h6><strong>PREU:\u00a0<\/strong>GRATU\u00cfT<\/h6>\n<\/div> <\/div> <div class=\"w-btn-wrapper align_center\"><a class=\"w-btn style_outlined color_navy icon_none\" href=\"https:\/\/www.fvb.cat\/wp-content\/uploads\/2026\/04\/WEBINARS-MET-19-maig_CAT-2.pdf\" target=\"_blank\"><span class=\"w-btn-label\">PROGRAMA<\/span><\/a><\/div><div class=\"wpb_text_column \"><div class=\"wpb_wrapper\"><p>Per inscriure&#8217;t omple el seg\u00fcent formulari indicant el nom de la sessi\u00f3. Et contactarem per donar-te la informaci\u00f3 per connectar-te al Webinar.<\/p><\/div> <\/div> <div class=\"w-form for_cform align_center\" id=\"us_form_1\">\n\t<form class=\"w-form-h\" autocomplete=\"off\" action=\"https:\/\/www.fvb.cat\/ca\/wp-json\/wp\/v2\/pages\/17983\" method=\"post\">\n\t\t\t\t\t\t\t<div class=\"w-form-row for_name required\">\n\t<div class=\"w-form-row-label\">\n\t\t<label for=\"us_form_1_name\"><\/label>\n\t<\/div>\n\t<div class=\"w-form-row-field\">\n\t\t\t\t<input type=\"text\" name=\"name\" id=\"us_form_1_name\" value=\"\"\n\t\t\t   placeholder=\"Name *\" data-required=\"true\" aria-required=\"true\"\/>\n\t\t<span class=\"w-form-row-field-bar\"><\/span>\n\t\t\t<\/div>\n\t<div class=\"w-form-row-state\"><\/div>\n\t<\/div>\n\t\t\t\t\t<div class=\"w-form-row for_email required\">\n\t<div class=\"w-form-row-label\">\n\t\t<label for=\"us_form_1_email\"><\/label>\n\t<\/div>\n\t<div class=\"w-form-row-field\">\n\t\t\t\t<input type=\"email\" name=\"email\" id=\"us_form_1_email\" value=\"\"\n\t\t\t   placeholder=\"Email *\" data-required=\"true\" aria-required=\"true\"\/>\n\t\t<span class=\"w-form-row-field-bar\"><\/span>\n\t\t\t<\/div>\n\t<div class=\"w-form-row-state\"><\/div>\n\t<\/div>\n\t\t\t\t\t<div class=\"w-form-row for_message required\">\n\t<div class=\"w-form-row-label\">\n\t\t<label for=\"us_form_1_message\"><\/label>\n\t<\/div>\n\t<div class=\"w-form-row-field\">\n\t\t\t\t<textarea name=\"message\" id=\"us_form_1_message\" cols=\"30\" rows=\"10\" placeholder=\"Message *\"\n\t\t\t data-required=\"true\" aria-required=\"true\"><\/textarea>\n\t\t<span class=\"w-form-row-field-bar\"><\/span>\n\t\t\t<\/div>\n\t<div class=\"w-form-row-state\"><\/div>\n\t<\/div>\n\t\t\t\t\t<input type=\"hidden\" name=\"action\" value=\"us_ajax_cform\" \/>\n\t\t\t\t\t<input type=\"hidden\" name=\"post_id\" value=\"17983\" \/>\n\t\t\t\t\t<input type=\"hidden\" name=\"form_index\" value=\"1\" \/>\n\t\t\t\t\t<div class=\"w-form-row for_submit\">\n\t<div class=\"w-form-row-field\">\n\t\t<button class=\"w-btn size_15px color_navy style_outlined\" type=\"submit\"><span class=\"g-preloader type_1\"><\/span><span class=\"w-btn-label\">INSCRIU-TE<\/span><\/button>\n\t<\/div>\n<\/div>\n\t\t\t\t<div class=\"w-form-message\"><\/div>\n\t\t\t<\/form>\n\t\t\t<div class=\"w-form-json hidden\" onclick='return {&quot;ajaxurl&quot;:&quot;https:\\\/\\\/www.fvb.cat\\\/wp-admin\\\/admin-ajax.php&quot;,&quot;success&quot;:&quot;Thank you! Your message was sent.&quot;,&quot;errors&quot;:{&quot;name&quot;:&quot;Please enter your Name&quot;,&quot;email&quot;:&quot;Please enter your Email&quot;,&quot;message&quot;:&quot;Please enter a Message&quot;}}'><\/div>\n\t<\/div>\n<\/div><\/div><\/div><div class=\"vc_col-sm-4 wpb_column vc_column_container\"><div class=\"vc_column-inner\"><div class=\"wpb_wrapper\"><div class=\"w-image\"><div class=\"us-frame\"><a href=\"https:\/\/www.fvb.cat\/wp-content\/uploads\/2026\/04\/WEBINARS-PAE-17-setembre_CAT.pdf\" title=\"\" target=\"_blank\" rel=\"\"><img loading=\"lazy\" decoding=\"async\" width=\"1024\" height=\"1024\" src=\"https:\/\/www.fvb.cat\/wp-content\/uploads\/2026\/04\/IMG-PORTADA-CAT-1024x1024.png\" class=\"attachment-large size-large\" alt=\"\" srcset=\"https:\/\/www.fvb.cat\/wp-content\/uploads\/2026\/04\/IMG-PORTADA-CAT-1024x1024.png 1024w, https:\/\/www.fvb.cat\/wp-content\/uploads\/2026\/04\/IMG-PORTADA-CAT-300x300.png 300w, https:\/\/www.fvb.cat\/wp-content\/uploads\/2026\/04\/IMG-PORTADA-CAT-150x150.png 150w, https:\/\/www.fvb.cat\/wp-content\/uploads\/2026\/04\/IMG-PORTADA-CAT-768x768.png 768w, https:\/\/www.fvb.cat\/wp-content\/uploads\/2026\/04\/IMG-PORTADA-CAT-320x320.png 320w, https:\/\/www.fvb.cat\/wp-content\/uploads\/2026\/04\/IMG-PORTADA-CAT-480x480.png 480w, https:\/\/www.fvb.cat\/wp-content\/uploads\/2026\/04\/IMG-PORTADA-CAT-800x800.png 800w, https:\/\/www.fvb.cat\/wp-content\/uploads\/2026\/04\/IMG-PORTADA-CAT-600x600.png 600w, https:\/\/www.fvb.cat\/wp-content\/uploads\/2026\/04\/IMG-PORTADA-CAT-350x350.png 350w, https:\/\/www.fvb.cat\/wp-content\/uploads\/2026\/04\/IMG-PORTADA-CAT-100x100.png 100w, https:\/\/www.fvb.cat\/wp-content\/uploads\/2026\/04\/IMG-PORTADA-CAT.png 1080w\" sizes=\"(max-width: 1024px) 100vw, 1024px\" \/><\/a><\/div><\/div>[vc_empty_space]<div class=\"wpb_text_column \"><div class=\"wpb_wrapper\">\n<h6><strong>DOCENT:\u00a0<\/strong>Teresa Guardans<\/h6>\n<h6><strong>MODERAT PER:\u00a0<\/strong>Joan-Andreu Rocha Scarpetta<\/h6>\n<h6><strong>CALENDARI:\u00a0<\/strong>22 de setembre de 2026 (19.00 h a 20.30 h)<\/h6>\n<h6><strong>PREU: <\/strong>GRATU\u00cfT<\/h6>\n<\/div> <\/div> <div class=\"w-btn-wrapper align_center\"><a class=\"w-btn style_outlined color_navy icon_none\" href=\"https:\/\/www.fvb.cat\/wp-content\/uploads\/2026\/04\/WEBINARS-MET-22-setembre_CAT-2.pdf\" target=\"_blank\"><span class=\"w-btn-label\">PROGRAMA<\/span><\/a><\/div><div class=\"wpb_text_column \"><div class=\"wpb_wrapper\"><p>Per inscriure&#8217;t omple el seg\u00fcent formulari indicant el nom de la sessi\u00f3. Et contactarem per donar-te la informaci\u00f3 per connectar-te al Webinar.<\/p><\/div> <\/div> <div class=\"w-form for_cform align_center\" id=\"us_form_2\">\n\t<form class=\"w-form-h\" autocomplete=\"off\" action=\"https:\/\/www.fvb.cat\/ca\/wp-json\/wp\/v2\/pages\/17983\" method=\"post\">\n\t\t\t\t\t\t\t<div class=\"w-form-row for_name required\">\n\t<div class=\"w-form-row-label\">\n\t\t<label for=\"us_form_2_name\"><\/label>\n\t<\/div>\n\t<div class=\"w-form-row-field\">\n\t\t\t\t<input type=\"text\" name=\"name\" id=\"us_form_2_name\" value=\"\"\n\t\t\t   placeholder=\"Name *\" data-required=\"true\" aria-required=\"true\"\/>\n\t\t<span class=\"w-form-row-field-bar\"><\/span>\n\t\t\t<\/div>\n\t<div class=\"w-form-row-state\"><\/div>\n\t<\/div>\n\t\t\t\t\t<div class=\"w-form-row for_email required\">\n\t<div class=\"w-form-row-label\">\n\t\t<label for=\"us_form_2_email\"><\/label>\n\t<\/div>\n\t<div class=\"w-form-row-field\">\n\t\t\t\t<input type=\"email\" name=\"email\" id=\"us_form_2_email\" value=\"\"\n\t\t\t   placeholder=\"Email *\" data-required=\"true\" aria-required=\"true\"\/>\n\t\t<span class=\"w-form-row-field-bar\"><\/span>\n\t\t\t<\/div>\n\t<div class=\"w-form-row-state\"><\/div>\n\t<\/div>\n\t\t\t\t\t<div class=\"w-form-row for_message required\">\n\t<div class=\"w-form-row-label\">\n\t\t<label for=\"us_form_2_message\"><\/label>\n\t<\/div>\n\t<div class=\"w-form-row-field\">\n\t\t\t\t<textarea name=\"message\" id=\"us_form_2_message\" cols=\"30\" rows=\"10\" placeholder=\"Message *\"\n\t\t\t data-required=\"true\" aria-required=\"true\"><\/textarea>\n\t\t<span class=\"w-form-row-field-bar\"><\/span>\n\t\t\t<\/div>\n\t<div class=\"w-form-row-state\"><\/div>\n\t<\/div>\n\t\t\t\t\t<input type=\"hidden\" name=\"action\" value=\"us_ajax_cform\" \/>\n\t\t\t\t\t<input type=\"hidden\" name=\"post_id\" value=\"17983\" \/>\n\t\t\t\t\t<input type=\"hidden\" name=\"form_index\" value=\"2\" \/>\n\t\t\t\t\t<div class=\"w-form-row for_submit\">\n\t<div class=\"w-form-row-field\">\n\t\t<button class=\"w-btn size_15px color_navy style_outlined\" type=\"submit\"><span class=\"g-preloader type_1\"><\/span><span class=\"w-btn-label\">INSCRIU-TE<\/span><\/button>\n\t<\/div>\n<\/div>\n\t\t\t\t<div class=\"w-form-message\"><\/div>\n\t\t\t<\/form>\n\t\t\t<div class=\"w-form-json hidden\" onclick='return {&quot;ajaxurl&quot;:&quot;https:\\\/\\\/www.fvb.cat\\\/wp-admin\\\/admin-ajax.php&quot;,&quot;success&quot;:&quot;Thank you! Your message was sent.&quot;,&quot;errors&quot;:{&quot;name&quot;:&quot;Please enter your Name&quot;,&quot;email&quot;:&quot;Please enter your Email&quot;,&quot;message&quot;:&quot;Please enter a Message&quot;}}'><\/div>\n\t<\/div>\n<\/div><\/div><\/div><div class=\"vc_col-sm-4 wpb_column vc_column_container\"><div class=\"vc_column-inner\"><div class=\"wpb_wrapper\"><div class=\"w-image\"><div class=\"us-frame\"><a href=\"https:\/\/www.fvb.cat\/wp-content\/uploads\/2026\/04\/MINIATURA-CAT-MET.png\" title=\"\" target=\"_blank\" rel=\"\"><img loading=\"lazy\" decoding=\"async\" width=\"1024\" height=\"1024\" src=\"https:\/\/www.fvb.cat\/wp-content\/uploads\/2026\/04\/MINIATURA-CAT-MET-1024x1024.png\" class=\"attachment-large size-large\" alt=\"\" srcset=\"https:\/\/www.fvb.cat\/wp-content\/uploads\/2026\/04\/MINIATURA-CAT-MET-1024x1024.png 1024w, https:\/\/www.fvb.cat\/wp-content\/uploads\/2026\/04\/MINIATURA-CAT-MET-300x300.png 300w, https:\/\/www.fvb.cat\/wp-content\/uploads\/2026\/04\/MINIATURA-CAT-MET-150x150.png 150w, https:\/\/www.fvb.cat\/wp-content\/uploads\/2026\/04\/MINIATURA-CAT-MET-768x768.png 768w, https:\/\/www.fvb.cat\/wp-content\/uploads\/2026\/04\/MINIATURA-CAT-MET-320x320.png 320w, https:\/\/www.fvb.cat\/wp-content\/uploads\/2026\/04\/MINIATURA-CAT-MET-480x480.png 480w, https:\/\/www.fvb.cat\/wp-content\/uploads\/2026\/04\/MINIATURA-CAT-MET-800x800.png 800w, https:\/\/www.fvb.cat\/wp-content\/uploads\/2026\/04\/MINIATURA-CAT-MET-600x600.png 600w, https:\/\/www.fvb.cat\/wp-content\/uploads\/2026\/04\/MINIATURA-CAT-MET-350x350.png 350w, https:\/\/www.fvb.cat\/wp-content\/uploads\/2026\/04\/MINIATURA-CAT-MET-100x100.png 100w, https:\/\/www.fvb.cat\/wp-content\/uploads\/2026\/04\/MINIATURA-CAT-MET.png 1080w\" sizes=\"(max-width: 1024px) 100vw, 1024px\" \/><\/a><\/div><\/div>[vc_empty_space]<div class=\"wpb_text_column \"><div class=\"wpb_wrapper\">\n<h6><strong>DOCENT: <\/strong>Joan-Andreu Rocha Scarpetta<\/h6>\n<h6><strong>MODERAT PER:\u00a0<\/strong>Aida Pe\u00f1a<\/h6>\n<h6><strong>CALENDARI:\u00a0<\/strong>9 d&#8217;abril de 2026 (19.00 h a 20.30 h)<\/h6>\n<h6><strong>PREU: <\/strong>GRATU\u00cfT<\/h6>\n<\/div> <\/div> <div class=\"w-btn-wrapper align_center\"><a class=\"w-btn style_outlined color_navy icon_none\" href=\"https:\/\/www.fvb.cat\/wp-content\/uploads\/2026\/04\/WEBINARS-MET-9-abril-_CAT.pdf\" target=\"_blank\"><span class=\"w-btn-label\">PROGRAMA<\/span><\/a><\/div><\/div><\/div><\/div><\/div><\/div><\/section><section class=\"l-section wpb_row height_medium\"><div class=\"l-section-h i-cf\"><div class=\"g-cols type_default valign_top\"><div class=\"vc_col-sm-12 wpb_column vc_column_container\"><div class=\"vc_column-inner\"><div class=\"wpb_wrapper\"><div class=\"wpb_text_column  vc_custom_1776085988872\"><div class=\"wpb_wrapper\">\n<h1 style=\"text-align: center;\"><span style=\"color: #ffffff;\"><strong>WEBINARS DEL T\u00cdTOL D&#8217;EXPERT UNIVERSIT\u00c0RI EN ACOMPANYAMENT ESPIRITUAL<\/strong><\/span><\/h1>\n<\/div> <\/div> <\/div><\/div><\/div><\/div><\/div><\/section><section class=\"l-section wpb_row height_medium\"><div class=\"l-section-h i-cf\"><div class=\"g-cols type_default valign_top\"><div class=\"vc_col-sm-4 wpb_column vc_column_container\"><div class=\"vc_column-inner\"><div class=\"wpb_wrapper\"><div class=\"w-image\"><div class=\"us-frame\"><a href=\"https:\/\/www.fvb.cat\/wp-content\/uploads\/2026\/04\/WEBINARS-PAE-30-abril_CAT.pdf\" title=\"\" target=\"_blank\" rel=\"\"><img loading=\"lazy\" decoding=\"async\" width=\"1024\" height=\"1024\" src=\"https:\/\/www.fvb.cat\/wp-content\/uploads\/2026\/04\/WEBINAR-PAE-CAT-2-1024x1024.png\" class=\"attachment-large size-large\" alt=\"\" srcset=\"https:\/\/www.fvb.cat\/wp-content\/uploads\/2026\/04\/WEBINAR-PAE-CAT-2-1024x1024.png 1024w, https:\/\/www.fvb.cat\/wp-content\/uploads\/2026\/04\/WEBINAR-PAE-CAT-2-300x300.png 300w, https:\/\/www.fvb.cat\/wp-content\/uploads\/2026\/04\/WEBINAR-PAE-CAT-2-150x150.png 150w, https:\/\/www.fvb.cat\/wp-content\/uploads\/2026\/04\/WEBINAR-PAE-CAT-2-768x768.png 768w, https:\/\/www.fvb.cat\/wp-content\/uploads\/2026\/04\/WEBINAR-PAE-CAT-2-320x320.png 320w, https:\/\/www.fvb.cat\/wp-content\/uploads\/2026\/04\/WEBINAR-PAE-CAT-2-480x480.png 480w, https:\/\/www.fvb.cat\/wp-content\/uploads\/2026\/04\/WEBINAR-PAE-CAT-2-800x800.png 800w, https:\/\/www.fvb.cat\/wp-content\/uploads\/2026\/04\/WEBINAR-PAE-CAT-2-600x600.png 600w, https:\/\/www.fvb.cat\/wp-content\/uploads\/2026\/04\/WEBINAR-PAE-CAT-2-350x350.png 350w, https:\/\/www.fvb.cat\/wp-content\/uploads\/2026\/04\/WEBINAR-PAE-CAT-2-100x100.png 100w, https:\/\/www.fvb.cat\/wp-content\/uploads\/2026\/04\/WEBINAR-PAE-CAT-2.png 1080w\" sizes=\"(max-width: 1024px) 100vw, 1024px\" \/><\/a><\/div><\/div>[vc_empty_space]<div class=\"wpb_text_column \"><div class=\"wpb_wrapper\">\n<h6><strong>A C\u00c0RREC DE :\u00a0<\/strong>Sergi de Diego<\/h6>\n<h6><strong>MODERAT PER:\u00a0<\/strong>Maite Valls<\/h6>\n<h6><strong>CALENDARI:\u00a0<\/strong>30 d&#8217;abril de 2026 (de 19.00 h a 20.30 h)<\/h6>\n<h6><strong>PREU:\u00a0<\/strong>GRATU\u00cfT<\/h6>\n<\/div> <\/div> <div class=\"w-btn-wrapper align_center\"><a class=\"w-btn style_outlined color_navy icon_none\" href=\"https:\/\/www.fvb.cat\/wp-content\/uploads\/2026\/04\/WEBINARS-PAE-30-abril_CAT.pdf\" target=\"_blank\"><span class=\"w-btn-label\">PROGRAMA<\/span><\/a><\/div><div class=\"wpb_text_column \"><div class=\"wpb_wrapper\"><p>Per inscriure&#8217;t omple el seg\u00fcent formulari indicant el nom de la sessi\u00f3. Et contactarem per donar-te la informaci\u00f3 per connectar-te al Webinar.<\/p><\/div> <\/div> <div class=\"w-form for_cform align_center\" id=\"us_form_3\">\n\t<form class=\"w-form-h\" autocomplete=\"off\" action=\"https:\/\/www.fvb.cat\/ca\/wp-json\/wp\/v2\/pages\/17983\" method=\"post\">\n\t\t\t\t\t\t\t<div class=\"w-form-row for_name required\">\n\t<div class=\"w-form-row-label\">\n\t\t<label for=\"us_form_3_name\"><\/label>\n\t<\/div>\n\t<div class=\"w-form-row-field\">\n\t\t\t\t<input type=\"text\" name=\"name\" id=\"us_form_3_name\" value=\"\"\n\t\t\t   placeholder=\"Name *\" data-required=\"true\" aria-required=\"true\"\/>\n\t\t<span class=\"w-form-row-field-bar\"><\/span>\n\t\t\t<\/div>\n\t<div class=\"w-form-row-state\"><\/div>\n\t<\/div>\n\t\t\t\t\t<div class=\"w-form-row for_email required\">\n\t<div class=\"w-form-row-label\">\n\t\t<label for=\"us_form_3_email\"><\/label>\n\t<\/div>\n\t<div class=\"w-form-row-field\">\n\t\t\t\t<input type=\"email\" name=\"email\" id=\"us_form_3_email\" value=\"\"\n\t\t\t   placeholder=\"Email *\" data-required=\"true\" aria-required=\"true\"\/>\n\t\t<span class=\"w-form-row-field-bar\"><\/span>\n\t\t\t<\/div>\n\t<div class=\"w-form-row-state\"><\/div>\n\t<\/div>\n\t\t\t\t\t<div class=\"w-form-row for_message required\">\n\t<div class=\"w-form-row-label\">\n\t\t<label for=\"us_form_3_message\"><\/label>\n\t<\/div>\n\t<div class=\"w-form-row-field\">\n\t\t\t\t<textarea name=\"message\" id=\"us_form_3_message\" cols=\"30\" rows=\"10\" placeholder=\"Message *\"\n\t\t\t data-required=\"true\" aria-required=\"true\"><\/textarea>\n\t\t<span class=\"w-form-row-field-bar\"><\/span>\n\t\t\t<\/div>\n\t<div class=\"w-form-row-state\"><\/div>\n\t<\/div>\n\t\t\t\t\t<input type=\"hidden\" name=\"action\" value=\"us_ajax_cform\" \/>\n\t\t\t\t\t<input type=\"hidden\" name=\"post_id\" value=\"17983\" \/>\n\t\t\t\t\t<input type=\"hidden\" name=\"form_index\" value=\"3\" \/>\n\t\t\t\t\t<div class=\"w-form-row for_submit\">\n\t<div class=\"w-form-row-field\">\n\t\t<button class=\"w-btn size_15px color_navy style_outlined\" type=\"submit\"><span class=\"g-preloader type_1\"><\/span><span class=\"w-btn-label\">INSCRIU-TE<\/span><\/button>\n\t<\/div>\n<\/div>\n\t\t\t\t<div class=\"w-form-message\"><\/div>\n\t\t\t<\/form>\n\t\t\t<div class=\"w-form-json hidden\" onclick='return {&quot;ajaxurl&quot;:&quot;https:\\\/\\\/www.fvb.cat\\\/wp-admin\\\/admin-ajax.php&quot;,&quot;success&quot;:&quot;Thank you! Your message was sent.&quot;,&quot;errors&quot;:{&quot;name&quot;:&quot;Please enter your Name&quot;,&quot;email&quot;:&quot;Please enter your Email&quot;,&quot;message&quot;:&quot;Please enter a Message&quot;}}'><\/div>\n\t<\/div>\n<\/div><\/div><\/div><div class=\"vc_col-sm-4 wpb_column vc_column_container\"><div class=\"vc_column-inner\"><div class=\"wpb_wrapper\"><div class=\"w-image\"><div class=\"us-frame\"><a href=\"https:\/\/www.fvb.cat\/wp-content\/uploads\/2026\/04\/WEBINARS-PAE-17-setembre_CAT.pdf\" title=\"\" target=\"_blank\" rel=\"\"><img loading=\"lazy\" decoding=\"async\" width=\"1024\" height=\"1024\" src=\"https:\/\/www.fvb.cat\/wp-content\/uploads\/2026\/04\/WEBINAR-PAE-CAT-1024x1024.png\" class=\"attachment-large size-large\" alt=\"\" srcset=\"https:\/\/www.fvb.cat\/wp-content\/uploads\/2026\/04\/WEBINAR-PAE-CAT-1024x1024.png 1024w, https:\/\/www.fvb.cat\/wp-content\/uploads\/2026\/04\/WEBINAR-PAE-CAT-300x300.png 300w, https:\/\/www.fvb.cat\/wp-content\/uploads\/2026\/04\/WEBINAR-PAE-CAT-150x150.png 150w, https:\/\/www.fvb.cat\/wp-content\/uploads\/2026\/04\/WEBINAR-PAE-CAT-768x768.png 768w, https:\/\/www.fvb.cat\/wp-content\/uploads\/2026\/04\/WEBINAR-PAE-CAT-320x320.png 320w, https:\/\/www.fvb.cat\/wp-content\/uploads\/2026\/04\/WEBINAR-PAE-CAT-480x480.png 480w, https:\/\/www.fvb.cat\/wp-content\/uploads\/2026\/04\/WEBINAR-PAE-CAT-800x800.png 800w, https:\/\/www.fvb.cat\/wp-content\/uploads\/2026\/04\/WEBINAR-PAE-CAT-600x600.png 600w, https:\/\/www.fvb.cat\/wp-content\/uploads\/2026\/04\/WEBINAR-PAE-CAT-350x350.png 350w, https:\/\/www.fvb.cat\/wp-content\/uploads\/2026\/04\/WEBINAR-PAE-CAT-100x100.png 100w, https:\/\/www.fvb.cat\/wp-content\/uploads\/2026\/04\/WEBINAR-PAE-CAT.png 1080w\" sizes=\"(max-width: 1024px) 100vw, 1024px\" \/><\/a><\/div><\/div>[vc_empty_space]<div class=\"wpb_text_column \"><div class=\"wpb_wrapper\">\n<h6><strong>A C\u00c0RREC DE: <\/strong>Miguel Matute<\/h6>\n<h6><strong>MODERAT PER:\u00a0<\/strong>Maite Valls<\/h6>\n<h6><strong>CALENDARI:\u00a0<\/strong>17 de setembre de 2026 (19.00 h a 20.30 h)<\/h6>\n<h6><strong>PREU: <\/strong>GRATU\u00cfT<\/h6>\n<\/div> <\/div> <div class=\"w-btn-wrapper align_center\"><a class=\"w-btn style_outlined color_navy icon_none\" href=\"https:\/\/www.fvb.cat\/wp-content\/uploads\/2026\/04\/WEBINARS-PAE-17-setembre_CAT.pdf\" target=\"_blank\"><span class=\"w-btn-label\">PROGRAMA<\/span><\/a><\/div><div class=\"wpb_text_column \"><div class=\"wpb_wrapper\"><p>Per inscriure&#8217;t omple el seg\u00fcent formulari indicant el nom de la sessi\u00f3. Et contactarem per donar-te la informaci\u00f3 per connectar-te al Webinar.<\/p><\/div> <\/div> <div class=\"w-form for_cform align_center\" id=\"us_form_4\">\n\t<form class=\"w-form-h\" autocomplete=\"off\" action=\"https:\/\/www.fvb.cat\/ca\/wp-json\/wp\/v2\/pages\/17983\" method=\"post\">\n\t\t\t\t\t\t\t<div class=\"w-form-row for_name required\">\n\t<div class=\"w-form-row-label\">\n\t\t<label for=\"us_form_4_name\"><\/label>\n\t<\/div>\n\t<div class=\"w-form-row-field\">\n\t\t\t\t<input type=\"text\" name=\"name\" id=\"us_form_4_name\" value=\"\"\n\t\t\t   placeholder=\"Name *\" data-required=\"true\" aria-required=\"true\"\/>\n\t\t<span class=\"w-form-row-field-bar\"><\/span>\n\t\t\t<\/div>\n\t<div class=\"w-form-row-state\"><\/div>\n\t<\/div>\n\t\t\t\t\t<div class=\"w-form-row for_email required\">\n\t<div class=\"w-form-row-label\">\n\t\t<label for=\"us_form_4_email\"><\/label>\n\t<\/div>\n\t<div class=\"w-form-row-field\">\n\t\t\t\t<input type=\"email\" name=\"email\" id=\"us_form_4_email\" value=\"\"\n\t\t\t   placeholder=\"Email *\" data-required=\"true\" aria-required=\"true\"\/>\n\t\t<span class=\"w-form-row-field-bar\"><\/span>\n\t\t\t<\/div>\n\t<div class=\"w-form-row-state\"><\/div>\n\t<\/div>\n\t\t\t\t\t<div class=\"w-form-row for_message required\">\n\t<div class=\"w-form-row-label\">\n\t\t<label for=\"us_form_4_message\"><\/label>\n\t<\/div>\n\t<div class=\"w-form-row-field\">\n\t\t\t\t<textarea name=\"message\" id=\"us_form_4_message\" cols=\"30\" rows=\"10\" placeholder=\"Message *\"\n\t\t\t data-required=\"true\" aria-required=\"true\"><\/textarea>\n\t\t<span class=\"w-form-row-field-bar\"><\/span>\n\t\t\t<\/div>\n\t<div class=\"w-form-row-state\"><\/div>\n\t<\/div>\n\t\t\t\t\t<input type=\"hidden\" name=\"action\" value=\"us_ajax_cform\" \/>\n\t\t\t\t\t<input type=\"hidden\" name=\"post_id\" value=\"17983\" \/>\n\t\t\t\t\t<input type=\"hidden\" name=\"form_index\" value=\"4\" \/>\n\t\t\t\t\t<div class=\"w-form-row for_submit\">\n\t<div class=\"w-form-row-field\">\n\t\t<button class=\"w-btn size_15px color_navy style_outlined\" type=\"submit\"><span class=\"g-preloader type_1\"><\/span><span class=\"w-btn-label\">INSCRIU-TE<\/span><\/button>\n\t<\/div>\n<\/div>\n\t\t\t\t<div class=\"w-form-message\"><\/div>\n\t\t\t<\/form>\n\t\t\t<div class=\"w-form-json hidden\" onclick='return {&quot;ajaxurl&quot;:&quot;https:\\\/\\\/www.fvb.cat\\\/wp-admin\\\/admin-ajax.php&quot;,&quot;success&quot;:&quot;Thank you! Your message was sent.&quot;,&quot;errors&quot;:{&quot;name&quot;:&quot;Please enter your Name&quot;,&quot;email&quot;:&quot;Please enter your Email&quot;,&quot;message&quot;:&quot;Please enter a Message&quot;}}'><\/div>\n\t<\/div>\n<\/div><\/div><\/div><div class=\"vc_col-sm-4 wpb_column vc_column_container\"><div class=\"vc_column-inner\"><div class=\"wpb_wrapper\"><div class=\"w-image\"><div class=\"us-frame\"><a href=\"https:\/\/www.fvb.cat\/wp-content\/uploads\/2026\/04\/WEBINARS-PAE-26-marc_CAT\u00b4.pdf\" title=\"\" target=\"_blank\" rel=\"\"><img loading=\"lazy\" decoding=\"async\" width=\"1024\" height=\"1024\" src=\"https:\/\/www.fvb.cat\/wp-content\/uploads\/2026\/04\/WEBINAR-CAT-MINIATURA-1024x1024.png\" class=\"attachment-large size-large\" alt=\"\" srcset=\"https:\/\/www.fvb.cat\/wp-content\/uploads\/2026\/04\/WEBINAR-CAT-MINIATURA-1024x1024.png 1024w, https:\/\/www.fvb.cat\/wp-content\/uploads\/2026\/04\/WEBINAR-CAT-MINIATURA-300x300.png 300w, https:\/\/www.fvb.cat\/wp-content\/uploads\/2026\/04\/WEBINAR-CAT-MINIATURA-150x150.png 150w, https:\/\/www.fvb.cat\/wp-content\/uploads\/2026\/04\/WEBINAR-CAT-MINIATURA-768x768.png 768w, https:\/\/www.fvb.cat\/wp-content\/uploads\/2026\/04\/WEBINAR-CAT-MINIATURA-320x320.png 320w, https:\/\/www.fvb.cat\/wp-content\/uploads\/2026\/04\/WEBINAR-CAT-MINIATURA-480x480.png 480w, https:\/\/www.fvb.cat\/wp-content\/uploads\/2026\/04\/WEBINAR-CAT-MINIATURA-800x800.png 800w, https:\/\/www.fvb.cat\/wp-content\/uploads\/2026\/04\/WEBINAR-CAT-MINIATURA-600x600.png 600w, https:\/\/www.fvb.cat\/wp-content\/uploads\/2026\/04\/WEBINAR-CAT-MINIATURA-350x350.png 350w, https:\/\/www.fvb.cat\/wp-content\/uploads\/2026\/04\/WEBINAR-CAT-MINIATURA-100x100.png 100w, https:\/\/www.fvb.cat\/wp-content\/uploads\/2026\/04\/WEBINAR-CAT-MINIATURA.png 1080w\" sizes=\"(max-width: 1024px) 100vw, 1024px\" \/><\/a><\/div><\/div>[vc_empty_space]<div class=\"wpb_text_column \"><div class=\"wpb_wrapper\">\n<h6><strong>A C\u00c0RREC DE: <\/strong>Jos\u00e9 Ignacio Garc\u00eda Jim\u00e9nez<\/h6>\n<h6><strong>MODERAT PER:\u00a0<\/strong>Carles Marcet<\/h6>\n<h6><strong>CALENDARI:\u00a0<\/strong>26 de mar\u00e7 de 2026 (19.00 h a 20.30 h)<\/h6>\n<h6><strong>PREU: <\/strong>GRATU\u00cfT<\/h6>\n<\/div> <\/div> <div class=\"w-btn-wrapper align_center\"><a class=\"w-btn style_outlined color_navy icon_none\" href=\"https:\/\/www.fvb.cat\/wp-content\/uploads\/2026\/04\/WEBINARS-PAE-26-marc_CAT.pdf\" target=\"_blank\"><span class=\"w-btn-label\">PROGRAMA<\/span><\/a><\/div><\/div><\/div><\/div><\/div><\/div><\/section>","protected":false},"excerpt":{"rendered":"Fundaci\u00f3 Vidal i Barraquer Som una instituci\u00f3 creada l\u2019any 1964 i dedicada...","protected":false},"author":33,"featured_media":0,"parent":5874,"menu_order":0,"comment_status":"closed","ping_status":"closed","template":"","meta":{"footnotes":""},"yoast_head":"<!-- This site is optimized with the Yoast SEO plugin v22.6 - https:\/\/yoast.com\/wordpress\/plugins\/seo\/ -->\n<title>FORMACI\u00d3 CONTINUADA EN ESPIRITUALITAT<\/title>\n<meta name=\"description\" content=\"La Formaci\u00f3 Continuada en Espiritualitat est\u00e0 integrada per cursos independents que pretenen l&#039;actualitzaci\u00f3 de tem\u00e0tiques monogr\u00e0fiques.\" \/>\n<meta name=\"robots\" content=\"index, follow, max-snippet:-1, max-image-preview:large, max-video-preview:-1\" \/>\n<link rel=\"canonical\" href=\"https:\/\/www.fvb.cat\/es\/docencia\/formacion-continuada-espiritualidad\/\" \/>\n<meta property=\"og:locale\" content=\"ca_ES\" \/>\n<meta property=\"og:type\" content=\"article\" \/>\n<meta property=\"og:title\" content=\"FORMACI\u00d3 CONTINUADA EN ESPIRITUALITAT\" \/>\n<meta property=\"og:description\" content=\"La Formaci\u00f3 Continuada en Espiritualitat est\u00e0 integrada per cursos independents que pretenen l&#039;actualitzaci\u00f3 de tem\u00e0tiques monogr\u00e0fiques.\" \/>\n<meta property=\"og:url\" content=\"https:\/\/www.fvb.cat\/es\/docencia\/formacion-continuada-espiritualidad\/\" \/>\n<meta property=\"og:site_name\" content=\"Fundaci\u00f3 Vidal i Barraquer\" \/>\n<meta property=\"article:modified_time\" content=\"2026-04-14T10:08:20+00:00\" \/>\n<meta name=\"twitter:card\" content=\"summary_large_image\" \/>\n<meta name=\"twitter:label1\" content=\"Temps estimat de lectura\" \/>\n\t<meta name=\"twitter:data1\" content=\"2 minuts\" \/>\n<script type=\"application\/ld+json\" class=\"yoast-schema-graph\">{\"@context\":\"https:\/\/schema.org\",\"@graph\":[{\"@type\":\"WebPage\",\"@id\":\"https:\/\/www.fvb.cat\/es\/docencia\/formacion-continuada-espiritualidad\/\",\"url\":\"https:\/\/www.fvb.cat\/es\/docencia\/formacion-continuada-espiritualidad\/\",\"name\":\"FORMACI\u00d3 CONTINUADA EN ESPIRITUALITAT\",\"isPartOf\":{\"@id\":\"https:\/\/www.fvb.cat\/es\/#website\"},\"datePublished\":\"2025-12-18T11:23:25+00:00\",\"dateModified\":\"2026-04-14T10:08:20+00:00\",\"description\":\"La Formaci\u00f3 Continuada en Espiritualitat est\u00e0 integrada per cursos independents que pretenen l'actualitzaci\u00f3 de tem\u00e0tiques monogr\u00e0fiques.\",\"breadcrumb\":{\"@id\":\"https:\/\/www.fvb.cat\/es\/docencia\/formacion-continuada-espiritualidad\/#breadcrumb\"},\"inLanguage\":\"ca\",\"potentialAction\":[{\"@type\":\"ReadAction\",\"target\":[\"https:\/\/www.fvb.cat\/es\/docencia\/formacion-continuada-espiritualidad\/\"]}]},{\"@type\":\"BreadcrumbList\",\"@id\":\"https:\/\/www.fvb.cat\/es\/docencia\/formacion-continuada-espiritualidad\/#breadcrumb\",\"itemListElement\":[{\"@type\":\"ListItem\",\"position\":1,\"name\":\"Inici\",\"item\":\"https:\/\/www.fvb.cat\/es\/\"},{\"@type\":\"ListItem\",\"position\":2,\"name\":\"Docencia\",\"item\":\"https:\/\/www.fvb.cat\/es\/docencia\/\"},{\"@type\":\"ListItem\",\"position\":3,\"name\":\"Formaci\u00f3n Continuada en Espiritualidad\"}]},{\"@type\":\"WebSite\",\"@id\":\"https:\/\/www.fvb.cat\/es\/#website\",\"url\":\"https:\/\/www.fvb.cat\/es\/\",\"name\":\"Fundaci\u00f3 Vidal i Barraquer\",\"description\":\"Assist\u00e8ncia, doc\u00e8ncia i recerca en la salut mental\",\"publisher\":{\"@id\":\"https:\/\/www.fvb.cat\/es\/#organization\"},\"potentialAction\":[{\"@type\":\"SearchAction\",\"target\":{\"@type\":\"EntryPoint\",\"urlTemplate\":\"https:\/\/www.fvb.cat\/es\/?s={search_term_string}\"},\"query-input\":\"required name=search_term_string\"}],\"inLanguage\":\"ca\"},{\"@type\":\"Organization\",\"@id\":\"https:\/\/www.fvb.cat\/es\/#organization\",\"name\":\"Fundaci\u00f3 Vidal i Barraquer\",\"url\":\"https:\/\/www.fvb.cat\/es\/\",\"logo\":{\"@type\":\"ImageObject\",\"inLanguage\":\"ca\",\"@id\":\"https:\/\/www.fvb.cat\/es\/#\/schema\/logo\/image\/\",\"url\":\"https:\/\/www.fvb.cat\/wp-content\/uploads\/2024\/05\/logo-vidal-i-barrauqer-60-aniversari.jpg\",\"contentUrl\":\"https:\/\/www.fvb.cat\/wp-content\/uploads\/2024\/05\/logo-vidal-i-barrauqer-60-aniversari.jpg\",\"width\":2125,\"height\":703,\"caption\":\"Fundaci\u00f3 Vidal i Barraquer\"},\"image\":{\"@id\":\"https:\/\/www.fvb.cat\/es\/#\/schema\/logo\/image\/\"}}]}<\/script>\n<!-- \/ Yoast SEO plugin. -->","yoast_head_json":{"title":"FORMACI\u00d3 CONTINUADA EN ESPIRITUALITAT","description":"La Formaci\u00f3 Continuada en Espiritualitat est\u00e0 integrada per cursos independents que pretenen l'actualitzaci\u00f3 de tem\u00e0tiques monogr\u00e0fiques.","robots":{"index":"index","follow":"follow","max-snippet":"max-snippet:-1","max-image-preview":"max-image-preview:large","max-video-preview":"max-video-preview:-1"},"canonical":"https:\/\/www.fvb.cat\/es\/docencia\/formacion-continuada-espiritualidad\/","og_locale":"ca_ES","og_type":"article","og_title":"FORMACI\u00d3 CONTINUADA EN ESPIRITUALITAT","og_description":"La Formaci\u00f3 Continuada en Espiritualitat est\u00e0 integrada per cursos independents que pretenen l'actualitzaci\u00f3 de tem\u00e0tiques monogr\u00e0fiques.","og_url":"https:\/\/www.fvb.cat\/es\/docencia\/formacion-continuada-espiritualidad\/","og_site_name":"Fundaci\u00f3 Vidal i Barraquer","article_modified_time":"2026-04-14T10:08:20+00:00","twitter_card":"summary_large_image","twitter_misc":{"Temps estimat de lectura":"2 minuts"},"schema":{"@context":"https:\/\/schema.org","@graph":[{"@type":"WebPage","@id":"https:\/\/www.fvb.cat\/es\/docencia\/formacion-continuada-espiritualidad\/","url":"https:\/\/www.fvb.cat\/es\/docencia\/formacion-continuada-espiritualidad\/","name":"FORMACI\u00d3 CONTINUADA EN ESPIRITUALITAT","isPartOf":{"@id":"https:\/\/www.fvb.cat\/es\/#website"},"datePublished":"2025-12-18T11:23:25+00:00","dateModified":"2026-04-14T10:08:20+00:00","description":"La Formaci\u00f3 Continuada en Espiritualitat est\u00e0 integrada per cursos independents que pretenen l'actualitzaci\u00f3 de tem\u00e0tiques monogr\u00e0fiques.","breadcrumb":{"@id":"https:\/\/www.fvb.cat\/es\/docencia\/formacion-continuada-espiritualidad\/#breadcrumb"},"inLanguage":"ca","potentialAction":[{"@type":"ReadAction","target":["https:\/\/www.fvb.cat\/es\/docencia\/formacion-continuada-espiritualidad\/"]}]},{"@type":"BreadcrumbList","@id":"https:\/\/www.fvb.cat\/es\/docencia\/formacion-continuada-espiritualidad\/#breadcrumb","itemListElement":[{"@type":"ListItem","position":1,"name":"Inici","item":"https:\/\/www.fvb.cat\/es\/"},{"@type":"ListItem","position":2,"name":"Docencia","item":"https:\/\/www.fvb.cat\/es\/docencia\/"},{"@type":"ListItem","position":3,"name":"Formaci\u00f3n Continuada en Espiritualidad"}]},{"@type":"WebSite","@id":"https:\/\/www.fvb.cat\/es\/#website","url":"https:\/\/www.fvb.cat\/es\/","name":"Fundaci\u00f3 Vidal i Barraquer","description":"Assist\u00e8ncia, doc\u00e8ncia i recerca en la salut mental","publisher":{"@id":"https:\/\/www.fvb.cat\/es\/#organization"},"potentialAction":[{"@type":"SearchAction","target":{"@type":"EntryPoint","urlTemplate":"https:\/\/www.fvb.cat\/es\/?s={search_term_string}"},"query-input":"required name=search_term_string"}],"inLanguage":"ca"},{"@type":"Organization","@id":"https:\/\/www.fvb.cat\/es\/#organization","name":"Fundaci\u00f3 Vidal i Barraquer","url":"https:\/\/www.fvb.cat\/es\/","logo":{"@type":"ImageObject","inLanguage":"ca","@id":"https:\/\/www.fvb.cat\/es\/#\/schema\/logo\/image\/","url":"https:\/\/www.fvb.cat\/wp-content\/uploads\/2024\/05\/logo-vidal-i-barrauqer-60-aniversari.jpg","contentUrl":"https:\/\/www.fvb.cat\/wp-content\/uploads\/2024\/05\/logo-vidal-i-barrauqer-60-aniversari.jpg","width":2125,"height":703,"caption":"Fundaci\u00f3 Vidal i Barraquer"},"image":{"@id":"https:\/\/www.fvb.cat\/es\/#\/schema\/logo\/image\/"}}]}},"_links":{"self":[{"href":"https:\/\/www.fvb.cat\/ca\/wp-json\/wp\/v2\/pages\/17983"}],"collection":[{"href":"https:\/\/www.fvb.cat\/ca\/wp-json\/wp\/v2\/pages"}],"about":[{"href":"https:\/\/www.fvb.cat\/ca\/wp-json\/wp\/v2\/types\/page"}],"author":[{"embeddable":true,"href":"https:\/\/www.fvb.cat\/ca\/wp-json\/wp\/v2\/users\/33"}],"replies":[{"embeddable":true,"href":"https:\/\/www.fvb.cat\/ca\/wp-json\/wp\/v2\/comments?post=17983"}],"version-history":[{"count":33,"href":"https:\/\/www.fvb.cat\/ca\/wp-json\/wp\/v2\/pages\/17983\/revisions"}],"predecessor-version":[{"id":18435,"href":"https:\/\/www.fvb.cat\/ca\/wp-json\/wp\/v2\/pages\/17983\/revisions\/18435"}],"up":[{"embeddable":true,"href":"https:\/\/www.fvb.cat\/ca\/wp-json\/wp\/v2\/pages\/5874"}],"wp:attachment":[{"href":"https:\/\/www.fvb.cat\/ca\/wp-json\/wp\/v2\/media?parent=17983"}],"curies":[{"name":"wp","href":"https:\/\/api.w.org\/{rel}","templated":true}]}}