{"id":17309,"date":"2025-07-30T11:31:10","date_gmt":"2025-07-30T10:31:10","guid":{"rendered":"https:\/\/www.fvb.cat\/ca\/?page_id=17309"},"modified":"2026-04-13T08:59:05","modified_gmt":"2026-04-13T07:59:05","slug":"formacio-continuada-en-psicoterapia","status":"publish","type":"page","link":"https:\/\/www.fvb.cat\/ca\/docencia\/formacio-continuada\/","title":{"rendered":"Formaci\u00f3 Continuada en Psicoter\u00e0pia"},"content":{"rendered":"<section class=\"l-section wpb_row height_medium\"><div class=\"l-section-h i-cf\"><div class=\"g-cols type_default valign_top\"><div class=\"vc_col-sm-12 wpb_column vc_column_container\"><div class=\"vc_column-inner\"><div class=\"wpb_wrapper\"><\/div><\/div><\/div><\/div><\/div><\/section><section class=\"l-section wpb_row height_medium\"><div class=\"l-section-h i-cf\"><div class=\"g-cols type_default valign_top\"><div class=\"vc_col-sm-12 wpb_column vc_column_container\"><div class=\"vc_column-inner\"><div class=\"wpb_wrapper\">[vc_empty_space height=&#8221;15px&#8221;]<div class=\"g-cols wpb_row type_default valign_top vc_inner \"><div class=\"vc_col-sm-12 wpb_column vc_column_container\"><div class=\"vc_column-inner\"><div class=\"wpb_wrapper\"><div class=\"wpb_text_column \"><div class=\"wpb_wrapper\">\n<h5><strong>PRESENTACI\u00d3<\/strong><\/h5>\n<p>La Formaci\u00f3 Continuada est\u00e0 integrada per cursos independents que pretenen l&#8217;actualitzaci\u00f3 de tem\u00e0tiques monogr\u00e0fiques amb l&#8217;objectiu de contribuir a la formaci\u00f3 dels i les professionals corresponents en el transcurs de la seva feina.<\/div> <\/div> <\/div><\/div><\/div><\/div>[vc_empty_space height=&#8221;15px&#8221;]<div class=\"g-cols wpb_row type_default valign_top vc_inner  vc_custom_1754302332389\"><div class=\"vc_col-sm-4 wpb_column vc_column_container\"><div class=\"vc_column-inner\"><div class=\"wpb_wrapper\"><div class=\"w-iconbox iconpos_top style_default color_custom no_title no_text\"><div class=\"w-iconbox-icon\" style=\"color:#000000;\"><i class=\"material-icons\">article<\/i><\/div><\/div><div class=\"wpb_text_column \"><div class=\"wpb_wrapper\"><p>Cursos independents per a la formaci\u00f3 continuada en psicoter\u00e0pia<\/p><\/div> <\/div> <\/div><\/div><\/div><div class=\"vc_col-sm-4 wpb_column vc_column_container has-fill\"><div class=\"vc_column-inner  vc_custom_1754304741607\"><div class=\"wpb_wrapper\"><div class=\"w-iconbox iconpos_top style_default color_custom no_title no_text\"><div class=\"w-iconbox-icon\" style=\"color:#000000;\"><i class=\"material-icons\">school<\/i><\/div><\/div><div class=\"wpb_text_column \"><div class=\"wpb_wrapper\"><p>Docents especialitzats en psicoter\u00e0pia<\/p><\/div> <\/div> <\/div><\/div><\/div><div class=\"vc_col-sm-4 wpb_column vc_column_container\"><div class=\"vc_column-inner\"><div class=\"wpb_wrapper\"><div class=\"w-iconbox iconpos_top style_default color_custom no_title no_text\"><div class=\"w-iconbox-icon\" style=\"color:#000000;\"><i class=\"material-icons\">people_outline<\/i><\/div><\/div><div class=\"wpb_text_column \"><div class=\"wpb_wrapper\"><p>Grups redu\u00efts i metodologies pr\u00e0ctiques<\/p><\/div> <\/div> <\/div><\/div><\/div><\/div><div class=\"g-cols wpb_row type_default valign_top vc_inner \"><div class=\"vc_col-sm-6 wpb_column vc_column_container\"><div class=\"vc_column-inner\"><div class=\"wpb_wrapper\"><div class=\"wpb_text_column \"><div class=\"wpb_wrapper\">\n<h2><strong>Relaci\u00f3 terap\u00e8utica i psicofarmacologia<\/strong><\/h2>\n<\/div> <\/div> <div class=\"w-image\"><div class=\"us-frame\"><a href=\"https:\/\/www.fvb.cat\/wp-content\/uploads\/2026\/01\/Curs-Relacio-terapeutica-i-psicofarmacologia.pdf\" title=\"\" target=\"_blank\" rel=\"\"><img loading=\"lazy\" decoding=\"async\" width=\"724\" height=\"1024\" src=\"https:\/\/www.fvb.cat\/wp-content\/uploads\/2026\/01\/Curs-Relacio-terapeutica-i-psicofarmacologia.pdf-724x1024.jpg\" class=\"attachment-large size-large\" alt=\"\" srcset=\"https:\/\/www.fvb.cat\/wp-content\/uploads\/2026\/01\/Curs-Relacio-terapeutica-i-psicofarmacologia.pdf-724x1024.jpg 724w, https:\/\/www.fvb.cat\/wp-content\/uploads\/2026\/01\/Curs-Relacio-terapeutica-i-psicofarmacologia.pdf-212x300.jpg 212w, https:\/\/www.fvb.cat\/wp-content\/uploads\/2026\/01\/Curs-Relacio-terapeutica-i-psicofarmacologia.pdf-768x1086.jpg 768w, https:\/\/www.fvb.cat\/wp-content\/uploads\/2026\/01\/Curs-Relacio-terapeutica-i-psicofarmacologia.pdf-1086x1536.jpg 1086w, https:\/\/www.fvb.cat\/wp-content\/uploads\/2026\/01\/Curs-Relacio-terapeutica-i-psicofarmacologia.pdf-320x453.jpg 320w, https:\/\/www.fvb.cat\/wp-content\/uploads\/2026\/01\/Curs-Relacio-terapeutica-i-psicofarmacologia.pdf-480x679.jpg 480w, https:\/\/www.fvb.cat\/wp-content\/uploads\/2026\/01\/Curs-Relacio-terapeutica-i-psicofarmacologia.pdf-800x1132.jpg 800w, https:\/\/www.fvb.cat\/wp-content\/uploads\/2026\/01\/Curs-Relacio-terapeutica-i-psicofarmacologia.pdf-600x849.jpg 600w, https:\/\/www.fvb.cat\/wp-content\/uploads\/2026\/01\/Curs-Relacio-terapeutica-i-psicofarmacologia.pdf.jpg 1414w\" sizes=\"(max-width: 724px) 100vw, 724px\" \/><\/a><\/div><\/div><div class=\"wpb_text_column \"><div class=\"wpb_wrapper\">\n<h6><strong>Docents<\/strong><\/h6>\n<p>Jos\u00e9 Rib\u00e9 i Tali Vaimberg<\/p>\n<h6><strong>Calendari<\/strong><\/h6>\n<p>9 i 16 d&#8217;abril de 2026<\/p>\n<p>17.30 h a 21:00 h<\/p>\n<h6><strong>Preu<\/strong><\/h6>\n<p>130 \u20ac<\/div> <\/div> <div class=\"w-btn-wrapper align_center\"><a class=\"w-btn style_outlined color_navy icon_none\" href=\"https:\/\/www.fvb.cat\/wp-content\/uploads\/2026\/01\/Curs-Relacio-terapeutica-i-psicofarmacologia.pdf\" target=\"_blank\"><span class=\"w-btn-label\">PROGRAMA<\/span><\/a><\/div><div class=\"wpb_text_column \"><div class=\"wpb_wrapper\"><p>Per inscriure&#8217;t omple el seg\u00fcent formulari indicant el nom de la formaci\u00f3. Et contactarem per donar-te la informaci\u00f3 per formalitzar la inscripci\u00f3.<\/p><\/div> <\/div> <div class=\"w-form for_cform align_center\" id=\"us_form_1\">\n\t<form class=\"w-form-h\" autocomplete=\"off\" action=\"https:\/\/www.fvb.cat\/ca\/wp-json\/wp\/v2\/pages\/17309\" method=\"post\">\n\t\t\t\t\t\t\t<div class=\"w-form-row for_name required\">\n\t<div class=\"w-form-row-label\">\n\t\t<label for=\"us_form_1_name\"><\/label>\n\t<\/div>\n\t<div class=\"w-form-row-field\">\n\t\t\t\t<input type=\"text\" name=\"name\" id=\"us_form_1_name\" value=\"\"\n\t\t\t   placeholder=\"Name *\" data-required=\"true\" aria-required=\"true\"\/>\n\t\t<span class=\"w-form-row-field-bar\"><\/span>\n\t\t\t<\/div>\n\t<div class=\"w-form-row-state\"><\/div>\n\t<\/div>\n\t\t\t\t\t<div class=\"w-form-row for_email required\">\n\t<div class=\"w-form-row-label\">\n\t\t<label for=\"us_form_1_email\"><\/label>\n\t<\/div>\n\t<div class=\"w-form-row-field\">\n\t\t\t\t<input type=\"email\" name=\"email\" id=\"us_form_1_email\" value=\"\"\n\t\t\t   placeholder=\"Email *\" data-required=\"true\" aria-required=\"true\"\/>\n\t\t<span class=\"w-form-row-field-bar\"><\/span>\n\t\t\t<\/div>\n\t<div class=\"w-form-row-state\"><\/div>\n\t<\/div>\n\t\t\t\t\t<div class=\"w-form-row for_phone\">\n\t<div class=\"w-form-row-label\">\n\t\t<label for=\"us_form_1_phone\"><\/label>\n\t<\/div>\n\t<div class=\"w-form-row-field\">\n\t\t\t\t<input type=\"text\" name=\"phone\" id=\"us_form_1_phone\" value=\"\"\n\t\t\t   placeholder=\"Phone Number\"\/>\n\t\t<span class=\"w-form-row-field-bar\"><\/span>\n\t\t\t<\/div>\n\t<div class=\"w-form-row-state\"><\/div>\n\t<\/div>\n\t\t\t\t\t<div class=\"w-form-row for_message required\">\n\t<div class=\"w-form-row-label\">\n\t\t<label for=\"us_form_1_message\"><\/label>\n\t<\/div>\n\t<div class=\"w-form-row-field\">\n\t\t\t\t<textarea name=\"message\" id=\"us_form_1_message\" cols=\"30\" rows=\"10\" placeholder=\"Message *\"\n\t\t\t data-required=\"true\" aria-required=\"true\"><\/textarea>\n\t\t<span class=\"w-form-row-field-bar\"><\/span>\n\t\t\t<\/div>\n\t<div class=\"w-form-row-state\"><\/div>\n\t<\/div>\n\t\t\t\t\t<div class=\"w-form-row for_captcha required\">\n\t<div class=\"w-form-row-label\">\n\t\t<label for=\"us_form_1_captcha\">Just to prove you are a human, please solve the equation: <span>29 - 9 = ?<\/span><\/label>\n\t<\/div>\n\t<div class=\"w-form-row-field\">\n\t\t\t\t<input type=\"hidden\" name=\"captcha_hash\" value=\"199f6c8fd0c358760e3d106ba124056a\" \/>\n\t\t<input type=\"text\" name=\"captcha\" id=\"us_form_1_captcha\" value=\"\"\n\t\t\t   data-required=\"1\" placeholder=\"\" aria-required=\"true\" \/>\n\t\t<span class=\"w-form-row-field-bar\"><\/span>\n\t\t\t<\/div>\n\t<div class=\"w-form-row-state\"><\/div>\n\t<\/div>\n\t\t\t\t\t<input type=\"hidden\" name=\"action\" value=\"us_ajax_cform\" \/>\n\t\t\t\t\t<input type=\"hidden\" name=\"post_id\" value=\"17309\" \/>\n\t\t\t\t\t<input type=\"hidden\" name=\"form_index\" value=\"1\" \/>\n\t\t\t\t\t<div class=\"w-form-row for_submit\">\n\t<div class=\"w-form-row-field\">\n\t\t<button class=\"w-btn size_15px color_navy style_outlined\" type=\"submit\"><span class=\"g-preloader type_1\"><\/span><span class=\"w-btn-label\">INSCRIU-TE<\/span><\/button>\n\t<\/div>\n<\/div>\n\t\t\t\t<div class=\"w-form-message\"><\/div>\n\t\t\t<\/form>\n\t\t\t<div class=\"w-form-json hidden\" onclick='return {&quot;ajaxurl&quot;:&quot;https:\\\/\\\/www.fvb.cat\\\/wp-admin\\\/admin-ajax.php&quot;,&quot;success&quot;:&quot;Thank you! Your message was sent.&quot;,&quot;errors&quot;:{&quot;name&quot;:&quot;Please enter your Name&quot;,&quot;email&quot;:&quot;Please enter your Email&quot;,&quot;phone&quot;:&quot;Please enter your Phone Number&quot;,&quot;message&quot;:&quot;Please enter a Message&quot;,&quot;captcha&quot;:&quot;Please enter the equation result&quot;}}'><\/div>\n\t<\/div>\n<\/div><\/div><\/div><div class=\"vc_col-sm-6 wpb_column vc_column_container\"><div class=\"vc_column-inner\"><div class=\"wpb_wrapper\"><div class=\"wpb_text_column \"><div class=\"wpb_wrapper\">\n<h2><strong>Sectes i relacions sect\u00e0ries<\/strong><\/h2>\n<\/div> <\/div> <div class=\"w-image\"><div class=\"us-frame\"><a href=\"https:\/\/www.fvb.cat\/wp-content\/uploads\/2026\/01\/SECTES-I-RELACIONS-SECTARIES_CAT.pdf\" title=\"\" target=\"_blank\" rel=\"\"><img loading=\"lazy\" decoding=\"async\" width=\"724\" height=\"1024\" src=\"https:\/\/www.fvb.cat\/wp-content\/uploads\/2026\/01\/SECTAS-Y-RELACIONES-SECTARIAS_CAST.pdf-724x1024.jpg\" class=\"attachment-large size-large\" alt=\"\" srcset=\"https:\/\/www.fvb.cat\/wp-content\/uploads\/2026\/01\/SECTAS-Y-RELACIONES-SECTARIAS_CAST.pdf-724x1024.jpg 724w, https:\/\/www.fvb.cat\/wp-content\/uploads\/2026\/01\/SECTAS-Y-RELACIONES-SECTARIAS_CAST.pdf-212x300.jpg 212w, https:\/\/www.fvb.cat\/wp-content\/uploads\/2026\/01\/SECTAS-Y-RELACIONES-SECTARIAS_CAST.pdf-768x1086.jpg 768w, https:\/\/www.fvb.cat\/wp-content\/uploads\/2026\/01\/SECTAS-Y-RELACIONES-SECTARIAS_CAST.pdf-1086x1536.jpg 1086w, https:\/\/www.fvb.cat\/wp-content\/uploads\/2026\/01\/SECTAS-Y-RELACIONES-SECTARIAS_CAST.pdf-320x453.jpg 320w, https:\/\/www.fvb.cat\/wp-content\/uploads\/2026\/01\/SECTAS-Y-RELACIONES-SECTARIAS_CAST.pdf-480x679.jpg 480w, https:\/\/www.fvb.cat\/wp-content\/uploads\/2026\/01\/SECTAS-Y-RELACIONES-SECTARIAS_CAST.pdf-800x1132.jpg 800w, https:\/\/www.fvb.cat\/wp-content\/uploads\/2026\/01\/SECTAS-Y-RELACIONES-SECTARIAS_CAST.pdf-600x849.jpg 600w, https:\/\/www.fvb.cat\/wp-content\/uploads\/2026\/01\/SECTAS-Y-RELACIONES-SECTARIAS_CAST.pdf.jpg 1414w\" sizes=\"(max-width: 724px) 100vw, 724px\" \/><\/a><\/div><\/div><div class=\"wpb_text_column \"><div class=\"wpb_wrapper\">\n<h6><strong>Docent<\/strong><\/h6>\n<p>Miguel Perlado<\/p>\n<h6><strong>Calendari<\/strong><\/h6>\n<p>28 de maig, 4 i 11 de juny de 2026<\/p>\n<p>17.00 h a 21:30 h<\/p>\n<h6><strong>Preu<\/strong><\/h6>\n<p>265 \u20ac<\/div> <\/div> <div class=\"w-btn-wrapper align_center\"><a class=\"w-btn style_outlined color_navy icon_none\" href=\"https:\/\/www.fvb.cat\/wp-content\/uploads\/2026\/04\/programa-sectes-i-relacions-sectaries-2.pdf\" target=\"_blank\"><span class=\"w-btn-label\">PROGRAMA<\/span><\/a><\/div><div class=\"wpb_text_column \"><div class=\"wpb_wrapper\"><p>Per inscriure&#8217;t omple el seg\u00fcent formulari indicant el nom de la formaci\u00f3. Et contactarem per donar-te la informaci\u00f3 per formalitzar la inscripci\u00f3.<\/p><\/div> <\/div> <div class=\"w-form for_cform align_center\" id=\"us_form_2\">\n\t<form class=\"w-form-h\" autocomplete=\"off\" action=\"https:\/\/www.fvb.cat\/ca\/wp-json\/wp\/v2\/pages\/17309\" method=\"post\">\n\t\t\t\t\t\t\t<div class=\"w-form-row for_name required\">\n\t<div class=\"w-form-row-label\">\n\t\t<label for=\"us_form_2_name\"><\/label>\n\t<\/div>\n\t<div class=\"w-form-row-field\">\n\t\t\t\t<input type=\"text\" name=\"name\" id=\"us_form_2_name\" value=\"\"\n\t\t\t   placeholder=\"Name *\" data-required=\"true\" aria-required=\"true\"\/>\n\t\t<span class=\"w-form-row-field-bar\"><\/span>\n\t\t\t<\/div>\n\t<div class=\"w-form-row-state\"><\/div>\n\t<\/div>\n\t\t\t\t\t<div class=\"w-form-row for_email required\">\n\t<div class=\"w-form-row-label\">\n\t\t<label for=\"us_form_2_email\"><\/label>\n\t<\/div>\n\t<div class=\"w-form-row-field\">\n\t\t\t\t<input type=\"email\" name=\"email\" id=\"us_form_2_email\" value=\"\"\n\t\t\t   placeholder=\"Email *\" data-required=\"true\" aria-required=\"true\"\/>\n\t\t<span class=\"w-form-row-field-bar\"><\/span>\n\t\t\t<\/div>\n\t<div class=\"w-form-row-state\"><\/div>\n\t<\/div>\n\t\t\t\t\t<div class=\"w-form-row for_phone\">\n\t<div class=\"w-form-row-label\">\n\t\t<label for=\"us_form_2_phone\"><\/label>\n\t<\/div>\n\t<div class=\"w-form-row-field\">\n\t\t\t\t<input type=\"text\" name=\"phone\" id=\"us_form_2_phone\" value=\"\"\n\t\t\t   placeholder=\"Phone Number\"\/>\n\t\t<span class=\"w-form-row-field-bar\"><\/span>\n\t\t\t<\/div>\n\t<div class=\"w-form-row-state\"><\/div>\n\t<\/div>\n\t\t\t\t\t<div class=\"w-form-row for_message required\">\n\t<div class=\"w-form-row-label\">\n\t\t<label for=\"us_form_2_message\"><\/label>\n\t<\/div>\n\t<div class=\"w-form-row-field\">\n\t\t\t\t<textarea name=\"message\" id=\"us_form_2_message\" cols=\"30\" rows=\"10\" placeholder=\"Message *\"\n\t\t\t data-required=\"true\" aria-required=\"true\"><\/textarea>\n\t\t<span class=\"w-form-row-field-bar\"><\/span>\n\t\t\t<\/div>\n\t<div class=\"w-form-row-state\"><\/div>\n\t<\/div>\n\t\t\t\t\t<div class=\"w-form-row for_captcha required\">\n\t<div class=\"w-form-row-label\">\n\t\t<label for=\"us_form_2_captcha\">Just to prove you are a human, please solve the equation: <span>17 + 1 = ?<\/span><\/label>\n\t<\/div>\n\t<div class=\"w-form-row-field\">\n\t\t\t\t<input type=\"hidden\" name=\"captcha_hash\" value=\"8068aa362057b775611847a47c869442\" \/>\n\t\t<input type=\"text\" name=\"captcha\" id=\"us_form_2_captcha\" value=\"\"\n\t\t\t   data-required=\"1\" placeholder=\"\" aria-required=\"true\" \/>\n\t\t<span class=\"w-form-row-field-bar\"><\/span>\n\t\t\t<\/div>\n\t<div class=\"w-form-row-state\"><\/div>\n\t<\/div>\n\t\t\t\t\t<input type=\"hidden\" name=\"action\" value=\"us_ajax_cform\" \/>\n\t\t\t\t\t<input type=\"hidden\" name=\"post_id\" value=\"17309\" \/>\n\t\t\t\t\t<input type=\"hidden\" name=\"form_index\" value=\"2\" \/>\n\t\t\t\t\t<div class=\"w-form-row for_submit\">\n\t<div class=\"w-form-row-field\">\n\t\t<button class=\"w-btn size_15px color_navy style_outlined\" type=\"submit\"><span class=\"g-preloader type_1\"><\/span><span class=\"w-btn-label\">INSCRIU-TE<\/span><\/button>\n\t<\/div>\n<\/div>\n\t\t\t\t<div class=\"w-form-message\"><\/div>\n\t\t\t<\/form>\n\t\t\t<div class=\"w-form-json hidden\" onclick='return {&quot;ajaxurl&quot;:&quot;https:\\\/\\\/www.fvb.cat\\\/wp-admin\\\/admin-ajax.php&quot;,&quot;success&quot;:&quot;Thank you! Your message was sent.&quot;,&quot;errors&quot;:{&quot;name&quot;:&quot;Please enter your Name&quot;,&quot;email&quot;:&quot;Please enter your Email&quot;,&quot;phone&quot;:&quot;Please enter your Phone Number&quot;,&quot;message&quot;:&quot;Please enter a Message&quot;,&quot;captcha&quot;:&quot;Please enter the equation result&quot;}}'><\/div>\n\t<\/div>\n<\/div><\/div><\/div><\/div>[vc_empty_space height=&#8221;15px&#8221;]<div class=\"w-separator type_default size_medium thick_5 style_solid color_border cont_none\"><span class=\"w-separator-h\"><\/span><\/div><div class=\"g-cols wpb_row type_default valign_top vc_inner \"><div class=\"vc_col-sm-6 wpb_column vc_column_container\"><div class=\"vc_column-inner\"><div class=\"wpb_wrapper\"><div class=\"wpb_text_column \"><div class=\"wpb_wrapper\">\n<h2><strong>Valoraci\u00f3 del runcionament reflexiu parental en la parent development interview (PDI)\u00a0<\/strong><\/h2>\n<\/div> <\/div> <div class=\"w-image\"><div class=\"us-frame\"><a href=\"https:\/\/www.fvb.cat\/wp-content\/uploads\/2026\/03\/formacio-PDI.pdf\" title=\"\" target=\"_blank\" rel=\"\"><img loading=\"lazy\" decoding=\"async\" width=\"724\" height=\"1024\" src=\"https:\/\/www.fvb.cat\/wp-content\/uploads\/2026\/03\/formacio-PDI.pdf-724x1024.jpg\" class=\"attachment-large size-large\" alt=\"\" srcset=\"https:\/\/www.fvb.cat\/wp-content\/uploads\/2026\/03\/formacio-PDI.pdf-724x1024.jpg 724w, https:\/\/www.fvb.cat\/wp-content\/uploads\/2026\/03\/formacio-PDI.pdf-212x300.jpg 212w, https:\/\/www.fvb.cat\/wp-content\/uploads\/2026\/03\/formacio-PDI.pdf-768x1086.jpg 768w, https:\/\/www.fvb.cat\/wp-content\/uploads\/2026\/03\/formacio-PDI.pdf-1086x1536.jpg 1086w, https:\/\/www.fvb.cat\/wp-content\/uploads\/2026\/03\/formacio-PDI.pdf-320x453.jpg 320w, https:\/\/www.fvb.cat\/wp-content\/uploads\/2026\/03\/formacio-PDI.pdf-480x679.jpg 480w, https:\/\/www.fvb.cat\/wp-content\/uploads\/2026\/03\/formacio-PDI.pdf-800x1132.jpg 800w, https:\/\/www.fvb.cat\/wp-content\/uploads\/2026\/03\/formacio-PDI.pdf-600x849.jpg 600w, https:\/\/www.fvb.cat\/wp-content\/uploads\/2026\/03\/formacio-PDI.pdf.jpg 1414w\" sizes=\"(max-width: 724px) 100vw, 724px\" \/><\/a><\/div><\/div><div class=\"wpb_text_column \"><div class=\"wpb_wrapper\">\n<h6><strong>Docent<\/strong><\/h6>\n<p>Marta Golan\u00f3<\/p>\n<h6><strong>Calendari<\/strong><\/h6>\n<p>8, 9 i 10 de juliol de 2026<\/p>\n<p>9.00 h a 17.00 h<\/p>\n<h6><strong>Preu<\/strong><\/h6>\n<p>600 \u20ac<\/div> <\/div> <div class=\"w-btn-wrapper align_center\"><a class=\"w-btn style_outlined color_navy icon_none\" href=\"https:\/\/www.fvb.cat\/wp-content\/uploads\/2026\/03\/formacio-PDI.pdf\" target=\"_blank\"><span class=\"w-btn-label\">PROGRAMA<\/span><\/a><\/div><div class=\"wpb_text_column \"><div class=\"wpb_wrapper\"><p>Per inscriure&#8217;t omple el seg\u00fcent formulari indicant el nom de la formaci\u00f3. Et contactarem per donar-te la informaci\u00f3 per formalitzar la inscripci\u00f3.<\/p><\/div> <\/div> <div class=\"w-form for_cform align_center\" id=\"us_form_3\">\n\t<form class=\"w-form-h\" autocomplete=\"off\" action=\"https:\/\/www.fvb.cat\/ca\/wp-json\/wp\/v2\/pages\/17309\" method=\"post\">\n\t\t\t\t\t\t\t<div class=\"w-form-row for_name required\">\n\t<div class=\"w-form-row-label\">\n\t\t<label for=\"us_form_3_name\"><\/label>\n\t<\/div>\n\t<div class=\"w-form-row-field\">\n\t\t\t\t<input type=\"text\" name=\"name\" id=\"us_form_3_name\" value=\"\"\n\t\t\t   placeholder=\"Name *\" data-required=\"true\" aria-required=\"true\"\/>\n\t\t<span class=\"w-form-row-field-bar\"><\/span>\n\t\t\t<\/div>\n\t<div class=\"w-form-row-state\"><\/div>\n\t<\/div>\n\t\t\t\t\t<div class=\"w-form-row for_email required\">\n\t<div class=\"w-form-row-label\">\n\t\t<label for=\"us_form_3_email\"><\/label>\n\t<\/div>\n\t<div class=\"w-form-row-field\">\n\t\t\t\t<input type=\"email\" name=\"email\" id=\"us_form_3_email\" value=\"\"\n\t\t\t   placeholder=\"Email *\" data-required=\"true\" aria-required=\"true\"\/>\n\t\t<span class=\"w-form-row-field-bar\"><\/span>\n\t\t\t<\/div>\n\t<div class=\"w-form-row-state\"><\/div>\n\t<\/div>\n\t\t\t\t\t<div class=\"w-form-row for_phone\">\n\t<div class=\"w-form-row-label\">\n\t\t<label for=\"us_form_3_phone\"><\/label>\n\t<\/div>\n\t<div class=\"w-form-row-field\">\n\t\t\t\t<input type=\"text\" name=\"phone\" id=\"us_form_3_phone\" value=\"\"\n\t\t\t   placeholder=\"Phone Number\"\/>\n\t\t<span class=\"w-form-row-field-bar\"><\/span>\n\t\t\t<\/div>\n\t<div class=\"w-form-row-state\"><\/div>\n\t<\/div>\n\t\t\t\t\t<div class=\"w-form-row for_message required\">\n\t<div class=\"w-form-row-label\">\n\t\t<label for=\"us_form_3_message\"><\/label>\n\t<\/div>\n\t<div class=\"w-form-row-field\">\n\t\t\t\t<textarea name=\"message\" id=\"us_form_3_message\" cols=\"30\" rows=\"10\" placeholder=\"Message *\"\n\t\t\t data-required=\"true\" aria-required=\"true\"><\/textarea>\n\t\t<span class=\"w-form-row-field-bar\"><\/span>\n\t\t\t<\/div>\n\t<div class=\"w-form-row-state\"><\/div>\n\t<\/div>\n\t\t\t\t\t<div class=\"w-form-row for_captcha required\">\n\t<div class=\"w-form-row-label\">\n\t\t<label for=\"us_form_3_captcha\">Just to prove you are a human, please solve the equation: <span>18 - 2 = ?<\/span><\/label>\n\t<\/div>\n\t<div class=\"w-form-row-field\">\n\t\t\t\t<input type=\"hidden\" name=\"captcha_hash\" value=\"735545961f05b43007443025a46b0d9e\" \/>\n\t\t<input type=\"text\" name=\"captcha\" id=\"us_form_3_captcha\" value=\"\"\n\t\t\t   data-required=\"1\" placeholder=\"\" aria-required=\"true\" \/>\n\t\t<span class=\"w-form-row-field-bar\"><\/span>\n\t\t\t<\/div>\n\t<div class=\"w-form-row-state\"><\/div>\n\t<\/div>\n\t\t\t\t\t<input type=\"hidden\" name=\"action\" value=\"us_ajax_cform\" \/>\n\t\t\t\t\t<input type=\"hidden\" name=\"post_id\" value=\"17309\" \/>\n\t\t\t\t\t<input type=\"hidden\" name=\"form_index\" value=\"3\" \/>\n\t\t\t\t\t<div class=\"w-form-row for_submit\">\n\t<div class=\"w-form-row-field\">\n\t\t<button class=\"w-btn size_15px color_navy style_outlined\" type=\"submit\"><span class=\"g-preloader type_1\"><\/span><span class=\"w-btn-label\">INSCRIU-TE<\/span><\/button>\n\t<\/div>\n<\/div>\n\t\t\t\t<div class=\"w-form-message\"><\/div>\n\t\t\t<\/form>\n\t\t\t<div class=\"w-form-json hidden\" onclick='return {&quot;ajaxurl&quot;:&quot;https:\\\/\\\/www.fvb.cat\\\/wp-admin\\\/admin-ajax.php&quot;,&quot;success&quot;:&quot;Thank you! Your message was sent.&quot;,&quot;errors&quot;:{&quot;name&quot;:&quot;Please enter your Name&quot;,&quot;email&quot;:&quot;Please enter your Email&quot;,&quot;phone&quot;:&quot;Please enter your Phone Number&quot;,&quot;message&quot;:&quot;Please enter a Message&quot;,&quot;captcha&quot;:&quot;Please enter the equation result&quot;}}'><\/div>\n\t<\/div>\n<\/div><\/div><\/div><div class=\"vc_col-sm-6 wpb_column vc_column_container\"><div class=\"vc_column-inner\"><div class=\"wpb_wrapper\"><\/div><\/div><\/div><\/div>[vc_empty_space height=&#8221;15px&#8221;]<div class=\"w-separator type_default size_medium thick_1 style_solid color_border cont_none\"><span class=\"w-separator-h\"><\/span><\/div><div class=\"wpb_text_column \"><div class=\"wpb_wrapper\">\n<h4 style=\"text-align: center;\"><strong>FORMACI\u00d3 CONTINUADA EN PSICOTER\u00c0PIA<\/strong><\/h4>\n<\/div> <\/div> [vc_empty_space height=&#8221;15px&#8221;]<div class=\"g-cols wpb_row type_default valign_top vc_inner \"><div class=\"vc_col-sm-4 wpb_column vc_column_container\"><div class=\"vc_column-inner\"><div class=\"wpb_wrapper\"><div class=\"wpb_text_column \"><div class=\"wpb_wrapper\">\n<h4 style=\"text-align: center;\"><strong>De l&#8217;avaluaci\u00f3 a la investigaci\u00f3 en psicoter\u00e0pia d&#8217;orientaci\u00f3 psicoanal\u00edtica<\/strong><\/h4>\n<\/div> <\/div> [vc_empty_space height=&#8221;15px&#8221;]<div class=\"wpb_text_column  vc_custom_1762862453996\"><div class=\"wpb_wrapper\">\n<h6><strong>PRESENTACI\u00d3<\/strong><\/h6>\n<p>Aquest seminari t\u00e9 com a objectiu la reflexi\u00f3 i l&#8217;an\u00e0lisi de la necessitat d&#8217;implementar instruments de recerca en la pr\u00e0ctica de la psicoter\u00e0pia com a m\u00e8tode per a la millora i optimitzaci\u00f3 dels recursos utilitzats.<\/p>\n<h6><strong>DOCENT<\/strong><\/h6>\n<p>Jordi Artigue<\/p>\n<h6><strong>CALENDARI<\/strong><\/h6>\n<p>29 de gener<\/p>\n<p>5, 12, 19 i 26 de febrer<\/p>\n<p>5, 12, 19 i 26 de mar\u00e7<\/p>\n<p>9 d&#8217;abril<\/p>\n<h6><strong>PREU<\/strong><\/h6>\n<p>440\u20ac<\/div> <\/div> <div class=\"w-btn-wrapper align_center\"><a class=\"w-btn style_outlined color_navy icon_none\" href=\"https:\/\/www.fvb.cat\/wp-content\/uploads\/2025\/11\/FCP_DE1.pdf\" target=\"_blank\"><span class=\"w-btn-label\">PROGRAMA<\/span><\/a><\/div><div class=\"wpb_text_column \"><div class=\"wpb_wrapper\"><p>Per inscriure&#8217;t omple el seg\u00fcent formulari indicant el nom de la formaci\u00f3. Et contactarem per donar-te la informaci\u00f3 per formalitzar la inscripci\u00f3.<\/p><\/div> <\/div> <div class=\"w-form for_cform align_center\" id=\"us_form_4\">\n\t<form class=\"w-form-h\" autocomplete=\"off\" action=\"https:\/\/www.fvb.cat\/ca\/wp-json\/wp\/v2\/pages\/17309\" method=\"post\">\n\t\t\t\t\t\t\t<div class=\"w-form-row for_name required\">\n\t<div class=\"w-form-row-label\">\n\t\t<label for=\"us_form_4_name\"><\/label>\n\t<\/div>\n\t<div class=\"w-form-row-field\">\n\t\t\t\t<input type=\"text\" name=\"name\" id=\"us_form_4_name\" value=\"\"\n\t\t\t   placeholder=\"Name *\" data-required=\"true\" aria-required=\"true\"\/>\n\t\t<span class=\"w-form-row-field-bar\"><\/span>\n\t\t\t<\/div>\n\t<div class=\"w-form-row-state\"><\/div>\n\t<\/div>\n\t\t\t\t\t<div class=\"w-form-row for_email required\">\n\t<div class=\"w-form-row-label\">\n\t\t<label for=\"us_form_4_email\"><\/label>\n\t<\/div>\n\t<div class=\"w-form-row-field\">\n\t\t\t\t<input type=\"email\" name=\"email\" id=\"us_form_4_email\" value=\"\"\n\t\t\t   placeholder=\"Email *\" data-required=\"true\" aria-required=\"true\"\/>\n\t\t<span class=\"w-form-row-field-bar\"><\/span>\n\t\t\t<\/div>\n\t<div class=\"w-form-row-state\"><\/div>\n\t<\/div>\n\t\t\t\t\t<div class=\"w-form-row for_phone\">\n\t<div class=\"w-form-row-label\">\n\t\t<label for=\"us_form_4_phone\"><\/label>\n\t<\/div>\n\t<div class=\"w-form-row-field\">\n\t\t\t\t<input type=\"text\" name=\"phone\" id=\"us_form_4_phone\" value=\"\"\n\t\t\t   placeholder=\"Phone Number\"\/>\n\t\t<span class=\"w-form-row-field-bar\"><\/span>\n\t\t\t<\/div>\n\t<div class=\"w-form-row-state\"><\/div>\n\t<\/div>\n\t\t\t\t\t<div class=\"w-form-row for_message required\">\n\t<div class=\"w-form-row-label\">\n\t\t<label for=\"us_form_4_message\"><\/label>\n\t<\/div>\n\t<div class=\"w-form-row-field\">\n\t\t\t\t<textarea name=\"message\" id=\"us_form_4_message\" cols=\"30\" rows=\"10\" placeholder=\"Message *\"\n\t\t\t data-required=\"true\" aria-required=\"true\"><\/textarea>\n\t\t<span class=\"w-form-row-field-bar\"><\/span>\n\t\t\t<\/div>\n\t<div class=\"w-form-row-state\"><\/div>\n\t<\/div>\n\t\t\t\t\t<div class=\"w-form-row for_captcha required\">\n\t<div class=\"w-form-row-label\">\n\t\t<label for=\"us_form_4_captcha\">Just to prove you are a human, please solve the equation: <span>16 - 11 = ?<\/span><\/label>\n\t<\/div>\n\t<div class=\"w-form-row-field\">\n\t\t\t\t<input type=\"hidden\" name=\"captcha_hash\" value=\"d202882ef98c4b884380cfc44b0d5e3f\" \/>\n\t\t<input type=\"text\" name=\"captcha\" id=\"us_form_4_captcha\" value=\"\"\n\t\t\t   data-required=\"1\" placeholder=\"\" aria-required=\"true\" \/>\n\t\t<span class=\"w-form-row-field-bar\"><\/span>\n\t\t\t<\/div>\n\t<div class=\"w-form-row-state\"><\/div>\n\t<\/div>\n\t\t\t\t\t<input type=\"hidden\" name=\"action\" value=\"us_ajax_cform\" \/>\n\t\t\t\t\t<input type=\"hidden\" name=\"post_id\" value=\"17309\" \/>\n\t\t\t\t\t<input type=\"hidden\" name=\"form_index\" value=\"4\" \/>\n\t\t\t\t\t<div class=\"w-form-row for_submit\">\n\t<div class=\"w-form-row-field\">\n\t\t<button class=\"w-btn size_15px color_navy style_outlined\" type=\"submit\"><span class=\"g-preloader type_1\"><\/span><span class=\"w-btn-label\">INSCRIU-TE<\/span><\/button>\n\t<\/div>\n<\/div>\n\t\t\t\t<div class=\"w-form-message\"><\/div>\n\t\t\t<\/form>\n\t\t\t<div class=\"w-form-json hidden\" onclick='return {&quot;ajaxurl&quot;:&quot;https:\\\/\\\/www.fvb.cat\\\/wp-admin\\\/admin-ajax.php&quot;,&quot;success&quot;:&quot;Thank you! Your message was sent.&quot;,&quot;errors&quot;:{&quot;name&quot;:&quot;Please enter your Name&quot;,&quot;email&quot;:&quot;Please enter your Email&quot;,&quot;phone&quot;:&quot;Please enter your Phone Number&quot;,&quot;message&quot;:&quot;Please enter a Message&quot;,&quot;captcha&quot;:&quot;Please enter the equation result&quot;}}'><\/div>\n\t<\/div>\n<\/div><\/div><\/div><div class=\"vc_col-sm-4 wpb_column vc_column_container\"><div class=\"vc_column-inner\"><div class=\"wpb_wrapper\"><div class=\"wpb_text_column \"><div class=\"wpb_wrapper\">\n<h4 style=\"text-align: center;\"><strong>Conceptes fonamentals de la psicoter\u00e0pia psicodin\u00e0mica<\/strong><\/h4>\n<\/div> <\/div> [vc_empty_space height=&#8221;15px&#8221;]<div class=\"wpb_text_column  vc_custom_1754300080922\"><div class=\"wpb_wrapper\">\n<h6><strong>PRESENTACI\u00d3<\/strong><\/h6>\n<p>Es revisaran els conceptes b\u00e0sics de la teoria i t\u00e8cnica psicodin\u00e0mica, per a poder comprendre i utilitzar les eines t\u00e8cniques psicoanal\u00edtiques de la manera m\u00e9s ajustada i rigosrosa.<\/p>\n<h6><strong>DOCENT<\/strong><\/h6>\n<p>Ramon Riera<\/p>\n<h6><strong>CALENDARI<\/strong><\/h6>\n<p>16, 23 i 30 de setembre<\/p>\n<p>7, 14, 21 i 28 d&#8217;octubre<\/p>\n<p>4, 11 i 18 de novembre<\/p>\n<h6><strong>PREU<\/strong><\/h6>\n<p>440\u20ac<\/p>\n<\/div> <\/div> <div class=\"w-btn-wrapper align_center\"><a class=\"w-btn style_outlined color_navy icon_none\" href=\"https:\/\/www.fvb.cat\/wp-content\/uploads\/2025\/08\/CAT_Conceptes-fonamentals-de-la-psicoterapia-psicodinamica.pdf\" target=\"_blank\"><span class=\"w-btn-label\">PROGRAMA <\/span><\/a><\/div><div class=\"wpb_text_column \"><div class=\"wpb_wrapper\"><p>Per inscriure&#8217;t omple el seg\u00fcent formulari indicant el nom de la formaci\u00f3. Et contactarem per donar-te la informaci\u00f3 per formalitzar la inscripci\u00f3.<\/p><\/div> <\/div> <div class=\"w-form for_cform align_center\" id=\"us_form_5\">\n\t<form class=\"w-form-h\" autocomplete=\"off\" action=\"https:\/\/www.fvb.cat\/ca\/wp-json\/wp\/v2\/pages\/17309\" method=\"post\">\n\t\t\t\t\t\t\t<div class=\"w-form-row for_name required\">\n\t<div class=\"w-form-row-label\">\n\t\t<label for=\"us_form_5_name\"><\/label>\n\t<\/div>\n\t<div class=\"w-form-row-field\">\n\t\t\t\t<input type=\"text\" name=\"name\" id=\"us_form_5_name\" value=\"\"\n\t\t\t   placeholder=\"Name *\" data-required=\"true\" aria-required=\"true\"\/>\n\t\t<span class=\"w-form-row-field-bar\"><\/span>\n\t\t\t<\/div>\n\t<div class=\"w-form-row-state\"><\/div>\n\t<\/div>\n\t\t\t\t\t<div class=\"w-form-row for_email required\">\n\t<div class=\"w-form-row-label\">\n\t\t<label for=\"us_form_5_email\"><\/label>\n\t<\/div>\n\t<div class=\"w-form-row-field\">\n\t\t\t\t<input type=\"email\" name=\"email\" id=\"us_form_5_email\" value=\"\"\n\t\t\t   placeholder=\"Email *\" data-required=\"true\" aria-required=\"true\"\/>\n\t\t<span class=\"w-form-row-field-bar\"><\/span>\n\t\t\t<\/div>\n\t<div class=\"w-form-row-state\"><\/div>\n\t<\/div>\n\t\t\t\t\t<div class=\"w-form-row for_phone\">\n\t<div class=\"w-form-row-label\">\n\t\t<label for=\"us_form_5_phone\"><\/label>\n\t<\/div>\n\t<div class=\"w-form-row-field\">\n\t\t\t\t<input type=\"text\" name=\"phone\" id=\"us_form_5_phone\" value=\"\"\n\t\t\t   placeholder=\"Phone Number\"\/>\n\t\t<span class=\"w-form-row-field-bar\"><\/span>\n\t\t\t<\/div>\n\t<div class=\"w-form-row-state\"><\/div>\n\t<\/div>\n\t\t\t\t\t<div class=\"w-form-row for_message required\">\n\t<div class=\"w-form-row-label\">\n\t\t<label for=\"us_form_5_message\"><\/label>\n\t<\/div>\n\t<div class=\"w-form-row-field\">\n\t\t\t\t<textarea name=\"message\" id=\"us_form_5_message\" cols=\"30\" rows=\"10\" placeholder=\"Message *\"\n\t\t\t data-required=\"true\" aria-required=\"true\"><\/textarea>\n\t\t<span class=\"w-form-row-field-bar\"><\/span>\n\t\t\t<\/div>\n\t<div class=\"w-form-row-state\"><\/div>\n\t<\/div>\n\t\t\t\t\t<div class=\"w-form-row for_captcha required\">\n\t<div class=\"w-form-row-label\">\n\t\t<label for=\"us_form_5_captcha\">Just to prove you are a human, please solve the equation: <span>29 + 10 = ?<\/span><\/label>\n\t<\/div>\n\t<div class=\"w-form-row-field\">\n\t\t\t\t<input type=\"hidden\" name=\"captcha_hash\" value=\"15cb4711a7e921fcd5b54f725a421867\" \/>\n\t\t<input type=\"text\" name=\"captcha\" id=\"us_form_5_captcha\" value=\"\"\n\t\t\t   data-required=\"1\" placeholder=\"\" aria-required=\"true\" \/>\n\t\t<span class=\"w-form-row-field-bar\"><\/span>\n\t\t\t<\/div>\n\t<div class=\"w-form-row-state\"><\/div>\n\t<\/div>\n\t\t\t\t\t<input type=\"hidden\" name=\"action\" value=\"us_ajax_cform\" \/>\n\t\t\t\t\t<input type=\"hidden\" name=\"post_id\" value=\"17309\" \/>\n\t\t\t\t\t<input type=\"hidden\" name=\"form_index\" value=\"5\" \/>\n\t\t\t\t\t<div class=\"w-form-row for_submit\">\n\t<div class=\"w-form-row-field\">\n\t\t<button class=\"w-btn size_15px color_navy style_outlined\" type=\"submit\"><span class=\"g-preloader type_1\"><\/span><span class=\"w-btn-label\">INSCRIU-TE<\/span><\/button>\n\t<\/div>\n<\/div>\n\t\t\t\t<div class=\"w-form-message\"><\/div>\n\t\t\t<\/form>\n\t\t\t<div class=\"w-form-json hidden\" onclick='return {&quot;ajaxurl&quot;:&quot;https:\\\/\\\/www.fvb.cat\\\/wp-admin\\\/admin-ajax.php&quot;,&quot;success&quot;:&quot;Thank you! Your message was sent.&quot;,&quot;errors&quot;:{&quot;name&quot;:&quot;Please enter your Name&quot;,&quot;email&quot;:&quot;Please enter your Email&quot;,&quot;phone&quot;:&quot;Please enter your Phone Number&quot;,&quot;message&quot;:&quot;Please enter a Message&quot;,&quot;captcha&quot;:&quot;Please enter the equation result&quot;}}'><\/div>\n\t<\/div>\n<\/div><\/div><\/div><div class=\"vc_col-sm-4 wpb_column vc_column_container\"><div class=\"vc_column-inner\"><div class=\"wpb_wrapper\"><div class=\"wpb_text_column \"><div class=\"wpb_wrapper\">\n<h4 style=\"text-align: center;\"><strong>Or\u00edgens, contextos i tend\u00e8ncies del pensament psicoanal\u00edtic<\/strong><\/h4>\n<\/div> <\/div> [vc_empty_space height=&#8221;15px&#8221;]<div class=\"wpb_text_column \"><div class=\"wpb_wrapper\">\n<h6><strong>PRESENTACI\u00d3<\/strong><\/h6>\n<p>Es mostra una panor\u00e0mica dels desenvolupaments del pensament psicoanal\u00edtica, des dels seus or\u00edgens en l\u2019obra freudiana, en el context de la Viena de fa m\u00e9s de cent anys, passant per la seva constant diversificaci\u00f3 en grups i escoles.<\/p>\n<p>Durant la formaci\u00f3 l&#8217;alumnat es podr\u00e0 orientar-se al mapa de la pluralitat t\u00e8cnic-t\u00e8cnica de la psicoan\u00e0lisi contempor\u00e0nia, i identificar els or\u00edgens i evoluci\u00f3 d\u2019alguns conceptes fonamentals en la literatura psicoanal\u00edtica contempor\u00e0nia.<\/p>\n<h6><strong>DOCENT<\/strong><\/h6>\n<p>Neri Daurella<\/p>\n<h6><strong>CALENDARI<\/strong><\/h6>\n<p>16, 23 i 30 de setembre<\/p>\n<p>7, 14, 21 i 28 d&#8217;octubre<\/p>\n<p>4, 11 i 18 de novembre<\/p>\n<h6><strong>PREU<\/strong><\/h6>\n<p>440\u20ac<\/div> <\/div> <div class=\"w-btn-wrapper align_center\"><a class=\"w-btn style_outlined color_navy icon_none\" href=\"https:\/\/www.fvb.cat\/wp-content\/uploads\/2025\/08\/CAT_Origens-contextos-i-tendencies-del-pensament-psicoanalitic.pdf\" target=\"_blank\"><span class=\"w-btn-label\">PROGRAMA <\/span><\/a><\/div><div class=\"wpb_text_column \"><div class=\"wpb_wrapper\"><p>Per inscriure&#8217;t omple el seg\u00fcent formulari indicant el nom de la formaci\u00f3. Et contactarem per donar-te la informaci\u00f3 per formalitzar la inscripci\u00f3.<\/p><\/div> <\/div> <div class=\"w-form for_cform align_center\" id=\"us_form_6\">\n\t<form class=\"w-form-h\" autocomplete=\"off\" action=\"https:\/\/www.fvb.cat\/ca\/wp-json\/wp\/v2\/pages\/17309\" method=\"post\">\n\t\t\t\t\t\t\t<div class=\"w-form-row for_name required\">\n\t<div class=\"w-form-row-label\">\n\t\t<label for=\"us_form_6_name\"><\/label>\n\t<\/div>\n\t<div class=\"w-form-row-field\">\n\t\t\t\t<input type=\"text\" name=\"name\" id=\"us_form_6_name\" value=\"\"\n\t\t\t   placeholder=\"Name *\" data-required=\"true\" aria-required=\"true\"\/>\n\t\t<span class=\"w-form-row-field-bar\"><\/span>\n\t\t\t<\/div>\n\t<div class=\"w-form-row-state\"><\/div>\n\t<\/div>\n\t\t\t\t\t<div class=\"w-form-row for_email required\">\n\t<div class=\"w-form-row-label\">\n\t\t<label for=\"us_form_6_email\"><\/label>\n\t<\/div>\n\t<div class=\"w-form-row-field\">\n\t\t\t\t<input type=\"email\" name=\"email\" id=\"us_form_6_email\" value=\"\"\n\t\t\t   placeholder=\"Email *\" data-required=\"true\" aria-required=\"true\"\/>\n\t\t<span class=\"w-form-row-field-bar\"><\/span>\n\t\t\t<\/div>\n\t<div class=\"w-form-row-state\"><\/div>\n\t<\/div>\n\t\t\t\t\t<div class=\"w-form-row for_phone\">\n\t<div class=\"w-form-row-label\">\n\t\t<label for=\"us_form_6_phone\"><\/label>\n\t<\/div>\n\t<div class=\"w-form-row-field\">\n\t\t\t\t<input type=\"text\" name=\"phone\" id=\"us_form_6_phone\" value=\"\"\n\t\t\t   placeholder=\"Phone Number\"\/>\n\t\t<span class=\"w-form-row-field-bar\"><\/span>\n\t\t\t<\/div>\n\t<div class=\"w-form-row-state\"><\/div>\n\t<\/div>\n\t\t\t\t\t<div class=\"w-form-row for_message required\">\n\t<div class=\"w-form-row-label\">\n\t\t<label for=\"us_form_6_message\"><\/label>\n\t<\/div>\n\t<div class=\"w-form-row-field\">\n\t\t\t\t<textarea name=\"message\" id=\"us_form_6_message\" cols=\"30\" rows=\"10\" placeholder=\"Message *\"\n\t\t\t data-required=\"true\" aria-required=\"true\"><\/textarea>\n\t\t<span class=\"w-form-row-field-bar\"><\/span>\n\t\t\t<\/div>\n\t<div class=\"w-form-row-state\"><\/div>\n\t<\/div>\n\t\t\t\t\t<div class=\"w-form-row for_captcha required\">\n\t<div class=\"w-form-row-label\">\n\t\t<label for=\"us_form_6_captcha\">Just to prove you are a human, please solve the equation: <span>29 + 3 = ?<\/span><\/label>\n\t<\/div>\n\t<div class=\"w-form-row-field\">\n\t\t\t\t<input type=\"hidden\" name=\"captcha_hash\" value=\"f0f21ee23101983adeef983382be5fed\" \/>\n\t\t<input type=\"text\" name=\"captcha\" id=\"us_form_6_captcha\" value=\"\"\n\t\t\t   data-required=\"1\" placeholder=\"\" aria-required=\"true\" \/>\n\t\t<span class=\"w-form-row-field-bar\"><\/span>\n\t\t\t<\/div>\n\t<div class=\"w-form-row-state\"><\/div>\n\t<\/div>\n\t\t\t\t\t<input type=\"hidden\" name=\"action\" value=\"us_ajax_cform\" \/>\n\t\t\t\t\t<input type=\"hidden\" name=\"post_id\" value=\"17309\" \/>\n\t\t\t\t\t<input type=\"hidden\" name=\"form_index\" value=\"6\" \/>\n\t\t\t\t\t<div class=\"w-form-row for_submit\">\n\t<div class=\"w-form-row-field\">\n\t\t<button class=\"w-btn size_15px color_navy style_outlined\" type=\"submit\"><span class=\"g-preloader type_1\"><\/span><span class=\"w-btn-label\">INSCRIU-TE<\/span><\/button>\n\t<\/div>\n<\/div>\n\t\t\t\t<div class=\"w-form-message\"><\/div>\n\t\t\t<\/form>\n\t\t\t<div class=\"w-form-json hidden\" onclick='return {&quot;ajaxurl&quot;:&quot;https:\\\/\\\/www.fvb.cat\\\/wp-admin\\\/admin-ajax.php&quot;,&quot;success&quot;:&quot;Thank you! Your message was sent.&quot;,&quot;errors&quot;:{&quot;name&quot;:&quot;Please enter your Name&quot;,&quot;email&quot;:&quot;Please enter your Email&quot;,&quot;phone&quot;:&quot;Please enter your Phone Number&quot;,&quot;message&quot;:&quot;Please enter a Message&quot;,&quot;captcha&quot;:&quot;Please enter the equation result&quot;}}'><\/div>\n\t<\/div>\n<\/div><\/div><\/div><\/div>[vc_empty_space height=&#8221;15px&#8221;]<div class=\"g-cols wpb_row type_default valign_top vc_inner \"><div class=\"vc_col-sm-4 wpb_column vc_column_container\"><div class=\"vc_column-inner\"><div class=\"wpb_wrapper\"><div class=\"wpb_text_column \"><div class=\"wpb_wrapper\">\n<h4 style=\"text-align: center;\"><strong>Introducci\u00f3 al Tractament Basat en la Mentalitzaci\u00f3 &#8211; MBT<\/strong><\/h4>\n<\/div> <\/div> [vc_empty_space height=&#8221;15px&#8221;]<div class=\"wpb_text_column  vc_custom_1754307992000\"><div class=\"wpb_wrapper\">\n<h6><strong>PRESENTACI\u00d3<\/strong><\/h6>\n<p>Es tracta d&#8217;una introducci\u00f3 al tractament basat en la mentalitzaci\u00f3 desenvolupat a l&#8217;Anna Freud Centre de Londres per Peter Fonagy i col\u00b7laboradors. S&#8217;oferir\u00e0, tamb\u00e9 una introducci\u00f3 al model AMBIT, dissenyat per oferir eines a equips que traballen amb poblaci\u00f3 d&#8217;alta complexitat.<\/p>\n<h6><strong>DOCENT<\/strong><\/h6>\n<p>Mark Dangerfield<\/p>\n<h6><strong>CALENDARI<\/strong><\/h6>\n<p>25 de novembre<\/p>\n<p>2, 9 i 16 de desembre<\/p>\n<p>13, 20 i 27 de gener<\/p>\n<p>3, 10 i 17 de febrer<\/p>\n<h6><strong>PREU<\/strong><\/h6>\n<p>440\u20ac<\/div> <\/div> <div class=\"w-btn-wrapper align_center\"><a class=\"w-btn style_outlined color_navy icon_none\" href=\"https:\/\/www.fvb.cat\/wp-content\/uploads\/2025\/08\/CAT_INTRODUCCIO-AL-TRACTAMENT-BASAT-EN-LA-MENTALITZACIO-MBT.pdf\" target=\"_blank\"><span class=\"w-btn-label\">PROGRAMA <\/span><\/a><\/div><div class=\"wpb_text_column \"><div class=\"wpb_wrapper\"><p>Per inscriure&#8217;t omple el seg\u00fcent formulari indicant el nom de la formaci\u00f3. Et contactarem per donar-te la informaci\u00f3 per formalitzar la inscripci\u00f3.<\/p><\/div> <\/div> <div class=\"w-form for_cform align_center\" id=\"us_form_7\">\n\t<form class=\"w-form-h\" autocomplete=\"off\" action=\"https:\/\/www.fvb.cat\/ca\/wp-json\/wp\/v2\/pages\/17309\" method=\"post\">\n\t\t\t\t\t\t\t<div class=\"w-form-row for_name required\">\n\t<div class=\"w-form-row-label\">\n\t\t<label for=\"us_form_7_name\"><\/label>\n\t<\/div>\n\t<div class=\"w-form-row-field\">\n\t\t\t\t<input type=\"text\" name=\"name\" id=\"us_form_7_name\" value=\"\"\n\t\t\t   placeholder=\"Name *\" data-required=\"true\" aria-required=\"true\"\/>\n\t\t<span class=\"w-form-row-field-bar\"><\/span>\n\t\t\t<\/div>\n\t<div class=\"w-form-row-state\"><\/div>\n\t<\/div>\n\t\t\t\t\t<div class=\"w-form-row for_email required\">\n\t<div class=\"w-form-row-label\">\n\t\t<label for=\"us_form_7_email\"><\/label>\n\t<\/div>\n\t<div class=\"w-form-row-field\">\n\t\t\t\t<input type=\"email\" name=\"email\" id=\"us_form_7_email\" value=\"\"\n\t\t\t   placeholder=\"Email *\" data-required=\"true\" aria-required=\"true\"\/>\n\t\t<span class=\"w-form-row-field-bar\"><\/span>\n\t\t\t<\/div>\n\t<div class=\"w-form-row-state\"><\/div>\n\t<\/div>\n\t\t\t\t\t<div class=\"w-form-row for_phone\">\n\t<div class=\"w-form-row-label\">\n\t\t<label for=\"us_form_7_phone\"><\/label>\n\t<\/div>\n\t<div class=\"w-form-row-field\">\n\t\t\t\t<input type=\"text\" name=\"phone\" id=\"us_form_7_phone\" value=\"\"\n\t\t\t   placeholder=\"Phone Number\"\/>\n\t\t<span class=\"w-form-row-field-bar\"><\/span>\n\t\t\t<\/div>\n\t<div class=\"w-form-row-state\"><\/div>\n\t<\/div>\n\t\t\t\t\t<div class=\"w-form-row for_message required\">\n\t<div class=\"w-form-row-label\">\n\t\t<label for=\"us_form_7_message\"><\/label>\n\t<\/div>\n\t<div class=\"w-form-row-field\">\n\t\t\t\t<textarea name=\"message\" id=\"us_form_7_message\" cols=\"30\" rows=\"10\" placeholder=\"Message *\"\n\t\t\t data-required=\"true\" aria-required=\"true\"><\/textarea>\n\t\t<span class=\"w-form-row-field-bar\"><\/span>\n\t\t\t<\/div>\n\t<div class=\"w-form-row-state\"><\/div>\n\t<\/div>\n\t\t\t\t\t<div class=\"w-form-row for_captcha required\">\n\t<div class=\"w-form-row-label\">\n\t\t<label for=\"us_form_7_captcha\">Just to prove you are a human, please solve the equation: <span>17 - 13 = ?<\/span><\/label>\n\t<\/div>\n\t<div class=\"w-form-row-field\">\n\t\t\t\t<input type=\"hidden\" name=\"captcha_hash\" value=\"cd42c03ee1388c27398f2afb626ab1d7\" \/>\n\t\t<input type=\"text\" name=\"captcha\" id=\"us_form_7_captcha\" value=\"\"\n\t\t\t   data-required=\"1\" placeholder=\"\" aria-required=\"true\" \/>\n\t\t<span class=\"w-form-row-field-bar\"><\/span>\n\t\t\t<\/div>\n\t<div class=\"w-form-row-state\"><\/div>\n\t<\/div>\n\t\t\t\t\t<input type=\"hidden\" name=\"action\" value=\"us_ajax_cform\" \/>\n\t\t\t\t\t<input type=\"hidden\" name=\"post_id\" value=\"17309\" \/>\n\t\t\t\t\t<input type=\"hidden\" name=\"form_index\" value=\"7\" \/>\n\t\t\t\t\t<div class=\"w-form-row for_submit\">\n\t<div class=\"w-form-row-field\">\n\t\t<button class=\"w-btn size_15px color_navy style_outlined\" type=\"submit\"><span class=\"g-preloader type_1\"><\/span><span class=\"w-btn-label\">INSCRIU-TE<\/span><\/button>\n\t<\/div>\n<\/div>\n\t\t\t\t<div class=\"w-form-message\"><\/div>\n\t\t\t<\/form>\n\t\t\t<div class=\"w-form-json hidden\" onclick='return {&quot;ajaxurl&quot;:&quot;https:\\\/\\\/www.fvb.cat\\\/wp-admin\\\/admin-ajax.php&quot;,&quot;success&quot;:&quot;Thank you! Your message was sent.&quot;,&quot;errors&quot;:{&quot;name&quot;:&quot;Please enter your Name&quot;,&quot;email&quot;:&quot;Please enter your Email&quot;,&quot;phone&quot;:&quot;Please enter your Phone Number&quot;,&quot;message&quot;:&quot;Please enter a Message&quot;,&quot;captcha&quot;:&quot;Please enter the equation result&quot;}}'><\/div>\n\t<\/div>\n<\/div><\/div><\/div><div class=\"vc_col-sm-12 wpb_column vc_column_container\"><div class=\"vc_column-inner\"><div class=\"wpb_wrapper\"><\/div><\/div><\/div><div class=\"vc_col-sm-4 wpb_column vc_column_container\"><div class=\"vc_column-inner\"><div class=\"wpb_wrapper\"><div class=\"wpb_text_column \"><div class=\"wpb_wrapper\">\n<h4 style=\"text-align: center;\"><strong>El proc\u00e9s psicoterap\u00e8utic: primera entrevista, proc\u00e9s diagn\u00f2stic, formulaci\u00f3 del cas i tractament<\/strong><\/h4>\n<\/div> <\/div> [vc_empty_space height=&#8221;15px&#8221;]<div class=\"wpb_text_column \"><div class=\"wpb_wrapper\">\n<h6><strong>PRESENTACI\u00d3<\/strong><\/h6>\n<p>En aquesta formaci\u00f3 ens aproximarem, tant a la comprensi\u00f3 i avaluaci\u00f3 de les dificultats i\/o conflictes que motiven la consulta, com a la valoraci\u00f3 dels recursos personals, per, a partir d&#8217;aqu\u00ed, plantejar-nos l&#8217;abordatge terap\u00e8utic adequat.<\/p>\n<h6><strong>DOCENTS<\/strong><\/h6>\n<p>Montserrat Gu\u00e0rdia i Rosa Royo<\/p>\n<h6><strong>CALENDARI<\/strong><\/h6>\n<p>25 de novembre<\/p>\n<p>2, 9 i 16 de desembre<\/p>\n<p>13, 20 i 27 de gener<\/p>\n<p>3, 10 i 17 de febrer<\/p>\n<h6><strong>PREU<\/strong><\/h6>\n<p>440\u20ac<\/div> <\/div> <div class=\"w-btn-wrapper align_center\"><a class=\"w-btn style_outlined color_navy icon_none\" href=\"https:\/\/www.fvb.cat\/wp-content\/uploads\/2025\/08\/CAT_El-proces-psicoterapeutic-primera-entrevista-proces-diagnostic-formacio-del-cas-i-tractament.pdf\" target=\"_blank\"><span class=\"w-btn-label\">PROGRAMA <\/span><\/a><\/div><div class=\"wpb_text_column \"><div class=\"wpb_wrapper\"><p>Per inscriure&#8217;t omple el seg\u00fcent formulari indicant el nom de la formaci\u00f3. Et contactarem per donar-te la informaci\u00f3 per formalitzar la inscripci\u00f3.<\/p><\/div> <\/div> <div class=\"w-form for_cform align_center\" id=\"us_form_8\">\n\t<form class=\"w-form-h\" autocomplete=\"off\" action=\"https:\/\/www.fvb.cat\/ca\/wp-json\/wp\/v2\/pages\/17309\" method=\"post\">\n\t\t\t\t\t\t\t<div class=\"w-form-row for_name required\">\n\t<div class=\"w-form-row-label\">\n\t\t<label for=\"us_form_8_name\"><\/label>\n\t<\/div>\n\t<div class=\"w-form-row-field\">\n\t\t\t\t<input type=\"text\" name=\"name\" id=\"us_form_8_name\" value=\"\"\n\t\t\t   placeholder=\"Name *\" data-required=\"true\" aria-required=\"true\"\/>\n\t\t<span class=\"w-form-row-field-bar\"><\/span>\n\t\t\t<\/div>\n\t<div class=\"w-form-row-state\"><\/div>\n\t<\/div>\n\t\t\t\t\t<div class=\"w-form-row for_email required\">\n\t<div class=\"w-form-row-label\">\n\t\t<label for=\"us_form_8_email\"><\/label>\n\t<\/div>\n\t<div class=\"w-form-row-field\">\n\t\t\t\t<input type=\"email\" name=\"email\" id=\"us_form_8_email\" value=\"\"\n\t\t\t   placeholder=\"Email *\" data-required=\"true\" aria-required=\"true\"\/>\n\t\t<span class=\"w-form-row-field-bar\"><\/span>\n\t\t\t<\/div>\n\t<div class=\"w-form-row-state\"><\/div>\n\t<\/div>\n\t\t\t\t\t<div class=\"w-form-row for_phone\">\n\t<div class=\"w-form-row-label\">\n\t\t<label for=\"us_form_8_phone\"><\/label>\n\t<\/div>\n\t<div class=\"w-form-row-field\">\n\t\t\t\t<input type=\"text\" name=\"phone\" id=\"us_form_8_phone\" value=\"\"\n\t\t\t   placeholder=\"Phone Number\"\/>\n\t\t<span class=\"w-form-row-field-bar\"><\/span>\n\t\t\t<\/div>\n\t<div class=\"w-form-row-state\"><\/div>\n\t<\/div>\n\t\t\t\t\t<div class=\"w-form-row for_message required\">\n\t<div class=\"w-form-row-label\">\n\t\t<label for=\"us_form_8_message\"><\/label>\n\t<\/div>\n\t<div class=\"w-form-row-field\">\n\t\t\t\t<textarea name=\"message\" id=\"us_form_8_message\" cols=\"30\" rows=\"10\" placeholder=\"Message *\"\n\t\t\t data-required=\"true\" aria-required=\"true\"><\/textarea>\n\t\t<span class=\"w-form-row-field-bar\"><\/span>\n\t\t\t<\/div>\n\t<div class=\"w-form-row-state\"><\/div>\n\t<\/div>\n\t\t\t\t\t<div class=\"w-form-row for_captcha required\">\n\t<div class=\"w-form-row-label\">\n\t\t<label for=\"us_form_8_captcha\">Just to prove you are a human, please solve the equation: <span>20 + 9 = ?<\/span><\/label>\n\t<\/div>\n\t<div class=\"w-form-row-field\">\n\t\t\t\t<input type=\"hidden\" name=\"captcha_hash\" value=\"5a1da1ffcbde878584caa240d4441016\" \/>\n\t\t<input type=\"text\" name=\"captcha\" id=\"us_form_8_captcha\" value=\"\"\n\t\t\t   data-required=\"1\" placeholder=\"\" aria-required=\"true\" \/>\n\t\t<span class=\"w-form-row-field-bar\"><\/span>\n\t\t\t<\/div>\n\t<div class=\"w-form-row-state\"><\/div>\n\t<\/div>\n\t\t\t\t\t<input type=\"hidden\" name=\"action\" value=\"us_ajax_cform\" \/>\n\t\t\t\t\t<input type=\"hidden\" name=\"post_id\" value=\"17309\" \/>\n\t\t\t\t\t<input type=\"hidden\" name=\"form_index\" value=\"8\" \/>\n\t\t\t\t\t<div class=\"w-form-row for_submit\">\n\t<div class=\"w-form-row-field\">\n\t\t<button class=\"w-btn size_15px color_navy style_outlined\" type=\"submit\"><span class=\"g-preloader type_1\"><\/span><span class=\"w-btn-label\">INSCRIU-TE<\/span><\/button>\n\t<\/div>\n<\/div>\n\t\t\t\t<div class=\"w-form-message\"><\/div>\n\t\t\t<\/form>\n\t\t\t<div class=\"w-form-json hidden\" onclick='return {&quot;ajaxurl&quot;:&quot;https:\\\/\\\/www.fvb.cat\\\/wp-admin\\\/admin-ajax.php&quot;,&quot;success&quot;:&quot;Thank you! Your message was sent.&quot;,&quot;errors&quot;:{&quot;name&quot;:&quot;Please enter your Name&quot;,&quot;email&quot;:&quot;Please enter your Email&quot;,&quot;phone&quot;:&quot;Please enter your Phone Number&quot;,&quot;message&quot;:&quot;Please enter a Message&quot;,&quot;captcha&quot;:&quot;Please enter the equation result&quot;}}'><\/div>\n\t<\/div>\n<\/div><\/div><\/div><div class=\"vc_col-sm-4 wpb_column vc_column_container\"><div class=\"vc_column-inner\"><div class=\"wpb_wrapper\"><div class=\"wpb_text_column \"><div class=\"wpb_wrapper\">\n<h4 style=\"text-align: center;\"><strong>L&#8217;evoluci\u00f3 de la psicoter\u00e0pia psicoanal\u00edtica i les aportacions t\u00e8cniques de W. Bion, B. Joseph i O. Kernberg<\/strong><\/h4>\n<\/div> <\/div> [vc_empty_space height=&#8221;15px&#8221;]<div class=\"wpb_text_column  vc_custom_1763042519531\"><div class=\"wpb_wrapper\">\n<h6><strong>PRESENTACI\u00d3<\/strong><\/h6>\n<p>L&#8217;objectiu del seminari \u00e9s fer una introducci\u00f3 a les aportacions t\u00e8cniques de Wilfred Bion, Otto Kernberg i Betty Joseph aplicables a la psicoter\u00e0pia psicoanal\u00edtica, contextualitzant-les en la hist\u00f2ria -l&#8217;evoluci\u00f3- de la t\u00e8cnica psicoanal\u00edtica en general i de la t\u00e8cnica de la psicoter\u00e0pia psicoanal\u00edtica en particular. Es tractar\u00e0 de comprendre dites aportacions a partir dels problemes cl\u00ednics que les han suscitat.<\/p>\n<h6><strong>DOCENT<\/strong><\/h6>\n<p>Miguel Perlado<\/p>\n<h6><strong>CALENDARI<\/strong><\/h6>\n<p>29 de gener<\/p>\n<p>5, 12, 19 i 26 de febrer<\/p>\n<p>5, 12, 19 i 26 de mar\u00e7<\/p>\n<p>9 d&#8217;abril<\/p>\n<h6><strong>PREU<\/strong><\/h6>\n<p>440\u20ac<\/div> <\/div> <div class=\"w-btn-wrapper align_center\"><a class=\"w-btn style_outlined color_navy icon_none\" href=\"https:\/\/www.fvb.cat\/wp-content\/uploads\/2025\/11\/FCP_LE1.pdf\" target=\"_blank\"><span class=\"w-btn-label\">PROGRAMA<\/span><\/a><\/div><div class=\"wpb_text_column \"><div class=\"wpb_wrapper\"><p>Per inscriure&#8217;t omple el seg\u00fcent formulari indicant el nom de la formaci\u00f3. Et contactarem per donar-te la informaci\u00f3 per formalitzar la inscripci\u00f3.<\/p><\/div> <\/div> <div class=\"w-form for_cform align_center\" id=\"us_form_9\">\n\t<form class=\"w-form-h\" autocomplete=\"off\" action=\"https:\/\/www.fvb.cat\/ca\/wp-json\/wp\/v2\/pages\/17309\" method=\"post\">\n\t\t\t\t\t\t\t<div class=\"w-form-row for_name required\">\n\t<div class=\"w-form-row-label\">\n\t\t<label for=\"us_form_9_name\"><\/label>\n\t<\/div>\n\t<div class=\"w-form-row-field\">\n\t\t\t\t<input type=\"text\" name=\"name\" id=\"us_form_9_name\" value=\"\"\n\t\t\t   placeholder=\"Name *\" data-required=\"true\" aria-required=\"true\"\/>\n\t\t<span class=\"w-form-row-field-bar\"><\/span>\n\t\t\t<\/div>\n\t<div class=\"w-form-row-state\"><\/div>\n\t<\/div>\n\t\t\t\t\t<div class=\"w-form-row for_email required\">\n\t<div class=\"w-form-row-label\">\n\t\t<label for=\"us_form_9_email\"><\/label>\n\t<\/div>\n\t<div class=\"w-form-row-field\">\n\t\t\t\t<input type=\"email\" name=\"email\" id=\"us_form_9_email\" value=\"\"\n\t\t\t   placeholder=\"Email *\" data-required=\"true\" aria-required=\"true\"\/>\n\t\t<span class=\"w-form-row-field-bar\"><\/span>\n\t\t\t<\/div>\n\t<div class=\"w-form-row-state\"><\/div>\n\t<\/div>\n\t\t\t\t\t<div class=\"w-form-row for_phone\">\n\t<div class=\"w-form-row-label\">\n\t\t<label for=\"us_form_9_phone\"><\/label>\n\t<\/div>\n\t<div class=\"w-form-row-field\">\n\t\t\t\t<input type=\"text\" name=\"phone\" id=\"us_form_9_phone\" value=\"\"\n\t\t\t   placeholder=\"Phone Number\"\/>\n\t\t<span class=\"w-form-row-field-bar\"><\/span>\n\t\t\t<\/div>\n\t<div class=\"w-form-row-state\"><\/div>\n\t<\/div>\n\t\t\t\t\t<div class=\"w-form-row for_message required\">\n\t<div class=\"w-form-row-label\">\n\t\t<label for=\"us_form_9_message\"><\/label>\n\t<\/div>\n\t<div class=\"w-form-row-field\">\n\t\t\t\t<textarea name=\"message\" id=\"us_form_9_message\" cols=\"30\" rows=\"10\" placeholder=\"Message *\"\n\t\t\t data-required=\"true\" aria-required=\"true\"><\/textarea>\n\t\t<span class=\"w-form-row-field-bar\"><\/span>\n\t\t\t<\/div>\n\t<div class=\"w-form-row-state\"><\/div>\n\t<\/div>\n\t\t\t\t\t<div class=\"w-form-row for_captcha required\">\n\t<div class=\"w-form-row-label\">\n\t\t<label for=\"us_form_9_captcha\">Just to prove you are a human, please solve the equation: <span>24 - 8 = ?<\/span><\/label>\n\t<\/div>\n\t<div class=\"w-form-row-field\">\n\t\t\t\t<input type=\"hidden\" name=\"captcha_hash\" value=\"735545961f05b43007443025a46b0d9e\" \/>\n\t\t<input type=\"text\" name=\"captcha\" id=\"us_form_9_captcha\" value=\"\"\n\t\t\t   data-required=\"1\" placeholder=\"\" aria-required=\"true\" \/>\n\t\t<span class=\"w-form-row-field-bar\"><\/span>\n\t\t\t<\/div>\n\t<div class=\"w-form-row-state\"><\/div>\n\t<\/div>\n\t\t\t\t\t<input type=\"hidden\" name=\"action\" value=\"us_ajax_cform\" \/>\n\t\t\t\t\t<input type=\"hidden\" name=\"post_id\" value=\"17309\" \/>\n\t\t\t\t\t<input type=\"hidden\" name=\"form_index\" value=\"9\" \/>\n\t\t\t\t\t<div class=\"w-form-row for_submit\">\n\t<div class=\"w-form-row-field\">\n\t\t<button class=\"w-btn size_15px color_navy style_outlined\" type=\"submit\"><span class=\"g-preloader type_1\"><\/span><span class=\"w-btn-label\">INSCRIU-TE<\/span><\/button>\n\t<\/div>\n<\/div>\n\t\t\t\t<div class=\"w-form-message\"><\/div>\n\t\t\t<\/form>\n\t\t\t<div class=\"w-form-json hidden\" onclick='return {&quot;ajaxurl&quot;:&quot;https:\\\/\\\/www.fvb.cat\\\/wp-admin\\\/admin-ajax.php&quot;,&quot;success&quot;:&quot;Thank you! Your message was sent.&quot;,&quot;errors&quot;:{&quot;name&quot;:&quot;Please enter your Name&quot;,&quot;email&quot;:&quot;Please enter your Email&quot;,&quot;phone&quot;:&quot;Please enter your Phone Number&quot;,&quot;message&quot;:&quot;Please enter a Message&quot;,&quot;captcha&quot;:&quot;Please enter the equation result&quot;}}'><\/div>\n\t<\/div>\n<\/div><\/div><\/div><\/div><div class=\"g-cols wpb_row type_default valign_top vc_inner \"><div class=\"vc_col-sm-4 wpb_column vc_column_container\"><div class=\"vc_column-inner\"><div class=\"wpb_wrapper\"><div class=\"wpb_text_column \"><div class=\"wpb_wrapper\">\n<h4 style=\"text-align: center;\"><strong>Psicoter\u00e0pia en la primera inf\u00e0ncia: 0-5 anys<\/strong><\/h4>\n<\/div> <\/div> [vc_empty_space height=&#8221;15px&#8221;]<div class=\"wpb_text_column  vc_custom_1759151406987\"><div class=\"wpb_wrapper\">\n<h6><strong>PRESENTACI\u00d3<\/strong><\/h6>\n<p>El treball psicoterap\u00e8utic amb nens\/es de primera inf\u00e0ncia ha estat una part integral del desenvolupament de les teories psicodin\u00e0miques des dels seus inicis.<\/p>\n<p>En aquesta mat\u00e8ria explorarem el valor de l\u2019observaci\u00f3 pare\/mare-infant com un instrument d\u2019entrenament del terapeuta psicodin\u00e0mic, aix\u00ed com la seva influ\u00e8ncia en les teories psicdin\u00e0miques cl\u00e0ssiques i contempor\u00e0nies, i el seu impacte en la t\u00e8cnica psicodin\u00e0mica contempor\u00e0nia.<\/p>\n<h6><strong>DOCENTS<\/strong><\/h6>\n<p>Norka Malberg i Maribel Iglesias<\/p>\n<h6><strong>CALENDARI<\/strong><\/h6>\n<p>12, 19 i 26 de novembre<\/p>\n<p>3, 10 i 17 de desembre<\/p>\n<p>7, 14, 21 i 28 de gener<\/p>\n<p>4 i 11 de febrer<\/p>\n<h6><strong>PREU<\/strong><\/h6>\n<p>550\u20ac<\/div> <\/div> <div class=\"w-btn-wrapper align_center\"><a class=\"w-btn style_outlined color_navy icon_none\" href=\"https:\/\/www.fvb.cat\/wp-content\/uploads\/2025\/09\/FCP_Psicoterapia-en-la-Primera-Infancia-0-5-anys_CAT.pdf\" target=\"_blank\"><span class=\"w-btn-label\">PROGRAMA <\/span><\/a><\/div><div class=\"wpb_text_column \"><div class=\"wpb_wrapper\"><p>Per inscriure&#8217;t omple el seg\u00fcent formulari indicant el nom de la formaci\u00f3. Et contactarem per donar-te la informaci\u00f3 per formalitzar la inscripci\u00f3.<\/p><\/div> <\/div> <div class=\"w-form for_cform align_center\" id=\"us_form_10\">\n\t<form class=\"w-form-h\" autocomplete=\"off\" action=\"https:\/\/www.fvb.cat\/ca\/wp-json\/wp\/v2\/pages\/17309\" method=\"post\">\n\t\t\t\t\t\t\t<div class=\"w-form-row for_name required\">\n\t<div class=\"w-form-row-label\">\n\t\t<label for=\"us_form_10_name\"><\/label>\n\t<\/div>\n\t<div class=\"w-form-row-field\">\n\t\t\t\t<input type=\"text\" name=\"name\" id=\"us_form_10_name\" value=\"\"\n\t\t\t   placeholder=\"Name *\" data-required=\"true\" aria-required=\"true\"\/>\n\t\t<span class=\"w-form-row-field-bar\"><\/span>\n\t\t\t<\/div>\n\t<div class=\"w-form-row-state\"><\/div>\n\t<\/div>\n\t\t\t\t\t<div class=\"w-form-row for_email required\">\n\t<div class=\"w-form-row-label\">\n\t\t<label for=\"us_form_10_email\"><\/label>\n\t<\/div>\n\t<div class=\"w-form-row-field\">\n\t\t\t\t<input type=\"email\" name=\"email\" id=\"us_form_10_email\" value=\"\"\n\t\t\t   placeholder=\"Email *\" data-required=\"true\" aria-required=\"true\"\/>\n\t\t<span class=\"w-form-row-field-bar\"><\/span>\n\t\t\t<\/div>\n\t<div class=\"w-form-row-state\"><\/div>\n\t<\/div>\n\t\t\t\t\t<div class=\"w-form-row for_phone\">\n\t<div class=\"w-form-row-label\">\n\t\t<label for=\"us_form_10_phone\"><\/label>\n\t<\/div>\n\t<div class=\"w-form-row-field\">\n\t\t\t\t<input type=\"text\" name=\"phone\" id=\"us_form_10_phone\" value=\"\"\n\t\t\t   placeholder=\"Phone Number\"\/>\n\t\t<span class=\"w-form-row-field-bar\"><\/span>\n\t\t\t<\/div>\n\t<div class=\"w-form-row-state\"><\/div>\n\t<\/div>\n\t\t\t\t\t<div class=\"w-form-row for_message required\">\n\t<div class=\"w-form-row-label\">\n\t\t<label for=\"us_form_10_message\"><\/label>\n\t<\/div>\n\t<div class=\"w-form-row-field\">\n\t\t\t\t<textarea name=\"message\" id=\"us_form_10_message\" cols=\"30\" rows=\"10\" placeholder=\"Message *\"\n\t\t\t data-required=\"true\" aria-required=\"true\"><\/textarea>\n\t\t<span class=\"w-form-row-field-bar\"><\/span>\n\t\t\t<\/div>\n\t<div class=\"w-form-row-state\"><\/div>\n\t<\/div>\n\t\t\t\t\t<div class=\"w-form-row for_captcha required\">\n\t<div class=\"w-form-row-label\">\n\t\t<label for=\"us_form_10_captcha\">Just to prove you are a human, please solve the equation: <span>20 - 6 = ?<\/span><\/label>\n\t<\/div>\n\t<div class=\"w-form-row-field\">\n\t\t\t\t<input type=\"hidden\" name=\"captcha_hash\" value=\"5c8fb15cbed929ccd9a0a6445b572c89\" \/>\n\t\t<input type=\"text\" name=\"captcha\" id=\"us_form_10_captcha\" value=\"\"\n\t\t\t   data-required=\"1\" placeholder=\"\" aria-required=\"true\" \/>\n\t\t<span class=\"w-form-row-field-bar\"><\/span>\n\t\t\t<\/div>\n\t<div class=\"w-form-row-state\"><\/div>\n\t<\/div>\n\t\t\t\t\t<input type=\"hidden\" name=\"action\" value=\"us_ajax_cform\" \/>\n\t\t\t\t\t<input type=\"hidden\" name=\"post_id\" value=\"17309\" \/>\n\t\t\t\t\t<input type=\"hidden\" name=\"form_index\" value=\"10\" \/>\n\t\t\t\t\t<div class=\"w-form-row for_submit\">\n\t<div class=\"w-form-row-field\">\n\t\t<button class=\"w-btn size_15px color_navy style_outlined\" type=\"submit\"><span class=\"g-preloader type_1\"><\/span><span class=\"w-btn-label\">INSCRIU-TE<\/span><\/button>\n\t<\/div>\n<\/div>\n\t\t\t\t<div class=\"w-form-message\"><\/div>\n\t\t\t<\/form>\n\t\t\t<div class=\"w-form-json hidden\" onclick='return {&quot;ajaxurl&quot;:&quot;https:\\\/\\\/www.fvb.cat\\\/wp-admin\\\/admin-ajax.php&quot;,&quot;success&quot;:&quot;Thank you! Your message was sent.&quot;,&quot;errors&quot;:{&quot;name&quot;:&quot;Please enter your Name&quot;,&quot;email&quot;:&quot;Please enter your Email&quot;,&quot;phone&quot;:&quot;Please enter your Phone Number&quot;,&quot;message&quot;:&quot;Please enter a Message&quot;,&quot;captcha&quot;:&quot;Please enter the equation result&quot;}}'><\/div>\n\t<\/div>\n<\/div><\/div><\/div><div class=\"vc_col-sm-4 wpb_column vc_column_container\"><div class=\"vc_column-inner\"><div class=\"wpb_wrapper\"><div class=\"wpb_text_column \"><div class=\"wpb_wrapper\">\n<h4 style=\"text-align: center;\"><strong>Tractament Basat en la Mentalitzaci\u00f3 per a adults<\/strong><\/h4>\n<\/div> <\/div> [vc_empty_space height=&#8221;15px&#8221;]<div class=\"wpb_text_column  vc_custom_1759222709451\"><div class=\"wpb_wrapper\">\n<h6><strong>PRESENTACI\u00d3<\/strong><\/h6>\n<p>El Tractament Basat en la Mentalitzaci\u00f3 \u00e9s una de les psicoter\u00e0pies basades en l\u2019evid\u00e8ncia de major impacte en el tractament d\u2019usuaris\/\u00e0ries amb Trastorns de la Personalitat severs. Es tracta d\u2019una psicoter\u00e0pia que dota d\u2019eines als professionals de la salut mental molt pr\u00e0ctiques per a la comprensi\u00f3 i maneig de la complexitat cl\u00ednica.<\/p>\n<h6><strong>DOCENT<\/strong><\/h6>\n<p>Jordi Ar\u00e9valo<\/p>\n<h6><strong>CALENDARI<\/strong><\/h6>\n<p class=\"cvGsUA direction-ltr align-start para-style-body\"><span class=\"a_GcMg font-feature-liga-off font-feature-clig-off font-feature-calt-off text-decoration-none text-strikethrough-none\">12, 19 i 26 de novembre<\/span><\/p>\n<p class=\"cvGsUA direction-ltr align-start para-style-body\"><span class=\"a_GcMg font-feature-liga-off font-feature-clig-off font-feature-calt-off text-decoration-none text-strikethrough-none\">3, 10 i 17 de desembre<\/span><\/p>\n<p class=\"cvGsUA direction-ltr align-start para-style-body\"><span class=\"a_GcMg font-feature-liga-off font-feature-clig-off font-feature-calt-off text-decoration-none text-strikethrough-none\">7, 14, 21 i 28 de gener<\/span><\/p>\n<p class=\"cvGsUA direction-ltr align-start para-style-body\"><span class=\"a_GcMg font-feature-liga-off font-feature-clig-off font-feature-calt-off text-decoration-none text-strikethrough-none\">4, 11, 18 i 25 de febrer<\/span><\/p>\n<p class=\"cvGsUA direction-ltr align-start para-style-body\"><span class=\"a_GcMg font-feature-liga-off font-feature-clig-off font-feature-calt-off text-decoration-none text-strikethrough-none\">4 i 11 de mar\u00e7<\/span><\/p>\n<h6><strong>PREU<\/strong><\/h6>\n<p>550\u20ac<\/div> <\/div> <div class=\"w-btn-wrapper align_center\"><a class=\"w-btn style_outlined color_navy icon_none\" href=\"https:\/\/www.fvb.cat\/wp-content\/uploads\/2025\/09\/FCP_TRACTAMENT-BASAT-EN-LA-MENTALITZACIO-PER-A-ADULTS_CAT.pdf\" target=\"_blank\"><span class=\"w-btn-label\">PROGRAMA <\/span><\/a><\/div><div class=\"wpb_text_column \"><div class=\"wpb_wrapper\"><p>Per inscriure&#8217;t omple el seg\u00fcent formulari indicant el nom de la formaci\u00f3. Et contactarem per donar-te la informaci\u00f3 per formalitzar la inscripci\u00f3.<\/p><\/div> <\/div> <div class=\"w-form for_cform align_center\" id=\"us_form_11\">\n\t<form class=\"w-form-h\" autocomplete=\"off\" action=\"https:\/\/www.fvb.cat\/ca\/wp-json\/wp\/v2\/pages\/17309\" method=\"post\">\n\t\t\t\t\t\t\t<div class=\"w-form-row for_name required\">\n\t<div class=\"w-form-row-label\">\n\t\t<label for=\"us_form_11_name\"><\/label>\n\t<\/div>\n\t<div class=\"w-form-row-field\">\n\t\t\t\t<input type=\"text\" name=\"name\" id=\"us_form_11_name\" value=\"\"\n\t\t\t   placeholder=\"Name *\" data-required=\"true\" aria-required=\"true\"\/>\n\t\t<span class=\"w-form-row-field-bar\"><\/span>\n\t\t\t<\/div>\n\t<div class=\"w-form-row-state\"><\/div>\n\t<\/div>\n\t\t\t\t\t<div class=\"w-form-row for_email required\">\n\t<div class=\"w-form-row-label\">\n\t\t<label for=\"us_form_11_email\"><\/label>\n\t<\/div>\n\t<div class=\"w-form-row-field\">\n\t\t\t\t<input type=\"email\" name=\"email\" id=\"us_form_11_email\" value=\"\"\n\t\t\t   placeholder=\"Email *\" data-required=\"true\" aria-required=\"true\"\/>\n\t\t<span class=\"w-form-row-field-bar\"><\/span>\n\t\t\t<\/div>\n\t<div class=\"w-form-row-state\"><\/div>\n\t<\/div>\n\t\t\t\t\t<div class=\"w-form-row for_phone\">\n\t<div class=\"w-form-row-label\">\n\t\t<label for=\"us_form_11_phone\"><\/label>\n\t<\/div>\n\t<div class=\"w-form-row-field\">\n\t\t\t\t<input type=\"text\" name=\"phone\" id=\"us_form_11_phone\" value=\"\"\n\t\t\t   placeholder=\"Phone Number\"\/>\n\t\t<span class=\"w-form-row-field-bar\"><\/span>\n\t\t\t<\/div>\n\t<div class=\"w-form-row-state\"><\/div>\n\t<\/div>\n\t\t\t\t\t<div class=\"w-form-row for_message required\">\n\t<div class=\"w-form-row-label\">\n\t\t<label for=\"us_form_11_message\"><\/label>\n\t<\/div>\n\t<div class=\"w-form-row-field\">\n\t\t\t\t<textarea name=\"message\" id=\"us_form_11_message\" cols=\"30\" rows=\"10\" placeholder=\"Message *\"\n\t\t\t data-required=\"true\" aria-required=\"true\"><\/textarea>\n\t\t<span class=\"w-form-row-field-bar\"><\/span>\n\t\t\t<\/div>\n\t<div class=\"w-form-row-state\"><\/div>\n\t<\/div>\n\t\t\t\t\t<div class=\"w-form-row for_captcha required\">\n\t<div class=\"w-form-row-label\">\n\t\t<label for=\"us_form_11_captcha\">Just to prove you are a human, please solve the equation: <span>18 + 1 = ?<\/span><\/label>\n\t<\/div>\n\t<div class=\"w-form-row-field\">\n\t\t\t\t<input type=\"hidden\" name=\"captcha_hash\" value=\"5b8913af59c4cd6f7e090d216deb40fc\" \/>\n\t\t<input type=\"text\" name=\"captcha\" id=\"us_form_11_captcha\" value=\"\"\n\t\t\t   data-required=\"1\" placeholder=\"\" aria-required=\"true\" \/>\n\t\t<span class=\"w-form-row-field-bar\"><\/span>\n\t\t\t<\/div>\n\t<div class=\"w-form-row-state\"><\/div>\n\t<\/div>\n\t\t\t\t\t<input type=\"hidden\" name=\"action\" value=\"us_ajax_cform\" \/>\n\t\t\t\t\t<input type=\"hidden\" name=\"post_id\" value=\"17309\" \/>\n\t\t\t\t\t<input type=\"hidden\" name=\"form_index\" value=\"11\" \/>\n\t\t\t\t\t<div class=\"w-form-row for_submit\">\n\t<div class=\"w-form-row-field\">\n\t\t<button class=\"w-btn size_15px color_navy style_outlined\" type=\"submit\"><span class=\"g-preloader type_1\"><\/span><span class=\"w-btn-label\">INSCRIU-TE<\/span><\/button>\n\t<\/div>\n<\/div>\n\t\t\t\t<div class=\"w-form-message\"><\/div>\n\t\t\t<\/form>\n\t\t\t<div class=\"w-form-json hidden\" onclick='return {&quot;ajaxurl&quot;:&quot;https:\\\/\\\/www.fvb.cat\\\/wp-admin\\\/admin-ajax.php&quot;,&quot;success&quot;:&quot;Thank you! Your message was sent.&quot;,&quot;errors&quot;:{&quot;name&quot;:&quot;Please enter your Name&quot;,&quot;email&quot;:&quot;Please enter your Email&quot;,&quot;phone&quot;:&quot;Please enter your Phone Number&quot;,&quot;message&quot;:&quot;Please enter a Message&quot;,&quot;captcha&quot;:&quot;Please enter the equation result&quot;}}'><\/div>\n\t<\/div>\n<\/div><\/div><\/div><div class=\"vc_col-sm-4 wpb_column vc_column_container\"><div class=\"vc_column-inner\"><div class=\"wpb_wrapper\"><div class=\"wpb_text_column \"><div class=\"wpb_wrapper\">\n<h4 style=\"text-align: center;\"><strong>Les neuroci\u00e8ncies aplicades a la psicoter\u00e0pia<\/strong><\/h4>\n<\/div> <\/div> [vc_empty_space height=&#8221;15px&#8221;]<div class=\"wpb_text_column  vc_custom_1759226425069\"><div class=\"wpb_wrapper\">\n<h6><strong>PRESENTACI\u00d3<\/strong><\/h6>\n<p>Qu\u00e8 aporta la neurobiologia a la nostra comprensi\u00f3 dels processos mentals? En qu\u00e8 ens pot ajudar al nostre treball com a psicoterapeutes?<\/p>\n<p>Aquest seminari ofereix una introducci\u00f3 a l\u2019estructura i funcions principals del cervell hum\u00e0, el seu funcionament normal i patol\u00f2gic, i la seva capacitat per a canviar. Aix\u00f2, fent ponts entre la psicoan\u00e0lisi i les neuroci\u00e8ncies.<\/p>\n<p>Durant el curs l\u2019alumnat obtindr\u00e0 coneixements sobre les neuroci\u00e8ncies que siguin d\u2019utilitat per a la psicoter\u00e0pia, aix\u00ed com la capacitat de buscar i comprendre articles neurocient\u00edfics que permetin a l\u2019alumnat continuar el seu propi recorregut.<\/p>\n<h6><strong>DOCENT<\/strong><\/h6>\n<p>Erika Barba-M\u00fcller<\/p>\n<h6><strong>CALENDARI<\/strong><\/h6>\n<p class=\"cvGsUA direction-ltr align-start para-style-body\"><span class=\"a_GcMg font-feature-liga-off font-feature-clig-off font-feature-calt-off text-decoration-none text-strikethrough-none\">6, 13, 20 i 27 de novembre<\/span><\/p>\n<p class=\"cvGsUA direction-ltr align-start para-style-body\"><span class=\"a_GcMg font-feature-liga-off font-feature-clig-off font-feature-calt-off text-decoration-none text-strikethrough-none\">4, 11 i 18 de desembre<\/span><\/p>\n<p class=\"cvGsUA direction-ltr align-start para-style-body\"><span class=\"a_GcMg font-feature-liga-off font-feature-clig-off font-feature-calt-off text-decoration-none text-strikethrough-none\">8, 15 i 22 de gener<\/span><\/p>\n<h6><strong>PREU<\/strong><\/h6>\n<p>440\u20ac<\/div> <\/div> <div class=\"w-btn-wrapper align_center\"><a class=\"w-btn style_outlined color_navy icon_none\" href=\"https:\/\/www.fvb.cat\/wp-content\/uploads\/2025\/09\/FCP_Les-neurociencies-aplicades-a-la-psicoterapia_CAT.pdf\" target=\"_blank\"><span class=\"w-btn-label\">PROGRAMA <\/span><\/a><\/div><div class=\"wpb_text_column \"><div class=\"wpb_wrapper\"><p>Per inscriure&#8217;t omple el seg\u00fcent formulari indicant el nom de la formaci\u00f3. Et contactarem per donar-te la informaci\u00f3 per formalitzar la inscripci\u00f3.<\/p><\/div> <\/div> <div class=\"w-form for_cform align_center\" id=\"us_form_12\">\n\t<form class=\"w-form-h\" autocomplete=\"off\" action=\"https:\/\/www.fvb.cat\/ca\/wp-json\/wp\/v2\/pages\/17309\" method=\"post\">\n\t\t\t\t\t\t\t<div class=\"w-form-row for_name required\">\n\t<div class=\"w-form-row-label\">\n\t\t<label for=\"us_form_12_name\"><\/label>\n\t<\/div>\n\t<div class=\"w-form-row-field\">\n\t\t\t\t<input type=\"text\" name=\"name\" id=\"us_form_12_name\" value=\"\"\n\t\t\t   placeholder=\"Name *\" data-required=\"true\" aria-required=\"true\"\/>\n\t\t<span class=\"w-form-row-field-bar\"><\/span>\n\t\t\t<\/div>\n\t<div class=\"w-form-row-state\"><\/div>\n\t<\/div>\n\t\t\t\t\t<div class=\"w-form-row for_email required\">\n\t<div class=\"w-form-row-label\">\n\t\t<label for=\"us_form_12_email\"><\/label>\n\t<\/div>\n\t<div class=\"w-form-row-field\">\n\t\t\t\t<input type=\"email\" name=\"email\" id=\"us_form_12_email\" value=\"\"\n\t\t\t   placeholder=\"Email *\" data-required=\"true\" aria-required=\"true\"\/>\n\t\t<span class=\"w-form-row-field-bar\"><\/span>\n\t\t\t<\/div>\n\t<div class=\"w-form-row-state\"><\/div>\n\t<\/div>\n\t\t\t\t\t<div class=\"w-form-row for_phone\">\n\t<div class=\"w-form-row-label\">\n\t\t<label for=\"us_form_12_phone\"><\/label>\n\t<\/div>\n\t<div class=\"w-form-row-field\">\n\t\t\t\t<input type=\"text\" name=\"phone\" id=\"us_form_12_phone\" value=\"\"\n\t\t\t   placeholder=\"Phone Number\"\/>\n\t\t<span class=\"w-form-row-field-bar\"><\/span>\n\t\t\t<\/div>\n\t<div class=\"w-form-row-state\"><\/div>\n\t<\/div>\n\t\t\t\t\t<div class=\"w-form-row for_message required\">\n\t<div class=\"w-form-row-label\">\n\t\t<label for=\"us_form_12_message\"><\/label>\n\t<\/div>\n\t<div class=\"w-form-row-field\">\n\t\t\t\t<textarea name=\"message\" id=\"us_form_12_message\" cols=\"30\" rows=\"10\" placeholder=\"Message *\"\n\t\t\t data-required=\"true\" aria-required=\"true\"><\/textarea>\n\t\t<span class=\"w-form-row-field-bar\"><\/span>\n\t\t\t<\/div>\n\t<div class=\"w-form-row-state\"><\/div>\n\t<\/div>\n\t\t\t\t\t<div class=\"w-form-row for_captcha required\">\n\t<div class=\"w-form-row-label\">\n\t\t<label for=\"us_form_12_captcha\">Just to prove you are a human, please solve the equation: <span>16 - 15 = ?<\/span><\/label>\n\t<\/div>\n\t<div class=\"w-form-row-field\">\n\t\t\t\t<input type=\"hidden\" name=\"captcha_hash\" value=\"d3072a1fbb604ff8c23716eea4a7702c\" \/>\n\t\t<input type=\"text\" name=\"captcha\" id=\"us_form_12_captcha\" value=\"\"\n\t\t\t   data-required=\"1\" placeholder=\"\" aria-required=\"true\" \/>\n\t\t<span class=\"w-form-row-field-bar\"><\/span>\n\t\t\t<\/div>\n\t<div class=\"w-form-row-state\"><\/div>\n\t<\/div>\n\t\t\t\t\t<input type=\"hidden\" name=\"action\" value=\"us_ajax_cform\" \/>\n\t\t\t\t\t<input type=\"hidden\" name=\"post_id\" value=\"17309\" \/>\n\t\t\t\t\t<input type=\"hidden\" name=\"form_index\" value=\"12\" \/>\n\t\t\t\t\t<div class=\"w-form-row for_submit\">\n\t<div class=\"w-form-row-field\">\n\t\t<button class=\"w-btn size_15px color_navy style_outlined\" type=\"submit\"><span class=\"g-preloader type_1\"><\/span><span class=\"w-btn-label\">INSCRIU-TE<\/span><\/button>\n\t<\/div>\n<\/div>\n\t\t\t\t<div class=\"w-form-message\"><\/div>\n\t\t\t<\/form>\n\t\t\t<div class=\"w-form-json hidden\" onclick='return {&quot;ajaxurl&quot;:&quot;https:\\\/\\\/www.fvb.cat\\\/wp-admin\\\/admin-ajax.php&quot;,&quot;success&quot;:&quot;Thank you! Your message was sent.&quot;,&quot;errors&quot;:{&quot;name&quot;:&quot;Please enter your Name&quot;,&quot;email&quot;:&quot;Please enter your Email&quot;,&quot;phone&quot;:&quot;Please enter your Phone Number&quot;,&quot;message&quot;:&quot;Please enter a Message&quot;,&quot;captcha&quot;:&quot;Please enter the equation result&quot;}}'><\/div>\n\t<\/div>\n<\/div><\/div><\/div><\/div><div class=\"g-cols wpb_row type_default valign_top vc_inner \"><div class=\"vc_col-sm-4 wpb_column vc_column_container\"><div class=\"vc_column-inner\"><div class=\"wpb_wrapper\"><div class=\"wpb_text_column \"><div class=\"wpb_wrapper\">\n<h4 style=\"text-align: center;\"><strong>Psicopatologia des d&#8217;una perspectiva del desenvolupament: del naixement a la vida adulta<\/strong><\/h4>\n<\/div> <\/div> [vc_empty_space height=&#8221;15px&#8221;]<div class=\"wpb_text_column  vc_custom_1759236521095\"><div class=\"wpb_wrapper\">\n<h6><strong>PRESENTACI\u00d3<\/strong><\/h6>\n<p class=\"cvGsUA direction-ltr align-justify para-style-body\"><span class=\"a_GcMg font-feature-liga-off font-feature-clig-off font-feature-calt-off text-decoration-none text-strikethrough-none\">Aquest curs pret\u00e9n aportar una visi\u00f3 panor\u00e0mica i de continu\u00eftat entre all\u00f2 que passa a la vida de les persones durant la seva inf\u00e0ncia, al seu dia a dia quotidi\u00e0 o traum\u00e0tic i all\u00f2 que esdev\u00e9 a la vida adulta. Es pret\u00e9n posar en relleu com l\u2019interjoc entre factors de risc i de protecci\u00f3 contribueix a l\u2019aparici\u00f3 dels trastorns del desenvolupament i la salut mental a trav\u00e9s del proc\u00e9s evolutiu.<\/span><\/p>\n<p class=\"cvGsUA direction-ltr align-justify para-style-body\"><span class=\"a_GcMg font-feature-liga-off font-feature-clig-off font-feature-calt-off text-decoration-none text-strikethrough-none\">El curs ofereix una perspectiva evolutiva i longitudinal de les manifestacions simptom\u00e0tiques i els eixos etiol\u00f2gics, per a una comprensi\u00f3 \u00e0mplia i global de la psicopatologia. El curs t\u00e9 com a objectiu promoure un punt de vista que permeti a professionals de la salut mental poder construir juntament amb la persona que pateix una narrativa de la seva vida prou integrada.<\/span><\/p>\n<h6><strong>DOCENT<\/strong><\/h6>\n<p>Marta Golan\u00f3<\/p>\n<h6><strong>CALENDARI<\/strong><\/h6>\n<p>6, 13, 20 i 27 de novembre<\/p>\n<p>4, 11 i 18 de desembre<\/p>\n<p>8, 15 i 22 de gener<\/p>\n<h6><strong>PREU<\/strong><\/h6>\n<p>440\u20ac<\/div> <\/div> <div class=\"w-btn-wrapper align_center\"><a class=\"w-btn style_outlined color_navy icon_none\" href=\"https:\/\/www.fvb.cat\/wp-content\/uploads\/2025\/09\/FCP_Psicopatologia-des-duna-perspectiva-del-desenvolupament-del-naixement-a-la-vida_CAT.pdf\" target=\"_blank\"><span class=\"w-btn-label\">PROGRAMA <\/span><\/a><\/div><div class=\"wpb_text_column \"><div class=\"wpb_wrapper\"><p>Per inscriure&#8217;t omple el seg\u00fcent formulari indicant el nom de la formaci\u00f3. Et contactarem per donar-te la informaci\u00f3 per formalitzar la inscripci\u00f3.<\/p><\/div> <\/div> <div class=\"w-form for_cform align_center\" id=\"us_form_13\">\n\t<form class=\"w-form-h\" autocomplete=\"off\" action=\"https:\/\/www.fvb.cat\/ca\/wp-json\/wp\/v2\/pages\/17309\" method=\"post\">\n\t\t\t\t\t\t\t<div class=\"w-form-row for_name required\">\n\t<div class=\"w-form-row-label\">\n\t\t<label for=\"us_form_13_name\"><\/label>\n\t<\/div>\n\t<div class=\"w-form-row-field\">\n\t\t\t\t<input type=\"text\" name=\"name\" id=\"us_form_13_name\" value=\"\"\n\t\t\t   placeholder=\"Name *\" data-required=\"true\" aria-required=\"true\"\/>\n\t\t<span class=\"w-form-row-field-bar\"><\/span>\n\t\t\t<\/div>\n\t<div class=\"w-form-row-state\"><\/div>\n\t<\/div>\n\t\t\t\t\t<div class=\"w-form-row for_email required\">\n\t<div class=\"w-form-row-label\">\n\t\t<label for=\"us_form_13_email\"><\/label>\n\t<\/div>\n\t<div class=\"w-form-row-field\">\n\t\t\t\t<input type=\"email\" name=\"email\" id=\"us_form_13_email\" value=\"\"\n\t\t\t   placeholder=\"Email *\" data-required=\"true\" aria-required=\"true\"\/>\n\t\t<span class=\"w-form-row-field-bar\"><\/span>\n\t\t\t<\/div>\n\t<div class=\"w-form-row-state\"><\/div>\n\t<\/div>\n\t\t\t\t\t<div class=\"w-form-row for_phone\">\n\t<div class=\"w-form-row-label\">\n\t\t<label for=\"us_form_13_phone\"><\/label>\n\t<\/div>\n\t<div class=\"w-form-row-field\">\n\t\t\t\t<input type=\"text\" name=\"phone\" id=\"us_form_13_phone\" value=\"\"\n\t\t\t   placeholder=\"Phone Number\"\/>\n\t\t<span class=\"w-form-row-field-bar\"><\/span>\n\t\t\t<\/div>\n\t<div class=\"w-form-row-state\"><\/div>\n\t<\/div>\n\t\t\t\t\t<div class=\"w-form-row for_message required\">\n\t<div class=\"w-form-row-label\">\n\t\t<label for=\"us_form_13_message\"><\/label>\n\t<\/div>\n\t<div class=\"w-form-row-field\">\n\t\t\t\t<textarea name=\"message\" id=\"us_form_13_message\" cols=\"30\" rows=\"10\" placeholder=\"Message *\"\n\t\t\t data-required=\"true\" aria-required=\"true\"><\/textarea>\n\t\t<span class=\"w-form-row-field-bar\"><\/span>\n\t\t\t<\/div>\n\t<div class=\"w-form-row-state\"><\/div>\n\t<\/div>\n\t\t\t\t\t<div class=\"w-form-row for_captcha required\">\n\t<div class=\"w-form-row-label\">\n\t\t<label for=\"us_form_13_captcha\">Just to prove you are a human, please solve the equation: <span>18 - 1 = ?<\/span><\/label>\n\t<\/div>\n\t<div class=\"w-form-row-field\">\n\t\t\t\t<input type=\"hidden\" name=\"captcha_hash\" value=\"1bb59385b0d253d751b6e41bdf21b0e1\" \/>\n\t\t<input type=\"text\" name=\"captcha\" id=\"us_form_13_captcha\" value=\"\"\n\t\t\t   data-required=\"1\" placeholder=\"\" aria-required=\"true\" \/>\n\t\t<span class=\"w-form-row-field-bar\"><\/span>\n\t\t\t<\/div>\n\t<div class=\"w-form-row-state\"><\/div>\n\t<\/div>\n\t\t\t\t\t<input type=\"hidden\" name=\"action\" value=\"us_ajax_cform\" \/>\n\t\t\t\t\t<input type=\"hidden\" name=\"post_id\" value=\"17309\" \/>\n\t\t\t\t\t<input type=\"hidden\" name=\"form_index\" value=\"13\" \/>\n\t\t\t\t\t<div class=\"w-form-row for_submit\">\n\t<div class=\"w-form-row-field\">\n\t\t<button class=\"w-btn size_15px color_navy style_outlined\" type=\"submit\"><span class=\"g-preloader type_1\"><\/span><span class=\"w-btn-label\">INSCRIU-TE<\/span><\/button>\n\t<\/div>\n<\/div>\n\t\t\t\t<div class=\"w-form-message\"><\/div>\n\t\t\t<\/form>\n\t\t\t<div class=\"w-form-json hidden\" onclick='return {&quot;ajaxurl&quot;:&quot;https:\\\/\\\/www.fvb.cat\\\/wp-admin\\\/admin-ajax.php&quot;,&quot;success&quot;:&quot;Thank you! Your message was sent.&quot;,&quot;errors&quot;:{&quot;name&quot;:&quot;Please enter your Name&quot;,&quot;email&quot;:&quot;Please enter your Email&quot;,&quot;phone&quot;:&quot;Please enter your Phone Number&quot;,&quot;message&quot;:&quot;Please enter a Message&quot;,&quot;captcha&quot;:&quot;Please enter the equation result&quot;}}'><\/div>\n\t<\/div>\n<\/div><\/div><\/div><\/div><div class=\"g-cols wpb_row type_default valign_top vc_inner \"><div class=\"vc_col-sm-12 wpb_column vc_column_container\"><div class=\"vc_column-inner\"><div class=\"wpb_wrapper\"><div class=\"wpb_text_column \"><div class=\"wpb_wrapper\">\n<h4 style=\"text-align: center;\"><strong>FORMACIONS FINALITZADES<\/strong><\/h4>\n<\/div> <\/div> [vc_empty_space height=&#8221;15px&#8221;]<\/div><\/div><\/div><\/div><div class=\"g-cols wpb_row type_default valign_top vc_inner \"><div class=\"vc_col-sm-4 wpb_column vc_column_container\"><div class=\"vc_column-inner\"><div class=\"wpb_wrapper\"><div class=\"wpb_text_column \"><div class=\"wpb_wrapper\">\n<h6 style=\"text-align: center;\"><strong>FORMACI\u00d3 MBT PER A ADULTS<\/strong><\/h6>\n<\/div> <\/div> <div class=\"wpb_text_column \"><div class=\"wpb_wrapper\">\n<h6><strong>Formaci\u00f3 MBT Basic Training<\/strong><\/h6>\n<h5><\/h5>\n<\/div> <\/div> <div class=\"w-image\"><div class=\"us-frame\"><a href=\"https:\/\/www.fvb.cat\/wp-content\/uploads\/2025\/12\/MTB-basic-training-CAT.pdf\" title=\"\" target=\"_blank\" rel=\"\"><img loading=\"lazy\" decoding=\"async\" width=\"819\" height=\"1024\" src=\"https:\/\/www.fvb.cat\/wp-content\/uploads\/2025\/12\/PLAZAS-AGOTADAS-1-819x1024.png\" class=\"attachment-large size-large\" alt=\"\" srcset=\"https:\/\/www.fvb.cat\/wp-content\/uploads\/2025\/12\/PLAZAS-AGOTADAS-1-819x1024.png 819w, https:\/\/www.fvb.cat\/wp-content\/uploads\/2025\/12\/PLAZAS-AGOTADAS-1-240x300.png 240w, https:\/\/www.fvb.cat\/wp-content\/uploads\/2025\/12\/PLAZAS-AGOTADAS-1-768x960.png 768w, https:\/\/www.fvb.cat\/wp-content\/uploads\/2025\/12\/PLAZAS-AGOTADAS-1-320x400.png 320w, https:\/\/www.fvb.cat\/wp-content\/uploads\/2025\/12\/PLAZAS-AGOTADAS-1-480x600.png 480w, https:\/\/www.fvb.cat\/wp-content\/uploads\/2025\/12\/PLAZAS-AGOTADAS-1-800x1000.png 800w, https:\/\/www.fvb.cat\/wp-content\/uploads\/2025\/12\/PLAZAS-AGOTADAS-1-600x750.png 600w, https:\/\/www.fvb.cat\/wp-content\/uploads\/2025\/12\/PLAZAS-AGOTADAS-1.png 1080w\" sizes=\"(max-width: 819px) 100vw, 819px\" \/><\/a><\/div><\/div><div class=\"w-btn-wrapper align_center\"><a class=\"w-btn style_outlined color_navy icon_none\" href=\"https:\/\/www.fvb.cat\/wp-content\/uploads\/2025\/12\/MTB-basic-training-CAT.pdf\" target=\"_blank\"><span class=\"w-btn-label\">PROGRAMA <\/span><\/a><\/div><\/div><\/div><\/div><div class=\"vc_col-sm-4 wpb_column vc_column_container\"><div class=\"vc_column-inner\"><div class=\"wpb_wrapper\"><div class=\"wpb_text_column \"><div class=\"wpb_wrapper\">\n<h6><strong>Taller introductori sobre el Tractament Basat en la Mentalitzaci\u00f3 centrat en el Trauma (MBT-TF)<\/strong><\/h6>\n<\/div> <\/div> <div class=\"w-image\"><div class=\"us-frame\"><a href=\"https:\/\/www.fvb.cat\/wp-content\/uploads\/2025\/11\/Cartell-MBT-TF-GEN26-cat.pdf\" title=\"\" target=\"_blank\" rel=\"\"><img loading=\"lazy\" decoding=\"async\" width=\"819\" height=\"1024\" src=\"https:\/\/www.fvb.cat\/wp-content\/uploads\/2025\/11\/MBT-TF-P.1-CAST-819x1024.png\" class=\"attachment-large size-large\" alt=\"\" srcset=\"https:\/\/www.fvb.cat\/wp-content\/uploads\/2025\/11\/MBT-TF-P.1-CAST-819x1024.png 819w, https:\/\/www.fvb.cat\/wp-content\/uploads\/2025\/11\/MBT-TF-P.1-CAST-240x300.png 240w, https:\/\/www.fvb.cat\/wp-content\/uploads\/2025\/11\/MBT-TF-P.1-CAST-768x960.png 768w, https:\/\/www.fvb.cat\/wp-content\/uploads\/2025\/11\/MBT-TF-P.1-CAST-320x400.png 320w, https:\/\/www.fvb.cat\/wp-content\/uploads\/2025\/11\/MBT-TF-P.1-CAST-480x600.png 480w, https:\/\/www.fvb.cat\/wp-content\/uploads\/2025\/11\/MBT-TF-P.1-CAST-800x1000.png 800w, https:\/\/www.fvb.cat\/wp-content\/uploads\/2025\/11\/MBT-TF-P.1-CAST-600x750.png 600w, https:\/\/www.fvb.cat\/wp-content\/uploads\/2025\/11\/MBT-TF-P.1-CAST.png 1080w\" sizes=\"(max-width: 819px) 100vw, 819px\" \/><\/a><\/div><\/div><div class=\"w-btn-wrapper align_center\"><a class=\"w-btn style_outlined color_navy icon_none\" href=\"https:\/\/www.fvb.cat\/wp-content\/uploads\/2025\/11\/Cartell-MBT-TF-GEN26-cat.pdf\" target=\"_blank\"><span class=\"w-btn-label\">PROGRAMA<\/span><\/a><\/div><\/div><\/div><\/div><div class=\"vc_col-sm-4 wpb_column vc_column_container\"><div class=\"vc_column-inner\"><div class=\"wpb_wrapper\"><div class=\"wpb_text_column \"><div class=\"wpb_wrapper\">\n<h6><strong>Taller sobre el Tractament Basat en la Mentalitzaci\u00f3 per a la Personalitat Antisocial: en l&#8217;edat adulta (MBT-ASPD): <\/strong>vincular i tractar una ment desconfiada<\/h6>\n<\/div> <\/div> <div class=\"w-image\"><div class=\"us-frame\"><a href=\"https:\/\/www.fvb.cat\/wp-content\/uploads\/2026\/01\/Cartell-MBT-ASPD-GEN26-cat.pdf\" title=\"\" target=\"_blank\" rel=\"\"><img loading=\"lazy\" decoding=\"async\" width=\"819\" height=\"1024\" src=\"https:\/\/www.fvb.cat\/wp-content\/uploads\/2025\/11\/MBT-ASPD--819x1024.png\" class=\"attachment-large size-large\" alt=\"\" srcset=\"https:\/\/www.fvb.cat\/wp-content\/uploads\/2025\/11\/MBT-ASPD--819x1024.png 819w, https:\/\/www.fvb.cat\/wp-content\/uploads\/2025\/11\/MBT-ASPD--240x300.png 240w, https:\/\/www.fvb.cat\/wp-content\/uploads\/2025\/11\/MBT-ASPD--768x960.png 768w, https:\/\/www.fvb.cat\/wp-content\/uploads\/2025\/11\/MBT-ASPD--320x400.png 320w, https:\/\/www.fvb.cat\/wp-content\/uploads\/2025\/11\/MBT-ASPD--480x600.png 480w, https:\/\/www.fvb.cat\/wp-content\/uploads\/2025\/11\/MBT-ASPD--800x1000.png 800w, https:\/\/www.fvb.cat\/wp-content\/uploads\/2025\/11\/MBT-ASPD--600x750.png 600w, https:\/\/www.fvb.cat\/wp-content\/uploads\/2025\/11\/MBT-ASPD-.png 1080w\" sizes=\"(max-width: 819px) 100vw, 819px\" \/><\/a><\/div><\/div><div class=\"w-btn-wrapper align_center\"><a class=\"w-btn style_outlined color_navy icon_none\" href=\"https:\/\/www.fvb.cat\/wp-content\/uploads\/2026\/01\/Cartell-MBT-ASPD-GEN26-cat.pdf\" target=\"_blank\"><span class=\"w-btn-label\">PROGRAMA<\/span><\/a><\/div><\/div><\/div><\/div><\/div><div class=\"g-cols wpb_row type_default valign_top vc_inner \"><div class=\"vc_col-sm-4 wpb_column vc_column_container\"><div class=\"vc_column-inner\"><div class=\"wpb_wrapper\"><div class=\"wpb_text_column \"><div class=\"wpb_wrapper\">\n<h6><strong>V\u00eddeo-intervenci\u00f3 i mentalitzaci\u00f3 com a eines per al treball cl\u00ednic en Primera Inf\u00e0ncia<\/strong><\/h6>\n<h5><\/h5>\n<\/div> <\/div> <div class=\"w-image\"><div class=\"us-frame\"><a href=\"https:\/\/www.fvb.cat\/wp-content\/uploads\/2026\/01\/Video-intervencio-i-mentalitzacio_CAT.pdf\" title=\"\" target=\"_blank\" rel=\"\"><img loading=\"lazy\" decoding=\"async\" width=\"724\" height=\"1024\" src=\"https:\/\/www.fvb.cat\/wp-content\/uploads\/2026\/01\/Video-intervencio-i-mentalitzacio_CAT.pdf-724x1024.png\" class=\"attachment-large size-large\" alt=\"\" srcset=\"https:\/\/www.fvb.cat\/wp-content\/uploads\/2026\/01\/Video-intervencio-i-mentalitzacio_CAT.pdf-724x1024.png 724w, https:\/\/www.fvb.cat\/wp-content\/uploads\/2026\/01\/Video-intervencio-i-mentalitzacio_CAT.pdf-212x300.png 212w, https:\/\/www.fvb.cat\/wp-content\/uploads\/2026\/01\/Video-intervencio-i-mentalitzacio_CAT.pdf-768x1086.png 768w, https:\/\/www.fvb.cat\/wp-content\/uploads\/2026\/01\/Video-intervencio-i-mentalitzacio_CAT.pdf-1086x1536.png 1086w, https:\/\/www.fvb.cat\/wp-content\/uploads\/2026\/01\/Video-intervencio-i-mentalitzacio_CAT.pdf-320x453.png 320w, https:\/\/www.fvb.cat\/wp-content\/uploads\/2026\/01\/Video-intervencio-i-mentalitzacio_CAT.pdf-480x679.png 480w, https:\/\/www.fvb.cat\/wp-content\/uploads\/2026\/01\/Video-intervencio-i-mentalitzacio_CAT.pdf-800x1132.png 800w, https:\/\/www.fvb.cat\/wp-content\/uploads\/2026\/01\/Video-intervencio-i-mentalitzacio_CAT.pdf-600x849.png 600w, https:\/\/www.fvb.cat\/wp-content\/uploads\/2026\/01\/Video-intervencio-i-mentalitzacio_CAT.pdf.png 1414w\" sizes=\"(max-width: 724px) 100vw, 724px\" \/><\/a><\/div><\/div><div class=\"w-btn-wrapper align_center\"><a class=\"w-btn style_outlined color_navy icon_none\" href=\"https:\/\/www.fvb.cat\/wp-content\/uploads\/2026\/01\/Video-intervencio-i-mentalitzacio_CAT.pdf\" target=\"_blank\"><span class=\"w-btn-label\">PROGRAMA <\/span><\/a><\/div><\/div><\/div><\/div><\/div><div class=\"g-cols wpb_row type_default valign_top vc_inner \"><div class=\"vc_col-sm-12 wpb_column vc_column_container\"><div class=\"vc_column-inner\"><div class=\"wpb_wrapper\"><div class=\"w-separator type_default size_medium thick_5 style_solid color_border cont_none\"><span class=\"w-separator-h\"><\/span><\/div><div class=\"wpb_text_column \"><div class=\"wpb_wrapper\">\n<h4><strong>Informa\u2019t<\/strong> dels nostres serveis de <strong>dilluns a divendres de 15:30h a 21:00h<\/strong><\/h4>\n<h4><img loading=\"lazy\" decoding=\"async\" class=\"alignnone wp-image-9960\" src=\"https:\/\/www.fvb.cat\/wp-content\/uploads\/2021\/06\/whatsapp.png\" alt=\"\" width=\"25\" height=\"24\" srcset=\"https:\/\/www.fvb.cat\/wp-content\/uploads\/2021\/06\/whatsapp.png 155w, https:\/\/www.fvb.cat\/wp-content\/uploads\/2021\/06\/whatsapp-100x100.png 100w, https:\/\/www.fvb.cat\/wp-content\/uploads\/2021\/06\/whatsapp-150x150.png 150w\" sizes=\"(max-width: 25px) 100vw, 25px\" \/> +34 670 26 32 84\u00a0 <img loading=\"lazy\" decoding=\"async\" class=\"alignnone wp-image-10030\" src=\"https:\/\/www.fvb.cat\/wp-content\/uploads\/2021\/06\/telefon.png\" alt=\"\" width=\"26\" height=\"20\" \/> 934 340 001\u00a0 o escriu-nos a <strong>docencia@fvb.cat<\/strong><\/h4>\n<\/div> <\/div> <div class=\"wpb_text_column \"><div class=\"wpb_wrapper\">\n<h4><\/h4>\n<h4><strong>Segueix-nos a les xarxes socials de l\u2019IUSMVB \u2013 URL<\/strong><\/h4>\n<\/div> <\/div> <div class=\"w-socials align_left style_outlined color_link index_1\" style=\"font-size:25px;\"><div class=\"w-socials-list\"><div class=\"w-socials-item email\">\n\t\t\t\t<a class=\"w-socials-item-link\" target=\"_blank\" href=\"mailto:docencia@fvb.cat\">\n\t\t\t\t\t<span class=\"w-socials-item-link-hover\"><\/span>\n\t\t\t\t<\/a>\n\t\t\t\t<div class=\"w-socials-item-popup\">\n\t\t\t\t\t<span>Email<\/span>\n\t\t\t\t<\/div>\n\t\t\t<\/div><div class=\"w-socials-item facebook\">\n\t\t\t\t<a class=\"w-socials-item-link\" target=\"_blank\" href=\"https:\/\/www.facebook.com\/IUSalutMentalVB\">\n\t\t\t\t\t<span class=\"w-socials-item-link-hover\"><\/span>\n\t\t\t\t<\/a>\n\t\t\t\t<div class=\"w-socials-item-popup\">\n\t\t\t\t\t<span>Facebook<\/span>\n\t\t\t\t<\/div>\n\t\t\t<\/div><div class=\"w-socials-item twitter\">\n\t\t\t\t<a class=\"w-socials-item-link\" target=\"_blank\" href=\"https:\/\/twitter.com\/IUSalutMentalVB\">\n\t\t\t\t\t<span class=\"w-socials-item-link-hover\"><\/span>\n\t\t\t\t<\/a>\n\t\t\t\t<div class=\"w-socials-item-popup\">\n\t\t\t\t\t<span>Twitter<\/span>\n\t\t\t\t<\/div>\n\t\t\t<\/div><div class=\"w-socials-item youtube\">\n\t\t\t\t<a class=\"w-socials-item-link\" target=\"_blank\" href=\"https:\/\/www.youtube.com\/channel\/UCQ4UXxgNU7lWsnRU1w-nxbQ\">\n\t\t\t\t\t<span class=\"w-socials-item-link-hover\"><\/span>\n\t\t\t\t<\/a>\n\t\t\t\t<div class=\"w-socials-item-popup\">\n\t\t\t\t\t<span>YouTube<\/span>\n\t\t\t\t<\/div>\n\t\t\t<\/div><div class=\"w-socials-item instagram\">\n\t\t\t\t<a class=\"w-socials-item-link\" target=\"_blank\" href=\"https:\/\/www.instagram.com\/iusalutmentalvb\/\">\n\t\t\t\t\t<span class=\"w-socials-item-link-hover\"><\/span>\n\t\t\t\t<\/a>\n\t\t\t\t<div class=\"w-socials-item-popup\">\n\t\t\t\t\t<span>Instagram<\/span>\n\t\t\t\t<\/div>\n\t\t\t<\/div><\/div><\/div><\/div><\/div><\/div><\/div><\/div><\/div><\/div><\/div><\/div><\/section>","protected":false},"excerpt":{"rendered":"Fundaci\u00f3 Vidal i Barraquer Som una instituci\u00f3 creada l\u2019any 1964 i dedicada...","protected":false},"author":33,"featured_media":0,"parent":5874,"menu_order":0,"comment_status":"closed","ping_status":"closed","template":"","meta":{"footnotes":""},"yoast_head":"<!-- This site is optimized with the Yoast SEO plugin v22.6 - https:\/\/yoast.com\/wordpress\/plugins\/seo\/ -->\n<title>Formaci\u00f3 Continuada en Psicoter\u00e0pia - Fundaci\u00f3 Vidal i Barraquer<\/title>\n<meta name=\"robots\" content=\"index, follow, max-snippet:-1, max-image-preview:large, max-video-preview:-1\" \/>\n<link rel=\"canonical\" href=\"https:\/\/www.fvb.cat\/es\/docencia\/formacion-continuada\/\" \/>\n<meta property=\"og:locale\" content=\"ca_ES\" \/>\n<meta property=\"og:type\" content=\"article\" \/>\n<meta property=\"og:title\" content=\"[:ca]Formaci\u00f3 Continuada en Psicoter\u00e0pia[:es]Formaci\u00f3n Continuada en Psicoterapia[:] - Fundaci\u00f3 Vidal i Barraquer\" \/>\n<meta property=\"og:url\" content=\"https:\/\/www.fvb.cat\/es\/docencia\/formacion-continuada\/\" \/>\n<meta property=\"og:site_name\" content=\"Fundaci\u00f3 Vidal i Barraquer\" \/>\n<meta property=\"article:modified_time\" content=\"2026-04-13T07:59:05+00:00\" \/>\n<meta property=\"og:image\" content=\"https:\/\/www.fvb.cat\/wp-content\/uploads\/2021\/06\/whatsapp.png\" \/>\n<meta name=\"twitter:card\" content=\"summary_large_image\" \/>\n<meta name=\"twitter:label1\" content=\"Temps estimat de lectura\" \/>\n\t<meta name=\"twitter:data1\" content=\"9 minuts\" \/>\n<script type=\"application\/ld+json\" class=\"yoast-schema-graph\">{\"@context\":\"https:\/\/schema.org\",\"@graph\":[{\"@type\":\"WebPage\",\"@id\":\"https:\/\/www.fvb.cat\/es\/docencia\/formacion-continuada\/\",\"url\":\"https:\/\/www.fvb.cat\/es\/docencia\/formacion-continuada\/\",\"name\":\"[:ca]Formaci\u00f3 Continuada en Psicoter\u00e0pia[:es]Formaci\u00f3n Continuada en Psicoterapia[:] - Fundaci\u00f3 Vidal i Barraquer\",\"isPartOf\":{\"@id\":\"https:\/\/www.fvb.cat\/es\/#website\"},\"primaryImageOfPage\":{\"@id\":\"https:\/\/www.fvb.cat\/es\/docencia\/formacion-continuada\/#primaryimage\"},\"image\":{\"@id\":\"https:\/\/www.fvb.cat\/es\/docencia\/formacion-continuada\/#primaryimage\"},\"thumbnailUrl\":\"https:\/\/www.fvb.cat\/wp-content\/uploads\/2021\/06\/whatsapp.png\",\"datePublished\":\"2025-07-30T10:31:10+00:00\",\"dateModified\":\"2026-04-13T07:59:05+00:00\",\"breadcrumb\":{\"@id\":\"https:\/\/www.fvb.cat\/es\/docencia\/formacion-continuada\/#breadcrumb\"},\"inLanguage\":\"ca\",\"potentialAction\":[{\"@type\":\"ReadAction\",\"target\":[\"https:\/\/www.fvb.cat\/es\/docencia\/formacion-continuada\/\"]}]},{\"@type\":\"ImageObject\",\"inLanguage\":\"ca\",\"@id\":\"https:\/\/www.fvb.cat\/es\/docencia\/formacion-continuada\/#primaryimage\",\"url\":\"https:\/\/www.fvb.cat\/wp-content\/uploads\/2021\/06\/whatsapp.png\",\"contentUrl\":\"https:\/\/www.fvb.cat\/wp-content\/uploads\/2021\/06\/whatsapp.png\"},{\"@type\":\"BreadcrumbList\",\"@id\":\"https:\/\/www.fvb.cat\/es\/docencia\/formacion-continuada\/#breadcrumb\",\"itemListElement\":[{\"@type\":\"ListItem\",\"position\":1,\"name\":\"Inici\",\"item\":\"https:\/\/www.fvb.cat\/es\/\"},{\"@type\":\"ListItem\",\"position\":2,\"name\":\"Docencia\",\"item\":\"https:\/\/www.fvb.cat\/es\/docencia\/\"},{\"@type\":\"ListItem\",\"position\":3,\"name\":\"Formaci\u00f3n Continuada en Psicoterapia\"}]},{\"@type\":\"WebSite\",\"@id\":\"https:\/\/www.fvb.cat\/es\/#website\",\"url\":\"https:\/\/www.fvb.cat\/es\/\",\"name\":\"Fundaci\u00f3 Vidal i Barraquer\",\"description\":\"Assist\u00e8ncia, doc\u00e8ncia i recerca en la salut mental\",\"publisher\":{\"@id\":\"https:\/\/www.fvb.cat\/es\/#organization\"},\"potentialAction\":[{\"@type\":\"SearchAction\",\"target\":{\"@type\":\"EntryPoint\",\"urlTemplate\":\"https:\/\/www.fvb.cat\/es\/?s={search_term_string}\"},\"query-input\":\"required name=search_term_string\"}],\"inLanguage\":\"ca\"},{\"@type\":\"Organization\",\"@id\":\"https:\/\/www.fvb.cat\/es\/#organization\",\"name\":\"Fundaci\u00f3 Vidal i Barraquer\",\"url\":\"https:\/\/www.fvb.cat\/es\/\",\"logo\":{\"@type\":\"ImageObject\",\"inLanguage\":\"ca\",\"@id\":\"https:\/\/www.fvb.cat\/es\/#\/schema\/logo\/image\/\",\"url\":\"https:\/\/www.fvb.cat\/wp-content\/uploads\/2024\/05\/logo-vidal-i-barrauqer-60-aniversari.jpg\",\"contentUrl\":\"https:\/\/www.fvb.cat\/wp-content\/uploads\/2024\/05\/logo-vidal-i-barrauqer-60-aniversari.jpg\",\"width\":2125,\"height\":703,\"caption\":\"Fundaci\u00f3 Vidal i Barraquer\"},\"image\":{\"@id\":\"https:\/\/www.fvb.cat\/es\/#\/schema\/logo\/image\/\"}}]}<\/script>\n<!-- \/ Yoast SEO plugin. -->","yoast_head_json":{"title":"[:ca]Formaci\u00f3 Continuada en Psicoter\u00e0pia[:es]Formaci\u00f3n Continuada en Psicoterapia[:] - Fundaci\u00f3 Vidal i Barraquer","robots":{"index":"index","follow":"follow","max-snippet":"max-snippet:-1","max-image-preview":"max-image-preview:large","max-video-preview":"max-video-preview:-1"},"canonical":"https:\/\/www.fvb.cat\/es\/docencia\/formacion-continuada\/","og_locale":"ca_ES","og_type":"article","og_title":"[:ca]Formaci\u00f3 Continuada en Psicoter\u00e0pia[:es]Formaci\u00f3n Continuada en Psicoterapia[:] - Fundaci\u00f3 Vidal i Barraquer","og_url":"https:\/\/www.fvb.cat\/es\/docencia\/formacion-continuada\/","og_site_name":"Fundaci\u00f3 Vidal i Barraquer","article_modified_time":"2026-04-13T07:59:05+00:00","og_image":[{"url":"https:\/\/www.fvb.cat\/wp-content\/uploads\/2021\/06\/whatsapp.png"}],"twitter_card":"summary_large_image","twitter_misc":{"Temps estimat de lectura":"9 minuts"},"schema":{"@context":"https:\/\/schema.org","@graph":[{"@type":"WebPage","@id":"https:\/\/www.fvb.cat\/es\/docencia\/formacion-continuada\/","url":"https:\/\/www.fvb.cat\/es\/docencia\/formacion-continuada\/","name":"[:ca]Formaci\u00f3 Continuada en Psicoter\u00e0pia[:es]Formaci\u00f3n Continuada en Psicoterapia[:] - Fundaci\u00f3 Vidal i Barraquer","isPartOf":{"@id":"https:\/\/www.fvb.cat\/es\/#website"},"primaryImageOfPage":{"@id":"https:\/\/www.fvb.cat\/es\/docencia\/formacion-continuada\/#primaryimage"},"image":{"@id":"https:\/\/www.fvb.cat\/es\/docencia\/formacion-continuada\/#primaryimage"},"thumbnailUrl":"https:\/\/www.fvb.cat\/wp-content\/uploads\/2021\/06\/whatsapp.png","datePublished":"2025-07-30T10:31:10+00:00","dateModified":"2026-04-13T07:59:05+00:00","breadcrumb":{"@id":"https:\/\/www.fvb.cat\/es\/docencia\/formacion-continuada\/#breadcrumb"},"inLanguage":"ca","potentialAction":[{"@type":"ReadAction","target":["https:\/\/www.fvb.cat\/es\/docencia\/formacion-continuada\/"]}]},{"@type":"ImageObject","inLanguage":"ca","@id":"https:\/\/www.fvb.cat\/es\/docencia\/formacion-continuada\/#primaryimage","url":"https:\/\/www.fvb.cat\/wp-content\/uploads\/2021\/06\/whatsapp.png","contentUrl":"https:\/\/www.fvb.cat\/wp-content\/uploads\/2021\/06\/whatsapp.png"},{"@type":"BreadcrumbList","@id":"https:\/\/www.fvb.cat\/es\/docencia\/formacion-continuada\/#breadcrumb","itemListElement":[{"@type":"ListItem","position":1,"name":"Inici","item":"https:\/\/www.fvb.cat\/es\/"},{"@type":"ListItem","position":2,"name":"Docencia","item":"https:\/\/www.fvb.cat\/es\/docencia\/"},{"@type":"ListItem","position":3,"name":"Formaci\u00f3n Continuada en Psicoterapia"}]},{"@type":"WebSite","@id":"https:\/\/www.fvb.cat\/es\/#website","url":"https:\/\/www.fvb.cat\/es\/","name":"Fundaci\u00f3 Vidal i Barraquer","description":"Assist\u00e8ncia, doc\u00e8ncia i recerca en la salut mental","publisher":{"@id":"https:\/\/www.fvb.cat\/es\/#organization"},"potentialAction":[{"@type":"SearchAction","target":{"@type":"EntryPoint","urlTemplate":"https:\/\/www.fvb.cat\/es\/?s={search_term_string}"},"query-input":"required name=search_term_string"}],"inLanguage":"ca"},{"@type":"Organization","@id":"https:\/\/www.fvb.cat\/es\/#organization","name":"Fundaci\u00f3 Vidal i Barraquer","url":"https:\/\/www.fvb.cat\/es\/","logo":{"@type":"ImageObject","inLanguage":"ca","@id":"https:\/\/www.fvb.cat\/es\/#\/schema\/logo\/image\/","url":"https:\/\/www.fvb.cat\/wp-content\/uploads\/2024\/05\/logo-vidal-i-barrauqer-60-aniversari.jpg","contentUrl":"https:\/\/www.fvb.cat\/wp-content\/uploads\/2024\/05\/logo-vidal-i-barrauqer-60-aniversari.jpg","width":2125,"height":703,"caption":"Fundaci\u00f3 Vidal i Barraquer"},"image":{"@id":"https:\/\/www.fvb.cat\/es\/#\/schema\/logo\/image\/"}}]}},"_links":{"self":[{"href":"https:\/\/www.fvb.cat\/ca\/wp-json\/wp\/v2\/pages\/17309"}],"collection":[{"href":"https:\/\/www.fvb.cat\/ca\/wp-json\/wp\/v2\/pages"}],"about":[{"href":"https:\/\/www.fvb.cat\/ca\/wp-json\/wp\/v2\/types\/page"}],"author":[{"embeddable":true,"href":"https:\/\/www.fvb.cat\/ca\/wp-json\/wp\/v2\/users\/33"}],"replies":[{"embeddable":true,"href":"https:\/\/www.fvb.cat\/ca\/wp-json\/wp\/v2\/comments?post=17309"}],"version-history":[{"count":94,"href":"https:\/\/www.fvb.cat\/ca\/wp-json\/wp\/v2\/pages\/17309\/revisions"}],"predecessor-version":[{"id":18382,"href":"https:\/\/www.fvb.cat\/ca\/wp-json\/wp\/v2\/pages\/17309\/revisions\/18382"}],"up":[{"embeddable":true,"href":"https:\/\/www.fvb.cat\/ca\/wp-json\/wp\/v2\/pages\/5874"}],"wp:attachment":[{"href":"https:\/\/www.fvb.cat\/ca\/wp-json\/wp\/v2\/media?parent=17309"}],"curies":[{"name":"wp","href":"https:\/\/api.w.org\/{rel}","templated":true}]}}