{"id":15136,"date":"2024-05-02T15:51:54","date_gmt":"2024-05-02T14:51:54","guid":{"rendered":"https:\/\/www.fvb.cat\/es\/?page_id=15136"},"modified":"2025-11-05T10:31:42","modified_gmt":"2025-11-05T09:31:42","slug":"15136-2","status":"publish","type":"page","link":"https:\/\/www.fvb.cat\/ca\/","title":{"rendered":"Home"},"content":{"rendered":"<section class=\"l-section wpb_row height_medium\" style=\"margin-top: -88px !important;\"><div class=\"l-section-h i-cf\"><div class=\"g-cols type_default valign_top\"><div class=\"vc_col-sm-12 wpb_column vc_column_container\"><div class=\"vc_column-inner\"><div class=\"wpb_wrapper\"><\/div><\/div><\/div><\/div><\/div><\/section><section class=\"l-section wpb_row height_medium\"><div class=\"l-section-h i-cf\"><div class=\"g-cols type_default valign_top\"><div class=\"vc_col-sm-12 wpb_column vc_column_container\"><div class=\"vc_column-inner  vc_custom_1714664273636\"><div class=\"wpb_wrapper\"><div id=\"uvc-type-wrap-4615\"  data-ultimate-target='#uvc-type-wrap-4615'  data-responsive-json-new='{\"font-size\":\"desktop:30px;\",\"line-height\":\"desktop:21px;\"}'  class=\"uvc-type-wrap  ult-adjust-bottom-margin ult-responsive  uvc-type-align-center  uvc-wrap-36922252369f12a8ad91e4\" style=\"font-weight:bold;text-align:center;\"><span  data-ultimate-target='#uvc-type-wrap-4615 .mycustfancy'  data-responsive-json-new='{\"font-size\":\"desktop:30px;\",\"line-height\":\"desktop:21px;\"}'  class=\"ultimate-typewriter-prefix mycustfancy ult-responsive\" style=\"font-weight:normal;\">Integrem <\/span><span id=\"typed-36922252369f12a8ad91e4\" class=\"ultimate-typed-main \" style=\"color:#1f4e62;\"><\/span><span  data-ultimate-target='#uvc-type-wrap-4615 .mycustfancy'  data-responsive-json-new='{\"font-size\":\"desktop:30px;\",\"line-height\":\"desktop:21px;\"}'  class=\"ultimate-typewriter-suffix mycustfancy ult-responsive\" style=\"font-weight:normal;\">en salut mental<\/span><script type=\"text\/javascript\"> jQuery(function($){ $(\"#typed-36922252369f12a8ad91e4\").typed({\n\t\t\t\t\t\t\t\tstrings: [\"l\u2019assist\u00e8ncia\",\"la doc\u00e8ncia\",\"la recerca\"],\n\t\t\t\t\t\t\t\ttypeSpeed: 35,\n\t\t\t\t\t\t\t\tbackSpeed: 0,\n\t\t\t\t\t\t\t\tstartDelay: 200,\n\t\t\t\t\t\t\t\tbackDelay: 1500,\n\t\t\t\t\t\t\t\tloop: true,\n\t\t\t\t\t\t\t\tloopCount: false,\n\t\t\t\t\t\t\t\tshowCursor: true,\n\t\t\t\t\t\t\t\tcursorChar: \"|\",\n\t\t\t\t\t\t\t\tattr: null\n\t\t\t\t\t\t\t});\n\t\t\t\t\t\t});\n\t\t\t\t\t<\/script><style>\n\t\t\t\t\t\t\t.uvc-wrap-36922252369f12a8ad91e4 .typed-cursor {\n\t\t\t\t\t\t\t\tcolor:#1e1e1e;\n\t\t\t\t\t\t\t}\n\t\t\t\t\t\t<\/style><\/div><\/div><\/div><\/div><\/div><\/div><\/section><section class=\"l-section wpb_row height_medium\" style=\"margin-top: -24px !important;\"><div class=\"l-section-h i-cf\"><div class=\"g-cols type_default valign_top\"><div class=\"vc_col-sm-2 wpb_column vc_column_container\"><div class=\"vc_column-inner\"><div class=\"wpb_wrapper\"><div class=\"w-image\"><div class=\"us-frame\"><a href=\"https:\/\/www.fvb.cat\/es\/institut-universitari\/\" title=\"\" target=\"\" rel=\"\"><img loading=\"lazy\" decoding=\"async\" width=\"350\" height=\"350\" src=\"https:\/\/www.fvb.cat\/wp-content\/uploads\/2024\/05\/1-1-350x350.jpeg\" class=\"attachment-tnail-1x1-small size-tnail-1x1-small\" alt=\"\" srcset=\"https:\/\/www.fvb.cat\/wp-content\/uploads\/2024\/05\/1-1-350x350.jpeg 350w, https:\/\/www.fvb.cat\/wp-content\/uploads\/2024\/05\/1-1-300x300.jpeg 300w, https:\/\/www.fvb.cat\/wp-content\/uploads\/2024\/05\/1-1-1024x1024.jpeg 1024w, https:\/\/www.fvb.cat\/wp-content\/uploads\/2024\/05\/1-1-150x150.jpeg 150w, https:\/\/www.fvb.cat\/wp-content\/uploads\/2024\/05\/1-1-768x768.jpeg 768w, https:\/\/www.fvb.cat\/wp-content\/uploads\/2024\/05\/1-1-1536x1536.jpeg 1536w, https:\/\/www.fvb.cat\/wp-content\/uploads\/2024\/05\/1-1-320x320.jpeg 320w, https:\/\/www.fvb.cat\/wp-content\/uploads\/2024\/05\/1-1-480x480.jpeg 480w, https:\/\/www.fvb.cat\/wp-content\/uploads\/2024\/05\/1-1-800x800.jpeg 800w, https:\/\/www.fvb.cat\/wp-content\/uploads\/2024\/05\/1-1-600x600.jpeg 600w, https:\/\/www.fvb.cat\/wp-content\/uploads\/2024\/05\/1-1-100x100.jpeg 100w, https:\/\/www.fvb.cat\/wp-content\/uploads\/2024\/05\/1-1.jpeg 1899w\" sizes=\"(max-width: 350px) 100vw, 350px\" \/><\/a><\/div><\/div><div class=\"wpb_text_column \"><div class=\"wpb_wrapper\">\n<h6 style=\"text-align: center;\"><strong>INSTITUT UNIVERSITARI<\/strong><\/h6>\n<\/div> <\/div> <div class=\"wpb_text_column \"><div class=\"wpb_wrapper\">\n<p style=\"text-align: center;\">Un centre on convergeixen la psicologia i la psiquiatria sota una visi\u00f3 biopsicosocial de cada persona.<\/p>\n<\/div> <\/div> <\/div><\/div><\/div><div class=\"vc_col-sm-2 wpb_column vc_column_container\"><div class=\"vc_column-inner\"><div class=\"wpb_wrapper\"><div class=\"w-image\"><div class=\"us-frame\"><a href=\"https:\/\/www.fvb.cat\/ca\/assistencia-publica\/csm-sant-andreu\/\" title=\"\" target=\"\" rel=\"\"><img loading=\"lazy\" decoding=\"async\" width=\"350\" height=\"350\" src=\"https:\/\/www.fvb.cat\/wp-content\/uploads\/2024\/05\/sm-sant-andreu-350x350.jpg\" class=\"attachment-tnail-1x1-small size-tnail-1x1-small\" alt=\"\" srcset=\"https:\/\/www.fvb.cat\/wp-content\/uploads\/2024\/05\/sm-sant-andreu-350x350.jpg 350w, https:\/\/www.fvb.cat\/wp-content\/uploads\/2024\/05\/sm-sant-andreu-300x300.jpg 300w, https:\/\/www.fvb.cat\/wp-content\/uploads\/2024\/05\/sm-sant-andreu-150x150.jpg 150w, https:\/\/www.fvb.cat\/wp-content\/uploads\/2024\/05\/sm-sant-andreu-768x768.jpg 768w, https:\/\/www.fvb.cat\/wp-content\/uploads\/2024\/05\/sm-sant-andreu-320x320.jpg 320w, https:\/\/www.fvb.cat\/wp-content\/uploads\/2024\/05\/sm-sant-andreu-480x480.jpg 480w, https:\/\/www.fvb.cat\/wp-content\/uploads\/2024\/05\/sm-sant-andreu-800x800.jpg 800w, https:\/\/www.fvb.cat\/wp-content\/uploads\/2024\/05\/sm-sant-andreu-600x600.jpg 600w, https:\/\/www.fvb.cat\/wp-content\/uploads\/2024\/05\/sm-sant-andreu-100x100.jpg 100w, https:\/\/www.fvb.cat\/wp-content\/uploads\/2024\/05\/sm-sant-andreu.jpg 866w\" sizes=\"(max-width: 350px) 100vw, 350px\" \/><\/a><\/div><\/div><div class=\"wpb_text_column \"><div class=\"wpb_wrapper\">\n<h6 style=\"text-align: center;\"><strong>SSM<br \/>\nSANT ANDREU<\/strong><\/h6>\n<\/div> <\/div> <div class=\"wpb_text_column \"><div class=\"wpb_wrapper\">\n<p style=\"text-align: center;\">Al Centre de Salut Mental per Adults de Sant Andreu trobar\u00e0s serveis p\u00fablics concertats amb el Servei Catal\u00e0 de la Salut.<\/p>\n<\/div> <\/div> <\/div><\/div><\/div><div class=\"vc_col-sm-2 wpb_column vc_column_container\"><div class=\"vc_column-inner\"><div class=\"wpb_wrapper\"><div class=\"w-image\"><div class=\"us-frame\"><a href=\"https:\/\/www.fvb.cat\/ca\/centre-medic-psicologic-2-2\/\" title=\"\" target=\"\" rel=\"\"><img loading=\"lazy\" decoding=\"async\" width=\"350\" height=\"350\" src=\"https:\/\/www.fvb.cat\/wp-content\/uploads\/2024\/05\/3-350x350.jpeg\" class=\"attachment-tnail-1x1-small size-tnail-1x1-small\" alt=\"\" srcset=\"https:\/\/www.fvb.cat\/wp-content\/uploads\/2024\/05\/3-350x350.jpeg 350w, https:\/\/www.fvb.cat\/wp-content\/uploads\/2024\/05\/3-300x300.jpeg 300w, https:\/\/www.fvb.cat\/wp-content\/uploads\/2024\/05\/3-150x150.jpeg 150w, https:\/\/www.fvb.cat\/wp-content\/uploads\/2024\/05\/3-768x768.jpeg 768w, https:\/\/www.fvb.cat\/wp-content\/uploads\/2024\/05\/3-320x320.jpeg 320w, https:\/\/www.fvb.cat\/wp-content\/uploads\/2024\/05\/3-480x480.jpeg 480w, https:\/\/www.fvb.cat\/wp-content\/uploads\/2024\/05\/3-600x600.jpeg 600w, https:\/\/www.fvb.cat\/wp-content\/uploads\/2024\/05\/3-100x100.jpeg 100w, https:\/\/www.fvb.cat\/wp-content\/uploads\/2024\/05\/3.jpeg 800w\" sizes=\"(max-width: 350px) 100vw, 350px\" \/><\/a><\/div><\/div><div class=\"wpb_text_column \"><div class=\"wpb_wrapper\">\n<h6 style=\"text-align: center;\"><b>CENTRE M\u00c8DIC<br \/>\n<\/b><strong>PSICOL\u00d2GIC<\/strong><\/h6>\n<\/div> <\/div> <div class=\"wpb_text_column \"><div class=\"wpb_wrapper\">\n<p class=\"p1\" style=\"text-align: center;\"><span class=\"s1\">Per rebre atenci\u00f3 psicol\u00f2gica, demana hora al Centre M\u00e8dic Psicol\u00f2gic Privat. T\u2019expliquem com fer-ho.<\/span><\/p>\n<\/div> <\/div> <\/div><\/div><\/div><div class=\"vc_col-sm-2 wpb_column vc_column_container\"><div class=\"vc_column-inner\"><div class=\"wpb_wrapper\"><div class=\"w-image\"><div class=\"us-frame\"><a href=\"https:\/\/www.fvb.cat\/ca\/docencia\/\" title=\"\" target=\"\" rel=\"\"><img loading=\"lazy\" decoding=\"async\" width=\"350\" height=\"350\" src=\"https:\/\/www.fvb.cat\/wp-content\/uploads\/2024\/05\/4-350x350.jpeg\" class=\"attachment-tnail-1x1-small size-tnail-1x1-small\" alt=\"\" srcset=\"https:\/\/www.fvb.cat\/wp-content\/uploads\/2024\/05\/4-350x350.jpeg 350w, https:\/\/www.fvb.cat\/wp-content\/uploads\/2024\/05\/4-300x300.jpeg 300w, https:\/\/www.fvb.cat\/wp-content\/uploads\/2024\/05\/4-150x150.jpeg 150w, https:\/\/www.fvb.cat\/wp-content\/uploads\/2024\/05\/4-768x768.jpeg 768w, https:\/\/www.fvb.cat\/wp-content\/uploads\/2024\/05\/4-320x320.jpeg 320w, https:\/\/www.fvb.cat\/wp-content\/uploads\/2024\/05\/4-480x480.jpeg 480w, https:\/\/www.fvb.cat\/wp-content\/uploads\/2024\/05\/4-600x600.jpeg 600w, https:\/\/www.fvb.cat\/wp-content\/uploads\/2024\/05\/4-100x100.jpeg 100w, https:\/\/www.fvb.cat\/wp-content\/uploads\/2024\/05\/4.jpeg 800w\" sizes=\"(max-width: 350px) 100vw, 350px\" \/><\/a><\/div><\/div><div class=\"wpb_text_column \"><div class=\"wpb_wrapper\">\n<h6 style=\"text-align: center;\"><b>POSTGRAUS<\/b><\/h6>\n<\/div> <\/div> <div class=\"wpb_text_column \"><div class=\"wpb_wrapper\">\n<p class=\"p1\" style=\"text-align: center;\"><span class=\"s1\">Els nostres programes articulen professionalitzaci\u00f3 i recerca tant en \u00e0mbits assistencials p\u00fablics com privats.<\/span><\/p>\n<\/div> <\/div> <\/div><\/div><\/div><div class=\"vc_col-sm-2 wpb_column vc_column_container\"><div class=\"vc_column-inner\"><div class=\"wpb_wrapper\"><div class=\"w-image\"><div class=\"us-frame\"><a href=\"https:\/\/www.fvb.cat\/es\/docencia\/\" title=\"\" target=\"\" rel=\"\"><img loading=\"lazy\" decoding=\"async\" width=\"350\" height=\"350\" src=\"https:\/\/www.fvb.cat\/wp-content\/uploads\/2024\/05\/5-350x350.jpeg\" class=\"attachment-tnail-1x1-small size-tnail-1x1-small\" alt=\"\" srcset=\"https:\/\/www.fvb.cat\/wp-content\/uploads\/2024\/05\/5-350x350.jpeg 350w, https:\/\/www.fvb.cat\/wp-content\/uploads\/2024\/05\/5-300x300.jpeg 300w, https:\/\/www.fvb.cat\/wp-content\/uploads\/2024\/05\/5-150x150.jpeg 150w, https:\/\/www.fvb.cat\/wp-content\/uploads\/2024\/05\/5-768x768.jpeg 768w, https:\/\/www.fvb.cat\/wp-content\/uploads\/2024\/05\/5-320x320.jpeg 320w, https:\/\/www.fvb.cat\/wp-content\/uploads\/2024\/05\/5-480x480.jpeg 480w, https:\/\/www.fvb.cat\/wp-content\/uploads\/2024\/05\/5-600x600.jpeg 600w, https:\/\/www.fvb.cat\/wp-content\/uploads\/2024\/05\/5-100x100.jpeg 100w, https:\/\/www.fvb.cat\/wp-content\/uploads\/2024\/05\/5.jpeg 800w\" sizes=\"(max-width: 350px) 100vw, 350px\" \/><\/a><\/div><\/div><div class=\"wpb_text_column \"><div class=\"wpb_wrapper\">\n<h6 class=\"p1\" style=\"text-align: center;\"><strong><span class=\"s1\">M\u00c0STERS<\/span><\/strong><\/h6>\n<\/div> <\/div> <div class=\"wpb_text_column \"><div class=\"wpb_wrapper\">\n<p class=\"p1\" style=\"text-align: center;\"><span class=\"s1\">Ofereixen una formaci\u00f3 avan\u00e7ada per aconseguir una especialitzaci\u00f3 acad\u00e8mica i\/o professional.<\/span><\/p>\n<\/div> <\/div> <\/div><\/div><\/div><div class=\"vc_col-sm-2 wpb_column vc_column_container\"><div class=\"vc_column-inner\"><div class=\"wpb_wrapper\"><div class=\"w-image\"><div class=\"us-frame\"><a href=\"https:\/\/www.fvb.cat\/es\/la-fundacion-2-3\/\" title=\"\" target=\"\" rel=\"\"><img loading=\"lazy\" decoding=\"async\" width=\"350\" height=\"350\" src=\"https:\/\/www.fvb.cat\/wp-content\/uploads\/2024\/05\/logo-vidal-i-barrauqer-60-aniversari-350x350.jpg\" class=\"attachment-tnail-1x1-small size-tnail-1x1-small\" alt=\"\" srcset=\"https:\/\/www.fvb.cat\/wp-content\/uploads\/2024\/05\/logo-vidal-i-barrauqer-60-aniversari-350x350.jpg 350w, https:\/\/www.fvb.cat\/wp-content\/uploads\/2024\/05\/logo-vidal-i-barrauqer-60-aniversari-150x150.jpg 150w, https:\/\/www.fvb.cat\/wp-content\/uploads\/2024\/05\/logo-vidal-i-barrauqer-60-aniversari-600x600.jpg 600w, https:\/\/www.fvb.cat\/wp-content\/uploads\/2024\/05\/logo-vidal-i-barrauqer-60-aniversari-300x300.jpg 300w, https:\/\/www.fvb.cat\/wp-content\/uploads\/2024\/05\/logo-vidal-i-barrauqer-60-aniversari-100x100.jpg 100w\" sizes=\"(max-width: 350px) 100vw, 350px\" \/><\/a><\/div><\/div><div class=\"wpb_text_column \"><div class=\"wpb_wrapper\">\n<h6 class=\"p1\" style=\"text-align: center;\"><strong><span class=\"s1\">LA FUNDACI\u00d3<\/span><\/strong><\/h6>\n<\/div> <\/div> <div class=\"wpb_text_column \"><div class=\"wpb_wrapper\">\n<p style=\"text-align: center;\" data-pm-slice=\"1 1 &#091;&#093;\">Som una instituci\u00f3 creada l&#8217;any 1964 i dedicada a l&#8217;\u00e0mbit de la Salut i espec\u00edficament al de la Salut Mental. Integrem l&#8217;assist\u00e8ncia, la doc\u00e8ncia i la recerca en Salut Mental, amb una mirada psicol\u00f2gica, social, biol\u00f2gica i espiritual.<\/p>\n<\/div> <\/div> <\/div><\/div><\/div><\/div><\/div><\/section><!-- Row Backgrounds --><div class=\"upb_color\" data-bg-override=\"0\" data-bg-color=\"#d4e0e5\" data-fadeout=\"\" data-fadeout-percentage=\"30\" data-parallax-content=\"\" data-parallax-content-sense=\"30\" data-row-effect-mobile-disable=\"true\" data-img-parallax-mobile-disable=\"true\" data-rtl=\"false\"  data-custom-vc-row=\"\"  data-vc=\"5.0.1\"  data-is_old_vc=\"\"  data-theme-support=\"\"   data-overlay=\"false\" data-overlay-color=\"\" data-overlay-pattern=\"\" data-overlay-pattern-opacity=\"\" data-overlay-pattern-size=\"\"    ><\/div><section class=\"l-section wpb_row height_medium\"><div class=\"l-section-h i-cf\"><div class=\"g-cols type_default valign_top\"><div class=\"vc_col-sm-12 wpb_column vc_column_container\"><div class=\"vc_column-inner\"><div class=\"wpb_wrapper\"><div id=\"uvc-type-wrap-6083\"  data-ultimate-target='#uvc-type-wrap-6083'  data-responsive-json-new='{\"font-size\":\"desktop:30px;\",\"line-height\":\"desktop:21px;\"}'  class=\"uvc-type-wrap  ult-adjust-bottom-margin ult-responsive  uvc-type-align-center  uvc-wrap-97128027369f12a8ada262\" style=\"font-weight:bold;text-align:center;\"><span  data-ultimate-target='#uvc-type-wrap-6083 .mycustfancy'  data-responsive-json-new='{\"font-size\":\"desktop:30px;\",\"line-height\":\"desktop:21px;\"}'  class=\"ultimate-typewriter-prefix mycustfancy ult-responsive\" style=\"font-weight:normal;\">Troba el teu <\/span><span id=\"typed-97128027369f12a8ada262\" class=\"ultimate-typed-main \" style=\"color:#1f4e62;\"><\/span><span  data-ultimate-target='#uvc-type-wrap-6083 .mycustfancy'  data-responsive-json-new='{\"font-size\":\"desktop:30px;\",\"line-height\":\"desktop:21px;\"}'  class=\"ultimate-typewriter-suffix mycustfancy ult-responsive\" style=\"font-weight:normal;\"> amb nosaltres<\/span><script type=\"text\/javascript\"> jQuery(function($){ $(\"#typed-97128027369f12a8ada262\").typed({\n\t\t\t\t\t\t\t\tstrings: [\"m\u00e0ster\",\"postgrau\",\"curs\"],\n\t\t\t\t\t\t\t\ttypeSpeed: 35,\n\t\t\t\t\t\t\t\tbackSpeed: 0,\n\t\t\t\t\t\t\t\tstartDelay: 200,\n\t\t\t\t\t\t\t\tbackDelay: 1500,\n\t\t\t\t\t\t\t\tloop: true,\n\t\t\t\t\t\t\t\tloopCount: false,\n\t\t\t\t\t\t\t\tshowCursor: true,\n\t\t\t\t\t\t\t\tcursorChar: \"|\",\n\t\t\t\t\t\t\t\tattr: null\n\t\t\t\t\t\t\t});\n\t\t\t\t\t\t});\n\t\t\t\t\t<\/script><style>\n\t\t\t\t\t\t\t.uvc-wrap-97128027369f12a8ada262 .typed-cursor {\n\t\t\t\t\t\t\t\tcolor:#000000;\n\t\t\t\t\t\t\t}\n\t\t\t\t\t\t<\/style><\/div><\/div><\/div><\/div><\/div><\/div><\/section><section class=\"l-section wpb_row height_medium\"><div class=\"l-section-h i-cf\"><div class=\"g-cols type_default valign_top\"><div class=\"vc_col-sm-3 wpb_column vc_column_container\"><div class=\"vc_column-inner\"><div class=\"wpb_wrapper\"><div class=\"w-image\"><div class=\"us-frame\"><a href=\"https:\/\/www.fvb.cat\/ca\/docencia\/master-formacio-permanent-psicoterapia-psicodinamica-en-la-perinatalitat-la-infancia-i-adolescencia\/\" title=\"\" target=\"_blank\" rel=\"\"><img loading=\"lazy\" decoding=\"async\" width=\"350\" height=\"350\" src=\"https:\/\/www.fvb.cat\/wp-content\/uploads\/2025\/02\/MPPPIA-mobil-350x350.jpg\" class=\"attachment-tnail-1x1-small size-tnail-1x1-small\" alt=\"\" srcset=\"https:\/\/www.fvb.cat\/wp-content\/uploads\/2025\/02\/MPPPIA-mobil-350x350.jpg 350w, https:\/\/www.fvb.cat\/wp-content\/uploads\/2025\/02\/MPPPIA-mobil-150x150.jpg 150w, https:\/\/www.fvb.cat\/wp-content\/uploads\/2025\/02\/MPPPIA-mobil-600x600.jpg 600w, https:\/\/www.fvb.cat\/wp-content\/uploads\/2025\/02\/MPPPIA-mobil-300x300.jpg 300w, https:\/\/www.fvb.cat\/wp-content\/uploads\/2025\/02\/MPPPIA-mobil-100x100.jpg 100w\" sizes=\"(max-width: 350px) 100vw, 350px\" \/><\/a><\/div><\/div><div class=\"wpb_text_column \"><div class=\"wpb_wrapper\">\n<h6 style=\"text-align: center;\"><strong>M\u00c0STER DE FORMACI\u00d3 PERMANENT EN PSICOTER\u00c0PIA PSICODIN\u00c0MICA EN LA PERNIATALITAT, LA INF\u00c0NCIA I L&#8217;ADOLESC\u00c8NCIA<\/strong><\/h6>\n<\/div> <\/div> <div class=\"w-tabs layout_default accordion title_left icon_chevron iconpos_right \"><div class=\"w-tabs-list items_3\"><div class=\"w-tabs-list-h\"><div class=\"w-tabs-item\"><a href=\"#1743674453380-f6c2887d-fccd\" class=\"w-tabs-item-h\"><span class=\"w-tabs-item-title\">PRESENTACI\u00d3<\/span><\/a><\/div>\n<div class=\"w-tabs-item\"><a href=\"#1743674453454-87ed0f6b-c474\" class=\"w-tabs-item-h\"><span class=\"w-tabs-item-title\">D\u00cdPTIC INFORMATIU<\/span><\/a><\/div>\n<div class=\"w-tabs-item\"><a href=\"#1743674569692-5f521d4e-9e9b\" class=\"w-tabs-item-h\"><span class=\"w-tabs-item-title\">CONTACTE<\/span><\/a><\/div>\n<\/div><\/div><div class=\"w-tabs-sections\"><div class=\"w-tabs-sections-h\"><div class=\"w-tabs-section\" id=\"1743674453380-f6c2887d-fccd\"><a href=\"#1743674453380-f6c2887d-fccd\" class=\"w-tabs-section-header\"><div class=\"w-tabs-section-header-h\"><h5 class=\"w-tabs-section-title\">PRESENTACI\u00d3<\/h5><div class=\"w-tabs-section-control\"><\/div><\/div><\/a><div class=\"w-tabs-section-content\"><div class=\"w-tabs-section-content-h i-cf\"><div class=\"wpb_text_column \"><div class=\"wpb_wrapper\"><p>Aquest m\u00e0ster sorgeix de la necessitat d\u2019actualitzar el conei\u00adxement en l\u2019\u00e0mbit de les intervencions psicoterap\u00e8utiques en psicologia i psiquiatria, abastant la perinatalitat, la inf\u00e0ncia, l\u2019adolesc\u00e8ncia i la fam\u00edlia. Els seus fonaments es basen en una comprensi\u00f3 psicodin\u00e0mica contempor\u00e0nia de la persona, on s\u2019integra la interdisciplinarietat de la pr\u00e0ctica cl\u00ednica, la recerca en m\u00faltiples contextos assistencials, i els aven\u00e7os en neuroci\u00e8n\u00adcia.<\/p><\/div> <\/div> <\/div><\/div><\/div><div class=\"w-tabs-section\" id=\"1743674453454-87ed0f6b-c474\"><a href=\"#1743674453454-87ed0f6b-c474\" class=\"w-tabs-section-header\"><div class=\"w-tabs-section-header-h\"><h5 class=\"w-tabs-section-title\">D\u00cdPTIC INFORMATIU<\/h5><div class=\"w-tabs-section-control\"><\/div><\/div><\/a><div class=\"w-tabs-section-content\"><div class=\"w-tabs-section-content-h i-cf\"><div class=\"w-btn-wrapper align_left\"><a class=\"w-btn style_solid color_primary icon_none\" href=\"https:\/\/www.fvb.cat\/wp-content\/uploads\/2025\/04\/programa-online-cat-MPPPIA.pdf\" target=\"_blank\"><span class=\"w-btn-label\">D\u00cdPTIC INFORMATIU<\/span><\/a><\/div><\/div><\/div><\/div><div class=\"w-tabs-section\" id=\"1743674569692-5f521d4e-9e9b\"><a href=\"#1743674569692-5f521d4e-9e9b\" class=\"w-tabs-section-header\"><div class=\"w-tabs-section-header-h\"><h5 class=\"w-tabs-section-title\">CONTACTE<\/h5><div class=\"w-tabs-section-control\"><\/div><\/div><\/a><div class=\"w-tabs-section-content\"><div class=\"w-tabs-section-content-h i-cf\"><div class=\"w-form for_cform align_left\" id=\"us_form_1\">\n\t<form class=\"w-form-h\" autocomplete=\"off\" action=\"https:\/\/www.fvb.cat\/ca\/wp-json\/wp\/v2\/pages\/15136\" method=\"post\">\n\t\t\t\t\t\t\t<div class=\"w-form-row for_name required\">\n\t<div class=\"w-form-row-label\">\n\t\t<label for=\"us_form_1_name\"><\/label>\n\t<\/div>\n\t<div class=\"w-form-row-field\">\n\t\t\t\t<input type=\"text\" name=\"name\" id=\"us_form_1_name\" value=\"\"\n\t\t\t   placeholder=\"Name *\" data-required=\"true\" aria-required=\"true\"\/>\n\t\t<span class=\"w-form-row-field-bar\"><\/span>\n\t\t\t<\/div>\n\t<div class=\"w-form-row-state\"><\/div>\n\t<\/div>\n\t\t\t\t\t<div class=\"w-form-row for_email required\">\n\t<div class=\"w-form-row-label\">\n\t\t<label for=\"us_form_1_email\"><\/label>\n\t<\/div>\n\t<div class=\"w-form-row-field\">\n\t\t\t\t<input type=\"email\" name=\"email\" id=\"us_form_1_email\" value=\"\"\n\t\t\t   placeholder=\"Email *\" data-required=\"true\" aria-required=\"true\"\/>\n\t\t<span class=\"w-form-row-field-bar\"><\/span>\n\t\t\t<\/div>\n\t<div class=\"w-form-row-state\"><\/div>\n\t<\/div>\n\t\t\t\t\t<div class=\"w-form-row for_phone\">\n\t<div class=\"w-form-row-label\">\n\t\t<label for=\"us_form_1_phone\"><\/label>\n\t<\/div>\n\t<div class=\"w-form-row-field\">\n\t\t\t\t<input type=\"text\" name=\"phone\" id=\"us_form_1_phone\" value=\"\"\n\t\t\t   placeholder=\"Phone Number\"\/>\n\t\t<span class=\"w-form-row-field-bar\"><\/span>\n\t\t\t<\/div>\n\t<div class=\"w-form-row-state\"><\/div>\n\t<\/div>\n\t\t\t\t\t<div class=\"w-form-row for_message required\">\n\t<div class=\"w-form-row-label\">\n\t\t<label for=\"us_form_1_message\"><\/label>\n\t<\/div>\n\t<div class=\"w-form-row-field\">\n\t\t\t\t<textarea name=\"message\" id=\"us_form_1_message\" cols=\"30\" rows=\"10\" placeholder=\"Message *\"\n\t\t\t data-required=\"true\" aria-required=\"true\"><\/textarea>\n\t\t<span class=\"w-form-row-field-bar\"><\/span>\n\t\t\t<\/div>\n\t<div class=\"w-form-row-state\"><\/div>\n\t<\/div>\n\t\t\t\t\t<input type=\"hidden\" name=\"action\" value=\"us_ajax_cform\" \/>\n\t\t\t\t\t<input type=\"hidden\" name=\"post_id\" value=\"15136\" \/>\n\t\t\t\t\t<input type=\"hidden\" name=\"form_index\" value=\"1\" \/>\n\t\t\t\t\t<div class=\"w-form-row for_submit\">\n\t<div class=\"w-form-row-field\">\n\t\t<button class=\"w-btn size_15px color_primary style_solid\" type=\"submit\"><span class=\"g-preloader type_1\"><\/span><span class=\"w-btn-label\">Send Message<\/span><\/button>\n\t<\/div>\n<\/div>\n\t\t\t\t<div class=\"w-form-message\"><\/div>\n\t\t\t<\/form>\n\t\t\t<div class=\"w-form-json hidden\" onclick='return {&quot;ajaxurl&quot;:&quot;https:\\\/\\\/www.fvb.cat\\\/wp-admin\\\/admin-ajax.php&quot;,&quot;success&quot;:&quot;Thank you! Your message was sent.&quot;,&quot;errors&quot;:{&quot;name&quot;:&quot;Please enter your Name&quot;,&quot;email&quot;:&quot;Please enter your Email&quot;,&quot;phone&quot;:&quot;Please enter your Phone Number&quot;,&quot;message&quot;:&quot;Please enter a Message&quot;}}'><\/div>\n\t<\/div>\n<\/div><\/div><\/div><\/div><\/div><\/div><\/div><\/div><\/div><div class=\"vc_col-sm-3 wpb_column vc_column_container\"><div class=\"vc_column-inner\"><div class=\"wpb_wrapper\"><div class=\"w-image\"><div class=\"us-frame\"><a href=\"https:\/\/www.fvb.cat\/ca\/docencia\/master-de-formacio-permanent-psicoterapia-psicoanalitica-contemporania-2024\/\" title=\"\" target=\"\" rel=\"\"><img loading=\"lazy\" decoding=\"async\" width=\"350\" height=\"350\" src=\"https:\/\/www.fvb.cat\/wp-content\/uploads\/2024\/05\/MPPC-IMAGE-350x350.png\" class=\"attachment-tnail-1x1-small size-tnail-1x1-small\" alt=\"\" srcset=\"https:\/\/www.fvb.cat\/wp-content\/uploads\/2024\/05\/MPPC-IMAGE-350x350.png 350w, https:\/\/www.fvb.cat\/wp-content\/uploads\/2024\/05\/MPPC-IMAGE-150x150.png 150w, https:\/\/www.fvb.cat\/wp-content\/uploads\/2024\/05\/MPPC-IMAGE-300x300.png 300w, https:\/\/www.fvb.cat\/wp-content\/uploads\/2024\/05\/MPPC-IMAGE-100x100.png 100w\" sizes=\"(max-width: 350px) 100vw, 350px\" \/><\/a><\/div><\/div><div class=\"wpb_text_column \"><div class=\"wpb_wrapper\">\n<h6 style=\"text-align: center;\" data-pm-slice=\"1 1 &#091;&#093;\"><strong>M\u00c0STER DE FORMACI\u00d3 PERMANENT EN PSICOTER\u00c0PIA PSICOANAL\u00cdTICA CONTEMPOR\u00c0NIA<\/strong><\/h6>\n<\/div> <\/div> <div class=\"w-tabs layout_default accordion title_left icon_chevron iconpos_right \"><div class=\"w-tabs-list items_4\"><div class=\"w-tabs-list-h\"><div class=\"w-tabs-item\"><a href=\"#1716890424087-b3677f74-4793\" class=\"w-tabs-item-h\"><span class=\"w-tabs-item-title\">PRESENTACI\u00d3<\/span><\/a><\/div>\n<div class=\"w-tabs-item\"><a href=\"#1716890424110-0d303d25-84df\" class=\"w-tabs-item-h\"><span class=\"w-tabs-item-title\">D\u00cdPTIC INFORMATIU<\/span><\/a><\/div>\n<div class=\"w-tabs-item\"><a href=\"#1716890657860-683b8926-e27e\" class=\"w-tabs-item-h\"><span class=\"w-tabs-item-title\">PLA ACAD\u00c8MIC<\/span><\/a><\/div>\n<div class=\"w-tabs-item\"><a href=\"#1716890702287-5b703d2a-3ba1\" class=\"w-tabs-item-h\"><span class=\"w-tabs-item-title\">CONTACTE<\/span><\/a><\/div>\n<\/div><\/div><div class=\"w-tabs-sections\"><div class=\"w-tabs-sections-h\"><div class=\"w-tabs-section\" id=\"1716890424087-b3677f74-4793\"><a href=\"#1716890424087-b3677f74-4793\" class=\"w-tabs-section-header\"><div class=\"w-tabs-section-header-h\"><h5 class=\"w-tabs-section-title\">PRESENTACI\u00d3<\/h5><div class=\"w-tabs-section-control\"><\/div><\/div><\/a><div class=\"w-tabs-section-content\"><div class=\"w-tabs-section-content-h i-cf\"><div class=\"wpb_text_column \"><div class=\"wpb_wrapper\">\n<p data-pm-slice=\"1 1 &#091;&#093;\">Aquest m\u00e0ster ofereix al professional de la psicologia o la psiquiatria, el desenvolupament d&#8217;unes compet\u00e8ncies i habilitats t\u00e8cniques que li permetran dur a terme processos psicoterap\u00e8utics que aborden amb rigor i profunditat les dificultats emocionals i els trastorns mentals de les persones ateses.<\/p>\n<\/div> <\/div> <\/div><\/div><\/div><div class=\"w-tabs-section\" id=\"1716890424110-0d303d25-84df\"><a href=\"#1716890424110-0d303d25-84df\" class=\"w-tabs-section-header\"><div class=\"w-tabs-section-header-h\"><h5 class=\"w-tabs-section-title\">D\u00cdPTIC INFORMATIU<\/h5><div class=\"w-tabs-section-control\"><\/div><\/div><\/a><div class=\"w-tabs-section-content\"><div class=\"w-tabs-section-content-h i-cf\"><div class=\"w-btn-wrapper align_center\"><a class=\"w-btn style_solid color_primary icon_none\" href=\"https:\/\/www.fvb.cat\/wp-content\/uploads\/2024\/04\/diptic_MPPC_cat.pdf\" target=\"_blank\"><span class=\"w-btn-label\">D\u00cdPTIC INFORMATIU<\/span><\/a><\/div><\/div><\/div><\/div><div class=\"w-tabs-section\" id=\"1716890657860-683b8926-e27e\"><a href=\"#1716890657860-683b8926-e27e\" class=\"w-tabs-section-header\"><div class=\"w-tabs-section-header-h\"><h5 class=\"w-tabs-section-title\">PLA ACAD\u00c8MIC<\/h5><div class=\"w-tabs-section-control\"><\/div><\/div><\/a><div class=\"w-tabs-section-content\"><div class=\"w-tabs-section-content-h i-cf\"><div class=\"w-btn-wrapper align_center\"><a class=\"w-btn style_solid color_primary icon_none\" href=\"https:\/\/www.fvb.cat\/wp-content\/uploads\/2024\/04\/pla-academic-cat.pdf\" target=\"_blank\"><span class=\"w-btn-label\">PLA ACAD\u00c8MIC<\/span><\/a><\/div><\/div><\/div><\/div><div class=\"w-tabs-section\" id=\"1716890702287-5b703d2a-3ba1\"><a href=\"#1716890702287-5b703d2a-3ba1\" class=\"w-tabs-section-header\"><div class=\"w-tabs-section-header-h\"><h5 class=\"w-tabs-section-title\">CONTACTE<\/h5><div class=\"w-tabs-section-control\"><\/div><\/div><\/a><div class=\"w-tabs-section-content\"><div class=\"w-tabs-section-content-h i-cf\"><div class=\"w-form for_cform align_left\" id=\"us_form_2\">\n\t<form class=\"w-form-h\" autocomplete=\"off\" action=\"https:\/\/www.fvb.cat\/ca\/wp-json\/wp\/v2\/pages\/15136\" method=\"post\">\n\t\t\t\t\t\t\t<div class=\"w-form-row for_name required\">\n\t<div class=\"w-form-row-label\">\n\t\t<label for=\"us_form_2_name\"><\/label>\n\t<\/div>\n\t<div class=\"w-form-row-field\">\n\t\t\t\t<input type=\"text\" name=\"name\" id=\"us_form_2_name\" value=\"\"\n\t\t\t   placeholder=\"Name *\" data-required=\"true\" aria-required=\"true\"\/>\n\t\t<span class=\"w-form-row-field-bar\"><\/span>\n\t\t\t<\/div>\n\t<div class=\"w-form-row-state\"><\/div>\n\t<\/div>\n\t\t\t\t\t<div class=\"w-form-row for_email required\">\n\t<div class=\"w-form-row-label\">\n\t\t<label for=\"us_form_2_email\"><\/label>\n\t<\/div>\n\t<div class=\"w-form-row-field\">\n\t\t\t\t<input type=\"email\" name=\"email\" id=\"us_form_2_email\" value=\"\"\n\t\t\t   placeholder=\"Email *\" data-required=\"true\" aria-required=\"true\"\/>\n\t\t<span class=\"w-form-row-field-bar\"><\/span>\n\t\t\t<\/div>\n\t<div class=\"w-form-row-state\"><\/div>\n\t<\/div>\n\t\t\t\t\t<div class=\"w-form-row for_phone\">\n\t<div class=\"w-form-row-label\">\n\t\t<label for=\"us_form_2_phone\"><\/label>\n\t<\/div>\n\t<div class=\"w-form-row-field\">\n\t\t\t\t<input type=\"text\" name=\"phone\" id=\"us_form_2_phone\" value=\"\"\n\t\t\t   placeholder=\"Phone Number\"\/>\n\t\t<span class=\"w-form-row-field-bar\"><\/span>\n\t\t\t<\/div>\n\t<div class=\"w-form-row-state\"><\/div>\n\t<\/div>\n\t\t\t\t\t<div class=\"w-form-row for_message required\">\n\t<div class=\"w-form-row-label\">\n\t\t<label for=\"us_form_2_message\"><\/label>\n\t<\/div>\n\t<div class=\"w-form-row-field\">\n\t\t\t\t<textarea name=\"message\" id=\"us_form_2_message\" cols=\"30\" rows=\"10\" placeholder=\"Message *\"\n\t\t\t data-required=\"true\" aria-required=\"true\"><\/textarea>\n\t\t<span class=\"w-form-row-field-bar\"><\/span>\n\t\t\t<\/div>\n\t<div class=\"w-form-row-state\"><\/div>\n\t<\/div>\n\t\t\t\t\t<input type=\"hidden\" name=\"action\" value=\"us_ajax_cform\" \/>\n\t\t\t\t\t<input type=\"hidden\" name=\"post_id\" value=\"15136\" \/>\n\t\t\t\t\t<input type=\"hidden\" name=\"form_index\" value=\"2\" \/>\n\t\t\t\t\t<div class=\"w-form-row for_submit\">\n\t<div class=\"w-form-row-field\">\n\t\t<button class=\"w-btn size_15px color_primary style_solid\" type=\"submit\"><span class=\"g-preloader type_1\"><\/span><span class=\"w-btn-label\">Send Message<\/span><\/button>\n\t<\/div>\n<\/div>\n\t\t\t\t<div class=\"w-form-message\"><\/div>\n\t\t\t<\/form>\n\t\t\t<div class=\"w-form-json hidden\" onclick='return {&quot;ajaxurl&quot;:&quot;https:\\\/\\\/www.fvb.cat\\\/wp-admin\\\/admin-ajax.php&quot;,&quot;success&quot;:&quot;Thank you! Your message was sent.&quot;,&quot;errors&quot;:{&quot;name&quot;:&quot;Please enter your Name&quot;,&quot;email&quot;:&quot;Please enter your Email&quot;,&quot;phone&quot;:&quot;Please enter your Phone Number&quot;,&quot;message&quot;:&quot;Please enter a Message&quot;}}'><\/div>\n\t<\/div>\n<\/div><\/div><\/div><\/div><\/div><\/div><\/div><\/div><\/div><div class=\"vc_col-sm-3 wpb_column vc_column_container\"><div class=\"vc_column-inner\"><div class=\"wpb_wrapper\"><div class=\"w-image\"><div class=\"us-frame\"><a href=\"https:\/\/www.fvb.cat\/ca\/docencia\/master-de-formacio-permanent-en-espiritualitat-transcultural\/\" title=\"\" target=\"\" rel=\"\"><img loading=\"lazy\" decoding=\"async\" width=\"350\" height=\"350\" src=\"https:\/\/www.fvb.cat\/wp-content\/uploads\/2024\/05\/met-img-350x350.png\" class=\"attachment-tnail-1x1-small size-tnail-1x1-small\" alt=\"\" srcset=\"https:\/\/www.fvb.cat\/wp-content\/uploads\/2024\/05\/met-img-350x350.png 350w, https:\/\/www.fvb.cat\/wp-content\/uploads\/2024\/05\/met-img-150x150.png 150w, https:\/\/www.fvb.cat\/wp-content\/uploads\/2024\/05\/met-img-300x300.png 300w, https:\/\/www.fvb.cat\/wp-content\/uploads\/2024\/05\/met-img-100x100.png 100w\" sizes=\"(max-width: 350px) 100vw, 350px\" \/><\/a><\/div><\/div><div class=\"wpb_text_column \"><div class=\"wpb_wrapper\">\n<h6 style=\"text-align: center;\" data-pm-slice=\"1 1 &#091;&#093;\"><strong>M\u00c0STER DE FORMACI\u00d3 PERMANENT EN ESPIRITUALITAT TRANSCULTURAL<\/strong><\/h6>\n<\/div> <\/div> <div class=\"w-tabs layout_default accordion title_left icon_chevron iconpos_right \"><div class=\"w-tabs-list items_4\"><div class=\"w-tabs-list-h\"><div class=\"w-tabs-item\"><a href=\"#1716899641017-0452858a-1dd3\" class=\"w-tabs-item-h\"><span class=\"w-tabs-item-title\">PRESENTACI\u00d3<\/span><\/a><\/div>\n<div class=\"w-tabs-item\"><a href=\"#1716899641040-69c0dd6f-6a2b\" class=\"w-tabs-item-h\"><span class=\"w-tabs-item-title\">D\u00cdPTIC INFORMATIU<\/span><\/a><\/div>\n<div class=\"w-tabs-item\"><a href=\"#1716899834602-66234da3-08df\" class=\"w-tabs-item-h\"><span class=\"w-tabs-item-title\">PLA ACAD\u00c8MIC<\/span><\/a><\/div>\n<div class=\"w-tabs-item\"><a href=\"#1716899875648-6095100f-8640\" class=\"w-tabs-item-h\"><span class=\"w-tabs-item-title\">CONTACTE<\/span><\/a><\/div>\n<\/div><\/div><div class=\"w-tabs-sections\"><div class=\"w-tabs-sections-h\"><div class=\"w-tabs-section\" id=\"1716899641017-0452858a-1dd3\"><a href=\"#1716899641017-0452858a-1dd3\" class=\"w-tabs-section-header\"><div class=\"w-tabs-section-header-h\"><h5 class=\"w-tabs-section-title\">PRESENTACI\u00d3<\/h5><div class=\"w-tabs-section-control\"><\/div><\/div><\/a><div class=\"w-tabs-section-content\"><div class=\"w-tabs-section-content-h i-cf\"><div class=\"wpb_text_column \"><div class=\"wpb_wrapper\">\n<p data-pm-slice=\"1 1 &#091;&#093;\">L&#8217;objectiu d&#8217;aquest m\u00e0ster \u00e9s proporcionar un coneixement estructurat sobre l&#8217;experi\u00e8ncia espiritual en la seva dimensi\u00f3 antropol\u00f2gica, filos\u00f2fica, fenomenol\u00f2gica, psicol\u00f2gica, psiqui\u00e0trica i neurocient\u00edfica.<\/p>\n<\/div> <\/div> <\/div><\/div><\/div><div class=\"w-tabs-section\" id=\"1716899641040-69c0dd6f-6a2b\"><a href=\"#1716899641040-69c0dd6f-6a2b\" class=\"w-tabs-section-header\"><div class=\"w-tabs-section-header-h\"><h5 class=\"w-tabs-section-title\">D\u00cdPTIC INFORMATIU<\/h5><div class=\"w-tabs-section-control\"><\/div><\/div><\/a><div class=\"w-tabs-section-content\"><div class=\"w-tabs-section-content-h i-cf\"><div class=\"w-btn-wrapper align_center\"><a class=\"w-btn style_solid color_primary icon_none\" href=\"https:\/\/www.fvb.cat\/wp-content\/uploads\/2024\/05\/diptic_MET_cat.pdf\"><span class=\"w-btn-label\">D\u00cdPTIC INFORMATIU<\/span><\/a><\/div><\/div><\/div><\/div><div class=\"w-tabs-section\" id=\"1716899834602-66234da3-08df\"><a href=\"#1716899834602-66234da3-08df\" class=\"w-tabs-section-header\"><div class=\"w-tabs-section-header-h\"><h5 class=\"w-tabs-section-title\">PLA ACAD\u00c8MIC<\/h5><div class=\"w-tabs-section-control\"><\/div><\/div><\/a><div class=\"w-tabs-section-content\"><div class=\"w-tabs-section-content-h i-cf\"><div class=\"w-btn-wrapper align_center\"><a class=\"w-btn style_solid color_primary icon_none\" href=\"https:\/\/www.fvb.cat\/wp-content\/uploads\/2024\/05\/MET-plan-academico.pdf\"><span class=\"w-btn-label\">PLA ACAD\u00c8MIC<\/span><\/a><\/div><\/div><\/div><\/div><div class=\"w-tabs-section\" id=\"1716899875648-6095100f-8640\"><a href=\"#1716899875648-6095100f-8640\" class=\"w-tabs-section-header\"><div class=\"w-tabs-section-header-h\"><h5 class=\"w-tabs-section-title\">CONTACTE<\/h5><div class=\"w-tabs-section-control\"><\/div><\/div><\/a><div class=\"w-tabs-section-content\"><div class=\"w-tabs-section-content-h i-cf\"><div class=\"w-form for_cform align_left\" id=\"us_form_3\">\n\t<form class=\"w-form-h\" autocomplete=\"off\" action=\"https:\/\/www.fvb.cat\/ca\/wp-json\/wp\/v2\/pages\/15136\" method=\"post\">\n\t\t\t\t\t\t\t<div class=\"w-form-row for_name required\">\n\t<div class=\"w-form-row-label\">\n\t\t<label for=\"us_form_3_name\"><\/label>\n\t<\/div>\n\t<div class=\"w-form-row-field\">\n\t\t\t\t<input type=\"text\" name=\"name\" id=\"us_form_3_name\" value=\"\"\n\t\t\t   placeholder=\"Name *\" data-required=\"true\" aria-required=\"true\"\/>\n\t\t<span class=\"w-form-row-field-bar\"><\/span>\n\t\t\t<\/div>\n\t<div class=\"w-form-row-state\"><\/div>\n\t<\/div>\n\t\t\t\t\t<div class=\"w-form-row for_email required\">\n\t<div class=\"w-form-row-label\">\n\t\t<label for=\"us_form_3_email\"><\/label>\n\t<\/div>\n\t<div class=\"w-form-row-field\">\n\t\t\t\t<input type=\"email\" name=\"email\" id=\"us_form_3_email\" value=\"\"\n\t\t\t   placeholder=\"Email *\" data-required=\"true\" aria-required=\"true\"\/>\n\t\t<span class=\"w-form-row-field-bar\"><\/span>\n\t\t\t<\/div>\n\t<div class=\"w-form-row-state\"><\/div>\n\t<\/div>\n\t\t\t\t\t<div class=\"w-form-row for_phone\">\n\t<div class=\"w-form-row-label\">\n\t\t<label for=\"us_form_3_phone\"><\/label>\n\t<\/div>\n\t<div class=\"w-form-row-field\">\n\t\t\t\t<input type=\"text\" name=\"phone\" id=\"us_form_3_phone\" value=\"\"\n\t\t\t   placeholder=\"Phone Number\"\/>\n\t\t<span class=\"w-form-row-field-bar\"><\/span>\n\t\t\t<\/div>\n\t<div class=\"w-form-row-state\"><\/div>\n\t<\/div>\n\t\t\t\t\t<div class=\"w-form-row for_message required\">\n\t<div class=\"w-form-row-label\">\n\t\t<label for=\"us_form_3_message\"><\/label>\n\t<\/div>\n\t<div class=\"w-form-row-field\">\n\t\t\t\t<textarea name=\"message\" id=\"us_form_3_message\" cols=\"30\" rows=\"10\" placeholder=\"Message *\"\n\t\t\t data-required=\"true\" aria-required=\"true\"><\/textarea>\n\t\t<span class=\"w-form-row-field-bar\"><\/span>\n\t\t\t<\/div>\n\t<div class=\"w-form-row-state\"><\/div>\n\t<\/div>\n\t\t\t\t\t<input type=\"hidden\" name=\"action\" value=\"us_ajax_cform\" \/>\n\t\t\t\t\t<input type=\"hidden\" name=\"post_id\" value=\"15136\" \/>\n\t\t\t\t\t<input type=\"hidden\" name=\"form_index\" value=\"3\" \/>\n\t\t\t\t\t<div class=\"w-form-row for_submit\">\n\t<div class=\"w-form-row-field\">\n\t\t<button class=\"w-btn size_15px color_primary style_solid\" type=\"submit\"><span class=\"g-preloader type_1\"><\/span><span class=\"w-btn-label\">Send Message<\/span><\/button>\n\t<\/div>\n<\/div>\n\t\t\t\t<div class=\"w-form-message\"><\/div>\n\t\t\t<\/form>\n\t\t\t<div class=\"w-form-json hidden\" onclick='return {&quot;ajaxurl&quot;:&quot;https:\\\/\\\/www.fvb.cat\\\/wp-admin\\\/admin-ajax.php&quot;,&quot;success&quot;:&quot;Thank you! Your message was sent.&quot;,&quot;errors&quot;:{&quot;name&quot;:&quot;Please enter your Name&quot;,&quot;email&quot;:&quot;Please enter your Email&quot;,&quot;phone&quot;:&quot;Please enter your Phone Number&quot;,&quot;message&quot;:&quot;Please enter a Message&quot;}}'><\/div>\n\t<\/div>\n<\/div><\/div><\/div><\/div><\/div><\/div><\/div><\/div><\/div><div class=\"vc_col-sm-3 wpb_column vc_column_container\"><div class=\"vc_column-inner\"><div class=\"wpb_wrapper\"><div class=\"w-image\"><div class=\"us-frame\"><a href=\"https:\/\/www.fvb.cat\/ca\/docencia\/master-en-terapia-familiar\/\" title=\"\" target=\"\" rel=\"\"><img loading=\"lazy\" decoding=\"async\" width=\"350\" height=\"350\" src=\"https:\/\/www.fvb.cat\/wp-content\/uploads\/2024\/05\/master-terapia-familar-350x350.webp\" class=\"attachment-tnail-1x1-small size-tnail-1x1-small\" alt=\"\" srcset=\"https:\/\/www.fvb.cat\/wp-content\/uploads\/2024\/05\/master-terapia-familar-350x350.webp 350w, https:\/\/www.fvb.cat\/wp-content\/uploads\/2024\/05\/master-terapia-familar-150x150.webp 150w, https:\/\/www.fvb.cat\/wp-content\/uploads\/2024\/05\/master-terapia-familar-300x300.webp 300w, https:\/\/www.fvb.cat\/wp-content\/uploads\/2024\/05\/master-terapia-familar-100x100.webp 100w\" sizes=\"(max-width: 350px) 100vw, 350px\" \/><\/a><\/div><\/div><div class=\"wpb_text_column \"><div class=\"wpb_wrapper\">\n<h6 style=\"text-align: center;\"><strong>M\u00c0STER DE FORMACI\u00d3 PERMANENT EN TER\u00c0PIA FAMILIAR<\/strong><\/h6>\n<\/div> <\/div> <div class=\"w-tabs layout_default accordion title_left icon_chevron iconpos_right \"><div class=\"w-tabs-list items_3\"><div class=\"w-tabs-list-h\"><div class=\"w-tabs-item\"><a href=\"#1716900392640-797cb8f6-eee2\" class=\"w-tabs-item-h\"><span class=\"w-tabs-item-title\">PRESENTACI\u00d3<\/span><\/a><\/div>\n<div class=\"w-tabs-item\"><a href=\"#1716900392665-c63ebbff-e043\" class=\"w-tabs-item-h\"><span class=\"w-tabs-item-title\">LLIBRE DE PROGRAMES<\/span><\/a><\/div>\n<div class=\"w-tabs-item\"><a href=\"#1716900576352-194d6381-4419\" class=\"w-tabs-item-h\"><span class=\"w-tabs-item-title\">CONTACTE<\/span><\/a><\/div>\n<\/div><\/div><div class=\"w-tabs-sections\"><div class=\"w-tabs-sections-h\"><div class=\"w-tabs-section\" id=\"1716900392640-797cb8f6-eee2\"><a href=\"#1716900392640-797cb8f6-eee2\" class=\"w-tabs-section-header\"><div class=\"w-tabs-section-header-h\"><h5 class=\"w-tabs-section-title\">PRESENTACI\u00d3<\/h5><div class=\"w-tabs-section-control\"><\/div><\/div><\/a><div class=\"w-tabs-section-content\"><div class=\"w-tabs-section-content-h i-cf\"><div class=\"wpb_text_column \"><div class=\"wpb_wrapper\"><p>M\u00e0ster eminentment pr\u00e0ctic i aplicat. Centrat en dos eixos: en la supervisi\u00f3 directa i en el desenvolupament de la persona i del terapeuta familiar. Liderat per tres institucions de prestigi en el camp de la ter\u00e0pia familiar.<\/p><\/div> <\/div> <\/div><\/div><\/div><div class=\"w-tabs-section\" id=\"1716900392665-c63ebbff-e043\"><a href=\"#1716900392665-c63ebbff-e043\" class=\"w-tabs-section-header\"><div class=\"w-tabs-section-header-h\"><h5 class=\"w-tabs-section-title\">LLIBRE DE PROGRAMES<\/h5><div class=\"w-tabs-section-control\"><\/div><\/div><\/a><div class=\"w-tabs-section-content\"><div class=\"w-tabs-section-content-h i-cf\"><div class=\"w-btn-wrapper align_center\"><a class=\"w-btn style_solid color_primary icon_none\" href=\"https:\/\/www.fvb.cat\/wp-content\/uploads\/2025\/01\/MFPTF-llibre-24-25.pdf\" target=\"_blank\"><span class=\"w-btn-label\">LIBRO DE PROGRAMAS<\/span><\/a><\/div><\/div><\/div><\/div><div class=\"w-tabs-section\" id=\"1716900576352-194d6381-4419\"><a href=\"#1716900576352-194d6381-4419\" class=\"w-tabs-section-header\"><div class=\"w-tabs-section-header-h\"><h5 class=\"w-tabs-section-title\">CONTACTE<\/h5><div class=\"w-tabs-section-control\"><\/div><\/div><\/a><div class=\"w-tabs-section-content\"><div class=\"w-tabs-section-content-h i-cf\"><div class=\"w-form for_cform align_left\" id=\"us_form_4\">\n\t<form class=\"w-form-h\" autocomplete=\"off\" action=\"https:\/\/www.fvb.cat\/ca\/wp-json\/wp\/v2\/pages\/15136\" method=\"post\">\n\t\t\t\t\t\t\t<div class=\"w-form-row for_name required\">\n\t<div class=\"w-form-row-label\">\n\t\t<label for=\"us_form_4_name\"><\/label>\n\t<\/div>\n\t<div class=\"w-form-row-field\">\n\t\t\t\t<input type=\"text\" name=\"name\" id=\"us_form_4_name\" value=\"\"\n\t\t\t   placeholder=\"Name *\" data-required=\"true\" aria-required=\"true\"\/>\n\t\t<span class=\"w-form-row-field-bar\"><\/span>\n\t\t\t<\/div>\n\t<div class=\"w-form-row-state\"><\/div>\n\t<\/div>\n\t\t\t\t\t<div class=\"w-form-row for_email required\">\n\t<div class=\"w-form-row-label\">\n\t\t<label for=\"us_form_4_email\"><\/label>\n\t<\/div>\n\t<div class=\"w-form-row-field\">\n\t\t\t\t<input type=\"email\" name=\"email\" id=\"us_form_4_email\" value=\"\"\n\t\t\t   placeholder=\"Email *\" data-required=\"true\" aria-required=\"true\"\/>\n\t\t<span class=\"w-form-row-field-bar\"><\/span>\n\t\t\t<\/div>\n\t<div class=\"w-form-row-state\"><\/div>\n\t<\/div>\n\t\t\t\t\t<div class=\"w-form-row for_phone\">\n\t<div class=\"w-form-row-label\">\n\t\t<label for=\"us_form_4_phone\"><\/label>\n\t<\/div>\n\t<div class=\"w-form-row-field\">\n\t\t\t\t<input type=\"text\" name=\"phone\" id=\"us_form_4_phone\" value=\"\"\n\t\t\t   placeholder=\"Phone Number\"\/>\n\t\t<span class=\"w-form-row-field-bar\"><\/span>\n\t\t\t<\/div>\n\t<div class=\"w-form-row-state\"><\/div>\n\t<\/div>\n\t\t\t\t\t<div class=\"w-form-row for_message required\">\n\t<div class=\"w-form-row-label\">\n\t\t<label for=\"us_form_4_message\"><\/label>\n\t<\/div>\n\t<div class=\"w-form-row-field\">\n\t\t\t\t<textarea name=\"message\" id=\"us_form_4_message\" cols=\"30\" rows=\"10\" placeholder=\"Message *\"\n\t\t\t data-required=\"true\" aria-required=\"true\"><\/textarea>\n\t\t<span class=\"w-form-row-field-bar\"><\/span>\n\t\t\t<\/div>\n\t<div class=\"w-form-row-state\"><\/div>\n\t<\/div>\n\t\t\t\t\t<input type=\"hidden\" name=\"action\" value=\"us_ajax_cform\" \/>\n\t\t\t\t\t<input type=\"hidden\" name=\"post_id\" value=\"15136\" \/>\n\t\t\t\t\t<input type=\"hidden\" name=\"form_index\" value=\"4\" \/>\n\t\t\t\t\t<div class=\"w-form-row for_submit\">\n\t<div class=\"w-form-row-field\">\n\t\t<button class=\"w-btn size_15px color_primary style_solid\" type=\"submit\"><span class=\"g-preloader type_1\"><\/span><span class=\"w-btn-label\">Send Message<\/span><\/button>\n\t<\/div>\n<\/div>\n\t\t\t\t<div class=\"w-form-message\"><\/div>\n\t\t\t<\/form>\n\t\t\t<div class=\"w-form-json hidden\" onclick='return {&quot;ajaxurl&quot;:&quot;https:\\\/\\\/www.fvb.cat\\\/wp-admin\\\/admin-ajax.php&quot;,&quot;success&quot;:&quot;Thank you! Your message was sent.&quot;,&quot;errors&quot;:{&quot;name&quot;:&quot;Please enter your Name&quot;,&quot;email&quot;:&quot;Please enter your Email&quot;,&quot;phone&quot;:&quot;Please enter your Phone Number&quot;,&quot;message&quot;:&quot;Please enter a Message&quot;}}'><\/div>\n\t<\/div>\n<\/div><\/div><\/div><\/div><\/div><\/div><\/div><\/div><\/div><\/div><\/div><\/section><!-- Row Backgrounds --><div class=\"upb_color\" data-bg-override=\"0\" data-bg-color=\"#d4e0e5\" data-fadeout=\"\" data-fadeout-percentage=\"30\" data-parallax-content=\"\" data-parallax-content-sense=\"30\" data-row-effect-mobile-disable=\"true\" data-img-parallax-mobile-disable=\"true\" data-rtl=\"false\"  data-custom-vc-row=\"\"  data-vc=\"5.0.1\"  data-is_old_vc=\"\"  data-theme-support=\"\"   data-overlay=\"false\" data-overlay-color=\"\" data-overlay-pattern=\"\" data-overlay-pattern-opacity=\"\" data-overlay-pattern-size=\"\"    ><\/div><section class=\"l-section wpb_row height_medium\"><div class=\"l-section-h i-cf\"><div class=\"g-cols type_default valign_top\"><div class=\"vc_col-sm-4 wpb_column vc_column_container\"><div class=\"vc_column-inner\"><div class=\"wpb_wrapper\"><div class=\"w-image\"><div class=\"us-frame\"><a href=\"https:\/\/www.fvb.cat\/es\/docencia\/curso-experto-universitario-acompanamiento-espiritual-2024-2025\/\" title=\"\" target=\"\" rel=\"\"><img loading=\"lazy\" decoding=\"async\" width=\"350\" height=\"350\" src=\"https:\/\/www.fvb.cat\/wp-content\/uploads\/2024\/05\/pae_img-350x350.png\" class=\"attachment-tnail-1x1-small size-tnail-1x1-small\" alt=\"\" srcset=\"https:\/\/www.fvb.cat\/wp-content\/uploads\/2024\/05\/pae_img-350x350.png 350w, https:\/\/www.fvb.cat\/wp-content\/uploads\/2024\/05\/pae_img-150x150.png 150w, https:\/\/www.fvb.cat\/wp-content\/uploads\/2024\/05\/pae_img-300x300.png 300w, https:\/\/www.fvb.cat\/wp-content\/uploads\/2024\/05\/pae_img-100x100.png 100w\" sizes=\"(max-width: 350px) 100vw, 350px\" \/><\/a><\/div><\/div><div class=\"wpb_text_column \"><div class=\"wpb_wrapper\">\n<h6 style=\"text-align: center;\"><strong>T\u00cdTOL D&#8217;EXPERT UNIVERSITARI EN ACOMPANYAMENT ESPIRITUAL<\/strong><\/h6>\n<\/div> <\/div> <div class=\"w-tabs layout_default accordion title_left icon_chevron iconpos_right \"><div class=\"w-tabs-list items_4\"><div class=\"w-tabs-list-h\"><div class=\"w-tabs-item\"><a href=\"#1716903451562-c4320410-c48f\" class=\"w-tabs-item-h\"><span class=\"w-tabs-item-title\">PRESENTACI\u00d3<\/span><\/a><\/div>\n<div class=\"w-tabs-item\"><a href=\"#1716903451585-e952ae40-b995\" class=\"w-tabs-item-h\"><span class=\"w-tabs-item-title\">D\u00cdPTIC INFORMATIU<\/span><\/a><\/div>\n<div class=\"w-tabs-item\"><a href=\"#1716904824493-1a7f8147-0e26\" class=\"w-tabs-item-h\"><span class=\"w-tabs-item-title\">PLA ACAD\u00c8MIC<\/span><\/a><\/div>\n<div class=\"w-tabs-item\"><a href=\"#1716904873671-da1ff390-3395\" class=\"w-tabs-item-h\"><span class=\"w-tabs-item-title\">CONTACTE<\/span><\/a><\/div>\n<\/div><\/div><div class=\"w-tabs-sections\"><div class=\"w-tabs-sections-h\"><div class=\"w-tabs-section\" id=\"1716903451562-c4320410-c48f\"><a href=\"#1716903451562-c4320410-c48f\" class=\"w-tabs-section-header\"><div class=\"w-tabs-section-header-h\"><h5 class=\"w-tabs-section-title\">PRESENTACI\u00d3<\/h5><div class=\"w-tabs-section-control\"><\/div><\/div><\/a><div class=\"w-tabs-section-content\"><div class=\"w-tabs-section-content-h i-cf\"><div class=\"wpb_text_column \"><div class=\"wpb_wrapper\"><p>El programa proposa aprofundir, des d&#8217;una perspectiva pedag\u00f2gica i d&#8217;acompanyament, en els aspectes de la vida espiritual relacionats amb la persona, el seu context i la seva capacitat de vinculaci\u00f3.<\/p><\/div> <\/div> <\/div><\/div><\/div><div class=\"w-tabs-section\" id=\"1716903451585-e952ae40-b995\"><a href=\"#1716903451585-e952ae40-b995\" class=\"w-tabs-section-header\"><div class=\"w-tabs-section-header-h\"><h5 class=\"w-tabs-section-title\">D\u00cdPTIC INFORMATIU<\/h5><div class=\"w-tabs-section-control\"><\/div><\/div><\/a><div class=\"w-tabs-section-content\"><div class=\"w-tabs-section-content-h i-cf\"><div class=\"w-btn-wrapper align_center\"><a class=\"w-btn style_solid color_primary icon_none\" href=\"https:\/\/www.fvb.cat\/wp-content\/uploads\/2024\/05\/Diptic-PAE-cat.pdf\"><span class=\"w-btn-label\">D\u00cdPTIC INFORMATIU<\/span><\/a><\/div><\/div><\/div><\/div><div class=\"w-tabs-section\" id=\"1716904824493-1a7f8147-0e26\"><a href=\"#1716904824493-1a7f8147-0e26\" class=\"w-tabs-section-header\"><div class=\"w-tabs-section-header-h\"><h5 class=\"w-tabs-section-title\">PLA ACAD\u00c8MIC<\/h5><div class=\"w-tabs-section-control\"><\/div><\/div><\/a><div class=\"w-tabs-section-content\"><div class=\"w-tabs-section-content-h i-cf\"><div class=\"w-btn-wrapper align_center\"><a class=\"w-btn style_solid color_primary icon_none\" href=\"https:\/\/www.fvb.cat\/wp-content\/uploads\/2024\/05\/pla-academic-PAE.pdf\"><span class=\"w-btn-label\">PLA ACAD\u00c8MIC<\/span><\/a><\/div><\/div><\/div><\/div><div class=\"w-tabs-section\" id=\"1716904873671-da1ff390-3395\"><a href=\"#1716904873671-da1ff390-3395\" class=\"w-tabs-section-header\"><div class=\"w-tabs-section-header-h\"><h5 class=\"w-tabs-section-title\">CONTACTE<\/h5><div class=\"w-tabs-section-control\"><\/div><\/div><\/a><div class=\"w-tabs-section-content\"><div class=\"w-tabs-section-content-h i-cf\"><div class=\"w-form for_cform align_left\" id=\"us_form_5\">\n\t<form class=\"w-form-h\" autocomplete=\"off\" action=\"https:\/\/www.fvb.cat\/ca\/wp-json\/wp\/v2\/pages\/15136\" method=\"post\">\n\t\t\t\t\t\t\t<div class=\"w-form-row for_name required\">\n\t<div class=\"w-form-row-label\">\n\t\t<label for=\"us_form_5_name\"><\/label>\n\t<\/div>\n\t<div class=\"w-form-row-field\">\n\t\t\t\t<input type=\"text\" name=\"name\" id=\"us_form_5_name\" value=\"\"\n\t\t\t   placeholder=\"Name *\" data-required=\"true\" aria-required=\"true\"\/>\n\t\t<span class=\"w-form-row-field-bar\"><\/span>\n\t\t\t<\/div>\n\t<div class=\"w-form-row-state\"><\/div>\n\t<\/div>\n\t\t\t\t\t<div class=\"w-form-row for_email required\">\n\t<div class=\"w-form-row-label\">\n\t\t<label for=\"us_form_5_email\"><\/label>\n\t<\/div>\n\t<div class=\"w-form-row-field\">\n\t\t\t\t<input type=\"email\" name=\"email\" id=\"us_form_5_email\" value=\"\"\n\t\t\t   placeholder=\"Email *\" data-required=\"true\" aria-required=\"true\"\/>\n\t\t<span class=\"w-form-row-field-bar\"><\/span>\n\t\t\t<\/div>\n\t<div class=\"w-form-row-state\"><\/div>\n\t<\/div>\n\t\t\t\t\t<div class=\"w-form-row for_phone\">\n\t<div class=\"w-form-row-label\">\n\t\t<label for=\"us_form_5_phone\"><\/label>\n\t<\/div>\n\t<div class=\"w-form-row-field\">\n\t\t\t\t<input type=\"text\" name=\"phone\" id=\"us_form_5_phone\" value=\"\"\n\t\t\t   placeholder=\"Phone Number\"\/>\n\t\t<span class=\"w-form-row-field-bar\"><\/span>\n\t\t\t<\/div>\n\t<div class=\"w-form-row-state\"><\/div>\n\t<\/div>\n\t\t\t\t\t<div class=\"w-form-row for_message required\">\n\t<div class=\"w-form-row-label\">\n\t\t<label for=\"us_form_5_message\"><\/label>\n\t<\/div>\n\t<div class=\"w-form-row-field\">\n\t\t\t\t<textarea name=\"message\" id=\"us_form_5_message\" cols=\"30\" rows=\"10\" placeholder=\"Message *\"\n\t\t\t data-required=\"true\" aria-required=\"true\"><\/textarea>\n\t\t<span class=\"w-form-row-field-bar\"><\/span>\n\t\t\t<\/div>\n\t<div class=\"w-form-row-state\"><\/div>\n\t<\/div>\n\t\t\t\t\t<input type=\"hidden\" name=\"action\" value=\"us_ajax_cform\" \/>\n\t\t\t\t\t<input type=\"hidden\" name=\"post_id\" value=\"15136\" \/>\n\t\t\t\t\t<input type=\"hidden\" name=\"form_index\" value=\"5\" \/>\n\t\t\t\t\t<div class=\"w-form-row for_submit\">\n\t<div class=\"w-form-row-field\">\n\t\t<button class=\"w-btn size_15px color_primary style_solid\" type=\"submit\"><span class=\"g-preloader type_1\"><\/span><span class=\"w-btn-label\">Send Message<\/span><\/button>\n\t<\/div>\n<\/div>\n\t\t\t\t<div class=\"w-form-message\"><\/div>\n\t\t\t<\/form>\n\t\t\t<div class=\"w-form-json hidden\" onclick='return {&quot;ajaxurl&quot;:&quot;https:\\\/\\\/www.fvb.cat\\\/wp-admin\\\/admin-ajax.php&quot;,&quot;success&quot;:&quot;Thank you! Your message was sent.&quot;,&quot;errors&quot;:{&quot;name&quot;:&quot;Please enter your Name&quot;,&quot;email&quot;:&quot;Please enter your Email&quot;,&quot;phone&quot;:&quot;Please enter your Phone Number&quot;,&quot;message&quot;:&quot;Please enter a Message&quot;}}'><\/div>\n\t<\/div>\n<\/div><\/div><\/div><\/div><\/div><\/div><\/div><\/div><\/div><div class=\"vc_col-sm-4 wpb_column vc_column_container\"><div class=\"vc_column-inner\"><div class=\"wpb_wrapper\"><div class=\"w-image\"><div class=\"us-frame\"><a href=\"https:\/\/www.fvb.cat\/es\/docencia\/formacion-continuada-ups-2\/\" title=\"\" target=\"\" rel=\"\"><img loading=\"lazy\" decoding=\"async\" width=\"350\" height=\"350\" src=\"https:\/\/www.fvb.cat\/wp-content\/uploads\/2024\/05\/ambit_img-350x350.jpg\" class=\"attachment-tnail-1x1-small size-tnail-1x1-small\" alt=\"\" srcset=\"https:\/\/www.fvb.cat\/wp-content\/uploads\/2024\/05\/ambit_img-350x350.jpg 350w, https:\/\/www.fvb.cat\/wp-content\/uploads\/2024\/05\/ambit_img-150x150.jpg 150w, https:\/\/www.fvb.cat\/wp-content\/uploads\/2024\/05\/ambit_img-600x600.jpg 600w, https:\/\/www.fvb.cat\/wp-content\/uploads\/2024\/05\/ambit_img-300x300.jpg 300w, https:\/\/www.fvb.cat\/wp-content\/uploads\/2024\/05\/ambit_img-100x100.jpg 100w\" sizes=\"(max-width: 350px) 100vw, 350px\" \/><\/a><\/div><\/div><div class=\"wpb_text_column \"><div class=\"wpb_wrapper\">\n<h6 style=\"text-align: center;\"><b>FORMACI\u00d3 AMBIT<\/b><\/h6>\n<h6 style=\"text-align: center;\"><\/h6>\n<\/div> <\/div> <div class=\"w-tabs layout_default accordion title_left icon_chevron iconpos_right \"><div class=\"w-tabs-list items_2\"><div class=\"w-tabs-list-h\"><div class=\"w-tabs-item\"><a href=\"#1716985235634-b142e1dc-c9a7\" class=\"w-tabs-item-h\"><span class=\"w-tabs-item-title\">Presentaci\u00f3<\/span><\/a><\/div>\n<div class=\"w-tabs-item\"><a href=\"#1716985659328-5373bf8c-db3c\" class=\"w-tabs-item-h\"><span class=\"w-tabs-item-title\">CONTACTE<\/span><\/a><\/div>\n<\/div><\/div><div class=\"w-tabs-sections\"><div class=\"w-tabs-sections-h\"><div class=\"w-tabs-section\" id=\"1716985235634-b142e1dc-c9a7\"><a href=\"#1716985235634-b142e1dc-c9a7\" class=\"w-tabs-section-header\"><div class=\"w-tabs-section-header-h\"><h5 class=\"w-tabs-section-title\">Presentaci\u00f3<\/h5><div class=\"w-tabs-section-control\"><\/div><\/div><\/a><div class=\"w-tabs-section-content\"><div class=\"w-tabs-section-content-h i-cf\"><div class=\"wpb_text_column \"><div class=\"wpb_wrapper\"><p>AMBIT \u00e9s un abordatge per a equips basats en la teoria i t\u00e8cnica del model del Tractament Basat en la Mentalitzaci\u00f3 (MBT), per a aquells equips que treballen amb persones amb m\u00faltiples i greus necessitats, que presenten dificultats per vincular-se als serveis assistencials ordinaris.<\/p><\/div> <\/div> <\/div><\/div><\/div><div class=\"w-tabs-section\" id=\"1716985659328-5373bf8c-db3c\"><a href=\"#1716985659328-5373bf8c-db3c\" class=\"w-tabs-section-header\"><div class=\"w-tabs-section-header-h\"><h5 class=\"w-tabs-section-title\">CONTACTE<\/h5><div class=\"w-tabs-section-control\"><\/div><\/div><\/a><div class=\"w-tabs-section-content\"><div class=\"w-tabs-section-content-h i-cf\"><div class=\"w-form for_cform align_left\" id=\"us_form_6\">\n\t<form class=\"w-form-h\" autocomplete=\"off\" action=\"https:\/\/www.fvb.cat\/ca\/wp-json\/wp\/v2\/pages\/15136\" method=\"post\">\n\t\t\t\t\t\t\t<div class=\"w-form-row for_name required\">\n\t<div class=\"w-form-row-label\">\n\t\t<label for=\"us_form_6_name\"><\/label>\n\t<\/div>\n\t<div class=\"w-form-row-field\">\n\t\t\t\t<input type=\"text\" name=\"name\" id=\"us_form_6_name\" value=\"\"\n\t\t\t   placeholder=\"Name *\" data-required=\"true\" aria-required=\"true\"\/>\n\t\t<span class=\"w-form-row-field-bar\"><\/span>\n\t\t\t<\/div>\n\t<div class=\"w-form-row-state\"><\/div>\n\t<\/div>\n\t\t\t\t\t<div class=\"w-form-row for_email required\">\n\t<div class=\"w-form-row-label\">\n\t\t<label for=\"us_form_6_email\"><\/label>\n\t<\/div>\n\t<div class=\"w-form-row-field\">\n\t\t\t\t<input type=\"email\" name=\"email\" id=\"us_form_6_email\" value=\"\"\n\t\t\t   placeholder=\"Email *\" data-required=\"true\" aria-required=\"true\"\/>\n\t\t<span class=\"w-form-row-field-bar\"><\/span>\n\t\t\t<\/div>\n\t<div class=\"w-form-row-state\"><\/div>\n\t<\/div>\n\t\t\t\t\t<div class=\"w-form-row for_message required\">\n\t<div class=\"w-form-row-label\">\n\t\t<label for=\"us_form_6_message\"><\/label>\n\t<\/div>\n\t<div class=\"w-form-row-field\">\n\t\t\t\t<textarea name=\"message\" id=\"us_form_6_message\" cols=\"30\" rows=\"10\" placeholder=\"Message *\"\n\t\t\t data-required=\"true\" aria-required=\"true\"><\/textarea>\n\t\t<span class=\"w-form-row-field-bar\"><\/span>\n\t\t\t<\/div>\n\t<div class=\"w-form-row-state\"><\/div>\n\t<\/div>\n\t\t\t\t\t<input type=\"hidden\" name=\"action\" value=\"us_ajax_cform\" \/>\n\t\t\t\t\t<input type=\"hidden\" name=\"post_id\" value=\"15136\" \/>\n\t\t\t\t\t<input type=\"hidden\" name=\"form_index\" value=\"6\" \/>\n\t\t\t\t\t<div class=\"w-form-row for_submit\">\n\t<div class=\"w-form-row-field\">\n\t\t<button class=\"w-btn size_15px color_primary style_solid\" type=\"submit\"><span class=\"g-preloader type_1\"><\/span><span class=\"w-btn-label\">Send Message<\/span><\/button>\n\t<\/div>\n<\/div>\n\t\t\t\t<div class=\"w-form-message\"><\/div>\n\t\t\t<\/form>\n\t\t\t<div class=\"w-form-json hidden\" onclick='return {&quot;ajaxurl&quot;:&quot;https:\\\/\\\/www.fvb.cat\\\/wp-admin\\\/admin-ajax.php&quot;,&quot;success&quot;:&quot;Thank you! Your message was sent.&quot;,&quot;errors&quot;:{&quot;name&quot;:&quot;Please enter your Name&quot;,&quot;email&quot;:&quot;Please enter your Email&quot;,&quot;message&quot;:&quot;Please enter a Message&quot;}}'><\/div>\n\t<\/div>\n<\/div><\/div><\/div><\/div><\/div><\/div><\/div><\/div><\/div><div class=\"vc_col-sm-4 wpb_column vc_column_container\"><div class=\"vc_column-inner\"><div class=\"wpb_wrapper\"><div class=\"w-image\"><div class=\"us-frame\"><a href=\"https:\/\/www.fvb.cat\/es\/docencia\/cursos-espiritualidad-2\/\" title=\"\" target=\"\" rel=\"\"><img loading=\"lazy\" decoding=\"async\" width=\"350\" height=\"350\" src=\"https:\/\/www.fvb.cat\/wp-content\/uploads\/2024\/05\/formacio_img-350x350.jpg\" class=\"attachment-tnail-1x1-small size-tnail-1x1-small\" alt=\"\" srcset=\"https:\/\/www.fvb.cat\/wp-content\/uploads\/2024\/05\/formacio_img-350x350.jpg 350w, https:\/\/www.fvb.cat\/wp-content\/uploads\/2024\/05\/formacio_img-150x150.jpg 150w, https:\/\/www.fvb.cat\/wp-content\/uploads\/2024\/05\/formacio_img-600x600.jpg 600w, https:\/\/www.fvb.cat\/wp-content\/uploads\/2024\/05\/formacio_img-300x300.jpg 300w, https:\/\/www.fvb.cat\/wp-content\/uploads\/2024\/05\/formacio_img-100x100.jpg 100w\" sizes=\"(max-width: 350px) 100vw, 350px\" \/><\/a><\/div><\/div><div class=\"wpb_text_column \"><div class=\"wpb_wrapper\">\n<h6 style=\"text-align: center;\"><b>FORMACI\u00d3 CONTINUADA EN PSICOTER\u00c0PIA<\/b><\/h6>\n<\/div> <\/div> <div class=\"w-tabs layout_default accordion title_left icon_chevron iconpos_right \"><div class=\"w-tabs-list items_9\"><div class=\"w-tabs-list-h\"><div class=\"w-tabs-item\"><a href=\"#1716985739879-5342e6c4-59d5\" class=\"w-tabs-item-h\"><span class=\"w-tabs-item-title\">PRESENTACI\u00d3<\/span><\/a><\/div>\n<div class=\"w-tabs-item\"><a href=\"#1720696738411-1a3198f2-1b8c\" class=\"w-tabs-item-h\"><span class=\"w-tabs-item-title\">SEMINARIS<\/span><\/a><\/div>\n<div class=\"w-tabs-item\"><a href=\"#1753947315554-6abad986-ed7d\" class=\"w-tabs-item-h\"><span class=\"w-tabs-item-title\">FORMACI\u00d3 MBT PRACTITIONER TRAINING<\/span><\/a><\/div>\n<div class=\"w-tabs-item\"><a href=\"#1753947982171-f4058eed-2d60\" class=\"w-tabs-item-h\"><span class=\"w-tabs-item-title\">FORMACI\u00d3 MBT PRACTITIONER TRAINING<\/span><\/a><\/div>\n<div class=\"w-tabs-item\"><a href=\"#1755155865159-9e29cf37-cf7a\" class=\"w-tabs-item-h\"><span class=\"w-tabs-item-title\">INTRODUCCI\u00d3 DE LA PSICOPATOLOGIA BASADA EN LA RELACI\u00d3<\/span><\/a><\/div>\n<div class=\"w-tabs-item\"><a href=\"#1755155937102-140b1f2e-91da\" class=\"w-tabs-item-h\"><span class=\"w-tabs-item-title\">CONCEPTES FONAMENTALS DE LA PSICOTER\u00c0PIA PSICODIN\u00c0MICA<\/span><\/a><\/div>\n<div class=\"w-tabs-item\"><a href=\"#1755156057895-11c193e0-44a6\" class=\"w-tabs-item-h\"><span class=\"w-tabs-item-title\">OR\u00cdGENS, CONTEXTOS I TEND\u00c8NCIES DEL PENSAMENT PSICOANAL\u00cdTIC<\/span><\/a><\/div>\n<div class=\"w-tabs-item\"><a href=\"#1755156126663-c25a06fa-32d7\" class=\"w-tabs-item-h\"><span class=\"w-tabs-item-title\">TEORIA I PR\u00c0CTICA DE LA PSICOTER\u00c0PIA GRUPAL<\/span><\/a><\/div>\n<div class=\"w-tabs-item\"><a href=\"#1759239478399-a278e42c-53d9\" class=\"w-tabs-item-h\"><span class=\"w-tabs-item-title\">INTRODUCCI\u00d3 AL TRACTAMENT BASAT EN LA MENTALITZACI\u00d3 - MBT<\/span><\/a><\/div>\n<\/div><\/div><div class=\"w-tabs-sections\"><div class=\"w-tabs-sections-h\"><div class=\"w-tabs-section\" id=\"1716985739879-5342e6c4-59d5\"><a href=\"#1716985739879-5342e6c4-59d5\" class=\"w-tabs-section-header\"><div class=\"w-tabs-section-header-h\"><h5 class=\"w-tabs-section-title\">PRESENTACI\u00d3<\/h5><div class=\"w-tabs-section-control\"><\/div><\/div><\/a><div class=\"w-tabs-section-content\"><div class=\"w-tabs-section-content-h i-cf\"><div class=\"wpb_text_column \"><div class=\"wpb_wrapper\"><p>La Formaci\u00f3 Continuada est\u00e0 integrada per cursos independents que pretenen l&#8217;actualitzaci\u00f3 de tem\u00e0tiques monogr\u00e0fiques amb l&#8217;objectiu de contribuir a la formaci\u00f3 dels professionals corresponents en el decurs de la seva tasca.<\/p><\/div> <\/div> <\/div><\/div><\/div><div class=\"w-tabs-section\" id=\"1720696738411-1a3198f2-1b8c\"><a href=\"#1720696738411-1a3198f2-1b8c\" class=\"w-tabs-section-header\"><div class=\"w-tabs-section-header-h\"><h5 class=\"w-tabs-section-title\">SEMINARIS<\/h5><div class=\"w-tabs-section-control\"><\/div><\/div><\/a><div class=\"w-tabs-section-content\"><div class=\"w-tabs-section-content-h i-cf\"><\/div><\/div><\/div><div class=\"w-tabs-section\" id=\"1753947315554-6abad986-ed7d\"><a href=\"#1753947315554-6abad986-ed7d\" class=\"w-tabs-section-header\"><div class=\"w-tabs-section-header-h\"><h5 class=\"w-tabs-section-title\">FORMACI\u00d3 MBT PRACTITIONER TRAINING<\/h5><div class=\"w-tabs-section-control\"><\/div><\/div><\/a><div class=\"w-tabs-section-content\"><div class=\"w-tabs-section-content-h i-cf\"><div class=\"wpb_text_column \"><div class=\"wpb_wrapper\">\n<h6><strong>DATA:<\/strong> 19, 20 i 21 de gener de 2026 (9.00 h a 16.30 h)<\/h6>\n<h6><strong>DOCENT:<\/strong> Anthony Bateman<\/h6>\n<h6><strong>PREU:<\/strong> 965 \u20ac<\/h6>\n<\/div> <\/div> <div class=\"w-btn-wrapper align_center\"><a class=\"w-btn style_outlined color_navy icon_none\" href=\"\" target=\"_blank\"><span class=\"w-btn-label\">INSCRIPCIONS<\/span><\/a><\/div><div class=\"w-btn-wrapper align_center\"><a class=\"w-btn style_outlined color_navy icon_none\" href=\"https:\/\/www.fvb.cat\/wp-content\/uploads\/2025\/07\/MTB-basic-training-CAT.pdf\" target=\"_blank\"><span class=\"w-btn-label\">PROGRAMA<\/span><\/a><\/div><\/div><\/div><\/div><div class=\"w-tabs-section\" id=\"1753947982171-f4058eed-2d60\"><a href=\"#1753947982171-f4058eed-2d60\" class=\"w-tabs-section-header\"><div class=\"w-tabs-section-header-h\"><h5 class=\"w-tabs-section-title\">FORMACI\u00d3 MBT PRACTITIONER TRAINING<\/h5><div class=\"w-tabs-section-control\"><\/div><\/div><\/a><div class=\"w-tabs-section-content\"><div class=\"w-tabs-section-content-h i-cf\"><div class=\"wpb_text_column \"><div class=\"wpb_wrapper\">\n<h6><strong>DATA:<\/strong> 22 i 23 de gener de 2026 (9.00 h a 16.30 h)<\/h6>\n<h6><strong>DOCENT:<\/strong> Anthony Bateman<\/h6>\n<h6><strong>PREU:<\/strong> 865 \u20ac<\/h6>\n<\/div> <\/div> <div class=\"w-btn-wrapper align_center\"><a class=\"w-btn style_outlined color_navy icon_none\" href=\"\" target=\"_blank\"><span class=\"w-btn-label\">INSCRIPCIONS <\/span><\/a><\/div><div class=\"w-btn-wrapper align_center\"><a class=\"w-btn style_outlined color_navy icon_none\" href=\"https:\/\/www.fvb.cat\/wp-content\/uploads\/2025\/07\/MBT-practitioner-1pag-CAT.pdf\" target=\"_blank\"><span class=\"w-btn-label\">PROGRAMA<\/span><\/a><\/div><\/div><\/div><\/div><div class=\"w-tabs-section\" id=\"1755155865159-9e29cf37-cf7a\"><a href=\"#1755155865159-9e29cf37-cf7a\" class=\"w-tabs-section-header\"><div class=\"w-tabs-section-header-h\"><h5 class=\"w-tabs-section-title\">INTRODUCCI\u00d3 DE LA PSICOPATOLOGIA BASADA EN LA RELACI\u00d3<\/h5><div class=\"w-tabs-section-control\"><\/div><\/div><\/a><div class=\"w-tabs-section-content\"><div class=\"w-tabs-section-content-h i-cf\"><div class=\"wpb_text_column \"><div class=\"wpb_wrapper\">\n<h6><strong>DATA:<\/strong> Del 18 de setembre al 30 d&#8217;octubre<\/h6>\n<h6><strong>DOCENT:<\/strong> Jorge L. Tiz\u00f3n<\/h6>\n<h6><strong>PREU:<\/strong> 660 \u20ac<\/h6>\n<\/div> <\/div> <div class=\"w-btn-wrapper align_center\"><a class=\"w-btn style_outlined color_navy icon_none\" href=\"\" target=\"_blank\"><span class=\"w-btn-label\">INSCRIPCIONS <\/span><\/a><\/div><div class=\"w-btn-wrapper align_center\"><a class=\"w-btn style_outlined color_navy icon_none\" href=\"https:\/\/www.fvb.cat\/wp-content\/uploads\/2025\/08\/CAT_Teoria-i-practica-de-la-psicoterapia-grupal-4.pdf\" target=\"_blank\"><span class=\"w-btn-label\">PROGRAMA<\/span><\/a><\/div><\/div><\/div><\/div><div class=\"w-tabs-section\" id=\"1755155937102-140b1f2e-91da\"><a href=\"#1755155937102-140b1f2e-91da\" class=\"w-tabs-section-header\"><div class=\"w-tabs-section-header-h\"><h5 class=\"w-tabs-section-title\">CONCEPTES FONAMENTALS DE LA PSICOTER\u00c0PIA PSICODIN\u00c0MICA<\/h5><div class=\"w-tabs-section-control\"><\/div><\/div><\/a><div class=\"w-tabs-section-content\"><div class=\"w-tabs-section-content-h i-cf\"><div class=\"wpb_text_column \"><div class=\"wpb_wrapper\">\n<h6><strong>DATA:<\/strong> Del 16 de setembre al 18 de novembre<\/h6>\n<h6><strong>DOCENT:<\/strong> Ramon Riera<\/h6>\n<h6><strong>PREU:<\/strong> 440 \u20ac<\/h6>\n<\/div> <\/div> <div class=\"w-btn-wrapper align_center\"><a class=\"w-btn style_outlined color_navy icon_none\" href=\"\" target=\"_blank\"><span class=\"w-btn-label\">INSCRIPCIONS <\/span><\/a><\/div><div class=\"w-btn-wrapper align_center\"><a class=\"w-btn style_outlined color_navy icon_none\" href=\"https:\/\/www.fvb.cat\/wp-content\/uploads\/2025\/08\/CAT_Conceptes-fonamentals-de-la-psicoterapia-psicodinamica.pdf\" target=\"_blank\"><span class=\"w-btn-label\">PROGRAMA<\/span><\/a><\/div><\/div><\/div><\/div><div class=\"w-tabs-section\" id=\"1755156057895-11c193e0-44a6\"><a href=\"#1755156057895-11c193e0-44a6\" class=\"w-tabs-section-header\"><div class=\"w-tabs-section-header-h\"><h5 class=\"w-tabs-section-title\">OR\u00cdGENS, CONTEXTOS I TEND\u00c8NCIES DEL PENSAMENT PSICOANAL\u00cdTIC<\/h5><div class=\"w-tabs-section-control\"><\/div><\/div><\/a><div class=\"w-tabs-section-content\"><div class=\"w-tabs-section-content-h i-cf\"><div class=\"wpb_text_column \"><div class=\"wpb_wrapper\">\n<h6><strong>DATA:<\/strong> Del 16 de setembre al 18 de novembre<\/h6>\n<h6><strong>DOCENT:<\/strong> Neri Daurella<\/h6>\n<h6><strong>PREU:<\/strong> 440 \u20ac<\/h6>\n<\/div> <\/div> <div class=\"w-btn-wrapper align_center\"><a class=\"w-btn style_outlined color_navy icon_none\" href=\"\" target=\"_blank\"><span class=\"w-btn-label\">INSCRIPCIONS <\/span><\/a><\/div><div class=\"w-btn-wrapper align_center\"><a class=\"w-btn style_outlined color_navy icon_none\" href=\"https:\/\/www.fvb.cat\/wp-content\/uploads\/2025\/08\/CAT_Origens-contextos-i-tendencies-del-pensament-psicoanalitic.pdf\" target=\"_blank\"><span class=\"w-btn-label\">PROGRAMA<\/span><\/a><\/div><\/div><\/div><\/div><div class=\"w-tabs-section\" id=\"1755156126663-c25a06fa-32d7\"><a href=\"#1755156126663-c25a06fa-32d7\" class=\"w-tabs-section-header\"><div class=\"w-tabs-section-header-h\"><h5 class=\"w-tabs-section-title\">TEORIA I PR\u00c0CTICA DE LA PSICOTER\u00c0PIA GRUPAL<\/h5><div class=\"w-tabs-section-control\"><\/div><\/div><\/a><div class=\"w-tabs-section-content\"><div class=\"w-tabs-section-content-h i-cf\"><div class=\"wpb_text_column \"><div class=\"wpb_wrapper\">\n<h6><strong>DATA:<\/strong> Del 15 de setembre fins el 6 d&#8217;octubre<\/h6>\n<h6><strong>DOCENT:<\/strong> Jos\u00e9 Rib\u00e9<\/h6>\n<h6><strong>PREU:<\/strong> 330 \u20ac<\/h6>\n<\/div> <\/div> <div class=\"w-btn-wrapper align_center\"><a class=\"w-btn style_outlined color_navy icon_none\" href=\"\" target=\"_blank\"><span class=\"w-btn-label\">INSCRIPCIONS <\/span><\/a><\/div><div class=\"w-btn-wrapper align_center\"><a class=\"w-btn style_outlined color_navy icon_none\" href=\"https:\/\/www.fvb.cat\/wp-content\/uploads\/2025\/08\/CAT_Introduccio-a-la-psicopatologia-basada-en-la-relacio.pdf\" target=\"_blank\"><span class=\"w-btn-label\">PROGRAMA<\/span><\/a><\/div><\/div><\/div><\/div><div class=\"w-tabs-section\" id=\"1759239478399-a278e42c-53d9\"><a href=\"#1759239478399-a278e42c-53d9\" class=\"w-tabs-section-header\"><div class=\"w-tabs-section-header-h\"><h5 class=\"w-tabs-section-title\">INTRODUCCI\u00d3 AL TRACTAMENT BASAT EN LA MENTALITZACI\u00d3 - MBT<\/h5><div class=\"w-tabs-section-control\"><\/div><\/div><\/a><div class=\"w-tabs-section-content\"><div class=\"w-tabs-section-content-h i-cf\"><div class=\"wpb_text_column \"><div class=\"wpb_wrapper\">\n<h6><strong>DATA:<\/strong> Del 25 de novembre fins el 17 de febrer<\/h6>\n<h6><strong>DOCENT:<\/strong> Mark Dangerfield<\/h6>\n<h6><strong>PREU:<\/strong> 440 \u20ac<\/h6>\n<\/div> <\/div> <div class=\"w-btn-wrapper align_center\"><a class=\"w-btn style_outlined color_navy icon_none\" href=\"\" target=\"_blank\"><span class=\"w-btn-label\">INSCRIPCIONS <\/span><\/a><\/div><div class=\"w-btn-wrapper align_center\"><a class=\"w-btn style_outlined color_navy icon_none\" href=\"https:\/\/www.fvb.cat\/wp-content\/uploads\/2025\/08\/CAT_INTRODUCCIO-AL-TRACTAMENT-BASAT-EN-LA-MENTALITZACIO-MBT.pdf\" target=\"_blank\"><span class=\"w-btn-label\">PROGRAMA<\/span><\/a><\/div><\/div><\/div><\/div><\/div><\/div><\/div><\/div><\/div><\/div><\/div><\/div><\/section>","protected":false},"excerpt":{"rendered":"Fundaci\u00f3 Vidal i Barraquer Som una instituci\u00f3 creada l\u2019any 1964 i dedicada...","protected":false},"author":95,"featured_media":0,"parent":0,"menu_order":0,"comment_status":"closed","ping_status":"closed","template":"","meta":{"footnotes":""},"yoast_head":"<!-- This site is optimized with the Yoast SEO plugin v22.6 - https:\/\/yoast.com\/wordpress\/plugins\/seo\/ -->\n<title>Home - Fundaci\u00f3 Vidal i Barraquer<\/title>\n<meta name=\"robots\" content=\"index, follow, max-snippet:-1, max-image-preview:large, max-video-preview:-1\" \/>\n<link rel=\"canonical\" href=\"https:\/\/www.fvb.cat\/es\/\" \/>\n<meta property=\"og:locale\" content=\"ca_ES\" \/>\n<meta property=\"og:type\" content=\"article\" \/>\n<meta property=\"og:title\" content=\"Home - Fundaci\u00f3 Vidal i Barraquer\" \/>\n<meta property=\"og:url\" content=\"https:\/\/www.fvb.cat\/es\/\" \/>\n<meta property=\"og:site_name\" content=\"Fundaci\u00f3 Vidal i Barraquer\" \/>\n<meta property=\"article:modified_time\" content=\"2025-11-05T09:31:42+00:00\" \/>\n<meta name=\"twitter:card\" content=\"summary_large_image\" \/>\n<meta name=\"twitter:label1\" content=\"Temps estimat de lectura\" \/>\n\t<meta name=\"twitter:data1\" content=\"5 minuts\" \/>\n<script type=\"application\/ld+json\" class=\"yoast-schema-graph\">{\"@context\":\"https:\/\/schema.org\",\"@graph\":[{\"@type\":\"WebPage\",\"@id\":\"https:\/\/www.fvb.cat\/es\/\",\"url\":\"https:\/\/www.fvb.cat\/es\/\",\"name\":\"Home - Fundaci\u00f3 Vidal i Barraquer\",\"isPartOf\":{\"@id\":\"https:\/\/www.fvb.cat\/es\/#website\"},\"datePublished\":\"2024-05-02T14:51:54+00:00\",\"dateModified\":\"2025-11-05T09:31:42+00:00\",\"breadcrumb\":{\"@id\":\"https:\/\/www.fvb.cat\/es\/#breadcrumb\"},\"inLanguage\":\"ca\",\"potentialAction\":[{\"@type\":\"ReadAction\",\"target\":[\"https:\/\/www.fvb.cat\/es\/\"]}]},{\"@type\":\"BreadcrumbList\",\"@id\":\"https:\/\/www.fvb.cat\/es\/#breadcrumb\",\"itemListElement\":[{\"@type\":\"ListItem\",\"position\":1,\"name\":\"Inici\",\"item\":\"https:\/\/www.fvb.cat\/es\/\"},{\"@type\":\"ListItem\",\"position\":2,\"name\":\"Home\"}]},{\"@type\":\"WebSite\",\"@id\":\"https:\/\/www.fvb.cat\/es\/#website\",\"url\":\"https:\/\/www.fvb.cat\/es\/\",\"name\":\"Fundaci\u00f3 Vidal i Barraquer\",\"description\":\"Assist\u00e8ncia, doc\u00e8ncia i recerca en la salut mental\",\"publisher\":{\"@id\":\"https:\/\/www.fvb.cat\/es\/#organization\"},\"potentialAction\":[{\"@type\":\"SearchAction\",\"target\":{\"@type\":\"EntryPoint\",\"urlTemplate\":\"https:\/\/www.fvb.cat\/es\/?s={search_term_string}\"},\"query-input\":\"required name=search_term_string\"}],\"inLanguage\":\"ca\"},{\"@type\":\"Organization\",\"@id\":\"https:\/\/www.fvb.cat\/es\/#organization\",\"name\":\"Fundaci\u00f3 Vidal i Barraquer\",\"url\":\"https:\/\/www.fvb.cat\/es\/\",\"logo\":{\"@type\":\"ImageObject\",\"inLanguage\":\"ca\",\"@id\":\"https:\/\/www.fvb.cat\/es\/#\/schema\/logo\/image\/\",\"url\":\"https:\/\/www.fvb.cat\/wp-content\/uploads\/2024\/05\/logo-vidal-i-barrauqer-60-aniversari.jpg\",\"contentUrl\":\"https:\/\/www.fvb.cat\/wp-content\/uploads\/2024\/05\/logo-vidal-i-barrauqer-60-aniversari.jpg\",\"width\":2125,\"height\":703,\"caption\":\"Fundaci\u00f3 Vidal i Barraquer\"},\"image\":{\"@id\":\"https:\/\/www.fvb.cat\/es\/#\/schema\/logo\/image\/\"}}]}<\/script>\n<!-- \/ Yoast SEO plugin. -->","yoast_head_json":{"title":"Home - Fundaci\u00f3 Vidal i Barraquer","robots":{"index":"index","follow":"follow","max-snippet":"max-snippet:-1","max-image-preview":"max-image-preview:large","max-video-preview":"max-video-preview:-1"},"canonical":"https:\/\/www.fvb.cat\/es\/","og_locale":"ca_ES","og_type":"article","og_title":"Home - Fundaci\u00f3 Vidal i Barraquer","og_url":"https:\/\/www.fvb.cat\/es\/","og_site_name":"Fundaci\u00f3 Vidal i Barraquer","article_modified_time":"2025-11-05T09:31:42+00:00","twitter_card":"summary_large_image","twitter_misc":{"Temps estimat de lectura":"5 minuts"},"schema":{"@context":"https:\/\/schema.org","@graph":[{"@type":"WebPage","@id":"https:\/\/www.fvb.cat\/es\/","url":"https:\/\/www.fvb.cat\/es\/","name":"Home - Fundaci\u00f3 Vidal i Barraquer","isPartOf":{"@id":"https:\/\/www.fvb.cat\/es\/#website"},"datePublished":"2024-05-02T14:51:54+00:00","dateModified":"2025-11-05T09:31:42+00:00","breadcrumb":{"@id":"https:\/\/www.fvb.cat\/es\/#breadcrumb"},"inLanguage":"ca","potentialAction":[{"@type":"ReadAction","target":["https:\/\/www.fvb.cat\/es\/"]}]},{"@type":"BreadcrumbList","@id":"https:\/\/www.fvb.cat\/es\/#breadcrumb","itemListElement":[{"@type":"ListItem","position":1,"name":"Inici","item":"https:\/\/www.fvb.cat\/es\/"},{"@type":"ListItem","position":2,"name":"Home"}]},{"@type":"WebSite","@id":"https:\/\/www.fvb.cat\/es\/#website","url":"https:\/\/www.fvb.cat\/es\/","name":"Fundaci\u00f3 Vidal i Barraquer","description":"Assist\u00e8ncia, doc\u00e8ncia i recerca en la salut mental","publisher":{"@id":"https:\/\/www.fvb.cat\/es\/#organization"},"potentialAction":[{"@type":"SearchAction","target":{"@type":"EntryPoint","urlTemplate":"https:\/\/www.fvb.cat\/es\/?s={search_term_string}"},"query-input":"required name=search_term_string"}],"inLanguage":"ca"},{"@type":"Organization","@id":"https:\/\/www.fvb.cat\/es\/#organization","name":"Fundaci\u00f3 Vidal i Barraquer","url":"https:\/\/www.fvb.cat\/es\/","logo":{"@type":"ImageObject","inLanguage":"ca","@id":"https:\/\/www.fvb.cat\/es\/#\/schema\/logo\/image\/","url":"https:\/\/www.fvb.cat\/wp-content\/uploads\/2024\/05\/logo-vidal-i-barrauqer-60-aniversari.jpg","contentUrl":"https:\/\/www.fvb.cat\/wp-content\/uploads\/2024\/05\/logo-vidal-i-barrauqer-60-aniversari.jpg","width":2125,"height":703,"caption":"Fundaci\u00f3 Vidal i Barraquer"},"image":{"@id":"https:\/\/www.fvb.cat\/es\/#\/schema\/logo\/image\/"}}]}},"_links":{"self":[{"href":"https:\/\/www.fvb.cat\/ca\/wp-json\/wp\/v2\/pages\/15136"}],"collection":[{"href":"https:\/\/www.fvb.cat\/ca\/wp-json\/wp\/v2\/pages"}],"about":[{"href":"https:\/\/www.fvb.cat\/ca\/wp-json\/wp\/v2\/types\/page"}],"author":[{"embeddable":true,"href":"https:\/\/www.fvb.cat\/ca\/wp-json\/wp\/v2\/users\/95"}],"replies":[{"embeddable":true,"href":"https:\/\/www.fvb.cat\/ca\/wp-json\/wp\/v2\/comments?post=15136"}],"version-history":[{"count":138,"href":"https:\/\/www.fvb.cat\/ca\/wp-json\/wp\/v2\/pages\/15136\/revisions"}],"predecessor-version":[{"id":17566,"href":"https:\/\/www.fvb.cat\/ca\/wp-json\/wp\/v2\/pages\/15136\/revisions\/17566"}],"wp:attachment":[{"href":"https:\/\/www.fvb.cat\/ca\/wp-json\/wp\/v2\/media?parent=15136"}],"curies":[{"name":"wp","href":"https:\/\/api.w.org\/{rel}","templated":true}]}}